{"version":"1.0","provider_name":"Sport24","provider_url":"https:\/\/sport24.24.hu","author_name":"Bruckner G\u00e1bor","author_url":"https:\/\/sport24.24.hu\/author\/brucknerg\/","title":"M\u00e9lyv\u00edzbe dobt\u00e1k, \u00faszott: Lisztes a f\u00e9nysug\u00e1r a Fradi k\u00ednl\u00f3d\u00f3s tavasz\u00e1ban","html":"A tavaszi szezon igen kev\u00e9s pozit\u00edvumot hozott a bajnoki c\u00edmv\u00e9d\u0151 \u00e9s listavezet\u0151 Ferencv\u00e1ros sz\u00e1m\u00e1ra: a magyar rekordbajnok kiesett a Bayer Leverkusen ellen az Eur\u00f3pa Lig\u00e1b\u00f3l (0\u20132, 0\u20132), 14-b\u0151l csak 4 t\u00e9tm\u00e9rk\u0151z\u00e9st nyert meg (m\u00e9rlege 4\u20135\u20135), legut\u00f3bbi 7 tal\u00e1lkoz\u00f3j\u00e1n pedig nyeretlen maradt (0\u20132\u20135), tetemes, 16 pontos el\u0151nye pedig 6 pontra cs\u00f6kkent az \u00e9lvonalban. <strong>Sztanyiszlav Csercseszov<\/strong> edz\u0151 csapata egyszerre k\u00fcszk\u00f6dik jelent\u0151s formahanyatl\u00e1ssal, s\u00e9r\u00fcl\u00e9shull\u00e1mmal, az EL-kies\u00e9s motiv\u00e1ci\u00f3s \u201eut\u00f3reng\u00e9seivel\u201d. Nem v\u00e9letlen\u00fcl fakadt ki <strong>Botka Endre<\/strong> a Paks elleni zak\u00f3 ut\u00e1n:\r\n<blockquote class=\"small-quote\">Ez \u00edgy nem mehet tov\u00e1bb.<\/blockquote>\r\nVal\u00f3ban nem, mert a lehet\u0151s\u00e9gek \u00e9s a keret\u00e9rt\u00e9k alapj\u00e1n az FTC magasan a hazai mez\u0151ny f\u00f6l\u00e9 n\u0151, de form\u00e1ja az ut\u00f3bbi hetekben ink\u00e1bb als\u00f3h\u00e1zi csapatra, semmint els\u0151 sz\u00e1m\u00fa bajnokes\u00e9lyesre hajaz.\r\n\r\nA felh\u0151s \u00e9gen az egyik f\u00e9nysug\u00e1r <strong>ifj. Lisztes Kriszti\u00e1n<\/strong> j\u00e1t\u00e9ka: a t\u00e1mad\u00f3 a Feh\u00e9rv\u00e1r ellen dupl\u00e1zott, a Paks ellen gyakorlatilag g\u00f3lpasszt adott (a kapusr\u00f3l felperd\u00fcl\u0151, a h\u00e1l\u00f3ba tart\u00f3 l\u00f6v\u00e9s\u00e9t pofozta be Botka), teljes\u00edtm\u00e9ny\u00e9vel kiv\u00edvta a szurkol\u00f3k elismer\u00e9s\u00e9t. Nem ritka eset a nemzetk\u00f6zi futballban sem, hogy egy hull\u00e1mv\u00f6lgy \u201ekinyitja a kaput\u201d a fiatal j\u00e1t\u00e9kosoknak, \u00e9s lehet, most Lisztessel is ez t\u00f6rt\u00e9nik. Hiszen a tavaszi t\u00e9tm\u00e9rk\u0151z\u00e9seken a Fradi t\u00e1mad\u00f3i a k\u00f6vetkez\u0151 mutat\u00f3kat hozt\u00e1k:\r\n<ul>\r\n \t<li><strong>Adama Traor\u00e9:<\/strong> 14 m\u00e9rk\u0151z\u00e9s (M), 3 g\u00f3l (G) + 2 g\u00f3lpassz (A). A legut\u00f3bbi 8 m\u00e9rk\u0151z\u00e9s\u00e9n 1 g\u00f3l + 1 assziszt.<\/li>\r\n \t<li><strong>Marquinhos:<\/strong> 12 M, 3 G + 3 A. A legut\u00f3bbi 8 m\u00e9rk\u0151z\u00e9sen 0 g\u00f3l + 1 assziszt.<\/li>\r\n \t<li><strong>Ryan Mmaee:<\/strong> 10 M, 4 G + 0 A. Az utols\u00f3 4 m\u00e9rk\u0151z\u00e9s\u00e9n nem szerzett g\u00f3lt \u00e9s nem adott g\u00f3lpasszt, a legut\u00f3bbi bajnokikat kihagyta.<\/li>\r\n \t<li><strong>Tokmac Nguen:<\/strong> 6 M, 0 G + 0 A. Okt\u00f3ber v\u00e9ge \u00f3ta nem szerzett t\u00e9tm\u00e9rk\u0151z\u00e9sen g\u00f3lt \u00e9s nem adott g\u00f3lpasszt.<\/li>\r\n \t<li><strong>Carlos Auzqui:<\/strong> 5 M, 0 G + 0 A. A legut\u00f3bbi 12 t\u00e9tm\u00e9rk\u0151z\u00e9s\u00e9n 1 g\u00f3l \u00e9s 0 g\u00f3lpassz, fegyelmi \u00fcgye is volt.<\/li>\r\n \t<li><strong>Nikolai Baden Frederiksen:<\/strong> 7 M, 0 G + 1 A. T\u00e9li igazol\u00e1s, m\u00e9g nem tal\u00e1lt be t\u00e9tmeccsen.<\/li>\r\n \t<li><strong>\u00c1ngelo Sagal:<\/strong> 4 M, 0 G + 1 A. T\u00e9li igazol\u00e1s, m\u00e9g nem tal\u00e1lt be t\u00e9tmeccsen.<\/li>\r\n \t<li><strong>Kwabena Owusu:<\/strong> 3 M, 1 G + 0 A. T\u00e9li igazol\u00e1s, g\u00f3llal nyitott, de megs\u00e9r\u00fclt.<\/li>\r\n<\/ul>\r\nA keret t\u00e1mad\u00f3i l\u00e1tv\u00e1nyosan form\u00e1n k\u00edv\u00fcl vannak vagy s\u00e9r\u00fcl\u00e9ssel k\u00fcszk\u00f6dnek, \u00e9s sokatmond\u00f3, hogy a h\u00e9tmeccses nyeretlens\u00e9gi sorozat alatt el\u00e9rt hat g\u00f3lb\u00f3l n\u00e9gyet Botka \u00e9s a \u201ekis\u201d Lisztes szerzett. A tavaszi t\u00e9tm\u00e9rk\u0151z\u00e9seken a Fradi messze alull\u00f6vi xG-j\u00e9t (17 g\u00f3l, 24,27-es xG), a helyzetkihaszn\u00e1l\u00e1ssal (de n\u00e9ha a min\u0151s\u00e9gi helyzetek kialak\u00edt\u00e1s\u00e1val is) baj van. Ebben val\u00f3sz\u00edn\u0171leg szerepe van annak is, hogy <strong>Aissa Laidouni<\/strong> az Union Berlinbe igazolt, <strong>Muhamed Besic<\/strong> pedig megs\u00e9r\u00fclt, \u00edgy azt\u00e1n a k\u00f6z\u00e9pp\u00e1lya is \u201eelv\u00e9konyodott\u201d.\r\n\r\n<span class=\"highlight-block-small\">A hull\u00e1mv\u00f6lgyben logikus l\u00e9p\u00e9s volt Csercseszovt\u00f3l, hogy bedobta Lisztest, mivel \u00faj impulzus kellett a csapatnak. <\/span>\r\n\r\nAz el\u0151z\u0151 bajnoks\u00e1gban a Gyirm\u00f3t ellen bemutatkozott 17 \u00e9ves t\u00e1mad\u00f3 az \u0151sszel a partnercsapat Soroks\u00e1rban futballozott, \u00e9s ugyan nem volt kiemelked\u0151en eredm\u00e9nyes (3 g\u00f3l + 2 g\u00f3lpassz), cselez\u00e9sben \u00e9s egy az egy elleni j\u00e1t\u00e9kban (9,01\/90 perc) az NB II m\u00e1sodik legakt\u00edvabbja volt, \u00e9s a kiharcolt szab\u00e1lytalans\u00e1gok tekintet\u00e9ben (3,48\/90 perc) is az \u00e9lmez\u0151nybe tartozott. Olyan j\u00e1t\u00e9kos, aki tr\u00fckk\u00f6ss\u00e9g\u00e9vel, sebess\u00e9g\u00e9vel k\u00e9pes \u201ev\u00e9delmet bontani\u201d \u00e9s eddigi NB I-es meccsein rendre j\u00f3 helyen volt, j\u00f3kor. A nagy k\u00e9rd\u00e9s: meg tud-e ragadni a csapatban?\r\n\r\nhttps:\/\/youtu.be\/nId0XznVsnM\r\n\r\nA Ferencv\u00e1rosnak nagy sz\u00fcks\u00e9ge lenne egy saj\u00e1t nevel\u00e9s\u0171, az els\u0151 csapatn\u00e1l minimum rot\u00e1ci\u00f3s j\u00e1t\u00e9kosk\u00e9nt sz\u00e1mba vehet\u0151 futballist\u00e1ra. Mert j\u00f6hetnek egym\u00e1s ut\u00e1n a magas preszt\u00edzs\u0171 \u2013 sok esetben a magyar mez\u0151nyb\u0151l kiemelked\u0151 \u2013 l\u00e9gi\u00f3sok, lehetnek a csapatban v\u00e1logatott labdar\u00fag\u00f3k, a szurkol\u00f3kat a vil\u00e1gon mindenhol l\u00e1zba hozza, ha siker\u00fcl saj\u00e1t mer\u00edt\u00e9sb\u0151l is fontos j\u00e1t\u00e9kost kinevelni. Az elitb\u0151l j\u00f3 p\u00e9lda lehet a Benfica: m\u00e1s topklubok \u00e1ltal\u00e1ban szerte a vil\u00e1gb\u00f3l magukhoz cs\u00e1b\u00edtj\u00e1k a legtehets\u00e9gesebb fiatalokat, de a lisszaboni piros-feh\u00e9rek els\u0151sorban Portug\u00e1lia-szerte fenntartott, nagyon er\u0151s h\u00e1l\u00f3zatukra t\u00e1maszkodnak, amelynek m\u0171k\u00f6dtet\u00e9se finoman fogalmazva sem olcs\u00f3 (a The Athletic \u00e1ltal k\u00f6z\u00f6lt adat szerint 3,7-4,6 milli\u00e1rd forintnyi eur\u00f3 \u00e9vente).\r\n<div class=\"payable-content-section\"><\/div>\r\nNem is a b\u00fcdzs\u00e9, hanem a rendszer m\u00f6g\u00f6tt rejl\u0151 hajt\u00f3er\u0151 lehet igaz\u00e1n fontos, ha ezzel a p\u00e1rhuzammal \u00e9l\u00fcnk. A Benfica \u2013 csak\u00fagy, mint a Ferencv\u00e1ros \u2013 az orsz\u00e1g legn\u00e9pszer\u0171bb, legnagyobb szurkol\u00f3t\u00e1bor\u00fa klubja, hasonl\u00f3an sok szakoszt\u00e1lyos egyes\u00fclet; ebb\u0151l k\u00f6vetkez\u0151en a versenysport ir\u00e1ny\u00e1ba kacsingat\u00f3 portug\u00e1l gyerekek j\u00f3 r\u00e9sze sz\u00e1m\u00e1ra maga az \u00e1lomcsapat. A klub gyakorlatilag saj\u00e1t szurkol\u00f3b\u00e1zis\u00e1ra \u00e9s n\u00e9pszer\u0171s\u00e9g\u00e9re \u00e9p\u00edtve toboroz. A Ferencv\u00e1rosn\u00e1l szint\u00e9n adott az orsz\u00e1gon bel\u00fcli legnagyobb szurkol\u00f3i b\u00e1zis, a klub t\u00f6rt\u00e9net\u00e9hez pedig szervesen kapcsol\u00f3dnak a saj\u00e1t nevel\u00e9s\u0171, vagy m\u00e1r eg\u00e9szen fiatalon a csapathoz ker\u00fclt kulcsj\u00e1t\u00e9kosok.\r\n\r\n<span class=\"highlight-block-small\">Az FTC im\u00e1zs\u00e1hoz mindig hozz\u00e1tartozott, hogy a meghat\u00e1roz\u00f3 emberek egy r\u00e9sze \u201e\u0151sfradista\u201d: vagy az egyes\u00fclet ut\u00e1np\u00f3tl\u00e1scsapataiban nevelkedett, vagy tin\u00e9dzserkorban ker\u00fclt a z\u00f6ld-feh\u00e9rekhez.<\/span>\r\n\r\nEz ma m\u00e1r nincs \u00edgy \u2013 \u00e9s nem csak az\u00e9rt, mert a futballvil\u00e1g m\u00e9g a kilencvenes \u00e9vekhez k\u00e9pest is nagyon megv\u00e1ltozott. Azt aligha v\u00e1rhatja el re\u00e1lisan b\u00e1rki is, hogy a region\u00e1lis nagycsapatt\u00e1 v\u00e1lni sz\u00e1nd\u00e9koz\u00f3, az ut\u00f3bbi \u00e9vekben rendszeresen az eur\u00f3pai kup\u00e1k f\u0151t\u00e1bl\u00e1j\u00e1n (s\u0151t most tavasszal a kies\u00e9ses szakaszban) szerepl\u0151 Fradi d\u00f6nt\u0151en saj\u00e1t nevel\u00e9s\u0171 j\u00e1t\u00e9kosokra t\u00e1maszkodj\u00e9k. Azt viszont a saj\u00e1t szurkol\u00f3t\u00e1bor (is) ig\u00e9nyelheti, hogy legyenek nem epizodista fiatal, lehet\u0151leg saj\u00e1t nevel\u00e9s\u0171 j\u00e1t\u00e9kosok a rot\u00e1ci\u00f3ban. Ez ugyanis \u00e9pp\u00fagy meghat\u00e1rozza a klub saj\u00e1t mag\u00e1r\u00f3l kialak\u00edtott k\u00e9p\u00e9t, mint a sikeress\u00e9g.\r\n\r\nA Fradi az Eur\u00f3pa Lig\u00e1ban nem tudta megt\u00f6lteni a saj\u00e1t\/hazai nevel\u00e9s\u0171 kv\u00f3t\u00e1t (nyolc, 15\u201321 \u00e9ves kor k\u00f6z\u00f6tt az orsz\u00e1gban nevelkedett \u00e9s n\u00e9gy, 15\u201321 \u00e9ves kor k\u00f6z\u00f6tt a klubn\u00e1l nevelkedett futballista az A-list\u00e1n), \u00edgy csak kevesebb j\u00e1t\u00e9kost nevezhetett a sorozatba.<strong> Nagy \u00c1d\u00e1m<\/strong> \u00f3ta \u2013 aki minim\u00e1lis NB I-es tapasztalattal a h\u00e1ta m\u00f6g\u00f6tt is Eb-szerepl\u0151 j\u00e1t\u00e9kos lett, majd toplig\u00e1ba igazolt \u2013 a z\u00f6ld-feh\u00e9rek nem tudtak a saj\u00e1t ut\u00e1np\u00f3tl\u00e1sb\u00f3l meghat\u00e1roz\u00f3 embert kinevelni. S\u0151t az ut\u00f3bbi \u00e9vekben \u00e1ltal\u00e1ban a mez\u0151ny h\u00e1ts\u00f3 szekci\u00f3j\u00e1ban voltak a \u201efiatalperceket\u201d tekintve. A 2022\/23-as \u00e9vadban sok\u00e1ig egyetlen percnyi j\u00e1t\u00e9klehet\u0151s\u00e9get sem kaptak ut\u00e1np\u00f3tl\u00e1skor\u00fa magyar j\u00e1t\u00e9kosok, \u00e9s csak a DVSC-t\u0151l k\u00f6lcs\u00f6nvett <strong>Bar\u00e1th P\u00e9ter<\/strong> megszerz\u00e9se, majd Lisztes p\u00e1ly\u00e1ra k\u00fcld\u00e9se v\u00e1ltoztatott a helyzeten.\r\n\r\nTegy\u00fck hozz\u00e1,\r\n\r\n<span class=\"highlight-block-small\">nincs k\u00f6nny\u0171 dolga annak az ifj\u00fa j\u00e1t\u00e9kosnak, aki be akar ker\u00fclni a Fradi els\u0151 csapat\u00e1ba: a keret \u00e9vr\u0151l \u00e9vre er\u0151s\u00f6dik \u00e9s dr\u00e1gul, a l\u00e9c meg emelkedik, amit musz\u00e1j lenne \u00e1tugrani a csapattags\u00e1ghoz. <\/span>\r\n\r\nNagyon meggy\u0151z\u0151nek kell lenni ahhoz, hogy ne csak n\u00e9h\u00e1ny m\u00e9rk\u0151z\u00e9sen kapjon epiz\u00f3dszerepet egy ut\u00e1np\u00f3tl\u00e1skor\u00fa futballista, hanem rendszeresen p\u00e1ly\u00e1ra is k\u00fcldj\u00e9k.\r\n\r\nAz elm\u00falt b\u0151 \u00e9vtizedben ez keveseknek siker\u00fclt: legal\u00e1bb h\u00fasz NB I-es, FTC-mezben j\u00e1tszott m\u00e9rk\u0151z\u00e9sig csup\u00e1n <strong>Csernik Korn\u00e9l<\/strong>,<strong> Batik Bence<\/strong>, Nagy \u00c1d\u00e1m, <strong>Holman D\u00e1vid<\/strong> \u00e9s<strong> Jova Levente<\/strong> jutott el a tin\u00e9dzserk\u00e9nt bemutatkozott fradist\u00e1k k\u00f6z\u00fcl. Igaz\u00e1n fontos csapattag st\u00e1tusba Nagy \u00c1d\u00e1m \u00e9s Jova (illetve egy id\u00e9nyben Holman) jutott el. Ez az\u00e9rt soknak nem nevezhet\u0151 t\u00f6bb mint egy \u00e9vtized alatt \u2013 ez\u00e9rt lehet valamif\u00e9le hi\u00e1ny\u00e9rzet a szurkol\u00f3t\u00e1borban, \u00e9s ez\u00e9rt nem meglep\u0151 Lisztes bel\u00e9p\u0151j\u00e9nek lelkes fogadtat\u00e1sa. A drukkerek jogosan \u00f6r\u00fclhettek a Ferencv\u00e1ros er\u0151s\u00f6d\u00e9s\u00e9nek \u00e9s ut\u00f3bbi \u00e9vekbeli sikersorozat\u00e1nak, az pedig a hab lenne a tort\u00e1n, ha ism\u00e9t lenne saj\u00e1t kedvenc\u00fck.\r\n\r\n<iframe class=\"flourish-embed-iframe\" style=\"width: 100%;height: 600px\" title=\"Interactive or visual content\" src=\"https:\/\/flo.uri.sh\/visualisation\/13363276\/embed\" frameborder=\"0\" scrolling=\"no\"><\/iframe>\r\n<div style=\"width: 100%!;margin-top: 4px!important;text-align: right!important\"><a class=\"flourish-credit\" style=\"text-decoration: none!important\" href=\"https:\/\/public.flourish.studio\/visualisation\/13363276\/?utm_source=embed&amp;utm_campaign=visualisation\/13363276\" target=\"_top\" rel=\"noopener\"><img style=\"width: 105px!important;height: 16px!important;border: none!important;margin: 0!important\" src=\"https:\/\/public.flourish.studio\/resources\/made_with_flourish.svg\" alt=\"Made with Flourish\" \/> <\/a><\/div>\r\nAz egy\u00e9bk\u00e9nt is viszonylag magas \u00e1tlag\u00e9letkor\u00fa NB I-ben a Ferencv\u00e1ros a WyScout kimutat\u00e1sa szerint a negyedik legid\u0151sebb \u00e1tlag\u00e9letkor\u00fa keretet j\u00e1tszatta 2022\/23-ban (27,5 \u00e9v). A 20 \u00e9ven aluli futballist\u00e1k j\u00e1t\u00e9kperceit tekintve eur\u00f3pai szinten sem \u00e1ll j\u00f3l a magyar \u00e9lvonal \u2013 a paksi <strong>Vas G\u00e1bor<\/strong> 1047 perccel listavezet\u0151, a legt\u00f6bb bajnoks\u00e1gban enn\u00e9l j\u00f3val t\u00f6bbet j\u00e1tszik az \u00e9llovas \u2013, sokatmond\u00f3, hogy Lisztes csup\u00e1n 103 perccel m\u00e1r a 17. legt\u00f6bbet szerepl\u0151 tizen\u00e9ves ebben az id\u00e9nyben. Ha tov\u00e1bbra is be-besz\u00e1ll cserek\u00e9nt, a bajnoks\u00e1g v\u00e9g\u00e9re minden bizonnyal a top t\u00edzbe ker\u00fcl az NB I-es tin\u00e9dzserek k\u00f6z\u00f6tt, ami ferencv\u00e1rosi j\u00e1t\u00e9kosk\u00e9nt nagy sz\u00f3.\r\n\r\nArr\u00f3l m\u00e9g korai lenne elmerengeni, hogy meddig vezethet ifj. Lisztes Kriszti\u00e1n karrierje, pl\u00e1ne az\u00e9rt, mert voltak m\u00e1r kiv\u00e1l\u00f3an kezd\u0151 fiatalok, akiknek kev\u00e9sb\u00e9 szerencs\u00e9sen alakult a folytat\u00e1s. J\u00f3 kv\u00edzk\u00e9rd\u00e9s lenne, h\u00e1nyan eml\u00e9keznek p\u00e9ld\u00e1ul <strong>G\u00e1rdos Andr\u00e1s<\/strong> nev\u00e9re: a t\u00e1mad\u00f3 tin\u00e9dzserk\u00e9nt mutatkozott be a Fradiban, \u00e9s a Lombard P\u00e1pa ellen g\u00f3llal tette eml\u00e9kezetess\u00e9 deb\u00fct\u00e1l\u00e1s\u00e1t. Hamarosan \u2013 a Sheffield United \u00e9s a Ferencv\u00e1ros k\u00f6z\u00f6tti kapcsolatnak k\u00f6sz\u00f6nhet\u0151en \u2013 Angli\u00e1ban edz\u0151dhetett tov\u00e1bb, \u00e1m visszat\u00e9r\u00e9s\u00e9t k\u00f6vet\u0151en jobb\u00e1ra a m\u00e1sodik csapatban \u00e9s k\u00f6lcs\u00f6nben szerepelt, s m\u00e1r csak egy m\u00e9rk\u0151z\u00e9s adatott meg neki az FTC els\u0151 egy\u00fcttes\u00e9ben. V\u00e9g\u00fcl megbecs\u00fclt NB II-es j\u00e1t\u00e9kosk\u00e9nt fejezte be akt\u00edv p\u00e1lyafut\u00e1s\u00e1t. Ez egy\u00e1ltal\u00e1n nem rossz karrier \u2013 ne feledj\u00fck, hogy az ut\u00e1np\u00f3tl\u00e1s-koroszt\u00e1lyok legjobbjai k\u00f6z\u00f6tt is \u00f3ri\u00e1si a \u201ekihull\u00e1s\u201d vil\u00e1gszerte \u2013, \u00e1m a p\u00e1lyafut\u00e1s m\u00e9gsem folytat\u00f3dott olyan lend\u00fclettel, ahogyan indult.\r\n\r\nUgyanakkor persze ott van Nagy \u00c1d\u00e1m p\u00e9ld\u00e1ja inspir\u00e1ci\u00f3nak, vagy ak\u00e1r a csal\u00e1di m\u00faltb\u00f3l is lehet \u00e9p\u00edtkezni. Hiszen\r\n\r\n<span class=\"highlight-block\">annak idej\u00e9n Lisztes Kriszti\u00e1nnak minden \u00f6sszej\u00f6tt, amir\u0151l fiatal fradista \u00e1lmodhat: <\/span>\r\n\r\nbajnoki c\u00edmek, kupagy\u0151zelmek, BL-csoportk\u00f6r, v\u00e1logatotts\u00e1g, majd hossz\u00fa \u00e9s sikeres karrier a Bundeslig\u00e1ban. Ha a \u201ekis Lisztes\u201d ilyen szempontb\u00f3l is az apja nyomdokaiba l\u00e9p, aligha lesz b\u00e1rki boldogtalan.\r\n\r\nPersze addig el\u0151tte \u00e1ll a feladat: sok munk\u00e1val stabiliz\u00e1lni a hely\u00e9t (\u00e9s a j\u00e1t\u00e9kidej\u00e9t) a Ferencv\u00e1ros els\u0151 csapat\u00e1ban. Az els\u0151, fontos l\u00e9p\u00e9st m\u00e1r megtette: beker\u00fclt a m\u00e9lyv\u00edzbe, \u00e9s kider\u00fclt, tud is benne \u00faszni.\r\n\r\n[prefabricated_shortcode in_app=\"0\" code=\"%3Cdiv%20class%3D%22article_box_border%22%20style%3D%22background%3A%20url%28%27https%3A%2F%2F24.p3k.hu%2Fapp%2Fuploads%2Fsites%2F24%2F2021%2F05%2Fsport24-pattern.png%27%29%20no-repeat%20left%20-16px%20%23f3f3f4%3B%20border%3A%20none%3B%22%3E%0D%0A%3Cdiv%20class%3D%22article_solidheader%22%3E%0D%0A%3Ch2%20style%3D%22color%3A%20%23111115%21important%3B%20font-size%3A%2036px%3B%20font-weight%3A%20bold%3B%20margin-bottom%3A%2030px%3B%20margin-top%3A%2020px%3B%20text-align%3A%20center%3B%20line-height%3A%2036px%3B%22%3E%3Cimg%20class%3D%22aligncenter%20size-full%20wp-image-141%22%20src%3D%22https%3A%2F%2F24.p3k.hu%2Fapp%2Fuploads%2Fsites%2F24%2F2021%2F05%2Fs24-logo-dt.png%22%20alt%3D%22%22%20width%3D%22408%22%20height%3D%2290%22%20%2F%3E%3C%2Fh2%3E%0D%0A%3Ch2%20style%3D%22color%3A%20%23111115%21important%3B%20font-size%3A%2036px%3B%20font-weight%3A%20bold%3B%20margin-bottom%3A%2030px%3B%20margin-top%3A%2020px%3B%20text-align%3A%20center%3B%20line-height%3A%2040px%3B%22%3ECsatlakozz%20a%20Sport24%20k%C3%B6z%C3%B6ss%C3%A9ghez%2C%20mondd%20el%20v%C3%A9lem%C3%A9nyedet%20z%C3%A1rt%20Facebook-csoportunkban%2C%20%C3%A9s%20vegy%C3%A9l%20r%C3%A9szt%20csak%20el%C5%91fizet%C5%91knek%20el%C3%A9rhet%C5%91%20exkluz%C3%ADv%20esem%C3%A9nyeinken.%3C%2Fh2%3E%0D%0A%3C%2Fdiv%3E%0D%0A%3Cp%20style%3D%22background%3A%20%2357A600%3B%20margin-top%3A%2020px%3B%20padding%3A%2020px%3B%20text-align%3A%20center%3B%22%3E%3Ca%20style%3D%22color%3A%20%23ffffff%3B%20font-size%3A%2026px%3B%20font-weight%3A%20600%3B%22%20href%3D%22https%3A%2F%2Fwww.facebook.com%2Fgroups%2F212344460412327%22%3ECSATLAKOZOM%3C%2Fa%3E%3C%2Fp%3E%0D%0A%0D%0A%3C%2Fdiv%3E\"]","type":"rich","thumbnail_url":"https:\/\/s.24.hu\/app\/uploads\/sites\/24\/2023\/04\/d_kos20230402063-masolat-150x150.jpg","thumbnail_width":150,"thumbnail_height":150}