{"version":"1.0","provider_name":"Sport24","provider_url":"https:\/\/sport24.24.hu","author_name":"Bruckner G\u00e1bor","author_url":"https:\/\/sport24.24.hu\/author\/brucknerg\/","title":"G\u00f3lrekorder kup\u00e1k n\u00e9lk\u00fcl: kisebb j\u00e1t\u00e9kos lesz att\u00f3l Kane, hogy nem nyer semmit?","html":"<strong>Harry Kane<\/strong> 2023-ban v\u00e9gk\u00e9pp be\u00edrta mag\u00e1t a futball nagyk\u00f6nyv\u00e9be.\r\n\r\nA Tottenham Hotspur vil\u00e1gklasszis csat\u00e1ra febru\u00e1rban megd\u00f6nt\u00f6tte a Spurs-legenda <strong>Jimmy Greaves<\/strong> g\u00f3lrekordj\u00e1t, majd az Olaszorsz\u00e1g elleni Eb-selejtez\u0151n egy tizenegyessel <strong>Wayne Rooney<\/strong> angol v\u00e1logatottbeli cs\u00facs\u00e1t is \u00e1tadta a m\u00faltnak. M\u00e1r \u201ecsak\u201d <strong>Alan Shearer<\/strong> Premier League-g\u00f3lrekordj\u00e1t kell megd\u00f6ntenie azon cs\u00facsok k\u00f6z\u00fcl, amelyeket megc\u00e9lzott \u2013 ehhez 57 alkalommal kellene m\u00e9g h\u00e1l\u00f3ba tal\u00e1lnia az angol \u00e9lvonalban.\r\n\r\n<span class=\"highlight-block\">Harry Kane tr\u00f3fe\u00e1inak sz\u00e1ma nulla.<\/span>\r\n\r\nDe mennyire sz\u00e1m\u00edt ez? Mennyire fontos, hogy egy kiemelked\u0151 k\u00e9pess\u00e9g\u0171 t\u00e1mad\u00f3 \u2013 k\u00f6nnyen lehet, hogy minden id\u0151k legjobb angol kilencese \u2013 \u201eegy\u00e9bk\u00e9nt\u201d nem nyert p\u00e1lyafut\u00e1sa sor\u00e1n egyetlen jelent\u0151s nemzeti vagy nemzetk\u00f6zi tr\u00f3fe\u00e1t sem? Meghat\u00e1rozza ez azt, hogy egy j\u00e1t\u00e9kosra mik\u00e9nt n\u00e9z\u00fcnk? S nem vagyunk-e k\u00e9pmutat\u00f3k, amikor szurkol\u00f3k\u00e9nt egyfel\u0151l felmagasztaljuk a klubh\u0171s\u00e9get, m\u00e1sfel\u0151l \u201eelv\u00e1rjuk\u201d, hogy a legjobb j\u00e1t\u00e9kosok tr\u00f3fe\u00e1kra v\u00e1lts\u00e1k tud\u00e1sukat, s ha nem teszik meg ezt, \u201ealulteljes\u00edt\u0151nek\u201d b\u00e9lyegezz\u00fck \u0151ket?\r\n\r\nhttps:\/\/youtu.be\/xuTeIZsGp_I\r\n\r\nEgy biztos: kev\u00e9s hasonl\u00f3an \u201etr\u00f3fe\u00e1tlan\u201d, konszenzusos alapon vil\u00e1gklasszisnak, korszakmeghat\u00e1roz\u00f3 csat\u00e1rnak tartott j\u00e1t\u00e9kos l\u00e9tezik. Az UEFA-tag\u00e1llamok k\u00f6z\u00fcl csak n\u00e9gy olyan van, amelyben a v\u00e1logatott g\u00f3lrekordere sosem emelhetett fel nemzeti vagy nemzetk\u00f6zi tr\u00f3fe\u00e1t: Harry Kane, a luxemburgi <strong>L\u00e9on Mart<\/strong> (eg\u00e9sz karrierj\u00e9t a Fola Eschben t\u00f6lt\u00f6tte, balszerencs\u00e9j\u00e9re klubja ezalatt pont semmit sem nyert), az \u00edr\u00f3k\u00e9nt \u00e9s \u00fajs\u00e1g\u00edr\u00f3k\u00e9nt is ismert norv\u00e9g <strong>J\u00f6rgen Juve<\/strong> (az els\u0151 orsz\u00e1gos bajnoki d\u00f6nt\u0151be bejutott ugyan csapat\u00e1val, a Lynnel, de alulmaradt, kup\u00e1t sem nyert), valamint a kort\u00e1rs koszov\u00f3i, <strong>Vedat Muriqi<\/strong> (aki igaz\u00e1b\u00f3l a Fenerbahce \u00e9s a Lazio kiv\u00e9tel\u00e9vel sosem j\u00e1tszott tr\u00f3fe\u00e1kra es\u00e9lyes csapatban).\r\n\r\nKane-szemsz\u00f6gb\u0151l nem sokkal sz\u00edvder\u00edt\u0151bb az sem, ha megvizsg\u00e1ljuk tizenegy meghat\u00e1roz\u00f3 nemzeti csapat \u2013 Anglia, Argent\u00edna, Belgium, Braz\u00edlia, Franciaorsz\u00e1g, Hollandia, N\u00e9metorsz\u00e1g, Olaszorsz\u00e1g, Portug\u00e1lia, Spanyolorsz\u00e1g, Uruguay \u2013 \u00f6r\u00f6k-g\u00f3ll\u00f6v\u0151list\u00e1j\u00e1n az els\u0151 t\u00edz helyezettet. A holtversenyek miatt 113 f\u0151sre duzzadt lajstromban \u00f6sszesen n\u00e9gy olyan futballista tal\u00e1lhat\u00f3, aki szek\u00e9rder\u00e9knyi g\u00f3llal, \u00e1m bajnoki c\u00edm, kupagy\u0151zelem \u00e9s nemzetk\u00f6zi diadal n\u00e9lk\u00fcl fejezte be karrierj\u00e9t: Kane, <strong>Tom Finney<\/strong> (mindkett\u0151 Anglia), <strong>Robert De Veen<\/strong> (Belgium) \u00e9s <strong>Abe Lenstra<\/strong> (Hollandia).\r\n\r\nAligha meglep\u0151, hogy\r\n\r\n<span class=\"highlight-block\">valamennyi\u00fcknek a klubh\u0171s\u00e9ge okozta a \u201eveszt\u00e9t\u201d,<\/span>\r\n<div class=\"payable-content-section\"><\/div>\r\nlegal\u00e1bbis tr\u00f3feaszempontb\u00f3l. Tom Finney, kora egyik legpr\u00edm\u00e1bb sz\u00e9ls\u0151je eg\u00e9sz angliai karrierje sor\u00e1n ragaszkodott sz\u00fcl\u0151v\u00e1rosa csapat\u00e1hoz, a Preston North Endhez, melynek a mai napig a g\u00f3lrekordere. A Fr\u00edzf\u00f6ld\u00f6n rajongva szeretett \u00e9s tisztelt Abe Lenstra szint\u00e9n sz\u00fcl\u0151v\u00e1rosa klubj\u00e1ban, a Heerenveenben \u201e\u00f6regedett meg\u201d, olyannyira, hogy a csapatot anno \u201eAbeveennek\u201d bec\u00e9zt\u00e9k. Amikor 35 \u00e9vesen tov\u00e1bb\u00e1llt az SC Ensched\u00e9be, akkor karny\u00fajt\u00e1snyi k\u00f6zels\u00e9gbe ker\u00fclt hozz\u00e1 a bajnoki serleg, \u00e1m az enschedeiek hosszabb\u00edt\u00e1sban elvesztett\u00e9k a DOS elleni d\u00f6nt\u0151t. Kor\u00e1bban a Heerenveennel m\u00e1r volt k\u00e9t ez\u00fcst\u00e9rme a bajnoks\u00e1gban\u2026 Robert De Veen csak \u00e9s kiz\u00e1r\u00f3lag a Club Brugge (FC Bruges) sz\u00edneiben futballozott klubszinten. Hi\u00e1ba volt eur\u00f3pai szinten is rettegett csat\u00e1r, csak h\u00e1rom bajnoki \u00e9s egy kupaez\u00fcst jutott neki, majd megszak\u00edtotta p\u00e1lyafut\u00e1s\u00e1t az els\u0151 vil\u00e1gh\u00e1bor\u00fa. Az 1919\/20-as \u00e9vadban \u00fajraindult a belga bajnoks\u00e1g, a Club Brugge meg is nyerte azt, \u00e1m De Veen ekkor m\u00e1r edz\u0151nek \u00e1llt (a klubhonlap szerint 1919 nyar\u00e1n a Racing Doornikn\u00e1l v\u00e1llalt munk\u00e1t), \u00edgy lemaradt a t\u00f6rt\u00e9nelmi, els\u0151 sikerr\u0151l.\r\n\r\nSz\u00f3val Kane igen ritk\u00e1s sorba \u00e1ll be, \u00e9s amellett is lehetne \u00e9rvelni, hogy \u0151 a futballt\u00f6rt\u00e9nelem legjobb j\u00e1t\u00e9kosa, aki nem nyert semmif\u00e9le nagyobb tr\u00f3fe\u00e1t. K\u00e9t nagy riv\u00e1lisa \u2013 b\u00e1r a listak\u00e9sz\u00edt\u0151k <strong>Matt Le Tissiert<\/strong>, a Southampton neh\u00e9zbomb\u00e1z\u00f3j\u00e1t, valamint <strong>Bernd Schneidert<\/strong>, a Leverkusen ez\u00fcsthalmoz\u00f3j\u00e1t is gyakran megeml\u00edtik \u2013 a m\u00e1r eml\u00edtett Finney \u00e9s a brazil <strong>S\u00f3crates<\/strong> lehet ebben a tekintetben.\r\n\r\n[caption id=\"attachment_8317\" align=\"aligncenter\" width=\"4278\"]<img class=\"size-full wp-image-8317\" src=\"https:\/\/sport24.24.hu\/app\/uploads\/sites\/24\/2023\/03\/000_33at49u.jpg\" alt=\"\" width=\"4278\" height=\"2850\" \/> Harry Kane[\/caption]\r\n\r\nB\u00e1rmilyen elk\u00e9peszt\u0151en is hangzik, S\u00f3crates \u2013 a hetvenes-nyolcvanas \u00e9vek egyik legkiemelked\u0151bb k\u00f6z\u00e9pp\u00e1ly\u00e1sa \u2013 kiz\u00e1r\u00f3lag \u00e1llami bajnoki c\u00edmeket \u201eh\u00fazott be\u201d a Corinthiansszal \u00e9s a Flameng\u00f3val, \u00e9s a v\u00e1logatottal sem volt szerencs\u00e9je a nagy torn\u00e1kon. B\u00e1r az \u00e1llami bajnoks\u00e1goknak hagyom\u00e1nyosan magas a preszt\u00edzs\u00fck Braz\u00edli\u00e1ban \u2013 a nyolcvanas \u00e9vek eleji paulista cs\u00f6rt\u00e9knek pedig k\u00fcl\u00f6n pikant\u00e9ri\u00e1t adott a S\u00f3crates vezette, politikai v\u00e1ltoz\u00e1sok\u00e9rt hangosan ki\u00e1ll\u00f3 \u201eCorinthians Demokr\u00e1cia\u201d sikersorozata \u2013, m\u00e9gsem ezek jelentik a legnagyobb tr\u00f3fe\u00e1t. A \u201eDoktor\u201d, aki k\u00e9pess\u00e9gei alapj\u00e1n a vil\u00e1g b\u00e1rmelyik csapat\u00e1ba bef\u00e9rt volna, 1984\/85-ben m\u00e9g Eur\u00f3p\u00e1ban is l\u00e9gi\u00f3skodott (politikai okokb\u00f3l hagyta ott Braz\u00edli\u00e1t), de a Fiorentina a szer\u00e9ny 9. helyen z\u00e1rta a Serie A k\u00fczdelmeit. Amikor meg hazat\u00e9rt (imm\u00e1r a Flameng\u00f3ba), az orsz\u00e1gos bajnoks\u00e1g teljes, gyakorlatilag elmagyar\u00e1zhatatlan k\u00e1oszba s\u00fcllyedt, \u00edgy S\u00f3crates v\u00e9gleg lemondhatott a ligaels\u0151s\u00e9gr\u0151l. A Flamengo ugyan mag\u00e1nak vindik\u00e1lja a \u201987-es orsz\u00e1gos bajnoki c\u00edmet, de hivatalosan a recifei Sport kapta meg azt; \u00e9s egy\u00e9bk\u00e9nt is, S\u00f3crates nem j\u00e1tszott egy meccsen sem, hi\u00e1ba volt n\u00e9vleg a keret tagja.\r\n\r\nVissza Kane-hez! Kell-e vajon a nagys\u00e1g elismer\u00e9s\u00e9hez, hogy a j\u00e1t\u00e9kos nyerjen is valamit? <strong>Barney Ronay<\/strong>, a The Guardian jegyzet\u00edr\u00f3ja is ezen filozof\u00e1lt akkor, amikor a Tottenham kilencese a Manchester City elleni m\u00e9rk\u0151z\u00e9sen megd\u00f6nt\u00f6tte Jimmy Greaves sok\u00e1ig megd\u00f6nthetetlennek hitt klubrekordj\u00e1t.\r\n<blockquote>Val\u00f3 igaz, nagyon kev\u00e9s futballist\u00e1nak volt ily remek, \u00e1m tr\u00f3fea n\u00e9lk\u00fcli p\u00e1lyafut\u00e1sa. De f\u00e9lre\u00e9rt\u00e9s, hogy ez elhalv\u00e1ny\u00edtja azt, amit Kane el\u00e9rt. S\u0151t tal\u00e1n m\u00e9g leny\u0171g\u00f6z\u0151bb\u00e9 teszi a karrierj\u00e9t. Itt egy ember, aki rendk\u00edv\u00fcl magas szinten futballozott, \u00fagy, hogy a Spurs \u00e9s Anglia mez\u00e9t viselte \u2013 \u00e9s egyik csapat sem arr\u00f3l h\u00edres, hogy sok mindent nyert volna a modern futballban. \u0150 val\u00f3di helyi legenda egy k\u00fcl\u00f6nlegesen brut\u00e1lis, globaliz\u00e1lt modern labdar\u00fag\u00f3vil\u00e1gban<\/blockquote>\r\n\u2013 <a href=\"https:\/\/www.theguardian.com\/football\/blog\/2023\/feb\/05\/harry-kane-doesnt-need-trophies-at-tottenham-to-prove-his-greatness\" target=\"_blank\" rel=\"noopener\">\u00edrta jegyzet\u00e9ben<\/a>.\r\n\r\nAmi azt illeti, a modern angol futball legnagyobb csat\u00e1rcsillagai k\u00f6z\u00fcl h\u00e1rom hasonl\u00f3 cip\u0151ben j\u00e1r. Kane semmit sem nyert, Alan Shearert a Blackburn Roversszel elh\u00f3d\u00edtott, 1994\/95-\u00f6s bajnoki c\u00edm \u201ementi meg\u201d (ezen k\u00edv\u00fcl k\u00e9t elvesztett kupad\u00f6nt\u0151je van), <strong>Gary Lineker<\/strong> pedig sosem nyert bajnoks\u00e1got, nemzetk\u00f6zi kup\u00e1t (KEK-et a Barcelon\u00e1val) \u00e9s orsz\u00e1gos kup\u00e1t (a Barcelon\u00e1val meg a Tottenhammel) viszont igen. Kane, Shearer, Lineker \u2013 \u00e9s \u00f6sszesen annyi kup\u00e1t tudnak \u201ekirakni a kirakatba\u201d, mint egy-egy j\u00f3 helyen, j\u00f3kor szerepl\u0151 kieg\u00e9sz\u00edt\u0151 ember.\r\n\r\n[caption id=\"attachment_8318\" align=\"aligncenter\" width=\"5528\"]<img class=\"size-full wp-image-8318\" src=\"https:\/\/sport24.24.hu\/app\/uploads\/sites\/24\/2023\/03\/043_dpa-pa_64004449.jpg\" alt=\"\" width=\"5528\" height=\"3536\" \/> Gary Lineker 1988-ban[\/caption]\r\n\r\nCs\u00f6kkenti ez a nagys\u00e1gukat? Aligha.\r\n\r\n\u201eHarry\u00e9 a Tottenham-rekord \u00e9s szobrot fog kapni. Az \u00f6v\u00e9 lesz az angol v\u00e1logatott g\u00f3lrekordja, lehet, lesz egy szobra a Wembleyben is, \u00e9s arra szint\u00e9n j\u00f3 az es\u00e9ly, hogy megd\u00f6ntse a Premier League-cs\u00facsot. Ezek az \u0151 \u00e9rmei. Meg\u00e9rten\u00e9m, mi\u00e9rt d\u00f6ntene amellett, hogy a Tottenhamn\u00e9l marad. \u00cdgy is nagy j\u00e1t\u00e9kos, \u00e9s ha nem nyer tr\u00f3fe\u00e1t, h\u00e1t azt hiszem, ez nem nagyon fogja zavarni. De erre igaz\u00e1ndib\u00f3l csak \u0151 tudna v\u00e1laszolni\u201d \u2013 <a href=\"https:\/\/www.bbc.com\/sport\/football\/64613516\" target=\"_blank\" rel=\"noopener\">v\u00e9lekedett Shearer<\/a> a BBC Radio 5-ban a febru\u00e1ri rekordd\u00f6nt\u00e9s ut\u00e1n. Shearer a kilencvenes \u00e9vekben a Manchester United helyett a Newcastle-be igazolt, de \u00e1ll\u00edt\u00e1sa szerint nem b\u00e1nta meg, hogy nem lett r\u00e9szese a fergusoni sikersorozatnak.\r\n\r\n<span class=\"highlight-block-small\">Kane szerz\u0151d\u00e9se 2024 nyar\u00e1n lej\u00e1r, akkor 31 \u00e9ves lesz. M\u00e9g visszafogott becsl\u00e9ssel is kin\u00e9zhet\u00fcnk bel\u0151le \u00f6t-hat, topkateg\u00f3ri\u00e1s szint\u0171 id\u00e9nyt. <\/span>\r\n\r\nId\u00e9n vagy j\u00f6v\u0151re val\u00f3sz\u00edn\u0171leg az utols\u00f3 nagy kontraktus\u00e1t \u00edrja al\u00e1, \u00e9s d\u00f6nt: marad nevel\u0151klubj\u00e1n\u00e1l vagy elmegy egy olyan klubba, amely tr\u00f3feaszerz\u00e9si lehet\u0151s\u00e9get aj\u00e1nl neki. A center kor\u00e1bban r\u00f6vid ideig fl\u00f6rt\u00f6lt a Manchester Cityvel, de nem j\u00f6tt \u00f6ssze az \u00fczlet \u2013 most a City <strong>Erling Haaland<\/strong> mell\u00e9 aligha igazolna m\u00e1sik kilencest, londoni riv\u00e1lis val\u00f3sz\u00edn\u0171leg nem j\u00f6het sz\u00f3ba, a Liverpool pedig rengeteg p\u00e9nzt k\u00f6lt\u00f6tt j\u00f3val fiatalabb t\u00e1mad\u00f3kra. Marad a Manchester United, esetleg a Newcastle United, illetve egy k\u00fclf\u00f6ldi csapat (a vil\u00e1gklasszis k\u00f6z\u00e9pcsat\u00e1rra vad\u00e1sz\u00f3 Bayern M\u00fcnchen neve nem v\u00e9letlen\u00fcl r\u00f6ppent fel). A k\u00fclf\u00f6ldi szerz\u0151d\u00e9s ellen sz\u00f3l, hogy Kane-nek igen vonz\u00f3 c\u00e9lpont Shearer PL-g\u00f3lrekordja, \u00e9s a beilleszked\u00e9s sem felt\u00e9tlen\u00fcl egyszer\u0171 egy m\u00e1sik futballkult\u00far\u00e1ba. Az, hogy a Spursn\u00e9l j\u00f3kora a k\u00e1osz \u2013 a kispadr\u00f3l t\u00e1vozott <strong>Antonio Conte<\/strong>, a strat\u00e9giai d\u00f6nt\u00e9sek\u00e9rt felel\u0151s \u00fcgyvezet\u0151, <strong>Fabio Paratici<\/strong> pedig <a href=\"https:\/\/www.tottenhamhotspur.com\/news\/2023\/march\/club-announcement-fabio-paratici\/\" target=\"_blank\" rel=\"noopener\">glob\u00e1lis eltilt\u00e1st kapott<\/a> a FIFA-t\u00f3l, mivel a Juventus p\u00e9nz\u00fcgyi-k\u00f6nyvel\u00e9si botr\u00e1ny\u00e1nak szerepl\u0151je volt \u2013 \u00e9ppens\u00e9ggel nem seg\u00edti a Kane j\u00f6v\u0151j\u00e9r\u0151l folytatott t\u00e1rgyal\u00e1sokat.\r\n\r\nAk\u00e1r megy, ak\u00e1r marad; ak\u00e1r tr\u00f3fe\u00e1val, ak\u00e1r tr\u00f3fea n\u00e9lk\u00fcl z\u00e1rja a karrierj\u00e9t, Harry Kane-re visszavonul\u00e1sa ut\u00e1n mindenki \u00fagy fog eml\u00e9kezni, mint a Spurs \u00e9s az angol v\u00e1logatott legend\u00e1j\u00e1ra, aki protot\u00edpusa is lehetne a kiemelked\u0151 21. sz\u00e1zadi k\u00f6z\u00e9pcsat\u00e1rnak. \u00c9s ez t\u00e9nyleg \u00e9rhet annyit, mint egy bajnoki c\u00edm, kupagy\u0151zelem, vagy nemzetk\u00f6zi diadal.\r\n\r\n<span class=\"highlight-block\">\u00d6r\u00f6ks\u00e9get tr\u00f3fe\u00e1k n\u00e9lk\u00fcl is lehet hagyni.<\/span>\r\n\r\n[prefabricated_shortcode in_app=\"0\" code=\"%3Cdiv%20class%3D%22article_box_border%22%20style%3D%22background%3A%20url%28%27https%3A%2F%2F24.p3k.hu%2Fapp%2Fuploads%2Fsites%2F24%2F2021%2F05%2Fsport24-pattern.png%27%29%20no-repeat%20left%20-16px%20%23f3f3f4%3B%20border%3A%20none%3B%22%3E%0D%0A%3Cdiv%20class%3D%22article_solidheader%22%3E%0D%0A%3Ch2%20style%3D%22color%3A%20%23111115%21important%3B%20font-size%3A%2036px%3B%20font-weight%3A%20bold%3B%20margin-bottom%3A%2030px%3B%20margin-top%3A%2020px%3B%20text-align%3A%20center%3B%20line-height%3A%2036px%3B%22%3E%3Cimg%20class%3D%22aligncenter%20size-full%20wp-image-141%22%20src%3D%22https%3A%2F%2F24.p3k.hu%2Fapp%2Fuploads%2Fsites%2F24%2F2021%2F05%2Fs24-logo-dt.png%22%20alt%3D%22%22%20width%3D%22408%22%20height%3D%2290%22%20%2F%3E%3C%2Fh2%3E%0D%0A%3Ch2%20style%3D%22color%3A%20%23111115%21important%3B%20font-size%3A%2036px%3B%20font-weight%3A%20bold%3B%20margin-bottom%3A%2030px%3B%20margin-top%3A%2020px%3B%20text-align%3A%20center%3B%20line-height%3A%2040px%3B%22%3ECsatlakozz%20a%20Sport24%20k%C3%B6z%C3%B6ss%C3%A9ghez%2C%20mondd%20el%20v%C3%A9lem%C3%A9nyedet%20z%C3%A1rt%20Facebook-csoportunkban%2C%20%C3%A9s%20vegy%C3%A9l%20r%C3%A9szt%20csak%20el%C5%91fizet%C5%91knek%20el%C3%A9rhet%C5%91%20exkluz%C3%ADv%20esem%C3%A9nyeinken.%3C%2Fh2%3E%0D%0A%3C%2Fdiv%3E%0D%0A%3Cp%20style%3D%22background%3A%20%2357A600%3B%20margin-top%3A%2020px%3B%20padding%3A%2020px%3B%20text-align%3A%20center%3B%22%3E%3Ca%20style%3D%22color%3A%20%23ffffff%3B%20font-size%3A%2026px%3B%20font-weight%3A%20600%3B%22%20href%3D%22https%3A%2F%2Fwww.facebook.com%2Fgroups%2F212344460412327%22%3ECSATLAKOZOM%3C%2Fa%3E%3C%2Fp%3E%0D%0A%0D%0A%3C%2Fdiv%3E\"]","type":"rich","thumbnail_url":"https:\/\/s.24.hu\/app\/uploads\/sites\/24\/2023\/03\/gettyimages-1190253581-masolat-150x150.jpg","thumbnail_width":150,"thumbnail_height":150}