{"version":"1.0","provider_name":"Sport24","provider_url":"https:\/\/sport24.24.hu","author_name":"Bruckner G\u00e1bor","author_url":"https:\/\/sport24.24.hu\/author\/brucknerg\/","title":"Eg\u00e9szs\u00e9g\u00e9t \u00e9s \u00e9p esz\u00e9t vesztette a Tottenhamn\u00e9l Antonio Conte","html":"\u201eNem mehetsz be egy 100 eur\u00f3s \u00e9tterembe 10 doll\u00e1rral a zsebedben.\u201d\r\n\r\n\u201eItt hozz\u00e1 van szokva mindenki ehhez: nem fontos c\u00e9lok\u00e9rt k\u00fczdenek. Nem akarnak nyom\u00e1s alatt, stressz alatt j\u00e1tszani. Ez a k\u00f6nnyebb \u00fat. Ez a Tottenham t\u00f6rt\u00e9nete az elm\u00falt h\u00fasz \u00e9vben. Ennyi ideje ugyanaz a tulajdonos, m\u00e9gsem nyertek semmi. Ez hogyan t\u00f6rt\u00e9nhet meg? Kiz\u00e1r\u00f3lag a csapat vagy az aktu\u00e1lis edz\u0151 hib\u00e1ja ez? Tudom, milyen szakemberek dolgoztak itt.... Ideje v\u00e1ltoztatni ezen a helyzeten, ha a Tottenham v\u00e1ltozni akar. Ha folytatni akarj\u00e1k ezt az utat, akkor megint lecser\u00e9lhetik az edz\u0151t, t\u00f6bbet is majd ak\u00e1r, de a helyzet nem fog javulni. Higgyenek nekem!\u201d\r\n\r\n<strong>Daniel Levy<\/strong>, a Spurs tulajdonosa nem hitt <strong>Antonio Cont\u00e9nak<\/strong>. Az olasz szakember az els\u0151k\u00e9nt id\u00e9zett mondatot m\u00e9g a Juventus, az ut\u00f3bbiakat a londoniak alkalmazottjak\u00e9nt mondta a nyilv\u00e1noss\u00e1g el\u0151tt. \u00c9s b\u00e1r a torin\u00f3iakn\u00e1l nem k\u00f6zvetlen\u00fcl ez a kijelent\u00e9s okozta a kir\u00fag\u00e1s\u00e1t, az a fesz\u00fclts\u00e9g, az \u00e1tigazol\u00e1sokkal kapcsolatos bels\u0151 konfliktus, ami azt kiv\u00e1ltotta nagyon is. Legut\u00f3bbi munk\u00e1j\u00e1nak a Tottenhamn\u00e9l viszont pontosan az el\u0151bbi gondolatai vetettek v\u00e9get. \u00cdgy edz\u0151 nem besz\u00e9lhet a klubjair\u00f3l \u2013 de Conte m\u00e1r nem lesz m\u00e1s ember.\r\n<h2>\u0150r\u00fclt g\u00e9niusz<\/h2>\r\nConte eg\u00e9szen kiv\u00e1l\u00f3 edz\u0151, jelenleg a szakm\u00e1ja egyik legjobbja. Rajta k\u00edv\u00fcl olyan sok, annyira j\u00f3l \u00e9rthet\u0151 \u00e9s a p\u00e1ly\u00e1n marad\u00e9ktalanul haszn\u00e1lhat\u00f3 fog\u00f3dzkod\u00f3t \u00e9s inform\u00e1ci\u00f3t egy kez\u00fcnk\u00f6n megsz\u00e1ml\u00e1lhat\u00f3 tr\u00e9ner k\u00e9pes csak adni a j\u00e1t\u00e9kosainak. Abban a pillanatban, amint le\u00fcl egy kispadra, a keret teljes\u00edtm\u00e9ny\u00e9nek padl\u00f3ja (minimuma) megemelkedik. Eddig ak\u00e1rhol v\u00e1llalt munk\u00e1t, ott nagyon hamar, nagyon komoly fejl\u0151d\u00e9s lett \u00e9rz\u00e9kelhet\u0151 \u2013 \u00e9s ezt a p\u00e1ly\u00e1n k\u00edv\u00fcli viselt dolgai sem annull\u00e1lhatn\u00e1k.\r\n\r\n<span class=\"highlight-block-small\">Gond \u2013 most m\u00e1r sokszorosan bebizonyosodott \u2013 akkor lesz, amikor hossz\u00fa t\u00e1von kellene egy\u00fcttm\u0171k\u00f6dni, k\u00e9pesnek lenni alkalmazkodni, adott esetben elengedni konfliktusokat. <\/span>\r\n\r\n\u00c9s ha fesz\u00fclts\u00e9g is alakul ki, nem al\u00e1\u00e1sni nyilv\u00e1nosan minden k\u00f6r\u00fcl\u00f6tte l\u00e9v\u0151t.\r\n\r\n\u00cdgy ugyanis elv\u00e9sz a jelent\u0151s\u00e9ge annak, mi t\u00f6rt\u00e9nt a p\u00e1ly\u00e1n. Az eredm\u00e9nyek elillannak a leveg\u0151be.\r\n\r\nA Tottenham 2021 nyar\u00e1n vezet\u0151edz\u0151t keresett. <strong>Jos\u00e9 Mourinho<\/strong> az azt megel\u0151z\u0151 \u00e9v v\u00e9ge fel\u00e9 t\u00e1vozott, az id\u00e9ny befejez\u00e9sig h\u00e1tralev\u0151 id\u0151ben pedig a Spurs egykori j\u00e1t\u00e9kosa,<strong> Ryan Mason<\/strong> vette \u00e1t a staf\u00e9t\u00e1t. Mason most is a st\u00e1b tagja, Conte idei k\u00e9nyszer\u0171 t\u00e1volmarad\u00e1sa alatt (err\u0151l k\u00e9s\u0151bb b\u0151vebben is lesz sz\u00f3) az olasz p\u00e1lyaedz\u0151j\u00e9vel, <strong>Cristian Stellinivel<\/strong> egy\u00fctt vezette a csapatot \u2013 ez a mostani szezon marad\u00e9k r\u00e9sz\u00e9ben is \u00edgy lesz. <strong>Fabio Paratici,<\/strong> a Juventus egykori \u00e9s a londoniak jelenleg h\u00e1tt\u00e9rbe vonult sportigazgat\u00f3ja azon a ny\u00e1ron kezdte meg angliai munk\u00e1j\u00e1t, \u00e9s Mason lek\u00f6sz\u00f6n\u00e9s\u00e9t k\u00f6vet\u0151en a poszt bet\u00f6lt\u00e9se hossz\u00fa hetekig elh\u00faz\u00f3dott. <strong>Paulo Fonseca<\/strong> kinevez\u00e9s\u00e9t Paratici v\u00e9t\u00f3zta meg, m\u00edg <strong>Gennaro Gattus\u00f3ra<\/strong> Levy mondott nemet, miut\u00e1n a szurkol\u00f3k a k\u00f6z\u00f6ss\u00e9gi fel\u00fcleteken a vele folytatott t\u00e1rgyal\u00e1sokr\u00f3l sz\u00f3l\u00f3 h\u00edrekre els\u00f6pr\u0151 elutas\u00edt\u00e1ssal reag\u00e1ltak. T\u00f6m\u00e9ntelen mennyis\u00e9g\u0171 n\u00e9v mer\u00fclt fel rajtuk k\u00edv\u00fcl is, akikkel maximum egy telefonh\u00edv\u00e1sig \u2013 vagy tal\u00e1n addig sem \u2013 jutottak, \u00edgy v\u00e9g\u00fcl egy m\u00e1r-m\u00e1r p\u00e1nikszer\u0171 d\u00f6nt\u00e9s eredm\u00e9nyek\u00e9ppen az akkor a Wolverhamptont\u00f3l nemr\u00e9giben elk\u00f6sz\u00f6n\u0151 <strong>Nuno Espirito Sant\u00f3t<\/strong> mutatt\u00e1k be a Tottenham \u00faj tr\u00e9nerek\u00e9nt.\r\n\r\n[caption id=\"attachment_8333\" align=\"aligncenter\" width=\"3000\"]<img class=\"size-full wp-image-8333\" src=\"https:\/\/sport24.24.hu\/app\/uploads\/sites\/24\/2023\/03\/000_9qj4lb.jpg\" alt=\"\" width=\"3000\" height=\"2000\" \/> Nuno Espirito Santo[\/caption]\r\n\r\n<div class=\"payable-content-section\"><\/div>\r\nNovemberben m\u00e1r nem a portug\u00e1l vezette az edz\u00e9seket. Helyette \u00e9rkezett Conte, aki a tabella 9. hely\u00e9n vette \u00e1t az egy\u00fcttest, t\u00edz fordul\u00f3 ut\u00e1n m\u00e1ris \u00f6tpontos lemarad\u00e1ssal a BL-indul\u00e1st \u00e9r\u0151 poz\u00edci\u00f3kt\u00f3l. Az olasz bejuttatta a legrangosabb eur\u00f3pai kup\u00e1ba a Tottenhamet, ami akkor, a k\u00e1osz \u00e9s d\u00f6nt\u00e9sk\u00e9ptelens\u00e9g olt\u00e1r\u00e1n fel\u00e1ldozott \u00e9s szinte kuk\u00e1ba haj\u00edtott els\u0151 f\u00e9l\u00e9v ut\u00e1n brili\u00e1ns produkci\u00f3 volt. Nem mellesleg a sorozatban val\u00f3 r\u00e9szv\u00e9tel\u00e9rt kapott bev\u00e9tellel biztos\u00edtotta a klubnak azt a p\u00e9nz\u00fcgyi stabilit\u00e1st, ami Levy els\u0151sz\u00e1m\u00fa kit\u0171z\u00f6tt c\u00e9lja.\r\n\r\n<span class=\"highlight-block-small\">Az addig borzaszt\u00f3an passz\u00edv \u2013 \u00e9s a biztons\u00e1gi j\u00e1t\u00e9k ellen\u00e9re sem m\u0171k\u00f6d\u0151 \u2013 v\u00e9delemmel szerepl\u0151, mindenf\u00e9le felfog\u00e1s\u00fa ellenf\u00e9llel szemben akadoz\u00f3 g\u00e9pezet berobbant Conte kezei alatt. <\/span>\r\n\r\nA Spurs sz\u00e1mai kil\u0151ttek: a v\u00e9dekez\u00e9s\u00fck tov\u00e1bbra sem az \u0151r\u00fclt presszingre \u00e9p\u00fclt, de a kisebb \u00e9s a nagyobb ellenfeleket is t\u00f6bbnyire j\u00f3l megfogta, m\u00edg a t\u00e1mad\u00f3j\u00e1t\u00e9k Conte edz\u00e9seken milli\u00f3szor begyakorolt automatizmusainak k\u00f6sz\u00f6nhet\u0151en szint\u00e9n beindult. Ennek a t\u00e9len megszerzett sv\u00e9d t\u00e1mad\u00f3, <strong>Dejan Kulusevski<\/strong> m\u00e9g egy l\u00f6k\u00e9st adott. <strong>Harry Kane<\/strong> az ut\u00e1n, hogy december elsej\u00e9ig egyetlen g\u00f3lt \u00e9s ugyanannyi g\u00f3lpasszt tudott felmutatni a bajnoks\u00e1gban, az \u00e9vad v\u00e9g\u00e9n 17 tal\u00e1lattal \u00e9s 9 sikeres el\u0151k\u00e9sz\u00edt\u00e9ssel z\u00e1rt. A csapat legy\u0151zte a v\u00e9g\u00fcl bajnok Manchester Cityt, oda-vissza ikszelt a PL-ben m\u00e1sodik Liverpoollal \u00e9s 3-0-ra verte hazai p\u00e1ly\u00e1n azt az Arsenalt, amelyt\u0151l szeptemberben m\u00e9g sim\u00e1n kikapott. A Tottenham k\u00e9t ponttal v\u00e9gzett az \u0151si riv\u00e1lis el\u0151tt, el\u00fctve ezzel az Arsenalt a BL-szerepl\u00e9st\u0151l.\r\n\r\nA szurkol\u00f3t\u00e1bor \u00e9s a vezet\u0151s\u00e9g maxim\u00e1lisan el\u00e9gedett volt: \u00fagy t\u0171nt, Jos\u00e9 Mourinho \u00e9s Nuno ut\u00e1n v\u00e9gre megtal\u00e1lt\u00e1k azt, aki a <strong>Mauricio Pochettino<\/strong> idej\u00e9n tapasztalt magass\u00e1gokba r\u00f6p\u00edtheti a klubot.\r\n<h2>All-in a bl\u00f6ffre<\/h2>\r\n\u00c1m a cs\u00facsra \u00e9r\u00e9s helyett a pokol k\u00e9nk\u00f6ves bugyrai v\u00e1rt\u00e1k \u0151ket az id\u00e9n m\u00e1rciusban.\r\n\r\nA ny\u00e1ron m\u00e9g mindenki bizakodott. B\u00e1r Levy sok\u00e1ig fukarkodott az transzferpiacon, ez\u00fattal mindent megadott (ezzel persze ut\u00f3lagos magyar\u00e1zatot is adott Pochettino buk\u00e1s\u00e1ra). 150 milli\u00f3 fontot vertek el \u00e9s \u00fagy t\u0171nt, hogy az \u00fajrafazon\u00edrozott kerettel a legmagasabb c\u00e9loknak lehet nekiindulni. Ehhez k\u00e9pest az \u00e9rkez\u0151k t\u00f6bbs\u00e9g\u00e9t vagy Conte nem haszn\u00e1lta, vagy nem v\u00e1ltak be, mik\u00f6zben az\u00f3ta kider\u00fclt: az olasz edz\u0151 igaz\u00e1b\u00f3l sok j\u00e1t\u00e9kost nem kapott meg, mert a vezet\u0151s\u00e9g nem akarta \u0151ket leigazolni. A brazil <strong>Richarlison<\/strong> nagyon sok s\u00e9r\u00fcl\u00e9ssel k\u00fczd\u00f6tt, \u00e9s g\u00f3l n\u00e9lk\u00fcl \u00e1ll a Premier League-ben. A fiatal angol rem\u00e9nys\u00e9g, <strong>Djed Spence<\/strong> szinte es\u00e9lyt sem kapott, \u00e9s a t\u00e9len ment is k\u00f6lcs\u00f6nbe, m\u00edg a Brightonban elit szintet hoz\u00f3 box-to-box k\u00f6z\u00e9pp\u00e1ly\u00e1s,<strong> Yves Bissouma<\/strong>, a horv\u00e1t veter\u00e1n, <strong>Ivan Perisic<\/strong> vagy a v\u00e9delmet meger\u0151s\u00edtend\u0151 a Barcelon\u00e1t\u00f3l k\u00f6lcs\u00f6nbe hozott <strong>Cl\u00e9ment Lenglet<\/strong> v\u00e1ltakoz\u00f3 sikerrel bizonyult megfelel\u0151nek.\r\n\r\nA j\u00e1t\u00e9kosok form\u00e1j\u00e1n t\u00fal az sem k\u00f6nny\u00edtette meg Conte dolg\u00e1t, hogy tal\u00e1n\r\n\r\n<span class=\"highlight-block\">a legnehezebb h\u00f3napjait \u00e9lte \u00e1t.<\/span>\r\n\r\n[caption id=\"attachment_8334\" align=\"aligncenter\" width=\"4000\"]<img class=\"size-full wp-image-8334\" src=\"https:\/\/sport24.24.hu\/app\/uploads\/sites\/24\/2023\/03\/000_33ap6zk.jpg\" alt=\"\" width=\"4000\" height=\"2673\" \/> Conte (szemben, balr\u00f3l a negyedik) m\u00e1rcius elej\u00e9n, a csapat edz\u00e9s\u00e9n[\/caption]\r\n\r\nA hossz\u00fa ideje \u00e9s a Spursn\u00e9l is vele dolgoz\u00f3 er\u0151nl\u00e9ti edz\u0151, <strong>Gian Piero Ventrone<\/strong> okt\u00f3berben, bar\u00e1tja, a legend\u00e1s szabadr\u00fag\u00e1sl\u00f6v\u0151 <strong>Szinisa Mihajlovics<\/strong> decemberben, egykori juventusos \u00e9s olasz v\u00e1logatottbeli csapatt\u00e1rsa, <strong>Gianluca Vialli<\/strong> pedig janu\u00e1rban hunyt el. Febru\u00e1rban Conte epeh\u00f3lyagja begyulladt, \u00e9s m\u0171t\u00e9ti \u00faton el kellett t\u00e1vol\u00edtani a testr\u00e9szt. Hetekig l\u00e1badozott, visszat\u00e9rt, majd ism\u00e9t haza kellett mennie pihenni \u2013 ezen id\u0151szak alatt a m\u00e1r emlegetett Stellini, Mason p\u00e1ros helyettes\u00edtette \u0151t. Ha valami, h\u00e1t ez t\u00f6bb, mint bocs\u00e1natos b\u0171n, de ezek a t\u00f6rt\u00e9n\u00e9sek l\u00e1that\u00f3an irgalmatlanul megterhelt\u00e9k Cont\u00e9t.\r\n\r\nHa ez egyedi eset volna, \u00e9s nem konfliktusok \u00e1ss\u00e1k al\u00e1 \u0151t minden eddigi \u00e1llom\u00e1shely\u00e9n, akkor term\u00e9szetesen el lehetett volna tekinteni t\u0151le \u2013 \u00e9s tal\u00e1n Levy is \u00edgy tett volna. \u00c1m Conte eg\u00e9szen saj\u00e1ts\u00e1gos m\u00f3don v\u00e1laszol a munk\u00e1ja \u00e1ltal teremtett \u2013 nyilv\u00e1n messze \u00e1tlagon fel\u00fcli \u2013 stresszre, nyom\u00e1sra \u00e9s indulatokra. N\u00e1la egy adott ponton t\u00fal ilyen esetben megsz\u0171nik a \u201emi\u201d \u00e9s egyed\u00fcl az \u201e\u00e9n\u201d marad. \u00c9s \u00edgy a kr\u00edzisek megoldhatatlanok. Elvesz\u00edti a futballist\u00e1it \u00e9s a feletteseit is, akik \u00fagy \u00e9rzik, kiz\u00e1r\u00f3lag a saj\u00e1t fenek\u00e9t menti a sajt\u00f3ban. \u00cdgy t\u00f6rt\u00e9nt a Chelsea-n\u00e9l, az Intern\u00e9l \u00e9s most a Tottenhamn\u00e9l is. Ez a viselked\u00e9s nem a semmib\u0151l j\u00f6tt, nem els\u0151 eset \u00e9s nem okozhatott meglepet\u00e9st, \u00e9ppen ez\u00e9rt k\u00fcl\u00f6n\u00f6s, hogy a nagy ny\u00e1ri k\u00f6ltekez\u00e9st \u00e9ppen Conte \u00e9rdemelte ki Levyn\u00e9l. \u00c9s az is, hogy a torin\u00f3i t\u00e9nyked\u00e9s\u00e9hez kapcsol\u00f3d\u00f3an b\u00edr\u00f3s\u00e1gi elj\u00e1r\u00e1s alatt l\u00e9v\u0151 \u00e9s tev\u00e9kenys\u00e9g\u00e9t\u0151l szinte eltiltott Paraticit\u0151l m\u00e9g mindig nem szabadult meg a Spurs. Az utols\u00f3 hetekben tulajdonk\u00e9ppen m\u00e1r csak \u0151 tudott kommunik\u00e1lni Cont\u00e9val, \u00edgy a tulaj v\u00e1ls\u00e1gkezel\u00e9s\u00e9ben kulcsszerepet j\u00e1tszott. De ez \u00fagy, hogy az addig csak Olaszorsz\u00e1gra \u00e9rtend\u0151 30 h\u00f3napos eltilt\u00e1s\u00e1t a FIFA m\u00e1rcius 29-\u00e9n az eg\u00e9sz vil\u00e1gra kiterjesztette, tarthatatlan \u00e1llapot volt. A Tottenham erre a k\u00e9t emberre lett felh\u00fazva a m\u00f6g\u00f6tt\u00fcnk hagyott m\u00e1sf\u00e9l \u00e9vben: az egyik\u00fcket most kir\u00fagt\u00e1k, a m\u00e1sikuk konkr\u00e9tan b\u00edr\u00f3s\u00e1gi hat\u00e1rozat szerint eltiltott a munk\u00e1ja legalapvet\u0151bb tev\u00e9kenys\u00e9geit\u0151l. A klub mindent feltett r\u00e1juk Conte m\u00faltj\u00e1nak \u00e9s a Paratici ellen folytatott elj\u00e1r\u00e1snak a tudat\u00e1ban.\r\n\r\nMindemellett az id\u00e9n m\u00e1r a p\u00e1ly\u00e1n is b\u0151ven akadtak gondok.\r\n<h2>Ki\u00e9gett keret<\/h2>\r\nCont\u00e9n\u00e9l kev\u00e9sbe senki sem b\u00edzik a futballist\u00e1iban. Ez \u00f6nmag\u00e1ban m\u00e9g nem kritika, mert a legnagyobb er\u00e9ny\u00e9t t\u00e1pl\u00e1lja. Annyira kiv\u00e1l\u00f3 t\u00e1mogat\u00e1st senki sem ny\u00fajt, mint \u0151, a legapr\u00f3bb r\u00e9szletekig kital\u00e1lja \u2013 \u00e9s le is gyakoroltatja \u2013, melyik az a passz, bemozg\u00e1s vagy csel, amely a csapatot eljuttatja a kapuig. A j\u00e1t\u00e9kosoknak \u00edgy k\u00f6nny\u0171 j\u00f3 d\u00f6nt\u00e9st hozniuk: am\u00edg mindenki azt teszi, amit Conte megtervezett, addig ezzel nem lesz gond.\r\n\r\nAzonban k\u00f6nnyen \u00e9rthet\u0151 m\u00f3don ebben rendk\u00edv\u00fcl gyorsan ki lehet \u00e9gni. Egyfel\u0151l, miut\u00e1n az ellenfelek kivide\u00f3zz\u00e1k ezeket a csapatmechanizmusokat, ott \u00e1llnak a labdar\u00fag\u00f3k a dilemm\u00e1val: r\u00e9szint azzal, hogy a v\u00e9d\u0151k el\u0151re tudj\u00e1k, mit akarok, m\u00e9gis ezt kell tennem, m\u00e1sr\u00e9szt azzal, hogy mi a tetves fen\u00e9\u00e9rt nem tal\u00e1lhatok \u00e9n magam megold\u00e1st. A fel\u00e9j\u00fck t\u00e1masztott elv\u00e1r\u00e1sok kontextus\u00e1ban meghozott \u201erossz d\u00f6nt\u00e9sek\u201d \u00e9s a v\u00e9gel\u00e1thatatlan ism\u00e9telt, repetit\u00edv edz\u00e9sgyakorlatok, figur\u00e1k tot\u00e1lisan ki\u00e9getik \u0151ket.\r\n\r\nR\u00e1ad\u00e1sk\u00e9nt sokszor azt is saj\u00e1t mag\u00e1nak rontotta el a Tottenham, amit el\u0151tte kikapart. A legjobb csapatok els\u0151dleges ism\u00e9rve a kontroll: \u00e1lland\u00f3 kontroll az ellenf\u00e9l, folyamatos kontroll a m\u00e9rk\u0151z\u00e9sek menete f\u00f6l\u00f6tt. Conte edz\u0151sk\u00f6d\u00e9se sor\u00e1n a Tottenham legfeljebb n\u00e9h\u00e1ny h\u00e9tig bizonyult k\u00e9pesnek arra, hogy ne az eredm\u00e9nyt kergesse, vagy ne v\u00e1ljon t\u00fal passz\u00edvv\u00e1, \u00e9s engedje mag\u00e1ra a m\u00e1sik felet. Krimin\u00e1lisan sokszor ker\u00fcltek h\u00e1tr\u00e1nyba, \u00e9s rohantak mindent egy lapra felt\u00e9ve az egyenl\u00edt\u00e9s\u00e9rt vagy a ford\u00edt\u00e1s\u00e9rt, ha pedig megszerezt\u00e9k az el\u0151nyt, Cont\u00e9n\u00e1l bekapcsolt az olasz futballiskola leg\u0151sibb jelszava: h\u00e1tra a kapu el\u00e9!\r\n\r\n<span class=\"highlight-block-small\">Az \u00f6sszecsukl\u00e1sok ut\u00e1n Conte a labdar\u00fag\u00f3i elhivatotts\u00e1g\u00e1t, gy\u0151zni akar\u00e1s\u00e1t vagy esetleg \u2013 ahogyan kor\u00e1bban is \u2013 a munkaad\u00f3j\u00e1b\u00f3l hi\u00e1nyz\u00f3 nyertes DNS-t hi\u00e1nyolta.<\/span>\r\n\r\n<img class=\"size-full wp-image-8336\" src=\"https:\/\/sport24.24.hu\/app\/uploads\/sites\/24\/2023\/03\/gettyimages-1474631945.jpg\" alt=\"\" width=\"4914\" height=\"3276\" \/>\r\n\r\nA j\u00e1t\u00e9kosok nyilv\u00e1n nem teljesen \u00e9rtett\u00e9k, mi\u00e9rt nem j\u00f6nnek az eredm\u00e9nyek, de csak egyetlen v\u00e1laszt kaptak r\u00e1: mel\u00f3zz t\u00f6bbet, l\u00e9gy kem\u00e9nyebb, k\u00fczdj k\u00edm\u00e9letlenebb\u00fcl! No, meg nyilv\u00e1n ugyanazokat a edz\u00e9sgyakorlatokat v\u00e9gezt\u00e9k, \u00fajra \u00e9s \u00fajra. \u00c9s \u00fajra. \u00c9s \u00fajra. Azt\u00e1n a sajt\u00f3ban azt olvashatt\u00e1k, hogy miattuk nincs kupagy\u0151zelme az elm\u00falt h\u00fasz \u00e9vben a Tottenhamnek, \u00e9s miattuk r\u00fagt\u00e1k ki az edz\u0151iket.\r\n\r\nSz\u00f3val nemcsak abban az \u00e9tteremben nem tudunk megvacsor\u00e1zni, amelyikbe kev\u00e9s p\u00e9nzt vitt\u00fcnk magunkkal, hanem abban sem, amelyiknek a konyh\u00e1j\u00e1ba magunk piszk\u00edtottunk oda.\r\n\r\n[prefabricated_shortcode in_app=\"0\" code=\"%3Cdiv%20class%3D%22article_box_border%22%20style%3D%22background%3A%20url%28%27https%3A%2F%2F24.p3k.hu%2Fapp%2Fuploads%2Fsites%2F24%2F2021%2F05%2Fsport24-pattern.png%27%29%20no-repeat%20left%20-16px%20%23f3f3f4%3B%20border%3A%20none%3B%22%3E%0D%0A%3Cdiv%20class%3D%22article_solidheader%22%3E%0D%0A%3Ch2%20style%3D%22color%3A%20%23111115%21important%3B%20font-size%3A%2036px%3B%20font-weight%3A%20bold%3B%20margin-bottom%3A%2030px%3B%20margin-top%3A%2020px%3B%20text-align%3A%20center%3B%20line-height%3A%2036px%3B%22%3E%3Cimg%20class%3D%22aligncenter%20size-full%20wp-image-141%22%20src%3D%22https%3A%2F%2F24.p3k.hu%2Fapp%2Fuploads%2Fsites%2F24%2F2021%2F05%2Fs24-logo-dt.png%22%20alt%3D%22%22%20width%3D%22408%22%20height%3D%2290%22%20%2F%3E%3C%2Fh2%3E%0D%0A%3Ch2%20style%3D%22color%3A%20%23111115%21important%3B%20font-size%3A%2036px%3B%20font-weight%3A%20bold%3B%20margin-bottom%3A%2030px%3B%20margin-top%3A%2020px%3B%20text-align%3A%20center%3B%20line-height%3A%2040px%3B%22%3ECsatlakozz%20a%20Sport24%20k%C3%B6z%C3%B6ss%C3%A9ghez%2C%20mondd%20el%20v%C3%A9lem%C3%A9nyedet%20z%C3%A1rt%20Facebook-csoportunkban%2C%20%C3%A9s%20vegy%C3%A9l%20r%C3%A9szt%20csak%20el%C5%91fizet%C5%91knek%20el%C3%A9rhet%C5%91%20exkluz%C3%ADv%20esem%C3%A9nyeinken.%3C%2Fh2%3E%0D%0A%3C%2Fdiv%3E%0D%0A%3Cp%20style%3D%22background%3A%20%2357A600%3B%20margin-top%3A%2020px%3B%20padding%3A%2020px%3B%20text-align%3A%20center%3B%22%3E%3Ca%20style%3D%22color%3A%20%23ffffff%3B%20font-size%3A%2026px%3B%20font-weight%3A%20600%3B%22%20href%3D%22https%3A%2F%2Fwww.facebook.com%2Fgroups%2F212344460412327%22%3ECSATLAKOZOM%3C%2Fa%3E%3C%2Fp%3E%0D%0A%0D%0A%3C%2Fdiv%3E\"]","type":"rich","thumbnail_url":"https:\/\/s.24.hu\/app\/uploads\/sites\/24\/2023\/03\/068_aa_14022023_1066847-masolat-150x150.jpg","thumbnail_width":150,"thumbnail_height":150}