{"version":"1.0","provider_name":"Sport24","provider_url":"https:\/\/sport24.24.hu","author_name":"Dajka Bal\u00e1zs","author_url":"https:\/\/sport24.24.hu\/author\/dajkab\/","title":"Gyerekkor\u00e1ban csat\u00e1rnak k\u00e9sz\u00fclt, most a vil\u00e1g egyik legjobb kapusa lett","html":"Az embernek ut\u00f3lag beindul a fant\u00e1zi\u00e1ja: mi lett volna, ha a 2006-os vil\u00e1gbajnoki d\u00f6nt\u0151 tizenegyesp\u00e1rbaj\u00e1ban nem a megkopott <strong>Fabien Barthez<\/strong> v\u00e9d, hanem a karrierje cs\u00facs\u00e1n sz\u00e1rnyal\u00f3 <strong>Gregory Coupet<\/strong>? Ugyan\u00edgy, mi lett volna, ha 2022-ben nem <strong>Hugo Lloris<\/strong> \u00e1ll szemben az argentin l\u00f6v\u0151kkel, hanem <strong>Mike Maignan<\/strong>?\r\n\r\nUt\u00f3bbi k\u00e9rd\u00e9s sokszor felj\u00f6tt mostan\u00e1ban. Mike Maignan <a href=\"https:\/\/rangado.24.hu\/nemzetkozi_foci\/2023\/03\/28\/eb-selejtezo-irorszag-franciaorszag-mike-maignan-vedes-bravur\/\">\u00cdrorsz\u00e1g ellen egy fantasztikus ny\u00fajt\u00f3zkod\u00e1ssal \u00fct\u00f6tte ki <strong>Nathan Collins<\/strong> fejes\u00e9<\/a>t, Hollandia ellen pedig <strong>Memphis Depay<\/strong> tizenegyes\u00e9t h\u00e1r\u00edtotta k\u00e9t \u00fctemben.\r\n\r\nhttps:\/\/twitter.com\/SamPJWhite\/status\/1640469217249234945\r\n\r\nA francia (k\u00f6z\u00f6ss\u00e9gi) m\u00e9dia egy r\u00e9sze a k\u00e9rd\u00e9ssel rosszindulat\u00faan arra utalt, hogy Maignan ezzel a k\u00e9t brav\u00farral csak azt igazolta, hogy m\u00e1r most jobb kapus, mint Lloris valaha volt. Egy objekt\u00edvebb n\u00e9z\u0151pontb\u00f3l figyelve viszont felt\u0171nik egy adat: Lloris karrierje sor\u00e1n 128 tizenegyesb\u0151l 17-et fogott (7 ment mell\u00e9), Maignan pedig 50-b\u0151l 12-t (6 ment mell\u00e9).\r\n\r\n<span class=\"highlight-block-small\">Llloris 18%-ban v\u00e9dte a b\u00fcntet\u0151it. Maignan enn\u00e9l k\u00f6zel k\u00e9tszer (35%) eredm\u00e9nyesebben.<\/span>\r\n\r\nA felvet\u00e9s ugyanakkor az\u00e9rt sem fair, mert Maignan a katari v\u00e9b\u00e9 alatt s\u00e9r\u00fclt volt, m\u00e9g a torna el\u0151tti h\u00f3napokban s\u00e9r\u00fclt le a v\u00e1dlija. Lloris visszavonul\u00e1sa ut\u00e1n er\u0151sen \u00fagy fest, hogy Mike Maignan hossz\u00fa \u00e9vekig lesz a francia v\u00e1logatott els\u0151 sz\u00e1m\u00fa kapusa \u00e9s vil\u00e1gviszonylatban is el\u0151r\u00e9bb juthat, mint Lloris b\u00e1rmikor a karrierje sor\u00e1n.\r\n\r\nFranciaorsz\u00e1gnak gyakorlatilag az elm\u00falt 40 \u00e9vben folyamatosan volt stabilan teljes\u00edt\u0151, nemzetk\u00f6zileg is magasan jegyzett kapusa. <strong>Joel Bats<\/strong> a nyolcvanas \u00e9vek m\u00e1sodik fel\u00e9t uralta, <strong>Fabien Barthez<\/strong> pedig egy \u00e9vtizeden (1996-2006) \u00e1t volt a K\u00e9kek kopasz kabal\u00e1ja. Hugo Lloris m\u00e9g \u0151t is megel\u0151zte hossz\u00fat\u00e1vfut\u00e1sban: 2008 \u00e9s 2022 k\u00f6z\u00f6tt minden konkurenci\u00e1t maga m\u00f6g\u00e9 utas\u00edtott.\r\n\r\n[caption id=\"attachment_8298\" align=\"alignnone\" width=\"1024\"]<img class=\"wp-image-8298 size-large\" src=\"https:\/\/sport24.24.hu\/app\/uploads\/sites\/24\/2023\/03\/blancbarth-1024x576.jpg\" alt=\"\" width=\"1024\" height=\"576\" \/> A megszokott jelenet a franci\u00e1k meccsei el\u0151tt a 90-es \u00e9vek m\u00e1sodik fel\u00e9ben, a 2000-es \u00e9vek elej\u00e9n: Blanc puszit nyom Barthez kopasz kobakj\u00e1ra[\/caption]\r\n\r\nAmi igaz\u00e1n megd\u00f6bbent\u0151, hogy egy jobb vil\u00e1gban a franci\u00e1k m\u00e1sodvonala is fel\u00e9rt volna els\u0151vel. <strong>Bernard Lama<\/strong> 1996-ig a legink\u00e1bb mediatiz\u00e1lt kapus volt, \u00e1m egy kannabisz-fogyaszt\u00e1si botr\u00e1ny miatt lejjebb ker\u00fclt a rangsorban; Gr\u00e9gory Coupet 2006-ban \u00fagy t\u0171nt, Barthez el\u00e9 ker\u00fclhet, \u00e1m <strong>Raymond Domenech<\/strong> m\u00e1sk\u00e9pp d\u00f6nt\u00f6tt, ami miatt Coupet-t az edz\u0151t\u00e1bor parkol\u00f3j\u00e1ban kellett visszak\u00f6ny\u00f6rgni a hotelbe; Lloris el\u0151tt pedig <strong>Steve Mandanda<\/strong> volt a kiszemelt tr\u00f3n\u00f6r\u00f6k\u00f6s, \u00e1m n\u00e9h\u00e1ny baki miatt h\u00e1tr\u00e9bb szorult, de ez sem akad\u00e1lyozta meg abban, hogy 2018-ban vil\u00e1gbajnok legyen.\r\n\r\n\u00c9s most \u00e9rkezik az \u0151rs\u00e9gv\u00e1lt\u00e1s.<strong> Lucas Chevalier<\/strong> szinte a semmib\u0151l robbant be a Lille-n\u00e9l, <strong>Illan Mesliert<\/strong> m\u00e9g a <strong>Bielsa-<\/strong>f\u00e9le Leedsb\u0151l ismerhetj\u00fck, a m\u00e9g mindig csak 24 \u00e9ves <strong>Alban Lafont<\/strong> pedig m\u00e9g n\u00e9h\u00e1ny \u00e9vvel ezel\u0151tt a Fiorentin\u00e1n\u00e1l vett be egy fura kanyart, most viszont a Nantes meghat\u00e1roz\u00f3 tagja, nemr\u00e9g Francia Kup\u00e1t nyert vel\u00fck.\r\n\r\nHa ez nem lenne el\u00e9g, ott van a v\u00e1logatott k\u00f6r\u00fcl \u00e9vek \u00f3ta l\u00f3fr\u00e1l\u00f3 <strong>Alphonse Areola<\/strong> vagy a Lens patologikusan magabiztos kapusa,<strong> Brice Samba<\/strong>, Maignan erej\u00e9r\u0151l viszont sokat el\u00e1rul,\r\n\r\n<span class=\"highlight-block-small\">hogy m\u00e9g ilyen lista mellett sincs kih\u00edv\u00f3ja.<\/span>\r\n\r\nPedig egy id\u0151ben pedig \u00fagy t\u0171nt, el\u00e9rte a plafonj\u00e1t. Maignan a Paris Saint-Germain akad\u00e9mi\u00e1j\u00e1n nevelkedett olyan 1995-ben sz\u00fcletett t\u00e1rsak mellett, mint <strong>Presnel Kimpembe, Adrien Rabiot<\/strong>, Alphonse Areola vagy <strong>Jean-Kevin Augustin<\/strong> (<strong>Kingsley Coman<\/strong> egy \u00e9vvel fiatalabb), \u00e9s amikor felhozt\u00e1k a feln\u0151ttek k\u00f6z\u00e9, csak a negyedik sz\u00e1m\u00fa lehet\u0151s\u00e9gk\u00e9nt sz\u00e1m\u00edtottak r\u00e1 <strong>Kevin Trapp<\/strong>, <strong>Salvatore Sirigu<\/strong> \u00e9s <strong>Nicolas Douchez<\/strong> m\u00f6g\u00f6tt.\r\n\r\nEdz\u0151i szerint sosem panaszkodott \u00e9s kiegyens\u00falyozotts\u00e1ga \u00e9s nyugalma miatt olykor \u0151t haszn\u00e1lt\u00e1k \u00f6sszek\u00f6t\u0151 kapocsk\u00e9nt a kapusok k\u00f6zti visz\u00e1lyok kezel\u00e9s\u00e9hez. Maignan viszont felismerte, hogy P\u00e1rizsban, ha keresztbe \u00e1ll sem lesz els\u0151 sz\u00e1m\u00fa kapus, ez\u00e9rt 2015-ben a Lille 1 milli\u00f3 eur\u00f3\u00e9rt igazolta le, hogy azt\u00e1n hat \u00e9vvel k\u00e9s\u0151bb 15-sz\u00f6r\u00f6s \u00e1ron adj\u00e1k tov\u00e1bb az AC Milannak.\r\n<div class=\"payable-content-section\"><\/div>\r\nMaignan m\u00e1r az els\u0151 szezonj\u00e1ban t\u00f6k\u00e9letesen beilleszkedett, a szezon v\u00e9g\u00e9re pedig az \u00e9v kapusa lett Olaszorsz\u00e1gban. A sors ir\u00f3ni\u00e1ja, hogy a PSG \u00e9pp azt a <strong>Gianluigi Donnarumm\u00e1t<\/strong> vette meg, akinek a hely\u00e9re Maginan \u00e9rkezett, \u00e9s aki a mai napig nehezen igazodik ki P\u00e1rizsban, ha a labdakihozatalokn\u00e1l l\u00e1bbal kell a j\u00e1t\u00e9kba avatkozni.\r\n\r\n[caption id=\"attachment_8299\" align=\"alignnone\" width=\"1024\"]<img class=\"wp-image-8299 size-large\" src=\"https:\/\/sport24.24.hu\/app\/uploads\/sites\/24\/2023\/03\/mmmilan-1024x576.jpg\" alt=\"\" width=\"1024\" height=\"576\" \/> Maignan remek\u00fcl ir\u00e1ny\u00edtja a v\u00e9delmet, l\u00e1bbal is nagyon j\u00f3, \u00fagyhogy igazi f\u0151nyerem\u00e9ny volt a Milan sz\u00e1m\u00e1ra[\/caption]\r\n\r\nDonnarumm\u00e1val ellent\u00e9tben Maignan gyerekkor\u00e1ban csat\u00e1rnak tanult, emiatt \u00fcgyesen b\u00e1nik a labd\u00e1val mindk\u00e9t l\u00e1b\u00e1val. Amikor csapata h\u00e1tulr\u00f3l \u00e9p\u00edtkezik, folyamatosan mutatja mag\u00e1t a v\u00e9d\u0151inek, hogy \u0151 is megj\u00e1tszhat\u00f3 legyen. Ennek k\u00e9t el\u0151nye is van: egyr\u00e9szt ki tudj\u00e1k csalogatni az ellenfelet azzal, hogy a kapusig visszaj\u00e1r a labda, m\u00e1sr\u00e9szt Maignannal magasabban h\u00fazhatj\u00e1k meg a v\u00e9delmi vonalat, ha m\u00e1r az ellenf\u00e9l t\u00e9rfel\u00e9n j\u00e1rnak. Ahogy egy kor\u00e1bbi edz\u0151je fogalmazott:\r\n<blockquote>Az \u0151 alapvonala val\u00f3j\u00e1ban az 5 \u00e9s feles<\/blockquote>\r\nA legl\u00e1tv\u00e1nyosabb er\u00e9nyei ugyanakkor ink\u00e1bb v\u00e9d\u00e9sekn\u00e9l j\u00f6nnek ki. Maignant a 191 centis magass\u00e1ga mellett a morfol\u00f3gi\u00e1ja (alaktana) \u00e9s a dinamik\u00e1ja teszi igaz\u00e1n egyediv\u00e9. Mivel sok\u00e1ig k\u00e9pes rogy\u00e1sban maradni \u00e9s k\u00e9sleltetni az elrugaszkod\u00e1s\u00e1t, nem dobja el mag\u00e1t t\u00fal hamar. Amikor viszont ugrik, akkor robban. A testtart\u00e1sa olykor agressz\u00edv, ami tizenegyesp\u00e1rbajokban kimondottan j\u00f3l j\u00f6n: szinte belem\u00e1szik az ellenfele fej\u00e9be, ahogy tette azt legut\u00f3bb is Depay ellen.\r\n\r\n\u201eAz edz\u00e9sein bevezett\u00fcnk olyan tr\u00fckk\u00f6ket, hogy amikor egy tizenegyesr\u00fag\u00e1sn\u00e1l az ellenf\u00e9l nekifut a labd\u00e1nak, addig \u0151 \u00f6kl\u00f6zz\u00f6n a keszty\u0171j\u00e9be, vagy \u00e9rintse meg a fels\u0151 l\u00e9cet\u201d \u2013 mondta r\u00f3la <strong>Alfred Doussou<\/strong>, egy kor\u00e1bbi edz\u0151je, utalva arra, hogy Maignan tudatosan t\u00f6rekedett arra, hogy m\u00e9g t\u00f6bb pszichol\u00f3giai tr\u00fckk\u00f6t elsaj\u00e1t\u00edtson. Edz\u0151i szerint j\u00f3 megfigyel\u0151 \u00e9s szereti kiismerni ellenfeleit, hogy a l\u00e1bfej\u00fck mely r\u00e9sz\u00e9vel \u00e9s milyen z\u00f3n\u00e1kb\u00f3l r\u00fagj\u00e1k a labd\u00e1t. Szerint\u00fck Maignan mindent megjegyez \u00e9s az agya j\u00f3kor k\u00f6pi ki, milyen d\u00f6nt\u00e9st hozzon.\r\n\r\n<span class=\"highlight-block-small\">Az egyetlen gyenge pontja, hogy s\u00e9r\u00fcl\u00e9keny.<\/span>\r\n\r\n2015-16-ban egy v\u00e1ll- \u00e9s egy csukl\u00f3s\u00e9r\u00fcl\u00e9s h\u00e1tr\u00e1ltatta hetekig, tavaly pedig 9 meccset kellett kihagynia. Legut\u00f3bb a v\u00e1dlija akad\u00e1lyozta meg abban, hogy kimehessen Katarba megv\u00e1laszolni az ut\u00f3bbi id\u0151k leghangzatosabb k\u00f6lt\u0151i k\u00e9rd\u00e9s\u00e9t.\r\n\r\nMaignanban tal\u00e1n az a legsaj\u00e1tosabb, hogy a mentalit\u00e1sa ac\u00e9lb\u00f3l van. Egy Los Angeles-i edz\u0151t\u00e1bor\u00e1ban az egyik napja \u00edgy n\u00e9zett ki: hajnal 5-kor kel\u00e9s, fut\u00f3edz\u00e9s, fizikai felk\u00e9sz\u00edt\u0151 foglalkoz\u00e1s 9-t\u0151l, technikai gyakorlatok 13-t\u00f3l, 17 \u00f3r\u00e1t\u00f3l pedig egy laza levezet\u0151 boxedz\u00e9s. Amikor <strong>Luis Campos<\/strong> szakmai vezet\u0151k\u00e9nt meg\u00e9rkezett Lille-be, Maignan \u00e1ll\u00edt\u00f3lag egy komplett list\u00e1t adott le neki arr\u00f3l, mi\u00e9rt nem el\u00e9gedett a kit\u0171z\u00f6tt edz\u00e9stervvel. Campos ezut\u00e1n \u00faj kapusedz\u0151t hozott a klubhoz. A lista m\u00f6g\u00f6tt \u00e1ll\u00edt\u00f3lag semmif\u00e9le szem\u00e9lyi kifog\u00e1s nem volt, egyszer\u0171en csak nem tetszett neki a met\u00f3dus.\r\n<blockquote>Bajnok mentalit\u00e1sa van. Hasonl\u00edt <strong>Zlatannal<\/strong> abban, hogy minden nap a legjobb akar lenni<\/blockquote>\r\n\u2013 mondta r\u00f3la kor\u00e1bbi nevel\u0151edz\u0151je. Maignan kedvenc j\u00e1t\u00e9kosa valamilyen megmagyar\u00e1zhatatlan okb\u00f3l <strong>Steven Gerrard<\/strong>. \u201eNem \u00e9rtj\u00fck mi sem, mi\u00e9rt, de amikor szabadr\u00fag\u00e1sversenyeket rendez\u00fcnk, \u0151 mindig Gerrardnak gondolja mag\u00e1t\u201d \u2013 mondt\u00e1k kor\u00e1bbi csapatt\u00e1rsai. A p\u00e1rhuzamot tal\u00e1n meg lehet \u00e9rteni. Game recognizes game, ahogy mondja az angol: egy profi, \u00e9lelmes, munkam\u00e1ni\u00e1s \u00e9s szemf\u00fcles kapus felismeri, ha valakiben megtal\u00e1lhat\u00f3k ugyanezek az er\u00e9nyek.\r\n\r\nA nagy francia kapusokban van valami k\u00f6z\u00f6s: ha olykor elt\u0171ntek a sz\u00fcrke h\u00e9tk\u00f6znapokban, a nagy torn\u00e1kon k\u00e9pesek voltak feln\u0151ni az alkalomhoz. Mike Maignannal m\u00e1r a sz\u00fcrke h\u00e9tk\u00f6znapok is kicsit sz\u00ednesebbek lettek. Mi lesz \u00edgy a torn\u00e1kon?","type":"rich","thumbnail_url":"https:\/\/s.24.hu\/app\/uploads\/sites\/24\/2023\/03\/043_kmsp_000932_0230-150x150.jpg","thumbnail_width":150,"thumbnail_height":150}