{"version":"1.0","provider_name":"Sport24","provider_url":"https:\/\/sport24.24.hu","author_name":"Bruckner G\u00e1bor","author_url":"https:\/\/sport24.24.hu\/author\/brucknerg\/","title":"Csodaf\u00e9lid\u0151 \u00e9s zseni\u00e1lis Szoboszlai: hogyan gy\u0151zte le sim\u00e1n a bolg\u00e1rokat a magyar v\u00e1logatott?","html":"A k\u00e9t v\u00e1logatott ellent\u00e9tesen \u00e9lte meg az elm\u00falt n\u00e9h\u00e1ny napot. A mieink az \u00c9sztorsz\u00e1g elleni, gy\u0151ztes felk\u00e9sz\u00fcl\u00e9si m\u00e9rk\u0151z\u00e9ssel hangoltak a sorozat nyit\u00e1ny\u00e1ra, a bolg\u00e1r egy\u00fcttes azonban m\u00e1r a m\u00falt p\u00e9nteken lej\u00e1tszotta els\u0151 m\u00e9rk\u0151z\u00e9s\u00e9t a csoportban: hazai p\u00e1ly\u00e1n 1-0-s veres\u00e9get szenvedett a montenegr\u00f3iakt\u00f3l.\u00a0 <strong>Mladen Krstajic<\/strong> csapata azon a tal\u00e1lkoz\u00f3n sokkal t\u00f6bbet birtokolta a labd\u00e1t ellenfel\u00e9n\u00e9l, m\u00e9gsem tudott elegend\u0151 vesz\u00e9lyt jelenteni a kapura, a hajr\u00e1ban pedig egy kontrat\u00e1mad\u00e1sb\u00f3l a vend\u00e9gek szerezt\u00e9k meg a gy\u0151ztes g\u00f3lt.\r\n\r\nA magyar v\u00e1logatott kezd\u0151csapata gyakorlatilag teljesen megfelelt az el\u0151zetes v\u00e1rakoz\u00e1soknak, <strong>Marco Rossi<\/strong> mind\u00f6ssze egy helyen v\u00e1ltoztatott a cs\u00fct\u00f6rt\u00f6ki, \u00c9sztorsz\u00e1g elleni kezd\u0151csapaton. <strong>Dibusz<\/strong> el\u0151tt<strong> Lang, Orb\u00e1n<\/strong> \u00e9s <strong>Szalai Attila<\/strong> maradt a h\u00e1rom bels\u0151 v\u00e9d\u0151, a sz\u00e9leket pedig ism\u00e9t <strong>Bolla Bendeg\u00faz<\/strong> \u00e9s <strong>Kerkez Milos j<\/strong>\u00e1tszotta be. Az egyetlen v\u00e1ltoz\u00e1s a k\u00f6z\u00e9pp\u00e1lya k\u00f6zep\u00e9n volt: <strong>Nagy \u00c1d\u00e1m<\/strong> visszaker\u00fclt a csapatba. <strong>V\u00e9csei B\u00e1lin<\/strong>t ism\u00e9t kezdett, el\u00f6l pedig <strong>\u00c1d\u00e1m Martin<\/strong> m\u00f6g\u00f6tt megint <strong>Szoboszlai Domini<\/strong>k \u00e9s <strong>Sallai Roland<\/strong> kapott lehet\u0151s\u00e9get.\r\n\r\nA bolg\u00e1rok a magyar v\u00e1logatotthoz hasonl\u00f3an h\u00e1rom bels\u0151 v\u00e9d\u0151vel \u00e1lltak fel. <strong>Naumov<\/strong> kapus el\u0151tt <strong>Markov, Antov<\/strong> \u00e9s <strong>Galabov<\/strong> j\u00e1tszott, a sz\u00e9leken pedig <strong>Petkov<\/strong> \u00e9s <strong>Sztojanov<\/strong> kapott szerepet. A k\u00f6z\u00e9pp\u00e1ly\u00e1n a Werder Bremen j\u00e1t\u00e9kosa, <strong>Ilia Gruev<\/strong> mellett a kisv\u00e1rdai <strong>Karabelyov<\/strong>, valamint <strong>Nikola Iliev<\/strong> ker\u00fclt a kezd\u0151csapatba. El\u00f6l <strong>Spas Deleven<\/strong> k\u00edv\u00fcl <strong>Kirill Despodovot<\/strong> l\u00e1thattuk; \u0151 a bolg\u00e1r v\u00e1logatott piacilag leg\u00e9rt\u00e9kesebb j\u00e1t\u00e9kosa.\r\n\r\n<span class=\"highlight-block\">A m\u00e9rk\u0151z\u00e9s \u00e1lomszer\u0171en kezd\u0151d\u00f6tt <\/span>\r\n\r\na magyar csapat sz\u00e1m\u00e1ra: m\u00e1r a 7. percben, az els\u0151 helyzetb\u0151l siker\u00fclt megszerezni a vezet\u00e9st. Az \u00e9sztek elleni m\u00e9rk\u0151z\u00e9shez hasonl\u00f3an ez\u00fattal is egy r\u00f6gz\u00edtett szitu\u00e1ci\u00f3 vezetett eredm\u00e9nyre. L\u00e1tv\u00e1nyos volt, hogy a bolg\u00e1rok mennyire \u00fcresen hagyt\u00e1k Szoboszlait, akire az eg\u00e9sz figura ki volt hegyezve. Ekkor m\u00e9g nem is tudtuk, hogy a magyar v\u00e1logatott t\u00edzese \u00e9lete egyik legjobb produkci\u00f3j\u00e1t ny\u00fajtja majd c\u00edmeres mezben.\r\n\r\n<img class=\"alignnone size-full wp-image-8267\" src=\"https:\/\/sport24.24.hu\/app\/uploads\/sites\/24\/2023\/03\/hunbul1.png\" alt=\"\" width=\"1280\" height=\"720\" \/>\r\n\r\n<img class=\"alignnone size-full wp-image-8268\" src=\"https:\/\/sport24.24.hu\/app\/uploads\/sites\/24\/2023\/03\/hunbul2.png\" alt=\"\" width=\"1280\" height=\"720\" \/>\r\n\r\n<em>Sallai k\u00f6zvetlen\u00fcl Szoboszlaihoz passzolja a sz\u00f6gletet, akire k\u00e9t bolg\u00e1r j\u00e1t\u00e9kos t\u00e1mad ki. Szoboszlai egy csellel mindkettej\u00fcket otthagyja, majd bet\u00f6r a megny\u00edl\u00f3 ter\u00fcletbe. Egy harmadik bolg\u00e1r j\u00e1t\u00e9kost is becsap, visszagur\u00edt Sallainak, aki kapura l\u0151. A kipattan\u00f3ba t\u00f6bben is bele\u00e9rnek, v\u00e9g\u00fcl V\u00e9csei szerzi meg a vezet\u00e9st.<\/em>\r\n\r\nA korai vezet\u0151 g\u00f3l alapjaiban v\u00e1ltoztatta meg a meccs forgat\u00f3k\u00f6nyv\u00e9t, de szerencs\u00e9re olyan ir\u00e1nyba, amely a Rossi-korszak legjobb els\u0151 f\u00e9lid\u0151j\u00e9t eredm\u00e9nyezte. A magyarok ugyanis az el\u0151ny tudat\u00e1ban nem kezdt\u00e9k el az eredm\u00e9nyt \u0151rizni, nem v\u00e1ltottak \u00e1t a labda passz\u00edv birtokl\u00e1s\u00e1ra, \u00e9s a v\u00e9dekez\u00e9st sem h\u00fazt\u00e1k azonnal h\u00e1tr\u00e9bb.\r\n\r\nEllenkez\u0151leg: a f\u00e9lp\u00e1ly\u00e1n megkezdett v\u00e9dekez\u00e9sb\u0151l meglepet\u00e9sszer\u0171en t\u00e1madott ki a csapat a bolg\u00e1rokra, s ezzel els\u0151 k\u00f6rben\r\n\r\n<span class=\"highlight-block\">siker\u00fclt a bolg\u00e1r t\u00e1mad\u00f3j\u00e1t\u00e9kot gyakorlatilag null\u00e1ra reduk\u00e1lni. <\/span>\r\n\r\nRossi csapata most is a j\u00f3l ismert 5-2-3-as v\u00e9dekez\u00e9si form\u00e1ci\u00f3t vette fel, \u00e9s a megfelel\u0151 jelekre \u2013 p\u00e9ld\u00e1ul az ellenf\u00e9l labdakezel\u00e9si hib\u00e1j\u00e1ra, vagy a hosszabb h\u00e1ts\u00f3 labdaj\u00e1rat\u00e1sra \u2013 az el\u00fcls\u0151 h\u00e1rmas, Szoboszlai, Sallai \u00e9s \u00c1d\u00e1m Martin megind\u00edtotta a let\u00e1mad\u00e1st. A bolg\u00e1rok labdabirtokl\u00e1sban viszonylag j\u00f3l k\u00f6r\u00fclhat\u00e1rolt, 3-1-6-os alakzatot vettek fel, amelyben a k\u00e9t bels\u0151 k\u00f6z\u00e9pp\u00e1ly\u00e1s kifejezetten magasan, a vonalak k\u00f6z\u00f6tt helyezkedett. Ez a fel\u00e1ll\u00e1s elm\u00e9letileg igen t\u00e1mad\u00f3 szellem\u0171, hiszen nem kevesebb, mint n\u00e9gy j\u00e1t\u00e9kos v\u00e1rja a labd\u00e1t a k\u00f6z\u00e9ps\u0151 z\u00f3n\u00e1ban, ugyanakkor a h\u00e1tuls\u00f3 n\u00e9gy \u00e9s az el\u00fcls\u0151 hat j\u00e1t\u00e9kos viszonylag \u00e9lesen elszakad egym\u00e1st\u00f3l. Ebb\u0151l m\u00e1r Montenegr\u00f3 ellen is probl\u00e9m\u00e1ja ad\u00f3dott a bolg\u00e1r v\u00e1logatottnak, hiszen \u00edgy teljes m\u00e9rt\u00e9kben a labd\u00e1val kev\u00e9sb\u00e9 magabiztos bels\u0151 v\u00e9d\u0151knek kellett h\u00e1tulr\u00f3l szervezni\u00fck a j\u00e1t\u00e9kot. A k\u00f6z\u00e9ps\u0151 blokkban v\u00e9dekez\u0151 montenegr\u00f3iak nem engedt\u00e9k, hogy a bolg\u00e1rok az ellenf\u00e9l v\u00e9d\u0151vonalai k\u00f6z\u00e9 juttass\u00e1k a labd\u00e1t, ez\u00e9rt a bels\u0151 v\u00e9d\u0151k legt\u00f6bbsz\u00f6r csak a k\u00e9t sz\u00e1rnyv\u00e9d\u0151 fel\u00e9 tudt\u00e1k folytatni a j\u00e1t\u00e9kot. A magyar csapat azonban nem csup\u00e1n passz\u00edvan akad\u00e1lyozta meg a bolg\u00e1r t\u00e1mad\u00e1sokat, hanem a h\u00e1tuls\u00f3 n\u00e9gyesre kit\u00e1madva gyakran siker\u00fclt \u00edvel\u00e9sre, vagy elhamarkodott m\u00e9lys\u00e9gi passzra k\u00e9nyszer\u00edteni az ellenfelet. A h\u00e1rom bels\u0151 v\u00e9d\u0151 \u00e9s a k\u00e9t sz\u0171r\u0151 k\u00f6z\u00e9pp\u00e1ly\u00e1s pedig lehet\u0151v\u00e9 tette, hogy a falb\u00f3l b\u00e1tran kil\u00e9pve, mindig legyen magyar j\u00e1t\u00e9kos, aki elhal\u00e1ssza a labd\u00e1t a riv\u00e1lis el\u0151l. A dinamikus labdaszerz\u00e9sek azonnali, lend\u00fcletes t\u00e1mad\u00e1sok lehet\u0151s\u00e9g\u00e9vel kecsegtettek.\r\n<div class=\"payable-content-section\"><\/div>\r\n<img class=\"alignnone size-full wp-image-8269\" src=\"https:\/\/sport24.24.hu\/app\/uploads\/sites\/24\/2023\/03\/hunbul3.png\" alt=\"\" width=\"1280\" height=\"720\" \/>\r\n\r\n<em>A magyar v\u00e1logatott itt m\u00e9g 5-2-3-as k\u00f6z\u00e9ps\u0151 blokkban v\u00e9dekezik, de Sallai m\u00e1r tudja, hogy a bolg\u00e1r v\u00e9d\u0151 oldalra fog passzolni, \u00e9s \u0151 ind\u00edtja a let\u00e1mad\u00e1st. \u00c9rdemes megfigyelni, hogy a h\u00e1rom bolg\u00e1r k\u00f6z\u00e9pp\u00e1ly\u00e1sb\u00f3l egy sem j\u00e1tszhat\u00f3 meg.<\/em>\r\n\r\n<img class=\"alignnone size-full wp-image-8270\" src=\"https:\/\/sport24.24.hu\/app\/uploads\/sites\/24\/2023\/03\/hunbul4.png\" alt=\"\" width=\"1280\" height=\"720\" \/>\r\n\r\n<em>A magyarok meglepet\u00e9sszer\u0171en kit\u00e1madnak a k\u00f6z\u00e9pmagas blokkb\u00f3l. Az el\u00fcls\u0151 h\u00e1rmas a bels\u0151 v\u00e9d\u0151ket t\u00e1madja, Bolla a sz\u00e1rnyv\u00e9d\u0151t fogja, Nagy \u00c1d\u00e1m pedig lef\u00fcleli a passzt. A labdaszerz\u00e9sb\u0151l azonnal kontr\u00e1zhat a hazai csapat, a jelenet \u00c1d\u00e1m l\u00f6v\u00e9s\u00e9vel z\u00e1rul.<\/em>\r\n\r\nA m\u00e9rk\u0151z\u00e9s m\u00e1sik kulcspontja az volt, hogy v\u00e9dekez\u00e9sben a bolg\u00e1r v\u00e1logatott a gyorsan bekapott g\u00f3l ut\u00e1n sem v\u00e1ltott \u00e1t igaz\u00e1n agressz\u00edv let\u00e1mad\u00e1sra. A feh\u00e9rmezesek \u00e1ltal\u00e1ban hagyt\u00e1k, hogy a mienk megkezdj\u00e9k a h\u00e1tulr\u00f3l t\u00f6rt\u00e9n\u0151 \u00e9p\u00edtkez\u00e9st, \u00e1m ebb\u0151l ritk\u00e1n kezdt\u00e9k el visszafel\u00e9 tolni a magyar t\u00e1mad\u00e1s\u00e9p\u00edt\u00e9seket. \u00cdgy ellenfel\u00fcnknek azt sem siker\u00fclt kihaszn\u00e1lnia, hogy a <strong>Gul\u00e1csi P\u00e9ter<\/strong> hi\u00e1ny\u00e1ban \u201eel\u0151l\u00e9ptetett\u201d Dibusz D\u00e9nes passzj\u00e1t\u00e9kban kev\u00e9sb\u00e9 magabiztos, mint lipcsei koll\u00e9g\u00e1ja.\r\n\r\n<img class=\"alignnone size-full wp-image-8271\" src=\"https:\/\/sport24.24.hu\/app\/uploads\/sites\/24\/2023\/03\/hunbul9.png\" alt=\"\" width=\"1280\" height=\"720\" \/>\r\n\r\n<img class=\"alignnone size-full wp-image-8272\" src=\"https:\/\/sport24.24.hu\/app\/uploads\/sites\/24\/2023\/03\/hunbul10.png\" alt=\"\" width=\"1280\" height=\"720\" \/>\r\n\r\n<em>A magyar egy\u00fcttes n\u00e9gy v\u00e9d\u0151re \u00e1ll \u00e1t a labdakihozatal kezdet\u00e9n, \u00e9s kicsalogatja a bolg\u00e1rokat.<\/em>\r\n\r\nA sikeres labdakihozatalokhoz persze az is hozz\u00e1j\u00e1rult, hogy a magyarok \u2013 a bolg\u00e1rokban ellent\u00e9tben \u2013 nem szakadtak kett\u00e9 szerkezetileg a labdabirtokl\u00e1s f\u00e1zis\u00e1ban. Amint azt a kor\u00e1bbi m\u00e9rk\u0151z\u00e9seken is megszokhattuk, Rossi csapata ez\u00fattal is rugalmas szerkezetben, t\u00f6bbf\u00e9le mozg\u00e1ssal alak\u00edtott ki szabad passzopci\u00f3t az \u00e9p\u00edtkez\u00e9s els\u0151 f\u00e1zis\u00e1ban. A leggyakoribb megold\u00e1s most is az volt, hogy a Nagy, V\u00e9csei kett\u0151s egyike negyedik v\u00e9d\u0151nek l\u00e9pett vissza a legh\u00e1ts\u00f3 vonalba, a m\u00e1sikuk klasszikus \u201ehatos\u201d poz\u00edci\u00f3ban maradt, m\u00edg a k\u00e9t bels\u0151 t\u00e1mad\u00f3 egyike \u2013 \u00e1ltal\u00e1ban Szoboszlai \u2013 szint\u00e9n visszaseg\u00edtett a labdakihozatalokhoz a k\u00f6z\u00e9ps\u0151 \u00e9s k\u00fcls\u0151 folyos\u00f3kon egyar\u00e1nt mozogva. Az is el\u0151fordult, hogy a magyar v\u00e1logatott meg\u0151rizte az eredeti fel\u00e1ll\u00e1st, ilyenkor a h\u00e1rom bels\u0151 v\u00e9d\u0151 a j\u00e1t\u00e9k forgat\u00e1s\u00e1\u00e9rt, V\u00e9csei \u00e9s Nagy \u00c1d\u00e1m pedig a bolg\u00e1rok kicsalogat\u00e1s\u00e1\u00e9rt felelt.\r\n\r\n<img class=\"alignnone size-full wp-image-8274\" src=\"https:\/\/sport24.24.hu\/app\/uploads\/sites\/24\/2023\/03\/hunbul7.png\" alt=\"\" width=\"1280\" height=\"720\" \/>\r\n\r\n<img class=\"alignnone size-full wp-image-8275\" src=\"https:\/\/sport24.24.hu\/app\/uploads\/sites\/24\/2023\/03\/hunbul8.png\" alt=\"\" width=\"1280\" height=\"720\" \/>\r\n\r\n<em>A magyar v\u00e1logatott k\u00f6z\u00e9pen csalogatja ki a bolg\u00e1rokat, Sallai visszal\u00e9p Nagy \u00c1d\u00e1m mell\u00e9 a k\u00f6z\u00e9pp\u00e1ly\u00e1ra. Szoboszlai szabadon kaphat labd\u00e1t a vonalak k\u00f6z\u00f6tt.<\/em>\r\n\r\nA gyors vezet\u0151 g\u00f3l ut\u00e1n a h\u00e1zigazda m\u00e9g ink\u00e1bb felb\u00e1torodott, ideg\u0151rl\u0151 m\u00f3don j\u00e1ratta a labd\u00e1t, kicsalogatva a csak \u00edmmel-\u00e1mmal let\u00e1mad\u00f3 bolg\u00e1rokat. Az \u00edgy megny\u00edl\u00f3 el\u00fcls\u0151 ter\u00fcleteken az \u00f6t t\u00e1mad\u00f3 j\u00e1t\u00e9kos rugalmasan futballozott. A sz\u00e1rnyv\u00e9d\u0151k \u00e9s a sz\u00e9ls\u0151 t\u00e1mad\u00f3k gyakran helyet cser\u00e9lhettek egym\u00e1ssal, Sallai \u00e9s Szoboszlai pedig egyar\u00e1nt felt\u0171nt a p\u00e1lya mindk\u00e9t oldal\u00e1n.\r\n\r\nK\u00fcl\u00f6n\u00f6sen a jobbsz\u00e1rnyunk \u2013 Bolla \u00e9s Szoboszlai \u2013 volt elem\u00e9ben. Megnyugtat\u00f3 volt l\u00e1tni, hogy az \u00e9sztek elleni tal\u00e1lkoz\u00f3val ellent\u00e9tben a mieink j\u00e1t\u00e9ka az ellenf\u00e9l t\u00e9rfel\u00e9n sem lassult le: dinamikus, gyors futballal siker\u00fclt a bolg\u00e1r v\u00e9delmi vonal m\u00f6g\u00e9 ker\u00fclni. Rossi ki is emelte a m\u00e9rk\u0151z\u00e9s ut\u00e1n, hogy mennyire hat\u00e9konyan siker\u00fclt t\u00falterhelni a p\u00e1lya sz\u00e9leit.\r\n\r\n<img class=\"alignnone size-full wp-image-8276\" src=\"https:\/\/sport24.24.hu\/app\/uploads\/sites\/24\/2023\/03\/hunbul5.png\" alt=\"\" width=\"1280\" height=\"720\" \/>\r\n\r\n<em>V\u00e9csei a balh\u00e1tv\u00e9d poz\u00edci\u00f3j\u00e1ba mozog, a h\u00e1rom bels\u0151 v\u00e9d\u0151 tol\u00f3dik, Lang Szoboszlaihoz passzol.<\/em>\r\n\r\n<img class=\"alignnone size-full wp-image-8277\" src=\"https:\/\/sport24.24.hu\/app\/uploads\/sites\/24\/2023\/03\/hunbul6.png\" alt=\"\" width=\"1280\" height=\"720\" \/>\r\n\r\n<em>Dupla k\u00e9nyszer\u00edt\u0151 Bolla \u00e9s Szoboszlai k\u00f6z\u00f6tt, majd ut\u00f3bbi visszagur\u00edt el\u0151bbihez, aki kapura l\u0151.<\/em>\r\n\r\nT\u00falz\u00e1s n\u00e9lk\u00fcl:\r\n\r\n<span class=\"highlight-block\">Szoboszlai Dominik vil\u00e1gklasszis teljes\u00edtm\u00e9nyt ny\u00fajtott, <\/span>\r\n\r\naz ellenf\u00e9l v\u00e9d\u0151vonalai k\u00f6z\u00f6tt b\u00e1tran \u00e9s kreat\u00edvan futballozott, egy az egyben pedig b\u00e1rmelyik bolg\u00e1r v\u00e9d\u0151t levette a p\u00e1ly\u00e1r\u00f3l. Legfontosabb mezmozdul\u00e1sa m\u00e9gis az a fantasztikus szabadr\u00fag\u00e1s volt, amellyel a magyar v\u00e1logatott mind\u00f6ssze 25 perc j\u00e1t\u00e9k ut\u00e1n k\u00e9tg\u00f3los el\u0151nybe ker\u00fclt. Szoboszlai statisztik\u00e1i is \u00f6nmaguk\u00e9rt besz\u00e9lnek: a Fotmob m\u00e9r\u00e9se szerint t\u00edz cselk\u00eds\u00e9rlet\u00e9b\u0151l nyolc sikeres volt, tov\u00e1bb\u00e1 a magyar csapatb\u00f3l 0,34-gyel \u0151 hozta \u00f6ssze a legmagasabb xA (v\u00e1rhat\u00f3 g\u00f3lpassz, amelyb\u0151l xG-s l\u00f6v\u00e9s sz\u00fcletik) mutat\u00f3t. Egy\u00e9bir\u00e1nt a m\u00e9rk\u0151z\u00e9sen \u00f6sszesen 90 labda\u00e9rint\u00e9se volt, ami Szalai Attila (122) m\u00f6g\u00f6tt a m\u00e1sodik legmagasabb sz\u00e1m. Ez is j\u00f3l mutatja, mennyire kulcsfigura volt a t\u00e1mad\u00e1s minden f\u00e1zis\u00e1ban.\r\n\r\nB\u00e1r a magyar csapat a m\u00e1sodik g\u00f3l ut\u00e1n is akt\u00edvan j\u00e1tszott, a bolg\u00e1rok ekkor m\u00e1r \u00e9rezhet\u0151en agressz\u00edvabban t\u00e1madt\u00e1k le a mieink labdakihozatalait. Az agresszivit\u00e1s azonban nem p\u00e1rosult pontoss\u00e1ggal, szervezetts\u00e9ggel: Delev \u00e9s Despodov mozg\u00e1s\u00e1t nemigen k\u00f6vett\u00e9k a csapatt\u00e1rsaik. \u00cdgy a bolg\u00e1rok hi\u00e1ba t\u00e1madt\u00e1k meg egyre t\u00f6bbsz\u00f6r Dibuszt, egy fel\u00edvel\u00e9s ut\u00e1n ism\u00e9t siker\u00fclt a bolg\u00e1rok m\u00f6g\u00e9 ker\u00fclni \u2013 \u00c1d\u00e1m Martin pedig t\u00e9tmeccsen is megszerezte els\u0151 g\u00f3lj\u00e1t, m\u00e9g az els\u0151 f\u00e9lid\u0151 befejez\u00e9se el\u0151tt!\r\n\r\n<img class=\"alignnone size-full wp-image-8278\" src=\"https:\/\/sport24.24.hu\/app\/uploads\/sites\/24\/2023\/03\/hunbul11.png\" alt=\"\" width=\"1280\" height=\"720\" \/>\r\n\r\n<img class=\"alignnone size-full wp-image-8279\" src=\"https:\/\/sport24.24.hu\/app\/uploads\/sites\/24\/2023\/03\/hunbul12.png\" alt=\"\" width=\"1280\" height=\"720\" \/>\r\n\r\n<img class=\"alignnone size-full wp-image-8280\" src=\"https:\/\/sport24.24.hu\/app\/uploads\/sites\/24\/2023\/03\/hunbul13.png\" alt=\"\" width=\"1280\" height=\"720\" \/>\r\n\r\n<em>Delev megt\u00e1madja Dibuszt, de a csapatt\u00e1rsai nem igaz\u00e1n k\u00f6vetik \u0151t. A fel\u00edvelt labd\u00e1t Szoboszlai hatalmas \u00fcres ter\u00fcletben veheti \u00e1t. Egy bolg\u00e1rt becsap, majd Boll\u00e1t ind\u00edtja, aki \u00c1d\u00e1m Martinnal r\u00fagat g\u00f3lt.<\/em>\r\n\r\nA m\u00e1sodik f\u00e9lid\u0151 ism\u00e9t magyar t\u0171zij\u00e1t\u00e9kkal \u00e9s k\u00e9t Sallai-l\u00f6v\u00e9ssel indult. A magyar v\u00e1logatott ezt k\u00f6vet\u0151en lejjebb tekerte a potm\u00e9tert, \u00e9s nyugodtan \u0151rizte a h\u00e1romg\u00f3los el\u0151nyt. Lassan j\u00f6ttek a cser\u00e9k is, a paksi Varga Barnab\u00e1s behozatal\u00e1val Rossi \u00fajoncot avatott, a t\u00f6bb helyen megv\u00e1ltoztatott csapat pedig m\u00e1r nem az els\u0151 f\u00e9lid\u0151ben l\u00e1tott \u00e1lomfutballt mutatta. Az egy\u00fcttes m\u00e1r passz\u00edvabban v\u00e9dekezett, \u00e1m kompaktan lez\u00e1rta a bolg\u00e1rok pr\u00f3b\u00e1lkoz\u00e1sait, akik \u00edgy ism\u00e9t a Montenegr\u00f3 ellen l\u00e1tott probl\u00e9m\u00e1kkal szembes\u00fcltek.\r\n\r\n<img class=\"alignnone size-full wp-image-8281\" src=\"https:\/\/sport24.24.hu\/app\/uploads\/sites\/24\/2023\/03\/hunbul14.png\" alt=\"\" width=\"1280\" height=\"720\" \/>\r\n\r\n<em>A bolg\u00e1r v\u00e1logatott 3-1-6-ban \u00e9p\u00edtkezik, de a hat el\u00fcls\u0151 j\u00e1t\u00e9kos t\u00fal t\u00e1vol van. Csoboth megt\u00e1madja a labd\u00e1t kap\u00f3 bels\u0151 v\u00e9d\u0151t, aki \u00edvel\u00e9sre k\u00e9nyszer\u00fcl.<\/em>\r\n\r\nA m\u00e1sodik f\u00e9lid\u0151 alakul\u00e1s\u00e1t j\u00f3l mutatja, hogy a m\u00e9rk\u0151z\u00e9sen \u00f6sszehozott 2,34-es xG-mutat\u00f3b\u00f3l az utols\u00f3 f\u00e9l\u00f3r\u00e1ban a magyar csapat mind\u00f6ssze 0,07-et produk\u00e1lt. Agg\u00f3dni persze ekkor sem kellett: a vend\u00e9geknek a m\u00e9rk\u0151z\u00e9sen \u00f6sszesen 0,4 volt az xG-j\u00fck, \u00e9s ebben a tekintetben m\u00e9g a m\u00e1sodik f\u00e9lid\u0151ben sem tudtak a mieink f\u00f6l\u00e9 kerekedni.\r\n\r\n<img class=\"alignnone size-full wp-image-8282\" src=\"https:\/\/sport24.24.hu\/app\/uploads\/sites\/24\/2023\/03\/hunbul15.png\" alt=\"\" width=\"730\" height=\"949\" \/>\r\n\r\nA magyar v\u00e1logatott teh\u00e1t a csoport egyik favoritj\u00e1hoz m\u00e9lt\u00f3 m\u00f3don, a v\u00e1rtn\u00e1l sokkal sim\u00e1bb gy\u0151zelemmel kezdte az Eb-selejtez\u0151ket. J\u00f3 k\u00e9rd\u00e9s persze, hogy a korai vezet\u0151 g\u00f3l \u00e9s Szoboszlai zseni\u00e1lis szabadr\u00fag\u00e1sa n\u00e9lk\u00fcl is ennyire sim\u00e1n alakult-e volna a m\u00e9rk\u0151z\u00e9s, hiszen ne feledj\u00fck: a h\u00e1romb\u00f3l csak egy g\u00f3l sz\u00fcletett klasszikus akci\u00f3b\u00f3l. Ez azonban az \u00e9gvil\u00e1gon semmit nem von le a mieink teljes\u00edtm\u00e9ny\u00e9b\u0151l, k\u00fcl\u00f6n\u00f6sen az els\u0151 f\u00e9lidei lehengerl\u0151 j\u00e1t\u00e9kb\u00f3l. Marco Rossi csapata ugyanis a gyors el\u0151ny tudat\u00e1ban sem vett vissza a t\u00e1mad\u00e1sokb\u00f3l, ellenkez\u0151leg: a vezet\u0151 g\u00f3l tov\u00e1bb n\u00f6velte a j\u00e1t\u00e9kosok \u00f6nbizalm\u00e1t, ami kifejezetten l\u00e1tv\u00e1nyos akci\u00f3khoz vezetett. A magyar csapat egy\u00e9bk\u00e9nt legut\u00f3bb majdnem t\u00edz \u00e9vvel ezel\u0151tt, 2013 szeptember\u00e9ben szerzett h\u00e1romg\u00f3los el\u0151nyt az els\u0151 f\u00e9lid\u0151ben, akkor \u00c9sztorsz\u00e1got siker\u00fclt 5-1-re legy\u0151zni.\r\n\r\n<span class=\"highlight-block-small\">A kiv\u00e1l\u00f3 kezd\u00e9s rem\u00e9lhet\u0151leg nagy l\u00f6k\u00e9st ad a csapatnak a sorozat eg\u00e9sz\u00e9re n\u00e9zve, \u00e9s ez\u00fattal \u2013 az es\u00e9llyel \u00e9lve \u2013 m\u00e1r egyenes \u00e1gon is siker\u00fcl kijutni az Eur\u00f3pa-bajnoks\u00e1gra.<\/span>\r\n\r\nFolytat\u00e1s j\u00fanius k\u00f6zep\u00e9n, el\u0151bb Montenegr\u00f3, majd Litv\u00e1nia ellen.\r\n\r\n[prefabricated_shortcode in_app=\"0\" code=\"%3Cdiv%20class%3D%22article_box_border%22%20style%3D%22background%3A%20url%28%27https%3A%2F%2F24.p3k.hu%2Fapp%2Fuploads%2Fsites%2F24%2F2021%2F05%2Fsport24-pattern.png%27%29%20no-repeat%20left%20-16px%20%23f3f3f4%3B%20border%3A%20none%3B%22%3E%0D%0A%3Cdiv%20class%3D%22article_solidheader%22%3E%0D%0A%3Ch2%20style%3D%22color%3A%20%23111115%21important%3B%20font-size%3A%2036px%3B%20font-weight%3A%20bold%3B%20margin-bottom%3A%2030px%3B%20margin-top%3A%2020px%3B%20text-align%3A%20center%3B%20line-height%3A%2036px%3B%22%3E%3Cimg%20class%3D%22aligncenter%20size-full%20wp-image-141%22%20src%3D%22https%3A%2F%2F24.p3k.hu%2Fapp%2Fuploads%2Fsites%2F24%2F2021%2F05%2Fs24-logo-dt.png%22%20alt%3D%22%22%20width%3D%22408%22%20height%3D%2290%22%20%2F%3E%3C%2Fh2%3E%0D%0A%3Ch2%20style%3D%22color%3A%20%23111115%21important%3B%20font-size%3A%2036px%3B%20font-weight%3A%20bold%3B%20margin-bottom%3A%2030px%3B%20margin-top%3A%2020px%3B%20text-align%3A%20center%3B%20line-height%3A%2040px%3B%22%3ECsatlakozz%20a%20Sport24%20k%C3%B6z%C3%B6ss%C3%A9ghez%2C%20mondd%20el%20v%C3%A9lem%C3%A9nyedet%20z%C3%A1rt%20Facebook-csoportunkban%2C%20%C3%A9s%20vegy%C3%A9l%20r%C3%A9szt%20csak%20el%C5%91fizet%C5%91knek%20el%C3%A9rhet%C5%91%20exkluz%C3%ADv%20esem%C3%A9nyeinken.%3C%2Fh2%3E%0D%0A%3C%2Fdiv%3E%0D%0A%3Cp%20style%3D%22background%3A%20%2357A600%3B%20margin-top%3A%2020px%3B%20padding%3A%2020px%3B%20text-align%3A%20center%3B%22%3E%3Ca%20style%3D%22color%3A%20%23ffffff%3B%20font-size%3A%2026px%3B%20font-weight%3A%20600%3B%22%20href%3D%22https%3A%2F%2Fwww.facebook.com%2Fgroups%2F212344460412327%22%3ECSATLAKOZOM%3C%2Fa%3E%3C%2Fp%3E%0D%0A%0D%0A%3C%2Fdiv%3E\"]","type":"rich","thumbnail_url":"https:\/\/s.24.hu\/app\/uploads\/sites\/24\/2023\/03\/valogatott-150x150.jpg","thumbnail_width":150,"thumbnail_height":150}