{"version":"1.0","provider_name":"Sport24","provider_url":"https:\/\/sport24.24.hu","author_name":"Bruckner G\u00e1bor","author_url":"https:\/\/sport24.24.hu\/author\/brucknerg\/","title":"Nyert\u00fcnk, de a legfontosabb k\u00e9rd\u00e9sre nem kaptunk v\u00e1laszt az Eb-selejtez\u0151k f\u0151pr\u00f3b\u00e1j\u00e1n","html":"A magyar v\u00e1logatott m\u00e1rcius 27-\u00e9n hazai p\u00e1ly\u00e1n Bulg\u00e1ria ellen kezdi meg a 2024-es Eur\u00f3pa-bajnoks\u00e1g selejtez\u0151it. A n\u00e9metorsz\u00e1gi torn\u00e1ra a magyar v\u00e1logatott sz\u00e1m\u00e1ra n\u00e9gy csoportellenf\u00e9len kereszt\u00fcl vezethet az \u00fat: Szerbia, Montenegr\u00f3, Bulg\u00e1ria \u00e9s Litv\u00e1nia csapata k\u00f6z\u00fcl kellene legal\u00e1bb h\u00e1rmat magunk m\u00f6g\u00e9 gy\u0171rni. A sorozat f\u0151pr\u00f3b\u00e1jak\u00e9nt cs\u00fct\u00f6rt\u00f6k este <strong>Marco Rossi<\/strong> csapata legy\u0151zte az \u00e9szt v\u00e1logatottat, <strong>\u00c1d\u00e1m Martin<\/strong> pedig megszerezte az els\u0151 g\u00f3lj\u00e1t c\u00edmeres mezben. Mit lehet mondani a m\u00e9rk\u0151z\u00e9sr\u0151l?\r\n\r\nA magyar v\u00e1logatott kapuj\u00e1t a s\u00e9r\u00fcl\u00e9s miatt az id\u00e9ny v\u00e9g\u00e9ig hi\u00e1nyz\u00f3 <strong>Gul\u00e1csi P\u00e9ter<\/strong> helyett nem meglep\u0151 m\u00f3don a ferencv\u00e1rosi <strong>Dibusz D\u00e9nes<\/strong> v\u00e9dte. A v\u00e9delem k\u00f6zep\u00e9n ez\u00fattal <strong>Lang \u00c1d\u00e1m<\/strong> lett <strong>Willi Orb\u00e1n<\/strong> \u00e9s <strong>Szalai Attila<\/strong> t\u00e1rsa. Ez eddig nagyj\u00e1b\u00f3l pap\u00edrforma, a n\u00e9vsor t\u00f6bbi r\u00e9sze m\u00e1r j\u00f3val t\u00f6bb \u00e9rdekess\u00e9get tartogatott. A sz\u00e1rnyv\u00e9d\u0151 poz\u00edci\u00f3kba a k\u00e9t tavalyi alapember h\u00edj\u00e1n ez\u00fattal <strong>Bolla Bendeg\u00faz<\/strong>, valamint <strong>Kerkez Milos<\/strong> ker\u00fclt. A k\u00f6z\u00e9pp\u00e1lya k\u00f6zep\u00e9n most s\u00e9r\u00fcl\u00e9s miatt kimaradt <strong>Sch\u00e4fer Andr\u00e1s<\/strong>, \u00e9s <strong>Nagy \u00c1d\u00e1m<\/strong> sem ker\u00fclt a kezd\u0151be, \u00edgy helyett\u00fck a Fradi EL-meccsein m\u00e1r megvillan\u00f3 <strong>V\u00e9csei B\u00e1lint<\/strong>, \u00e9s a v\u00e1logatottba novemberben hossz\u00fa kihagy\u00e1s ut\u00e1n visszat\u00e9rt <strong>Kalm\u00e1r Zsolt<\/strong> kapott szerepet. Az ellenf\u00e9l v\u00e9d\u0151vonalai k\u00f6z\u00f6tt a szok\u00e1sos <strong>Szoboszlai Dominik, Sallai Roland<\/strong> kett\u0151s foglalt helyet, csat\u00e1rposzton pedig \u00c1d\u00e1m Martin jutott lehet\u0151s\u00e9ghez a v\u00e1logatott\u00f3l elk\u00f6sz\u00f6nt <strong>Szalai \u00c1d\u00e1m<\/strong> helyett.\r\n\r\nAz \u00e9szt v\u00e1logatottat egy sv\u00e1jci szakember, <strong>Thomas H\u00e4berli<\/strong> ir\u00e1ny\u00edtja, aki kor\u00e1bban a Young Boys \u00e9s a Basel ut\u00e1np\u00f3tl\u00e1s\u00e1ban, valamint r\u00f6vid ideig a Luzern els\u0151 csapat\u00e1n\u00e1l, a sv\u00e1jci \u00e9lvonalban is dolgozott.\r\n\r\n<span class=\"highlight-block-small\">H\u00e4berli az ut\u00f3bbi id\u0151ben \u00f6sszekapta a balti orsz\u00e1g g\u00e1rd\u00e1j\u00e1t: a csapat nyolc m\u00e9rk\u0151z\u00e9ses veretlens\u00e9gi sorozattal v\u00e1rta a magyarok elleni \u00f6sszecsap\u00e1st.<\/span>\r\n\r\nIgaz, az \u00e9sztek a vil\u00e1gbajnoki selejtez\u0151ben nyolcb\u00f3l egy m\u00e9rk\u0151z\u00e9st nyertek csak meg \u00e9s a Nemzetek Lig\u00e1j\u00e1ban is a leggyeng\u00e9bb, D2 jel\u0171 csoportb\u00f3l siker\u00fclt feljebb kapaszkodniuk M\u00e1lta \u00e9s San Marino ellen\u00e9ben \u2013 ez ut\u00f3bbi sz\u00e9ri\u00e1ban hib\u00e1tlan m\u00e9rleget produk\u00e1lva.\r\n\r\n[caption id=\"attachment_8254\" align=\"aligncenter\" width=\"3099\"]<img class=\"wp-image-8254 size-full\" src=\"https:\/\/sport24.24.hu\/app\/uploads\/sites\/24\/2023\/03\/20230323192431_adz_6314-masolat.jpg\" alt=\"\" width=\"3099\" height=\"2066\" \/> A magyar kezd\u0151 \u00c9sztorsz\u00e1g ellen. Vajon ugyan\u00edgy kezd\u00fcnk majd a bolg\u00e1rok ellen is?[\/caption]\r\n\r\nAz \u00e9sztek kellemetlen j\u00e1t\u00e9kst\u00edlussal k\u00f6sz\u00f6nt\u00f6tt\u00e9k a magyar csapatot a Pusk\u00e1s Ar\u00e9n\u00e1ban, h\u00e1romv\u00e9d\u0151s fel\u00e1ll\u00e1sukban rendk\u00edv\u00fcl kompaktan lez\u00e1rt\u00e1k a p\u00e1lya k\u00f6zep\u00e9t, ha a hazaiakn\u00e1l volt a labda, \u00e9s id\u0151nk\u00e9nt let\u00e1mad\u00e1ssal is pr\u00f3b\u00e1lt\u00e1k megnehez\u00edteni a mieink dolg\u00e1t. T\u00e1mad\u00e1sban j\u00f3val kevesebb kock\u00e1zatot v\u00e1llaltak, a kapus <strong>Martin Hein<\/strong> a legt\u00f6bbsz\u00f6r messze el\u0151re k\u00fcldte a labd\u00e1t, ha pedig a fel\u00edvel\u00e9st siker\u00fclt \u00f6sszeszedni, akkor egy-k\u00e9t alapvet\u0151 beindul\u00f3 mozg\u00e1ssal igyekeztek kultur\u00e1ltan a magyar v\u00e9delem m\u00f6g\u00e9 ker\u00fclni. Az els\u0151 f\u00e9lid\u0151ben ez viszonylag ritk\u00e1n siker\u00fclt, a m\u00e9rk\u0151z\u00e9s eg\u00e9sz\u00e9ben pedig a magyar csapat 54 sz\u00e1zal\u00e9kban birtokolta a labd\u00e1t.\r\n\r\nMarco Rossi egy\u00fcttese a m\u00falt \u00e9vben a kor\u00e1bbiakn\u00e1l biztat\u00f3bb k\u00e9pet mutatott a labd\u00e1s j\u00e1t\u00e9kban, k\u00fcl\u00f6n\u00f6sen az angolok elleni k\u00e9t szenz\u00e1ci\u00f3s gy\u0151zelem alkalm\u00e1val. A cs\u00fct\u00f6rt\u00f6ki tal\u00e1lkoz\u00f3 nem t\u00e9tm\u00e9rk\u0151z\u00e9s volt, \u00e9s a csapat \u00f6ssze\u00e1ll\u00edt\u00e1sa is elt\u00e9rt a megszokott\u00f3l, ezzel egy\u00fctt a mieink labd\u00e1val val\u00f3 j\u00e1t\u00e9ka kiss\u00e9 visszafogottra sikeredett. Id\u0151nk\u00e9nt visszak\u00f6sz\u00f6nt a kor\u00e1bban megfigyelhet\u0151 probl\u00e9ma, miszerint\r\n\r\n<span class=\"highlight-block\">a bels\u0151 v\u00e9d\u0151k bel\u00e9p\u00e9se helyett ink\u00e1bb a bels\u0151 k\u00f6z\u00e9pp\u00e1ly\u00e1sok l\u00e9pnek vissza elk\u00e9rni a labd\u00e1t, <\/span>\r\n\r\nami n\u00e9mik\u00e9pp lelass\u00edthatja a j\u00e1t\u00e9kot. Ilyenkor Szoboszlainak \u00e9s Kalm\u00e1rnak is az ide\u00e1lisn\u00e1l kiss\u00e9 m\u00e9lyebben kellett helyezkednie. Akadt azonban a v\u00e1logatottnak egy \u00fajszer\u0171 megold\u00e1sa, ami id\u0151nk\u00e9nt v\u00e1ltozatosabb\u00e1 tette a j\u00e1t\u00e9k\u00e1t, ez pedig Sallai Roland helyezked\u00e9se volt. A Freiburg t\u00e1mad\u00f3ja ugyanis nemcsak a p\u00e1lya jobboldali folyos\u00f3iban helyezkedett, Bolla Bendeg\u00fazzal poz\u00edci\u00f3t cser\u00e9lve, hanem gyakran a p\u00e1lya k\u00f6zepe, vagy ak\u00e1r a bal oldali f\u00e9lter\u00fclet fel\u00e9 is elmozgott, ezzel aszimmetrikusan t\u00faltel\u00edtve az \u00e9szt v\u00e9dekez\u00e9s jobb oldal\u00e1t.\r\n\r\nEz a vari\u00e1ci\u00f3 m\u00e9lyebben v\u00e9dekez\u0151 ellenfelek ellen ak\u00e1r j\u00f3l is j\u00f6het a k\u00e9s\u0151bbiekben, hiszen az ellenf\u00e9l v\u00e9dekez\u0151 alakzat\u00e1t nem a p\u00e1lya k\u00f6zep\u00e9re, hanem az egyik oldalra r\u00f6gz\u00edti, minek nyom\u00e1n nagyobb \u00f6sszef\u00fcgg\u0151 ter\u00fcletet lehet nyerni a m\u00e1sik oldalon. A p\u00e1lya k\u00f6z\u00e9ps\u0151 s\u00e1vjaiban azonban \u00edgy is kevesebb ter\u00fcletet tal\u00e1ltak a magyarok r\u00e9szint a t\u00f6bb visszal\u00e9p\u00e9s, r\u00e9szint a mieink\u00e9hez hasonl\u00f3, rendk\u00edv\u00fcl kompakt \u00e9szt v\u00e9dekez\u00e9s miatt. \u00cdgy a t\u00f6bb passzb\u00f3l \u00e1ll\u00f3, t\u00fcrelmesebb t\u00e1mad\u00e1s\u00e9p\u00edt\u00e9sek gyakrabban v\u00e9gz\u0151dtek t\u00e1voli l\u00f6v\u00e9ssel vagy sz\u00e9ls\u0151 bead\u00e1ssal.\r\n<div class=\"payable-content-section\"><\/div>\r\n<img class=\"alignnone size-full wp-image-8244\" src=\"https:\/\/sport24.24.hu\/app\/uploads\/sites\/24\/2023\/03\/hunest1.png\" alt=\"\" width=\"1280\" height=\"720\" \/>\r\n\r\n<em>Egy jellemz\u0151 meccsk\u00e9p: Az \u00e9sztek 5-2-3-ban hermetikusan lez\u00e1rj\u00e1k a p\u00e1lya k\u00f6zep\u00e9t. V\u00e9csei a fedez\u0151\u00e1rny\u00e9kban ragad, Kalm\u00e1rnak kell visszal\u00e9pnie labd\u00e1\u00e9rt. Sallai ek\u00f6zben Szoboszlai ir\u00e1ny\u00e1ba mozog, t\u00faltel\u00edtve a p\u00e1lya bal oldal\u00e1t.<\/em>\r\n\r\nEzt a magyar v\u00e1logatott passzt\u00e9rk\u00e9pe is j\u00f3l mutatja. A vastagabb vonal a j\u00e1t\u00e9kosok k\u00f6z\u00f6tti gyakoribb passzkapcsolatot jelzi, a futballist\u00e1t jel\u00f6l\u0151 nagyobb k\u00f6r pedig azt, hogy az adott j\u00e1t\u00e9kost t\u00f6bbsz\u00f6r j\u00e1tszott\u00e1k meg. Az \u00e1br\u00e1n j\u00f3l l\u00e1tszik, hogy a magyar v\u00e1logatott baloldala akt\u00edvabb volt, \u00e9s az is, hogy Sallai kiss\u00e9 aszimmetrikusan helyezkedett. Ugyanakkor a leggyakoribb passzkapcsolatok k\u00f6z\u00fcl h\u00e1rom is bels\u0151 v\u00e9d\u0151k k\u00f6z\u00f6tt t\u00f6rt\u00e9nt (a legt\u00f6bbsz\u00f6r \u2013 16 alkalommal \u2013 Orb\u00e1n \u00e9s Szalai k\u00f6z\u00f6tt alakult ki passzkapcsolat). Ezen t\u00falmen\u0151en Szalai Attila \u00e9s Kalm\u00e1r k\u00f6z\u00f6tt 12 passz t\u00f6rt\u00e9nt, ami szint\u00e9n j\u00f3l mutatja, hogy a DAC k\u00f6z\u00e9pp\u00e1ly\u00e1s\u00e1nak gyakran kellett visszal\u00e9pnie ahhoz, hogy labd\u00e1hoz jusson.\r\n\r\n<img class=\"alignnone size-full wp-image-8245\" src=\"https:\/\/sport24.24.hu\/app\/uploads\/sites\/24\/2023\/03\/hunest4.png\" alt=\"\" width=\"1161\" height=\"700\" \/>\r\n\r\nN\u00e9h\u00e1ny jelenetb\u0151l azonban l\u00e1tszik, milyen szitu\u00e1ci\u00f3b\u00f3l k\u00e9pes a magyar v\u00e1logatott komolyabb vesz\u00e9lyt jelenteni. Bolla Bendeg\u00faz meg nem adott g\u00f3lja ugyanis jelzi: komoly potenci\u00e1l van azokban a t\u00e1mad\u00e1sokban, amelyek sor\u00e1n az ellenfelet kicsalogatva egy-egy direktebb ind\u00edt\u00e1ssal pr\u00f3b\u00e1l a csapat a v\u00e9delem m\u00f6g\u00e9 ker\u00fclni, nem engedve az ellenf\u00e9lnek, hogy m\u00e9lyen a saj\u00e1t kapuja el\u00e9 t\u00f6m\u00f6r\u00fclj\u00f6n. Enn\u00e9l a jelenetn\u00e9l a b\u00e1tran beindul\u00f3 sz\u00e1rnyv\u00e9d\u0151k mellett az okosan visszal\u00e9p\u0151 csapatt\u00e1rsakat, no meg V\u00e9csei szemf\u00fcles passz\u00e1t is dics\u00e9rni kell.\r\n\r\n<img class=\"alignnone size-full wp-image-8247\" src=\"https:\/\/sport24.24.hu\/app\/uploads\/sites\/24\/2023\/03\/hunest2.png\" alt=\"\" width=\"1280\" height=\"720\" \/>\r\n\r\n<em>Bolla meg nem adott g\u00f3lja. V\u00e9csei a visszal\u00e9p\u0151 Kalm\u00e1rt\u00f3l kap labd\u00e1t. \u00c1d\u00e1m \u00e9s Sallai visszal\u00e9p\u00e9se kih\u00fazza a v\u00e9d\u0151ket, Bolla \u00e9s Kerkez a folyos\u00f3ba indul.<\/em>\r\n\r\n\u00c1m a m\u00e9rk\u0151z\u00e9s egyetlen \u00e9rv\u00e9nyes g\u00f3lj\u00e1t m\u00e9gsem akci\u00f3b\u00f3l, hanem a Rossi-\u00e9r\u00e1ban kiv\u00e1l\u00f3an begyakorolt r\u00f6gz\u00edtett szitu\u00e1ci\u00f3b\u00f3l szerezte a magyar csapat. \u00c1d\u00e1m Martin g\u00f3lj\u00e1t megel\u0151z\u0151en az alkalmazott sz\u00f6gletvari\u00e1ci\u00f3 nemcsak j\u00f3l megtervezett, hanem kifejezetten l\u00e1tv\u00e1nyos is volt.\r\n\r\n<img class=\"alignnone size-full wp-image-8248\" src=\"https:\/\/sport24.24.hu\/app\/uploads\/sites\/24\/2023\/03\/hunest3.png\" alt=\"\" width=\"1280\" height=\"720\" \/>\r\n\r\n<em>A g\u00f3l. Szoboszlai tr\u00fckk\u00f6sen egyb\u0151l l\u00f6v\u00e9sre adja be Kalm\u00e1rnak a sz\u00f6gletet, a t\u00f6bbiek a kapu fel\u00e9 mozogva csin\u00e1lnak neki helyet. Az \u00e9szt v\u00e9delem azonban kifel\u00e9 mozog Kalm\u00e1r ir\u00e1ny\u00e1ba, aki pattintva ad g\u00f3lpasszt \u00c1d\u00e1m Martinnak.<\/em>\r\n\r\nA m\u00e1sodik f\u00e9lid\u0151 az els\u0151n\u00e9l kevesebb izgalmat tartogatott, Sallai kihagyott (\u00e9s Szoboszlait\u00f3l k\u0151-pap\u00edr-oll\u00f3 j\u00e1t\u00e9kkal elnyert\u2026) tizenegyese ut\u00e1n a magyar v\u00e1logatott valamivel t\u00f6bb labdabirtokl\u00e1st engedett az \u00e9szteknek, a p\u00e1ly\u00e1t a legt\u00f6bbsz\u00f6r a j\u00f3l megszokott 5-2-3-as k\u00f6z\u00e9ps\u0151 blokkban \u0151rizve. K\u00e9s\u0151bb azt\u00e1n \u00fajabb fiatal j\u00e1t\u00e9kosok kaptak lehet\u0151s\u00e9get: <strong>N\u00e9meth Andr\u00e1s<\/strong> \u00e9s <strong>Csoboth Kevin<\/strong> k\u00f6z\u00fcl ut\u00f3bbi azonnal\r\n\r\n<span class=\"highlight-block\">kiv\u00e1l\u00f3 l\u00f6v\u00e9ssel jelezte, hogy k\u00e9pes t\u00e1mad\u00e1sban vesz\u00e9lyt jelenteni. <\/span>\r\n\r\nA magyar v\u00e1logatott v\u00e9g\u00fcl 1,83-as xG-mutat\u00f3val z\u00e1rta a m\u00e9rk\u0151z\u00e9st, amib\u0151l 0,75 a kihagyott b\u00fcntet\u0151, \u00e9s m\u00e9g \u00edgy is fel\u00fclm\u00falta a 0,53 xG-nyi helyzetet kidolgoz\u00f3 \u00e9szt csapatot.\r\n\r\nJogos k\u00e9rd\u00e9s persze, hogy szakmailag mennyire szolg\u00e1lja a felk\u00e9sz\u00fcl\u00e9st egy nagyon fontos t\u00e9tm\u00e9rk\u0151z\u00e9s el\u00e9 n\u00e9gy nappal besz\u00fart bar\u00e1ts\u00e1gos tal\u00e1lkoz\u00f3. Mindenesetre j\u00f3l mutatta a csapat hozz\u00e1\u00e1ll\u00e1s\u00e1t a szok\u00e1sosn\u00e1l nem sokkal kock\u00e1zatker\u00fcl\u0151bb t\u00e1mad\u00f3j\u00e1t\u00e9k \u00e9s a m\u00e1sodik f\u00e9lidei reakt\u00edvabb v\u00e9dekez\u00e9s is. Tov\u00e1bbra is eld\u00f6ntetlen k\u00e9rd\u00e9s marad, mit tudunk kezdeni a j\u00f6v\u0151ben egy m\u00e9lyen be\u00e1llt v\u00e9dekez\u00e9ssel szemben, k\u00fcl\u00f6n\u00f6sen akkor, ha net\u00e1n h\u00e1tr\u00e1nyba ker\u00fcl\u00fcnk egy-egy t\u00e9tm\u00e9rk\u0151z\u00e9sen. Pozit\u00edvum ugyanakkor, hogy a kapit\u00e1ny ism\u00e9t kipr\u00f3b\u00e1lhatott t\u00f6bb olyan j\u00e1t\u00e9kost, aki eddig kevesebbet jutott sz\u00f3hoz. M\u00e1rpedig az fontos, hogy a csapat kell\u0151en b\u0151 kerettel tudja p\u00f3tolni az alapemberek esetleges kies\u00e9s\u00e9t.\r\n\r\nAz igazi er\u0151pr\u00f3ba persze h\u00e9tf\u0151 este k\u00f6vetkezik.\r\n\r\n[prefabricated_shortcode in_app=\"0\" code=\"%3Cdiv%20class%3D%22article_box_border%22%20style%3D%22background%3A%20url%28%27https%3A%2F%2F24.p3k.hu%2Fapp%2Fuploads%2Fsites%2F24%2F2021%2F05%2Fsport24-pattern.png%27%29%20no-repeat%20left%20-16px%20%23f3f3f4%3B%20border%3A%20none%3B%22%3E%0D%0A%3Cdiv%20class%3D%22article_solidheader%22%3E%0D%0A%3Ch2%20style%3D%22color%3A%20%23111115%21important%3B%20font-size%3A%2036px%3B%20font-weight%3A%20bold%3B%20margin-bottom%3A%2030px%3B%20margin-top%3A%2020px%3B%20text-align%3A%20center%3B%20line-height%3A%2036px%3B%22%3E%3Cimg%20class%3D%22aligncenter%20size-full%20wp-image-141%22%20src%3D%22https%3A%2F%2F24.p3k.hu%2Fapp%2Fuploads%2Fsites%2F24%2F2021%2F05%2Fs24-logo-dt.png%22%20alt%3D%22%22%20width%3D%22408%22%20height%3D%2290%22%20%2F%3E%3C%2Fh2%3E%0D%0A%3Ch2%20style%3D%22color%3A%20%23111115%21important%3B%20font-size%3A%2036px%3B%20font-weight%3A%20bold%3B%20margin-bottom%3A%2030px%3B%20margin-top%3A%2020px%3B%20text-align%3A%20center%3B%20line-height%3A%2040px%3B%22%3ECsatlakozz%20a%20Sport24%20k%C3%B6z%C3%B6ss%C3%A9ghez%2C%20mondd%20el%20v%C3%A9lem%C3%A9nyedet%20z%C3%A1rt%20Facebook-csoportunkban%2C%20%C3%A9s%20vegy%C3%A9l%20r%C3%A9szt%20csak%20el%C5%91fizet%C5%91knek%20el%C3%A9rhet%C5%91%20exkluz%C3%ADv%20esem%C3%A9nyeinken.%3C%2Fh2%3E%0D%0A%3C%2Fdiv%3E%0D%0A%3Cp%20style%3D%22background%3A%20%2357A600%3B%20margin-top%3A%2020px%3B%20padding%3A%2020px%3B%20text-align%3A%20center%3B%22%3E%3Ca%20style%3D%22color%3A%20%23ffffff%3B%20font-size%3A%2026px%3B%20font-weight%3A%20600%3B%22%20href%3D%22https%3A%2F%2Fwww.facebook.com%2Fgroups%2F212344460412327%22%3ECSATLAKOZOM%3C%2Fa%3E%3C%2Fp%3E%0D%0A%0D%0A%3C%2Fdiv%3E\"]","type":"rich","thumbnail_url":"https:\/\/s.24.hu\/app\/uploads\/sites\/24\/2023\/03\/20230323190023_adz_6248-masolat-150x150.jpg","thumbnail_width":150,"thumbnail_height":150}