{"version":"1.0","provider_name":"Sport24","provider_url":"https:\/\/sport24.24.hu","author_name":"Bruckner G\u00e1bor","author_url":"https:\/\/sport24.24.hu\/author\/brucknerg\/","title":"Negyed\u00f3ra m\u00falt\u00e1n 2-0-ra vezetett az \u00dajpest, m\u00e9gis a Juventus jutott tov\u00e1bb a BEK negyedd\u00f6nt\u0151j\u00e9b\u0151l","html":"A sajt\u00f3ban ez jelent meg 1973. m\u00e1rcius 21-\u00e9n, a Juventus elleni BEK-visszav\u00e1g\u00f3 el\u0151tt: \u201eA jegyig\u00e9nyek nemcsak a v\u00e1rakoz\u00e1st, hanem a Megyeri \u00fati stadion befogad\u00f3k\u00e9pess\u00e9g\u00e9t is meghaladt\u00e1k, de az \u00dajpesti D\u00f3zsa \u2013 h\u0171s\u00e9ges szurkol\u00f3i miatt \u2013 nem akarta m\u00e9g ezt a fontos m\u00e9rk\u0151z\u00e9st sem a N\u00e9pstadionba vinni. Mivel bel\u00e9p\u0151t napok \u00f3ta nem lehet kapni, az egyes\u00fclet k\u00e9ri: csak a jegytulajdonosok menjenek ki a Megyeri \u00fatra. Tekintettel a v\u00e1rhat\u00f3 nagy forgalomra, lez\u00e1rj\u00e1k a p\u00e1lya k\u00f6rny\u00e9k\u00e9t, az egyik oldalon a V\u00e1ci \u00fat\u2013Megyeri \u00fati r\u00e9szt\u0151l, a m\u00e1sik oldalon a Baross utc\u00e1n, a k\u00f3rh\u00e1zt\u00f3l. Erre a z\u00e1rt ter\u00fcletre m\u00e1r csak a jegytulajdonosokat engedik be. A BKV 15 \u00f3r\u00e1t\u00f3l a XIII. ker\u00fcleti Katona J\u00f3zsef utc\u00e1b\u00f3l M jelz\u00e9ssel k\u00fcl\u00f6n aut\u00f3buszokat ind\u00edt, villamosj\u00e1ratait pedig a sz\u00fcks\u00e9gnek megfelel\u0151en s\u0171r\u00edti. A Megyeri \u00fat egyir\u00e1ny\u00fa lesz.\r\n<blockquote>A klub meger\u0151s\u00edti rendez\u0151 g\u00e1rd\u00e1j\u00e1t, de a szurkol\u00f3kat is megk\u00e9ri, hogy ki-ki a saj\u00e1t hely\u00e9t foglalja el, az \u00e1ll\u00f3helyeken ne \u00fcljenek le, s akkor minden jegytulajdonosnak lesz helye.<\/blockquote>\r\nAkkor m\u00e9g nem volt szokatlan, hogy az eur\u00f3pai klubtorn\u00e1k magyar r\u00e9sztvev\u0151i meg\u00e9rik a tavaszt. Az el\u0151z\u0151 \u00e9vadban az FTC a legjobb n\u00e9gy k\u00f6z\u00e9 jutott az UEFA Kup\u00e1ban, \u00e9s csak az\u00e9rt nem lett finalista, mert <strong>Sz\u0151ke Istv\u00e1n<\/strong> a N\u00e9pstadionban \u00e9s Wolverhamptonban is kihagyott egy 11-est a Wanderers ellen (2-2, 1-2).\r\n\r\nA BEK-negyedd\u00f6nt\u0151 els\u0151 m\u00e9rk\u0151z\u00e9s\u00e9n a lil\u00e1k 0-0-t \u00e9rtek el Torin\u00f3ban \u00fagy, hogy az ottani Tuttosport szerint <strong>Dino Zoff<\/strong>, az olasz csapat kapusa volt a mez\u0151ny legjobbja, \u0151 kapta a legjobb oszt\u00e1lyzatot (8-ast). Az \u00fajpestieket \u00edgy \u00e9rt\u00e9kelte a lap: <strong>Szentmih\u00e1lyi<\/strong> 7 \u2013 <strong>Kol\u00e1r<\/strong> 6,5, <strong>Hars\u00e1nyi<\/strong> 6,5, <strong>Horv\u00e1th<\/strong> 7, <strong>Juh\u00e1sz<\/strong> 6,5 \u2013 <strong>Dunai III<\/strong> 7, <strong>T\u00f3th Andr\u00e1s<\/strong> 7, <strong>Z\u00e1mb\u00f3<\/strong> 7 \u2013 <strong>Fazekas<\/strong> 7, <strong>Bene<\/strong> 7,5, <strong>Nagy<\/strong> 6,5.\r\n\r\nA La Gazzetta dello Sport azt \u00edrta: \u201eBiztosra vett\u00fck a Juventus gy\u0151zelm\u00e9t, de a d\u00f6ntetlen igazs\u00e1gos. \u00dagy fest, Budapesten kev\u00e9s lehet\u0151s\u00e9g lesz a tov\u00e1bbjut\u00e1sra.\u201d\r\n\r\nA N\u00e9psport egy\u00e1ltal\u00e1n nem \u00e1jult el a produkci\u00f3t\u00f3l:\r\n<blockquote class=\"small-quote\">A csat\u00e1rsor j\u00e1t\u00e9k\u00e1ba sok hiba cs\u00faszott. Ments\u00e9g\u00fcl szolg\u00e1l Dunai II korai kiv\u00e1l\u00e1sa. Nagy L\u00e1szl\u00f3 nem bizonyult j\u00f3 helyettesnek.<\/blockquote>\r\nDunai Antal a napra pontosan \u00f6tven \u00e9ve rendezett visszav\u00e1g\u00f3n sem j\u00e1tszhatott, a Juventus viszont a legjobbjait vonultatta fel: Zoff \u2013 <strong>Salvadore \u2013 Spinosi, Longobucco, Morini, Cuccureddu \u2013 Causio, Capello, Furino \u2013 Anastasi, Altafini <\/strong>(<strong>Bettega<\/strong>) \u00f6ssze\u00e1ll\u00edt\u00e1sban szerepelt a Megyeri \u00faton.\r\n\r\nAzt\u00e1n a bomba er\u0151s it\u00e1liai egy\u00fcttes m\u00e1r az els\u0151 percben h\u00e1tr\u00e1nyba ker\u00fclt: a <strong>G\u00f6r\u00f6cs<\/strong>-ut\u00f3d T\u00f3th Andr\u00e1s (kar)mesteri \u00e1tad\u00e1ssal ind\u00edtotta Ben\u00e9t, aki menthetetlen\u00fcl a bal sarokba l\u0151tt. Majd a 14. percben a ball\u00e1bas T\u00f3th tizen\u00f6t m\u00e9terr\u0151l, jobbal k\u00e1pr\u00e1zatos g\u00f3lt r\u00fagott, a bal fels\u0151 sarokba v\u00e1g\u00f3d\u00f3 labda csaknem lerombolta a kaput (2-0).\r\n<div class=\"payable-content-section\"><\/div>\r\nA szerz\u0151t a t\u00f6bbiek sz\u00e9tszedt\u00e9k, T\u00f3thnak cseredresszt kellett k\u00e9rnie, de 4-esb\u0151l, b\u00e1rmilyen hihetetlen, nem volt t\u00f6bb, ez\u00e9rt 15-\u00f6sben folytatta a dirigens. Az ir\u00e1ny\u00edt\u00f3 k\u00f6z\u00e9pp\u00e1ly\u00e1s szok\u00e1s szerint kezdett a 4-es sz\u00e1m\u00fa trik\u00f3ban, mert a 8-as \u00fajpesti mezben rendre a balh\u00e1tv\u00e9d Juh\u00e1sz P\u00e9ter futballozott.\r\n\r\n<span class=\"highlight-block-small\">A 30 ezer n\u00e9z\u0151 egyr\u00e9szt elal\u00e9lt a gy\u00f6ny\u00f6r\u0171s\u00e9gt\u0151l, m\u00e1sr\u00e9szt m\u00e1r azon t\u0171n\u0151d\u00f6tt, melyik csapat lenne a legjobb ellenf\u00e9l az \u00dajpestnek a legjobb n\u00e9gy k\u00f6z\u00f6tt.<\/span>\r\n<blockquote class=\"twitter-tweet\">\r\n<p dir=\"ltr\" lang=\"hu\">\u00dajpesti D\u00f3zsa - Juventus 2-2 (1973) magyar g\u00f3ljai. <a href=\"https:\/\/twitter.com\/hashtag\/futballisztika?src=hash&amp;ref_src=twsrc%5Etfw\">#futballisztika<\/a> <a href=\"https:\/\/twitter.com\/hashtag\/futball?src=hash&amp;ref_src=twsrc%5Etfw\">#futball<\/a> <a href=\"https:\/\/twitter.com\/hashtag\/futballelemzes?src=hash&amp;ref_src=twsrc%5Etfw\">#futballelemzes<\/a> <a href=\"https:\/\/twitter.com\/hashtag\/labdar%C3%BAg%C3%A1s?src=hash&amp;ref_src=twsrc%5Etfw\">#labdar\u00fag\u00e1s<\/a> <a href=\"https:\/\/twitter.com\/hashtag\/labdarugas?src=hash&amp;ref_src=twsrc%5Etfw\">#labdarugas<\/a> <a href=\"https:\/\/twitter.com\/hashtag\/foci?src=hash&amp;ref_src=twsrc%5Etfw\">#foci<\/a> <a href=\"https:\/\/twitter.com\/hashtag\/oldfootball?src=hash&amp;ref_src=twsrc%5Etfw\">#oldfootball<\/a> <a href=\"https:\/\/twitter.com\/hashtag\/footballmemories?src=hash&amp;ref_src=twsrc%5Etfw\">#footballmemories<\/a> <a href=\"https:\/\/twitter.com\/hashtag\/oldfootballvideos?src=hash&amp;ref_src=twsrc%5Etfw\">#oldfootballvideos<\/a> <a href=\"https:\/\/twitter.com\/hashtag\/magyarfutball?src=hash&amp;ref_src=twsrc%5Etfw\">#magyarfutball<\/a> <a href=\"https:\/\/twitter.com\/hashtag\/magyarfoci?src=hash&amp;ref_src=twsrc%5Etfw\">#magyarfoci<\/a> <a href=\"https:\/\/twitter.com\/hashtag\/ute?src=hash&amp;ref_src=twsrc%5Etfw\">#ute<\/a> <a href=\"https:\/\/twitter.com\/hashtag\/ujpestfc?src=hash&amp;ref_src=twsrc%5Etfw\">#ujpestfc<\/a> <a href=\"https:\/\/twitter.com\/hashtag\/juventus?src=hash&amp;ref_src=twsrc%5Etfw\">#juventus<\/a> <a href=\"https:\/\/twitter.com\/hashtag\/ujpestidozsa?src=hash&amp;ref_src=twsrc%5Etfw\">#ujpestidozsa<\/a> <a href=\"https:\/\/t.co\/JJYCHofjsC\">pic.twitter.com\/JJYCHofjsC<\/a><\/p>\r\n\u2014 futballisztika (@futballisztika) <a href=\"https:\/\/twitter.com\/futballisztika\/status\/1180610736357302277?ref_src=twsrc%5Etfw\">October 5, 2019<\/a><\/blockquote>\r\n<script async src=\"https:\/\/platform.twitter.com\/widgets.js\" charset=\"utf-8\"><\/script>\r\n\r\nKorai volt a medit\u00e1ci\u00f3.\r\n\r\nF\u00e9l \u00f3ra eltelt\u00e9vel a harmincn\u00e9gy esztend\u0151s Jos\u00e9 Altafini, aki tizen\u00f6t \u00e9vvel kor\u00e1bban vil\u00e1gbajnoki c\u00edmet nyert a brazil v\u00e1logatott tagjak\u00e9nt, fejessel sz\u00e9p\u00edtett, majd a sz\u00fcnet ut\u00e1ni els\u0151 negyed\u00f3ra v\u00e9g\u00e9n az 1968-ban Eur\u00f3pa-bajnok Pietro Anastasi szint\u00e9n fejesg\u00f3llal egyenl\u00edtett (2-2).\r\n\r\n[caption id=\"attachment_8214\" align=\"aligncenter\" width=\"5423\"]<img class=\"size-full wp-image-8214\" src=\"https:\/\/sport24.24.hu\/app\/uploads\/sites\/24\/2023\/03\/gettyimages-461743907.jpg\" alt=\"\" width=\"5423\" height=\"3508\" \/> Jos\u00e9 Altafini[\/caption]\r\n\r\nA folytat\u00e1sban a deprim\u00e1lt \u00dajpest m\u00e1r nem tudott zavart kelteni a torin\u00f3i v\u00e9delemben, \u00e9s idegenben szerzett g\u00f3ljaival a Juventus ment tov\u00e1bb. A lila-feh\u00e9r klub p\u00e9nzt\u00e1ros\u00e1t vigasztalta az egymilli\u00f3 forintos jegybev\u00e9tel, de hogy milyen es\u00e9lyt szalasztott el a Megyeri \u00fati egy\u00fcttes, azt h\u0171en t\u00fckr\u00f6zte a szint\u00e9n Eur\u00f3pa-bajnok <strong>Sandro Salvadore<\/strong> nyilatkozata:\r\n<blockquote>P\u00e1lyafut\u00e1som legizgalmasabb m\u00e9rk\u0151z\u00e9seinek egyik\u00e9t j\u00e1tszottam. Az els\u0151 \u00fajpesti g\u00f3l ut\u00e1n arra gondoltam, nagyon neh\u00e9z lesz a d\u00f6ntetlent kiharcolni. A m\u00e1sodikn\u00e1l m\u00e1r mindent veszve l\u00e1ttam.<\/blockquote>\r\nFabio Capello \u00fagy v\u00e9lte: \u201eAltafini g\u00f3lja volt a fordul\u00f3pont. Ett\u0151l az ellenf\u00e9l megzavarodott, mi pedig feljavultunk.\u201d\r\n\r\n<strong>Hidegkuti N\u00e1ndor<\/strong>, aki \u00e9vekig edz\u0151sk\u00f6d\u00f6tt It\u00e1li\u00e1ban, s\u0151t a Fiorentin\u00e1t KEK-diadalra vezette, azt mondta: \u201eAz \u00dajpest j\u00e1t\u00e9kosai 2-0 ut\u00e1n \u00fagy hitt\u00e9k, m\u00e1r nincs sz\u00fcks\u00e9g tov\u00e1bbi er\u0151fesz\u00edt\u00e9sre. Amikor \u00e9szbe kaptak, m\u00e1r k\u00e9s\u0151 volt, mert az olaszok \u00e9rtik az eredm\u00e9ny megtart\u00e1s\u00e1nak fort\u00e9lyait.\u201d\r\n\r\n<span class=\"highlight-block-small\">Ezzel egy\u00fctt a Corriere della Sera egyenesen \u201ea csod\u00e1val hat\u00e1rosnak\u201d min\u0151s\u00edtette a Juventus teljes\u00edtm\u00e9ny\u00e9t.<\/span>\r\n\r\n\u201eA torin\u00f3i 0-0 \u00e9s f\u0151k\u00e9nt a visszav\u00e1g\u00f3 els\u0151 negyed\u00f3r\u00e1j\u00e1ban kapott k\u00e9t dr\u00e1mai g\u00f3l ut\u00e1n m\u00e1r \u00fagy l\u00e1tszott, \u00f6sszeroppan a csapat. \u00c1m \u2013 a feltart\u00f3ztathatatlan Altafinivel az \u00e9len \u2013 le tudta k\u00fczdeni a hatalmas l\u00e9lektani h\u00e1tr\u00e1nyt, \u00e9s kiv\u00edvta a tov\u00e1bbjut\u00e1st jelent\u0151 2-2-t. T\u00falz\u00e1s n\u00e9lk\u00fcl \u00e1ll\u00edthat\u00f3: kiv\u00e9telesen nagy teljes\u00edtm\u00e9nyt ny\u00fajt\u00f3 Juventust l\u00e1ttunk, ez a m\u00e9rk\u0151z\u00e9s felejthetetlen marad mindenki sz\u00e1m\u00e1ra.\u201d\r\n\r\nKev\u00e9sb\u00e9 lelkendezett Bene Ferenc, a lil\u00e1k csapatkapit\u00e1nya: \u201eNagy hiba volt, hogy a k\u00e9tg\u00f3los vezet\u00e9s ut\u00e1n mindenkit elragadott a h\u00e9v, csak t\u00e1madtunk, \u00fajabb g\u00f3lokat rem\u00e9lve.\u201d\r\n\r\nSzavait al\u00e1t\u00e1masztotta <strong>dr. Boross Dezs\u0151<\/strong> kritik\u00e1ja a N\u00e9psportban: \u201eF\u0151leg Kol\u00e1r \u00e9s Juh\u00e1sz j\u00e1tszott fegyelmezetlen\u00fcl. A v\u00e1logatott balh\u00e1tv\u00e9d f\u00f6l\u00f6slegesen el\u0151re kalandozott, s ezt az olaszok \u00fcgyesen ki is haszn\u00e1lt\u00e1k, mert a t\u00e1mad\u00e1sok z\u00f6m\u00e9t Juh\u00e1sz el\u00e1rvult hely\u00e9n ind\u00edtott\u00e1k.\u201d\r\n\r\n<span class=\"highlight-block\">A l\u00e9tez\u0151 futballkult\u00fara idej\u00e9n m\u00e9g siker eset\u00e9n sem volt divatban nyakra-f\u0151re \u00f6mlengeni, <\/span>\r\n\r\n\u00edgy h\u00e1t <strong>Luk\u00e1cs L\u00e1szl\u00f3<\/strong> a N\u00e9pszabads\u00e1gban ekk\u00e9ppen vonta meg a m\u00e9rleget: \u201eGyorsabb, kem\u00e9nyebb, g\u00f3ler\u0151sebb j\u00e1t\u00e9kra van sz\u00fcks\u00e9g, mert ez a jelenlegi nemzetk\u00f6zi tendencia, amelyet nemhogy nem mi dikt\u00e1lunk, de m\u00e9g k\u00f6vetni is nehezen tudjuk.\u201d\r\n\r\n[caption id=\"attachment_8218\" align=\"alignnone\" width=\"3578\"]<img class=\"size-full wp-image-8218\" src=\"https:\/\/sport24.24.hu\/app\/uploads\/sites\/24\/2023\/03\/nemzetisport_1973_03__pages145-145.jpg\" alt=\"\" width=\"3578\" height=\"5527\" \/> A N\u00e9psport meccset k\u00f6vet\u0151 c\u00edmlapja.[\/caption]\r\n\r\n\u00cdrta ezt h\u00e1romnegyed, illetve f\u00e9l \u00e9vvel azut\u00e1n, hogy a magyar v\u00e1logatott negyedik volt az Eur\u00f3pa-bajnoks\u00e1gon \u00e9s m\u00e1sodik a m\u00fcncheni olimpi\u00e1n. Az Eb-n legink\u00e1bb azon m\u00falt a finalista szerepl\u00e9s, hogy Z\u00e1mb\u00f3 S\u00e1ndor az el\u0151d\u00f6nt\u0151ben kihagyta a 11-est a szovjet csapat ellen. A kontinenstorna n\u00e9gyes d\u00f6nt\u0151j\u00e9ben n\u00e9gy \u00fajpesti \u2013 Juh\u00e1sz, Bene, Dunai II, Z\u00e1mb\u00f3 \u2013 szerepelt, az \u00f6tkarik\u00e1s j\u00e1t\u00e9kokon Dunai III Ede is j\u00e1tszott.\r\n\r\nA Juventus v\u00e9g\u00fcl d\u00f6nt\u0151t v\u00edvott a BEK-ben, \u00e1m Belgr\u00e1dban 1-0-ra kikapott a tr\u00f3fe\u00e1t egym\u00e1s ut\u00e1n harmadszor elh\u00f3d\u00edt\u00f3 Ajaxt\u00f3l. Az olasz kupad\u00f6nt\u0151ben az 1-1-et k\u00f6vet\u0151 tizenegyesp\u00e1rbajban maradt alul a Milannal szemben, a bajnoki c\u00edmet viszont elnyerte, noha az utols\u00f3 fordul\u00f3 el\u0151tt nagyj\u00e1b\u00f3l annyi rem\u00e9nye volt az els\u0151s\u00e9gre, mint a d\u00f6ntetlenre \u00dajpesten T\u00f3th Andr\u00e1s bomb\u00e1ja ut\u00e1n.\r\n\r\nA tabella \u00e9l\u00e9n a Milan \u00e1llt, \u00e9s Veron\u00e1ba utazott. A m\u00e9rk\u0151z\u00e9st mindenki fix 2-esre vette, \u00e1m a mil\u00e1n\u00f3i csapat tal\u00e1n t\u00fal sok\u00e1ig \u00fcnnepelte a n\u00e9gy nappal kor\u00e1bban kiv\u00edvott KEK-diadalt (a szaloniki d\u00f6nt\u0151ben 1-0 a Leeds United ellen), mert R\u00f3me\u00f3 \u00e9s J\u00falia v\u00e1ros\u00e1ban f\u00e9l \u00f3ra m\u00falt\u00e1n 0-3-as, a 72. percben 1-5-\u00f6s h\u00e1tr\u00e1nyba ker\u00fclt.\r\n\r\nA Juventus k\u00f6zben az \u00d6r\u00f6k V\u00e1rosban az AS Rom\u00e1val viaskodott. Amikor az Olimpiai stadion eredm\u00e9nyjelz\u0151j\u00e9re ki\u00edrt\u00e1k, hogy Verona\u2013Milan 5-1, a r\u00f3mai meccs 1-1-re \u00e1llt. Ezzel m\u00e9g mindig a v\u00e9g\u00fcl 5-3-ra sz\u00e9p\u00edt\u0151 Milan lett volna a bajnok, de a 87. percben Antonello Cuccureddu 2-1-re igaz\u00edtott, \u00e9s nem sokkal k\u00e9s\u0151bb a torin\u00f3i vezet\u0151k is a p\u00e1zsiton \u00f6lelkeztek a scudett\u00f3t elnyer\u0151 labdar\u00fag\u00f3kkal.\r\n\r\nItthon ez volt a bajnoks\u00e1g v\u00e9geredm\u00e9nye: 1. \u00dajpest 46 pont, 2. FTC 41, 3. Vasas 40. A lil\u00e1k a BEK k\u00f6vetkez\u0151 ki\u00edr\u00e1s\u00e1ban az el\u0151d\u00f6nt\u0151ig jutottak, a legjobb n\u00e9gy k\u00f6z\u00f6tt a Bayern M\u00fcnchennel szemben maradtak alul (1-1, 0-3).\r\n\r\nA N\u00e9pszabads\u00e1g a bajor v\u00e1rosban elszenvedett veres\u00e9g ut\u00e1n meg\u00e1llap\u00edtotta: \u201eA magyar labdar\u00fag\u00e1s sz\u00e1m\u00e1ra megint csak az okul\u00e1s, a tanul\u00e1s marad.\u201d A lap hozz\u00e1tette:\r\n<blockquote class=\"small-quote\">\u00c9deskev\u00e9s az, ami itthon el\u00e9g.<\/blockquote>\r\nMa ilyesmit nem \u00edrnak, b\u00e1r Ben\u00e9hez, Z\u00e1mb\u00f3hoz, T\u00f3th Andr\u00e1shoz, Fazekashoz foghat\u00f3 klasszisok t\u00f6bb mint harminc \u00e9ve nincsenek n\u00e1lunk.\r\n\r\nKeser\u0171en r\u00f6gz\u00edtem: a sajt\u00f3szabads\u00e1g jegy\u00e9ben hat \u00e9s f\u00e9l esztendeje m\u00e1r N\u00e9pszabads\u00e1g sincs.\r\n\r\n[prefabricated_shortcode in_app=\"0\" code=\"%3Cdiv%20class%3D%22article_box_border%22%20style%3D%22background%3A%20url%28%27https%3A%2F%2F24.p3k.hu%2Fapp%2Fuploads%2Fsites%2F24%2F2021%2F05%2Fsport24-pattern.png%27%29%20no-repeat%20left%20-16px%20%23f3f3f4%3B%20border%3A%20none%3B%22%3E%0D%0A%3Cdiv%20class%3D%22article_solidheader%22%3E%0D%0A%3Ch2%20style%3D%22color%3A%20%23111115%21important%3B%20font-size%3A%2036px%3B%20font-weight%3A%20bold%3B%20margin-bottom%3A%2030px%3B%20margin-top%3A%2020px%3B%20text-align%3A%20center%3B%20line-height%3A%2036px%3B%22%3E%3Cimg%20class%3D%22aligncenter%20size-full%20wp-image-141%22%20src%3D%22https%3A%2F%2F24.p3k.hu%2Fapp%2Fuploads%2Fsites%2F24%2F2021%2F05%2Fs24-logo-dt.png%22%20alt%3D%22%22%20width%3D%22408%22%20height%3D%2290%22%20%2F%3E%3C%2Fh2%3E%0D%0A%3Ch2%20style%3D%22color%3A%20%23111115%21important%3B%20font-size%3A%2036px%3B%20font-weight%3A%20bold%3B%20margin-bottom%3A%2030px%3B%20margin-top%3A%2020px%3B%20text-align%3A%20center%3B%20line-height%3A%2040px%3B%22%3ECsatlakozz%20a%20Sport24%20k%C3%B6z%C3%B6ss%C3%A9ghez%2C%20mondd%20el%20v%C3%A9lem%C3%A9nyedet%20z%C3%A1rt%20Facebook-csoportunkban%2C%20%C3%A9s%20vegy%C3%A9l%20r%C3%A9szt%20csak%20el%C5%91fizet%C5%91knek%20el%C3%A9rhet%C5%91%20exkluz%C3%ADv%20esem%C3%A9nyeinken.%3C%2Fh2%3E%0D%0A%3C%2Fdiv%3E%0D%0A%3Cp%20style%3D%22background%3A%20%2357A600%3B%20margin-top%3A%2020px%3B%20padding%3A%2020px%3B%20text-align%3A%20center%3B%22%3E%3Ca%20style%3D%22color%3A%20%23ffffff%3B%20font-size%3A%2026px%3B%20font-weight%3A%20600%3B%22%20href%3D%22https%3A%2F%2Fwww.facebook.com%2Fgroups%2F212344460412327%22%3ECSATLAKOZOM%3C%2Fa%3E%3C%2Fp%3E%0D%0A%0D%0A%3C%2Fdiv%3E\"]","type":"rich","thumbnail_url":"https:\/\/s.24.hu\/app\/uploads\/sites\/24\/2023\/03\/fortepan_142133-masolat-150x150.jpg","thumbnail_width":150,"thumbnail_height":150}