{"version":"1.0","provider_name":"Sport24","provider_url":"https:\/\/sport24.24.hu","author_name":"Bruckner G\u00e1bor","author_url":"https:\/\/sport24.24.hu\/author\/brucknerg\/","title":"Michael Carrick v\u00e9gre Lampard \u00e9s Gerrard f\u00f6l\u00e9 n\u0151het","html":"A v\u00e1logatott futball term\u00e9szet\u00e9n\u00e9l fogva olyan, hogy minden\u00fctt akadnak vesztesei, mell\u0151z\u00f6tt j\u00e1t\u00e9kosok, akik valami\u00e9rt nem f\u00e9rnek be a nemzeti tizenegybe. Angli\u00e1ban is Temz\u00e9t lehetne rekeszteni az ilyen t\u00f6rt\u00e9netekkel: sok\u00e1ig sorolhatn\u00e1nk a szuperszt\u00e1rokat, akik a klubcsapatukban villogtak, a v\u00e1logatottban viszont j\u00f3val kevesebb lehet\u0151s\u00e9get kaptak. K\u00fcl\u00f6n kateg\u00f3ri\u00e1t k\u00e9pez azonban az angol futballban az, akinek a st\u00edlusa t\u00fals\u00e1gosan a kontinent\u00e1lis futballhoz passzol. Ilyen volt p\u00e9ld\u00e1ul r\u00e9gebben <strong>Glenn Hoddle<\/strong>, aki egybehangz\u00f3 v\u00e9lem\u00e9nyek szerint nemzed\u00e9ke legtehets\u00e9gesebb k\u00f6z\u00e9pp\u00e1ly\u00e1sa volt Angli\u00e1ban, a kapit\u00e1nyok m\u00e9gis ink\u00e1bb a megb\u00edzhat\u00f3bb, sz\u00fcrk\u00e9bb j\u00e1t\u00e9kosokban b\u00edztak, \u00e9s Hoddle j\u00f3val kevesebb lehet\u0151s\u00e9get kapott ann\u00e1l, mint amit meg\u00e9rdemelt volna.\r\n\r\nHasonl\u00f3an alakult <strong>Michael Carrick<\/strong> v\u00e1logatottbeli karrierje is:\r\n\r\n<span class=\"highlight-block\">b\u00e1r a tr\u00f3fe\u00e1kat tekintve \u0151 volt a gener\u00e1ci\u00f3ja legsikeresebb k\u00f6z\u00e9pp\u00e1ly\u00e1sa, <\/span>\r\n\r\na sz\u00f6vets\u00e9gi kapit\u00e1nyok ink\u00e1bb egym\u00e1s ut\u00e1n pr\u00f3b\u00e1lt\u00e1k megtal\u00e1lni a m\u00f3dj\u00e1t, hogyan lehetne egyszerre helyet szor\u00edtani <strong>Steven Gerrardnak<\/strong> \u00e9s <strong>Frank Lampardnak<\/strong> is, Carrick pedig a legt\u00f6bbsz\u00f6r csak a padon \u00fclt, esetleg m\u00e9g ott sem. T\u00e9ny, Gerrard \u00e9s Lampard csillog\u00f3bb \u00e9s l\u00e1tv\u00e1nyosabb futballista volt; igazi klubikonok, g\u00f3lokat l\u0151ttek, er\u0151sek, lend\u00fcletesek, val\u00f3di atl\u00e9t\u00e1k voltak, a csapatuk vez\u00e9rei. Carrick hozz\u00e1juk k\u00e9pest \u00e9szrev\u00e9tlen\u00fcl tette a dolg\u00e1t, m\u00e1s t\u00edpus\u00fa j\u00e1t\u00e9kosnak ismert\u00fck meg; olyannak, aki t\u00f6k\u00e9letesen \u00e9rtette a passzj\u00e1t\u00e9kot, h\u00e1tulr\u00f3l dikt\u00e1lta a csapat ritmus\u00e1t, mivel azonban a passz-statisztika \u00e9s a labdatart\u00e1s m\u00e9g a null\u00e1s \u00e9vekben sem \u00e9rdekelte a brit szakm\u00e1t, a Manchester United (\u00e9s el\u0151tte a West Ham, illetve a Tottenham) k\u00f6z\u00e9pp\u00e1ly\u00e1s\u00e1t elker\u00fclte a reflektorf\u00e9ny.\r\n\r\n[caption id=\"attachment_8123\" align=\"aligncenter\" width=\"3784\"]<img class=\"wp-image-8123 size-full\" src=\"https:\/\/sport24.24.hu\/app\/uploads\/sites\/24\/2023\/03\/gettyimages-179686815.jpg\" alt=\"\" width=\"3784\" height=\"2648\" \/> Michael Carrick 2014-ben.[\/caption]\r\n\r\nCarrick j\u00e1t\u00e9k\u00e1t legink\u00e1bb az olyan, spanyol koll\u00e9g\u00e1ihoz hasonl\u00edtott\u00e1k (<strong>Sergio Busquets, Xabi Alonso<\/strong>), akik a korszak leger\u0151sebb v\u00e1logatottj\u00e1ban alapemberek lehettek. Ugyanakkor Carrick egyetlen egy (!) meccset j\u00e1tszhatott nagy torn\u00e1n: 2006-ban az Ecuador elleni vb-nyolcadd\u00f6nt\u0151n kapott lehet\u0151s\u00e9get, a t\u00f6bbi 33 v\u00e1logatotts\u00e1ga selejtez\u0151kre \u00e9s bar\u00e1ts\u00e1gos m\u00e9rk\u0151z\u00e9sekre korl\u00e1toz\u00f3dott. Mindek\u00f6zben Sir Alex Ferguson alapemberk\u00e9nt sz\u00e1m\u00edtott r\u00e1 a Manchester Unitedban, ahonnan \u00f6tsz\u00f6r\u00f6s bajnokk\u00e9nt vonult vissza, \u00e9s egyebek mellett m\u00e9g egy Bajnokok Lig\u00e1ja-gy\u0151zelmet is beh\u00fazott.\r\n\r\n<span class=\"highlight-block-small\">Az, hogy a halk szav\u00fa, intelligens j\u00e1t\u00e9kosk\u00e9nt jellemzett Carrick a visszavonul\u00e1sa ut\u00e1n helyet kapott Jos\u00e9 Mourinho edz\u0151i st\u00e1bj\u00e1ban, keveseket lepett meg, <\/span>\r\n\r\ns\u0151t az egykori k\u00f6z\u00e9pp\u00e1ly\u00e1s <strong>Ole-Gunnar Solskjaer<\/strong> kinevez\u00e9se ut\u00e1n is maradt a klubn\u00e1l. R\u00e1ad\u00e1sul amikor 2021 v\u00e9g\u00e9n a norv\u00e9g edz\u0151t menesztett\u00e9k, Carrick megb\u00edzott tr\u00e9nerk\u00e9nt vezette a csapatot h\u00e1rom meccsen, \u00e1m <strong>Ralf Rangnick<\/strong> \u00e9rkez\u00e9sekor ink\u00e1bb t\u00e1vozott. Att\u00f3l kezdve t\u00f6bbsz\u00f6r is felvet\u0151d\u00f6tt a neve \u00fcresed\u00e9sekkor, de eg\u00e9szen tavaly okt\u00f3berig ezeknek a h\u00edresztel\u00e9seknek nem volt sok alapjuk. A m\u00e1sodoszt\u00e1ly\u00fa Middlesbrough \u00e9rdekl\u0151d\u00e9se azonban komoly volt, \u00e9s m\u00e9g azt k\u00f6vet\u0151en is kitartottak Carrick mellett, hogy els\u0151 nekifut\u00e1sra nem siker\u00fclt megegyezni\u00fck.\r\n\r\nA Bor\u00f3nak nagyon nem volt mindegy, hogy ki mellett d\u00f6nt, mivel az ut\u00f3bbi \u00e9vekben rendre alulteljes\u00edtett a csapat, amely nem is olyan r\u00e9gen m\u00e9g stabil Premier League-r\u00e9sztvev\u0151 volt, miel\u0151tt j\u00f6ttek az \u00edns\u00e9g \u00e9vei. Legut\u00f3bb 2017-ben szerepelt az \u00e9lvonalban, akkor <strong>Aitor Karanka<\/strong> nem tudta benntartani a csapatot, az\u00f3ta pedig <strong>Garry Monk, Tony Pulis, Jonathan Woodgate, Neil Warnock<\/strong> \u00e9s <strong>Chris Wilder<\/strong> is hi\u00e1ba pr\u00f3b\u00e1lkozott visszajuttatni az \u00e9lvonalba a klubot. Igaz, Wilder kinevez\u00e9se a mostanit megel\u0151z\u0151 \u00e9vadban els\u0151re sikeresnek tetszett: a csapat megt\u00e1ltosodott, \u00e9s a v\u00e9g\u00e9n alig maradt le a r\u00e1j\u00e1tsz\u00e1st jelent\u0151 hatodik helyr\u0151l. Ny\u00e1ron \u00fagy t\u0171nt, a j\u00e1t\u00e9koskeretet m\u00e9g jobban siker\u00fclt Wilder ig\u00e9nyeihez szabni, ez\u00e9rt sokan gondolt\u00e1k \u00fagy, hogy a Sheffield Unitedet kor\u00e1bban a harmadik vonalb\u00f3l a Premier League-ig rep\u00edt\u0151 edz\u0151 v\u00e9gre \u00f6sszekapja a Bor\u00f3t.\r\n<div class=\"payable-content-section\"><\/div>\r\nNem \u00edgy t\u00f6rt\u00e9nt: az egy\u00fcttes pocs\u00e9kul rajtolt, \u00e9s ugyan a xG \u00e9s egy\u00e9b adatok alapj\u00e1n sokkal t\u00f6bb pontot kellett volna szereznie, valahogy nem l\u00e1tszott ide\u00e1lisnak Wilder \u00e9s a j\u00e1t\u00e9kosok kapcsolata, pl\u00e1ne, hogy az edz\u0151 t\u00f6bbsz\u00f6r is nyilv\u00e1nosan b\u00edr\u00e1lta a futballist\u00e1kat. Maga Wilder is elbizonytalanodni l\u00e1tszott, folyamatosan v\u00e1ltoztatott az \u00f6ssze\u00e1ll\u00edt\u00e1son, m\u00edg v\u00e9g\u00fcl \u2013 amikor a Coventry elleni 1-1-s veres\u00e9g ut\u00e1n a csapat tizenegy fordul\u00f3t k\u00f6vet\u0151en tov\u00e1bbra is kies\u0151 helyen \u00e1llt \u2013 a vezet\u0151s\u00e9g menesztette Wildert. Mint kider\u00fclt, m\u00e1r tavasszal elt\u00f6rt valami, amikor Wilder nem c\u00e1folta el\u00e9g hamar a pletyk\u00e1kat, miszerint \u0151 lesz <strong>Sean Dyche<\/strong> ut\u00f3dja a Burnley-n\u00e9l, \u00e9s ez vezetett oda, hogy v\u00e9g\u00e9rv\u00e9nyesen megromlott a kapcsolat edz\u0151 \u00e9s j\u00e1t\u00e9kosai k\u00f6z\u00f6tt.\r\n\r\n<span class=\"highlight-block-small\">Michael Carrick tavaly okt\u00f3ber 29-\u00e9n \u00fclt le el\u0151sz\u00f6r a Boro kispadj\u00e1ra, \u00e9s mindj\u00e1rt veres\u00e9ggel ind\u00edtott a Preston ellen. <\/span>\r\n\r\nAz \u00fajdons\u00fclt edz\u0151 nem esett k\u00e9ts\u00e9gbe, \u00e9s j\u00e1t\u00e9kosai is <a href=\"https:\/\/theathletic.com\/4112487\/2023\/01\/22\/michael-carrick-middlesbrough\/\" target=\"_blank\" rel=\"noopener\">azt mondj\u00e1k<\/a>, az egyik legnagyobb er\u00e9nye, hogy v\u00e9gtelen\u00fcl nyugodt. Biztos h\u00e1tteret teremtett a csapatn\u00e1l, nincs \u00fcv\u00f6lt\u00f6z\u00e9s, nincs rossz hangulat, mindenki \u00fajra szeret ott lenni. Ezek sem l\u00e9nyegtelen v\u00e1ltoz\u00e1sok, de a fontos m\u00e9gis csak az, ami a p\u00e1ly\u00e1n zajlik. Carrick el\u0151sz\u00f6r is szak\u00edtott Wilder v\u00e9djegyszer\u0171 3-5-2-j\u00e9vel, \u00e9s n\u00e9gy v\u00e9d\u0151vel k\u00fcldte p\u00e1ly\u00e1ra a csapat\u00e1t, eg\u00e9sz pontosan a 4-2-3-1 mellett d\u00f6nt\u00f6tt.\r\n\r\n[caption id=\"attachment_8126\" align=\"aligncenter\" width=\"2000\"]<img class=\"wp-image-8126 size-full\" src=\"https:\/\/sport24.24.hu\/app\/uploads\/sites\/24\/2023\/03\/gettyimages-1244408077-masolat.jpg\" alt=\"\" width=\"2000\" height=\"1333\" \/> J\u00e1t\u00e9kosaival a Kingston upon Hull-i MKM Stadionban.[\/caption]\r\n\r\nAzt\u00e1n szem\u00e9lyi d\u00f6nt\u00e9seket is hozott: a saj\u00e1t nevel\u00e9s\u0171 k\u00f6z\u00e9pp\u00e1ly\u00e1s, <strong>Hayden Hackney<\/strong> Wilder ir\u00e1ny\u00edt\u00e1sa alatt labd\u00e1ba se r\u00fagott, Carrick viszont r\u00f6gt\u00f6n a kezd\u0151csapatba \u00e1ll\u00edtotta. Az\u00f3ta is biztosan tartja mag\u00e1t ott, \u0151 a szezon egyik felfedezettje a Championshipben; a j\u00e1t\u00e9kst\u00edlusa mellesleg eml\u00e9keztet is mester\u00e9re. A jobbh\u00e1tv\u00e9d <strong>Tommy Smith<\/strong> is a padon \u00fclt, miel\u0151tt Carrickn\u00e9l \u00e1lland\u00f3 kezd\u0151 lett volna, m\u00edg m\u00e1s j\u00e1t\u00e9kosoknak \u00faj poz\u00edci\u00f3t tal\u00e1lt: a ny\u00e1ron \u00e9rkez\u0151 <strong>Marcus Fors<\/strong>s csat\u00e1rb\u00f3l jobbsz\u00e9ls\u0151 lett, a k\u00f6z\u00e9pp\u00e1ly\u00e1s <strong>Matt Crooksot<\/strong> feltolta csat\u00e1rnak, a legnagyobb h\u00faz\u00e1s viszont <strong>Chuba Akpom<\/strong> meg\u00fajul\u00e1sa volt. Akpom az Arsenal nevel\u00e9se volt, be is mutatkozott a nagycsapatban, \u00e9s sokat v\u00e1rtak t\u0151le, \u00e1m nem siker\u00fclt \u00e1tt\u00f6rnie, folyamatosan k\u00f6lcs\u00f6n adogatt\u00e1k, m\u00edg v\u00e9g\u00fcl G\u00f6r\u00f6gorsz\u00e1gba szerz\u0151d\u00f6tt. Onnan hozta vissza a Boro h\u00e1rom \u00e9ve, de ez sem j\u00f6tt be, ink\u00e1bb \u00fajra k\u00f6lcs\u00f6n adt\u00e1k egy \u00e9vre a g\u00f6r\u00f6g\u00f6knek, \u00e9s meg is lepte a szurkol\u00f3kat, amikor tavaly ny\u00e1ron ott maradt a Bor\u00f3n\u00e1l. Carrick nagy \u00f6tlete az volt, hogy az addig befejez\u0151 csat\u00e1rt j\u00e1tsz\u00f3 Akpomot eggyel h\u00e1tr\u00e9bb vonta, amolyan \u00e1rny\u00e9k\u00e9knek, \u00e9s ebben a szerepk\u00f6rben megt\u00e1ltosodott a nig\u00e9riai v\u00e1logatott j\u00e1t\u00e9kos. Most 22 g\u00f3ln\u00e1l tart, vezeti a Championship g\u00f3ll\u00f6v\u0151list\u00e1j\u00e1t, \u00e9s leny\u0171g\u00f6z\u0151 magabiztoss\u00e1ggal futballozik.\r\n\r\nNe feledj\u00fck az\u00e9rt a t\u00f6bbieket sem: a Wolves k\u00f6lcs\u00f6nj\u00e1t\u00e9kosa, a balh\u00e1tv\u00e9d <strong>Ryan Giles<\/strong> a liga tal\u00e1n legjobbja a posztj\u00e1n, mellesleg a Boro asszisztkir\u00e1lya is \u0151. A v\u00e9delem stabil, melyben k<a href=\"https:\/\/theathletic.com\/4112487\/2023\/01\/22\/michael-carrick-middlesbrough\/\" target=\"_blank\" rel=\"noopener\">omoly \u00e9rdemei vannak<\/a>\u00a0a most Carrick seg\u00e9dedz\u0151jek\u00e9nt dolgoz\u00f3 <strong>Jonathan Woodgate-ne<\/strong>k, m\u00edg a t\u00e1mad\u00f3j\u00e1t\u00e9kban fontos szerep h\u00e1rul az ausztr\u00e1l Ryan McGree-re is. M\u00e9gis r\u00e1f\u00e9rt tov\u00e1bbi friss\u00edt\u00e9s a keretre, \u00edgy Carrick janu\u00e1rban r\u00e9szint megszabadult a feleslegt\u0151l (ny\u00e1ron j\u00f3 n\u00e9h\u00e1ny olyan futballista is j\u00f6tt, aki nem bizonyult haszn\u00e1lhat\u00f3nak), r\u00e9szint meg k\u00f6lcs\u00f6nben hozott k\u00e9t rendk\u00edv\u00fcl tehets\u00e9ges Aston Villa-j\u00e1t\u00e9kost: az angol U21-es v\u00e1logatott csat\u00e1r\u00e1t, <strong>Cameron Archer<\/strong>t, tov\u00e1bb\u00e1 a U19 Eb-gy\u0151ztes k\u00f6z\u00e9pp\u00e1ly\u00e1st, <strong>Aaron Ramseyt<\/strong> (\u0151 csak n\u00e9vrokona a walesi v\u00e1logatott szt\u00e1rj\u00e1nak), vaamint megv\u00e1s\u00e1rolta a Rotherham k\u00f6z\u00e9pp\u00e1ly\u00e1s\u00e1t, <strong>Daniel Barlasert<\/strong> is.\r\n\r\nHozz\u00e1 kell mindehhez tenni, hogy addigra m\u00e1r sokszorosan bizony\u00edtotta a csapat, hogy \u00e9rdemes tov\u00e1bb er\u0151s\u00edteni.\r\n\r\n<span class=\"highlight-block\">A megt\u00e1ltosod\u00f3 Boro december v\u00e9g\u00e9re bet\u00f6rt a r\u00e1j\u00e1tsz\u00e1sra jogos\u00edt\u00f3 top 6-ba, <\/span>\r\n\r\nmajd az \u00faj j\u00e1t\u00e9kosokkal megt\u00e1mogatva mostanra m\u00e1r az automatikus feljut\u00e1s sincs el\u00e9rhetetlen t\u00e1vols\u00e1gban. Olyannyira nincs, hogy jelenleg mind\u00f6ssze n\u00e9gy pont a csapat h\u00e1tr\u00e1nya a m\u00e1sodik Sheffield Uniteddal szemben, r\u00e1ad\u00e1sul a Peng\u00e9k egy\u00e9rtelm\u0171en megtorpantak, hetek \u00f3ta l\u00e1tv\u00e1nyosan gyeng\u00e9lkednek, a Middlesbrough pedig \u2013 egy-egy botl\u00e1st lesz\u00e1m\u00edtva \u2013 k\u00e9rlelhetetlen\u00fcl menetel el\u0151re.\r\n\r\n<img class=\"wp-image-8127 size-full\" src=\"https:\/\/sport24.24.hu\/app\/uploads\/sites\/24\/2023\/03\/gettyimages-1245685239.jpg\" alt=\"\" width=\"2700\" height=\"1800\" \/>\r\n\r\nNem v\u00e9letlen, hogy Carrick nev\u00e9t most m\u00e1r egyre gyakrabban hallani \u00e9lvonalbeli klubok edz\u0151jel\u00f6ltjei k\u00f6z\u00f6tt, noha v\u00e9lhet\u0151en \u0151 is tiszt\u00e1ban van vele: korai lenne v\u00e1ltania, miel\u0151tt b\u00e1rmi k\u00e9zzel foghat\u00f3t el\u00e9r a Bor\u00f3val. M\u00e1rpedig a bajnoks\u00e1gnak m\u00e9g kor\u00e1nt sincs v\u00e9ge, nyolc fordul\u00f3val a befejez\u00e9s el\u0151tt b\u00e1rmi megt\u00f6rt\u00e9nhet. Ha viszont a Middlesbrough form\u00e1j\u00e1ban nem k\u00f6vetkezik be valami radik\u00e1lis v\u00e1ltoz\u00e1s, akkor Michael Carrick j\u00f3 es\u00e9llyel m\u00e1r az els\u0151 edz\u0151i \u00e9vad\u00e1ban el\u00e9rhet egy igen nagy sikert. Olyat, ami p\u00e9ld\u00e1ul Frank Lampardnak nem j\u00f6tt \u00f6ssze a Derbyn\u00e9l. Jellemz\u0151, hogy Lampard \u00e9s Gerrard igen kor\u00e1n j\u00f3 lehet\u0151s\u00e9geket kapott edz\u0151k\u00e9nt, de egyik\u00fck sem tudtak \u00e9lni vele. Jelen pillanatban nincs klubjuk, \u00e9s k\u00f6nnyen lehet, hogy ezen a p\u00e1ly\u00e1n Carrick lesz a kor\u00e1bbi klasszis angol k\u00f6z\u00e9pp\u00e1ly\u00e1sok k\u00f6z\u00fcl a legsikeresebb.\r\n\r\n[prefabricated_shortcode in_app=\"0\" code=\"%3Cdiv%20class%3D%22article_box_border%22%20style%3D%22background%3A%20url%28%27https%3A%2F%2F24.p3k.hu%2Fapp%2Fuploads%2Fsites%2F24%2F2021%2F05%2Fsport24-pattern.png%27%29%20no-repeat%20left%20-16px%20%23f3f3f4%3B%20border%3A%20none%3B%22%3E%0D%0A%3Cdiv%20class%3D%22article_solidheader%22%3E%0D%0A%3Ch2%20style%3D%22color%3A%20%23111115%21important%3B%20font-size%3A%2036px%3B%20font-weight%3A%20bold%3B%20margin-bottom%3A%2030px%3B%20margin-top%3A%2020px%3B%20text-align%3A%20center%3B%20line-height%3A%2036px%3B%22%3E%3Cimg%20class%3D%22aligncenter%20size-full%20wp-image-141%22%20src%3D%22https%3A%2F%2F24.p3k.hu%2Fapp%2Fuploads%2Fsites%2F24%2F2021%2F05%2Fs24-logo-dt.png%22%20alt%3D%22%22%20width%3D%22408%22%20height%3D%2290%22%20%2F%3E%3C%2Fh2%3E%0D%0A%3Ch2%20style%3D%22color%3A%20%23111115%21important%3B%20font-size%3A%2036px%3B%20font-weight%3A%20bold%3B%20margin-bottom%3A%2030px%3B%20margin-top%3A%2020px%3B%20text-align%3A%20center%3B%20line-height%3A%2040px%3B%22%3ECsatlakozz%20a%20Sport24%20k%C3%B6z%C3%B6ss%C3%A9ghez%2C%20mondd%20el%20v%C3%A9lem%C3%A9nyedet%20z%C3%A1rt%20Facebook-csoportunkban%2C%20%C3%A9s%20vegy%C3%A9l%20r%C3%A9szt%20csak%20el%C5%91fizet%C5%91knek%20el%C3%A9rhet%C5%91%20exkluz%C3%ADv%20esem%C3%A9nyeinken.%3C%2Fh2%3E%0D%0A%3C%2Fdiv%3E%0D%0A%3Cp%20style%3D%22background%3A%20%2357A600%3B%20margin-top%3A%2020px%3B%20padding%3A%2020px%3B%20text-align%3A%20center%3B%22%3E%3Ca%20style%3D%22color%3A%20%23ffffff%3B%20font-size%3A%2026px%3B%20font-weight%3A%20600%3B%22%20href%3D%22https%3A%2F%2Fwww.facebook.com%2Fgroups%2F212344460412327%22%3ECSATLAKOZOM%3C%2Fa%3E%3C%2Fp%3E%0D%0A%0D%0A%3C%2Fdiv%3E\"]","type":"rich","thumbnail_url":"https:\/\/s.24.hu\/app\/uploads\/sites\/24\/2023\/03\/gettyimages-1244716989-masolat-150x150.jpg","thumbnail_width":150,"thumbnail_height":150}