{"version":"1.0","provider_name":"Sport24","provider_url":"https:\/\/sport24.24.hu","author_name":"Fut\u00f3 Csaba","author_url":"https:\/\/sport24.24.hu\/author\/futocs\/","title":"Vajon kiesik a Sevilla a spanyol bajnoks\u00e1gb\u00f3l?","html":"A La Liga 24. fordul\u00f3j\u00e1ban szombaton este igazi \u00f6r\u00f6m\u00fcnnepet l\u00e1thatott a Wanda Metropolitano k\u00f6z\u00f6ns\u00e9ge, ugyanis <strong>Diego Simeone<\/strong> t\u00f6rt\u00e9nelmi meccs\u00e9n, az eg\u00e9szen leny\u0171g\u00f6z\u0151en futballoz\u00f3 <strong>Antoine Griezmann<\/strong> vezet\u00e9s\u00e9vel az Atl\u00e9tico 6-1-re ki\u00fct\u00f6tte a Sevill\u00e1t. Komoly m\u00e9lypontokat \u00e9ltek meg a szezonban a madridiak, el\u00e9g csak a korai kies\u00e9st eml\u00edteni az eur\u00f3pai kupak\u00fczdelmekb\u0151l, de a m\u00falt h\u00e9tv\u00e9g\u00e9n ennek nyoma sem volt, mi t\u00f6bb, m\u00e9g hull\u00e1mzott is a k\u00f6z\u00f6ns\u00e9g. Na meg cukkolta a riv\u00e1list, \u201eki fogtok esni\u201d, \u00fcv\u00f6lt\u00f6tt\u00e9k.\r\n\r\n<span class=\"highlight-block-small\">B\u00e1rmilyen meglep\u0151, a helyzet val\u00f3ban ez: a Sevilla jelenleg a kies\u00e9s ellen menek\u00fcl a spanyol bajnoks\u00e1gban, \u00e9s egyel\u0151re nem l\u00e1tszik, mit\u0151l fordulna \u00e1t a csapat teljes\u00edtm\u00e9nye \u00e9s szerencs\u00e9je, mik\u00f6zben r\u00e9g nem l\u00e1tott harc megy jelenleg a bennmarad\u00e1s\u00e9rt.<\/span>\r\n\r\nHogy egy \u00e9v alatt mennyit v\u00e1ltozhat a helyzet a sport vil\u00e1g\u00e1ban, arra itt a t\u00f6k\u00e9letes p\u00e9lda. Tavaly ilyenkor a Sevilla t\u0171nt a Real Madrid legnagyobb kih\u00edv\u00f3j\u00e1nak, mind\u00f6ssze n\u00e9gy ponttal lemaradva \u00e1llt a m\u00e1sodik helyen. A hajr\u00e1ban azt\u00e1n a Barcelona \u00e9s az Atl\u00e9tico Madrid is el\u00e9 f\u00e9rk\u0151z\u00f6tt, de a negyedik hely, \u00e9s ami m\u00e9g fontosabb, a BL-indul\u00e1s meglett.\r\n<blockquote>A szurkol\u00f3knak meg kell \u00e9rteni\u00fck, hogy el\u00e9rt\u00fck a kit\u0171z\u00f6tt c\u00e9lunkat, bejutottunk a Bajnokok Lig\u00e1j\u00e1ba. Volt egy Sevilla Julen Lopetegui kinevez\u00e9se el\u0151tt, amelyik az eur\u00f3pai kupaszerepl\u00e9s\u00e9rt csat\u00e1zott, az \u0151 \u00e9rkez\u00e9se \u00f3ta pedig m\u00e1r a BL a c\u00e9lunk, az emberek pedig arr\u00f3l besz\u00e9lnek, hogy bajnokok lehet\u00fcnk<\/blockquote>\r\n\u2013 pr\u00f3b\u00e1lta meg tavaly m\u00e1jusban <a href=\"https:\/\/www.lacolinadenervion.com\/fernando-reges-tengo-claro-que-lopetegui-estara-la-proxima-temporada\/\">visszar\u00e1ngatni<\/a> a szurkol\u00f3kat a f\u00f6ldre a brazil k\u00f6z\u00e9pp\u00e1ly\u00e1s, <strong>Fernando Reges<\/strong>.\r\n\r\nA mostani La Liga-szezon k\u00e9tharmad\u00e1hoz k\u00f6zeledve az \u00e9len \u00e1ll\u00f3 Barcelona 37 ponttal van a Sevilla el\u0151tt, de nem is el\u0151re, sokkal ink\u00e1bb h\u00e1trafel\u00e9 kell figyelni, mivel a m\u00e1r kies\u0151helyen \u00e1ll\u00f3 Almer\u00ed\u00e1val azonos pontsz\u00e1mmal \u00e1ll a csapat, de az utols\u00f3 el\u0151tti Valencia is csak kett\u0151vel van elmaradva \u2013 a sereghajt\u00f3 Elch\u00e9n m\u00e1r csak a csoda seg\u00edthetne.\r\n<div class=\"payable-content-section\"><\/div>\r\n\r\n[caption id=\"attachment_8060\" align=\"alignnone\" width=\"1024\"]<img class=\"wp-image-8060 size-full\" src=\"https:\/\/sport24.24.hu\/app\/uploads\/sites\/24\/2023\/03\/lopetegui.jpg\" alt=\"\" width=\"1024\" height=\"682\" \/> Julen Loptegeui[\/caption]\r\n\r\nA Fernando \u00e1ltal is emlegetett <strong>Julen Lopetegui<\/strong> kacskaring\u00f3s \u00faton jutott el a Sevill\u00e1hoz: dolgozott a spanyol ut\u00e1np\u00f3tl\u00e1s-v\u00e1logatottakn\u00e1l, majd a Port\u00f3n\u00e1l, miel\u0151tt m\u00e1r a feln\u0151ttcsapat sz\u00f6vets\u00e9gi kapit\u00e1nyak\u00e9nt juttatta ki Spanyolorsz\u00e1got az oroszorsz\u00e1gi vil\u00e1gbajnoks\u00e1gra, \u00e1m mivel k\u00f6zben megegyezett a Real Madriddal, \u00edgy a torna kezdete el\u0151tt egy nappal menesztett\u00e9k. Az \u00e9desanyja hal\u00e1la ut\u00e1ni m\u00e1sodik legszomor\u00fabb napnak nevezte azt az \u00e9let\u00e9ben, ugyanakkor nagy rem\u00e9nyekkel v\u00e1gott bele a madridi munk\u00e1ba, \u00e9s ugyan egy Atl\u00e9tico ellen elvesz\u00edtett eur\u00f3pai Szuperkupa-d\u00f6nt\u0151vel rajtolt, a folytat\u00e1s biztat\u00f3 volt. Szeptember v\u00e9g\u00e9n azonban elkezdett visszaesni a Real teljes\u00edtm\u00e9nye, sorra j\u00f6ttek a veres\u00e9gek, \u00edgy v\u00e9g\u00fcl mind\u00f6ssze 14 m\u00e9rk\u0151z\u00e9s ut\u00e1n kir\u00fagt\u00e1k Lopeteguit \u2013 az utols\u00f3 meccse egy Barcelona ellen 5-1-re elvesz\u00edtett El Cl\u00e1sico volt. Nem k\u00f6nny\u00edtette meg a dolg\u00e1t, hogy az el\u0151tt a szezon el\u0151tt hagyta el a klubot <strong>Cristiano Ronaldo<\/strong>, akit nem siker\u00fclt p\u00f3tolni.\r\n\r\n2019 nyar\u00e1n fogadta el a Sevilla felk\u00e9r\u00e9s\u00e9t \u00e9s \u00e1lland\u00f3s\u00e1got hozott a klubhoz. A j\u00e1t\u00e9koskor\u00e1ban kapusk\u00e9nt j\u00e1tsz\u00f3 Lopetegui edz\u0151i st\u00edlus\u00e1ra a magas presszing, a h\u00e1tulr\u00f3l ind\u00edtott, nem ritk\u00e1n kock\u00e1zatos passzok a jellemz\u0151ek. Az els\u0151 h\u00e1rom szezonj\u00e1ban a Sevilla a liga \u00e9lmez\u0151ny\u00e9be tartozott a labda min\u00e9l hamarabbi visszaszerz\u00e9s\u00e9re val\u00f3 t\u00f6rekv\u00e9sben, a csapat \u00e1tlagban kilenc passzt sem enged\u00e9lyezett a riv\u00e1lisoknak a saj\u00e1t t\u00e9rfel\u00fck\u00f6n, a sevillai j\u00e1t\u00e9kosok ugyanis hamar k\u00f6zbel\u00e9ptek valamilyen v\u00e9dekez\u0151 akci\u00f3val. Ezut\u00e1n lassan, az ellenfelet provok\u00e1lva \u00e9p\u00edtgette a t\u00e1mad\u00e1sait csapat, hogy azt\u00e1n a megfelel\u0151 pillanatban lecsapjon.\r\n<h2>Egy Lopetegui-f\u00e9le g\u00f3l a Sevill\u00e1t\u00f3l:<\/h2>\r\n<blockquote class=\"twitter-tweet\">\r\n<p dir=\"ltr\" lang=\"es\">\u25b6\ufe0f \ud835\udddd\ud835\udde8\ud835\uddda\ud835\uddd4\ud835\uddd7\ud835\uddd4 \ud835\udde3\ud835\uddd4\ud835\udde5\ud835\uddd4 \ud835\uddd8\ud835\udddf \ud835\udde5\ud835\uddd8\ud835\uddd6\ud835\udde8\ud835\uddd8\ud835\udde5\ud835\uddd7\ud835\udde2 \ud83d\udcab \u26bd\ufe0f<a href=\"https:\/\/twitter.com\/hashtag\/WeareSevilla?src=hash&amp;ref_src=twsrc%5Etfw\">#WeareSevilla<\/a> <a href=\"https:\/\/twitter.com\/hashtag\/CopaDelRey?src=hash&amp;ref_src=twsrc%5Etfw\">#CopaDelRey<\/a> <a href=\"https:\/\/t.co\/wFQ2wXm3F5\">pic.twitter.com\/wFQ2wXm3F5<\/a><\/p>\r\n\u2014 Sevilla F\u00fatbol Club (@SevillaFC) <a href=\"https:\/\/twitter.com\/SevillaFC\/status\/1354526101222150147?ref_src=twsrc%5Etfw\">January 27, 2021<\/a><\/blockquote>\r\n<script async src=\"https:\/\/platform.twitter.com\/widgets.js\" charset=\"utf-8\"><\/script>\r\n\r\nEnnek a j\u00e1t\u00e9knak k\u00f6sz\u00f6nhet\u0151en h\u00e1rom egym\u00e1st k\u00f6vet\u0151 szezonban is meglett a negyedik hely a bajnoks\u00e1gban. A stabil BL-indul\u00e1s is nagy fegyvert\u00e9ny, ezek mellett pedig folytatva a klub hagyom\u00e1nyait, 2020-ban az Eur\u00f3pa Liga-gy\u0151zelem is \u00f6sszej\u00f6tt.\r\n\r\n<span class=\"highlight-block-small\">A tendencia afel\u00e9 mutatott, hogy ebb\u0151l ak\u00e1r r\u00f6vid t\u00e1von egy dobog\u00f3 is lehet, \u00e1m viszonylag hamar minden \u00f6sszeomlott.<\/span>\r\n\r\nA Sevilla a k\u00f6zelm\u00faltban t\u00f6bb labdar\u00fag\u00f3t is igazolt kiemelked\u0151 fizet\u00e9ssel, emiatt viszont eladni is k\u00e9nyszer\u00fclt, \u00edgy a m\u00falt ny\u00e1ron \u00e9rt\u00e9kes\u00edtette k\u00e9t alapember\u00e9t a v\u00e9delemb\u0151l, <strong>Jules Kound\u00e9\u00e9rt<\/strong> a Barcelona 50 milli\u00f3, <strong>Diego Carlos\u00e9rt<\/strong> az Aston Villa 31 milli\u00f3 eur\u00f3t fizetett. Csakhogy ezzel alapjaiban esett sz\u00e9t a h\u00e1ts\u00f3 alakzat, ami a bekapott g\u00f3lok ter\u00e9n meg is l\u00e1tszik: az eddigi 24 fordul\u00f3ban m\u00e1r 39-szer vett\u00e9k be a sevillai kaput, ez a sz\u00e1m az el\u0151z\u0151 h\u00e1rom szezonban egyszer sem k\u00faszott 34 f\u00f6l\u00e9 a 38 fordul\u00f3 alatt.\r\n\r\nA sportigazgat\u00f3, a kor\u00e1bban k\u00f6rberajongott <strong>Monchi<\/strong> egy ideje nem brill\u00edrozik az \u00e1tigazol\u00e1si piacon, \u00edgy voltak er\u0151s\u00edt\u00e9sek, amik bes\u00fcltek (az ingyen megszerzett <strong>Adnan Januzajt<\/strong> f\u00e9l \u00e9v ut\u00e1n k\u00f6lcs\u00f6nadt\u00e1k, <strong>Isco<\/strong> pedig m\u00e1r nem tartozik a klub k\u00f6tel\u00e9k\u00e9be), \u00e9s s\u00e9r\u00fcl\u00e9sek is s\u00fajtj\u00e1k a csapatot, <strong>Tecatito<\/strong> <strong>Corona<\/strong> p\u00e9ld\u00e1ul edz\u00e9sen t\u00f6rte el a l\u00e1b\u00e1t m\u00e9g a ny\u00e1ron, mind\u00f6ssze egy meccsen j\u00e1tszott, az \u00faj szerzem\u00e9ny <strong>Marcao<\/strong> is alig volt a p\u00e1ly\u00e1n.\r\n\r\nA j\u00e1t\u00e9k k\u00f6zben ink\u00e1bb m\u00e1r a lass\u00fa \u00e9s \u00f6tlettelen passzolgat\u00e1sba cs\u00faszott vissza, \u00e9s a g\u00f3lok sz\u00e1ma is megcsappant. Igaz\u00e1n vesz\u00e9lyes kilencest mondjuk \u00e9vek \u00f3ta nem tudott szerezni a Sevilla: <strong>Youssef En-Nesyri<\/strong> ugyan m\u00e1r 12 tal\u00e1latn\u00e1l j\u00e1r minden sorozatot figyelembe v\u00e9ve (igaz az els\u0151 g\u00f3lj\u00e1ra okt\u00f3berig, Lopetegui utols\u00f3 meccs\u00e9ig kellett v\u00e1rni), a m\u00e1sik csat\u00e1r, <strong>Rafa Mir<\/strong> viszont csak \u00f6tsz\u00f6r volt eredm\u00e9nyes. De nem Mir az egyed\u00fcli, aki alulteljes\u00edt, neh\u00e9z lenne b\u00e1rkit is pozit\u00edvan kiemelni.\r\n\r\n[caption id=\"attachment_8062\" align=\"alignnone\" width=\"1024\"]<img class=\"size-full wp-image-8062\" src=\"https:\/\/sport24.24.hu\/app\/uploads\/sites\/24\/2023\/03\/en-nesyri.jpg\" alt=\"\" width=\"1024\" height=\"683\" \/> Youssef En-Nesyri[\/caption]\r\n\r\nM\u00e1r okt\u00f3ber elej\u00e9re kider\u00fclt, hogy a var\u00e1zslatnak v\u00e9ge \u00e9s nem Lopetegui lesz az, aki kir\u00e1ngatja a Sevill\u00e1t ebb\u0151l a g\u00f6d\u00f6rb\u0151l. Akkor a 17. helyen \u00e1llt a csapat, majd a BL-ben a Dortmundt\u00f3l is kikapott 4-1-re, menesztette \u0151t a vezet\u0151s\u00e9g \u00e9s \u00e9rkezett a hely\u00e9re az a <strong>Jorge Sampaoli<\/strong>, aki kor\u00e1bban m\u00e1r szerzett egy negyedik helyet a klubn\u00e1l. Az argentin is pr\u00f3b\u00e1lta el\u00e9rni, hogy er\u0151s\u00edt\u00e9s \u00e9rkezzen a t\u00e1mad\u00f3szekci\u00f3ba, a vezet\u0151s\u00e9gnek azonban nem igaz\u00e1n siker\u00fclt a kedv\u00e9ben j\u00e1rnia a t\u00e9len.\r\n\r\n<span class=\"highlight-block-small\">\u00cdgy azt\u00e1n Sampaoli k\u00e9nytelen abb\u00f3l f\u0151znie, amije van. Ami nem t\u00fal sok.<\/span>\r\n\r\nVele sem lett jobb a helyzet, kinevez\u00e9se \u00f3ta csak a 14. legt\u00f6bb pontot szerezte a Sevilla, a bajnokik 30 sz\u00e1zal\u00e9k\u00e1t sem siker\u00fclt megnyerni. M\u00e1r a min\u0151s\u00e9gi helyzetek kidolgoz\u00e1sa ter\u00e9n is a mez\u0151ny m\u00e1sodik fel\u00e9ben szerepel a csapat Jorge Sampaoli kinevez\u00e9se \u00f3ta, de az ellenfeleknek enged\u00e9lyezett lehet\u0151s\u00e9gekben h\u00e1tulr\u00f3l az \u00f6t\u00f6dik ebben az id\u0151szakban \u2013 a jelenleg kies\u0151helyen tany\u00e1z\u00f3 klubok mellett csak a Valladolid rosszabb m\u00e9g ebben a mutat\u00f3ban a Sevill\u00e1n\u00e1l.\r\n\r\nNem m\u0171k\u00f6dik a k\u00e9mia sem az edz\u0151 \u00e9s j\u00e1t\u00e9kosai k\u00f6z\u00f6tt. Az Osasuna elleni hazai veres\u00e9g alkalm\u00e1val Sampaoli egy pap\u00edrlapot k\u00fcld\u00f6tt be a p\u00e1ly\u00e1ra <strong>Oliver Torresnek<\/strong> (nem a megszokott cetli volt, hanem egy A4-es lap), \u00e1m ekkor odarohant <strong>Marcos Acuna<\/strong>, kit\u00e9pte azt csapatt\u00e1rsa kez\u00e9b\u0151l, \u00f6sszegy\u0171rte \u00e9s eldobta. Az argentin v\u00e1logatottal vil\u00e1gbajnok balbekk az Atl\u00e9tico elleni veres\u00e9g ut\u00e1n is utalt r\u00e1, hogy nem mennek rendben a dolgok.\r\n<blockquote>Rettenetesen j\u00e1tszottunk. Itt m\u00e1r nem csak edz\u0151k\u00e9rd\u00e9s van. Elvileg minden a rendelkez\u00e9s\u00fcnkre \u00e1llt, de a j\u00e1t\u00e9kosok m\u00e9gsem \u00e9rtett\u00e9k, hogy mit is k\u00e9ne j\u00e1tszanunk<\/blockquote>\r\n\u2013 mondta a Movistarnak a j\u00e1t\u00e9kos.\r\n<blockquote class=\"twitter-tweet\">\r\n<p dir=\"ltr\" lang=\"es\">\u27a1\ufe0fLos nervios estuvieron muy presentes en el S\u00e1nchez Pizjuan en los minutos finales de partido <a href=\"https:\/\/twitter.com\/hashtag\/LaLiga?src=hash&amp;ref_src=twsrc%5Etfw\">#LaLiga<\/a><\/p>\r\n\u26bd\ufe0fOjo a la reacci\u00f3n de Acu\u00f1a tras las indicaciones de Sampaoli <a href=\"https:\/\/t.co\/D0qAjFRc76\">https:\/\/t.co\/D0qAjFRc76<\/a> <a href=\"https:\/\/t.co\/yJfwNkKUSY\">pic.twitter.com\/yJfwNkKUSY<\/a>\r\n\r\n\u2014 Teledeporte (@teledeporte) <a href=\"https:\/\/twitter.com\/teledeporte\/status\/1630225153937362954?ref_src=twsrc%5Etfw\">February 27, 2023<\/a><\/blockquote>\r\n<script async src=\"https:\/\/platform.twitter.com\/widgets.js\" charset=\"utf-8\"><\/script>\r\n\r\nA vezet\u0151edz\u0151n is ki\u00fctk\u00f6zik a fesz\u00fclts\u00e9g, ugyan a sajt\u00f3t\u00e1j\u00e9koztat\u00f3in s\u0171r\u0171n elhangzik, hogy nyugalomra van sz\u00fcks\u00e9ge a csapat\u00e1nak, \u0151 maga m\u00e1r nyolc s\u00e1rga lapot szedett \u00f6ssze a La Lig\u00e1ba val\u00f3 visszat\u00e9r\u00e9se \u00f3ta \u2013 a C\u00e1diz ellen janu\u00e1rban kett\u0151t is.\r\n\r\nB\u00e1r a h\u00edrek szerint m\u00e1r megy az ut\u00f3dkeres\u00e9s, Sampaolinak addig is gyorsan ki kell tal\u00e1lnia valamit, mert minden egyes fordul\u00f3 \u00e9let-hal\u00e1l harcot jelent csapata sz\u00e1m\u00e1ra. V\u00e1ratlanul \u00e9les ugyanis a kies\u00e9s elleni harc, a hetedik Rayo Vallecano \u00e9s a tizenkilencedik Valencia k\u00f6z\u00f6tt mind\u00f6ssze 12 pont a k\u00fcl\u00f6nbs\u00e9g. A Sevilla a k\u00f6vetkez\u0151 fordul\u00f3ban r\u00f6gt\u00f6n azzal az Almer\u00ed\u00e1val tal\u00e1lkozik, amely k\u00f6zvetlen m\u00f6g\u00f6tte van.\r\n<blockquote>Ez ilyen lesz a v\u00e9g\u00e9ig<\/blockquote>\r\n\u2013 mondta Sampaoli a madridi meccs ut\u00e1n, utalva arra, hogy nem nagyon lesz nyugodt pillanatuk tavasszal.\r\n\r\n[caption id=\"attachment_8061\" align=\"alignnone\" width=\"1024\"]<img class=\"size-full wp-image-8061\" src=\"https:\/\/sport24.24.hu\/app\/uploads\/sites\/24\/2023\/03\/sampaoli.jpg\" alt=\"\" width=\"1024\" height=\"641\" \/> Jorge Sampaoli[\/caption]\r\n\r\nA rossz eredm\u00e9nyek miatt term\u00e9szetesen a klubvezet\u00e9st is \u00e9rik a t\u00e1mad\u00e1sok, egyre nagyobb a nyom\u00e1s <strong>Jos\u00e9 Castro Carmon\u00e1n<\/strong>, a Sevilla eln\u00f6k\u00e9n. Ha a n\u00e9pharag nem lenne el\u00e9g, a klubot kor\u00e1bban vezet\u0151 <strong>Jose Maria del Nido<\/strong>, aki 2013-as t\u00e1voz\u00e1sa \u00f3ta m\u00e9g a b\u00f6rt\u00f6nt is megj\u00e1rta sikkaszt\u00e1s\u00e9rt, visszat\u00e9rne az egyes\u00fclet \u00e9l\u00e9re, \u00e9s egyre t\u00f6bben l\u00e1tn\u00e1k \u0151t sz\u00edvesen.\r\n\r\nB\u00e1rmilyen tragikusan is fest azonban a Sevilla szezonja, egy j\u00f3 hajr\u00e1val m\u00e9g lehet sz\u00e9p a lez\u00e1r\u00e1s. A bajnoks\u00e1gban az els\u0151 n\u00e9gy hely el\u00faszott, kedvenc terep\u00e9n, az Eur\u00f3pa Lig\u00e1ban ugyanakkor m\u00e9g talpon a csapat, a nyolcadd\u00f6nt\u0151ben <strong>Szalai Attila<\/strong> \u00e9s a Fenerbahce lesz az ellenf\u00e9l. M\u00e1rpedig az EL-gy\u0151zelem, ami a k\u00f6zelm\u00faltban hatszor is siker\u00fclt az andal\u00fazoknak, automatikus BL-szerepl\u00e9st \u00e9rne.\r\n\r\nK\u00e9rd\u00e9s, mennyire lehet \u00fagy sikeres Eur\u00f3p\u00e1ban egy csapat, ha k\u00f6zben otthon folyton a h\u00e1ta m\u00f6g\u00e9 kell n\u00e9znie.","type":"rich","thumbnail_url":"https:\/\/s.24.hu\/app\/uploads\/sites\/24\/2023\/03\/sevilla-150x150.jpg","thumbnail_width":150,"thumbnail_height":150}