{"version":"1.0","provider_name":"Sport24","provider_url":"https:\/\/sport24.24.hu","author_name":"Fut\u00f3 Csaba","author_url":"https:\/\/sport24.24.hu\/author\/futocs\/","title":"Le\u00edrt\u00e1k, a megfelel\u0151 t\u00e1mogat\u00e1ssal m\u00e9gis cs\u00facsra jutott \u2013 Marcus Rashford \u0151r\u00fclt form\u00e1ban","html":"Az el\u0151z\u0151 \u00e9vad egy elker\u00fclhetetlen kellemetlens\u00e9ggel kezd\u0151d\u00f6tt <strong>Marcus Rashford<\/strong> sz\u00e1m\u00e1ra. A covid miatt nagyon kor\u00e1n, augusztus m\u00e1sodik het\u00e9ben indul\u00f3 id\u00e9ny kezd\u00e9se el\u0151tt nem sokkal egy komolyabb v\u00e1llm\u0171t\u00e9ten esett \u00e1t \u2013 a s\u00e9r\u00fcl\u00e9s hossz\u00fa ideje akad\u00e1lyozta, \u00edgy elker\u00fclhetetlen volt a beavatkoz\u00e1s, de \u00edgy el\u0151sz\u00f6r a nyolcadik fordul\u00f3ban tudott p\u00e1ly\u00e1ra l\u00e9pni \u00e9s az alapoz\u00e1sa ment a kuk\u00e1ba. Ezt figyelembe v\u00e9ve, na meg hogy a visszat\u00e9r\u00e9se ut\u00e1n egy h\u00f3nappal <strong>Ole Gunnar Solskjaert<\/strong> menesztette a United, az \u0151 hely\u00e9re \u00e9rkez\u0151 <strong>Ralf Rangnick<\/strong> alatt pedig a klub borzaszt\u00f3an hektikus id\u0151ket \u00e9lt meg, nem t\u00fal meglep\u0151, hogy Rashfordnak tragikusan alakult a szezon. Soha nem z\u00e1rt kevesebb g\u00f3llal a bajnoks\u00e1gban, m\u00e9g 17 \u00e9vesen, a bemutatkoz\u00f3 \u00e9v\u00e9ben is t\u00f6bbsz\u00f6r tal\u00e1lt be az ellenfeleknek. Rengetegszer \u00e1tszorult a jobb oldalra, mik\u00f6zben az is tudja r\u00f3la, aki csup\u00e1n n\u00e9h\u00e1nyszor l\u00e1tta \u0151t futballozni, hogy a legnagyobb er\u00e9nye az, ahogy sebess\u00e9gb\u0151l, balr\u00f3l jobbra, a p\u00e1lya belseje fel\u00e9, a jobb l\u00e1b\u00e1ra cselezhessen.\r\n\r\n\u00dagy t\u0171nt, hogy a fejl\u0151d\u00e9se v\u00e9glegesen megrekedt. Hogy a s\u00e9r\u00fcl\u00e9sek, a manchesteri vezet\u0151s\u00e9ge folyamatos rossz d\u00f6nt\u00e9sei a menedzseri d\u00f6nt\u00e9sek kapcs\u00e1n, hogy nem volt, aki seg\u00edtette \u0151t l\u00e9pdelni el\u0151re, mind bek\u00e9rte az \u00e1r\u00e1t.\r\n\r\n<span class=\"highlight-block-small\">\u00c1m a ny\u00e1ron \u00e9rkezett az Ajaxt\u00f3l a holland <strong>Erik ten Hag<\/strong> \u00e9s minden megv\u00e1ltozott. A klub \u00e9s Rashford sz\u00e1m\u00e1ra is.<\/span>\r\n\r\n\u201eA foci nagyj\u00e1b\u00f3l 95%-ban a mentalit\u00e1sod k\u00e9rd\u00e9se \u2013 nyilatkozta nemr\u00e9giben Rashford a Guardiannek. \u2013 Ez adja a teljes\u00edtm\u00e9nyed alapj\u00e1t. Rengeteg kiv\u00e1l\u00f3 k\u00e9pess\u00e9gekkel rendelkez\u0151 j\u00e1t\u00e9kos van \u2013 ez\u00e9rt futballoznak a legmagasabb szinten. De ami sz\u00e9tv\u00e1lasztja \u0151ket, az a mentalit\u00e1s. Voltam m\u00e1r a rossz \u00e9s a j\u00f3 oldalon is. \u00c9rtem ennek az erej\u00e9t \u00e9s \u00e9rt\u00e9k\u00e9t. Sokkal t\u00f6bbet koncentr\u00e1lok arra, hogy a fejemben a helyemen legyek, sz\u00fcks\u00e9g van erre m\u00e9rk\u0151z\u00e9sek \u00e9s tr\u00f3fe\u00e1k megnyer\u00e9s\u00e9hez.\"\r\n\r\nRashford korunk egyik legj\u00f3t\u00e9konyabb focist\u00e1ja. Nem csup\u00e1n ad a n\u00e1la kev\u00e9sb\u00e9 szerencs\u00e9sebbeknek, de az elm\u00falt \u00e9vekben az igencsak probl\u00e9m\u00e1s helyzetben l\u00e9v\u0151 brit k\u00f6z\u00e9tkeztet\u00e9st is megpr\u00f3b\u00e1lta megreform\u00e1lni. Elk\u00e9peszt\u0151 sokat tett Nagy-Britannia gyermekeinek mindennapi t\u00e1pl\u00e1lkoz\u00e1s\u00e1\u00e9rt \u00e9s sokan azzal v\u00e1dolt\u00e1k \u0151t, hogy emiatt kev\u00e9sb\u00e9 koncentr\u00e1lt a p\u00e1ly\u00e1n \u2013 l\u0151n a visszaes\u00e9s.\r\n<div class=\"payable-content-section\"><\/div>\r\nEz nem igaz. Val\u00f3ban rengeteget k\u00fczd\u00f6tt ment\u00e1lisan, de ezt nem az a tev\u00e9kenys\u00e9ge okozta, ami\u00e9rt a Brit Birodalom Rendj\u00e9nek tagj\u00e1v\u00e1 avatt\u00e1k. A v\u00e1lla \u00e9s az emellett megjelen\u0151 kisebb-nagyobb s\u00e9r\u00fcl\u00e9sei nagyon megnehez\u00edtett\u00e9k a dolg\u00e1t, m\u00edg a k\u00edv\u00fclr\u0151l \u00e9rkez\u0151 kritika maga al\u00e1 temette. Ebb\u0151l kellett fel\u00e1llnia \u00e9s ebben ny\u00fajtott seg\u00edt\u0151 kezet neki Ten Hag. Ez a pszichikai tudatoss\u00e1g \u00e9s stabilit\u00e1s a forr\u00e1sa annak a g\u00f3l\u00f6r\u00f6m\u00e9nek is, ami id\u00e9n h\u00edres\u00fclt el.\r\n\r\n<img class=\"alignnone size-full wp-image-8000\" src=\"https:\/\/sport24.24.hu\/app\/uploads\/sites\/24\/2023\/02\/rashford.jpg\" alt=\"\" width=\"1024\" height=\"683\" \/>\r\n\r\nA holland tr\u00e9ner eg\u00e9szen pazar pedag\u00f3giai k\u00e9pess\u00e9geket villant, ami\u00f3ta meg\u00e9rkezett az Old Traffordra. Rashford t\u00e1mogat\u00e1s\u00e1n t\u00fal is t\u00f6bb MU-j\u00e1t\u00e9kosnak bizony\u00edtotta be, hogy pomp\u00e1s vezet\u0151:\r\n<ul>\r\n \t<li><strong>Jadon Sancho<\/strong> hetekre visszavonulhatott mag\u00e1n\u00e9leti probl\u00e9m\u00e1k ok\u00e1n, hogy az elm\u00falt n\u00e9h\u00e1ny meccsen nagyon \u00edg\u00e9retesen t\u00e9rhessen vissza,<\/li>\r\n \t<li><strong>Aaron Wan-Bissak\u00e1t<\/strong> egy hal\u00e1lesetet k\u00f6vet\u0151 gy\u00e1szon seg\u00edtette \u00e1t a keret \u00e9s b\u00e1r a vil\u00e1gbajnoks\u00e1gig \u00f6t \u2013 t\u00e9nyleg nem vicc, \u00f6t \u2013 j\u00e1t\u00e9kperce volt, az\u00f3ta vissza is \u00e9p\u00fclt a rot\u00e1ci\u00f3ba.<\/li>\r\n<\/ul>\r\nB\u00e1r Rashford azt gondolja, a sikeress\u00e9g\u00e9nek kulcsa t\u00falnyom\u00f3 t\u00f6bbs\u00e9gben a fej\u00e9b\u0151l \u00e9s a lelk\u00e9b\u0151l eredeztethet\u0151, az idei szintl\u00e9p\u00e9s\u00e9ben az\u00e9rt m\u00e9gsem ezek a legfontosabb t\u00e9nyez\u0151k. A ment\u00e1lis visszat\u00e9r\u00e9s \u00f6nmag\u00e1ban azt is jelenthette volna, hogy \u201ecsup\u00e1n\u201d a kor\u00e1bbi magass\u00e1gokig emelkedik vissza, \u00e1m enn\u00e9l j\u00f3val t\u00f6bbr\u0151l van sz\u00f3. Ha csak a Premier League-et n\u00e9zz\u00fck, a United saj\u00e1tnevel\u00e9s\u0171 t\u00e1mad\u00f3ja minden t\u00e9ren az eddigi leg\u00f6sszetettebb, legvesz\u00e9lyesebb id\u00e9ny\u00e9t futja. T\u00f6bb mint 3 l\u00f6v\u00e9s 90 percenk\u00e9nt, amelyeknek csaknem a fele eltal\u00e1lja a kaput. 0,45 xG \u2013 egyetlen egy elv\u00e9gzett b\u00fcntet\u0151 n\u00e9lk\u00fcl \u2013 \u00e9s 0,65 g\u00f3l. Vagyis: Rashford a bajnoks\u00e1gban 139 percenk\u00e9nt betal\u00e1l, \u00e9s akkor m\u00e9g sz\u00f3t sem ejtett\u00fcnk arr\u00f3l, hogy a Ligakup\u00e1ban 5, az Eur\u00f3pa-lig\u00e1ban 4 g\u00f3lt szerzett \u00e9s m\u00e9g az FA-kup\u00e1ban is megrezgette egyszer az ellenf\u00e9l h\u00e1l\u00f3j\u00e1t.\r\n\r\n<span class=\"highlight-block-small\">Minden sorozatot figyelembe v\u00e9ve, az \u00f6t topliga j\u00e1t\u00e9kosai k\u00f6z\u00f6tt a negyedik legt\u00f6bb k\u00f6zvetlen hozz\u00e1j\u00e1rul\u00e1st (g\u00f3lt vagy g\u00f3lpasszt) v\u00e1llalta tal\u00e1latokban. Mind\u00f6ssze <strong>Erling Haaland<\/strong>, <strong>Kylian Mbapp\u00e9<\/strong> \u00e9s <strong>Neymar<\/strong> jobb n\u00e1la \u2013 <strong>Lionel Messi<\/strong> \u00e9s <strong>Robert Lewandowski<\/strong> is h\u00e1tulr\u00f3l k\u00f6veti \u0151t.<\/span>\r\n\r\nK\u00e9t nagyon egyszer\u0171 ok \u00e1ll em\u00f6g\u00f6tt: t\u00f6bbsz\u00f6r kapja meg j\u00f3 poz\u00edci\u00f3kban a labd\u00e1t \u00e9s eleve jobb poz\u00edci\u00f3kb\u00f3l t\u00e1madhatja a kaput.\r\n<blockquote>Olyan ter\u00fcleteken mozgok, ahonnan be lehet tal\u00e1lni. Olyasvalami ez, amin sokat dolgoztam, mert \u00fagy gondolom, az k\u00f6zelm\u00faltban akkor is, amikor j\u00f3l ment, szezononk\u00e9nt 10-15 g\u00f3llal t\u00f6bbet r\u00faghattam volna<\/blockquote>\r\n\u2013 mes\u00e9lte a m\u00e1r id\u00e9zett Guardian-interj\u00faban\r\n\r\nRashford egy balsz\u00e9ls\u0151-csat\u00e1r \u00e1tmenet. Ennek megfelel\u0151en a fels\u00e9gter\u00fclete a baloldali f\u00e9lter\u00fclet: a j\u00e1t\u00e9kt\u00e9r sz\u00e9le \u00e9s centruma k\u00f6z\u00f6tti, nagyj\u00e1b\u00f3l a kapuf\u00e1kkal szemben l\u00e9v\u0151 s\u00e1v, amely a p\u00e1lya leg\u00e9rt\u00e9kesebb z\u00f3n\u00e1ja. Az azonban, ahogy a csapat szenvedett \u00e9s szerkezetileg nem \u00e1llt \u00f6ssze, kihatott Rashfordra. A kor\u00e1bbiakban sokkal ink\u00e1bb a vonalhoz k\u00f6zelr\u0151l kellett indulnia \u2013 ergo t\u00e1volabb a kaput\u00f3l - m\u00edg id\u00e9n magasan \u00e9s beljebb kap passzokat. Aprop\u00f3, passzok: az \u00e9rint\u00e9sei j\u00f3csk\u00e1n visszaestek Ten Hag alatt, sokkal kevesebbszer keresik \u0151t a t\u00e1rsak, jelent\u0151sen direktebb\u00e9 v\u00e1lt a j\u00e1t\u00e9ka. Ez az eset\u00e9ben kifejezetten j\u00f3 tendencia, mert emiatt nem neki kell felcipelnie a labd\u00e1t \u00e9s a j\u00e1t\u00e9kot szerveznie. Az a dolga, hogy \u00e9rkezzen a megfelel\u0151 zsebekbe \u00e9s a t\u00e1rsak akkor keresik csak, amikor val\u00f3di vesz\u00e9lyt tud okozni \u00e9s k\u00e9pes megsebezni az ellenfelet. Ten Hag rendszere biztos\u00edtja azt a h\u00e1l\u00f3t m\u00f6g\u00f6tte \u00e9s k\u00f6r\u00fcl\u00f6tte, ami a megfelel\u0151 ideig megtartja a labd\u00e1t, a Manchester United 10-es\u00e9nek az a feladata, hogy d\u00f6ntse el a meccseket.\r\n\r\n<img class=\"alignnone size-full wp-image-8001\" src=\"https:\/\/sport24.24.hu\/app\/uploads\/sites\/24\/2023\/02\/rashford-1-grafi.png\" alt=\"\" width=\"1366\" height=\"769\" \/>\r\n\r\n<span class=\"highlight-block-small\">\u00c9s ezt szenz\u00e1ci\u00f3s hat\u00e9konys\u00e1ggal teszi \u2013 annyira, hogy ez a temp\u00f3 hossz\u00fa t\u00e1von tarthatatlan lesz.<\/span>\r\n\r\nUgyanakkor ameddig kitart, minden sorozatban, minden ellenf\u00e9lnek rettegnie kell a V\u00f6r\u00f6s \u00d6rd\u00f6g\u00f6k kulcsember\u00e9t\u0151l. R\u00e1ad\u00e1sul ez forma a szerencse mellett j\u00f3r\u00e9szt az\u00e9rt nem is v\u00e9letlen, az el\u0151z\u0151 grafik\u00e1t tov\u00e1bbf\u0171zve, azon t\u00fal, hogy jobb helyeken kap labd\u00e1t, a kapuhoz minden eddigin\u00e9l k\u00f6zelebb engedi el azt, minden eddigin\u00e9l \u00e9rt\u00e9kesebb l\u00f6v\u00e9sek k\u00e9p\u00e9ben.\r\n\r\n<img class=\"alignnone size-full wp-image-8002\" src=\"https:\/\/sport24.24.hu\/app\/uploads\/sites\/24\/2023\/02\/rashford-2-grafi.png\" alt=\"\" width=\"817\" height=\"817\" \/>\r\n\r\nFizikai param\u00e9terek \u00e9s adotts\u00e1gok tekintet\u00e9ben ezek a legnagyobb er\u0151ss\u00e9gei:\r\n<ul>\r\n \t<li>fenomen\u00e1lis kezd\u0151sebess\u00e9g,<\/li>\r\n \t<li>sz\u00e9lv\u00e9szgyors temp\u00f3,<\/li>\r\n \t<li>sz\u00e9ls\u0151kh\u00f6z k\u00e9pest komoly magass\u00e1g \u00e9s t\u00f6rzsizomzat,<\/li>\r\n \t<li>csod\u00e1s cselez\u0151 k\u00e9szs\u00e9g.<\/li>\r\n<\/ul>\r\nHa szabad ter\u00fclet volt el\u0151tte, a feln\u0151tt futballba l\u00e9p\u00e9s\u00e9nek els\u0151 pillanat\u00e1t\u00f3l hal\u00e1los fegyverk\u00e9nt funkcion\u00e1lt. Ilyen helyzetekben szinte meg\u00e1ll\u00edthatatlan \u00e9s a Solskjaer alatt z\u00f6m\u00e9ben domin\u00e1ns kontrafociban ennek megfelel\u0151en t\u00fcnd\u00f6k\u00f6lt. Ten Hag \u00e9rkez\u00e9sekor, aki a labdabirtokl\u00e1sra alapozik \u2013 k\u00f6vetkez\u00e9sk\u00e9pp kevesebbszer ad\u00f3dik majd lehet\u0151s\u00e9g a berongyol\u00e1sra a v\u00e9delem m\u00f6g\u00e9 \u2013, adta mag\u00e1t a k\u00e9rd\u00e9s, hogyan tud majd beilleszkedni az \u00faj rendbe. Mivel a Manchester United a rendelkez\u00e9sre \u00e1ll\u00f3 keret \u00e9s a holland mester terveihez hi\u00e1nyz\u00f3 alkot\u00f3r\u00e9szek ok\u00e1n egyel\u0151re j\u00f3val direktebb, mint majd v\u00e1rhat\u00f3an lesz a j\u00f6v\u0151ben, ez f\u00e9lig eld\u00f6ntetlen. Mindazon\u00e1ltal nagyon biztat\u00f3ak a jelek. Rashford tizenhatoson bel\u00fcli mozg\u00e1sa \u00e9s helyezked\u00e9se fel\u00e1llt v\u00e9delmekkel szemben, \u00e9szrevehet\u0151en el\u0151rel\u00e9pett id\u00e9n. Sokkal gyakrabban tal\u00e1lja meg a h\u00e1tv\u00e9dek vakoldal\u00e1t, sokkal rendszeresebben \u00fctemezi helyesen a ritmusv\u00e1lt\u00e1sokat, mint a m\u00faltban. A test orient\u00e1ci\u00f3ja \u00e9s haszn\u00e1lata egy tal\u00e1n alul\u00e9rt\u00e9kelt szegmense a sport\u00e1gnak, piszkosul fontos, hogy ezek mennyire kimunk\u00e1ltak egy labdar\u00fag\u00f3 eset\u00e9ben. Ezen a t\u00e9ren is m\u00e9rf\u00f6ldeket l\u00e9pett el\u0151re Rashford: az, ahogyan eltartja mag\u00e1t\u00f3l a v\u00e9d\u0151ket, ak\u00e1r sebess\u00e9gb\u0151l \u00e9rkezve, kintr\u0151l befel\u00e9 v\u00e1gva, egyre ink\u00e1bb egy v\u00e9rbeli g\u00f3ll\u00f6v\u0151 k\u00e9p\u00e9t festik, mintsem egy f\u00fcrge sz\u00e9ls\u0151 t\u00e1mad\u00f3\u00e9t.\r\n\r\nMarcus Rashford el\u0151sz\u00f6r a 2015-16-os id\u00e9nyben szerepelt a United feln\u0151tt egy\u00fcttes\u00e9ben, az\u00f3ta h\u00e9t \u00e9v telt el. A h\u00e9t \u00e9v alatt l\u0151tt 73 Premier League-g\u00f3lj\u00e1b\u00f3l hetet szerzett fejjel \u2013 ezekb\u0151l h\u00e1rom id\u00e9n sz\u00fcletett. Gyorsas\u00e1g\u00e1n \u00e9s technikai k\u00e9pzetts\u00e9g\u00e9n t\u00fal 180 centim\u00e9teres magass\u00e1g\u00e1nak \u00e9s erej\u00e9nek kihaszn\u00e1l\u00e1sa dimenzi\u00f3kat nyithat a befejez\u00e9sei ter\u00e9n.\r\n\r\n<span class=\"highlight-block-small\">A j\u00e1t\u00e9kos hatalmas utat tett meg \u00e9s hatalmas \u00fat \u00e1llhat el\u0151tte tov\u00e1bbra is. De, ha m\u00e9g a mostani, r\u00e9miszt\u0151 \u00e9s veszedelmes \u00f6nmag\u00e1n\u00e1l is t\u00f6bb\u00e9 tud v\u00e1lni, akkor a Manchester United nemr\u00e9g megindult felemelked\u00e9s\u00e9nek legfontosabb \u00e9p\u00edt\u0151kock\u00e1ja lehet.<\/span>\r\n\r\nVas\u00e1rnap pedig nyilv\u00e1nval\u00f3 a megb\u00edzat\u00e1sa: k\u00f6zel hat \u00e9v v\u00e1rakoz\u00e1st k\u00f6vet\u0151en tr\u00f3fe\u00e1hoz seg\u00edteni a v\u00f6r\u00f6s\u00f6ket. A szurkol\u00f3k garant\u00e1ltan t\u0151le v\u00e1rj\u00e1k majd, hogy d\u00f6nts\u00f6n.","type":"rich","thumbnail_url":"https:\/\/s.24.hu\/app\/uploads\/sites\/24\/2023\/02\/marcus-rashford-150x150.jpg","thumbnail_width":150,"thumbnail_height":150}