{"version":"1.0","provider_name":"Sport24","provider_url":"https:\/\/sport24.24.hu","author_name":"Fut\u00f3 Csaba","author_url":"https:\/\/sport24.24.hu\/author\/futocs\/","title":"Az NB I legjobb form\u00e1ban l\u00e9v\u0151 csapata semmi k\u00fcl\u00f6nlegeset nem csin\u00e1l, de azt mindenkin\u00e9l jobban","html":"M\u00e9g <strong>Joao Janeiro<\/strong> vezet\u00e9s\u00e9vel a Debrecen n\u00e9gy d\u00f6ntetlennel \u00e9s k\u00e9t veres\u00e9ggel kezdte a 2022\/2023-as szezont. A hatodik fordul\u00f3ban, a Zalaegerszeg ellen 4\u20132-re elvesz\u00edtett bajnoki ut\u00e1n a Debrecen az utols\u00f3 helyre cs\u00faszott vissza a tabell\u00e1n, a portug\u00e1l edz\u0151 pedig t\u00e1vozott. A hetedik \u00e9s a nyolcadik fordul\u00f3ban, a Feh\u00e9rv\u00e1r ellen 1\u20130-ra megnyert, \u00e9s a Paks ellen ugyanilyen ar\u00e1nyban elvesz\u00edtett meccsen <strong>Dombi Tibor<\/strong> ir\u00e1ny\u00edtotta a csapatot megb\u00edzott vezet\u0151edz\u0151k\u00e9nt. A Debrecen ekkor a tizedik helyen \u00e1llt h\u00e9t ponttal. <strong>Srdan Blagojevic<\/strong> a Honv\u00e9d elleni 4\u20133-as gy\u0151zelemmel mutatkozott be a csapat \u00e9l\u00e9n a kilencedik fordul\u00f3ban, a kinevez\u00e9se \u00f3ta eltelt id\u0151szakban pedig csak a szezon elej\u00e9n elmaradt bajnokik miatt k\u00e9t meccsel t\u00f6bbet j\u00e1tsz\u00f3 Ferencv\u00e1ros szerzett t\u00f6bb pontot a Debrecenn\u00e9l, amely jelenleg a negyedik a tabell\u00e1n, mind\u00f6ssze k\u00e9t pontra a m\u00e1sodik helyt\u0151l.\r\n\r\n<img class=\"alignnone size-full wp-image-7986\" src=\"https:\/\/sport24.24.hu\/app\/uploads\/sites\/24\/2023\/02\/1-1.png\" alt=\"\" width=\"2400\" height=\"1590\" \/>\r\n\r\n<span class=\"highlight-block\">A Debrecen els\u0151sorban a hat\u00e9kony \u00e9s min\u0151s\u00e9gi t\u00e1mad\u00f3j\u00e1t\u00e9k\u00e1nak k\u00f6sz\u00f6nheti j\u00f3 szerepl\u00e9s\u00e9t.<\/span>\r\n\r\nHab\u00e1r az eddig lej\u00e1tszott 20 fordul\u00f3ban n\u00e9gy csapat is t\u00f6bbet l\u0151tt kapura, a r\u00fagott g\u00f3lok sz\u00e1m\u00e1ban csak a Ferencv\u00e1ros el\u0151zi meg a Debrecent. Az \u00f6ng\u00f3lokat nem sz\u00e1m\u00edtva a Debrecen eddig 265-sz\u00f6r l\u0151tt kapura a szezonban, \u00e9s ezekb\u0151l 35 g\u00f3lt szerzett. A l\u00f6v\u00e9sek min\u0151s\u00e9g\u00e9vel foglalkoz\u00f3 <a href=\"https:\/\/sport24.24.hu\/foci\/2023\/02\/17\/lovesek-elemzes-nb-i-nemzetkozi-futball-tizenhatos\/\">\u00edr\u00e1sunkban<\/a> m\u00e1r volt sz\u00f3 r\u00f3la, hogy az NB I mez\u0151ny\u00e9ben a Debrecennek a legkisebb az \u00e1tlagos l\u00f6v\u00e9st\u00e1vols\u00e1ga, az egy l\u00f6v\u00e9sre vet\u00edtett xG-mutat\u00f3ban pedig a m\u00e1sodik legjobb a csapat. A nemzetk\u00f6zi futballban megfigyelhet\u0151 trend, hogy egyre kevesebb a t\u00e1voli l\u00f6v\u00e9s, mert a csapatok felismert\u00e9k, hogy a tizenhatoson bel\u00fclr\u0151l h\u00e1romszor-n\u00e9gyszer akkora a g\u00f3lszerz\u00e9s es\u00e9lye. A katari vil\u00e1gbajnoks\u00e1gon p\u00e9ld\u00e1ul a ny\u00edlt j\u00e1t\u00e9khelyzet\u0171 l\u00f6v\u00e9sek 63 sz\u00e1zal\u00e9ka esett a tizenhatoson bel\u00fclr\u0151l. A Debrecen eset\u00e9ben ez az ar\u00e1ny 65,7 sz\u00e1zal\u00e9k id\u00e9n, ami a legmagasabb a magyar bajnoks\u00e1gban. Ez l\u00e9nyeg\u00e9ben megmagyar\u00e1zza, hogy mit\u0151l annyira hat\u00e9kony \u00e9s min\u0151s\u00e9gi a Debrecen t\u00e1mad\u00f3j\u00e1t\u00e9ka.\r\n\r\nHa megn\u00e9zz\u00fck a csapat l\u00f6v\u00e9seinek helyzet\u00e9t, l\u00e1tjuk, hogy a 35 g\u00f3lb\u00f3l 29 a tizenhatoson bel\u00fclr\u0151l sz\u00fcletett, r\u00e1ad\u00e1sul ezek t\u00f6bbs\u00e9g\u00e9nek helye k\u00f6zvetlen\u00fcl a kapuval szemben, az \u00f6t \u00e9s feles \u00e9s a tizenegyespont k\u00f6z\u00f6tt van.\r\n<div class=\"payable-content-section\"><\/div>\r\n<img class=\"alignnone size-full wp-image-7987\" src=\"https:\/\/sport24.24.hu\/app\/uploads\/sites\/24\/2023\/02\/2-1.png\" alt=\"\" width=\"2061\" height=\"1493\" \/>\r\n\r\nAz ellenf\u00e9l tizenhatosa azonban a p\u00e1lya legv\u00e9dettebb ter\u00fclete, ez\u00e9rt izgalmas k\u00e9rd\u00e9s, hogy hogyan tud ott ennyiszer l\u00f6v\u0151helyzetbe ker\u00fclni a Debrecen. A legegyszer\u0171bb m\u00f3dja annak, hogy a labda a tizenhatoson bel\u00fclre ker\u00fclj\u00f6n, a bead\u00e1s. A csapatok t\u00f6bbs\u00e9g\u00e9re igaz, hogy leggyakrabban bead\u00e1sb\u00f3l pr\u00f3b\u00e1lj\u00e1k a kapu el\u00e9 juttatni a labd\u00e1t, de nem mindegy, hogy milyen hat\u00e9konys\u00e1ggal teszik mindezt. Darabra az NB I-es csapatok fele t\u00f6bbsz\u00f6r ad be, mint a Debrecen, hat\u00e9konys\u00e1gban viszont senki sem el\u0151zi meg Blagojevic egy\u00fcttes\u00e9t.\r\n\r\n<img class=\"alignnone size-full wp-image-7988\" src=\"https:\/\/sport24.24.hu\/app\/uploads\/sites\/24\/2023\/02\/3-1.png\" alt=\"\" width=\"2400\" height=\"1590\" \/>\r\n\r\nA Debrecen j\u00e1t\u00e9k\u00e1ra jellemz\u0151, hogy pr\u00f3b\u00e1lja a legjobb k\u00f6rnyezetet megteremteni a bead\u00e1sokhoz. A Blagojevic alatti meccseken leggyakrabban haszn\u00e1lt form\u00e1ci\u00f3k a 4\u20132\u20133\u20131 \u00e9s a 4\u20134\u20132 voltak. Az al\u00e1bbi passzkapcsolatokat bemutat\u00f3 \u00e1br\u00e1n \u2013 ahol a k\u00f6r\u00f6k helyzete a j\u00e1t\u00e9kosok \u00e1tlagos poz\u00edci\u00f3j\u00e1t, a k\u00f6r\u00f6k nagys\u00e1ga a j\u00e1t\u00e9kosok passzainak sz\u00e1m\u00e1t, a k\u00f6r\u00f6k sz\u00edne a j\u00e1t\u00e9kosok progresszivit\u00e1s\u00e1t, a vonalak pedig a passzkapcsolatok gyakoris\u00e1g\u00e1t jelenti \u2013 l\u00e1tszik, hogy a sz\u00e9ls\u0151 v\u00e9d\u0151k \u00e9s a sz\u00e9ls\u0151 t\u00e1mad\u00f3k mindig mennyire be vannak vonva a j\u00e1t\u00e9kba, \u00e9s hogy gyakran m\u00e9g a k\u00f6z\u00e9pp\u00e1ly\u00e1sok is a f\u00e9lter\u00fcletekben j\u00e1tszanak.\r\n\r\n[caption id=\"attachment_7989\" align=\"alignnone\" width=\"2400\"]<img class=\"wp-image-7989 size-full\" src=\"https:\/\/sport24.24.hu\/app\/uploads\/sites\/24\/2023\/02\/4-1.png\" alt=\"\" width=\"2400\" height=\"1590\" \/> A p\u00e1lyarajzon a k\u00f6r\u00f6k helyzete a Debrecen kezd\u0151j\u00e1t\u00e9kosainak \u00e1tlagos poz\u00edci\u00f3j\u00e1t jel\u00f6li (a Ferencv\u00e1ros ellen az\u00e9rt van csak t\u00edz j\u00e1t\u00e9kos, mert Sylvain Deslandes-t m\u00e1r a hetedik percben le kellett cser\u00e9lni, emiatt nem voltak \u00e9rt\u00e9kelhet\u0151 sz\u00e1mai). Min\u00e9l nagyobb egy k\u00f6r, ann\u00e1l t\u00f6bb passza volt az adott j\u00e1t\u00e9kosnak. A k\u00f6r\u00f6k sz\u00edne a j\u00e1t\u00e9kosok progresszivit\u00e1s\u00e1t mutatja; min\u00e9l s\u00f6t\u00e9tebb sz\u00edn\u0171 egy k\u00f6r, ann\u00e1l nagyobb volt a progressz\u00edv passzok ar\u00e1nya az \u00f6sszes passzon bel\u00fcl. A vonalak a j\u00e1t\u00e9kosok k\u00f6z\u00f6tti passzkapcsolatok gyakoris\u00e1g\u00e1t jelentik; min\u00e9l vastagabb egy vonal, ann\u00e1l t\u00f6bb passzt adott a j\u00e1t\u00e9kos a csapatt\u00e1rs\u00e1nak (csak a legal\u00e1bb \u00f6t passzb\u00f3l \u00e1ll\u00f3 passzkapcsolatok vannak megjelen\u00edtve).[\/caption]\r\n\r\nMindennek megfelel\u0151en a Debrecen passzai is a sz\u00e9lek ir\u00e1ny\u00e1ba vannak terelve. Ha megn\u00e9zz\u00fck, hogy a p\u00e1lya mely ter\u00fcleteire mennek az el\u0151re fel\u00e9 ir\u00e1nyul\u00f3, a saj\u00e1t t\u00e9rf\u00e9lr\u0151l ind\u00edtott 15\u201330 m\u00e9teres, \u00e9s az ellenf\u00e9l t\u00e9rfel\u00e9r\u0151l ind\u00edtott legal\u00e1bb t\u00edzm\u00e9teres progressz\u00edv passzok, azt l\u00e1tjuk, hogy t\u00f6bb mint 46 sz\u00e1zal\u00e9kban a sz\u00e9leken vannak a c\u00e9lz\u00f3n\u00e1k.\r\n\r\n<span class=\"highlight-block-small\">J\u00e1t\u00e9kos szinten messze <strong>Dzsudzs\u00e1k Bal\u00e1zsnak<\/strong> van a legt\u00f6bb ilyen t\u00edpus\u00fa passza a csapatb\u00f3l (244),<\/span>\r\n\r\n\u0151t <strong>Ferenczi J\u00e1nos<\/strong> (143), <strong>B\u00e9v\u00e1rdi Zsombor<\/strong> (76), <strong>Kusny\u00edr Erik<\/strong> (73) \u00e9s <strong>Sz\u00e9csi M\u00e1rk<\/strong> (71) k\u00f6veti a sorban.\r\n\r\n<img class=\"alignnone size-full wp-image-7990\" src=\"https:\/\/sport24.24.hu\/app\/uploads\/sites\/24\/2023\/02\/5-1.png\" alt=\"\" width=\"2400\" height=\"1590\" \/>\r\n\r\nA progressz\u00edv passzok ir\u00e1nya mellett van m\u00e9g egy sokatmond\u00f3 adat arra vonatkoz\u00f3an, hogy a Debrecen a sz\u00e9lek fel\u00e9 forgatja a j\u00e1t\u00e9kot. Az ellenf\u00e9l tizenhatosa el\u0151tti, k\u00f6z\u00e9ps\u0151 ter\u00fclet az \u00fagynevezett 14-es z\u00f3na. A 14-es z\u00f3n\u00e1r\u00f3l \u00fagy tartj\u00e1k, hogy a b\u00fcntet\u0151ter\u00fclet ut\u00e1n ez a p\u00e1lya leg\u00e9rt\u00e9kesebb ter\u00fclete, ahonnan a legnagyobb vesz\u00e9lyt lehet teremteni. Ennek f\u0151leg az ir\u00e1ny\u00edt\u00f3k kor\u00e1ban volt jelent\u0151s\u00e9ge, amikor azt \u00e1llap\u00edtott\u00e1k meg, hogy azok a csapatok, amelyek t\u00f6bb passzt j\u00e1tszanak meg ebben a z\u00f3n\u00e1ban, sikeresebbek, mint a t\u00f6bbiek. Ilyen volt p\u00e9ld\u00e1ul az 1998-ban vil\u00e1gbajnoks\u00e1got, 2000-ben Eur\u00f3pa-bajnoks\u00e1got nyert francia v\u00e1logatott. A 14-es z\u00f3na m\u00e1ra vesz\u00edtett jelent\u0151s\u00e9g\u00e9b\u0151l, de m\u00e9g mindig az egyik leg\u00e9rt\u00e9kesebb ter\u00fclet, ami a labdabirtokl\u00e1st \u00e9s a g\u00f3lhelyzetek kialak\u00edt\u00e1s\u00e1t illeti.\r\n\r\nA teljes NB I-es mez\u0151nyben a Debrecen adja a legkevesebb labd\u00e1t a tizenhatoson bel\u00fclre ebb\u0151l a z\u00f3n\u00e1b\u00f3l. Dzsudzs\u00e1k\u00e9k eddig mind\u00f6ssze 24-szer pr\u00f3b\u00e1lt\u00e1k meg bej\u00e1tszani innen a labd\u00e1t a b\u00fcntet\u0151ter\u00fcletre, mik\u00f6zben a liga\u00e1tlag 37, az ebben a tekintetben els\u0151 Ferencv\u00e1ros pedig t\u00f6bb mint k\u00e9t \u00e9s f\u00e9lszer ennyi, \u00f6sszesen 63 passzal pr\u00f3b\u00e1lkozott.\r\n\r\n[caption id=\"attachment_7991\" align=\"alignnone\" width=\"2400\"]<img class=\"size-full wp-image-7991\" src=\"https:\/\/sport24.24.hu\/app\/uploads\/sites\/24\/2023\/02\/6-1.png\" alt=\"\" width=\"2400\" height=\"1590\" \/> Az NB I-ben eddig a Debrecen passzolt a legkevesebbszer a b\u00fcntet\u0151ter\u00fcletre a 14-es z\u00f3n\u00e1b\u00f3l. A passzok ir\u00e1ny\u00e1b\u00f3l l\u00e1tszik, hogy innen is ink\u00e1bb a sz\u00e9lek fel\u00e9 j\u00e1tssz\u00e1k ki a labd\u00e1kat (a z\u00f6ld a pontos, a sz\u00fcrke a pontatlan passzokat jel\u00f6li).[\/caption]\r\n\r\nA Debrecen teh\u00e1t tudatosan haszn\u00e1lja a sz\u00e9leket, hogy onnan juttassa a kapu el\u00e9 a labd\u00e1t. A k\u00f6vetkez\u0151 \u00e1bra azt is j\u00f3l megmutatja, hogy a j\u00e1t\u00e9kosok gyakran m\u00e1r az ellenf\u00e9l t\u00e9rfel\u00e9nek k\u00f6zep\u00e9r\u0151l c\u00e9lba veszik a b\u00fcntet\u0151ter\u00fcletet, \u00e9s nem akarj\u00e1k minden\u00e1ron az alapvonalig vinni a labd\u00e1t. H\u00e1rom bead\u00e1sb\u00f3l egy m\u00e1r maximum az ellenf\u00e9l t\u00e9rfel\u00e9nek k\u00f6zep\u00e9n megt\u00f6rt\u00e9nik.\r\n\r\n<img class=\"alignnone size-full wp-image-7992\" src=\"https:\/\/sport24.24.hu\/app\/uploads\/sites\/24\/2023\/02\/7-1.png\" alt=\"\" width=\"2400\" height=\"1590\" \/>\r\n\r\nEnn\u00e9l azonban sokkal fontosabb, hogy hov\u00e1 \u00e9s milyen hat\u00e9konys\u00e1ggal \u00e9rkeznek a bead\u00e1sok. Az NB I tizen\u00f6t leghat\u00e9konyabb bead\u00f3ja k\u00f6z\u00f6tt h\u00e1rom debreceni is tal\u00e1lhat\u00f3, \u00f6sszesen pedig heten (!) vannak olyanok, akik a liga\u00e1tlag (38,9 sz\u00e1zal\u00e9k) feletti hat\u00e9konys\u00e1ggal adnak be;\r\n<ul>\r\n \t<li><strong>Christian Manrique<\/strong> (58,3 sz\u00e1zal\u00e9k),<\/li>\r\n \t<li>Kusny\u00edr Erik (55,6 sz\u00e1zal\u00e9k),<\/li>\r\n \t<li>B\u00e9v\u00e1rdi Zsombor (54,5 sz\u00e1zal\u00e9k),<\/li>\r\n \t<li><strong>Alexandros Kyziridis<\/strong> (50 sz\u00e1zal\u00e9k),<\/li>\r\n \t<li>Dzsudzs\u00e1k Bal\u00e1zs (47,7 sz\u00e1zal\u00e9k),<\/li>\r\n \t<li><strong>S\u00f3s Bence<\/strong> (46,2 sz\u00e1zal\u00e9k),<\/li>\r\n \t<li>Ferenczi J\u00e1nos (45,9 sz\u00e1zal\u00e9k).<\/li>\r\n<\/ul>\r\nFontos, hogy itt is csak a ny\u00edlt j\u00e1t\u00e9khelyzet\u0171 bead\u00e1sokat vett\u00fck sz\u00e1m\u00edt\u00e1sba (a r\u00f6gz\u00edtett j\u00e1t\u00e9khelyzetek nincsenek benne), \u00e9s csak azokat a j\u00e1t\u00e9kosokat, akiknek volt m\u00e1r legal\u00e1bb t\u00edz bead\u00e1suk a szezonban (ezzel kisz\u0171rve a sz\u00e9ls\u0151s\u00e9ges eseteket).\r\n\r\n<span class=\"highlight-block-small\">A Debrecen bead\u00e1sai viszont nemcsak az\u00e9rt vesz\u00e9lyesek, mert a sz\u00e9ls\u0151k a liga leghat\u00e9konyabb bead\u00f3i k\u00f6z\u00e9 tartoznak, hanem az\u00e9rt is, mert k\u00f6zvetlen\u00fcl a kapu el\u00e9, az \u00f6t \u00e9s feles \u00e9s a tizenegyespont k\u00f6z\u00f6tti ter\u00fcletre \u00e9rkeznek a leggyakrabban, ahonnan azonnal, egy \u00e9rint\u00e9sb\u0151l lehet l\u0151ni vagy fejelni.<\/span>\r\n\r\nA Debrecen az eddigi 35 g\u00f3lj\u00e1b\u00f3l tizenkett\u0151t ny\u00edlt j\u00e1t\u00e9khelyzet\u0171 bead\u00e1s ut\u00e1n szerzett (ebb\u0151l nyolcat egy \u00e9rint\u00e9sb\u0151l), ha pedig hozz\u00e1vessz\u00fck a sz\u00f6glet vagy szabadr\u00fag\u00e1s ut\u00e1n l\u0151tt g\u00f3lokat is, akkor \u00f6sszesen tizenkilenc g\u00f3lja van k\u00f6z\u00e9pre adott labd\u00e1b\u00f3l.\r\n\r\n<img class=\"alignnone size-full wp-image-7993\" src=\"https:\/\/sport24.24.hu\/app\/uploads\/sites\/24\/2023\/02\/8.png\" alt=\"\" width=\"2400\" height=\"1590\" \/>\r\n\r\nA Debrecen j\u00e1t\u00e9k\u00e1nak legf\u0151bb kedvezm\u00e9nyezettje az els\u0151 sz\u00e1m\u00fa k\u00f6z\u00e9pcsat\u00e1r, <strong>Dorian Babunsk<\/strong>i, aki val\u00f3sz\u00edn\u0171leg az NB I legjobb form\u00e1ban l\u00e9v\u0151 j\u00e1t\u00e9kosa. Babunski igazi kilencesk\u00e9nt funkcion\u00e1l, akinek az eddigi 38 l\u00f6v\u00e9s\u00e9b\u0151l 30 a tizenhatoson bel\u00fclr\u0151l esett. A l\u00f6v\u00e9seinek helyzete t\u00f6bbs\u00e9g\u00e9ben a kapuval szemben volt \u2013 ott, ahov\u00e1 a Debrecen bead\u00e1sai \u00e9rkeznek \u2013, a kilenc g\u00f3lj\u00e1b\u00f3l pedig nyolcat innen szerzett. Hogy mennyire hat\u00e9konyan hozz\u00e1k helyzetbe Babunskit, j\u00f3l mutatja, hogy a csat\u00e1r l\u00f6v\u00e9seinek kaput\u00f3l vett \u00e1tlagos t\u00e1vols\u00e1ga mind\u00f6ssze 12,66 m\u00e9ter, az xG\/l\u00f6v\u00e9s mutat\u00f3ja pedig 0,205, ami nemzetk\u00f6zi viszonylatban is kimondottan j\u00f3nak sz\u00e1m\u00edt.\r\n\r\n<img class=\"alignnone size-full wp-image-7994\" src=\"https:\/\/sport24.24.hu\/app\/uploads\/sites\/24\/2023\/02\/9-1.png\" alt=\"\" width=\"2055\" height=\"1471\" \/>\r\n\r\nA Debrecennek a j\u00e1t\u00e9ka teh\u00e1t \u00fagy van fel\u00e9p\u00edtve, hogy a t\u00e1mad\u00e1s v\u00e9g\u00e9n a kapuhoz k\u00f6zel, lehet\u0151s\u00e9g szerint min\u00e9l kevesebb \u00e9rint\u00e9sb\u0151l tudjanak l\u0151ni a k\u00f6z\u00e9pen \u00e9rkez\u0151k. Ennek a k\u00f6rnyezetnek a megteremt\u00e9s\u00e9hez a bead\u00e1s a legjobb eszk\u00f6z, amiben a debreceni j\u00e1t\u00e9kosok j\u00f3val a liga\u00e1tlag felett teljes\u00edtenek.\r\n\r\n<em>A szerz\u0151 Kov\u00e1cs G\u00e1bor, az MLSZ adatelemz\u0151je.<\/em>","type":"rich","thumbnail_url":"https:\/\/s.24.hu\/app\/uploads\/sites\/24\/2023\/02\/debrecen-150x150.jpg","thumbnail_width":150,"thumbnail_height":150}