{"version":"1.0","provider_name":"Sport24","provider_url":"https:\/\/sport24.24.hu","author_name":"Bruckner G\u00e1bor","author_url":"https:\/\/sport24.24.hu\/author\/brucknerg\/","title":"Jesse Marsch \u00e9s a gegenpressing \u00f6r\u00f6k \u00edg\u00e9rete","html":"<strong>Jesse Marsch<\/strong> 21 meccsen \u00e1t \u00fclt a RB Leipzig kispadj\u00e1n 2021 \u0151sz\u00e9n, miel\u0151tt fel\u00e1ll\u00edtott\u00e1k onnan: mind\u00f6ssze \u00f6t\u00f6t nyert meg a tizenn\u00e9gy bajnokij\u00e1b\u00f3l, a komoly bab\u00e9rokra t\u00f6r\u0151 csapat a tizenegyedik helyen szer\u00e9nykedett, r\u00e1ad\u00e1sul az utols\u00f3 n\u00e9gy meccs\u00e9b\u0151l h\u00e1rmat is elvesz\u00edtett. Mindek\u00f6zben a Bajnokok Lig\u00e1j\u00e1ban sem jutott tov\u00e1bb a csoportk\u00f6rb\u0151l. Nem t\u00fcntettek teh\u00e1t a szurkol\u00f3k Marsch meneszt\u00e9se ellen, az eredm\u00e9nyek maguk\u00e9rt besz\u00e9ltek: valami\u00e9rt nem siker\u00fclt az amerikai edz\u0151 lipcsei kalandja.\r\n\r\nNem volt azonban ideje szomorkodni, mert nem sokkal k\u00e9s\u0151bb m\u00e1r arr\u00f3l sz\u00f3ltak a h\u00edrek, hogy a Leeds Marsch-ban l\u00e1tja <strong>Marcelo Bielsa<\/strong> ide\u00e1lis ut\u00f3dj\u00e1t, \u00e9s mint k\u00e9s\u0151bb kider\u00fclt, fel is vett\u00e9k vele a kapcsolatot: ha minden j\u00f3l megy, ny\u00e1rt\u00f3l \u00e1tvehetn\u00e9 a staf\u00e9t\u00e1t. De a csapat id\u0151k\u00f6zben olyan r\u00e9mes sorozatot produk\u00e1lt, hogy a klubvezet\u00e9s megijedt, \u00e9s tavaly febru\u00e1rban ink\u00e1bb \u00fagy d\u00f6nt\u00f6tt, el\u0151r\u00e9bb hozza az ut\u00f3dl\u00e1st: Bielsa ment, Marsch j\u00f6tt, \u00e9s mindj\u00e1rt volt is dolga b\u0151ven. Nem mondhatni, hogy az egy\u00fcttes felt\u00e1madt volna, de nagy nehezen m\u00e9gis \u00f6sszekapart annyi pontot, hogy az utols\u00f3 fordul\u00f3ban siker\u00fclj\u00f6n kiv\u00edvnia a bennmarad\u00e1st.\r\n\r\nCsakhogy a k\u00f6vetkez\u0151 \u00e9vben sem \u00e1llt \u00f6ssze a jelent\u0151sen meger\u0151s\u00edtett t\u00e1rsas\u00e1g, az \u00edg\u00e9retes indul\u00e1s ut\u00e1n a Leeds novemberre m\u00e1r \u00fajra a kies\u0151z\u00f3na k\u00f6zel\u00e9be ker\u00fclt.\r\n\r\n<span class=\"highlight-block-small\">De a klub ezut\u00e1n is kitartott Marsch mellett, olyannyira, hogy janu\u00e1rban \u00fajabb j\u00e1t\u00e9kosokat v\u00e1s\u00e1rolt, l\u00e1tsz\u00f3lag kifejezetten az edz\u0151 k\u00e9r\u00e9s\u00e9re.<\/span>\r\n\r\nEz\u00e9rt lehetett csak meglep\u0151, hogy febru\u00e1r elej\u00e9n m\u00e9gis szerz\u0151d\u00e9st bontottak vele a Nottingham Forest elleni veres\u00e9get k\u00f6vet\u0151en, merthogy az eredm\u00e9nyek egy\u00e1ltal\u00e1n nem igazolt\u00e1k az amerikaiba vetett bizalmat.\r\n\r\nEnnek ellen\u00e9re napokkal k\u00e9s\u0151bb Marsch m\u00e1r egy m\u00e1sik, kies\u00e9s ellen k\u00fczd\u0151 Premier League-csapattal t\u00e1rgyalt. T\u00e9ny, hogy nincs m\u00e1r sz\u00e9les v\u00e1laszt\u00e9k \u00e1ll\u00e1s n\u00e9lk\u00fcli edz\u0151kb\u0151l, akik sz\u00edvesen dolgoznak a PL sereghajt\u00f3j\u00e1n\u00e1l, m\u00e9gis felszaladt j\u00f3 n\u00e9h\u00e1ny szem\u00f6ld\u00f6k a h\u00edrre, hogy a Southampton Marschot tartja a legmegfelel\u0151bb jel\u00f6ltnek a kispadra, elv\u00e9gre mindk\u00e9t toplig\u00e1s klubj\u00e1n\u00e1l elbukott. Ennyire meggy\u0151z\u0151ek lenn\u00e9nek az osztr\u00e1k \u00e9s az amerikai bajnoks\u00e1gban el\u00e9rt eredm\u00e9nyei?\r\n\r\nAz biztos, hogy\r\n\r\n<span class=\"highlight-block\">a wisconsini Marsch enn\u00e9l nem is lehetne amerikaibb, <\/span>\r\n\r\nnem v\u00e9letlen\u00fcl emlegetik vele kapcsolatban \u00e1lland\u00f3an a Ted Lasso c\u00edm\u0171 v\u00edgj\u00e1t\u00e9ksorozat f\u0151h\u0151s\u00e9t, aki szint\u00e9n Amerik\u00e1b\u00f3l j\u00f6n egy angol csapathoz. Nem felt\u00e9tlen\u00fcl igazs\u00e1gos (pl\u00e1ne, hogy nem Marsch az els\u0151 Egyes\u00fclt \u00c1llamokb\u00f3l \u00e9rkezett edz\u0151 Angli\u00e1ban), de t\u00e9ny: \u0151 maga is sokat tett az\u00e9rt, hogy amerikai sztereot\u00edpi\u00e1k jussanak esz\u00fcnkbe r\u00f3la. P\u00e9ld\u00e1ul rengeteget besz\u00e9lt. N\u00e9ha egyenesen olyan volt, mintha valami \u00f6nfejleszt\u0151 guru okoss\u00e1gait visszhangozn\u00e1, elmondta, hogy megn\u00e9zette a j\u00e1t\u00e9kosaival a pekingi olimpi\u00e1n gy\u0151ztes amerikai kos\u00e1rcsapatr\u00f3l k\u00e9sz\u00fclt Netflix-dokumentumfilmet, megint m\u00e1skor k\u00f6z\u00f6lte, hogy h\u00edres emberekt\u0151l \u2013 <strong>Gandhit\u00f3l, Ter\u00e9z any\u00e1t\u00f3l, Muhammad Alit\u00f3l<\/strong> \u2013 vett id\u00e9zetekkel motiv\u00e1lja a j\u00e1t\u00e9kosait. M\u00e1r az szokatlan volt, hogy Marsch j\u00f3val t\u00f6bbet nyilatkozott, mint az \u00e1tlagos PL-edz\u0151, de id\u0151vel nemcsak az volt a probl\u00e9ma, hogy amerikai bullshit-gener\u00e1tornak t\u0171nt, hanem a klubnak is kellemetlenn\u00e9 v\u00e1lt az \u00e1lland\u00f3 szerepl\u00e9se. Pl\u00e1ne, hogy Marsch n\u00e9ha fel\u00e9rt egy p\u00ed\u00e1rkatasztr\u00f3f\u00e1val: a Ter\u00e9z any\u00e1s id\u00e9zetei miatt m\u00e9g csak kinevett\u00e9k, de amikor janu\u00e1rban bejelentette, hogy regisztr\u00e1lt a legink\u00e1bb \u00e1ll\u00e1skeres\u00e9sre haszn\u00e1lt LinkedIn-re, az m\u00e9g sz\u00fcks\u00e9gtelen h\u00edresztel\u00e9seket is gerjesztett.\r\n<div class=\"payable-content-section\"><\/div>\r\n<span class=\"highlight-block\">\u00c9s akkor m\u00e9g nem besz\u00e9lt\u00fcnk Marsch \u00e1lland\u00f3 cirkuszol\u00e1s\u00e1r\u00f3l <\/span>\r\n\r\na p\u00e1ly\u00e1n: emiatt egy id\u0151 ut\u00e1n k\u00fcl\u00f6n figyelmeztette is a klubvezet\u00e9s. Persze mindezek eln\u00e9zhet\u0151k lettek volna, hiszen, ha j\u00f6nnek az eredm\u00e9nyek, kit zavar, ha az edz\u0151 kicsit fura figura? Csakhogy az \u0151 eset\u00e9ben nem ez volt a helyzet. A tavaly tavaszi teljes\u00edtm\u00e9ny sem volt meggy\u0151z\u0151, de ott mindent h\u00e1tt\u00e9rbe szor\u00edtott a t\u00e9ny, hogy siker\u00fclt kiv\u00edvni a bennmarad\u00e1st: m\u00e9g ha kellett ehhez a Newcastle gy\u0151zelme is a Burnley ellen a z\u00e1r\u00f3napon, \u00e9s az sem volt mell\u00e9kes, hogy a Leeds azt a Brentfordot gy\u0171rte le nagy nehezen, amely kilenc emberrel fejezte be a meccset. De mindez m\u00e1snap m\u00e1r nem \u00e9rdekelt senkit, a l\u00e9nyeg az volt, hogy a \u00a0Leeds \u00fajabb egy \u00e9vvel meghosszabb\u00edtotta Premier League-tags\u00e1g\u00e1t.\r\n\r\n<img class=\"aligncenter wp-image-7907 size-large\" src=\"https:\/\/sport24.24.hu\/app\/uploads\/sites\/24\/2023\/02\/000_336c2j6-1024x683.jpg\" alt=\"\" width=\"1024\" height=\"683\" \/>\r\n\r\nA klub pedig hat feln\u0151ttj\u00e1t\u00e9kost igazolt a ny\u00e1ron, k\u00f6z\u00fcl\u00fck h\u00e1rom is Marsch kor\u00e1bbi klubjaib\u00f3l \u00e9rkezett: <strong>Brenden Aaronson<\/strong> \u00e9s <strong>Rasmus Kristensen<\/strong> a Salzburgb\u00f3l, <strong>Tyler Adams<\/strong> pedig a Lipcs\u00e9b\u0151l. Ez egy\u00e9rtelm\u0171 jele volt annak, hogy a Leeds Marsch-sal k\u00e9pzeli el a j\u00f6v\u0151j\u00e9t, \u00e9s amikor az egy\u00fcttes a harmadik fordul\u00f3ban szenz\u00e1ci\u00f3s j\u00e1t\u00e9kkal 3-0-ra verte a Chelsea-t, m\u00e9g \u00fagy is t\u0171nhetett, hogy ennek a bizalomnak van alapja. Elv\u00e9gre h\u00e9t ponttal, veretlen\u00fcl \u00e1llt a csapat, \u00e9s senki sem gondolt arra, hogy nem sokkal k\u00e9s\u0151bb megint a kies\u00e9s ellen kell k\u00fczdenie. Pedig \u00edgy t\u00f6rt\u00e9nt:\r\n\r\n<span class=\"highlight-block-small\">a k\u00f6vetkez\u0151 nyolc bajnokib\u00f3l egyet sem tudott megnyerni a Leeds, s\u0151t nagy pofonokat is kapott, \u00e9s okt\u00f3ber v\u00e9g\u00e9n, a Fulham elleni hazai veres\u00e9g ut\u00e1n a szurkol\u00f3k m\u00e1r Marsch t\u00e1voz\u00e1s\u00e1t k\u00f6vetelt\u00e9k.<\/span>\r\n\r\nEkkor azonban v\u00e1ratlanul nyert a g\u00e1rda Liverpoolban, ahol a szerencse is nagy szerepet j\u00e1tszott a gy\u0151zelemben, de az Anfield Roadon aratott sikert nem kell megmagyar\u00e1zni. Marsch teh\u00e1t megmenek\u00fclt, b\u00e1r amikor a k\u00f6vetkez\u0151 meccsen a Bournemouth a m\u00e1sodik f\u00e9lid\u0151 elej\u00e9n 3-1-re vezetett az Elland Roadon, \u00fagy t\u0171nt, t\u00e9nyleg itt a v\u00e9ge. Ehhez k\u00e9pest szenz\u00e1ci\u00f3s hajr\u00e1val siker\u00fclt megford\u00edtani az \u00e1ll\u00e1st, a Marsch-f\u00e9le k\u00e1oszfoci ez\u00fattal a Leedsnek kedvezett, \u00e9s a gy\u0151zelem ut\u00e1n kisebbs\u00e9gben maradtak azok, akik felemlegett\u00e9k: az\u00e9rt az nem ok\u00e9, hogy a m\u00e9rk\u0151z\u00e9s nagyobb r\u00e9sz\u00e9ben a Bournemouth sim\u00e1n lefocizta a hazaiakat. A tal\u00e1lkoz\u00f3 ut\u00e1n bej\u00e1rta a Twittert a Leeds szakmai igazgat\u00f3j\u00e1r\u00f3l, <strong>Victor Ort\u00e1r\u00f3l<\/strong> k\u00e9sz\u00fclt vide\u00f3, amint diadalittasan parodiz\u00e1lta azokat a szurkol\u00f3kat, akik a vezet\u0151s\u00e9g t\u00e1voz\u00e1s\u00e1t k\u00f6vetelt\u00e9k. Ez tavaly november 5-\u00e9n t\u00f6rt\u00e9nt, \u00e9s a d\u00e1tum az\u00e9rt \u00e9rdekes, mert az\u00f3ta a Leeds nem nyert egyetlen bajnokit sem, pedig hetet is j\u00e1tszott.\r\n\r\nOrta kiemel\u00e9se nem v\u00e9letlen, hiszen Marsch legink\u00e1bb az \u0151 \u00f6tlete volt, mik\u00e9ppen az is, hogy m\u00e9g janu\u00e1rban is az edz\u0151h\u00f6z passzol\u00f3 j\u00e1t\u00e9kosokat igazoljon a klub: \u00edgy j\u00f6tt egy harmadik Salzburg-j\u00e1t\u00e9kos (<strong>Maximilian W\u00f6ber<\/strong>), illetve egy harmadik amerikai (<strong>Weston McKennie<\/strong>). S\u0151t a h\u00edrek szerint Orta hevesen ellenezte Marsch kir\u00fag\u00e1s\u00e1t, \u00e9s rend\u00fcletlen\u00fcl hitt abban, hogy v\u00e9gre t\u00e9nyleg \u00f6ssze\u00e1ll a csapata, de a Nottingham Forest elleni veres\u00e9g ut\u00e1n m\u00e1r kisebbs\u00e9gbe szorult. A spanyol szakmai igazgat\u00f3 tev\u00e9kenys\u00e9ge eddig is vonzotta a kritikusokat, de mivel Marcelo Bielsa szerz\u0151dtet\u00e9s\u00e9ben f\u0151szerepet j\u00e1tszott, Orta mindeddig tudott mire hivatkozni. \u00c1m a Marsch ir\u00e1nti v\u00e9gtelen bizalom nehezen \u00e9rthet\u0151, \u00e9s nem csak az\u00e9rt, mert a Leeds most j\u00f3val er\u0151sebb kerettel tart ugyanott, ahol Biels\u00e1val tartott tavaly, miel\u0151tt az argentin edz\u0151t menesztett\u00e9k.\r\n\r\nAhogyan arra t\u00f6bb cikk is r\u00e1mutatott, az eredm\u00e9nyeken t\u00fal\r\n\r\n<span class=\"highlight-block-small\">az az \u00e1ll\u00edt\u00e1s sem stimmelt, hogy Marsch st\u00edlusa passzolt Biels\u00e1\u00e9hoz, holott Orta negyven jel\u00f6lt k\u00f6z\u00fcl v\u00e1lasztotta ki ut\u00f3dk\u00e9nt a salzburgi k\u00e9t \u00e9ve alapj\u00e1n. <\/span>\r\n\r\nCsakhogy am\u00edg Bielsa csapata nemcsak rend\u00fcletlen\u00fcl let\u00e1madott, hanem b\u00e1tran haszn\u00e1lta a sz\u00e9leket \u00e9s a labdabirtokl\u00e1sra is nagy s\u00falyt fektetett, addig a Marsch-f\u00e9le Leeds k\u00f6z\u00e9pen t\u00f6m\u00f6r\u00fclt, egy\u00e1ltal\u00e1n nem becs\u00fclte meg a labd\u00e1t, \u00e9s mindenekel\u0151tt felt\u0171n\u0151en lyukas volt a v\u00e9delme. Kiz\u00e1r\u00f3lag az intenzit\u00e1s volt a Bielsa-\u00e9r\u00e1hoz m\u00e9rhet\u0151, de az egy\u00fcttes az esetek t\u00f6bbs\u00e9g\u00e9ben csup\u00e1n ideig-\u00f3r\u00e1ig b\u00edrta a saj\u00e1t temp\u00f3j\u00e1t. Ehhez t\u00e1rsult, hogy hi\u00e1ba t\u00e1madott vadul, a mez\u0151nyf\u00f6l\u00e9ny csak ritk\u00e1n eredm\u00e9nyezett g\u00f3lt. A jelek szerint a Premier League is gyorsan kiismerte Marsch st\u00edlus\u00e1t.\r\n\r\n<img class=\"aligncenter wp-image-7905 size-large\" src=\"https:\/\/sport24.24.hu\/app\/uploads\/sites\/24\/2023\/02\/000_33722vg-1024x683.jpg\" alt=\"\" width=\"1024\" height=\"683\" \/>\r\n\r\nA Marsch-id\u0151szak emblematikus meccse tal\u00e1n az Aston Villa otthon\u00e1ban j\u00e1tszott janu\u00e1ri bajnoki volt, melyen a Leeds r\u00f6gt\u00f6n nekiesett a h\u00e1zigazd\u00e1nak, helyzeteket alak\u00edtott ki, de a vezet\u00e9st a Villa szerezte meg egy sz\u00f6gletb\u0151l indul\u00f3 kontra v\u00e9g\u00e9n. Ezt k\u00f6vet\u0151en tov\u00e1bb rohamoztak a vend\u00e9gek, de vagy a t\u00e1mad\u00f3k hib\u00e1ztak, vagy a vil\u00e1gbajnok <strong>Emi Martinez<\/strong> v\u00e9dett brav\u00farosan. A sz\u00fcnetben azt\u00e1n <strong>Unai Emery<\/strong> \u00f6sszekapta a Vill\u00e1t, a m\u00e1sodik f\u00e9lid\u0151ben massz\u00edvabb lett a hazai csapat, \u00e9s ugyan tov\u00e1bbra is a Leeds t\u00e1madott t\u00f6bbet, a sz\u00f3rv\u00e1nyos hazai kontr\u00e1k mindig vesz\u00e9llyel fenyegettek, majd az egyik ilyen ism\u00e9t g\u00f3llal v\u00e9gz\u0151d\u00f6tt. Hi\u00e1ba sz\u00e9p\u00edtett a Leeds, a v\u00e9g\u00e9re m\u00e1r elfogyott az er\u0151, \u00e9s a sok vend\u00e9ghelyzet ellen\u00e9re a Villa gy\u0151z\u00f6tt. Hasonl\u00f3 volt a recept a Marsch buk\u00e1s\u00e1t hoz\u00f3, Nottingham Forest elleni meccsen is, amelyen a Leeds domin\u00e1lt, g\u00f3lt azonban a Forest szerzett, majd amikor a sz\u00fcnet ut\u00e1n <strong>Steve Cooper<\/strong> vissz\u00e1bb vonta a csapat\u00e1t, Marschnak nem volt v\u00e1lasza, \u00e9s j\u00e1t\u00e9kosai tan\u00e1cstalanul l\u00e9zengtek a p\u00e1ly\u00e1n.\r\n\r\nValami sosem stimmelt Marsch csapat\u00e1val: a Bielsa st\u00edlus\u00e1hoz szokott szemnek kev\u00e9s volt a tervszer\u0171, kidolgozott akci\u00f3, amihez k\u00e9pest Marsch\r\n\r\n<span class=\"highlight-block\">taktik\u00e1ja kaotikus flipperez\u00e9snek t\u0171nt, <\/span>\r\n\r\nr\u00e1ad\u00e1sul ez a k\u00e1osz \u00e1tterjedt a v\u00e9dekez\u00e9sre is. Most nincs k\u00f6nny\u0171 helyzetben <strong>Michael Skubala<\/strong>, aki az U21-es csapatt\u00f3l ker\u00fclt \u00e1t a nagycsapathoz, de az els\u0151 k\u00e9t meccs\u00e9n m\u00e1r massz\u00edvabbnak t\u0171nt a Leeds, mint Marsch alatt, noha az ellenf\u00e9l mindk\u00e9tszer a Manchester United volt.\r\n\r\nMindezek ellen\u00e9re <strong>Nathan Jones<\/strong> kir\u00fag\u00e1sa ut\u00e1n Marsch lett a Southampton els\u0151 sz\u00e1m\u00fa jel\u00f6ltje is. S\u0151t <a href=\"https:\/\/theathletic.com\/4211070\/2023\/02\/16\/jesse-marsch-southampton\/\" target=\"_blank\" rel=\"noopener\">az Athletic szerint <\/a>m\u00e1r h\u00e9t \u00e9ve (!) figyelik az edz\u0151t, aki akkor m\u00e9g a New York Red Bullsn\u00e1l dolgozott, majd a Red Bull erny\u0151je alatt folytatta p\u00e1ly\u00e1j\u00e1t a k\u00f6vetkez\u0151 \u00e9vekben is, mik\u00f6zben anno ugyancsak az RB Leipzigt\u0151l \u00e9rkezett <strong>Ralph Hasenh\u00fcttl<\/strong>: \u0151 csaknem n\u00e9gy \u00e9vig \u00fclt a Szentek kispadj\u00e1n, miel\u0151tt tavaly novemberben menesztett\u00e9k volna.\r\n\r\nM\u00e1rpedig a Southampton szakmai st\u00e1bja \u00fagy l\u00e1tta, Marsch \u00e9s Hasenh\u00fcttl hasonl\u00f3 st\u00edlust k\u00e9pvisel, legal\u00e1bbis ami a gegenpressing kiemelt szerep\u00e9t illeti az edz\u0151i eszk\u00f6zt\u00e1rban. R\u00e1ad\u00e1sul Hasenh\u00fcttl ut\u00f3dja, a nyolc bajnoki ut\u00e1n menesztett Nathan Jones olyan n\u00e9pszer\u0171tlen volt a szurkol\u00f3k k\u00f6r\u00e9ben, hogy nagyj\u00e1b\u00f3l b\u00e1rkinek \u00f6r\u00fcltek volna, aki egy icipici fejl\u0151d\u00e9st k\u00e9pes felmutatni. F\u0151leg, hogy az edz\u0151v\u00e1lt\u00e1sok sem tudt\u00e1k feledtetni a t\u00e9nyt, miszerint a Southampton kerete bizony nem t\u00fal ac\u00e9los: az a klub, amely az igazol\u00e1spolitik\u00e1ja miatt n\u00e9h\u00e1ny \u00e9ve m\u00e9g hasonl\u00f3 becsben \u00e1llt, mint most a Brighton vagy a Brentford, mostanra annyira t\u00falz\u00e1sba vitte az olcs\u00f3 tehets\u00e9gek hajszol\u00e1s\u00e1t, hogy a nagy igyekezetben elfelejtett csapatot \u00e9p\u00edteni k\u00f6r\u00e9j\u00fck.\r\n\r\nA sajt\u00f3 biztosra is vette, hogy az \u00edg\u00e9retesen indul\u00f3 megbesz\u00e9l\u00e9sek v\u00e9g\u00e9n Marsch \u00e9s a klub megegyezik, m\u00e9gsem \u00edgy t\u00f6rt\u00e9nt: szerd\u00e1n\r\n\r\n<span class=\"highlight-block\">v\u00e1ratlanul megszakadtak a t\u00e1rgyal\u00e1sok, \u00e9s az amerikai edz\u0151 el is hagyta a kik\u00f6t\u0151v\u00e1rost. <\/span>\r\n\r\nMarsch probl\u00e9m\u00e1ja egyr\u00e9szt az volt, hogy csak hat h\u00f3napra \u00edg\u00e9rtek neki szerz\u0151d\u00e9st a t\u00f6kutols\u00f3 helyen \u00e1ll\u00f3 csapatn\u00e1l, m\u00e1sr\u00e9szt a seg\u00edt\u0151i Leedsben maradtak, harmadr\u00e9szt pedig nem \u00e9rezte az er\u0151t mag\u00e1ban, hogy n\u00e9h\u00e1ny nap eltelt\u00e9vel \u00fajra belevesse mag\u00e1t a kies\u00e9s elleni harcba.\r\n\r\nA t\u00f6rt\u00e9net azonban megmutatta, hogy Jesse Marschr\u00f3l m\u00e9g hallani fogunk. A jelek szerint maradt el\u00e9g hitele ahhoz: annak ellen\u00e9re is benne l\u00e1ss\u00e1k a megold\u00e1st egyes klubok, hogy az eredm\u00e9nyei ezt nem igaz\u00e1n indokolj\u00e1k. Az esete r\u00e1vil\u00e1g\u00edt tov\u00e1bb\u00e1 a Red Bull csal\u00e1d mindenhat\u00f3s\u00e1g\u00e1ra is, \u00e9s arra, hogy egy edz\u0151 meg\u00edt\u00e9l\u00e9sekor m\u00e9g mindig a tr\u00f3fe\u00e1k \u00e9s az eredm\u00e9nyek a legfontosabbak. M\u00e1rpedig Marsch nagyot menetelt a j\u00f3indulattal is csak k\u00f6zepesnek nevezhet\u0151 osztr\u00e1k bajnoks\u00e1gban a p\u00e9nzzel rendesen kit\u00f6m\u00f6tt Salzburggal.\r\n\r\nVagyis lehet, hogy az j\u00e1r j\u00f3l, aki elmegy egy gyeng\u00e9bb bajnoks\u00e1gba kir\u00e1lynak, \u00e9s az ott el\u00e9rt eredm\u00e9nyeib\u0151l m\u00e9g \u00e9vekig v\u00edgan meg\u00e9l b\u00e1rhol.\r\n\r\n[prefabricated_shortcode in_app=\"0\" code=\"%3Cdiv%20class%3D%22article_box_border%22%20style%3D%22background%3A%20url%28%27https%3A%2F%2F24.p3k.hu%2Fapp%2Fuploads%2Fsites%2F24%2F2021%2F05%2Fsport24-pattern.png%27%29%20no-repeat%20left%20-16px%20%23f3f3f4%3B%20border%3A%20none%3B%22%3E%0D%0A%3Cdiv%20class%3D%22article_solidheader%22%3E%0D%0A%3Ch2%20style%3D%22color%3A%20%23111115%21important%3B%20font-size%3A%2036px%3B%20font-weight%3A%20bold%3B%20margin-bottom%3A%2030px%3B%20margin-top%3A%2020px%3B%20text-align%3A%20center%3B%20line-height%3A%2036px%3B%22%3E%3Cimg%20class%3D%22aligncenter%20size-full%20wp-image-141%22%20src%3D%22https%3A%2F%2F24.p3k.hu%2Fapp%2Fuploads%2Fsites%2F24%2F2021%2F05%2Fs24-logo-dt.png%22%20alt%3D%22%22%20width%3D%22408%22%20height%3D%2290%22%20%2F%3E%3C%2Fh2%3E%0D%0A%3Ch2%20style%3D%22color%3A%20%23111115%21important%3B%20font-size%3A%2036px%3B%20font-weight%3A%20bold%3B%20margin-bottom%3A%2030px%3B%20margin-top%3A%2020px%3B%20text-align%3A%20center%3B%20line-height%3A%2040px%3B%22%3ECsatlakozz%20a%20Sport24%20k%C3%B6z%C3%B6ss%C3%A9ghez%2C%20mondd%20el%20v%C3%A9lem%C3%A9nyedet%20z%C3%A1rt%20Facebook-csoportunkban%2C%20%C3%A9s%20vegy%C3%A9l%20r%C3%A9szt%20csak%20el%C5%91fizet%C5%91knek%20el%C3%A9rhet%C5%91%20exkluz%C3%ADv%20esem%C3%A9nyeinken.%3C%2Fh2%3E%0D%0A%3C%2Fdiv%3E%0D%0A%3Cp%20style%3D%22background%3A%20%2357A600%3B%20margin-top%3A%2020px%3B%20padding%3A%2020px%3B%20text-align%3A%20center%3B%22%3E%3Ca%20style%3D%22color%3A%20%23ffffff%3B%20font-size%3A%2026px%3B%20font-weight%3A%20600%3B%22%20href%3D%22https%3A%2F%2Fwww.facebook.com%2Fgroups%2F212344460412327%22%3ECSATLAKOZOM%3C%2Fa%3E%3C%2Fp%3E%0D%0A%0D%0A%3C%2Fdiv%3E\"]","type":"rich","thumbnail_url":"https:\/\/s.24.hu\/app\/uploads\/sites\/24\/2023\/02\/000_9qv6vr-150x150.jpg","thumbnail_width":150,"thumbnail_height":150}