{"version":"1.0","provider_name":"Sport24","provider_url":"https:\/\/sport24.24.hu","author_name":"Bruckner G\u00e1bor","author_url":"https:\/\/sport24.24.hu\/author\/brucknerg\/","title":"Az NB I-ben is igaz: az eredm\u00e9nyesebb j\u00e1t\u00e9k\u00e9rt a tizenhatoson bel\u00fclre kell vinni a labd\u00e1t","html":"1998 \u00f3ta rendeznek 32 csapatos vil\u00e1gbajnoks\u00e1gokat, \u00e9s az az\u00f3ta lej\u00e1tszott h\u00e9t torna k\u00f6z\u00fcl a katarin esett a legt\u00f6bb g\u00f3l . A 172 g\u00f3lb\u00f3l r\u00e1ad\u00e1sul 160, teh\u00e1t a g\u00f3lok 93 sz\u00e1zal\u00e9ka a tizenhatoson bel\u00fclr\u0151l sz\u00fcletett, ami nem v\u00e9letlen. A 2010-es vil\u00e1gbajnoks\u00e1g \u00f3ta folyamatosan cs\u00f6kken a l\u00f6v\u00e9sek kaput\u00f3l vett \u00e1tlagos t\u00e1vols\u00e1ga:\r\n\r\n<span class=\"highlight-block-small\">D\u00e9l-Afrik\u00e1ban m\u00e9g 19,4 m\u00e9ter volt az \u00e1tlagos l\u00f6v\u00e9st\u00e1vols\u00e1g, Braz\u00edli\u00e1ban m\u00e1r csak 16,4, Oroszorsz\u00e1gban 15,7, Katarban pedig 14,5. <\/span>\r\n\r\nVagyis a 2010-es vb-hez k\u00e9pest mostanra \u00f6t m\u00e9terrel lett kisebb az \u00e1tlagos l\u00f6v\u00e9st\u00e1vols\u00e1g (fontos: itt csak a ny\u00edlt j\u00e1t\u00e9khelyzetb\u0151l t\u00f6rt\u00e9nt l\u00f6v\u00e9sekr\u0151l besz\u00e9l\u00fcnk, a mutat\u00f3ban a b\u00fcntet\u0151k \u00e9s a szabadr\u00fag\u00e1sok nincsenek benne).\r\n\r\nA jelens\u00e9gre egyszer\u0171 a magyar\u00e1zat; a tizenhatoson bel\u00fclr\u0151l sokkal nagyobb a g\u00f3lszerz\u00e9s es\u00e9lye, mint a tizenhatoson k\u00edv\u00fclr\u0151l. Ezt az Expected Goal, azaz v\u00e1rhat\u00f3 g\u00f3l (xG) mutat\u00f3 megjelen\u00e9se \u00f3ta egy\u00e9rtelm\u0171en al\u00e1 is lehet t\u00e1masztani. Az xG-mutat\u00f3 t\u00f6bb ezer vagy ak\u00e1r t\u00edzezer m\u00faltb\u00e9li l\u00f6v\u00e9s karakterisztik\u00e1j\u00e1t (a l\u00f6v\u00e9s poz\u00edci\u00f3ja, a labda kapuval bez\u00e1rt sz\u00f6ge, a labda \u00e9s a kapu k\u00f6z\u00f6tt l\u00e9v\u0151 v\u00e9d\u0151k sz\u00e1ma, a kapus helyzete stb.) megvizsg\u00e1lva, minden l\u00f6v\u00e9shez hozz\u00e1rendel egy val\u00f3sz\u00edn\u0171s\u00e9get, \u00e9s megmondja, hogy egy hasonl\u00f3 jellemz\u0151kkel leadott l\u00f6v\u00e9s az adott bajnoks\u00e1gban egy \u00e1tlagos k\u00e9pess\u00e9g\u0171 j\u00e1t\u00e9kost tekintve mekkora val\u00f3sz\u00edn\u0171s\u00e9ggel eredm\u00e9nyez g\u00f3lt. Min\u00e9l jobb helyzetet dolgoz ki egy csapat, ann\u00e1l nagyobb lesz ez a val\u00f3sz\u00edn\u0171s\u00e9g. A katari vil\u00e1gbajnoks\u00e1gon a tizenhatoson bel\u00fcli l\u00f6v\u00e9sek \u00e1tlagos xG-\u00e9rt\u00e9ke 0,16 volt, vagyis egy-egy tizenhatoson bel\u00fcli l\u00f6v\u00e9s 16 sz\u00e1zal\u00e9kos val\u00f3sz\u00edn\u0171s\u00e9ggel eredm\u00e9nyezett g\u00f3lt, mik\u00f6zben a tizenhatoson k\u00edv\u00fcli l\u00f6v\u00e9sek eset\u00e9ben ez az \u00e9rt\u00e9k mind\u00f6ssze 0,04 volt. Vagyis a tizenhatoson bel\u00fclr\u0151l n\u00e9gyszer akkora volt a g\u00f3lszerz\u00e9s es\u00e9lye, mint a tizenhatoson k\u00edv\u00fclr\u0151l.\r\n<h2>Mi a trend az NB I-ben?<\/h2>\r\nAz NB I eset\u00e9ben is arra voltunk k\u00edv\u00e1ncsiak, hogy hogyan alakul a l\u00f6v\u00e9sek min\u0151s\u00e9ge. A legut\u00f3bbi n\u00e9gy szezon adatai alapj\u00e1n nem fedezhet\u0151 fel egy\u00e9rtelm\u0171 trend, az \u00e1tlagos l\u00f6v\u00e9st\u00e1vols\u00e1g szinte v\u00e1ltozatlan:\r\n<ul>\r\n \t<li>2019\/20-ban 15,29,<\/li>\r\n \t<li>2020\/21-ben 14,63,<\/li>\r\n \t<li>2021\/22-ben 15,54,<\/li>\r\n \t<li>2022\/23-ban 15,78 m\u00e9ter<\/li>\r\n<\/ul>\r\nAz viszont egy\u00e9rtelm\u0171en l\u00e1tszik, hogy az \u00e1tlagos l\u00f6v\u00e9st\u00e1vols\u00e1g az NB I-ben is a tizenhatoson bel\u00fcl van.\r\n<div class=\"payable-content-section\"><\/div>\r\n<img class=\"alignnone size-full wp-image-7876\" src=\"https:\/\/sport24.24.hu\/app\/uploads\/sites\/24\/2023\/02\/1.png\" alt=\"\" width=\"2400\" height=\"1590\" \/>\r\n\r\nAr\u00e1nyaiban vizsg\u00e1lva a l\u00f6v\u00e9seket is azt l\u00e1tjuk, hogy j\u00f3val t\u00f6bb a tizenhatoson bel\u00fcli l\u00f6v\u00e9s, mint a t\u00e1voli k\u00eds\u00e9rlet. Az elm\u00falt n\u00e9gy \u00e9vadban a tizenhatoson bel\u00fcli l\u00f6v\u00e9sek ar\u00e1nya sohasem volt alacsonyabb 58 sz\u00e1zal\u00e9kn\u00e1l, s\u0151t a 2020\/2021-es bajnoks\u00e1gban majdnem el\u00e9rte a 62 sz\u00e1zal\u00e9kot. Az egy l\u00f6v\u00e9sre vet\u00edtett xG-\u00e9rt\u00e9k (xG\/l\u00f6v\u00e9s) is ebben az \u00e9vadban volt a legjobb, 0,175, vagyis egy-egy tizenhatoson bel\u00fcli l\u00f6v\u00e9s 17,5 sz\u00e1zal\u00e9kos es\u00e9llyel eredm\u00e9nyezett g\u00f3lt. A tizenhatoson bel\u00fcli \u00e9s tizenhatoson k\u00edv\u00fcli l\u00f6v\u00e9sek \u00e1tlagos xG-\u00e9rt\u00e9keit l\u00e1tva az NB I-ben is igaz a meg\u00e1llap\u00edt\u00e1s, hogy a tizenhatoson bel\u00fclr\u0151l h\u00e1romszor-n\u00e9gyszer akkora a g\u00f3lszerz\u00e9s es\u00e9lye, mint a tizenhatoson k\u00edv\u00fclr\u0151l.\r\n\r\n<img class=\"alignnone size-full wp-image-7877\" src=\"https:\/\/sport24.24.hu\/app\/uploads\/sites\/24\/2023\/02\/2.png\" alt=\"\" width=\"1846\" height=\"500\" \/>\r\n\r\nA g\u00f3lt\u00edpusok megoszl\u00e1s\u00e1t illet\u0151en az NB I m\u00e1r nem k\u00f6veti le a nemzetk\u00f6zi futball trendj\u00e9t. A 2010-es vb-n p\u00e9ld\u00e1ul m\u00e9g csak a g\u00f3lok 58 sz\u00e1zal\u00e9ka sz\u00fcletett ny\u00edlt j\u00e1t\u00e9khelyzetb\u0151l, a 2022-es vb-n ez az ar\u00e1ny m\u00e1r 69 sz\u00e1zal\u00e9k volt. Az NB I 2019\/2020-as \u00e9vad\u00e1ban a g\u00f3lok 78 sz\u00e1zal\u00e9ka esett ny\u00edlt j\u00e1t\u00e9khelyzetb\u0151l, az\u00f3ta viszont \u00e9vr\u0151l-\u00e9vre kevesebb, jelenleg m\u00e1r csak 73 sz\u00e1zal\u00e9ka. Ezzel egyidej\u0171leg a sz\u00f6glet ut\u00e1n szerzett g\u00f3lok ar\u00e1nya n\u00f6vekszik, a 2019\/2020-as \u00e9vadhoz k\u00e9pest a mostani bajnoks\u00e1gban m\u00e1r \u00f6t sz\u00e1zal\u00e9kkal magasabb (11, 10, 14, 16 sz\u00e1zal\u00e9k).\r\n\r\n<img class=\"alignnone size-full wp-image-7878\" src=\"https:\/\/sport24.24.hu\/app\/uploads\/sites\/24\/2023\/02\/3.png\" alt=\"\" width=\"2400\" height=\"1590\" \/>\r\n<h2>Mely csapatok t\u00e1mad\u00f3j\u00e1t\u00e9ka a legmin\u0151s\u00e9gibb?<\/h2>\r\nA trendelemz\u00e9s ut\u00e1n n\u00e9zz\u00fck meg, hogyan teljes\u00edtenek a csapatok a g\u00f3lok \u00e9s a l\u00f6v\u00e9sek ter\u00e9n az NB I-ben 2022\/2023-ban. A min\u00e9l pontosabb teljes\u00edtm\u00e9nyelemz\u00e9s miatt ezent\u00fal is csak a ny\u00edlt j\u00e1t\u00e9khelyzetb\u0151l t\u00f6rt\u00e9nt g\u00f3lokat \u00e9s l\u00f6v\u00e9seket vizsg\u00e1ljuk, a b\u00fcntet\u0151ket \u00e9s a szabadr\u00fag\u00e1sokat nem. Az \u00e1tlagos l\u00f6v\u00e9st\u00e1vols\u00e1gn\u00e1l maradva, eddig\r\n\r\n<span class=\"highlight-block\">k\u00e9t csapat van, amely kiemelkedik az NB I mez\u0151ny\u00e9b\u0151l,<\/span>\r\n\r\na Debrecen (14,85 m\u00e9ter) \u00e9s a Ferencv\u00e1ros (14,92) \u00e1tlagos l\u00f6v\u00e9st\u00e1vols\u00e1ga is kevesebb, mint 15 m\u00e9ter, teh\u00e1t ezek az egy\u00fcttesek azok, amelyek a legk\u00f6zelebb tudnak ker\u00fclni az ellenfelek kapuj\u00e1hoz. A legt\u00f6bb csapat \u00e1ltal\u00e1ban 15\u201316 m\u00e9teres t\u00e1vols\u00e1gb\u00f3l l\u0151, egyed\u00fcl az \u00dajpest az, amelynek \u00e1tlagos l\u00f6v\u00e9st\u00e1vols\u00e1ga meghaladja a 17 m\u00e9tert.\r\n\r\n<img class=\"alignnone size-full wp-image-7879\" src=\"https:\/\/sport24.24.hu\/app\/uploads\/sites\/24\/2023\/02\/4.png\" alt=\"\" width=\"2400\" height=\"1590\" \/>\r\n\r\nMindezzel szoros \u00f6sszef\u00fcgg\u00e9sben \u00e1ll az xG\/l\u00f6v\u00e9s mutat\u00f3. Mivel a Debrecen \u00e9s a Ferencv\u00e1ros tudja legink\u00e1bb megk\u00f6zel\u00edteni a kaput egy-egy l\u00f6v\u00e9sn\u00e9l, \u00e9rtelemszer\u0171, hogy az \u0151 l\u00f6v\u00e9seik a legmin\u0151s\u00e9gibbek. A Ferencv\u00e1ros l\u00f6v\u00e9seib\u0151l \u00e1tlagosan 12,2 sz\u00e1zal\u00e9k, a Debrecen l\u00f6v\u00e9seib\u0151l \u00e1tlagosan 12,1 sz\u00e1zal\u00e9k es\u00e9llyel lesz g\u00f3l.\r\n\r\n<img class=\"alignnone size-full wp-image-7880\" src=\"https:\/\/sport24.24.hu\/app\/uploads\/sites\/24\/2023\/02\/5.png\" alt=\"\" width=\"2400\" height=\"1590\" \/>\r\n\r\nAzt, hogy a l\u00f6v\u00e9sek darabsz\u00e1ma ma m\u00e1r mennyire semmitmond\u00f3 inform\u00e1ci\u00f3, azt az el\u0151z\u0151 \u00e9s a most k\u00f6vetkez\u0151 \u00e1bra szeml\u00e9lteti. Darabra az \u00dajpestnek van a m\u00e1sodik legt\u00f6bb l\u00f6v\u00e9se az \u00e9lvonalban, a r\u00fagott g\u00f3lok sz\u00e1m\u00e1t illet\u0151en viszont csak a kilencedik a mez\u0151nyben. Ha megn\u00e9zz\u00fck az xG\/l\u00f6v\u00e9s \u00e1br\u00e1t, azt l\u00e1tjuk, hogy a csapat egy l\u00f6v\u00e9sre vet\u00edtett xG-\u00e9rt\u00e9ke 0,089, vagyis egy-egy l\u00f6v\u00e9s m\u00e9g kilenc sz\u00e1zal\u00e9kos g\u00f3lszerz\u00e9si es\u00e9llyel sem b\u00edr. Ennek ellentettje a Paks, amely a kilencedik helyen \u00e1ll a l\u00f6v\u00e9sek darabsz\u00e1m\u00e1ban, a r\u00fagott g\u00f3lok\u00e9ban viszont a harmadik. Ha r\u00e1n\u00e9z\u00fcnk megint az xG\/l\u00f6v\u00e9s \u00e1br\u00e1ra, azt l\u00e1tjuk, hogy a Ferencv\u00e1ros \u00e9s a Debrecen ut\u00e1n a Paks l\u00f6v\u00e9sei a legmin\u0151s\u00e9gibbek. A Paks teh\u00e1t lehet, hogy darabra keveset l\u0151 kapura, de azok a k\u00eds\u00e9rletek min\u0151s\u00e9giek, j\u00f3 g\u00f3lszerz\u00e9si es\u00e9llyel. Szint\u00e9n kiemelend\u0151 a Debrecen, amelyn\u00e9l n\u00e9gy csapat is t\u00f6bbet l\u0151, de a szerzett g\u00f3lok sz\u00e1m\u00e1t tekintve csak a Ferencv\u00e1ros el\u0151zi meg.\r\n\r\n<img class=\"alignnone size-full wp-image-7881\" src=\"https:\/\/sport24.24.hu\/app\/uploads\/sites\/24\/2023\/02\/6.png\" alt=\"\" width=\"2400\" height=\"1590\" \/>\r\n\r\n<span class=\"highlight-block\">A helyzetkihaszn\u00e1l\u00e1st illet\u0151en a Paks kiemelkedik az NB I-b\u0151l. <\/span>\r\n\r\nAz eddig lej\u00e1tszott 19 meccsen 21,62-es xG-t dolgozott ki a csapat ny\u00edlt j\u00e1t\u00e9khelyzetb\u0151l, ehhez k\u00e9pest 27 g\u00f3lt szerzett, vagyis 5,38 g\u00f3llal t\u00f6bbet, mint ami a helyzetei min\u0151s\u00e9g\u00e9b\u0151l k\u00f6vetkezett volna. Szint\u00e9n hat\u00e9kony a Kecskem\u00e9t, m\u00edg a Ferencv\u00e1ros \u00e9s a Debrecen a helyzetei min\u0151s\u00e9g\u00e9nek megfelel\u0151 sz\u00e1m\u00fa g\u00f3lt szerez. Az NB I csapatainak k\u00e9tharmad\u00e1ra igaz, hogy nem tudja megfelel\u0151en kihaszn\u00e1lni a lehet\u0151s\u00e9geit, azonban ez azt is jelenti, hogy kiz\u00e1r\u00f3lag a teljes\u00edtm\u00e9nye alapj\u00e1n jobban kellene \u00e1llnia.\r\n\r\n<img class=\"alignnone size-full wp-image-7882\" src=\"https:\/\/sport24.24.hu\/app\/uploads\/sites\/24\/2023\/02\/7.png\" alt=\"\" width=\"2400\" height=\"1590\" \/>\r\n<h2>Kik a liga legmin\u0151s\u00e9gibb t\u00e1mad\u00f3i?<\/h2>\r\nA j\u00e1t\u00e9kosokat is els\u0151sorban a g\u00f3ljaik \u00e9s a l\u00f6v\u00e9seik min\u0151s\u00e9ge alapj\u00e1n vizsg\u00e1ltuk (a b\u00fcntet\u0151ket \u00e9s a szabadr\u00fag\u00e1sokat itt sem vett\u00fck sz\u00e1m\u00edt\u00e1sba). A futballist\u00e1k eset\u00e9ben is kulcsk\u00e9rd\u00e9s, hogy ki milyen hat\u00e9konys\u00e1ggal tudja kihaszn\u00e1lni a helyzeteit. A bajnoks\u00e1g eddig eltelt id\u0151szak\u00e1ban a Ferencv\u00e1ros t\u00e1mad\u00f3ja, <strong>Adama Traor\u00e9<\/strong> teljes\u00edtett a legjobban a helyzetei min\u0151s\u00e9g\u00e9hez k\u00e9pest. Traor\u00e9 a kilenc ny\u00edlt j\u00e1t\u00e9khelyzetb\u0151l l\u0151tt g\u00f3lj\u00e1t 5,44-es xG-b\u0151l hozta \u00f6ssze, vagyis 3,56 g\u00f3llal szerzett t\u00f6bbet, mint ami a helyzetei min\u0151s\u00e9ge alapj\u00e1n v\u00e1rhat\u00f3 lett volna. Traor\u00e9t a kecskem\u00e9ti <strong>Katona B\u00e1lint<\/strong> k\u00f6veti, aki 3,14-es xG mellett r\u00fagott hat g\u00f3lt, m\u00edg a harmadik helyen a szint\u00e9n ferencv\u00e1rosi <strong>Kristoffer Zachariassen<\/strong> \u00e1ll, aki a hat g\u00f3lj\u00e1t 3,17-es xG-b\u0151l l\u0151tte.\r\n\r\n<img class=\"alignnone size-full wp-image-7883\" src=\"https:\/\/sport24.24.hu\/app\/uploads\/sites\/24\/2023\/02\/8-1.png\" alt=\"\" width=\"2400\" height=\"1590\" \/>\r\n\r\nVan olyan min\u0151s\u00edtett mutat\u00f3 viszont, amit Zachariassen vezet. A bajnoks\u00e1g eddigi szakasz\u00e1ban legal\u00e1bb 15 kapura l\u00f6v\u00e9ssel pr\u00f3b\u00e1lkoz\u00f3 j\u00e1t\u00e9kosok k\u00f6z\u00f6tt a norv\u00e9g t\u00e1mad\u00f3nak van sz\u00fcks\u00e9ge a legkevesebb l\u00f6v\u00e9sre a g\u00f3lszerz\u00e9shez. Zachariassen az eddigi hat g\u00f3lj\u00e1t mind\u00f6ssze 15 l\u00f6v\u00e9sb\u0151l szerezte, vagyis 2,5 l\u00f6v\u00e9senk\u00e9nt betal\u00e1lt. A paksi <strong>Varga Barnab\u00e1snak<\/strong> a kilenc, ny\u00edlt j\u00e1t\u00e9khelyzetb\u0151l r\u00fagott g\u00f3lj\u00e1hoz 30 l\u00f6v\u00e9sre volt sz\u00fcks\u00e9ge (3,33 l\u00f6v\u00e9s\/g\u00f3l), m\u00edg a kisv\u00e1rdai <strong>Mario Ilievski<\/strong> 15 l\u00f6v\u00e9sb\u0151l szerzett n\u00e9gy g\u00f3lt (3,75 l\u00f6v\u00e9s\/g\u00f3l).\r\n\r\n<img class=\"alignnone size-full wp-image-7884\" src=\"https:\/\/sport24.24.hu\/app\/uploads\/sites\/24\/2023\/02\/9.png\" alt=\"\" width=\"2400\" height=\"1590\" \/>\r\n\r\nIlievski messze kimagaslik a mez\u0151nyb\u0151l a helyzetbeker\u00fcl\u00e9s szempontj\u00e1b\u00f3l. A Kisv\u00e1rda 20 \u00e9ves j\u00e1t\u00e9kos\u00e1nak xG\/l\u00f6v\u00e9s mutat\u00f3ja 0,371, vagyis olyan min\u0151s\u00e9gi helyekr\u0151l tud l\u0151ni, ahonnan a g\u00f3lszerz\u00e9s es\u00e9lye 37 sz\u00e1zal\u00e9k \u2013 igaz, nem nagy a minta (15 l\u00f6v\u00e9s), de ez nemzetk\u00f6zi viszonylatban is kiemelked\u0151nek sz\u00e1m\u00edt. Ilievski ut\u00e1n eddig <strong>Novothny Soma<\/strong> (0,243) \u00e9s <strong>B\u00e1r\u00e1ny Don\u00e1<\/strong>t (0,24) l\u00f6v\u00e9sei b\u00edrtak \u00e1tlagosan a legnagyobb g\u00f3lszerz\u00e9si es\u00e9llyel.\r\n\r\n<img class=\"alignnone size-full wp-image-7885\" src=\"https:\/\/sport24.24.hu\/app\/uploads\/sites\/24\/2023\/02\/10.png\" alt=\"\" width=\"2400\" height=\"1590\" \/>\r\n\r\nA j\u00e1t\u00e9kosokat most h\u00e1rom k\u00fcl\u00f6nb\u00f6z\u0151, min\u0151s\u00edtett mutat\u00f3ban vizsg\u00e1ltuk, de t\u00f6bben mindh\u00e1rom rangsorban a legjobbak k\u00f6z\u00f6tt voltak. Adama Traor\u00e9, Kristoffer Zachariassen, Mario Ilievski, Varga Barnab\u00e1s, <strong>Kenan Kodro<\/strong> valamennyi \u00e1br\u00e1n szerepel, \u0151ket val\u00f3sz\u00edn\u0171leg adatok n\u00e9lk\u00fcl is a liga legjobbjai k\u00f6z\u00e9 soroltuk volna. Nem v\u00e9letlen\u00fcl: ahogyan l\u00e1tjuk, a helyzetbeker\u00fcl\u00e9s \u00e9s a helyzetkihaszn\u00e1l\u00e1s szempontj\u00e1b\u00f3l a liga legmin\u0151s\u00e9gibb j\u00e1t\u00e9kosai k\u00f6z\u00e9 tartoznak.\r\n\r\n\u00d6sszegezve, amint a csapatok egyre ink\u00e1bb felismert\u00e9k, hogy az eredm\u00e9nyesebb j\u00e1t\u00e9k\u00e9rt a tizenhatoson bel\u00fclre kell vinni a labd\u00e1t,\r\n\r\n<span class=\"highlight-block\">a t\u00e1voli l\u00f6v\u00e9sek sz\u00e1ma elkezdett cs\u00f6kkenni. <\/span>\r\n\r\nAz eur\u00f3pai toplig\u00e1kban ez a folyamat m\u00e1r \u00e9vek \u00f3ta tart, de a katari vil\u00e1gbajnoks\u00e1gon nagyk\u00f6z\u00f6ns\u00e9g el\u0151tt is l\u00e1tv\u00e1nyosan megmutatkozott. Az NB I-ben trendr\u0151l m\u00e9g nem besz\u00e9lhet\u00fcnk, de itt is t\u00f6bb a l\u00f6v\u00e9s a tizenhatoson bel\u00fclr\u0151l, mint t\u00e1volr\u00f3l, \u00e9s az eredm\u00e9nyek alapj\u00e1n azok tudnak j\u00f3l teljes\u00edteni, akik min\u0151s\u00e9gi g\u00f3lhelyzeteket dolgoznak ki.\r\n\r\n<em>A szerz\u0151 Kov\u00e1cs G\u00e1bor, az MLSZ adatelemz\u0151je.<\/em>\r\n\r\n[prefabricated_shortcode in_app=\"0\" code=\"%3Cdiv%20class%3D%22article_box_border%22%20style%3D%22background%3A%20url%28%27https%3A%2F%2F24.p3k.hu%2Fapp%2Fuploads%2Fsites%2F24%2F2021%2F05%2Fsport24-pattern.png%27%29%20no-repeat%20left%20-16px%20%23f3f3f4%3B%20border%3A%20none%3B%22%3E%0D%0A%3Cdiv%20class%3D%22article_solidheader%22%3E%0D%0A%3Ch2%20style%3D%22color%3A%20%23111115%21important%3B%20font-size%3A%2036px%3B%20font-weight%3A%20bold%3B%20margin-bottom%3A%2030px%3B%20margin-top%3A%2020px%3B%20text-align%3A%20center%3B%20line-height%3A%2036px%3B%22%3E%3Cimg%20class%3D%22aligncenter%20size-full%20wp-image-141%22%20src%3D%22https%3A%2F%2F24.p3k.hu%2Fapp%2Fuploads%2Fsites%2F24%2F2021%2F05%2Fs24-logo-dt.png%22%20alt%3D%22%22%20width%3D%22408%22%20height%3D%2290%22%20%2F%3E%3C%2Fh2%3E%0D%0A%3Ch2%20style%3D%22color%3A%20%23111115%21important%3B%20font-size%3A%2036px%3B%20font-weight%3A%20bold%3B%20margin-bottom%3A%2030px%3B%20margin-top%3A%2020px%3B%20text-align%3A%20center%3B%20line-height%3A%2040px%3B%22%3ECsatlakozz%20a%20Sport24%20k%C3%B6z%C3%B6ss%C3%A9ghez%2C%20mondd%20el%20v%C3%A9lem%C3%A9nyedet%20z%C3%A1rt%20Facebook-csoportunkban%2C%20%C3%A9s%20vegy%C3%A9l%20r%C3%A9szt%20csak%20el%C5%91fizet%C5%91knek%20el%C3%A9rhet%C5%91%20exkluz%C3%ADv%20esem%C3%A9nyeinken.%3C%2Fh2%3E%0D%0A%3C%2Fdiv%3E%0D%0A%3Cp%20style%3D%22background%3A%20%2357A600%3B%20margin-top%3A%2020px%3B%20padding%3A%2020px%3B%20text-align%3A%20center%3B%22%3E%3Ca%20style%3D%22color%3A%20%23ffffff%3B%20font-size%3A%2026px%3B%20font-weight%3A%20600%3B%22%20href%3D%22https%3A%2F%2Fwww.facebook.com%2Fgroups%2F212344460412327%22%3ECSATLAKOZOM%3C%2Fa%3E%3C%2Fp%3E%0D%0A%0D%0A%3C%2Fdiv%3E\"]","type":"rich","thumbnail_url":"https:\/\/s.24.hu\/app\/uploads\/sites\/24\/2023\/02\/central-0708747877-masolat-150x150.jpg","thumbnail_width":150,"thumbnail_height":150}