{"version":"1.0","provider_name":"Sport24","provider_url":"https:\/\/sport24.24.hu","author_name":"Bruckner G\u00e1bor","author_url":"https:\/\/sport24.24.hu\/author\/brucknerg\/","title":"Braz\u00edlia: feln\u00f6v\u0151ben egy nagy gener\u00e1ci\u00f3?","html":"<strong>Neymar<\/strong> konfliktusokkal teli \u00e9s kev\u00e9sb\u00e9 konzisztens mindennapjait mindenki nyomon k\u00f6vetheti; l\u00e1thattuk<strong> Philipe Coutinh\u00f3t<\/strong> a Premier League csillog\u00f3 klasszisak\u00e9nt, \u00e9s figyelhetj\u00fck, ahogyan hossz\u00fa \u00e9vek \u00f3ta hi\u00e1ba keresi r\u00e9gi \u00f6nmag\u00e1t; felkaptuk a fej\u00fcnket, amikor <strong>Oscar<\/strong> eur\u00f3pai bemutatkoz\u00e1sk\u00e9ppen k\u00e9t g\u00f3lt l\u0151tt a Chelsea sz\u00edneiben a Juventusnak, \u00e9s elvesztett\u00fck a hit\u00fcnket a sportban, amikor nagyon fiatalon K\u00edn\u00e1t meg a valaha k\u00edn\u00e1lt legnagyobb fizet\u00e9st v\u00e1lasztotta; eml\u00e9ksz\u00fcnk tov\u00e1bb\u00e1 <strong>Lucas Moura<\/strong> klubt\u00f6rt\u00e9nelmet jelent\u0151 h\u00e1rom g\u00f3lj\u00e1ra a BL el\u0151d\u00f6nt\u0151j\u00e9ben, viszont agyunkba v\u00e9s\u0151d\u00f6tt, hogy edz\u0151i \u2013 f\u0151szerepeit k\u00f6vet\u0151en \u2013 mindig epizodist\u00e1nak sorolt\u00e1k vissza.\r\n\r\n<strong>Mycael, Robert Renan, Arthur, Andrey Santos, Marlon Gomes, Vitor Roque, Pedrinho, Luis Guilherme<\/strong>. Semmit vagy ann\u00e1l csak picivel t\u00f6bbet mond\u00f3 nevek, kalandos futballfejezetek m\u00e9g javar\u00e9szt \u00fcres lapokkal. Lehet, hogy ezek is megt\u00f6ltenek majd egy vaskos k\u00f6tetet, mint az el\u0151tt\u00fck felsoroltak,\r\n\r\n<span class=\"highlight-block-small\">az viszont biztos, hogy tizenk\u00e9t \u00e9v ut\u00e1n \u0151k az els\u0151k, akik brazil sz\u00ednekben nyerni tudtak az U20-as Copa Americ\u00e1n.<\/span>\r\n\r\nA brazil futballkedvel\u0151k lelkesek lehetnek, mert a csapat nemcsak gy\u0151z\u00f6tt az egy\u00e9bk\u00e9nt embert pr\u00f3b\u00e1l\u00f3, h\u00e1rom \u00e9s f\u00e9l h\u00e9t alatt kilenc meccs lej\u00e1tsz\u00e1s\u00e1val bonyol\u00edtott torn\u00e1n, hanem veretlen\u00fcl tette mindezt \u2013 r\u00e1ad\u00e1sul a legfiatalabb kerettel \u2013, amire tizenhat esztendeje nem akadt p\u00e9lda.\r\n<div class=\"payable-content-section\"><\/div>\r\nAzt persze m\u00e1r a vil\u00e1g minden r\u00e9sz\u00e9n, minden valamireval\u00f3 sportkedvel\u0151 tudja, hogy nem az ut\u00e1np\u00f3tl\u00e1sban el\u00e9rt eredm\u00e9nyek, hanem az egyes j\u00e1t\u00e9kosokban rejl\u0151 potenci\u00e1l az \u00e9rdekesebb. E tekintetben ez a gener\u00e1ci\u00f3 m\u00e9g ann\u00e1l is \u00edg\u00e9retesebb, mint ami a d\u00e9l-amerikai kontinensversenyen bemutatott produkci\u00f3b\u00f3l k\u00f6vetkezne. Pedig az sem kev\u00e9s.\r\n<h2>Az Uruguay ellen 2-0-ra megnyert d\u00f6nt\u0151:<\/h2>\r\nhttps:\/\/www.youtube.com\/watch?v=zQqtGN8viDY&amp;ab_channel=CONMEBOL\r\n\r\nA kolumbiai torn\u00e1n Mycael kapus reflexbrav\u00farokkal, tizenegyesv\u00e9d\u00e9ssel villantotta meg kvalit\u00e1sait; a Chelsea \u00e1ltal szerz\u0151dtetett Andrey Santos bels\u0151 k\u00f6z\u00e9pp\u00e1ly\u00e1sk\u00e9nt v\u00e9gzett holtversenyben a g\u00f3ll\u00f6v\u0151lista \u00e9l\u00e9n; Marlon Gomes ragyog\u00f3 \u00fctem\u0171 k\u00f6zbel\u00e9p\u00e9sei mellett remek t\u00e9rl\u00e1t\u00e1s\u00e1val \u00e9s finom jobb l\u00e1b\u00e1val t\u0171nt ki; az esem\u00e9ny alatt 17. sz\u00fclet\u00e9snapj\u00e1t \u00fcnnepl\u0151 p\u00e1ros, Pedrinho \u00e9s Luis Guilherme cselez\u0151k\u00e9szs\u00e9ge, bal l\u00e1bas r\u00fag\u00f3technik\u00e1ja \u00e9s mozdulatgyorsas\u00e1ga r\u00e9v\u00e9n keltett felt\u0171n\u00e9st, Vitor Roqu\u00e9nak pedig m\u00e1r alig kellett a reflektorf\u00e9ny, hiszen az el\u0151z\u0151 szezonban, 17 \u00e9vesen, a feln\u0151tt Libertadores Kupa MVP-j\u00e9nek is jel\u00f6lt\u00e9k.\r\n\r\nTal\u00e1n m\u00e9g \u00e9rdekesebbek azok, akik Kolumbi\u00e1ba el sem utaztak, mert klubjuk nem szeretett volna r\u00f3luk ebben az id\u0151szakban lemondani: <strong>Endrick<\/strong>, a Real \u00e1ltal <a href=\"https:\/\/sport24.24.hu\/foci\/2022\/11\/07\/endrick-palmeiras-brazilia\/\">m\u00e1r megv\u00e1s\u00e1rolt<\/a> 16 esztend\u0151s csat\u00e1r; a szint\u00e9n a Palmeirasban j\u00e1tsz\u00f3, a Barcelona \u00e1ltal kiszemelt <strong>Giovani<\/strong>, a Santos k\u00e9t tehets\u00e9ge, <strong>Angelo<\/strong> \u00e9s <strong>Marcos Leonardo<\/strong>, meg a Flamengo sz\u00edneiben a klub-vb-n j\u00e1tsz\u00f3 <strong>Matheus Franca<\/strong>.\r\n\r\n<span class=\"highlight-block\">Persze Braz\u00edli\u00e1ban az \u00edg\u00e9retek felsorol\u00e1sa annyira lehet csak teljes, mint egy hangyaboly n\u00e9psz\u00e1ml\u00e1l\u00e1si adatsora, <\/span>\r\n\r\nde ett\u0151l f\u00fcggetlen\u00fcl is l\u00e1that\u00f3, hogy ez nem egy \u00e1tlagos mer\u00edt\u00e9s.\r\n\r\nAmi pedig az eg\u00e9szen k\u00f6zeli j\u00f6v\u0151 szempontj\u00e1b\u00f3l m\u00e9g meghat\u00e1roz\u00f3bb: a csapat sz\u00f6vets\u00e9gi edz\u0151je, <strong>Ramon Menezes<\/strong> munk\u00e1j\u00e1val ki\u00e9rdemelte, hogy a kor\u00e1bbi sz\u00f3besz\u00e9deknek megfelel\u0151en a sz\u00f6vets\u00e9g felk\u00e9rje a feln\u0151tt v\u00e1logatott sz\u00f6vets\u00e9gi kapit\u00e1ny\u00e1nak. \u00cdgy azt\u00e1n m\u00e1rciusban, a Marokk\u00f3 elleni bar\u00e1ts\u00e1gos m\u00e9rk\u0151z\u00e9sen \u2013 v\u00e9gleges kinevezett hi\u00e1ny\u00e1ban \u2013 \u0151 dirig\u00e1lhatja majd a brazil nemzeti csapatot.\r\n\r\nM\u00e9g az is lehet, hogy az im\u00e9nt felsorolt fiatalok k\u00f6z\u00fcl deb\u00fct\u00e1lhat valaki\u2026\r\n\r\n[prefabricated_shortcode in_app=\"0\" code=\"%3Cdiv%20class%3D%22article_box_border%22%20style%3D%22background%3A%20url%28%27https%3A%2F%2F24.p3k.hu%2Fapp%2Fuploads%2Fsites%2F24%2F2021%2F05%2Fsport24-pattern.png%27%29%20no-repeat%20left%20-16px%20%23f3f3f4%3B%20border%3A%20none%3B%22%3E%0D%0A%3Cdiv%20class%3D%22article_solidheader%22%3E%0D%0A%3Ch2%20style%3D%22color%3A%20%23111115%21important%3B%20font-size%3A%2036px%3B%20font-weight%3A%20bold%3B%20margin-bottom%3A%2030px%3B%20margin-top%3A%2020px%3B%20text-align%3A%20center%3B%20line-height%3A%2036px%3B%22%3E%3Cimg%20class%3D%22aligncenter%20size-full%20wp-image-141%22%20src%3D%22https%3A%2F%2F24.p3k.hu%2Fapp%2Fuploads%2Fsites%2F24%2F2021%2F05%2Fs24-logo-dt.png%22%20alt%3D%22%22%20width%3D%22408%22%20height%3D%2290%22%20%2F%3E%3C%2Fh2%3E%0D%0A%3Ch2%20style%3D%22color%3A%20%23111115%21important%3B%20font-size%3A%2036px%3B%20font-weight%3A%20bold%3B%20margin-bottom%3A%2030px%3B%20margin-top%3A%2020px%3B%20text-align%3A%20center%3B%20line-height%3A%2040px%3B%22%3ECsatlakozz%20a%20Sport24%20k%C3%B6z%C3%B6ss%C3%A9ghez%2C%20mondd%20el%20v%C3%A9lem%C3%A9nyedet%20z%C3%A1rt%20Facebook-csoportunkban%2C%20%C3%A9s%20vegy%C3%A9l%20r%C3%A9szt%20csak%20el%C5%91fizet%C5%91knek%20el%C3%A9rhet%C5%91%20exkluz%C3%ADv%20esem%C3%A9nyeinken.%3C%2Fh2%3E%0D%0A%3C%2Fdiv%3E%0D%0A%3Cp%20style%3D%22background%3A%20%2357A600%3B%20margin-top%3A%2020px%3B%20padding%3A%2020px%3B%20text-align%3A%20center%3B%22%3E%3Ca%20style%3D%22color%3A%20%23ffffff%3B%20font-size%3A%2026px%3B%20font-weight%3A%20600%3B%22%20href%3D%22https%3A%2F%2Fwww.facebook.com%2Fgroups%2F212344460412327%22%3ECSATLAKOZOM%3C%2Fa%3E%3C%2Fp%3E%0D%0A%0D%0A%3C%2Fdiv%3E\"]","type":"rich","thumbnail_url":"https:\/\/s.24.hu\/app\/uploads\/sites\/24\/2023\/02\/000_338h2pk-150x150.jpg","thumbnail_width":150,"thumbnail_height":150}