{"version":"1.0","provider_name":"Sport24","provider_url":"https:\/\/sport24.24.hu","author_name":"Bruckner G\u00e1bor","author_url":"https:\/\/sport24.24.hu\/author\/brucknerg\/","title":"Ancelotti lehet megv\u00e1lt\u00f3, de hol vannak a brazil edz\u0151k?","html":"Braz\u00edlia az \u00faj sz\u00f6vets\u00e9gi kapit\u00e1nyt\u00f3l nem sokat, mind\u00f6ssze megv\u00e1lt\u00e1st v\u00e1r, miut\u00e1n az aktu\u00e1lis vil\u00e1gbajnoks\u00e1g is kudarccal v\u00e9gz\u0151d\u00f6tt. A legut\u00f3bbi gy\u0151zelem, azaz 2002 \u00f3ta imm\u00e1r negyedszer bukott el a csapat a negyedd\u00f6nt\u0151ben, az egyetlen alkalomra, amikor enn\u00e9l tov\u00e1bb jutott, m\u00e9g kellemetlenebb visszaeml\u00e9kezni (1-7).\r\n\r\nEddig h\u00e1rom k\u00fclf\u00f6ldi ir\u00e1ny\u00edtotta a brazil nemzeti csapatot, de igazi sz\u00f6vets\u00e9gi kapit\u00e1ny k\u00f6z\u00fcl\u00fck is csak egy akadt: 1925-ben a D\u00e9l-Amerika-bajnoks\u00e1gon az uruguayi <strong>Ram\u00f3n Platero<\/strong> dirig\u00e1lta az egy\u00fcttest, amely a h\u00e1rom r\u00e9sztvev\u0151b\u0151l a m\u00e1sodik helyen v\u00e9gzett. 1944-ben a portug\u00e1l <strong>Joreca<\/strong> \u2013 p\u00e1rban <strong>Flavio Cost\u00e1val<\/strong> \u2013 k\u00e9t, gy\u0151zelemmel v\u00e9gz\u0151d\u0151 Uruguay elleni meccs erej\u00e9ig \u00fclhetett a brazil padon. 1965-ben az argentin <strong>Filpo N\u00fanez<\/strong> \u00fagy v\u00e1lt egy meccsre a Selecao sz\u00f6vets\u00e9gi kapit\u00e1ny\u00e1v\u00e1, hogy a sz\u00f6vets\u00e9g a Mineirao Stadion \u00e1tad\u00e1sa alkalm\u00e1b\u00f3l rendezett, Uruguay-jal szembeni tal\u00e1lkoz\u00f3ra az id\u0151szak legjobb brazil klubcsapat\u00e1nak sz\u00e1m\u00edt\u00f3, \u00e1ltala vezetett Palmeirast jel\u00f6lte ki a nemzeti sz\u00ednek k\u00e9pviselet\u00e9re.\r\n\r\nEbb\u0151l a r\u00f6vidke, \u00e9s csup\u00e1n n\u00e9mi er\u0151lk\u00f6d\u00e9s \u00e1r\u00e1n felduzzasztott list\u00e1b\u00f3l pontosan l\u00e1tszik, hogy\r\n\r\n<span class=\"highlight-block\">mennyire mond ellent a trad\u00edci\u00f3knak a mostani d\u00f6nt\u00e9s. <\/span>\r\n\r\nA sz\u00f6vets\u00e9get a k\u00f6zelm\u00falt j\u00f3 n\u00e9h\u00e1ny v\u00e1logatottkudarca, a brazil klubfutball sok-sok tapasztalata \u00e9s abb\u00f3l ered\u0151en a k\u00f6zv\u00e9lem\u00e9ny terelte a k\u00fclf\u00f6ldi kapit\u00e1ny koncepci\u00f3ja fel\u00e9. Brazil k\u00f6zmegegyez\u00e9s szerint a j\u00e1t\u00e9koskerettel sem a mostani katari, sem a kor\u00e1bbi vil\u00e1gbajnoks\u00e1gokon nem volt gond, az mindig alkalmas volt a vil\u00e1gbajnoki c\u00edm elh\u00f3d\u00edt\u00e1s\u00e1ra, \u00edgy a hib\u00e1st is k\u00f6nny\u0171 megtal\u00e1lni. A kapit\u00e1ny tehet mindenr\u0151l.\r\n\r\n[caption id=\"attachment_7828\" align=\"alignnone\" width=\"3000\"]<img class=\"size-full wp-image-7828\" src=\"https:\/\/sport24.24.hu\/app\/uploads\/sites\/24\/2023\/02\/tite.jpg\" alt=\"\" width=\"3000\" height=\"2092\" \/> Tite a horv\u00e1tok ellen elvesz\u00edtett vb-meccs alatt.[\/caption]\r\n\r\n<strong>Tite<\/strong> k\u00e9ts\u00e9gtelen\u00fcl bakizott azzal, hogy nem <strong>Neymart<\/strong> tette els\u0151 l\u00f6v\u0151nek a horv\u00e1tok elleni tizenegyesp\u00e1rbajban, \u00edgy a brazil csapat aduja v\u00e9g\u00fcl nem is r\u00fagott, \u00e9s akadnak, akik <strong>Dani Alves<\/strong> bev\u00e1logat\u00e1s\u00e1t, vagy a taktikai elgondol\u00e1sokat b\u00edr\u00e1lj\u00e1k, de l\u00e9teznek a kapit\u00e1ny mellett sz\u00f3l\u00f3 \u00e9rvek is. Egyr\u00e9szt, az \u00f6sszess\u00e9g\u00e9ben els\u00f6pr\u0151 m\u00e9rlege: a v\u00e1logatott az \u0151 ir\u00e1ny\u00edt\u00e1s\u00e1val 60-szor nyert \u00e9s csak 6-szor kapott ki a 15 d\u00f6ntetlen mellett; m\u00e1sr\u00e9szt, az a t\u00e9ny, hogy az egy\u00fcttes ezen a vil\u00e1gesem\u00e9nyen minden meccsen fel\u00fclm\u00falta aktu\u00e1lis ellenfel\u00e9t xG-ben, azaz v\u00e1rhat\u00f3 g\u00f3lmutat\u00f3ban. A kapit\u00e1ny felel\u0151ss\u00e9ge eddig terjedhet, meg a v\u00e1logat\u00e1sig, de a kiv\u00e1lasztott t\u00e1mad\u00f3k tekintet\u00e9ben ut\u00f3bbiban senki nem tal\u00e1lt kivetnival\u00f3t.\r\n\r\nA horv\u00e1tok elleni meccs a brazil nemzeti csapat legut\u00f3bbi id\u0151szak\u00e1ra jellemz\u0151 pech szimb\u00f3lumak\u00e9nt is felfoghat\u00f3, de m\u00e9g ink\u00e1bb reflekt\u00e1l arra a t\u00e9nyre, hogy Braz\u00edli\u00e1nak egy \u00e9vtizede nincs igazi g\u00f3ll\u00f6v\u0151 csat\u00e1ra. A legut\u00f3bbi vil\u00e1gbajnoki c\u00edm id\u0151szak\u00e1ban, \u00e9s az azt megel\u0151z\u0151 korban az \u00f6sszes topbajnoks\u00e1g g\u00f3ll\u00f6v\u0151list\u00e1j\u00e1nak \u00e9lcsoportja hemzsegett a brazilokt\u00f3l, most nagy\u00edt\u00f3val kell \u0151ket keresni, \u00e9s azzal is csak az als\u00f3bb r\u00e9gi\u00f3kban \u00e9rdemes. Jellemz\u0151, hogy szezonokon kereszt\u00fcl az akkor a Cagliariban szerepl\u0151, Braz\u00edlia hagyom\u00e1nyaihoz m\u00e9rten csek\u00e9ly k\u00e9pess\u00e9gekkel b\u00edr\u00f3 <strong>Joao<\/strong> <strong>Pedro<\/strong> sz\u00e1m\u00edtott a d\u00e9l-amerikai orsz\u00e1g g\u00f3lzs\u00e1kj\u00e1nak.\r\n\r\n[caption id=\"attachment_7829\" align=\"alignnone\" width=\"1024\"]<img class=\"size-full wp-image-7829\" src=\"https:\/\/sport24.24.hu\/app\/uploads\/sites\/24\/2023\/02\/joao-pedro.jpg\" alt=\"\" width=\"1024\" height=\"697\" \/> Joao Pedro[\/caption]\r\n\r\nBraz\u00edli\u00e1nak nincs a mostani <strong>Mbapp\u00e9hoz<\/strong>, a n\u00e9h\u00e1ny \u00e9vvel ezel\u0151tti <strong>Messihez<\/strong> hasonl\u00f3an az xG-t rendszeresen fel\u00fcll\u00f6v\u0151 j\u00e1t\u00e9kosa. A vb-n egyetlen egy\u00fcttes, a l\u00e1tv\u00e1nyos j\u00e1t\u00e9ka ellen\u00e9re m\u00e1r a csoportk\u00f6rben b\u00facs\u00faz\u00f3 N\u00e9metorsz\u00e1g l\u0151tte alul nagyobb k\u00fcl\u00f6nbs\u00e9ggel az xG-j\u00e9t, mint Tite j\u00e1t\u00e9kosai, akik kerek 4-gyel az \u00f6sszesen 5 meccsen. A 0,8\/meccs alulteljes\u00edt\u00e9s kritik\u00e1n aluli.\r\n\r\nBraz\u00edli\u00e1ban nem foglalkoznak ezzel, hanem a kapit\u00e1ny szem\u00e9ly\u00e9ben keresik az v\u00e1laszokat \u00e9s \u00edgy az eredm\u00e9nyesebb j\u00f6v\u0151t is. A hihetetlen futballistab\u0151s\u00e9gben\r\n\r\n<span class=\"highlight-block-small\">el sem tudj\u00e1k k\u00e9pzelni, hogy a j\u00e1t\u00e9kosanyag lehetne egy kudarc gy\u00f6kere, r\u00e1ad\u00e1sul mindig fel lehet sorolni t\u00f6m\u00e9ntelen mennyis\u00e9g\u0171 olyan tehets\u00e9get, aki m\u00e1r az aktu\u00e1lisan elbukott vb m\u00e1snapj\u00e1n re\u00e1lis rem\u00e9nyt ad a k\u00f6vetkez\u0151 torna megnyer\u00e9s\u00e9re. <\/span>\r\n\r\nMost p\u00e9ld\u00e1ul <strong>Rodryg\u00f3n, Gabriel Martinellin, Vin\u00edcius Junioron<\/strong> \u00e9s a t\u00f6bbi m\u00e1r befutott, de m\u00e9g mindig nagyon fiatal klasszison k\u00edv\u00fcl ott emelkedik a horizonton a Real \u00e1ltal a vil\u00e1gbajnoks\u00e1g el\u0151est\u00e9j\u00e9n vagyonnyi p\u00e9nz\u00e9rt lefoglalt <strong>Endrick<\/strong>, meg az \u00e9ppen zajl\u00f3 U20-as d\u00e9l-amerikai bajnoks\u00e1g g\u00f3ll\u00f6v\u0151list\u00e1j\u00e1t 17 \u00e9vesen vezet\u0151 <strong>Vitor Roque<\/strong>. Futballista teh\u00e1t lesz, ahogy k\u00e1v\u00e9bab, homok a strandon vagy karnev\u00e1l. A helyi sportkomment\u00e1torok (elemz\u0151k) \u00e9s \u00fajs\u00e1g\u00edr\u00f3k sz\u00e1m\u00e1ra teh\u00e1t annyi a k\u00e9rd\u00e9s: alkalmasak-e a brazil edz\u0151k? A v\u00e1lasz pedig az, hogy nem.\r\n<div class=\"payable-content-section\"><\/div>\r\nK\u00e9ts\u00e9gtelen, hogy <strong>Luis Felipe Scolari<\/strong> \u00f3ta egyetlen brazil tr\u00e9ner sem v\u00e1lt t\u00e9nyez\u0151v\u00e9 a nemzetk\u00f6zi t\u00e9rben, az egy szem, Eur\u00f3p\u00e1ban jegyezhet\u0151 munk\u00e1kkal megb\u00edzott <strong>Sylvinho<\/strong> is az alb\u00e1n v\u00e1logatott padj\u00e1ig jutott. <strong>Renato Gaucho, Cuca<\/strong> \u00e9s <strong>Dorival<\/strong> nyert ugyan Libertadores Kup\u00e1t, Cuca \u00f6tven \u00e9v ut\u00e1n tette ism\u00e9t be az Atletico MG vitrinj\u00e9be az orsz\u00e1gos bajnoki tr\u00f3fe\u00e1t, az \u0151 megbecs\u00fclts\u00e9g\u00fck m\u00e9gis elmarad a k\u00fclf\u00f6ldiek\u00e9t\u0151l. Ezt legink\u00e1bb az mutatja, ahogy Dorival Junior szezon k\u00f6zben \u00e1tvette a szenved\u0151 Flameng\u00f3t <strong>Paulo Sous\u00e1t\u00f3l<\/strong>, megnyerte a \u201ed\u00e9l-amerikai BL-t\u201d \u00e9s a brazil kup\u00e1t, majd szinte az \u00e9j leple alatt kir\u00fagt\u00e1k, \u00e9s \u00e1tadt\u00e1k a hely\u00e9t egy m\u00e1sik portug\u00e1lnak, Vitor Pereir\u00e1nak.\r\n\r\nA brazil edz\u0151kkel szembeni \u00e1ltal\u00e1nos kifog\u00e1s, hogy nem k\u00f6vetik el\u00e9gg\u00e9 a nemzetk\u00f6zi trendeket, \u00e9s ritk\u00e1n van vil\u00e1gosan kirajzol\u00f3d\u00f3 koncepci\u00f3juk. Egy brazil edz\u0151 a legt\u00f6bbsz\u00f6r szezon k\u00f6zben kap meg egy kispadot, minden meccsen eredm\u00e9nyt v\u00e1rnak t\u0151le, majd hagyom\u00e1nyosan hetek-h\u00f3napok alatt gy\u0171rik \u00f6ssze, \u00e9s haj\u00edtj\u00e1k a kuk\u00e1ba, ez pedig egy\u00e1ltal\u00e1n nem arra szocializ\u00e1l, hogy j\u00e1t\u00e9kot \u00e9p\u00edts \u00e9s t\u00e1vlatokban gondolkodj.\r\n\r\nAz eur\u00f3pai edz\u0151k olyan kond\u00edci\u00f3kkal \u00e9rkeznek, amelyek munk\u00e1juknak \u00e1ltal\u00e1ban hosszabb kifut\u00e1st engednek, gyakrabban szabhatj\u00e1k meg a teljes st\u00e1b \u00f6sszet\u00e9tel\u00e9t is, ez pedig el\u0151nyt biztos\u00edt sz\u00e1mukra. A k\u00fclf\u00f6ldi \u00e9s els\u0151sorban portug\u00e1l tr\u00e9nerek \u00e1radat\u00e1t <strong>Jorge Jesus<\/strong> tev\u00e9kenys\u00e9ge ind\u00edtotta el igaz\u00e1n, amikor 2019-ben a Flameng\u00f3val a kontinent\u00e1lis korona mellett a brazil bajnoki c\u00edmet \u00e9s a kup\u00e1t is elh\u00f3d\u00edtotta. Jelenleg a 20 els\u0151 oszt\u00e1ly\u00fa brazil egy\u00fcttesb\u0151l 7 padj\u00e1n \u00fcl portug\u00e1l szakember; k\u00f6z\u00fcl\u00fck <strong>Abel Ferreira<\/strong> a Palmeirasszal m\u00e1r k\u00e9t Libertadores Kup\u00e1t nyert \u00e9s v\u00e9di a bajnoki c\u00edmet is.\r\n\r\n[caption id=\"attachment_7830\" align=\"alignnone\" width=\"1024\"]<img class=\"size-full wp-image-7830\" src=\"https:\/\/sport24.24.hu\/app\/uploads\/sites\/24\/2023\/02\/abel-ferreira.jpg\" alt=\"\" width=\"1024\" height=\"683\" \/> Abel Fereira, a Palmeiras vezet\u0151edz\u0151je.[\/caption]\r\n\r\nHa ilyen eredm\u00e9nyeket \u00e9rnek el a k\u00fclf\u00f6ldi edz\u0151k, akkor m\u00e9g j\u00f3, hogy nem a brazilokat prefer\u00e1lj\u00e1k, v\u00e1ghatja r\u00e1 a k\u00edv\u00fcl\u00e1ll\u00f3, de az igazs\u00e1g az, hogy az eur\u00f3pai edz\u0151l\u00e9gi\u00f3 att\u00f3l egy\u00e1ltal\u00e1n nem f\u00fcggetlen\u00fcl jelent meg Braz\u00edli\u00e1ban, hogy az anyagi lehet\u0151s\u00e9gek ugr\u00e1sszer\u0171en javultak, \u00e9s a kontinensen els\u00f6pr\u0151 f\u00f6l\u00e9nyre tettek szert a brazil klubok. Mindenesetre ez mind a k\u00fclf\u00f6ldi kapit\u00e1ny v\u00e1laszt\u00e1s\u00e1nak ir\u00e1ny\u00e1ba hatott.\r\n\r\n<span class=\"highlight-block\">Ancelotti megfelel a megfogalmazott krit\u00e9riumoknak: <\/span>\r\n\r\nakadnak eredm\u00e9nyei, besz\u00e9l spanyolul \u00e9s portug\u00e1lul, alkalmas lehet a fiatalabb gener\u00e1ci\u00f3k szemmel tart\u00e1s\u00e1ra, be\u00e9p\u00edt\u00e9s\u00e9re, r\u00e1ad\u00e1sul a jelenleg sz\u00e1m\u00edt\u00e1sba vehet\u0151 j\u00e1t\u00e9kosok egy r\u00e9sz\u00e9vel is j\u00f3 a viszonya. Az olasz edz\u0151 p\u00e1lyafut\u00e1sa sor\u00e1n t\u00f6bb mint 40 brazil labdar\u00fag\u00f3t edzett. Bel\u0151l\u00fck ilyen csapatot lehetne \u00f6ssze\u00e1ll\u00edtani: <em>Dida \u2013 Cafu, Roque Junior, Thiago Silva, Marcelo \u2013 Emerson, Casemiro \u2013 Kak\u00e1, Rivaldo \u2013 Ronaldinho, Ronaldo<\/em>.\r\n\r\nAncelottit vajon megnyugtatja-e, hogy hasonl\u00f3val most is el\u00e9gedett lenne a brazil k\u00f6zv\u00e9lem\u00e9ny?\r\n\r\n[prefabricated_shortcode in_app=\"0\" code=\"%3Cdiv%20class%3D%22article_box_border%22%20style%3D%22background%3A%20url%28%27https%3A%2F%2F24.p3k.hu%2Fapp%2Fuploads%2Fsites%2F24%2F2021%2F05%2Fsport24-pattern.png%27%29%20no-repeat%20left%20-16px%20%23f3f3f4%3B%20border%3A%20none%3B%22%3E%0D%0A%3Cdiv%20class%3D%22article_solidheader%22%3E%0D%0A%3Ch2%20style%3D%22color%3A%20%23111115%21important%3B%20font-size%3A%2036px%3B%20font-weight%3A%20bold%3B%20margin-bottom%3A%2030px%3B%20margin-top%3A%2020px%3B%20text-align%3A%20center%3B%20line-height%3A%2036px%3B%22%3E%3Cimg%20class%3D%22aligncenter%20size-full%20wp-image-141%22%20src%3D%22https%3A%2F%2F24.p3k.hu%2Fapp%2Fuploads%2Fsites%2F24%2F2021%2F05%2Fs24-logo-dt.png%22%20alt%3D%22%22%20width%3D%22408%22%20height%3D%2290%22%20%2F%3E%3C%2Fh2%3E%0D%0A%3Ch2%20style%3D%22color%3A%20%23111115%21important%3B%20font-size%3A%2036px%3B%20font-weight%3A%20bold%3B%20margin-bottom%3A%2030px%3B%20margin-top%3A%2020px%3B%20text-align%3A%20center%3B%20line-height%3A%2040px%3B%22%3ECsatlakozz%20a%20Sport24%20k%C3%B6z%C3%B6ss%C3%A9ghez%2C%20mondd%20el%20v%C3%A9lem%C3%A9nyedet%20z%C3%A1rt%20Facebook-csoportunkban%2C%20%C3%A9s%20vegy%C3%A9l%20r%C3%A9szt%20csak%20el%C5%91fizet%C5%91knek%20el%C3%A9rhet%C5%91%20exkluz%C3%ADv%20esem%C3%A9nyeinken.%3C%2Fh2%3E%0D%0A%3C%2Fdiv%3E%0D%0A%3Cp%20style%3D%22background%3A%20%2357A600%3B%20margin-top%3A%2020px%3B%20padding%3A%2020px%3B%20text-align%3A%20center%3B%22%3E%3Ca%20style%3D%22color%3A%20%23ffffff%3B%20font-size%3A%2026px%3B%20font-weight%3A%20600%3B%22%20href%3D%22https%3A%2F%2Fwww.facebook.com%2Fgroups%2F212344460412327%22%3ECSATLAKOZOM%3C%2Fa%3E%3C%2Fp%3E%0D%0A%0D%0A%3C%2Fdiv%3E\"]","type":"rich","thumbnail_url":"https:\/\/s.24.hu\/app\/uploads\/sites\/24\/2023\/02\/carlo-ancelotti-150x150.jpg","thumbnail_width":150,"thumbnail_height":150}