{"version":"1.0","provider_name":"Sport24","provider_url":"https:\/\/sport24.24.hu","author_name":"Bruckner G\u00e1bor","author_url":"https:\/\/sport24.24.hu\/author\/brucknerg\/","title":"Sz\u00e1mkivetett\u00e9 v\u00e1lt az olasz futball nagy rem\u00e9nys\u00e9ge","html":"<strong>Zaniolo<\/strong> a r\u00f3maiak tavalyi Konferencia Liga-menetel\u00e9s\u00e9ben hatalmas szerepet v\u00e1llalt. A negyedd\u00f6nt\u0151ben a norv\u00e9giai odav\u00e1g\u00f3 ut\u00e1n ford\u00edtott <strong>Mourinho<\/strong> csapata a Bod\u00f6-Glimt ellen: a Stadio Olimpic\u00f3ban az olasz t\u00e1mad\u00f3 mesterh\u00e1rmast \u00e9rt el. P\u00e1lyafut\u00e1sa cs\u00facspillanata azt\u00e1n az EKL tiranai fin\u00e1l\u00e9j\u00e1ban j\u00f6tt el: a 32. percben a Feyenoordnak l\u0151tt g\u00f3lj\u00e1val az AS Roma elk\u00e9peszt\u0151en hossz\u00fa id\u0151 ut\u00e1n szerzett ism\u00e9t tr\u00f3fe\u00e1t, \u00e9s az UEFA legfiatalabb versenysorozat\u00e1nak arany\u00e9rmeit el\u0151sz\u00f6r a Farkasok nyak\u00e1ba akaszthatt\u00e1k.\r\n\r\n<span class=\"highlight-block\">R\u00f3ma felrobbant a m\u00e1mort\u00f3l. <\/span>\r\n\r\nA Giallorossi egy\u00e9bk\u00e9nt sem visszafogotts\u00e1gukr\u00f3l h\u00edres szurkol\u00f3i meg\u0151r\u00fcltek, az \u00fcnnep\u00e9lyek \u00e9s a buszos diadalmenetek kavalk\u00e1dj\u00e1nak kell\u0151s k\u00f6zep\u00e9n pedig Zaniolo \u00e1llt.\r\n\r\nAlig n\u00e9h\u00e1ny h\u00f3nappal k\u00e9s\u0151bb, ez \u00e9v janu\u00e1rj\u00e1nak utols\u00f3 napjaiban azt k\u00e9rte a klubt\u00f3l, hogy engedj\u00e9k el. A vezet\u0151edz\u0151, <strong>Jos\u00e9 Mourinho<\/strong> \u00e1ll\u00edt\u00e1sa szerint \u201ehetek \u00f3ta ny\u00edltan kimondta, hogy menni akar\u201d. K\u00e9r\u0151kb\u0151l azonban hi\u00e1ny mutatkozott. Az olasz csapatoknak \u2013 mindenf\u00e9le t\u00falz\u00e1s n\u00e9lk\u00fcl \u2013 nincs p\u00e9nz\u00fck. A Serie A teljes mez\u0151nye 30 milli\u00f3 eur\u00f3t k\u00f6lt\u00f6tt el a t\u00e9li \u00e1tigazol\u00e1si id\u0151szakban \u2013 Zaniolo pedig a besz\u00e1mol\u00f3k alapj\u00e1n 30\u201340 milli\u00f3 k\u00f6z\u00f6tti \u00f6sszeg\u00e9rt ker\u00fclt ki a piacra. A Juventus most kapott b\u00fcntet\u00e9st \u00e9s <a href=\"https:\/\/rangado.24.hu\/nemzetkozi_foci\/2023\/01\/20\/juventus-pontlevonas-serie-a\/\">15 pontos levon\u00e1st<\/a> p\u00e9nz\u00fcgyi machin\u00e1ci\u00f3k miatt, hossz\u00fa \u00e9vek gazdas\u00e1gi szenved\u00e9se ut\u00e1n az Inter kezei k\u00f6z\u00fcl \u00e9ppen most cs\u00faszott ki az egyik legnagyobb \u00e9rt\u00e9ke (<strong>Milan Skriniar<\/strong> a PSG-vel egyezett meg), a Milannak \u00e9s a Napolinak \u00fcres a kassz\u00e1ja. Az olasz bajnoks\u00e1g egy\u00e9bk\u00e9nt is cudarul \u00e1llt financi\u00e1lisan, de a Covid \u00f3ta eg\u00e9szen k\u00e9ts\u00e9gbeejt\u0151 a helyzet.\r\n\r\nA haz\u00e1j\u00e1n k\u00edv\u00fcl pedig egyetlen val\u00f3di gig\u00e1sz sem jelentkezett be Zaniol\u00f3\u00e9rt. Senki...\r\n\r\nA Roma ugyan megegyezett a Bournemouth-szal \u2013 egy olyan egy\u00fcttessel, amely most agyba-f\u0151be igazolgatva igyekszik megkapaszkodni a Premier League-ben \u2013, \u00e1m ezt a lehet\u0151s\u00e9get Zaniolo els\u0151re visszautas\u00edtotta, l\u00e9v\u00e9n a c\u00e9ljainak \u00e9s elk\u00e9pzel\u00e9seinek nem felelt meg az angolok st\u00e1tusza, majd amikor az \u00e1tigazol\u00e1si szezon utols\u00f3 napj\u00e1n \u00e1ll\u00edt\u00f3lag meggondolta mag\u00e1t, addigra meg m\u00e1r a Bournemouth-nak nem kellett. <span class=\"highlight-block-small\">\u00cdgy viszont a r\u00f3maiak vezet\u0151s\u00e9ge a lel\u00e1t\u00f3ra fogja \u0151t sz\u00e1m\u0171zni.<\/span> M\u00e1sf\u00e9l \u00e9v m\u00falva lej\u00e1r a szerz\u0151d\u00e9se, ezek szerint nem akar hosszabb\u00edtani, \u00edgy viszont a klub nem k\u00edv\u00e1n assziszt\u00e1lni a fejl\u0151d\u00e9s\u00e9hez, nem szeretn\u00e9nek form\u00e1ban tartani egy lel\u00e9pni igyekv\u0151 j\u00e1t\u00e9kost.\r\n\r\nBrut\u00e1lis k\u00fcl\u00f6nbs\u00e9g ez a ny\u00e1ri euf\u00f3ri\u00e1hoz k\u00e9pest. \u00c9s m\u00e9g kegyetlenebb kontraszt azzal szemben, amikor Zaniolo bet\u00f6rt a k\u00f6ztudatba.\r\n\r\n[caption id=\"attachment_7708\" align=\"aligncenter\" width=\"3000\"]<img class=\"size-full wp-image-7708\" src=\"https:\/\/sport24.24.hu\/app\/uploads\/sites\/24\/2023\/02\/075_carlino-asromaue220526_npcti.jpg\" alt=\"\" width=\"3000\" height=\"2002\" \/> Zaniolo a kup\u00e1val az AS Roma Konferencia Liga-gy\u0151zelm\u00e9nek olaszorsz\u00e1gi \u00fcnnepl\u00e9s\u00e9n tavaly m\u00e1jusban.[\/caption]\r\n<h2>Egy \u00faj rem\u00e9ny<\/h2>\r\n\u201eZaniolo az olasz futball j\u00f6v\u0151je\u201d \u2013 ezt <strong>Fabio Capello<\/strong>, a sport\u00e1g egyik legsikeresebb olasz edz\u0151je mondta.\r\n\r\n\u201eCsod\u00e1latos lehet\u201d \u2013 ez pedig <strong>Roberto Mancini<\/strong> olasz sz\u00f6vets\u00e9gi kapit\u00e1ny j\u00f6vend\u00f6l\u00e9se volt.\r\n<blockquote>Elk\u00e9peszt\u0151 az istenadta fizikuma egy ennyire fiatal j\u00e1t\u00e9koshoz k\u00e9pest, r\u00e1ad\u00e1sul a technikai k\u00e9pzetts\u00e9ge is kiv\u00e1l\u00f3. M\u00e1r most nagyon j\u00f3 futballista, \u00e9s igazi nagys\u00e1gg\u00e1 v\u00e1lhat. Nico a Roma j\u00f6v\u0151je<\/blockquote>\r\n\u2013 \u00edgy nyilatkozott r\u00f3la <strong>Daniele De Rossi,<\/strong> az AS Roma saj\u00e1t nevel\u00e9s\u0171, 117-szeres v\u00e1logatott legend\u00e1ja.\r\n\r\n\u201eHelyesen tessz\u00fck, ha dics\u00e9rj\u00fck. A fejl\u0151d\u00e9se olyan \u00faton halad, amely meghalad mindenf\u00e9le v\u00e1rakoz\u00e1st\u201d \u2013 v\u00e9lekedett <strong>Eusebio Di Francesco<\/strong>, a Roma egykori tr\u00e9nere, akin\u00e9l Zaniolo bemutatkozott.\r\n\r\n\u201eNicolo nyilv\u00e1n hatalmas tehets\u00e9g, de k\u00e9pesnek lenni arra, amire \u0151 k\u00e9pes volt, r\u00f6gt\u00f6n az U19-b\u0151l\u2026, ez szinte precedens n\u00e9lk\u00fcli. Abnorm\u00e1lis. L\u00e1tni \u0151t a Bernabeuban j\u00e1tszani \u00e9s j\u00f3l szerepelni\u2026 Ez \u00f3ri\u00e1si\u201d \u2013 lelkendezett<strong> Stefano Vecchi<\/strong>, Zaniolo kor\u00e1bbi edz\u0151je az Inter Primavera csapat\u00e1ban.\r\n\r\nAz ut\u00f3bbi k\u00e9t id\u00e9zetn\u00e9l \u00e9rdemes kezdeni.\r\n<div class=\"payable-content-section\"><\/div>\r\nZaniolo Massa v\u00e1ros\u00e1ban, az olasz csizma Tirr\u00e9n-tenger fel\u0151li partj\u00e1n l\u00e1tta meg a napvil\u00e1got. A Mass\u00e1hoz legk\u00f6zelebb es\u0151 igazi nagyv\u00e1ros Firenze. Tizenhat \u00e9ves kor\u00e1ig, eg\u00e9szen addig, am\u00edg el nem bocs\u00e1tott\u00e1k a Fiorentina akad\u00e9mi\u00e1j\u00e1r\u00f3l, ott nevelkedett. Sok gyerek ebben a helyzetben feladja \u2013 ha a feln\u0151ttfociba val\u00f3 bet\u00f6r\u00e9s kapuj\u00e1ban ilyen p\u00f3rul j\u00e1rtak, nincs \u00e9rtelme folytatni. Zaniolo nem \u00edgy viszonyult a k\u00e9rd\u00e9shez: a csal\u00e1dj\u00e1val keresett egy olyan helyet, ahol \u00e9rt\u00e9kelt\u00e9k a k\u00e9pess\u00e9geit, \u00e9s hagyt\u00e1k \u0151t kibontakozni.\r\n\r\nA Virtus Entella nem tartozik \u00e9ppens\u00e9ggel Olaszorsz\u00e1g legnagyobb nev\u0171 egyes\u00fcletei k\u00f6z\u00e9. A hozz\u00e1juk hasonl\u00f3 lehet\u0151s\u00e9g\u0171 klubok ificsapatai viszonylag ritk\u00e1n jutnak el a koroszt\u00e1lyos sorozatok v\u00e9g\u00e9ig, \u00fagyhogy mag\u00e1t\u00f3l \u00e9rtet\u0151d\u0151 m\u00f3don sokak \u00e9rdekl\u0151d\u00e9s\u00e9t felkeltette, amikor az Entella a Primavera-bajnoks\u00e1g harmadik hely\u00e9n v\u00e9gzett a 2016\/17-es \u00e9vadban, mindemellett bemas\u00edrozva a Primavera Olasz Kupa d\u00f6nt\u0151j\u00e9be. Ott \u2013 ironikus m\u00f3don \u2013 az AS Roma U19-esei legy\u0151zt\u00e9k \u0151ket, de a menetel\u00e9s \u00e9s a gazdagabb akad\u00e9mi\u00e1k folyamatos megcs\u00fafol\u00e1sa egyetlen emberhez vezetett: Zaniol\u00f3hoz.\r\n\r\nAz Inter kaparintotta meg \u0151t. A vez\u00e9rszerepb\u0151l itt sem vett vissza, \u00e9s a Nerazzurit \u2013 t\u00f6bbek k\u00f6z\u00f6tt \u2013 koroszt\u00e1lyos bajnoki c\u00edmig vezette. Ett\u0151l a pontt\u00f3l visszasz\u00e1molva, k\u00e9t \u00e9vvel kor\u00e1bban m\u00e9g a Fiorentin\u00e1t\u00f3l kir\u00fagva, az \u00e1lmai megsemmis\u00fcl\u00e9s\u00e9nek sz\u00e9l\u00e9n \u00e1llt. \u00c9s m\u00e9g csak ez ut\u00e1n gyorsultak fel az esem\u00e9nyek.\r\n\r\n[caption id=\"attachment_7709\" align=\"aligncenter\" width=\"3000\"]<img class=\"size-full wp-image-7709\" src=\"https:\/\/sport24.24.hu\/app\/uploads\/sites\/24\/2023\/02\/075_ciancaglini-semifina180606_npkvf.jpg\" alt=\"\" width=\"3000\" height=\"2001\" \/> Az Inter U19-es csapat\u00e1ban 2018-ban.[\/caption]\r\n\r\nAz Inter 2018 nyar\u00e1n leigazolta <strong>Radja Nainggolant<\/strong> a Rom\u00e1t\u00f3l. A belga k\u00f6z\u00e9pp\u00e1ly\u00e1s\u00e9rt megk\u00f6t\u00f6tt \u00fczlet r\u00e9szek\u00e9nt a f\u0151v\u00e1rosiak megkapt\u00e1k a mil\u00e1n\u00f3iak egyik legnagyobb tehets\u00e9get \u2013 ahogyan az Olaszorsz\u00e1gban hossz\u00fa esztend\u0151k \u00f3ta lenni szokott, egy kipr\u00f3b\u00e1lt k\u00fclf\u00f6ldi veter\u00e1n\u00e9rt cser\u00e9be ez nem b\u00e1ntotta t\u00falzottan \u0151ket. Zaniolo \u00edgy az \u00d6r\u00f6k V\u00e1rosba tette \u00e1t a sz\u00e9khely\u00e9t, \u00e1m miel\u0151tt ez t\u00e9nylegesen megt\u00f6rt\u00e9nt volna, az U19-es Eur\u00f3pa-bajnoks\u00e1gon volt jelen\u00e9se.\r\n\r\n<span class=\"highlight-block\">Itt sz\u00farta ki \u0151t Roberto Mancini, olyannyira, hogy augusztusban a v\u00e1logatott keretbe is beh\u00edvta. <\/span>\r\n\r\nEls\u0151 oszt\u00e1ly\u00fa feln\u0151tt meccs n\u00e9lk\u00fcl, \u00fagy, hogy a Rom\u00e1ban hivatalos m\u00e9rk\u0151z\u00e9sen ekkor m\u00e9g szint\u00e9n nem mutatkozott be. T\u00fal sokat az\u00e9rt erre sem kellett v\u00e1rni, szeptember 9-\u00e9n, egy Bajnokok Lig\u00e1ja-tal\u00e1lkoz\u00f3n, a Real Madrid otthon\u00e1ban l\u00e9pett el\u0151sz\u00f6r p\u00e1ly\u00e1ra.\r\n\r\nEz j\u00f3l szimboliz\u00e1lja Zaniolo p\u00e1lyafut\u00e1s\u00e1t: a k\u00f6ztes l\u00e9pcs\u0151fokok szinte mindig kimaradtak, a nagy kih\u00edv\u00e1soknak azonban egyt\u0151l-egyig megfelelt. Az \u00e9vadot v\u00e9g\u00fcl 36 meccsel, 6 g\u00f3llal \u00e9s 3 g\u00f3lpasszal z\u00e1rta. Minden adott volt ahhoz, hogy R\u00f3ma \u00faj szt\u00e1rja \u00e9s az olasz futball \u00faj rem\u00e9nys\u00e9ge a k\u00f6vetkez\u0151 \u00e9vben kil\u0151j\u00f6n.\r\n\r\nJanu\u00e1r 12-\u00e9ig hat g\u00f3lt \u00e9s k\u00e9t pontos el\u0151k\u00e9sz\u00edt\u00e9st jegyzett, h\u00e9tr\u0151l h\u00e9tre fejl\u0151dni l\u00e1tszott, m\u00edg a csapata BL-t \u00e9r\u0151 helyen \u00e1llt. A 19. fordul\u00f3ban a Juventus \u00e9rkezett a Stadio Olimpic\u00f3ba.\r\n<h2>A lebirk\u00f3zhatatlan<\/h2>\r\nA m\u00e1r eml\u00edtett Vecchi \u00fagy tartotta: \u201ekicsit <strong>Gerrard<\/strong>, kicsit <strong>Lampard<\/strong>. Mindig az angol futball nagyjaihoz hasonl\u00edtottam Nicol\u00f3t. Olyanokhoz, akik a p\u00e1lya teljes hossz\u00e1t bej\u00e1tssz\u00e1k, meg\u00e9rkeznek a tizenhatoson bel\u00fclre, \u00e9s g\u00f3lokat szereznek.\u201d Az Entell\u00e1ban 10-esk\u00e9nt szerepelt, az Intern\u00e9l 10-esk\u00e9nt \u00e9s 8-ask\u00e9nt. A These Football Timesnak adott interj\u00faj\u00e1ban maga Zaniolo azt mondta, \u201emindig is 10-esk\u00e9nt futballoztam, de bevallom, ak\u00e1r 8-ask\u00e9nt vagy v\u00e9dekez\u0151 k\u00f6z\u00e9pp\u00e1ly\u00e1sk\u00e9nt is szerepeln\u00e9k, ha kell\u201d. Ennyire t\u00e1vol helyezni \u0151t a kaput\u00f3l, tal\u00e1n hiba lett volna, de az teljesen egy\u00e9rtelm\u0171, mi\u00e9rt hangozhattak el ezek a gondolatok. Zaniolo gyors felkapaszkod\u00e1s\u00e1t k\u00e9t tulajdons\u00e1ga seg\u00edtette els\u0151dlegesen.\r\n\r\nA fizikuma t\u00e9nyleg mindig is hihetetlen volt; rendk\u00edv\u00fcli er\u0151, egyens\u00faly\u00e9rz\u00e9k \u00e9s robban\u00e9konys\u00e1g kombin\u00e1ci\u00f3ja egyes\u00fclt benne. Ez p\u00e1rosult a technikai k\u00e9pzetts\u00e9ggel; ragad a l\u00e1b\u00e1hoz a labda, ami azzal egy\u00fctt, hogy k\u00e9ptelens\u00e9g elnyomni, kibillenteni, b\u00e1mulatos labdacipel\u0151v\u00e9 tette. Nem hogy j\u00e1t\u00e9kosok mellett vitte el gondolkod\u00e1s n\u00e9lk\u00fcl a labd\u00e1t, eg\u00e9sz csapatr\u00e9szeket szak\u00edtott \u00e1t. A modern futball egyik nagy er\u00e9nye, hogy megtanultuk \u00e9rt\u00e9kelni azokat a labdar\u00fag\u00f3kat, akik el\u0151re juttatj\u00e1k az egy\u00fcttes\u00fcket a t\u00e1mad\u00f3harmadba. N\u00e9lk\u00fcl\u00fck nincs t\u00e1mad\u00f3j\u00e1t\u00e9k. Azon t\u00fal, hogy Zaniolo a kapura is vesz\u00e9lyt jelent \u00e9s jelentett, legel\u0151sz\u00f6r ebben t\u0171nt ki.\r\n\r\nItt ugrunk vissza R\u00f3m\u00e1ba, 2020. janu\u00e1r 12-\u00e9re. Zaniolo a h\u00e1tr\u00e1ny ellen\u00e9re t\u00f6bbnyire j\u00e1tszadozott a torin\u00f3iak j\u00e1t\u00e9kosaival. A balsors\u00fa pillanat el\u0151tt is a saj\u00e1t t\u00e9rfel\u00e9nek k\u00f6zep\u00e9r\u0151l indult. Megnyerte a p\u00e1rharc\u00e1t <strong>Aaron Ramsey-vel<\/strong> szemben, ell\u00e9pett <strong>Blaise Matuidi<\/strong> mellett, \u00e1tverte <strong>Miralem Pjanicot<\/strong> \u00e9s futott, futott..., eg\u00e9szen addig, am\u00edg <strong>Matthijs De Ligt<\/strong> ki nem l\u00e9pett a v\u00e9d\u0151sorb\u00f3l, hogy a visszamozg\u00f3 <strong>Adrien Rabiot-val<\/strong> egy\u00fctt harap\u00f3fog\u00f3ba z\u00e1rja \u0151t. Azonnal l\u00e1tszott, hogy nagy a baj. Elszakadt a jobb l\u00e1b\u00e1ban a keresztszalag. A 2019\/20-as \u00e9vadban kiz\u00e1r\u00f3lag a Covid miatt ker\u00fclt p\u00e1ly\u00e1ra, ugyanis elh\u00faz\u00f3dott annyira az id\u00e9ny, hogy a hajr\u00e1ra fel\u00e9p\u00fclt. Biztat\u00f3nak t\u0171nt, \u0151szint\u00e9n lehetett rem\u00e9nykedni abban, hogy a fizikuma a s\u00falyos s\u00e9r\u00fcl\u00e9s ellen\u00e9re nem szenvedett visszaford\u00edthatatlan k\u00e1rt. Ez a rem\u00e9ny csup\u00e1n n\u00e9h\u00e1ny h\u00e9ttel k\u00e9s\u0151bbig \u00e9lt. 2020 szeptember\u00e9ben a Hollandia elleni Nemzetek Lig\u00e1ja-m\u00e9rk\u0151z\u00e9sen megism\u00e9tl\u0151d\u00f6tt a r\u00e9m\u00e1lom: a m\u00e1sik l\u00e1b\u00e1ban is elszakadt a keresztszalag.\r\n\r\n[caption id=\"attachment_7710\" align=\"aligncenter\" width=\"3000\"]<img class=\"size-full wp-image-7710\" src=\"https:\/\/sport24.24.hu\/app\/uploads\/sites\/24\/2023\/02\/gettyimages-1271734646.jpg\" alt=\"\" width=\"3000\" height=\"2000\" \/> Zaniolo s\u00e9r\u00fcl\u00e9se 2020 szeptember\u00e9ben a Hollandia elleni Nemzetek Lig\u00e1ja-m\u00e9rk\u0151z\u00e9sen.[\/caption]\r\n\r\nAzel\u0151tt egymaga has\u00edtotta f\u00e9lbe az ellenfeleket, 19\u201320 \u00e9vesen is b\u00e1rkivel felvette a versenyt.\r\n\r\n<span class=\"highlight-block-small\">A legd\u00f6rzs\u00f6ltebb, legtapasztaltabb Serie A-j\u00e1t\u00e9kosok is lepattantak r\u00f3la, olyan embertelen volt a t\u00f6rzsizomzata, olyan t\u00f6k\u00e9letesen tartotta el mag\u00e1t\u00f3l \u0151ket.<\/span>\r\n\r\n\u00c9s ha valaki fel is tudta venni vele ezen a t\u00e9ren a versenyt, akkor a tusakod\u00e1s helyett elzakatolt mellette. \u00dagy t\u0171nt, lebirk\u00f3zhatatlan. Az ember am\u00fagy is sz\u00edvesen n\u00e9z j\u00f3 cselez\u0151ket, olyanokat, akikhez tapad a labda, de az el\u0151bb felsoroltak miatt t\u00e9nyleg \u00e9rezni lehetett valamif\u00e9le pezsg\u00e9st Zaniolo k\u00f6r\u00fcl. Minden mozdulat\u00e1b\u00f3l \u00e1radt, hogy k\u00fcl\u00f6nleges, hogy egy csapat taktik\u00e1j\u00e1t fel lehet h\u00fazni r\u00e1, hogy t\u0151le bizton lehet sz\u00e1m\u00edtani az extr\u00e1ra. M\u00e1ra ott tartunk, hogy Mourinho igyekszik a kapuhoz min\u00e9l k\u00f6zelebb helyezni, mert enn\u00e9l h\u00e1tr\u00e9bb nagyon kev\u00e9ssel tudna szolg\u00e1lni, \u00edgy meg eg\u00e9szen sok er\u00e9nye kidomborodik m\u00e9g.\r\n\r\nMindek\u00f6zben a transzferk\u00e9relem ment\u00e1lisan, pszichol\u00f3giailag csak hab a tort\u00e1n. Kicsit mindig bizonytalan talaj ez a t\u00e9ma, \u00e9s v\u00e9letlen\u00fcl sem szabad a bulv\u00e1r mocsar\u00e1ban elmer\u00fclni, de nem \u00fagy t\u0171nik, mintha Zaniolo olyan j\u00f3l kezelte volna a p\u00e1lyafut\u00e1sa azonnalis\u00e1gait, illetve vakv\u00e1g\u00e1nyait. Ahogyan arr\u00f3l m\u00e1r sz\u00f3 volt, neki kimaradtak a k\u00f6zb\u00fcls\u0151 l\u00e9pcs\u0151k, az \u00e1tmeneti \u00e1llapotok, azok a momentumok, amelyek seg\u00edthett\u00e9k volna az alkalmazkod\u00e1sban. Folyamatosan meg kellett felelnie a v\u00e1ratlanabbn\u00e1l v\u00e1ratlanabb kih\u00edv\u00e1soknak. Az egyik pillanatban m\u00e9g U19-es j\u00e1t\u00e9kos volt, a m\u00e1sikban m\u00e1r feln\u0151tt v\u00e1logatott \u00e9s az AS Roma fontos tagja. Egy pillant\u00e1ssal k\u00e9s\u0151bb azt\u00e1n m\u00e1r a haz\u00e1j\u00e1nak legnagyobb tehets\u00e9ge \u2013 hogy m\u00e9g egy pillant\u00e1st k\u00f6vet\u0151en minden \u00f6sszezuhanjon. A k\u00e9t szalagszakad\u00e1s k\u00f6z\u00f6tti id\u0151szakban terhes lett a bar\u00e1tn\u0151je, akivel azt\u00e1n emiatt sz\u00e9tmentek, hogy n\u00e9h\u00e1ny h\u00f3nappal k\u00e9s\u0151bb egy m\u00e1sik h\u00f6lgy otthagyja \u0151t a Lazio t\u00e1mad\u00f3j\u00e1\u00e9rt, <strong>Mattia Zaccagni\u00e9rt<\/strong>, akit\u0151l az\u00f3ta neki is gyermeke sz\u00fcletett. Ezt az eg\u00e9sz k\u00e1oszt, a sajt\u00f3 \u00e1lland\u00f3 kutakod\u00e1s\u00e1t, cs\u00e1mcsog\u00e1s\u00e1t \u00e9s elv\u00e1r\u00e1sait feldolgozni, no meg a hely\u00e9n kezelni szinte lehetetlens\u00e9g. \u00c9s a jelek szerint Zaniolo a legjobb form\u00e1j\u00e1t\u00f3l is nagyon messze ker\u00fclt.\r\n<h2>A jelen val\u00f3s\u00e1ga<\/h2>\r\nA g\u00f3lok \u00e9s a g\u00f3lpasszok ter\u00e9n sem \u00e1llt vissza az eredeti \u00e1llapot, de ez \u00fcgyben m\u00e9g t\u0171rhet\u0151 a helyzet. Az alapoz\u00f3 statisztik\u00e1kban n\u00e9mi visszaes\u00e9s figyelhet\u0151 meg: a berobban\u00f3 szezonj\u00e1ban 90 percenk\u00e9nt 0,47 v\u00e1rhat\u00f3 g\u00f3lt \u00e9s g\u00f3lpassz volt a mutat\u00f3ja, ez 2021\/22-ben 0,45-re cs\u00f6kkent, most 0,39-en \u00e1ll. A befejez\u00e9sekben enn\u00e9l nagyobb visszaes\u00e9s figyelhet\u0151 meg: 0,48 ut\u00e1n, a s\u00e9r\u00fcl\u00e9seit k\u00f6vet\u0151en 0,14 \u00e9s 0,1 ez a sz\u00e1m. Egyszer\u0171bbre ford\u00edtva: am\u00edg a 2019\/20-as \u00e9vadban csaknem minden m\u00e1sodik 90 perc\u00e9ben k\u00f6zvetlen szerepet v\u00e1llalt egy g\u00f3lban, id\u00e9n ez minden kilencedik 90 percre romlott. E mutat\u00f3k azt jelzik, hogy jelenleg a szerencs\u00e9je is igen forgand\u00f3, ami m\u00e1r \u00f6nmag\u00e1ban aggodalomra adhat okot.\r\n\r\n[caption id=\"attachment_7711\" align=\"aligncenter\" width=\"3000\"]<img class=\"size-full wp-image-7711\" src=\"https:\/\/sport24.24.hu\/app\/uploads\/sites\/24\/2023\/02\/gettyimages-1456055308.jpg\" alt=\"\" width=\"3000\" height=\"2000\" \/> Mourinho \u00e9s Zaniolo a Genoa elleni kupameccsen janu\u00e1r 12-\u00e9n.[\/caption]\r\n\r\nSokkal kevesebb progressz\u00edv labdavezet\u00e9s \u00e9s passz, az \u00e9rint\u00e9seinek sokkal nagyobb h\u00e1nyada a t\u00e1mad\u00f3 harmadban, jelent\u0151sen kevesebb cselk\u00eds\u00e9rlet, \u00e9s ezek k\u00f6z\u00fcl b\u00e1nt\u00f3an kevesebb sikeres csel. Konkr\u00e9tan harmadannyi az id\u00e9n, mint a deb\u00fct\u00e1l\u00f3 id\u00e9ny\u00e9ben. Benne van ezekben persze az is, hogy a keret mik\u00e9ppen alakult k\u00f6r\u00fcl\u00f6tte. <strong>Lorenzo Pellegrini<\/strong> \u00e9s <strong>Paulo Dybala<\/strong> sok teret elvesz el\u0151le, a k\u00fcl\u00f6nb\u00f6z\u0151 felel\u0151ss\u00e9gek megoszlanak k\u00f6z\u00f6tt\u00fck. \u00c1m ett\u0151l f\u00fcggetlen\u00fcl\r\n\r\n<span class=\"highlight-block\">\u00f6n\u00e1m\u00edt\u00e1s lenne nem \u00e9szrevenni a val\u00f3s\u00e1got. Azt, hogy miv\u00e9 v\u00e1lt Zaniolo.<\/span>\r\n\r\nSoha nem fogja elfelejteni, hogyan kell \u0151rizni a k\u00f6zvetlen k\u00f6rnyezet\u00e9t, kell eltartani mag\u00e1t\u00f3l a r\u00e1 t\u00e1mad\u00f3kat. Emiatt mindig is p\u00e1rharcer\u0151s lesz, f\u0151k\u00e9nt, hogy a s\u00e9r\u00fcl\u00e9sei alatt el\u00e9gg\u00e9 kipattintotta mag\u00e1t, vagyis bitang er\u0151s. Csakhogy a fordul\u00e9konys\u00e1ga, az ir\u00e1ny- \u00e9s iramv\u00e1lt\u00e1sa lassult, a v\u00e9gsebess\u00e9ge \u00e1rny\u00e9ka egykori \u00f6nmag\u00e1nak. M\u00e1r nem tudja a nyak\u00e1ba venni az ellenfeleket, nem k\u00e9pes hat\u00e9konyan r\u00e9szt venni a t\u00e1mad\u00e1s\u00e9p\u00edt\u00e9sekben, \u00e9s nagyon j\u00f3l kell megv\u00e1lasztania, kivel szemben k\u00eds\u00e9rel meg ell\u00e9pni. Nem rossz befejez\u0151, \u00e9s eg\u00e9szen j\u00f3l ker\u00fcl helyzetbe, mindazon\u00e1ltal azt, amit\u0151l k\u00fcl\u00f6nlegesnek \u00e9s igazi vil\u00e1gklasszis-mat\u00e9ri\u00e1nak t\u0171nt, a s\u00e9r\u00fcl\u00e9sei miatt elvesz\u00edtette.\r\n\r\n\u00cdgy az sem meglep\u0151, mennyire nem volt piaca. A t\u00e9l ilyen szempontb\u00f3l mindig nehez\u00edtett p\u00e1lya, a ma val\u00f3s\u00e1ga r\u00e1ad\u00e1sul az, hogy <a href=\"https:\/\/rangado.24.hu\/nemzetkozi_foci\/2023\/02\/01\/chelsea-premier-league-klubok-igazolasok\/\">a Premier League klubjain k\u00edv\u00fcl senki sem tud k\u00f6ltekezni<\/a>. \u00c9s Angli\u00e1ba ritk\u00e1n \u00e9rkezik olyan futballista, mint Zaniolo. M\u00e1r nem el\u00e9g fiatal, nem nagyon fog n\u0151ni az \u00e9rt\u00e9ke, p\u00e9nz\u00fcgyileg nincs benne lehet\u0151s\u00e9g. A peak \u00e9vei elej\u00e9n j\u00e1r, vagyis enn\u00e9l sokkal t\u00f6bbet nem tud majd kihozni mag\u00e1b\u00f3l \u2013 kiv\u00e9ve, ha a k\u00f6rnyezete nem hoz ki bel\u0151le valami v\u00e1ratlant. Az igazi topklubok viszont m\u00e1r nem l\u00e1tnak bele annyit, hogy ezzel pr\u00f3b\u00e1lkozzanak, m\u00edg a kisebbeknek a projektigazol\u00e1sok mellett olyan j\u00e1t\u00e9kosokra van sz\u00fcks\u00e9g\u00fck, akik azonnal v\u00edz felett, a PL p\u00e9nzcsapjainak el\u00e9rhet\u0151 t\u00e1vols\u00e1g\u00e1ban tartj\u00e1k \u0151ket.\r\n\r\n\u00cdgy adott a patthelyzet. Egy nagyon szomor\u00fa patthelyzet. A puszta szerencs\u00e9tlens\u00e9g megfosztotta a sport\u00e1gat egy ragyog\u00f3 labdar\u00fag\u00f3t\u00f3l. Zaniolo \u00e1rny\u00e9ka lett egykori \u00f6nmag\u00e1nak, nem tudta val\u00f3ra v\u00e1ltani azt az \u00e1lmot, amit \u00e9vekkel ezel\u0151tt felcsillantott. A vil\u00e1g egyik legfontosabb, legnagyobb t\u00f6rt\u00e9nelm\u0171 v\u00e1ros\u00e1nak \u00fajdons\u00fclt kir\u00e1lya helyett sz\u00e1mkivetett\u00e9 v\u00e1lt. A moment\u00e1n nem a legszebb napjait \u00e9l\u0151 olasz futball megv\u00e1lt\u00f3j\u00e1b\u00f3l \u00fajabb bev\u00e1ltatlan \u00edg\u00e9rett\u00e9.\r\n\r\n[prefabricated_shortcode in_app=\"0\" code=\"%3Cdiv%20class%3D%22article_box_border%22%20style%3D%22background%3A%20url%28%27https%3A%2F%2F24.p3k.hu%2Fapp%2Fuploads%2Fsites%2F24%2F2021%2F05%2Fsport24-pattern.png%27%29%20no-repeat%20left%20-16px%20%23f3f3f4%3B%20border%3A%20none%3B%22%3E%0D%0A%3Cdiv%20class%3D%22article_solidheader%22%3E%0D%0A%3Ch2%20style%3D%22color%3A%20%23111115%21important%3B%20font-size%3A%2036px%3B%20font-weight%3A%20bold%3B%20margin-bottom%3A%2030px%3B%20margin-top%3A%2020px%3B%20text-align%3A%20center%3B%20line-height%3A%2036px%3B%22%3E%3Cimg%20class%3D%22aligncenter%20size-full%20wp-image-141%22%20src%3D%22https%3A%2F%2F24.p3k.hu%2Fapp%2Fuploads%2Fsites%2F24%2F2021%2F05%2Fs24-logo-dt.png%22%20alt%3D%22%22%20width%3D%22408%22%20height%3D%2290%22%20%2F%3E%3C%2Fh2%3E%0D%0A%3Ch2%20style%3D%22color%3A%20%23111115%21important%3B%20font-size%3A%2036px%3B%20font-weight%3A%20bold%3B%20margin-bottom%3A%2030px%3B%20margin-top%3A%2020px%3B%20text-align%3A%20center%3B%20line-height%3A%2040px%3B%22%3ECsatlakozz%20a%20Sport24%20k%C3%B6z%C3%B6ss%C3%A9ghez%2C%20mondd%20el%20v%C3%A9lem%C3%A9nyedet%20z%C3%A1rt%20Facebook-csoportunkban%2C%20%C3%A9s%20vegy%C3%A9l%20r%C3%A9szt%20csak%20el%C5%91fizet%C5%91knek%20el%C3%A9rhet%C5%91%20exkluz%C3%ADv%20esem%C3%A9nyeinken.%3C%2Fh2%3E%0D%0A%3C%2Fdiv%3E%0D%0A%3Cp%20style%3D%22background%3A%20%2357A600%3B%20margin-top%3A%2020px%3B%20padding%3A%2020px%3B%20text-align%3A%20center%3B%22%3E%3Ca%20style%3D%22color%3A%20%23ffffff%3B%20font-size%3A%2026px%3B%20font-weight%3A%20600%3B%22%20href%3D%22https%3A%2F%2Fwww.facebook.com%2Fgroups%2F212344460412327%22%3ECSATLAKOZOM%3C%2Fa%3E%3C%2Fp%3E%0D%0A%0D%0A%3C%2Fdiv%3E\"]","type":"rich","thumbnail_url":"https:\/\/s.24.hu\/app\/uploads\/sites\/24\/2023\/02\/gettyimages-1246002287-150x150.jpg","thumbnail_width":150,"thumbnail_height":150}