{"version":"1.0","provider_name":"Sport24","provider_url":"https:\/\/sport24.24.hu","author_name":"Bruckner G\u00e1bor","author_url":"https:\/\/sport24.24.hu\/author\/brucknerg\/","title":"Vincent Kompany hetek alatt tett csod\u00e1t a Burnley-vel","html":"Az id\u00e9ny eleji es\u00e9lylatolgat\u00e1sokat \u00e1ltal\u00e1ban t\u00f6bb h\u00f3nap eltelte ut\u00e1n \u00e9rdemes \u00fajra el\u0151venni, \u00e9s ritka alkalom az, amikor m\u00e1r r\u00f6gt\u00f6n az els\u0151 meccs r\u00e1c\u00e1fol az okoskod\u00e1sra. Ennek az \u00e9vadnak az elej\u00e9n viszont pont \u00edgy j\u00e1rtunk a Burnley-vel, amelyr\u0151l <a href=\"https:\/\/sport24.24.hu\/foci\/2022\/07\/30\/championship-edzozsenik-es-kolcsonjatekosok-ellensulyozhatjak-a-premier-league-bol-lecsorgo-milliokat\/\">azt \u00edrtuk<\/a> a Championship-beharangoz\u00f3nkban, hogy \u201eA csapatot t\u00e9nyleg \u00fajj\u00e1 kell \u00e9p\u00edteni, r\u00e1ad\u00e1sul \u00e9ppen a szil\u00e1rd v\u00e9delme t\u0171nt el, amit a legnehezebb p\u00f3tolni. A st\u00edlusv\u00e1lt\u00e1s am\u00fagy is hosszabb id\u0151be telik, \u00e9s mire a tankhaj\u00f3 ir\u00e1nyt v\u00e1lt, lehet, hogy ez a szezon m\u00e1r el is ment.\u201d\r\n\r\nEhhez k\u00e9pest r\u00f6gt\u00f6n az els\u0151 meccs\u00e9n a Burnley f\u00e9nyesen bizony\u00edtotta, hogy\r\n\r\n<span class=\"highlight-block\">sz\u00f3 sincs itt tankhaj\u00f3r\u00f3l, <\/span>\r\n\r\na hasonlatn\u00e1l maradva egy motorcs\u00f3nak f\u00fcrges\u00e9g\u00e9vel siker\u00fclt fordulnia a klubnak, \u00e9s a kor\u00e1bban a r\u00e9giv\u00e1g\u00e1s\u00fa, direkt \u00e9s nem \u00e9ppen l\u00e1tv\u00e1nyos focij\u00e1r\u00f3l h\u00edres csapat labdatart\u00e1sra \u00e9s passzj\u00e1t\u00e9kra \u00e9p\u00fcl\u0151, modern futballal fojtotta meg a Huddersfield j\u00e1t\u00e9k\u00e1t. Az 1-0-s v\u00e9geredm\u00e9ny nem is t\u00fckr\u00f6zte a k\u00e9t csapat k\u00f6z\u00f6tti k\u00fcl\u00f6nbs\u00e9get: a Burnley hetven sz\u00e1zal\u00e9kban birtokolta a labd\u00e1t, de mindenn\u00e9l t\u00f6bbet mond a v\u00e1lt\u00e1sr\u00f3l az az adat, hogy a csapat egyetlen f\u00e9lid\u0151 alatt t\u00f6bb sikeres passzt mondhatott mag\u00e1\u00e9nak, mint az el\u0151z\u0151 id\u00e9nyben az esetek t\u00f6bbs\u00e9g\u00e9ben egy teljes meccsen sem siker\u00fclt.\r\n\r\nAz\u00f3ta a Burnley vissza se n\u00e9zett, \u00e9s jelenleg \u00f6t pont el\u0151nnyel vezeti a Championshipet a m\u00e1sodik Sheffield United el\u0151tt, m\u00edg a harmadik, m\u00e9g nem automatikus feljut\u00e1st jelent\u0151 helyen \u00e1ll\u00f3 Watforddal szembeni tizennyolc pont a f\u00f3rja; t\u00e9nyleg nem t\u00falz\u00e1s azt \u00e1ll\u00edtani, hogy a klub m\u00e1r most k\u00e9sz\u00fcl\u0151dhet a Premier League-re. De mi t\u00f6rt\u00e9nt a Burnley-vel, \u00e9s hogyan siker\u00fclt ilyen r\u00f6vid id\u0151 alatt ennyire megv\u00e1ltoztatni a csapatot?\r\n\r\n[caption id=\"attachment_7670\" align=\"aligncenter\" width=\"3000\"]<img class=\"size-full wp-image-7670\" src=\"https:\/\/sport24.24.hu\/app\/uploads\/sites\/24\/2023\/01\/gettyimages-1452768483.jpg\" alt=\"\" width=\"3000\" height=\"2001\" \/> BURNLEY, ENGLAND - DECEMBER 27: Taylor Harwood-Bellis of Burnley jumps as they walk on to the pitch prior to the Sky Bet Championship between Burnley and Birmingham City at Turf Moor on December 27, 2022 in Burnley, England. (Photo by Cameron Smith\/Getty Images)[\/caption]\r\n\r\nA Burnley nagy m\u00falt\u00fa klub, kezdett\u0151l fogva meghat\u00e1roz\u00f3 szerepet j\u00e1tszik az angol bajnoks\u00e1gban, k\u00e9tszer meg is nyerte azt, de ahogyan egyre t\u00f6bb p\u00e9nz ker\u00fclt az angol fociba, \u00fagy v\u00e1lt egyre nyilv\u00e1nval\u00f3bb\u00e1, hogy\r\n\r\n<span class=\"highlight-block-small\">elm\u00faltak az id\u0151k, amikor egy 70 ezres, lancashire-i kisv\u00e1ros focicsapata es\u00e9llyel vehette fel a harcot a nagy londoni, manchesteri vagy liverpooli riv\u00e1lisaival.<\/span>\r\n\r\nMa m\u00e1r brav\u00farsz\u00e1mba megy, ha a Burnley egy-k\u00e9t \u00e9vadot leh\u00faz a Premier League-ben, \u00e9s ez t\u00e9nyleg a maximum. Az, hogy hosszabb id\u0151re megvesse a l\u00e1b\u00e1t, esetleg m\u00e9g az eur\u00f3pai kupasz\u00ednt\u00e9rre is kil\u00e9pjen, m\u00e1r a science fiction vil\u00e1ga, m\u00e9gis megt\u00f6rt\u00e9nt: <strong>Sean Dyche<\/strong> az elm\u00falt \u00e9vtizedben k\u00e9tszer is feljuttatta a klubot az \u00e9lvonalba, m\u00e1sodszorra meg is ragadt a k\u00f6z\u00e9pmez\u0151nyben, \u00f6sszej\u00f6tt az Eur\u00f3pa Liga-szerepl\u00e9s, a Burnley t\u00e9nyez\u0151 lett.\r\n<div class=\"payable-content-section\"><\/div>\r\nA kidob\u00f3ember k\u00fclsej\u0171 Dyche mindezt rendk\u00edv\u00fcl kev\u00e9s p\u00e9nzb\u0151l \u00e9rte el, t\u00f6bbnyire szigetorsz\u00e1gi j\u00e1t\u00e9kosokkal, \u00e9s olyan futballt j\u00e1tszatott vel\u00fck, amilyen a kerett\u0151l re\u00e1lisan elv\u00e1rhat\u00f3 volt: a Burnley rendk\u00edv\u00fcl kellemetlen ellenf\u00e9l volt, szil\u00e1rd v\u00e9dekez\u00e9ssel, 4-4-2-es fel\u00e1ll\u00e1ssal \u00e9s nem t\u00fal l\u00e1tv\u00e1nyos st\u00edlussal. Viszont b\u00e1rki ellen odatette mag\u00e1t, \u00e9s nem v\u00e9letlen\u00fcl hasonl\u00edtotta <strong>Pep Guardiola<\/strong> a Manchester City Burnley elleni meccseit a fogorvosn\u00e1l tett l\u00e1togat\u00e1saihoz, mert Dyche csapata sosem l\u00e9pett p\u00e1ly\u00e1ra feltett k\u00e9zzel, \u00e9s nem egyszer meg is lepte a nevesebb ellenfeleit. Csakhogy teltek az \u00e9vek, \u00e9s egyre jobban l\u00e1tszott, nem m\u0171k\u00f6dik \u00f6r\u00f6kk\u00e9 ez a recept, valamif\u00e9le evol\u00faci\u00f3ra volna sz\u00fcks\u00e9g, pl\u00e1ne, hogy az egyre id\u0151s\u00f6d\u0151 \u00e1tlag\u00e9letkor\u00fa keret szavatoss\u00e1ga is kezdett lej\u00e1rni. Az id\u0151k\u00f6zben amerikai befektet\u0151k kez\u00e9be ker\u00fcl\u0151 klub v\u00e1ltoztatott is az igazol\u00e1spolitik\u00e1j\u00e1n, de hi\u00e1ba, az el\u0151z\u0151 bajnoks\u00e1g r\u00e9m\u00e1lomszer\u0171en alakult a Burnley sz\u00e1m\u00e1ra, \u00e9s elj\u00f6tt az a pont, amikor m\u00e1r Dyche var\u00e1zsa is megkopott, a csapat pedig biztos kies\u0151nek t\u0171nt.\r\n\r\nAz edz\u0151t v\u00e9g\u00fcl menesztett\u00e9k, ut\u00f3dja az ut\u00e1np\u00f3tl\u00e1scsapatt\u00f3l \u00e9rkez\u0151<strong> Mike Jackson<\/strong> lett, akinek kis h\u00edj\u00e1n siker\u00fclt a csoda, \u00e9s a Burnley eg\u00e9szen az utols\u00f3 pillanatig k\u00fczd\u00f6tt a bennmarad\u00e1s\u00e9rt, de v\u00e9g\u00fcl hi\u00e1ba,\r\n\r\n<span class=\"highlight-block\">a t\u00fcnd\u00e9rmese v\u00e9get \u00e9rt, a klub \u00e9let\u00e9ben pedig \u00faj fejezet kezd\u0151d\u00f6tt. <\/span>\r\n\r\nAmikor azt\u00e1n 2022. j\u00fanius 14-\u00e9n <strong>Vincent Kompanyt<\/strong>, a kor\u00e1bbi vil\u00e1gklasszis belga v\u00e9d\u0151t nevezt\u00e9k ki edz\u0151nek, kevesen irigyelt\u00e9k \u0151t: mivel az \u00faj tulajdonos ALK Capital a klub v\u00e9tel\u00e1r\u00e1t k\u00f6lcs\u00f6nb\u0151l fedezte, \u00e9s a hiteltartoz\u00e1st a klubra terhelte, arr\u00f3l sz\u00f3 sem lehetett, hogy a Burnley visszav\u00e1s\u00e1rolja mag\u00e1t az \u00e9lvonalba. A klub p\u00e9nzz\u00e9 tette legjobbjait, az elad\u00e1sukb\u00f3l befolyt \u00f6sszegnek pedig csak kisebb r\u00e9sz\u00e9t ford\u00edthatta \u00faj j\u00e1t\u00e9kosok v\u00e1s\u00e1rl\u00e1s\u00e1ra, hiszen az ad\u00f3ss\u00e1got t\u00f6rleszteni kellett. A ny\u00e1r folyam\u00e1n a csapat csaknem az \u00f6sszes szt\u00e1rj\u00e1t elvesz\u00edtette: ment az angol v\u00e1logatott kapus, <strong>Nick Pope<\/strong>, t\u00e1vozott a liga egyik legbiztosabb k\u00f6z\u00e9ph\u00e1tv\u00e9dp\u00e1ros\u00e1nak tartott <strong>Tarkowski, Mee<\/strong> kett\u0151s, \u00e9s ment a g\u00f3ler\u0151s <strong>Maxwel Cornet<\/strong> is. Ez mind bor\u00edt\u00e9kolhat\u00f3 is volt, azt viszont, hogy olyan tehets\u00e9ges fiatalokat is elengedjen a klub, mint a saj\u00e1t nevel\u00e9s\u0171 Dwight McNeil, vagy az \u00edr v\u00e1logatott v\u00e9d\u0151, <strong>Nathan Collins<\/strong>, m\u00e1r nehezen nyelt\u00e9k le a szurkol\u00f3k. V\u00e9g\u00fcl \u00f6sszesen tizenh\u00e1rman t\u00e1voztak, \u00e9s tizenhat \u00faj j\u00e1t\u00e9kos \u00e9rkezett, \u00e1m az ut\u00f3bbiak j\u00f3szer\u00e9vel ismeretlenek voltak az \u00e1tlagos drukker sz\u00e1m\u00e1ra.\r\n\r\n<span class=\"highlight-block-small\">Kompanyra t\u00f6bbek k\u00f6z\u00f6tt az\u00e9rt esett a v\u00e1laszt\u00e1s, mert el\u0151z\u0151 klubj\u00e1n\u00e1l, az Anderlechtn\u00e9l m\u00e1r bizony\u00edtotta, nem esik nehez\u00e9re, hogy fiatal j\u00e1t\u00e9kosokkal dolgozzon egy\u00fctt. <\/span>\r\n\r\nM\u00e1rpedig a Burnley els\u0151 sz\u00e1m\u00fa c\u00e9lja a fiatal\u00edt\u00e1s volt. Az \u00e9rkez\u0151k ennek megfelel\u0151en 26 \u00e9v alattiak voltak, t\u00f6bben Belgiumb\u00f3l \u00e9rkeztek, de az angol als\u00f3bb oszt\u00e1lyokb\u00f3l is j\u00f6ttek. Kompany bizony\u00edtotta azt is, hogy j\u00f3 kapcsolatai vannak az elit klubokkal, \u00edgy k\u00f6lcs\u00f6nj\u00e1t\u00e9kosk\u00e9nt egykori csapat\u00e1t\u00f3l, a Manchester Cityt\u0151l \u00e9rkezett az angol ut\u00e1np\u00f3tl\u00e1s-v\u00e1logatott k\u00f6z\u00e9ph\u00e1tv\u00e9d, <strong>Taylor Harwood-Bellis<\/strong>, a kapus<strong> Arijanet Muric<\/strong> \u00e9s a v\u00e9d\u0151 <strong>CJ Egan-Riley<\/strong> is, mik\u00f6zben a Chelsea-t\u0151l is hozott egy k\u00f6lcs\u00f6nj\u00e1t\u00e9kost, a g\u00f3ler\u0151s balh\u00e1tv\u00e9d <strong>Ian Maatsen<\/strong> szem\u00e9ly\u00e9ben.\r\n\r\n<img class=\"size-full wp-image-7669\" src=\"https:\/\/sport24.24.hu\/app\/uploads\/sites\/24\/2023\/01\/gettyimages-1244438447.jpg\" alt=\"\" width=\"2965\" height=\"2082\" \/>\r\n\r\nDe a l\u00e9nyeg nem is a neveken volt: Kompany egy\u00fcttes\u00e9be eg\u00e9szen m\u00e1s t\u00edpus\u00fa futballist\u00e1k \u00e9rkeztek, mint akiket addig a Burnley szurkol\u00f3i l\u00e1thattak h\u00e9tr\u0151l h\u00e9tre. Gyors, technik\u00e1s, j\u00f3l cselez\u0151 fiatalokat keresett, mellett\u00fck pedig \u00faj lend\u00fcletet kaptak a kor\u00e1bbr\u00f3l ott maradt j\u00e1t\u00e9kosok: a csapatkapit\u00e1ny, <strong>Jack Cork<\/strong>, azt\u00e1n a sokoldal\u00fa k\u00f6z\u00e9pp\u00e1ly\u00e1s,<strong> Josh Brownhill<\/strong>, vagy a k\u00e9t tapasztalt csat\u00e1r, <strong>Jay Rodriguez<\/strong> \u00e9s <strong>Ashley Barnes<\/strong>. Azt\u00e1n a nyit\u00f3meccsen kider\u00fclt, Kompany t\u00e9nyleg k\u00e9pes volt n\u00e9h\u00e1ny h\u00e9t alatt a semmib\u0151l \u00faj csapatot \u00e9p\u00edteni, amely ugyan az els\u0151 gy\u0151zelem ut\u00e1n n\u00e9ha m\u00e9g botladozott, okt\u00f3berre annyira lend\u00fcletbe j\u00f6tt, hogy k\u00e9ptelens\u00e9g volt meg\u00e1ll\u00edtani.\r\n\r\nAz egyetlen kisikl\u00e1st egy s\u00falyos, 5-2-es veres\u00e9g jelentette a riv\u00e1lis Sheffield United ellen, de azt lesz\u00e1m\u00edtva nem nagyon tudtak mit kezdeni a Kompany-band\u00e1val az ellenfelek. K\u00fcl\u00f6n\u00f6sen a t\u00e1rsas\u00e1g ment\u00e1lis tart\u00e1sa volt er\u0151s, hiszen sz\u00e1mos alkalommal az utols\u00f3 percekben d\u00f6nt\u00f6tte el a meccset az addigra teljesen fel\u0151r\u00f6lt ellenfelekkel szemben.\r\n<blockquote>Kompany elmondta a j\u00e1t\u00e9kosainak, hogyan szeretn\u00e9 m\u0171k\u00f6dtetni a csapat\u00e1t, r\u00e9szletesen kit\u00e9rve a st\u00edlusra \u00e9s a fel\u00e1ll\u00e1sra. Filoz\u00f3fi\u00e1ja arr\u00f3l sz\u00f3l, hogy csapata a m\u00e9rk\u0151z\u00e9s minden lehets\u00e9ges forgat\u00f3k\u00f6nyv\u00e9b\u0151l g\u00f3lt tudjon szerezni\u201d<\/blockquote>\r\n\u2013 \u00edrta az edz\u0151 hitvall\u00e1s\u00e1r\u00f3l az Athletic cikke, amelyb\u0151l az is kider\u00fclt, az edz\u0151 komoly hangs\u00falyt fektet arra, hogy minden meccs el\u0151tt rendk\u00edv\u00fcl r\u00e9szletes, egy\u00e9nre szabott feladatokkal b\u00edzza meg a j\u00e1t\u00e9kosait.<a href=\"https:\/\/theathletic.com\/3735530\/2022\/10\/28\/vincent-kompany-burnley-data-bellamy\/\" target=\"_blank\" rel=\"noopener\"> Tagja az edz\u0151i st\u00e1bnak a kor\u00e1bbi klasszis csat\u00e1r,<strong> Craig Bellamy<\/strong> is<\/a>, aki rendszeresen k\u00fcl\u00f6n foglalkozik a t\u00e1mad\u00f3kkal. Kompany alatt a Burnley a legt\u00f6bbet \u00e9s legpontosabban passzol\u00f3 klub lett a lig\u00e1ban, \u00e9s \u0151 maga minden meccsen k\u00e9pes v\u00e1ratlan taktikai h\u00faz\u00e1sra is.\r\n\r\nAz is neki k\u00f6sz\u00f6nhet\u0151 a legink\u00e1bb, hogy a kor\u00e1bban ismeretlen j\u00e1t\u00e9kosok \u2013 mint a marokk\u00f3i-belga sz\u00e9ls\u0151, <strong>Anass Zaroury,<\/strong> azt\u00e1n a sz\u00e9lv\u00e9szgyors szupercsere,<strong> Manuel Benson<\/strong>, vagy a Southamptont\u00f3l k\u00f6lcs\u00f6nbe \u00e9rkez\u0151 t\u00e1mad\u00f3, <strong>Nathan Tella<\/strong> \u2013 mind-mind a liga legjobbjai k\u00f6z\u00e9 sorolhat\u00f3k ebben az \u00e9vadban. R\u00e1ad\u00e1sul a csapat m\u00e9g azt is elb\u00edrta, hogy s\u00e9r\u00fcl\u00e9s miatt h\u00f3napokra elvesz\u00edtse az egyik legt\u00f6bbre taks\u00e1lt \u00faj igazol\u00e1s\u00e1t, a kit\u0171n\u0151 r\u00fag\u00f3technik\u00e1j\u00fa<strong> Scott Twine-t<\/strong>, aki legut\u00f3bb, a West Brom ellen v\u00e9gre egy remekbe szabott szabadr\u00fag\u00e1sg\u00f3llal jelezte, hogy r\u00e1 is lehet m\u00e1r sz\u00e1m\u00edtani.\r\n\r\nHangs\u00falyozni kell, hogy b\u00e1r a Premier League-b\u0151l kies\u0151 csapatok a sokszor emlegetett plusz juttat\u00e1s, vagyis az \u201eejt\u0151erny\u0151p\u00e9nz\u201d miatt j\u00f3kora el\u0151nyben vannak vet\u00e9lyt\u00e1rsaikkal szemben, a Burnley a m\u00e1r eml\u00edtett ad\u00f3ss\u00e1g miatt nem k\u00f6lthetett ebb\u0151l a p\u00e9nzb\u0151l. Sokkal ink\u00e1bb a gondos \u00e9s a koncepci\u00f3hoz passzol\u00f3 igazol\u00e1sok sora meg a szakmai munka jelentette azt a pluszt, aminek k\u00f6sz\u00f6nhet\u0151en m\u00e1r janu\u00e1rra behozhatatlannak t\u0171n\u0151 el\u0151nyre tett szert az \u00fcld\u00f6z\u0151kkel szemben. A klub r\u00e1ad\u00e1sul most janu\u00e1rban m\u00e1r elkezdett k\u00f6lteni is, \u00edgy egy-egy belga \u00e9s sv\u00e9d v\u00e9d\u0151 mellett megv\u00e1s\u00e1rolt\u00e1k a Swansea csat\u00e1r\u00e1t, <strong>Michael Obafemit<\/strong>, akit augusztusban m\u00e9g sikertelen\u00fcl pr\u00f3b\u00e1ltak megszerezni.\r\n\r\nVagyis\r\n\r\n<span class=\"highlight-block\">csak valami p\u00e9ld\u00e1tlan katasztr\u00f3fa akad\u00e1lyozhatja meg a Burnley feljut\u00e1s\u00e1t,<\/span>\r\n\r\n\u00e9s b\u00e1r semmi biztos\u00edt\u00e9k r\u00e1, hogy a csapat hasonl\u00f3an eredm\u00e9nyes lesz a Premier League-ben is, k\u00f6nnyen megeshet: a m\u00e9g mindig csak 36 \u00e9ves Vincent Kompany edz\u0151k\u00e9nt is hasonl\u00f3an eredm\u00e9nyes karriert fut be, mint j\u00e1t\u00e9kosk\u00e9nt. Alakuljon ak\u00e1rhogyan is az \u0151 p\u00e1ly\u00e1ja, a Burnley metamorf\u00f3zisa k\u00f6telez\u0151 tananyag lesz minden fiatal edz\u0151 sz\u00e1m\u00e1ra.\r\n\r\n[prefabricated_shortcode in_app=\"0\" code=\"%3Cdiv%20class%3D%22article_box_border%22%20style%3D%22background%3A%20url%28%27https%3A%2F%2F24.p3k.hu%2Fapp%2Fuploads%2Fsites%2F24%2F2021%2F05%2Fsport24-pattern.png%27%29%20no-repeat%20left%20-16px%20%23f3f3f4%3B%20border%3A%20none%3B%22%3E%0D%0A%3Cdiv%20class%3D%22article_solidheader%22%3E%0D%0A%3Ch2%20style%3D%22color%3A%20%23111115%21important%3B%20font-size%3A%2036px%3B%20font-weight%3A%20bold%3B%20margin-bottom%3A%2030px%3B%20margin-top%3A%2020px%3B%20text-align%3A%20center%3B%20line-height%3A%2036px%3B%22%3E%3Cimg%20class%3D%22aligncenter%20size-full%20wp-image-141%22%20src%3D%22https%3A%2F%2F24.p3k.hu%2Fapp%2Fuploads%2Fsites%2F24%2F2021%2F05%2Fs24-logo-dt.png%22%20alt%3D%22%22%20width%3D%22408%22%20height%3D%2290%22%20%2F%3E%3C%2Fh2%3E%0D%0A%3Ch2%20style%3D%22color%3A%20%23111115%21important%3B%20font-size%3A%2036px%3B%20font-weight%3A%20bold%3B%20margin-bottom%3A%2030px%3B%20margin-top%3A%2020px%3B%20text-align%3A%20center%3B%20line-height%3A%2040px%3B%22%3ECsatlakozz%20a%20Sport24%20k%C3%B6z%C3%B6ss%C3%A9ghez%2C%20mondd%20el%20v%C3%A9lem%C3%A9nyedet%20z%C3%A1rt%20Facebook-csoportunkban%2C%20%C3%A9s%20vegy%C3%A9l%20r%C3%A9szt%20csak%20el%C5%91fizet%C5%91knek%20el%C3%A9rhet%C5%91%20exkluz%C3%ADv%20esem%C3%A9nyeinken.%3C%2Fh2%3E%0D%0A%3C%2Fdiv%3E%0D%0A%3Cp%20style%3D%22background%3A%20%2357A600%3B%20margin-top%3A%2020px%3B%20padding%3A%2020px%3B%20text-align%3A%20center%3B%22%3E%3Ca%20style%3D%22color%3A%20%23ffffff%3B%20font-size%3A%2026px%3B%20font-weight%3A%20600%3B%22%20href%3D%22https%3A%2F%2Fwww.facebook.com%2Fgroups%2F212344460412327%22%3ECSATLAKOZOM%3C%2Fa%3E%3C%2Fp%3E%0D%0A%0D%0A%3C%2Fdiv%3E\"]","type":"rich","thumbnail_url":"https:\/\/s.24.hu\/app\/uploads\/sites\/24\/2023\/01\/gettyimages-1244746184-150x150.jpg","thumbnail_width":150,"thumbnail_height":150}