{"version":"1.0","provider_name":"Sport24","provider_url":"https:\/\/sport24.24.hu","author_name":"Bruckner G\u00e1bor","author_url":"https:\/\/sport24.24.hu\/author\/brucknerg\/","title":"A Fradinak \u00fajabb sima aranyat, f\u0151v\u00e1rosi riv\u00e1lisainak f\u00e9lelmet \u00e9s reszket\u00e9st hozhat a futballtavasz","html":"Janu\u00e1r v\u00e9g\u00e9re el\u0151\u00e1llt a v\u00e1rt k\u00e9p a labdar\u00fag\u00f3 NB I-ben: a toronymagas favorit Ferencv\u00e1ros hatalmas pontel\u0151nnyel vezet, a mez\u0151ny marad\u00e9ka \u2013 azaz a t\u00f6bbi 11 csapat \u2013 szoros k\u00fczdelmet folytat egym\u00e1ssal. A Fradi el\u0151nye jelenleg 11 pont a meglepet\u00e9scsapat, az \u00fajonck\u00e9nt a m\u00e1sodik helyen \u00e1ll\u00f3 Kecskem\u00e9t el\u0151tt, ez \u00e9ppen akkora k\u00fcl\u00f6nbs\u00e9g, mint ami a KTE \u00e9s a sereghajt\u00f3 Vasas k\u00f6z\u00f6tt van.\r\n\r\nKis t\u00falz\u00e1ssal\r\n\r\n<span class=\"highlight-block\">arra m\u00e1r fogad\u00e1st sem \u00e9rdemes felvenni, hogy a Ferencv\u00e1ros sorozatban \u00f6t\u00f6dsz\u00f6r is bajnok lesz. <\/span>\r\n\r\nA k\u00e9p nagyon hasonl\u00f3 a 2020\/21-eshez: a Fradi akkor 16 fordul\u00f3 ut\u00e1n 12 pont el\u0151nnyel vezetett, \u00e9s v\u00e9g\u00fcl 20 pontos f\u00f3rral nyerte meg a bajnoks\u00e1got. Az eur\u00f3pai kupaporondon a tavaszi folytat\u00e1sra k\u00e9sz\u00fcl\u0151 z\u00f6ld-feh\u00e9rek tov\u00e1bbra is kett\u0151s terhel\u00e9ssel sz\u00e1molhatnak, de ez az \u0151sszel sem vetette vissza az eredm\u00e9nyess\u00e9g\u00fcket.<strong> Sztanyiszlav Csercseszov<\/strong> csapata eddig \u00f6ttel t\u00f6bb m\u00e9rk\u0151z\u00e9st nyert meg, mint b\u00e1rmelyik vet\u00e9lyt\u00e1rsa, els\u0151s\u00e9g\u00e9t csak valami katasztrof\u00e1lis \u00f6sszeoml\u00e1s fenyegethetn\u00e9.\r\n\r\nM\u00edg az egyik tradicion\u00e1lis f\u0151v\u00e1rosi nagycsapat a magasb\u00f3l szeml\u00e9li a mez\u0151nyt, m\u00e1sik h\u00e1rom b\u00e9kaperspekt\u00edv\u00e1b\u00f3l (az \u00f6t\u00f6dik nagy, az MTK meg a feljut\u00e1s\u00e9rt k\u00fczd). El\u0151sz\u00f6r az 1916\/17-es \u00e9vadban fordult el\u0151, hogy a k\u00e9s\u0151bbi \u201enagy \u00f6t\u00f6s\u201d \u2013 melynek tagjai \u00f6sszesen 96 bajnoki c\u00edmet sz\u00e1ml\u00e1lnak \u2013 minden egy\u00fcttese az els\u0151 oszt\u00e1lyban szerepelt. Az\u00f3ta eltelt t\u00f6bb mint egy \u00e9vsz\u00e1zad, de olyan egyszer sem esett meg, hogy k\u00e9t nagy is k\u00e9z a k\u00e9zben b\u00facs\u00fazzon, b\u00e1r olyan igen, hogy kett\u0151 is a m\u00e1sodoszt\u00e1lyban szerepelt \u2013 hiszen volt egyszerre az NB I\/B, illetve az NB II \u201epurgat\u00f3rium\u00e1ban\u201d a Honv\u00e9d \u00e9s a Vasas, illetve az MTK \u00e9s a Vasas is. Az \u00dajpest \u00e9s a Honv\u00e9d t\u00f6rt\u00e9nete sor\u00e1n eddig csak egyszer esett ki az \u00e9lvonalb\u00f3l, a Vasas m\u00e1r \u201erutinosabb\u201d ilyen tekintetben, de nem sokkal. A kies\u00e9s elleni harcban \u00e9rintett klubok szurkol\u00f3t\u00e1bora nem v\u00e9letlen\u00fcl t\u0171rte rosszul az \u0151szi szenved\u00e9st \u2013 ilyen patin\u00e1s egyes\u00fcletek eset\u00e9ben sz\u00e9gyen a m\u00e1sodoszt\u00e1llyal fl\u00f6rt\u00f6l\u00e9s. A vesz\u00e9lyz\u00f3n\u00e1ba mindegyik m\u00e1sk\u00e9pp jutott el.\r\n<ul>\r\n \t<li>A Vasas rendezett h\u00e1tt\u00e9rrel, \u00fajonck\u00e9nt, nagy neveket igazolva v\u00e1rhatta a bajnoks\u00e1got. A felduzzasztott keret eddig csal\u00f3d\u00e1st kelt\u0151en szerepelt, de Angyalf\u00f6ld\u00f6n legal\u00e1bb (viszonylagos) nyugalom van.<\/li>\r\n \t<li>A Honv\u00e9d harmadik \u00e9ve j\u00e1tszik a t\u0171zzel, \u00e9s egyszer meg\u00e9geti mag\u00e1t. A <strong>George F. Hemingway-t<\/strong> v\u00e1lt\u00f3 \u00faj tulajdonosi k\u00f6r sokat \u00edg\u00e9rt, \u00e9s a 2020-as kupasikert lesz\u00e1m\u00edtva keveset mutatott. Az \u00e1tad\u00e1s-\u00e1tv\u00e9telkor elhangzott fr\u00e1zisokb\u00f3l \u2013 \u201eszakmai sikerek fenntart\u00e1sa\u201d, \u201eanyagi stabilit\u00e1s meg\u0151rz\u00e9se\u201d, \u201everseny a bajnoki c\u00edm\u00e9rt \u00e9s az eur\u00f3pai kupaszerepl\u00e9s\u00e9rt\u201d annyi maradt, hogy ha \u00edgy megy tov\u00e1bb, akkor a kispestiek a m\u00e1sodoszt\u00e1lyban versenyezhetnek a bajnoki c\u00edm\u00e9rt. Klubvezet\u0151i \u00e9s szakmai vezet\u0151i cser\u00e9k ut\u00e1n, sz\u0171k kerettel pokoli tavasz v\u00e1rhat a Honv\u00e9dra.<\/li>\r\n \t<li>Az \u00dajpest \u00e9vek \u00f3ta veget\u00e1l, a m\u00falt \u00e9v elej\u00e9n ugyanekkora bajban tal\u00e1lta mag\u00e1t, csakhogy akkor megvolt a rem\u00e9ny a klub elad\u00e1s\u00e1ra, \u00e9s remek\u00fcl siker\u00fclt er\u0151s\u00edteni. V\u00e9g\u00fcl a vev\u0151jel\u00f6lt nem tudott fizetni, <strong>Roderick Duchatelet<\/strong> maradt, a rem\u00e9ny pedig fogy. Az NB I-es szinten sz\u0171k\u00f6s b\u00fcdzs\u00e9 (\u00e9s szigor\u00fa b\u00e9rsapka) behat\u00e1rolja a lila-feh\u00e9rek lehet\u0151s\u00e9geit; a drukkerek nehezen b\u00edrj\u00e1k, hogy nem sok perspekt\u00edva van.<\/li>\r\n<\/ul>\r\nNem rem\u00e9nytelen persze egyik csapat helyzete sem, hiszen mark\u00e1ns \u00e9l- vagy k\u00f6z\u00e9pmez\u0151ny nem alakult ki: messze kiemelkedik a mez\u0151nyb\u0151l a Ferencv\u00e1ros, a 2. \u00e9s a 12. hely k\u00f6z\u00f6tt viszont egy n\u00e9gy-\u00f6tmeccses j\u00f3 (vagy rossz) sz\u00e9ri\u00e1val nagyot lehet liftezni. Ez egyben figyelmeztet\u0151 jel \u2013\r\n\r\n<span class=\"highlight-block-small\">nemcsak a k\u00f6zvetlen vesz\u00e9lyz\u00f3n\u00e1ban \u00e1llom\u00e1soz\u00f3 Mez\u0151k\u00f6vesd \u00e9s az \u00dajpest, Honv\u00e9d, Vasas tri\u00f3, hanem az \u00f6t\u00f6dik helyt\u0151l lefel\u00e9 tulajdonk\u00e9ppen b\u00e1rmelyik csapat bajba ker\u00fclhet tavasszal. <\/span>\r\n\r\nTekints\u00fcnk v\u00e9gig a mez\u0151ny\u00f6n!\r\n\r\n[caption id=\"attachment_7651\" align=\"aligncenter\" width=\"3000\"]<img class=\"size-full wp-image-7651\" src=\"https:\/\/sport24.24.hu\/app\/uploads\/sites\/24\/2023\/01\/d__yt20221109034.jpg\" alt=\"\" width=\"3000\" height=\"1998\" \/> Az \u00fajpesti g\u00f3lszerz\u0151, Szab\u00f3 B\u00e1lint a 15. fordul\u00f3ban rendezett Feh\u00e9rv\u00e1r elleni m\u00e9rk\u0151z\u00e9sen.[\/caption]\r\n\r\n<strong>12. VASAS (15 pont).<\/strong> A keretnek \u2013 r\u00e1n\u00e9z\u00e9sre \u2013 nem a kies\u00e9s ellen, hanem a fels\u0151h\u00e1z\u00e9rt kellene k\u00fczdenie, \u00e1m nem minden a n\u00e9v, l\u00e1ttuk ezt az \u0151szi id\u00e9nyben. Az NB I csapatai k\u00f6z\u00fcl a Vasas dolgozta ki a legrosszabb min\u0151s\u00e9g\u0171 helyzeteket (16,87-es xG), g\u00f3lok tekintet\u00e9ben az xG-t is alulm\u00falja (13), a m\u00e1sodik legrosszabb a l\u00f6v\u00e9sek mennyis\u00e9g\u00e9t tekintve (9,24\/90 perc), \u00e9s a tizenhatoson bel\u00fcli labda\u00e9rint\u00e9sek ter\u00e9n is csak 11. (12,92\/90 perc). Kulcspasszok, a t\u00e1mad\u00f3harmadba eljuttatott labd\u00e1k, progressz\u00edv passzok ter\u00e9n egyar\u00e1nt rosszul \u00e1ll a Vasas, \u00e9s ezt nem kompenz\u00e1lja az, hogy a v\u00e9delme viszonylag stabil. Ehhez k\u00e9pest a t\u00e9len eddig csak a v\u00e9delembe j\u00f6tt er\u0151s\u00edt\u00e9s, a DVTK-b\u00f3l <strong>Heged\u0171s J\u00e1nos<\/strong>.\r\n\r\n<strong>11. HONV\u00c9D (16 pont).<\/strong> A kispestiekn\u00e9l vezet\u0151v\u00e1lt\u00e1sok voltak a t\u00e9len, igazol\u00e1sok viszont gyakorlatilag nem \u2013 gy\u0151ri k\u00f6lcs\u00f6nb\u0151l visszaj\u00f6tt a balh\u00e1tv\u00e9d <strong>Benczenleitner Barna<\/strong>, \u00e9s egyel\u0151re ennyi, illetve siker\u00fclt<strong> Szappanos P\u00e9tert<\/strong> megtartani (a v\u00e1logatott kerettag kapust a Vidi szerette volna szerz\u0151dtetni). <strong>Nagy Dominik<\/strong> szerz\u0151d\u00e9se lej\u00e1rt\u00e1val a k\u00f6zvetlen riv\u00e1lis Mez\u0151k\u00f6vesdn\u00e9l k\u00f6t\u00f6tt ki, <strong>Boubacar Traor\u00e9ra<\/strong> nem tartottak ig\u00e9nyt. A keret m\u00e1r az \u0151sszel is sz\u0171k \u00e9s lyukas volt, a probl\u00e9ma v\u00e1ltozatlan. Az elm\u00falt \u00e9vek k\u00f6ltekez\u00e9se ut\u00e1n most mintha a p\u00e9nzcsap is elapadt volna; ezzel a kerettel er\u0151s\u00edt\u00e9s n\u00e9lk\u00fcl brav\u00far lenne kiharcolni a bennmarad\u00e1st. A kispestieknek az \u0151sszel gondot okozott a sok kapott fejesg\u00f3l (9 \u2013 a legt\u00f6bb a mez\u0151nyben; fejp\u00e1rbajokban is a Honv\u00e9d mutat\u00f3ja a legrosszabb), illetve az ellenfeleknek engedett sok l\u00f6v\u00e9s; a t\u00e1mad\u00f3j\u00e1t\u00e9k is d\u00f6c\u00f6g\u00f6tt. A kispestiek eddig nem gazd\u00e1lkodtak j\u00f3l a lehet\u0151s\u00e9geikkel (20,85-\u00f6s xG-re csak 16 g\u00f3l), saj\u00e1t kapujuk el\u0151tt pedig nincs szerencs\u00e9j\u00fck (23,24-es xGA-ra 27 kapott g\u00f3l). Ha kiegyenl\u00edt\u0151dnek a mutat\u00f3k \u2013 ami k\u00e9ts\u00e9ges \u2013, kicsit szebb tavasza lehet a Honv\u00e9dnak, de kev\u00e9s a biztat\u00f3 jel. Ha nem siker\u00fcl j\u00f3l elkapni a ritmust \u2013 a kispestiek janu\u00e1r-febru\u00e1rban j\u00e1tszanak az \u00dajpesttel, a Vasassal \u00e9s a Mez\u0151k\u00f6vesddel is \u2013, akkor baj lesz.\r\n<div class=\"payable-content-section\"><\/div>\r\n<strong>10. \u00daJPEST (16 pont).<\/strong> Az egykori szlov\u00e9n g\u00f3lkir\u00e1ly <strong>Ognjen Mudrinszki<\/strong> \u00e9s a luxemburgi v\u00e1logatott <strong>Tim Hall<\/strong> a k\u00e9t fontos \u00e9rkez\u0151 (ha s\u00e9r\u00fcl\u00e9se ut\u00e1n visszat\u00e9r \u00e9s j\u00f3 form\u00e1ba lend\u00fcl <strong>Yohan Croizet<\/strong>, az szint\u00e9n felfoghat\u00f3 er\u0151s\u00edt\u00e9snek); t\u00e1vozott <strong>Miroszlav Bjelos<\/strong> \u00e9s a szurkol\u00f3i kedvencnek nem mondhat\u00f3 <strong>Junior Tallo<\/strong>.\r\n\r\n<span class=\"highlight-block\">A lil\u00e1knak \u00fagy kell a befejez\u0151 csat\u00e1r, mint egy falat keny\u00e9r, <\/span>\r\n\r\na jelent\u0151s nemzetk\u00f6zi tapasztalattal b\u00edr\u00f3 <strong>Mudrinszki<\/strong> bet\u00f6ltheti ezt a szerepet, csak k\u00e9rd\u00e9s, hogy a szebbik arc\u00e1t mutatja-e. Eddigi karrierje sor\u00e1n 15 bajnoki g\u00f3l f\u00f6l\u00f6tti, kiv\u00e1l\u00f3 id\u00e9nyek v\u00e1ltogatt\u00e1k egym\u00e1st kev\u00e9sb\u00e9 kiv\u00e1l\u00f3kkal, az \u00fajpestieknek m\u00e1r alighanem 6\u20137 is megtenn\u00e9, csak valaki r\u00fagjon g\u00f3lokat\u2026 Az \u0151sszel az NB I-es csapatok k\u00f6z\u00fcl az \u00dajpest j\u00e1rt a legrosszabbul az xG \u00e9s g\u00f3lok \u00f6sszehasonl\u00edt\u00e1s\u00e1ban (\u20135,78 a m\u00e9rleg, helyzetkialak\u00edt\u00e1sban j\u00f3k, befejez\u00e9sben nagyon rosszak a Megyeri \u00fatiak). Ha ez v\u00e1ltozik, akkor j\u00f3 es\u00e9llyel meg\u00fassza ezt az \u00e9vadot is a csapat kies\u00e9s n\u00e9lk\u00fcl.\r\n\r\n<strong>9. MEZ\u0150K\u00d6VESD (16 pont).<\/strong> A legnagyobb mozg\u00e1s a t\u00e9len eddig a maty\u00f3f\u00f6ldiekn\u00e9l volt, majdnem egy csapatnyi \u00faj j\u00e1t\u00e9kos \u00e9rkezett \u2013 t\u00f6bbek k\u00f6z\u00f6tt Comore-szigeteki \u00e9s martinique-i l\u00e9gi\u00f3ssal b\u0151v\u00fclt a keret. A legfurcs\u00e1bb transzfer is a Mez\u0151k\u00f6vesd\u00e9; a klub december elej\u00e9n jelentette be az exfradista <strong>Csontos Dominik<\/strong> szerz\u0151dtet\u00e9s\u00e9t, azt\u00e1n a v\u00e9d\u0151 (an\u00e9lk\u00fcl, hogy egyetlen t\u00e9tm\u00e9rk\u0151z\u00e9st j\u00e1tszott volna) janu\u00e1rban a Gy\u0151rh\u00f6z \u00edrt al\u00e1. Kicsit zs\u00e1kbamacsk\u00e1nak t\u0171nik az \u00e1tigazol\u00e1si tev\u00e9kenys\u00e9g, \u00e1m t\u00e9ny, az eddig felejthet\u0151 teljes\u00edtm\u00e9nyt ny\u00fajt\u00f3 csapatra r\u00e1f\u00e9r az er\u0151s\u00edt\u00e9s. Ha k\u00e9t-h\u00e1rom \u00e9rkez\u0151 j\u00f3 j\u00e1t\u00e9kkal h\u00e1l\u00e1lja meg a leigazol\u00e1s\u00e1t, az az \u00e9lvonalbeli tags\u00e1g meghosszabb\u00edt\u00e1s\u00e1t \u00edg\u00e9ri. A k\u00f6vesdieknek els\u0151sorban a rettenetes idegenbeli m\u00e9rlegen \u2013 az NB I egyetlen, vend\u00e9gk\u00e9nt nyeretlen csapata az \u00f6v\u00e9k, amely a megszerezhet\u0151 24 pontb\u00f3l csak 2-t gy\u0171jt\u00f6tt be \u2013 kellene jav\u00edtaniuk a bennmarad\u00e1shoz.\r\n\r\n[caption id=\"attachment_7652\" align=\"aligncenter\" width=\"3000\"]<img class=\"size-full wp-image-7652\" src=\"https:\/\/sport24.24.hu\/app\/uploads\/sites\/24\/2023\/01\/dszzs20221008013.jpg\" alt=\"\" width=\"3000\" height=\"1999\" \/> A mez\u0151k\u00f6vesdi Andrej Lukic, Bob\u00e1l Gergely \u00e9s Bob\u00e1l D\u00e1vid (balr\u00f3l jobbra) a Budapest Honv\u00e9ddal v\u00edvott tal\u00e1lkoz\u00f3n.[\/caption]\r\n\r\n<strong>8. FEH\u00c9RV\u00c1R (19 pont).<\/strong> A Vidi \u00e1talakul\u00e1si folyamatban van, de ez a 8. helyez\u00e9s lehangol\u00f3 a klub lehet\u0151s\u00e9geihez k\u00e9pest. A Feh\u00e9rv\u00e1r a Mez\u0151k\u00f6vesdhez hasonl\u00f3an idegenben gyeng\u00e9lkedik (1\u20131\u20136-os mutat\u00f3, csak 4 szerzett g\u00f3l vend\u00e9gk\u00e9nt), ha jav\u00edt a m\u00e9rleg\u00e9n, illetve rendbe szedi a v\u00e9dekez\u00e9s\u00e9t (eddig csak k\u00e9t meccset z\u00e1rt kapott g\u00f3l n\u00e9lk\u00fcl), a fels\u0151h\u00e1zban v\u00e9gezhet. T\u00e9li er\u0151s\u00edt\u00e9s a norv\u00e9g U-v\u00e1logatottakat megj\u00e1rt <strong>Tobias Christensen<\/strong> (a WyScout rangsor\u00e1ban az el\u0151z\u0151 id\u00e9nyben a 16. volt a norv\u00e9g \u00e9lvonal bels\u0151 k\u00f6z\u00e9pp\u00e1ly\u00e1sai k\u00f6z\u00f6tt), illetve a szint\u00e9n v\u00e9dekez\u0151 k\u00f6z\u00e9pp\u00e1ly\u00e1s, hondurasi v\u00e1logatott <strong>Deybi Flores<\/strong>. <strong>Szab\u00f3 Levente<\/strong> visszat\u00e9rt kecskem\u00e9ti k\u00f6lcs\u00f6nj\u00e1t\u00e9k\u00e1b\u00f3l a csat\u00e1rsorba, \u00e1m a t\u00e1mad\u00f3egys\u00e9g m\u00e9g er\u0151s\u00edt\u00e9sre szorul \u2013 <a href=\"https:\/\/www.molfehervarfc.hu\/2023\/01\/25\/szurkoloi-anketot-tartottunk-a-varoshaza-disztermeben.html\" target=\"_blank\" rel=\"noopener\">Juh\u00e1sz Roland elmond\u00e1sa szerint<\/a> sz\u00e9ls\u0151t \u00e9s csat\u00e1rt egyar\u00e1nt szeretn\u00e9nek m\u00e9g szerz\u0151dtetni. <strong>Budu Zivzivadz\u00e9ra, Claudiu Bumb\u00e1ra, Artem Sabanovra<\/strong> \u00e9s <strong>Jevhen Makarenk\u00f3ra<\/strong> nem sz\u00e1m\u00edt a szakmai st\u00e1b.\r\n\r\n<strong>7. DVSC (20 pont).<\/strong> A Debrecenn\u00e9l a k\u00f6z\u00e9pmez\u0151ny k\u00f6zep\u00e9t alighanem al\u00e1 is \u00edrn\u00e1k v\u00e9gleges bajnoki poz\u00edci\u00f3k\u00e9nt. Az eddigi \u00e9rkez\u0151k (a montenegr\u00f3i <strong>Stefan Loncar<\/strong> \u00e9s az NB I-ben m\u00e1r szerepelt <strong>Antonio Mance<\/strong>) a d\u00e9lszl\u00e1v vonalat k\u00e9pviselik, az eligazoltak k\u00f6z\u00fcl val\u00f3sz\u00edn\u0171leg csak <strong>Hrabina Alex<\/strong> t\u00e1voz\u00e1s\u00e1t f\u00e1jlalj\u00e1k a szurkol\u00f3k. Persze ha a Torin\u00f3b\u00f3l nagy rem\u00e9nyekkel k\u00f6lcs\u00f6nvett, majd visszaadott <strong>Horv\u00e1th Krisztofer<\/strong> remekel a tavaszi szezonban Kecskem\u00e9ten, akkor nem lesz \u0151szinte a mosoly a lokist\u00e1k arc\u00e1n.\r\n\r\n<span class=\"highlight-block-small\">A DVSC-t legt\u00f6bb mutat\u00f3ja a k\u00f6z\u00e9pmez\u0151nybe helyezi, de a Honv\u00e9dhoz hasonl\u00f3an kimondottan rosszul \u00e1ll a l\u00e9gi p\u00e1rbajok \u00e9s a kapott fejesg\u00f3lok tekintet\u00e9ben.<\/span>\r\n\r\n<strong>Srdjan Blagojevic<\/strong>\u00a0\u00e9s st\u00e1bja viszonylag nyugodtan dolgozhatott a t\u00e9len, a debreceniek ink\u00e1bb el\u0151re, mintsem h\u00e1trafel\u00e9 pillantgatn\u00e1nak a tabell\u00e1n.\r\n\r\n<strong>6. PAKS (21 pont).<\/strong> Ahogy a Lokin\u00e1l, \u00fagy Pakson is val\u00f3sz\u00edn\u0171leg sz\u00f3 n\u00e9lk\u00fcl al\u00e1\u00edrn\u00e1k ezt a helyez\u00e9st a bajnoks\u00e1g v\u00e9g\u00e9n. A keretben eddig alig volt mozg\u00e1s. A Paksnak eg\u00e9szen kiugr\u00f3 az xG\u2013g\u00f3l mutat\u00f3ja (19,89-es xG-re 27 g\u00f3l), ez a hatalmas differencia j\u00f3 es\u00e9llyel cs\u00f6kken a tavasz folyam\u00e1n. A tolnaiak nagyon er\u0151sek voltak pontr\u00fag\u00e1sok ut\u00e1n \u00e9s fejjel (11 fejesg\u00f3ljuk van, ez tal\u00e1lataik 40 sz\u00e1zal\u00e9ka!), <strong>Varga Barnab\u00e1s<\/strong> kiv\u00e1l\u00f3 igazol\u00e1snak bizonyult a t\u00e1mad\u00f3sorba, \u00e9s, ha minden \u00edgy megy tov\u00e1bb, a Paks elk\u00f6nyvelheti szok\u00e1sos k\u00f6z\u00e9pmez\u0151nybeli helyez\u00e9s\u00e9t. Gond akkor lehet, ha a csapat elkap egy rossz sz\u00e9ri\u00e1t.\r\n\r\n<strong>5. ZTE (22 pont).<\/strong> A Zete majdnem \u201elevette\u201d a Fradit egy pontra a h\u00e9tk\u00f6zi m\u00e9rk\u0151z\u00e9sen, de v\u00e9g\u00fcl alulmaradt. <strong>Ricardo Moniz<\/strong> \u00e9rkez\u00e9s\u00e9vel agresszivit\u00e1s k\u00f6lt\u00f6z\u00f6tt az egerszegiek j\u00e1t\u00e9k\u00e1ba, nyom\u00e1sgyakorl\u00e1s (PPDA-mutat\u00f3) szempontj\u00e1b\u00f3l a ZTE-t csak a Pusk\u00e1s Akad\u00e9mia \u00e9s a Ferencv\u00e1ros el\u0151zi meg, a v\u00e9dekez\u0151 p\u00e1rharcok megnyer\u00e9s\u00e9t tekintve (63 sz\u00e1zal\u00e9k) pedig senki. A ZTE-n\u00e9l csak az \u00dajpest \u00e9s az FTC k\u00eds\u00e9rletezett t\u00f6bbsz\u00f6r kapura l\u00f6v\u00e9ssel eddig a bajnoks\u00e1gban, b\u00e1r a helyzetek min\u0151s\u00e9ge nem olyan magas. Sok m\u00falhat az \u0151sszel remekl\u0151, a t\u00e9len szerz\u0151d\u00e9st hosszabb\u00edt\u00f3 <strong>Eduvie Ikoba<\/strong> eredm\u00e9nyess\u00e9g\u00e9n \u2013 az amerikai-nig\u00e9riai centerrel alig-alig b\u00edrnak az NB I-es v\u00e9delmek, ha j\u00f3 napot fog ki \u00e9s j\u00f3 kiszolg\u00e1l\u00e1st kap. Az eddig l\u00e1tottak alapj\u00e1n a dobog\u00f3 sem elk\u00e9pzelhetetlen, b\u00e1r ahhoz mindennek \u00f6ssze kellene j\u00f6nnie.\r\n\r\n<strong>4. PUSK\u00c1S AKAD\u00c9MIA (25 pont).<\/strong> Ezzel a helyez\u00e9ssel nyilv\u00e1nval\u00f3an el\u00e9gedetlenek lenn\u00e9nek a z\u00e1r\u00e1skor Felcs\u00faton, \u00e1m a mez\u0151ny szoros, a PAFC kerete a Ferencv\u00e1ros\u00e9 ut\u00e1n a leger\u0151sebb, \u00edgy el\u0151rel\u00e9p\u00e9s v\u00e1rhat\u00f3. A v\u00e9delembe \u00e9rkezett az \u00f6tsz\u00f6r\u00f6s horv\u00e1t v\u00e1logatott sz\u00e9ls\u0151h\u00e1tv\u00e9d, <strong>Karlo Bartolec<\/strong>, a jobb sz\u00e9lre az egyszeres sv\u00e9d v\u00e1logatott <strong>Jonathan Levi<\/strong>. A WyScout indexe alapj\u00e1n Levi az el\u0151z\u0151 id\u00e9nyben a sv\u00e9d bajnoks\u00e1g legjobb sz\u00e9ls\u0151je volt \u2013 ez er\u0151s aj\u00e1nl\u00f3lev\u00e9l, f\u0151leg, hogy volt csapata, a Norrk\u00f6ping egy\u00e9bk\u00e9nt pocs\u00e9kul szerepelt. Felt\u0171n\u0151, hogy az NB I tehet\u0151sebb klubjai egyre t\u00f6bbsz\u00f6r igazolnak \u00c9szak-Eur\u00f3p\u00e1b\u00f3l meghat\u00e1roz\u00f3 j\u00e1t\u00e9kosokat \u2013 ez egyr\u00e9szt mutatja, hogy\r\n\r\n<span class=\"highlight-block-small\">a magyar \u00e9lvonal topcsapatai anyagilag versenyk\u00e9pes aj\u00e1nlatokat tudnak tenni a sv\u00e9d, norv\u00e9g vagy d\u00e1n els\u0151 oszt\u00e1lyban j\u00e1tsz\u00f3 futballist\u00e1knak, <\/span>\r\n\r\nm\u00e1sr\u00e9szt azt is, hogy a kor\u00e1bbin\u00e1l magasabb polcr\u00f3l tudnak v\u00e1logatni. N\u00e9h\u00e1ny \u00e9ve aligha fordult volna el\u0151, hogy az Allsvenskan egyik leg\u00e9rt\u00e9kesebb j\u00e1t\u00e9kosa r\u00e1b\u00f3lint egy magyarorsz\u00e1gi h\u00edv\u00e1sra. Ha Levi h\u00edr\u00e9hez m\u00e9lt\u00f3 teljes\u00edtm\u00e9nnyel rukkol el\u0151, akkor c\u00e9ljai el\u00e9r\u00e9s\u00e9hez seg\u00edtheti a PAFC-ot \u2013 az els\u0151 hely alighanem el\u00e9rhetetlen a felcs\u00fatiaknak, a m\u00e1sodik realit\u00e1s, minden m\u00e1s (kisebb vagy nagyobb) csal\u00f3d\u00e1s.\r\n\r\n<iframe class=\"flourish-embed-iframe\" style=\"width: 100%;height: 600px\" title=\"Interactive or visual content\" src=\"https:\/\/flo.uri.sh\/visualisation\/12547920\/embed\" frameborder=\"0\" scrolling=\"no\"><\/iframe>\r\n<div style=\"width: 100%!;margin-top: 4px!important;text-align: right!important\"><a class=\"flourish-credit\" style=\"text-decoration: none!important\" href=\"https:\/\/public.flourish.studio\/visualisation\/12547920\/?utm_source=embed&amp;utm_campaign=visualisation\/12547920\" target=\"_top\" rel=\"noopener\"><img style=\"width: 105px!important;height: 16px!important;border: none!important;margin: 0!important\" src=\"https:\/\/public.flourish.studio\/resources\/made_with_flourish.svg\" alt=\"Made with Flourish\" \/> <\/a><\/div>\r\n&nbsp;\r\n\r\n<strong>3. KISV\u00c1RDA (25 pont).<\/strong> A ny\u00e1ron kulcsj\u00e1t\u00e9kosok mentek el Kisv\u00e1rd\u00e1r\u00f3l, de megint siker\u00fclt p\u00f3tolni \u0151ket. A csapat szerepl\u00e9se el\u00e9g hull\u00e1mz\u00f3, a v\u00e9dekez\u00e9s nem az igazi \u2013 az \u00dajpesttel holtversenyben a legt\u00f6bb g\u00f3lt kapt\u00e1k a kelet-magyarorsz\u00e1giak \u2013, \u00e1m <strong>R\u00e9v\u00e9sz Attila<\/strong> g\u00e9pezete tov\u00e1bbra is m\u0171k\u00f6dni l\u00e1tszik. A kialak\u00edtott helyzetek min\u0151s\u00e9g\u00e9t \u00e9s a tizenhatoson bel\u00fcli labda\u00e9rint\u00e9seket tekintve csak a Fradi jobb a v\u00e1rdaiakn\u00e1l, \u00e9s, ha a csapatv\u00e9dekez\u00e9s megszil\u00e1rdul, megint \u00f6sszej\u00f6het az \u00e9rem. <strong>Jasir Asani, Andrei Peteleu <\/strong>\u00e9s <strong>Slobodan Simovic<\/strong>\u00a0elment, az \u00e9rkez\u0151k (<strong>Aleksandar Jovicic, Milos Spasic, Danijel Petkovic<\/strong>) ism\u00e9t a d\u00e9lszl\u00e1v t\u00e9rs\u00e9gb\u0151l j\u00f6ttek. Spasic a szerb \u00e9lvonal \u00f6t\u00f6dik legjobb sz\u00e9ls\u0151je volt az \u0151sszel j\u00e1t\u00e9kosindexe alapj\u00e1n, ez nem kis sz\u00f3, mert excsapata, a Radnik t\u00f6kutols\u00f3, \u00e9s csak egyszer tudott gy\u0151zni. Egy id\u00e9nnyel kor\u00e1bban (akkor jobban szerepelt a Radnik) Spasic els\u0151 volt a posztj\u00e1n a liga j\u00e1t\u00e9kosrangsor\u00e1ban. Ha bev\u00e1lik, tipikus R\u00e9v\u00e9sz-igazol\u00e1s lehet. A h\u00e1ts\u00f3 alakzatot Jovicic \u00e9s a kor\u00e1bbi MTK-kapus, Petkovic er\u0151s\u00edtheti.\r\n\r\n<strong>2. KECSKEM\u00c9T (26 pont).<\/strong> Az id\u00e9ny kellemes meglepet\u00e9se a KTE: <strong>Szab\u00f3 Istv\u00e1n<\/strong> okosan \u00e9p\u00edtett (els\u0151sorban k\u00f6lcs\u00f6nj\u00e1t\u00e9kosokkal) az NB II-b\u0151l feljut\u00f3 csapatra, az \u00fajonc ennek k\u00f6sz\u00f6nhet\u0151en kiemelked\u0151en szerepelt. A KTE t\u00f6bb mutat\u00f3ban a mez\u0151ny als\u00f3h\u00e1z\u00e1ban van vagy egyenesen sereghajt\u00f3, ennek ellen\u00e9re rendk\u00edv\u00fcl hat\u00e9kony \u2013 egy p\u00e9lda erre, hogy messze a legt\u00f6bb l\u00f6v\u00e9st kapja, \u00e1m ehhez k\u00e9pest alig kapitul\u00e1l. Meccsenk\u00e9nt \u00e1tlagosan 15,39 k\u00eds\u00e9rlet megy a kecskem\u00e9ti kapura, az xGA-\u00e9rt\u00e9k 25,85 (ez 25\u201326 kapott g\u00f3lt sugall), viszont a kapott g\u00f3lok sz\u00e1ma csak 16, ez j\u00f3kora k\u00fcl\u00f6nbs\u00e9g. Meglep\u0151 lenne, ha az \u0151szi csod\u00e1latos szerepl\u00e9st tavasszal is siker\u00fclne folytatni, de az eddig l\u00e1tottak alapj\u00e1n az is, ha a KTE b\u00e1rmif\u00e9le bajba ker\u00fclne. Szab\u00f3 Levente visszament k\u00f6lcs\u00f6nj\u00e1t\u00e9ka ut\u00e1n a Feh\u00e9rv\u00e1rhoz, \u00e9rkezett (szint\u00e9n k\u00f6lcs\u00f6nbe) Horv\u00e1th Krisztofer, aki sokat lend\u00edthet a t\u00e1mad\u00f3j\u00e1t\u00e9kon. Ehhez persze ink\u00e1bb a szegedi, mintsem a debreceni form\u00e1j\u00e1t kellene mutatnia.\r\n\r\n<strong>1. FERENCV\u00c1ROS (37 pont).<\/strong> Sztanyiszlav Csercseszov csapat\u00e1t aligha \u00e1ll\u00edthatja meg b\u00e1rmi is a bajnoki c\u00edm fel\u00e9 vezet\u0151 \u00faton: az el\u0151ny tetemes, a keret sokkal er\u0151sebb, mint b\u00e1rmelyik vet\u00e9lyt\u00e1rs\u00e9,\r\n\r\n<span class=\"highlight-block\">a nemzetk\u00f6zi kupaszerepl\u00e9s pedig t\u0171zben tarthatja a j\u00e1t\u00e9kosokat. <\/span>\r\n\r\nA legfontosabb v\u00e1ltoz\u00e1s a keretben eddig a v\u00e9delemben t\u00f6rt\u00e9nt: <strong>Rasmus Thelander<\/strong> visszat\u00e9rt D\u00e1ni\u00e1ba, de j\u00f6tt a Slovan Bratislav\u00e1t\u00f3l <strong>Myenty Abena<\/strong>. Enn\u00e9l t\u00f6bb mozg\u00e1s v\u00e1rhat\u00f3, hiszen kit\u0171n\u0151 vb-teljes\u00edtm\u00e9nye ut\u00e1n toplig\u00e1s \u00e9rdekl\u0151d\u0151k hajszolj\u00e1k <strong>Aissa Laidounit <\/strong>(aki a h\u00edrek szerint Berlinbe utazott orvosi vizsg\u00e1latra, <strong>Sch\u00e4fer Andr\u00e1s<\/strong> csapatt\u00e1rsa lehet az Unionn\u00e1l), er\u0151s\u00edt\u00e9s is j\u00f6het m\u00e9g \u2013 ez tulajdonk\u00e9ppen az NB I szempontj\u00e1b\u00f3l szinte mindegy, a Fradi \u00edgy is, \u00fagy is kiemelkedik a mez\u0151nyb\u0151l. Az eur\u00f3pai kupaterhel\u00e9s ebben az id\u00e9nyben egy\u00e1ltal\u00e1n nem h\u00e1tr\u00e1ltatta a favoritot, a 34. bajnoki c\u00edm a l\u00e1that\u00e1ron van.\r\n\r\nA \u201ekin\u0151tte-e a Fradi az NB I-et?\u201d k\u00e9rd\u00e9sre a v\u00e1lasz val\u00f3sz\u00edn\u0171leg igen \u2013 legal\u00e1bbis jelenleg nincs re\u00e1lis kih\u00edv\u00f3ja.\r\n\r\n[prefabricated_shortcode in_app=\"0\" code=\"%3Cdiv%20class%3D%22article_box_border%22%20style%3D%22background%3A%20url%28%27https%3A%2F%2F24.p3k.hu%2Fapp%2Fuploads%2Fsites%2F24%2F2021%2F05%2Fsport24-pattern.png%27%29%20no-repeat%20left%20-16px%20%23f3f3f4%3B%20border%3A%20none%3B%22%3E%0D%0A%3Cdiv%20class%3D%22article_solidheader%22%3E%0D%0A%3Ch2%20style%3D%22color%3A%20%23111115%21important%3B%20font-size%3A%2036px%3B%20font-weight%3A%20bold%3B%20margin-bottom%3A%2030px%3B%20margin-top%3A%2020px%3B%20text-align%3A%20center%3B%20line-height%3A%2036px%3B%22%3E%3Cimg%20class%3D%22aligncenter%20size-full%20wp-image-141%22%20src%3D%22https%3A%2F%2F24.p3k.hu%2Fapp%2Fuploads%2Fsites%2F24%2F2021%2F05%2Fs24-logo-dt.png%22%20alt%3D%22%22%20width%3D%22408%22%20height%3D%2290%22%20%2F%3E%3C%2Fh2%3E%0D%0A%3Ch2%20style%3D%22color%3A%20%23111115%21important%3B%20font-size%3A%2036px%3B%20font-weight%3A%20bold%3B%20margin-bottom%3A%2030px%3B%20margin-top%3A%2020px%3B%20text-align%3A%20center%3B%20line-height%3A%2040px%3B%22%3ECsatlakozz%20a%20Sport24%20k%C3%B6z%C3%B6ss%C3%A9ghez%2C%20mondd%20el%20v%C3%A9lem%C3%A9nyedet%20z%C3%A1rt%20Facebook-csoportunkban%2C%20%C3%A9s%20vegy%C3%A9l%20r%C3%A9szt%20csak%20el%C5%91fizet%C5%91knek%20el%C3%A9rhet%C5%91%20exkluz%C3%ADv%20esem%C3%A9nyeinken.%3C%2Fh2%3E%0D%0A%3C%2Fdiv%3E%0D%0A%3Cp%20style%3D%22background%3A%20%2357A600%3B%20margin-top%3A%2020px%3B%20padding%3A%2020px%3B%20text-align%3A%20center%3B%22%3E%3Ca%20style%3D%22color%3A%20%23ffffff%3B%20font-size%3A%2026px%3B%20font-weight%3A%20600%3B%22%20href%3D%22https%3A%2F%2Fwww.facebook.com%2Fgroups%2F212344460412327%22%3ECSATLAKOZOM%3C%2Fa%3E%3C%2Fp%3E%0D%0A%0D%0A%3C%2Fdiv%3E\"]","type":"rich","thumbnail_url":"https:\/\/s.24.hu\/app\/uploads\/sites\/24\/2023\/01\/d_mti20230124031-150x150.jpg","thumbnail_width":150,"thumbnail_height":150}