{"version":"1.0","provider_name":"Sport24","provider_url":"https:\/\/sport24.24.hu","author_name":"Bruckner G\u00e1bor","author_url":"https:\/\/sport24.24.hu\/author\/brucknerg\/","title":"Hatvan \u00e9ve kezdtek hazaj\u00e1rni D\u00e9l-Amerik\u00e1ba a Vasas-labdar\u00fag\u00f3k","html":"Hatvan \u00e9vvel ezel\u0151tt, 1962 decembere \u00e9s 1963 janu\u00e1rja k\u00f6z\u00f6tt hagyom\u00e1nyt teremtett a Vasas: d\u00e9l-amerikai t\u00far\u00e1ra utazott. Ezt azt\u00e1n 1972-ig m\u00e9g n\u00e9gyszer megtette. Tekintettel arra, hogy a vil\u00e1gbajnoks\u00e1got 1962-ben Chil\u00e9ben rendezt\u00e9k \u00e9s a v\u00e1logatott a hatvanas \u00e9vekben n\u00e9gyszer utazott d\u00e9l-amerikai porty\u00e1ra, azt\u00e1n 1971-ben hivatalos m\u00e9rk\u0151z\u00e9st v\u00edvott Braz\u00edlia vil\u00e1gbajnoki c\u00edmv\u00e9d\u0151 csapat\u00e1val Rio de Janeir\u00f3ban (0-0), majd 1972-ben megint D\u00e9l-Amerik\u00e1ba l\u00e1togatott,\r\n\r\n<span class=\"highlight-block\">a Vasas legjobb labdar\u00fag\u00f3i t\u00edz \u00e9v alatt tizenk\u00e9tszer rep\u00fclhettek a szubkontinensre.<\/span>\r\n\r\nMind a tizenk\u00e9tszer egyik\u00fck sem j\u00e1rt ott, a pr\u00edmet tizenegy utaz\u00e1ssal <strong>Farkas J\u00e1nos<\/strong> vitte, aki 1968-ban \u2013 a ferencv\u00e1rosi <strong>Albert Fl\u00f3ri\u00e1nnal, Nov\u00e1k Dezs\u0151vel, Sz\u0171cs Lajossal<\/strong> egy\u00fctt \u2013 az els\u0151 brazil vb-arany\u00e9rem elnyer\u00e9s\u00e9nek tizedik \u00e9vfordul\u00f3ja alkalm\u00e1b\u00f3l a szint\u00e9n a ri\u00f3i Maracan\u00e1ban rendezett Braz\u00edlia\u2013Vil\u00e1gv\u00e1logatott tal\u00e1lkoz\u00f3n (2-1) is szerepelt. <strong>Mathesz Imre<\/strong> pedig m\u00e9g a Ferencv\u00e1rossal is j\u00e1rt D\u00e9l-Amerik\u00e1ban, mert 1961-ben m\u00e9g nem ker\u00fclt be az ugyancsak ott t\u00far\u00e1z\u00f3 v\u00e1logatott keretbe, ez\u00e9rt az FTC k\u00f6lcs\u00f6nk\u00e9rte saj\u00e1t porty\u00e1j\u00e1ra.\r\n\r\nAhhoz persze, hogy a Vasast telente ennyiszer megh\u00edvj\u00e1k, k\u00f6telez\u0151 volt felmutatni valamit. Mondjuk, k\u00e9tszer annyi gy\u0151zelmet kellett aratni az 1962 \u00e9s 1972 k\u00f6zti k\u00f6rutak sor\u00e1n, mint ah\u00e1ny veres\u00e9get szenvedett a csapat. Az \u00f6sszm\u00e9rleg megfelelt ennek: 38 m\u00e9rk\u0151z\u00e9s, 18 gy\u0151zelem, 11 d\u00f6ntetlen, 9 veres\u00e9g. R\u00e1ad\u00e1sul k\u00e9t tornasiker: 1967-ben a santiag\u00f3i hatos, 1968-ban a Mar del Plata-i n\u00e9gyes vet\u00e9lked\u0151n vitte el a p\u00e1lm\u00e1t a piros-k\u00e9k egy\u00fcttes.\r\n\r\nHatvanh\u00e1romban biztos volt, hogy m\u00e9g d\u00f6nt\u0151t sem j\u00e1tszhat. M\u00e9gpedig az\u00e9rt nem, mert a g\u00e1rda december 13-\u00e1n indult D\u00e9l-Amerik\u00e1ba, \u00e9s a sporthivatal kik\u00f6t\u00f6tte, hogy janu\u00e1r 31-ig haza kell \u00e9rkeznie. Ez\u00e9rt\r\n\r\n<span class=\"highlight-block-small\">hi\u00e1ba vett r\u00e9szt a t\u00edzcsapatos mexik\u00f3i torn\u00e1n, a cs\u00facstal\u00e1lkoz\u00f3t akkor sem j\u00e1tszhatta le, ha kiv\u00edvja a finalista szerepl\u00e9s jog\u00e1t.<\/span>\r\n\r\nA t\u00edzes mez\u0151ny ugyanis k\u00e9t \u00f6t\u00f6s csoportb\u00f3l \u00e1llt. E kett\u0151 gy\u0151ztese j\u00e1tszott az els\u0151 hely\u00e9rt, de a guadalajarai csoportd\u00f6nt\u0151t janu\u00e1r 25-\u00e9n v\u00edvta a Palmeirasszal az el\u0151z\u0151leg a mexik\u00f3i vet\u00e9lyt\u00e1rsak k\u00f6z\u00fcl az Atlast (2-1) \u00e9s a Nacionalt (2-0) legy\u0151z\u0151, a Monterrey-jel szemben 1-1-et el\u00e9r\u0151 Vasas. (A m\u00e1sik kvintettben a mexik\u00f3i America, CD Guadalajara \u00e9s Oro, valamint a pr\u00e1gai Dukla \u00e9s a ri\u00f3i Vasco da Gama rivaliz\u00e1lt. Az els\u0151 helyet a brazil csapat szerezte meg.)\r\n\r\nAz angyalf\u00f6ldiek vit\u00e9z\u00fcl helyt\u00e1lltak, hiszen Mexik\u00f3 el\u0151tt Kolumbi\u00e1ban, Costa Ric\u00e1ban \u00e9s Guatemal\u00e1ban is vend\u00e9gszerepeltek. Costa Ric\u00e1ban kar\u00e1csonykor (december 25-\u00e9n) meg \u00faj\u00e9v napj\u00e1n egyar\u00e1nt j\u00e1tszottak, \u00e9s fell\u00e9p\u00e9s\u00fck olyan nagy esem\u00e9nyt jelentett, hogy a janu\u00e1r elsejei tal\u00e1lkoz\u00f3n <strong>Francisco Orlich<\/strong> k\u00f6zt\u00e1rsas\u00e1gi eln\u00f6k v\u00e9gezte el a kezd\u0151r\u00fag\u00e1st.\r\n\r\nAz angyalf\u00f6ldiek nem itthonr\u00f3l rep\u00fcltek a t\u00fara els\u0151 sz\u00ednhely\u00e9re, Caliba. Volt egy kis dolguk ugyanis Antwerpenben: a BEK-ben harmadik m\u00e9rk\u0151z\u00e9st j\u00e1tszottak \u2013 a rotterdami 1-1 \u00e9s a pesti 2-2 ut\u00e1n \u2013 a Feyenoorddal. A meccs napj\u00e1t tartj\u00e1k a szurkol\u00f3i \u201eFeyenoord-l\u00e9gi\u00f3\u201d sz\u00fclet\u00e9snapj\u00e1nak, mivel a belga v\u00e1rosba 30 ezer holland drukker utazott \u00e1t.\r\n<div class=\"payable-content-section\"><\/div>\r\nA rotterdami sz\u00fclet\u00e9s\u0171, akkor h\u00fasz \u00e9ves <strong>Leo Beenhakker<\/strong> \u2013 aki a Real Madrid, az Ajax, a Feyenoord edz\u0151je, a holland \u00e9s a lengyel v\u00e1logatott szakvezet\u0151je, az \u00dajpest technikai igazgat\u00f3ja is volt \u2013 sorkatonak\u00e9nt kisz\u00f6k\u00f6tt a laktany\u00e1b\u00f3l, mert \u00e9lt-halt a Feyenoord\u00e9rt.\r\n<blockquote class=\"small-quote\">H\u00e1rom nap fogd\u00e1t kaptam b\u00fcntet\u00e9s\u00fcl, de egy\u00e1ltal\u00e1n nem b\u00e1ntam<\/blockquote>\r\n\u2013 eml\u00e9kezett k\u00e9s\u0151bb.\r\n\r\nPersze, hogy meg\u00e9rte neki, mert a holland csapat \u2013 zs\u00fafolt h\u00e1z, 44 617 n\u00e9z\u0151 el\u0151tt \u2013 1-0-ra nyert. A h\u00e1rmas s\u00edpsz\u00f3 ut\u00e1n szurkol\u00f3k serege t\u00f3dult a p\u00e1ly\u00e1ra, hogy a j\u00e1t\u00e9kosokkal egy\u00fctt \u00fcnnepelje a tov\u00e1bbjut\u00e1st. A g\u00f3lszerz\u0151, a 2021-ben, kilencven \u00e9ves kor\u00e1ban elhunyt <strong>Rinus Bennnaars<\/strong> azt mondta: \u201eEuforikus \u00e9lm\u00e9ny volt, amely \u00f6r\u00f6kk\u00e9 velem marad.\u201d\r\n\r\n<img class=\"aligncenter size-full wp-image-7625\" src=\"https:\/\/sport24.24.hu\/app\/uploads\/sites\/24\/2023\/01\/vasas.png\" alt=\"\" width=\"3000\" height=\"2050\" \/>\r\n\r\nA Palmeiras\u2013Vasasr\u00f3l nem lehetett ilyen emelkedetten besz\u00e9lni, b\u00e1r szint\u00e9n nehezen felejthet\u0151 m\u00e9rk\u0151z\u00e9s volt. A t\u00fara eleve viszontags\u00e1gosan kezd\u0151d\u00f6tt, mert a <strong>Szentmih\u00e1lyi, Varga; Ih\u00e1sz, Bakos, M\u00e9sz\u00f6ly, K\u00e1rp\u00e1ti, Berendy, S\u00e1rosi;<\/strong> <strong>Bundzs\u00e1k, B\u00e1rfy,<\/strong> Mathesz, <strong>Sas; K\u00e9kesi,<\/strong> <strong>Machos,<\/strong> Farkas, <strong>P\u00e1l II, B\u00f6d\u00f6r, Szimcs\u00e1k I<\/strong> keretb\u0151l a Deportivo Cali elleni, a testi \u00e9ps\u00e9get nem k\u00edm\u00e9l\u0151 meccsen (1-3) kid\u0151lt M\u00e9sz\u00f6ly, S\u00e1rosi, Farkas, valamint a Szimcs\u00e1khoz hasonl\u00f3an MTK-s k\u00f6lcs\u00f6nj\u00e1t\u00e9kos B\u00f6d\u00f6r.\r\n\r\n<span class=\"highlight-block-small\">Az\u00e9rt \u00edgy sem panaszkodhattak a balszerencs\u00e9re a fi\u00fak, mert 1963 elej\u00e9n a Szabads\u00e1g-hegyen 37, Galyatet\u0151n 36 centis h\u00f3 volt, Kom\u00e1rom megy\u00e9ben 70-90 centim\u00e9teres h\u00f3akad\u00e1lyok keletkeztek, a Duna d\u00e9li szakasz\u00e1n hatvan kilom\u00e9ter hossz\u00fas\u00e1gban \u00e1llt a j\u00e9g. <\/span>\r\n\r\nA K\u00f6zleked\u00e9s- \u00e9s Posta\u00fcgyi Miniszt\u00e9rium felh\u00edv\u00e1st tett k\u00f6zz\u00e9: \u201eCsak halaszthatatlan esetben induljunk \u00fatnak g\u00e9pkocsival!\u201d\r\n\r\nA vil\u00e1g m\u00e1sik fel\u00e9n ellenben tombolt a ny\u00e1r, a Palmeirasszal v\u00edvott m\u00e9rk\u0151z\u00e9s meg k\u00fcl\u00f6n\u00f6sen meleg volt. A brazil egy\u00fcttes abban az \u00e9vben megnyerte a Sao Paulo \u00e1llami bajnoks\u00e1got \u2013 orsz\u00e1gos brazil bajnoks\u00e1g 1971-ig nem l\u00e9tezett \u2013, miut\u00e1n az utols\u00f3 tizenegy meccs\u00e9n kiv\u00e9tel n\u00e9lk\u00fcl gy\u0151z\u00f6tt. Ez hasonl\u00f3 m\u00e9rf\u00f6ldk\u0151 a klub t\u00f6rt\u00e9net\u00e9ben, mint az 1965 szeptember\u00e9ben rendezett Braz\u00edlia\u2013Uruguay tal\u00e1lkoz\u00f3 (3-0), amelyen a h\u00e1zigazd\u00e1k v\u00e1logatottj\u00e1t tizenh\u00e9t Palmeiras-futballista alkotta.\r\n\r\nA Vasas ellen k\u00e9t k\u00e9tszeres vil\u00e1gbajnok, <strong>Djalma Santos<\/strong> \u00e9s <strong>Vav\u00e1<\/strong> l\u00e9pett p\u00e1ly\u00e1ra. Mindketten KO-val gy\u0151ztek. A h\u00e1tv\u00e9d lecsapta Bundzs\u00e1k Dezs\u0151t, a csat\u00e1r Ih\u00e1sz K\u00e1lm\u00e1nt. Az els\u0151 \u00fct\u00e9s a j\u00e1t\u00e9kvezet\u0151 h\u00e1ta m\u00f6g\u00f6tt t\u00f6rt\u00e9nt, Djalma Santos ez\u00e9rt a p\u00e1ly\u00e1n maradhatott, Vav\u00e1 viszont nem \u00faszta meg a ki\u00e1ll\u00edt\u00e1st, mehetett zuhanyozni a h\u0151s\u00e9gben.\r\n\r\nM\u00e9sz\u00f6ly K\u00e1lm\u00e1n \u00e9s S\u00e1rosi L\u00e1szl\u00f3 eleve nem j\u00e1tszhatott, azt\u00e1n Mathesz Imr\u00e9t \u00f6lben kellett levinni, megs\u00e9r\u00fclt Machos Ferenc is, \u00edgy Farkas J\u00e1nos g\u00f3lj\u00e1val hi\u00e1ba vezetett a Szentmih\u00e1lyi \u2013 Bakos, K\u00e1rp\u00e1ti, Ih\u00e1sz \u2013 Bundzs\u00e1k, Mathesz (Berendy) \u2013 P\u00e1l II, B\u00f6d\u00f6r (K\u00e9kesi), Machos (Sas), Farkas, Szimcs\u00e1k \u00f6sszet\u00e9tel\u0171 Vasas, a Palmeiras 2-1-re ford\u00edtott. Illovszky Rudolf, a piros-k\u00e9kek edz\u0151je kijelentette:\r\n<blockquote class=\"small-quote\">E m\u00e9rk\u0151z\u00e9s erk\u00f6lcsi gy\u0151ztesei mi voltunk.<\/blockquote>\r\nMajd rem\u00e9ny\u00e9nek adott hangot, hogy \u201ea hossz\u00fa tengerent\u00fali portya el\u0151rel\u00e1that\u00f3an nem zavarja a felk\u00e9sz\u00fcl\u00e9st a bajnoks\u00e1gra\u201d.\r\n\r\nLehet, hogy nem h\u00e1borgatta, de az 1961-ben \u00e9s 1962-ben is bajnok Vasas a k\u00f6vetkez\u0151 h\u00e1rom szezonban a kilencedik, az \u00f6t\u00f6dik \u00e9s a hatodik helyet szerezte meg. Majd 1965-ben megint elment D\u00e9l-Amerik\u00e1ba, \u00e9s abban az \u00e9vben ism\u00e9t arany\u00e9rmet nyert, azt\u00e1n 1966-ban veretlen\u00fcl h\u00f3d\u00edtotta el az els\u0151s\u00e9get.\r\n\r\nA Palmeiras-meccsre biztosan \u00e9rv\u00e9nyes volt <strong>Domenico Modugno<\/strong> dal\u00e1nak magyar sz\u00f6vege \u2013 pontosabban annak pr\u00f3zai prol\u00f3gja \u2013, amelyet <strong>V\u00e1ndor K\u00e1lm\u00e1n<\/strong>, a N\u00e9pszava hajdani sokoldal\u00fa sportrovat-vezet\u0151je \u00edrt: \u201eA t\u00e1voll\u00e9t olyan, mint a sz\u00e9l. A kis t\u00fczeket kioltja, a nagyokat fellobbantja.\u201d\r\n\r\n[prefabricated_shortcode in_app=\"0\" code=\"%3Cdiv%20class%3D%22article_box_border%22%20style%3D%22background%3A%20url%28%27https%3A%2F%2F24.p3k.hu%2Fapp%2Fuploads%2Fsites%2F24%2F2021%2F05%2Fsport24-pattern.png%27%29%20no-repeat%20left%20-16px%20%23f3f3f4%3B%20border%3A%20none%3B%22%3E%0D%0A%3Cdiv%20class%3D%22article_solidheader%22%3E%0D%0A%3Ch2%20style%3D%22color%3A%20%23111115%21important%3B%20font-size%3A%2036px%3B%20font-weight%3A%20bold%3B%20margin-bottom%3A%2030px%3B%20margin-top%3A%2020px%3B%20text-align%3A%20center%3B%20line-height%3A%2036px%3B%22%3E%3Cimg%20class%3D%22aligncenter%20size-full%20wp-image-141%22%20src%3D%22https%3A%2F%2F24.p3k.hu%2Fapp%2Fuploads%2Fsites%2F24%2F2021%2F05%2Fs24-logo-dt.png%22%20alt%3D%22%22%20width%3D%22408%22%20height%3D%2290%22%20%2F%3E%3C%2Fh2%3E%0D%0A%3Ch2%20style%3D%22color%3A%20%23111115%21important%3B%20font-size%3A%2036px%3B%20font-weight%3A%20bold%3B%20margin-bottom%3A%2030px%3B%20margin-top%3A%2020px%3B%20text-align%3A%20center%3B%20line-height%3A%2040px%3B%22%3ECsatlakozz%20a%20Sport24%20k%C3%B6z%C3%B6ss%C3%A9ghez%2C%20mondd%20el%20v%C3%A9lem%C3%A9nyedet%20z%C3%A1rt%20Facebook-csoportunkban%2C%20%C3%A9s%20vegy%C3%A9l%20r%C3%A9szt%20csak%20el%C5%91fizet%C5%91knek%20el%C3%A9rhet%C5%91%20exkluz%C3%ADv%20esem%C3%A9nyeinken.%3C%2Fh2%3E%0D%0A%3C%2Fdiv%3E%0D%0A%3Cp%20style%3D%22background%3A%20%2357A600%3B%20margin-top%3A%2020px%3B%20padding%3A%2020px%3B%20text-align%3A%20center%3B%22%3E%3Ca%20style%3D%22color%3A%20%23ffffff%3B%20font-size%3A%2026px%3B%20font-weight%3A%20600%3B%22%20href%3D%22https%3A%2F%2Fwww.facebook.com%2Fgroups%2F212344460412327%22%3ECSATLAKOZOM%3C%2Fa%3E%3C%2Fp%3E%0D%0A%0D%0A%3C%2Fdiv%3E\"]","type":"rich","thumbnail_url":"https:\/\/s.24.hu\/app\/uploads\/sites\/24\/2023\/01\/fortepan_201617-150x150.jpg","thumbnail_width":150,"thumbnail_height":150}