{"version":"1.0","provider_name":"Sport24","provider_url":"https:\/\/sport24.24.hu","author_name":"Bruckner G\u00e1bor","author_url":"https:\/\/sport24.24.hu\/author\/brucknerg\/","title":"A Moukoko-akt\u00e1t is megbolygatta a 2023-at nyit\u00f3 korhamis\u00edt\u00e1si botr\u00e1ny","html":"\u00daj \u00e9v, r\u00e9gi sztori: korhamis\u00edt\u00e1si botr\u00e1nnyal kell foglalkoznia az afrikai labdar\u00fag\u00f3-sz\u00f6vets\u00e9geknek. Az U17-es Afrika Kupa region\u00e1lis selejtez\u0151je el\u0151tt Kamerunban korellen\u0151rz\u00e9st v\u00e9geztek a kerettagok k\u00f6r\u00e9ben. Az MR-vizsg\u00e1latok arra a gyan\u00fara adtak okot, hogy\r\n\r\n<span class=\"highlight-block\">a 30 f\u0151s keret 21 tagja t\u00falkoros, <\/span>\r\n\r\nmire <strong>Samuel Eto\u2019o<\/strong> \u2013 a kameruni sz\u00f6vets\u00e9g (Fecafoot) eln\u00f6ke \u2013 azonnali hat\u00e1llyal kirakta a j\u00e1t\u00e9kosokat a keretb\u0151l.\r\n\r\nA huszonegyek \u201ekis\u00f6pr\u00e9s\u00e9t\u201d k\u00f6vet\u0151en az \u00fajonnan megh\u00edvottak k\u00f6z\u00fcl m\u00e9g 11 megbukott a vizsg\u00e1latokon, de v\u00e9g\u00fcl <strong>Jean-Pierre Fiala<\/strong> sz\u00f6vets\u00e9gi edz\u0151nek \u00e9s st\u00e1bj\u00e1nak siker\u00fclt egy keretnyi j\u00e1t\u00e9kost \u00f6sszeszednie. A kameruniak a Kong\u00f3i K\u00f6zt\u00e1rsas\u00e1ggal, a Kong\u00f3i Demokratikus K\u00f6zt\u00e1rsas\u00e1ggal, Cs\u00e1ddal \u00e9s a K\u00f6z\u00e9p-Afrikai K\u00f6zt\u00e1rsas\u00e1ggal m\u00e9rt\u00e9k volna \u00f6ssze tud\u00e1sukat a selejtez\u0151k\u00f6n, \u00e1m el\u0151bb a Kong\u00f3i DK sz\u00e1llt ki id\u0151 el\u0151tt (a 40-es keret 25 tagja fennakadt a korvizsg\u00e1l\u00f3 teszten, r\u00e1ad\u00e1sul csak 5 j\u00e1t\u00e9kosnak voltak rendben a dokumentumai az utaz\u00e1shoz), majd Cs\u00e1dot (a 25-\u00f6s keretb\u0151l 7 j\u00e1t\u00e9kos esett ki a tesztel\u00e9sen, egy eset\u00e9ben nem sz\u00fcletett d\u00f6nt\u00e9s) a kontinent\u00e1lis sz\u00f6vets\u00e9g (CAF) diszkvalifik\u00e1lta. \u00cdgy v\u00e9g\u00fcl Kamerun, a Kong\u00f3i K\u00f6zt\u00e1rsas\u00e1g \u00e9s a K\u00f6z\u00e9p-Afrikai K\u00f6zt\u00e1rsas\u00e1g m\u00e9rk\u0151z\u00f6tt meg a tov\u00e1bbjut\u00e1s\u00e9rt. Ugyanebben a selejtez\u0151sorozatban hasonl\u00f3 okokb\u00f3l kiz\u00e1rt\u00e1k Lib\u00e9ri\u00e1t, Dzsibutit, Szud\u00e1nt \u00e9s Angol\u00e1t is.\r\n\r\nA legut\u00f3bbi (2019-es) U17-es kontinenstorn\u00e1n ez\u00fcst\u00e9rmes Guine\u00e1t a CAF ut\u00f3lag meszelte el, miut\u00e1n kider\u00fclt, hogy k\u00e9t j\u00e1t\u00e9kos is t\u00f6bb \u00fatlev\u00e9llel oper\u00e1lt (egy nemzetk\u00f6zi torn\u00e1ra leadott \u00fatlevelek szerint 2001-es, az U17-es torn\u00e1ra beny\u00fajtott pap\u00edrok szerint viszont 2002-es sz\u00fclet\u00e9s\u0171 volt a k\u00e9t \u00e9rintett futballista). A guineaiak eredm\u00e9ny\u00e9t t\u00f6r\u00f6lt\u00e9k, a hamis\u00edt\u00e1si botr\u00e1ny miatt a v\u00e1logatott nem utazhatott el a koroszt\u00e1lyos vil\u00e1gbajnoks\u00e1gra. A torna el\u0151tt elv\u00e9gzett MR-tesztek hat, v\u00e9lhet\u0151en t\u00falkoros j\u00e1t\u00e9kost sz\u0171rtek ki, de ez minim\u00e1lis mennyis\u00e9g a mostanihoz k\u00e9pest.\r\n<h2>Tologatott vonalak<\/h2>\r\nAmi\u00f3ta nagy t\u00e9ttel b\u00edr\u00f3 koroszt\u00e1lyos focitorn\u00e1kat rendeznek, az\u00f3ta n\u00e9pszer\u0171 elfoglalts\u00e1g a korhamis\u00edt\u00e1s. Nem csak a futballban akadnak ilyen probl\u00e9m\u00e1k: minden sport\u00e1gban megh\u00fazz\u00e1k a koroszt\u00e1lyos vonalakat, \u00e9s vannak, akik elkezdik skrupulus n\u00e9lk\u00fcl tologatni azokat. A csal\u00e1s t\u00f6bbf\u00e9le lehet:\r\n<ul>\r\n \t<li>Id\u0151sebb sportol\u00f3k szerepeltet\u00e9se koroszt\u00e1lyos versenyeken (futballban ez az \u00e1ltal\u00e1nos probl\u00e9ma)<\/li>\r\n \t<li>Korhat\u00e1rt m\u00e9g el nem \u00e9rt sportol\u00f3k szerepeltet\u00e9se feln\u0151ttversenyeken (ez volt sok\u00e1ig jellemz\u0151 p\u00e9ld\u00e1ul n\u0151i torn\u00e1ban; de \u00e9ppens\u00e9ggel a magyar futballt\u00f6rt\u00e9netben is van j\u00f3 p\u00e1r legend\u00e1s j\u00e1t\u00e9kos, aki \u00edgy deb\u00fct\u00e1lt)<\/li>\r\n<\/ul>\r\nS hogy mi\u00e9rt csalnak a gyakoribbnak sz\u00e1m\u00edt\u00f3 els\u0151 esetben?\r\n\r\n<span class=\"highlight-block\">Koroszt\u00e1lyos esem\u00e9nyeken k\u00f6nnyebb felt\u0171n\u0151 eredm\u00e9nyeket el\u00e9rni. <\/span>\r\n\r\nA labdar\u00fag\u00e1st p\u00e9ld\u00e1ul v\u00e9ve egy-egy kiemelked\u0151 kontinent\u00e1lis vagy vil\u00e1gbajnoki szerepl\u00e9s feltehet a t\u00e9rk\u00e9pre egyes orsz\u00e1gokat \u00e9s j\u00e1t\u00e9kosokat. Az e torn\u00e1kon kisz\u00fart sp\u00edlereket ide\u00e1lis esetben j\u00f3 p\u00e9nz\u00e9rt \u00e9rt\u00e9kes\u00edteni lehet \u2013 egy kis tr\u00fckk\u00f6z\u00e9s, \u00e9s nemcsak a jobb eredm\u00e9ny, hanem a nagyobb \u00fczlet is k\u00f6vetkezm\u00e9ny lehet.\r\n\r\n\u201eNegyvenk\u00e9t napon m\u00falt. 1979-ben sz\u00fclettem, de volt egy torna, amit a t\u00e9v\u00e9 k\u00f6zvet\u00edtett, \u00e9s csak 1980-asok j\u00e1tszhattak rajta. Hib\u00e1t k\u00f6vettem el, \u00e9s megfizettem \u00e9rte. Rosszat cselekedtem, mert egy kisfi\u00fa \u00e1lm\u00e1t igyekeztem beteljes\u00edteni, ma pedig negat\u00edv p\u00e9lda vagyok\u201d \u2013 <a href=\"https:\/\/globoesporte.globo.com\/futebol\/noticia\/2011\/02\/gato-arrependido-sandro-hiroshi-sonha-esquecer-erro-e-voltar-elite.html\" target=\"_blank\" rel=\"noopener\">magyar\u00e1zta a Glob\u00f3nak<\/a> a brazil <strong>Sandro Hiroshi<\/strong> a h\u00e1tt\u00e9rmotiv\u00e1ci\u00f3t. A t\u00e1mad\u00f3 tin\u00e9dzserk\u00e9nt hamis pap\u00edrokat szerzett annak \u00e9rdek\u00e9ben, hogy p\u00e1ly\u00e1ra l\u00e9phessen, \u00e9s kit\u0171nhessen az eml\u00edtett koroszt\u00e1lyos torn\u00e1n, de k\u00e9s\u0151bb lebukott.\r\n\r\nA karrierre \u00e1h\u00edtoz\u00f3, gyakran kiszolg\u00e1ltatott j\u00e1t\u00e9kosok sz\u00e1m\u00e1ra ez kegyes csal\u00e1s, olyan, ami \u2013 ha nem leplez\u0151dik le \u2013 a tehets\u00e9ggel \u00e9s a j\u00f3 teljes\u00edtm\u00e9nnyel egy\u00fctt szerz\u0151d\u00e9shez vezethet. Ha siker\u00fcl kit\u00f6rni, az nemcsak a j\u00e1t\u00e9kosnak, hanem az eg\u00e9sz csal\u00e1dj\u00e1nak megv\u00e1ltoztathatja az \u00e9let\u00e9t. A v\u00e1s\u00e1rl\u00f3 klubok egyre fiatalabb \u00edg\u00e9reteket keresnek, s ami el\u00e9g egy 18 \u00e9vest\u0151l, nem el\u00e9g egy 20 \u00e9vest\u0151l \u2013 el\u0151bbit m\u00e9g megveszik, ut\u00f3bbit m\u00e1r otthagyhatj\u00e1k, \u00e9s bez\u00e1rul a lehet\u0151s\u00e9g kapuja.\r\n\r\nA FIFA nemzetk\u00f6zi \u00e1tigazol\u00e1si \u00f6sszegz\u0151 riportja szerint:\r\n<blockquote>A 18\u201323 \u00e9ves j\u00e1t\u00e9kosokra k\u00f6lt\u00f6tt \u00e1tigazol\u00e1si \u00f6sszegek t\u00f6bb mint 25 sz\u00e1zal\u00e9kkal m\u00falt\u00e1k fel\u00fcl a 24\u201329 \u00e9vesekre kiadott \u00f6sszeget; ez j\u00f3l mutatja, hogy a klubok jobban \u00e9rdekl\u0151dnek a fiatalabb, form\u00e1lhat\u00f3bb futballist\u00e1k ir\u00e1nt.<\/blockquote>\r\nAz afrikai \u00e9s a d\u00e9l-amerikai futball eset\u00e9ben a j\u00e1t\u00e9kosexport l\u00e9tfontoss\u00e1g\u00fa: a klubok \u00e1ltal elk\u00f6nyvelt \u00e1tigazol\u00e1si bev\u00e9telek t\u00edz\u00e9ves \u00f6sszes\u00edt\u00e9sben mintegy h\u00e1rom-n\u00e9gyszeresen m\u00falt\u00e1k fel\u00fcl a kiad\u00e1sokat a kontinensen. Nemzeti szinten ez sokkal magasabb lehet: a kameruni klubok p\u00e9ld\u00e1ul t\u00edz \u00e9v alatt csak 100\u00a0ezer amerikai doll\u00e1rt k\u00f6lt\u00f6ttek j\u00e1t\u00e9kosv\u00e1s\u00e1rl\u00e1sra, \u00e1m 21,1 milli\u00f3 doll\u00e1rt kassz\u00edroztak elad\u00e1sokb\u00f3l. Ezek nem nagy \u00f6sszegek a topfutballhoz k\u00e9pest, \u00e1m jelent\u0151sen hozz\u00e1j\u00e1rulnak a helyi labdar\u00fag\u00f3\u00e9let m\u0171k\u00f6d\u00e9s\u00e9hez. A klubok eladni akarnak, az ifj\u00fa j\u00e1t\u00e9kosok menni, \u00e9s karriert \u00e9p\u00edteni. Mindenki abban \u00e9rdekelt, hogy az \u00fczlet z\u00f6kken\u0151mentesen legyen, \u00e9s ez meg\u00e1gyazhat a tr\u00fckk\u00f6z\u00e9snek.\r\n<h2>Mexik\u00f3i \u00e1tokt\u00f3l gyan\u00fas v\u00e1s\u00e1rl\u00e1sig<\/h2>\r\nAz \u00e9letkorhamis\u00edt\u00e1ssal a legt\u00f6bbsz\u00f6r Afrik\u00e1t k\u00f6tik \u00f6ssze, de egy\u00e1ltal\u00e1n nem a fekete kontinens az egyetlen, amelyen nagyszab\u00e1s\u00fa csal\u00e1sokat lepleztek le. Az egyik legh\u00edrhedtebb botr\u00e1ny Mexik\u00f3hoz kapcsol\u00f3dik: a Cachirules-\u00fcgyben egy \u00fajs\u00e1g\u00edr\u00f3 kider\u00edtette, hogy a 20 \u00e9ven aluli v\u00e1logatottban olyan futballist\u00e1k l\u00e9ptek p\u00e1ly\u00e1ra, akiknek a sz\u00f6vets\u00e9g \u00e9vk\u00f6nyve szerint m\u00e1s volt a sz\u00fclet\u00e9si d\u00e1tumuk, mint ami az U20-as CONCACAF-selejtez\u0151kre leadott hivatalos n\u00e9vsorban szerepelt\u2026 \u00d3ri\u00e1si pal\u00e1ver keveredett, amelynek v\u00e9g\u00e9n a FIFA 1988 \u00e1prilis\u00e1t\u00f3l 1990 j\u00falius\u00e1ig minden mexik\u00f3i v\u00e1logatottat eltiltott a nemzetk\u00f6zi szerepl\u00e9st\u0151l, \u00edgy az A-csapat sem vehetett r\u00e9szt az olaszorsz\u00e1gi vil\u00e1gbajnoks\u00e1g selejtez\u0151in. A babon\u00e1s mexik\u00f3i drukkerek szerint a csal\u00e1s miatt \u00e1tok s\u00fajtja a v\u00e1logatottat, amely az\u00f3ta nem tudta egyszer sem megnyerni a vil\u00e1gbajnoks\u00e1gokon a negyedik m\u00e9rk\u0151z\u00e9s\u00e9t, azaz a nyolcadd\u00f6nt\u0151t.\r\n<div class=\"payable-content-section\"><\/div>\r\nDe bukott meg brazil U20-as vil\u00e1gbajnok j\u00e1t\u00e9kos (az 1978-as sz\u00fclet\u00e9s\u0171 <strong>Carlos Alberto<\/strong> <a href=\"http:\/\/www.espn.com\/espn\/wire?section=soccer&amp;id=2671416\" target=\"_blank\" rel=\"noopener\">1983-ask\u00e9nt j\u00e1tszott a 2003-as torn\u00e1n<\/a>), eml\u00e9kezetes <strong>Luciano-Eriberto<\/strong> esete is (a Chiev\u00f3ban remekl\u0151 brazil sz\u00e9ls\u0151r\u0151l, Eribert\u00f3r\u00f3l kider\u00fclt, hogy <a href=\"https:\/\/www.uefa.com\/uefaeuropaleague\/news\/0188-0e6a96e6a97e-893e3e400d80-1000--eriberto-not-the-man-he-used-to-be\/\" target=\"_blank\" rel=\"noopener\">val\u00f3j\u00e1ban Luciano a neve<\/a>, \u00e9s n\u00e9gy \u00e9vvel id\u0151sebb, mint ami a pap\u00edrjain szerepelt). A korral val\u00f3 tr\u00fckk\u00f6z\u00e9s olyannyira nem ritka, hogy a brazil futballszlengben m\u00e9g neve is van az \u00e9letkorhamis\u00edt\u00e1ssal pr\u00f3b\u00e1lkoz\u00f3 j\u00e1t\u00e9kosoknak (gato, azaz macska). A helyi ESPN m\u00e9g egy korhamis\u00edt\u00f3-\u00e1lomcsapatot is \u00f6ssze\u00e1ll\u00edtott, edz\u0151vel egy\u00fctt \u2013 a h\u00edres tr\u00e9ner, <strong>Vanderlei Luxemburgo<\/strong> ugyanis ifi kor\u00e1ban <a href=\"https:\/\/odia.ig.com.br\/esporte\/2017-10-16\/tecnico-vanderlei-luxemburgo-detona-tv-globo-e-admite-ser-gato.html\" target=\"_blank\" rel=\"noopener\">maga is hamis pap\u00edrokat haszn\u00e1lt<\/a> (1955-\u00f6s sz\u00fclet\u00e9si \u00e9vvel 1952 helyett), hogy bef\u00e9rjen koroszt\u00e1lyos csapatokba.\r\n\r\n<span class=\"highlight-block-small\">Latin-Amerik\u00e1t\u00f3l \u00d3ce\u00e1ni\u00e1ig, \u00c1zsi\u00e1t\u00f3l Afrik\u00e1ig se szeri, se sz\u00e1ma a korhamis\u00edt\u00e1ssal kapcsolatos \u00fcgyeknek \u00e9s a j\u00e1t\u00e9kosoknak, akiknek rejt\u00e9lyes m\u00f3don t\u00f6bb sz\u00fclet\u00e9snapja is volt\u2026<\/span>\r\n\r\n[caption id=\"attachment_7591\" align=\"aligncenter\" width=\"3100\"]<img class=\"size-full wp-image-7591\" src=\"https:\/\/sport24.24.hu\/app\/uploads\/sites\/24\/2023\/01\/gettyimages-1280234838.jpg\" alt=\"\" width=\"3100\" height=\"2146\" \/> Vanderlei Luxemburgo[\/caption]\r\n\r\nN\u00e9h\u00e1ny eset eg\u00e9szen bizarr: a kelet-timori <strong>Paulo Galit<\/strong> 2018-ban 22 \u00e9vesk\u00e9nt mutatta egy region\u00e1lis torna honlapja, egy \u00e9vvel k\u00e9s\u0151bb viszont az U15-\u00f6s v\u00e1logatottban vetett\u00e9k be. Az eml\u00edtett torna most el\u00e9rhet\u0151 adatlapja m\u00e1r 2004-es sz\u00fclet\u00e9si \u00e9vet ad meg, a Transfermarkt azzal v\u00e1gja \u00e1t a gordiuszi csom\u00f3t, hogy Gali vagy 1996-os, vagy 2004-es sz\u00fclet\u00e9s\u0171\u2026 A Kong\u00f3i DK-beli <strong>Chancel Mbemb\u00e1nak<\/strong> <a href=\"https:\/\/edition.cnn.com\/2013\/02\/01\/sport\/football\/age-african-football-mbemba\/index.html\" target=\"_blank\" rel=\"noopener\">a CNN egy riportja szerint<\/a> n\u00e9gy vagy \u00f6t k\u00fcl\u00f6nb\u00f6z\u0151 sz\u00fclet\u00e9snapja volt. <a href=\"https:\/\/www.espn.com\/soccer\/newcastle-united\/story\/2561727\/newcastle-defender-chancel-mbemba-angry-at-claims-over-age\" target=\"_blank\" rel=\"noopener\">Mbemba azt \u00e1ll\u00edtja<\/a>, hogy 1994. augusztus 8-\u00e1n sz\u00fcletett, \u00e9s ezt orvosi vizsg\u00e1latok is al\u00e1t\u00e1masztj\u00e1k.\r\n\r\nAmennyiben lebukik valaki, akkor eltilt\u00e1sra sz\u00e1m\u00edthat, csak\u00fagy, mint a hamis\u00edt\u00e1sban \u00e9rintett funkcion\u00e1riusok, de a FIFA-szankci\u00f3k (minimum hatm\u00e9rk\u0151z\u00e9ses eltilt\u00e1s \u00e9s p\u00e9nzb\u00edrs\u00e1g; hamis\u00edt\u00e1son kapott funkcion\u00e1rius eset\u00e9ben minimum egy\u00e9ves eltilt\u00e1s \u00e9s p\u00e9nzb\u00edrs\u00e1g) nem t\u0171nnek elrettent\u0151nek. Ha b\u00fcntet\u0151\u00fcgy lesz, az m\u00e1r ink\u00e1bb\u2026 A VfB Stuttgart csat\u00e1ra, <strong>Silas Katompa Mvumpa<\/strong> eredetileg <strong>Silas Wamangituka<\/strong> n\u00e9ven \u00e9s egy \u00e9vvel fiatalabbk\u00e9nt futballozott, <a href=\"https:\/\/www.vfb.de\/en\/vfb\/latest\/news\/professionals\/2021\/silas-wamangituka-stellungnahme\/\" target=\"_blank\" rel=\"noopener\">m\u00edg ki nem der\u00fclt<\/a>, \u00fcgyn\u00f6ke nyom\u00e1s\u00e1ra meghamis\u00edtott\u00e1k a pap\u00edrjait. A n\u00e9met sz\u00f6vets\u00e9g h\u00e1rom h\u00f3napra eltiltotta \u00e9s megb\u00edrs\u00e1golta.\r\n\r\nA tr\u00fckk\u00f6z\u00e9s kisz\u0171r\u00e9se a FIFA fegyelmi szab\u00e1lyzata szerint a nemzeti sz\u00f6vets\u00e9gek felel\u0151ss\u00e9ge. A k\u00fcl\u00f6nb\u00f6z\u0151 sz\u00f6vets\u00e9geknek akadt el\u00e9g dolguk (Afrik\u00e1ban, Latin-Amerik\u00e1ban, D\u00e9lkelet-\u00c1zsi\u00e1ban \u00e9s az \u00e1zsiai arab t\u00e9rs\u00e9gben sok volt a gyan\u00fas eset), \u00e9s egyszer csak betelt a poh\u00e1r \u2013 \u00e1ll\u00edt\u00f3lag ehhez hozz\u00e1j\u00e1rult az, amikor U16-os torn\u00e1n szerepl\u0151 j\u00e1t\u00e9kosok pl\u00fcssj\u00e1t\u00e9kokat v\u00e1s\u00e1roltak a gyerekeiknek\u2026 A FIFA orvosi k\u00f6zpontja (F-MARC) \u00faj \u00f6tlettel \u00e1llt el\u0151.\r\n<h2>Mutasd a csukl\u00f3d, megmondom, h\u00e1ny \u00e9ves vagy!<\/h2>\r\nAz F-MARC <a href=\"https:\/\/www.ncbi.nlm.nih.gov\/pmc\/articles\/PMC2465138\/\" target=\"_blank\" rel=\"noopener\">egy kutat\u00e1sban<\/a> 500 f\u0151s mint\u00e1n vizsg\u00e1lt k\u00fcl\u00f6nb\u00f6z\u0151 etnikum\u00fa (sv\u00e1jci, malajziai, alg\u00e9riai \u00e9s argentin nemzetis\u00e9g\u0171), 14\u201319 \u00e9v k\u00f6z\u00f6tti j\u00e1t\u00e9kosokat. Az orvosi csapat a csukl\u00f3 csontjainak MR-vizsg\u00e1lat\u00e1t tartotta megfelel\u0151 korazonos\u00edt\u00f3nak \u2013 aki k\u00edv\u00e1ncsi az elj\u00e1r\u00e1sra, <a href=\"https:\/\/www.researchgate.net\/figure\/MRI-of-the-wrist-of-football-players-A-a-15-year-old-player-with-a-completely-open_fig1_38024540\" target=\"_blank\" rel=\"noopener\">itt megtekintheti a kutat\u00e1st vezet\u0151 <strong>Jiri Dvorak<\/strong> magyar\u00e1z\u00f3 \u00e1br\u00e1it<\/a>. A 2003-as, 2005-\u00f6s \u00e9s 2007-es torn\u00e1k alatt elv\u00e9gzett sz\u00far\u00f3pr\u00f3baszer\u0171 vizsg\u00e1latok <a href=\"https:\/\/www.researchgate.net\/publication\/6460224_Application_of_MRI_of_the_wrist_for_age_determination_in_international_U-17_soccer_competitions\" target=\"_blank\" rel=\"noopener\">azt mutatt\u00e1k<\/a>, a futballist\u00e1k egy r\u00e9sze t\u00falkoros lehetett (jelent\u0151sen elt\u00e9rt a j\u00e1t\u00e9kosok k\u00f6r\u00e9ben felvett minta a kontrollcsoport\u00e9t\u00f3l). A 2009-es, nig\u00e9riai U17-es vil\u00e1gbajnoks\u00e1g el\u0151tt a FIFA m\u00e1r \u00e9lesben is bevetette a tesztet, ki is sz\u00f3rt n\u00e9h\u00e1ny futballist\u00e1t; a h\u00e1zigazda Nig\u00e9ria b\u0151 kerete a tesztel\u00e9s bejelent\u00e9se ut\u00e1n hirtelen tizen\u00f6t j\u00e1t\u00e9kossal fogyatkozott meg\u2026\r\n\r\nA vita az\u00f3ta is d\u00fal a m\u00f3dszer megb\u00edzhat\u00f3s\u00e1g\u00e1r\u00f3l: <a href=\"https:\/\/www.sciencedirect.com\/science\/article\/pii\/S0378603X1730219X\" target=\"_blank\" rel=\"noopener\">egyes kutat\u00e1sok<\/a> al\u00e1t\u00e1masztott\u00e1k azt, <a href=\"https:\/\/www.scientificamerican.com\/article\/dear-fifa-there-is-no-scientific-test-to-prevent-age-fraud\/\" target=\"_blank\" rel=\"noopener\">m\u00e1sok szkeptikusak<\/a>, \u00e9s \u00fagy t\u0171nik, n\u0151i j\u00e1t\u00e9kosok eset\u00e9ben <a href=\"https:\/\/onlinelibrary.wiley.com\/doi\/10.1111\/sms.12461\" target=\"_blank\" rel=\"noopener\">nem megfelel\u0151 az elj\u00e1r\u00e1s<\/a>, valamint az U17-n\u00e9l id\u0151sebb koroszt\u00e1lyok eset\u00e9ben sincs \u00e9rtelme. Nem v\u00e9letlen, hogy kontinensenk\u00e9nt elt\u00e9r\u0151 a csukl\u00f3-MR alkalmaz\u00e1sa: Afrik\u00e1ban k\u00f6telez\u0151 az U17-es torn\u00e1kon, \u00c1zsi\u00e1ban alkalmazhat\u00f3 (de nem k\u00f6telez\u0151), a FIFA sz\u00far\u00f3pr\u00f3baszer\u0171en tesztelhet (de a kormeg\u00e1llap\u00edt\u00e1s els\u0151dlegesen a nemzeti sz\u00f6vets\u00e9gek felel\u0151ss\u00e9ge), a t\u00f6bbi kontinent\u00e1lis sz\u00f6vets\u00e9gben nem vetik be. Egyes esetek a szkeptikusok malm\u00e1ra hajtj\u00e1k a vizet: az Egyes\u00fclt \u00c1llamokbeli Columbusban sz\u00fcletett <strong>Abuchi Obinwa<\/strong> p\u00e9ld\u00e1ul fennakadt az MR-vizsg\u00e1laton, amikor a nig\u00e9riai U17-es vb-csapatba szeretett volna beker\u00fclni, holott a pap\u00edrjaival kapcsolatban nem vet\u0151dtek fel k\u00e9ts\u00e9gek. V\u00e9g\u00fcl amerikai koroszt\u00e1lyos v\u00e1logatott lett.\r\n\r\nAz \u00fatlev\u00e9lben szerepl\u0151 kor \u00e9s a t\u00e9nyleges \u00e9letkor k\u00f6zti elt\u00e9r\u00e9s nem biztos, hogy tr\u00fckk\u00f6z\u00e9sre utal:\r\n\r\n<span class=\"highlight-block\">elk\u00e9pzelhet\u0151, hogy maga a j\u00e1t\u00e9kos sem tudja a pontos sz\u00fclet\u00e9si d\u00e1tum\u00e1t.<\/span>\r\n\r\n\u201eA r\u00e9sztvev\u0151k \u00e9letkor\u00e1t \u00e1ltal\u00e1ban hivatalos dokumentumokkal igazolj\u00e1k \u2013 ilyenek a sz\u00fclet\u00e9si anyak\u00f6nyvi kivonatok. \u00c1m a vil\u00e1g egyes r\u00e9szein a sz\u00fclet\u00e9seket helyi rend\u0151r\u0151rs\u00f6k\u00f6n, eg\u00e9szs\u00e9g\u00fcgyi int\u00e9zm\u00e9nyekben, vagy a falu vezet\u0151in kereszt\u00fcl tartj\u00e1k sz\u00e1mon. Sokan nem k\u00f3rh\u00e1zban sz\u00fcletnek, a regisztr\u00e1ci\u00f3 gyakran k\u00e9sedelmet szenved. Elk\u00e9pzelhet\u0151, hogy napokig kell utazni egy hivatalos regisztr\u00e1ci\u00f3s pont el\u00e9r\u00e9s\u00e9hez. El\u0151fordul, hogy a sz\u00fclet\u00e9si anyak\u00f6nyvi kivonat nem a t\u00e9nyleges sz\u00fclet\u00e9si d\u00e1tumot mutatja. Emellett viszont bizony\u00edt\u00e9kok vannak tudatos korhamis\u00edt\u00e1sr\u00f3l is. Egyes torn\u00e1kon az lett gyan\u00fas, hogy bizonyos csapatokban mindenki azonos h\u00f3napban sz\u00fcletett, vagy a sz\u00fclet\u00e9si anyak\u00f6nyvi kivonatok sorsz\u00e1ma egym\u00e1s ut\u00e1ni volt\u201d \u2013 <a href=\"https:\/\/www.researchgate.net\/publication\/38024540_Detecting_over-age_players_using_wrist_MRI_Science_partnering_with_sport_to_ensure_fair_play\" target=\"_blank\" rel=\"noopener\">\u00e1llap\u00edtja meg Dvorak<\/a> egy 2009-es cikk\u00e9ben, amely a British Journal of Sports Medicine-ben jelent meg.\r\n\r\n\u201eTiszt\u00e1ban vagyunk vele, hogy \u00e1ltal\u00e1ban nem a rossz sz\u00e1nd\u00e9k h\u00faz\u00f3dik meg a t\u00falkoros j\u00e1t\u00e9kosok szerepeltet\u00e9se m\u00f6g\u00f6tt. Bizonyos orsz\u00e1gokban pontatlanok az anyak\u00f6nyvi kivonatok, esetleg nincsenek is, \u00e9s ez nem felt\u00e9tlen\u00fcl a j\u00e1t\u00e9kos vagy a sz\u00f6vets\u00e9ge hib\u00e1ja\u201d \u2013 <a href=\"https:\/\/www.fifa.com\/tournaments\/mens\/u17worldcup\/nigeria2009\/news\/caught-the-wrists-1121679\" target=\"_blank\" rel=\"noopener\">magyar\u00e1zta <strong>Yacine Zerguini<\/strong><\/a>, a FIFA \u00e9s a CAF orvosi bizotts\u00e1g\u00e1nak tagja.\r\n\r\nSz\u00f3val: teljesen megb\u00edzhat\u00f3 (\u00e9s mindenki \u00e1ltal elfogadott) teszt nincs, a hiba pedig nem felt\u00e9tlen\u00fcl sz\u00e1nd\u00e9kos \u00e9s utal csal\u00e1sra\u2026\r\n<h2>Moukok\u00f3ig \u00e9r\u0151 reng\u00e9sek<\/h2>\r\nEtt\u0151l f\u00fcggetlen\u00fcl naivit\u00e1s lenne \u00fagy tenni, mintha nem lenne jelent\u0151s probl\u00e9ma a korhamis\u00edt\u00e1s, mindenekel\u0151tt Afrik\u00e1ban \u00e9s D\u00e9lkelet-\u00c1zsi\u00e1ban. Hogy mennyire benne van ez a k\u00f6ztudatban, azt jelzi <a href=\"https:\/\/saharareporters.com\/2023\/01\/11\/some-prominent-presidential-candidates-are-guilty-age-fraud-deceive-nigerians-sowore\" target=\"_blank\" rel=\"noopener\">a Sahara Reporters egy cikke<\/a>: a \u201efutballkor\u201d kifejez\u00e9s \u00e1tment a nig\u00e9riai (\u00e9s gh\u00e1nai) szlengbe, \u00e9s arra utal, amikor valaki kora \u00e9s pap\u00edrjai meghamis\u00edt\u00e1s\u00e1val igyekszik jogosulatlan el\u0151nyt szerezni. A nig\u00e9riai sz\u00f6vets\u00e9g volt eln\u00f6ke, <strong>Anthony Kojo Williams<\/strong> azt \u00e1ll\u00edtotta a BBC Africa Kicks c\u00edm\u0171 dokumentumfilmj\u00e9ben, hogy rendszeresen bevetettek t\u00falkoros j\u00e1t\u00e9kosokat koroszt\u00e1lyos torn\u00e1kon.\r\n\r\n\u201eNagy probl\u00e9ma volt, \u00e9s m\u00e9g mindig az. Vannak, akik U17-esk\u00e9nt villognak, azt\u00e1n n\u00e9h\u00e1ny \u00e9vvel k\u00e9s\u0151bb visszavonulnak, mert m\u00e1r nem tudnak futni\u201d \u2013 <a href=\"https:\/\/www.bbc.com\/sport\/football\/26174252?xtor=AL-72-%5Bpartner%5D-%5Byahoo.north.america%5D-%5Blink%5D-%5Bnews%5D-%5Bbizdev%5D-%5Bisapi%5D\" target=\"_blank\" rel=\"noopener\">jegyezte meg a BBC-nek<\/a> m\u00e9g 2014-ben a Hansa Rostock, a Stuttgart \u00e9s a Wolfsburg egykori kit\u0171n\u0151 csat\u00e1ra, a j\u00e1t\u00e9kos\u00fcgyn\u00f6kk\u00e9nt dolgoz\u00f3 <strong>Jonathan Akpoborie<\/strong>. Az ekkor megk\u00e9rdezett helyi szakemberek ugyanakkor r\u00e1mutattak: a helyzet sokat javult a kor\u00e1bbihoz k\u00e9pest. Sokan amond\u00f3k, az afrikai j\u00e1t\u00e9kosokkal kapcsolatban felvet\u0151d\u0151 k\u00e9telyek r\u00e9szben el\u0151\u00edt\u00e9leteken alapulnak.\r\n\r\nA Kong\u00f3i DK-ban sz\u00fcletett brazil j\u00e1t\u00e9kos\u00fcgyn\u00f6k <a href=\"https:\/\/www.linkedin.com\/pulse\/age-fraud-african-football-paulo-teixeira\/\" target=\"_blank\" rel=\"noopener\"><strong>Paulo Teixeira<\/strong> szerint<\/a> az afrikai orsz\u00e1gokban az 1980-as \u00e9vek \u00f3ta rendszerszint\u0171 probl\u00e9ma a korhamis\u00edt\u00e1s, att\u00f3l kezdve, hogy egy edz\u0151 r\u00e1j\u00f6tt: a koroszt\u00e1lyos v\u00e1logatottak a legk\u00f6nnyebben \u00fagy vehetik fel a versenyt eur\u00f3pai \u00e9s latin-amerikai riv\u00e1lisaikkal, ha t\u00falkorosakat versenyeztetnek. Teixeir\u00e1nak els\u0151 k\u00e9zb\u0151l sz\u00e1rmaz\u00f3 tapasztalatai vannak, hiszen irod\u00e1ja sok afrikai j\u00e1t\u00e9kost k\u00e9pviselt.\r\n<blockquote>Negyven \u00e9v eltelt, de a korhamis\u00edt\u00e1s probl\u00e9m\u00e1j\u00e1ra nem siker\u00fclt megnyugtat\u00f3 megold\u00e1st tal\u00e1lni. A FIFA-nak van egy csukl\u00f3ellen\u0151rz\u0151 tesztje, \u00e1m ez csak hivatalos ifj\u00fas\u00e1gi torn\u00e1kon alkalmazhat\u00f3. Magam is tan\u00faja voltam annak \u2013 \u00e9s dokument\u00e1ltam is ezeket az eseteket \u2013, hogy milyen rendk\u00edv\u00fcli pszichol\u00f3giai megpr\u00f3b\u00e1ltat\u00e1s egy j\u00e1t\u00e9kosnak, ha kett\u0151s \u00e9letet \u00e9l korhamis\u00edt\u00e1s miatt. Nagyon extr\u00e9m annak a j\u00e1t\u00e9kosnak az esete, aki meg\u00e9rkezett Eur\u00f3p\u00e1ba, majd hazat\u00e9rt, megv\u00e1ltoztatta a nev\u00e9t, a nemzetis\u00e9g\u00e9t \u00e9s nyolc \u00e9vvel \u00bbmegfiatalodott\u00ab. Egy m\u00e1sik, kong\u00f3i futballista eset\u00e9ben ford\u00edtva t\u00f6rt\u00e9nt: rendk\u00edv\u00fcl tehets\u00e9ges volt, \u00e9s id\u0151sebbnek adta ki mag\u00e1t, hogy j\u00e1tszhasson a feln\u0151ttek k\u00f6z\u00f6tt<\/blockquote>\r\n\u2013 \u00edrta.\r\n\r\nTeixeira m\u00e1r ekkor c\u00e9lozgatott arra, hogy a vil\u00e1gfutball egyik kiemelked\u0151 tehets\u00e9ge id\u0151z\u00edtett bomba a lehets\u00e9ges korhamis\u00edt\u00e1s miatt. Val\u00f3sz\u00edn\u0171leg <strong>Youssoufa Moukok\u00f3ra<\/strong>, a Borussia Dortmund kameruni sz\u00e1rmaz\u00e1s\u00fa, \u00e1m n\u00e9met v\u00e1logatott t\u00e1mad\u00f3j\u00e1ra gondolhatott, mert a napokban t\u00f6bb dokumentumot is kisziv\u00e1rogtatott <a href=\"https:\/\/twitter.com\/epteixeira\/status\/1614316913915486213\" target=\"_blank\" rel=\"noopener\">saj\u00e1t Twitter-fi\u00f3kj\u00e1n kereszt\u00fcl<\/a>. \u00c1ll\u00edtja: Moukoko nem 2004. november 16-\u00e1n, hanem 2000. j\u00falius 19-\u00e9n sz\u00fcletett Yaound\u00e9ban, <strong>Youssoufa Mohamadou<\/strong> n\u00e9ven. A n\u00e9met \u00e9s osztr\u00e1k sajt\u00f3ban is ez a sztori kering, \u00e1m a tavaly ny\u00e1r \u00f3ta cirkul\u00e1l\u00f3 dokumentumokat jogi okokb\u00f3l nem hozhatj\u00e1k nyilv\u00e1noss\u00e1gra.\r\n\r\n[caption id=\"attachment_7592\" align=\"aligncenter\" width=\"5184\"]<img class=\"size-full wp-image-7592\" src=\"https:\/\/sport24.24.hu\/app\/uploads\/sites\/24\/2023\/01\/gettyimages-1444117566.jpg\" alt=\"\" width=\"5184\" height=\"3456\" \/> Youssoufa Mokouko[\/caption]\r\n\r\nA kisziv\u00e1rogtatott anyagok (egyel\u0151re) nem bizony\u00edt\u00f3 erej\u0171ek. Moukoko kora \u00e9vek \u00f3ta el\u0151ker\u00fcl\u0151 vitat\u00e9ma, \u00e1m m\u00e9g a Der Spiegel t\u00e9nyfelt\u00e1r\u00f3 riporterei sem jutottak sokra: Kamerunban hi\u00e1ba kerest\u00e9k a v\u00e1laszokat, a hamburgi anyak\u00f6nyvi hivatal szerint a 2004. november 20-i sz\u00fclet\u00e9si d\u00e1tum val\u00f3s. A Dortmund mindig azt \u00e1ll\u00edtotta, Moukoko annyi \u00e9ves, amennyi a pap\u00edrjain szerepel, senki sem tr\u00fckk\u00f6z\u00f6tt az \u00e9letkor\u00e1val, a N\u00e9met Labdar\u00fag\u00f3 Sz\u00f6vets\u00e9g (DFB) \u00e1ll\u00e1spontja ugyanez; a FIFA \u00e1ltal alkalmazott MRI-tesztet nem v\u00e9gezt\u00e9k el a j\u00e1t\u00e9koson \u2013 a n\u00e9met orvosok \u00e9rdekv\u00e9delmi szervezete szerint ugyanis ez nem megb\u00edzhat\u00f3 eszk\u00f6z kormeg\u00e1llap\u00edt\u00e1sra. A Der Spiegel nyomoz\u00e1sa \u00e9s a j\u00e1t\u00e9kos\u00fcgyn\u00f6k sziv\u00e1rogtat\u00e1sa egy ir\u00e1nyba mutat.\r\n\r\n<span class=\"highlight-block\">A Moukoko-akta ism\u00e9telt megbolygat\u00e1s\u00e1nak t\u00f6bb oka is lehet: <\/span>\r\n\r\na j\u00e1t\u00e9kos \u00f6sszeveszett a csal\u00e1dj\u00e1val (az interneten kering\u0151 dokumentumokat \u00e1ll\u00edt\u00f3lag az apja, Joseph sziv\u00e1rogtatta ki k\u00fcl\u00f6nb\u00f6z\u0151 helyekre), elk\u00e9pzelhet\u0151, hogy r\u00f6videsen klubot v\u00e1lt (ha meg nem, akkor \u00faj szerz\u0151d\u00e9st k\u00f6t Dortmundban), r\u00e1ad\u00e1sul a kameruni futballt \u00e9ppen megt\u00e9p\u00e1zza egy korhamis\u00edt\u00e1si botr\u00e1ny. Ha valaki kompromitt\u00e1l\u00f3 iratokat akart kisziv\u00e1rogtatni, akkor megfelel\u0151 id\u0151pontot tal\u00e1lt. A k\u00e9ts\u00e9gek nem val\u00f3sz\u00edn\u0171, hogy v\u00e9gleg elt\u00e1ntor\u00edtj\u00e1k a csodagyerek k\u00e9r\u0151it, \u00e1m megzavarhatj\u00e1k a t\u00e1rgyal\u00e1sokat.\r\n\r\nK\u00f6zben Kamerunban a megfogyatkozott hazai U17-es v\u00e1logatott megnyerte mindk\u00e9t selejtez\u0151j\u00e9t, \u00e9s tov\u00e1bbjutott. A vizsg\u00e1latok ut\u00e1n sz\u00e9tcsap\u00f3 Eto\u2019o kem\u00e9ny reakci\u00f3ja megosztotta a helyi futballt\u00e1rsadalmat, de \u00fagy t\u0171nik, biztos\u00edtotta, hogy a v\u00e1logatott t\u00falkorosok n\u00e9lk\u00fcl szerepel a kontinent\u00e1lis selejtez\u0151k\u00f6n. A t\u00f6rt\u00e9ntek ut\u00e1n kiadott sajt\u00f3k\u00f6zlem\u00e9nyben az szerepel, az okiratok m\u00faltbeli manipul\u00e1ci\u00f3ja \u201ebefeket\u00edtette a kameruni futball vezet\u0151 szerv\u00e9nek im\u00e1zs\u00e1t\u201d, \u00e9s ennek v\u00e9get kell vetni.\r\n\r\nNemes elhat\u00e1roz\u00e1s, \u00e1m valami azt s\u00fagja, am\u00edg nem tal\u00e1lnak megb\u00edzhat\u00f3bb, univerz\u00e1lisan elfogadott tesztm\u00f3dszereket, valamint nem javul a helyi adminisztr\u00e1ci\u00f3 (\u00e9s korrupci\u00f3) helyzete, nem lesz k\u00f6nny\u0171 az el\u0151rel\u00e9p\u00e9s. Az \u00e9letkorral val\u00f3 b\u0171v\u00e9szked\u00e9snek \u00e9vsz\u00e1zados m\u00faltja van, az azt kiv\u00e1lt\u00f3 okokat pedig aligha lehet megsz\u00fcntetni.\r\n\r\n[prefabricated_shortcode in_app=\"0\" code=\"%3Cdiv%20class%3D%22article_box_border%22%20style%3D%22background%3A%20url%28%27https%3A%2F%2F24.p3k.hu%2Fapp%2Fuploads%2Fsites%2F24%2F2021%2F05%2Fsport24-pattern.png%27%29%20no-repeat%20left%20-16px%20%23f3f3f4%3B%20border%3A%20none%3B%22%3E%0D%0A%3Cdiv%20class%3D%22article_solidheader%22%3E%0D%0A%3Ch2%20style%3D%22color%3A%20%23111115%21important%3B%20font-size%3A%2036px%3B%20font-weight%3A%20bold%3B%20margin-bottom%3A%2030px%3B%20margin-top%3A%2020px%3B%20text-align%3A%20center%3B%20line-height%3A%2036px%3B%22%3E%3Cimg%20class%3D%22aligncenter%20size-full%20wp-image-141%22%20src%3D%22https%3A%2F%2F24.p3k.hu%2Fapp%2Fuploads%2Fsites%2F24%2F2021%2F05%2Fs24-logo-dt.png%22%20alt%3D%22%22%20width%3D%22408%22%20height%3D%2290%22%20%2F%3E%3C%2Fh2%3E%0D%0A%3Ch2%20style%3D%22color%3A%20%23111115%21important%3B%20font-size%3A%2036px%3B%20font-weight%3A%20bold%3B%20margin-bottom%3A%2030px%3B%20margin-top%3A%2020px%3B%20text-align%3A%20center%3B%20line-height%3A%2040px%3B%22%3ECsatlakozz%20a%20Sport24%20k%C3%B6z%C3%B6ss%C3%A9ghez%2C%20mondd%20el%20v%C3%A9lem%C3%A9nyedet%20z%C3%A1rt%20Facebook-csoportunkban%2C%20%C3%A9s%20vegy%C3%A9l%20r%C3%A9szt%20csak%20el%C5%91fizet%C5%91knek%20el%C3%A9rhet%C5%91%20exkluz%C3%ADv%20esem%C3%A9nyeinken.%3C%2Fh2%3E%0D%0A%3C%2Fdiv%3E%0D%0A%3Cp%20style%3D%22background%3A%20%2357A600%3B%20margin-top%3A%2020px%3B%20padding%3A%2020px%3B%20text-align%3A%20center%3B%22%3E%3Ca%20style%3D%22color%3A%20%23ffffff%3B%20font-size%3A%2026px%3B%20font-weight%3A%20600%3B%22%20href%3D%22https%3A%2F%2Fwww.facebook.com%2Fgroups%2F212344460412327%22%3ECSATLAKOZOM%3C%2Fa%3E%3C%2Fp%3E%0D%0A%0D%0A%3C%2Fdiv%3E\"]","type":"rich","thumbnail_url":"https:\/\/s.24.hu\/app\/uploads\/sites\/24\/2023\/01\/gettyimages-1441976428-masolat-150x150.jpg","thumbnail_width":150,"thumbnail_height":150}