{"version":"1.0","provider_name":"Sport24","provider_url":"https:\/\/sport24.24.hu","author_name":"Bruckner G\u00e1bor","author_url":"https:\/\/sport24.24.hu\/author\/brucknerg\/","title":"K\u00f6sz\u00f6net minden\u00e9rt, Gianluca Vialli!","html":"\u00d6ssze sem tudn\u00e1m sz\u00e1molni, h\u00e1ny helyen futballoztam \u00e9letemben. A Nagyv\u00e1rad t\u00e9ri \u00f6th\u00e1zas lak\u00f3telep (alakja: E bet\u0171) parkol\u00f3iban \u00e9s m\u00e1sz\u00f3k\u00e1i k\u00f6z\u00f6tt. Francia kisv\u00e1ros lak\u00f3telepi parkol\u00f3j\u00e1ban. Norv\u00e9g koll\u00e9gium parkol\u00f3j\u00e1ban. Az Alf\u00f6ldi tanyavil\u00e1gban, a kiserd\u0151 \u00e9s a ment\u00e1lis betegek otthona k\u00f6z\u00f6tti g\u00f6r\u00f6ngy\u00f6s placcon. Ap\u00e1m \u00fagy h\u00edvta: a r\u00e9t. K\u00fcl\u00f6n\u00f3r\u00e1kat tartott nekem, meg kellett tanulnom bal l\u00e1bbal is l\u0151ni, mert szerinte ezt az edz\u0151k a Fradiban nem tan\u00edtott\u00e1k meg nekem. Futballoztam az \u00dcll\u0151i \u00fati stadionban, a Groupama Ar\u00e9na el\u0151ttiben, a Springer szoborn\u00e1l l\u00e9v\u0151 kapuba l\u0151tt\u00fck a g\u00f3lokat a B\u00e9k\u00e9scsab\u00e1nak (7-1). A N\u00e9pstadionban, a spanyolok elleni bar\u00e1ts\u00e1gos meccs el\u0151tt a Csepel ellen (7-0). Z\u00f6ld-feh\u00e9r mezben, Fradi-c\u00edmerrel, hivatalosan. M\u00e1s stadionokban, Olaszorsz\u00e1gban, D\u00e1ni\u00e1ban, N\u00e9metorsz\u00e1gban. Libalegel\u0151n, erdei tiszt\u00e1son, k\u00f6zparkban. Nyolc\u00e9ves cig\u00e1nygyerekekkel Pestl\u0151rincen, Kommand\u00f3n, P\u00e9csb\u00e1ny\u00e1n. A Fabulon-telepen, K\u00e1poszt\u00e1smegyeren, a T\u00f6rekv\u00e9s-p\u00e1ly\u00e1n, a Testv\u00e9ris\u00e9g-p\u00e1ly\u00e1n \u00e9s a v\u00e1rosligeti d\u00fch\u00f6ng\u0151ben. Egyetemistak\u00e9nt hetente h\u00e1romszor a T\u00c1SI-betonp\u00e1ly\u00e1n, P\u00e9csen, \u00e9letem f\u00e9nypontja.\r\n\r\nA Fradiban <strong>Kiss<\/strong> voltam, nyolcas vagy \u00f6t\u00f6s. Egyszer tal\u00e1n t\u00edzes, amikor <strong>Lisztes<\/strong> hi\u00e1nyzott, de lehet, hogy ezt csak \u00e1lmodtam. Balsz\u00e9ls\u0151, center, t\u00e1mad\u00f3 k\u00f6z\u00e9pp\u00e1ly\u00e1s, v\u00e9dekez\u0151 k\u00f6z\u00e9pp\u00e1ly\u00e1s. Szedjem \u00f6ssze a labd\u00e1kat, ne engedjem \u00e9lni az ir\u00e1ny\u00edt\u00f3t, ind\u00edtsam a sz\u00e9ls\u0151ket, passzoljak okosan, fussak gyorsabban.\r\n\r\n<span class=\"highlight-block\">A Fradiban Kiss voltam, mindenhol m\u00e1shol: Vialli. Gianluca Vialli.<\/span>\r\n\r\nNem eml\u00e9kszem, mikor l\u00e1ttam el\u0151sz\u00f6r j\u00e1tszani. Tal\u00e1n az 1988-as Eur\u00f3pa-bajnoks\u00e1gon lehetett, amelyen az ott fell\u00e9p\u0151, megfiatal\u00edtott olasz csapat a k\u00e9t \u00e9vvel k\u00e9s\u0151bbi, hazai rendez\u00e9s\u0171 vil\u00e1gbajnoks\u00e1g f\u0151pr\u00f3b\u00e1j\u00e1t tartotta. Szimpatikus volt az a r\u00f3kak\u00e9p\u0171, bongyor haj\u00fa, kiss\u00e9 hamisk\u00e1s mosoly\u00fa csat\u00e1r, aki a k\u00e9pekr\u0151l tekintett vissza r\u00e1m. Sokszor let\u0171rt sportsz\u00e1rral j\u00e1tszott \u2013 azt hiszem, ez a vag\u00e1ny gesztus volt az, ami \u00f6szt\u00f6n\u00f6sen megtetszett benne. Vialli akkor 24 \u00e9ves volt, \u00e9s b\u00e1r csak egyetlen g\u00f3lt szerzett a torn\u00e1n (Olaszorsz\u00e1g azzal nyert 1-0-ra a spanyolok ellen), bev\u00e1lasztott\u00e1k az Eb \u00e1lomcsapat\u00e1ba. A v\u00e1logatottban egy\u00e9bk\u00e9nt nem voltak nagy sikerei, az 1990-es vil\u00e1gbajnoks\u00e1gon az USA elleni csoportmeccsen kihagyott egy tizenegyest, majd a cserepadra k\u00e9nyszer\u00fclt \u2013 a hely\u00e9n j\u00e1tsz\u00f3 <strong>Salvatore Schillachi<\/strong> pedig a torna g\u00f3lkir\u00e1lya lett. A k\u00f6vetkez\u0151 Eb-n az olaszok nem voltak ott, Vialli pedig 1992 decembere ut\u00e1n nem l\u00e9pett t\u00f6bb\u00e9 p\u00e1ly\u00e1ra a v\u00e1logatottban \u2013 a viszonya annyira elm\u00e9rgesedett az olasz futball akkori p\u00e1p\u00e1j\u00e1val, <strong>Arrigo Sacchival<\/strong>.\r\n<div class=\"payable-content-section\"><\/div>\r\nVialli a klubcsapataiban alkotott maradand\u00f3t, mindenhol megcsillantotta alkalmazkod\u00f3k\u00e9pes\u00e9g\u00e9t \u00e9s kiv\u00e9teles intelligenci\u00e1j\u00e1t.\r\n\r\n[caption id=\"attachment_7508\" align=\"alignnone\" width=\"2000\"]<img class=\"size-full wp-image-7508\" src=\"https:\/\/sport24.24.hu\/app\/uploads\/sites\/24\/2023\/01\/gettyimages-468266020.jpg\" alt=\"\" width=\"2000\" height=\"1333\" \/> Vialli (balra) a Sampdoria csat\u00e1rak\u00e9nt.[\/caption]\r\n\r\n<span class=\"highlight-block-small\">Az egyik legsokoldal\u00fabb csat\u00e1r volt, akit valaha l\u00e1ttam futballozni, nem v\u00e9letlen\u00fcl tekintik a modern t\u00e1mad\u00f3 egyik protot\u00edpus\u00e1nak. <\/span>\r\n\r\nEleinte peng\u00e9s csat\u00e1rnak t\u0171nt, aki sokszor csak bep\u00f6ck\u00f6li a hossz\u00faba a labd\u00e1t. Vagy \u00e1tl\u00f6bb\u00f6li a kapus feje f\u00f6l\u00f6tt, esetleg becsorgatja a h\u00f3na alatt. \u00c9s j\u00f6ttek a panenk\u00e1s tizenegyesek, az akrobatikus mozdulattal, f\u00e9lfordulatb\u00f3l, oll\u00f3zva szerzett g\u00f3lok. Elegancia, k\u00f6nnyeds\u00e9g, ravaszs\u00e1g. Azt\u00e1n lev\u00e1gatta a haj\u00e1t, csukl\u00f3szor\u00edt\u00f3t h\u00fazott, \u00e9s a juv\u00e9s, majd chelsea-s korszak\u00e1ban kiss\u00e9 megv\u00e1ltozott a st\u00edlusa. \u0150ser\u0151 \u2013 ez jutott r\u00f3la az ember esz\u00e9be, ha a j\u00e1t\u00e9k\u00e1t n\u00e9zte. <strong>Ravanelli<\/strong>, Vialli, <strong>Del Piero<\/strong> \u2013 micsoda h\u00e1rmas volt ez, BL-c\u00edmet \u00e9rt az 1995\/96-os szezonban. Ezut\u00e1n \u00e1tigazolt a Chelsea-hez, \u00e9s egyike lett azon \u00fatt\u00f6r\u0151knek, akik megv\u00e1ltoztatt\u00e1k, eur\u00f3paiv\u00e1 form\u00e1lt\u00e1k a Premier League hagyom\u00e1nyos, szigetorsz\u00e1gi arculat\u00e1t. Klublegend\u00e1v\u00e1 v\u00e1lt, eleinte csat\u00e1rk\u00e9nt (88 meccs, 40 g\u00f3l), majd j\u00e1t\u00e9kosedz\u0151k\u00e9nt. K\u00e9t \u00e9s f\u00e9l \u00e9v alatt \u00f6t kup\u00e1t nyert a csapattal \u2013 k\u00f6zte egy KEK-c\u00edmet. A londoni K\u00e9kek szurkol\u00f3i im\u00e1dt\u00e1k \u2013 \u00e9s \u0151 is im\u00e1dta Angli\u00e1t, az\u00f3ta is Londonban \u00e9lt, \u00e9s egy londoni k\u00f3rh\u00e1zban halt meg.\r\n\r\nEgyszer \u00e9l\u0151ben is l\u00e1ttam. M\u00e9g a sampdori\u00e1s \u00e9vekben, amikor Mancinivel alkotott csod\u00e1latos p\u00e1rost. A klub t\u00f6rt\u00e9net\u00e9nek f\u00e9nykora f\u0171z\u0151dik a nev\u00fckh\u00f6z. 1991 \u0151sz\u00e9n egy gimn\u00e1ziumi oszt\u00e1lyt\u00e1rsn\u0151mmel kiment\u00fcnk a Honv\u00e9d\u2013Sampdoria BEK-nyolcadd\u00f6nt\u0151re, amin a Honv\u00e9d <strong>Pisont<\/strong> \u00e9s <strong>Cservenkai<\/strong> g\u00f3lj\u00e1val 2-1-re gy\u0151z\u00f6tt a Samp ellen (g\u00f3l: Cerezo). Timi az olasz pasik miatt (az interes <strong>Nicola Berti<\/strong> rajong\u00f3ja volt, saj\u00e1t \u00e1ll\u00edt\u00e1sa szerint t\u00f6bbsz\u00f6r telefonon is besz\u00e9lt vele), \u00e9n Vialli miatt. Cs\u00f6ndben n\u00e9zt\u00fck v\u00e9gig a meccset, mik\u00f6zben k\u00f6r\u00fcl\u00f6tt\u00fcnk mindenki tombolt. Tal\u00e1n csak mi ketten voltunk a stadionban, akik nem a Honv\u00e9dnak drukkoltunk (nekem ez fradistak\u00e9nt neh\u00e9z is lett volna). A visszav\u00e1g\u00f3 azt\u00e1n 3-1 a Sampnak. Ez egy m\u00e1sik t\u00f6rt\u00e9net, <strong>Negrau<\/strong> fejel, <strong>Pagliuca<\/strong> l\u00e9gtorn\u00e1szkodik \u2013 ha bemegy, a Honv\u00e9d csoportk\u00f6r\u00f6s lehetett volna az els\u0151, akkor m\u00e9g csak nyolccsapatos BEK-csoportk\u00f6rben. Ehelyett a Sampdoria a Barcelon\u00e1val j\u00e1tszotta a d\u00f6nt\u0151t, Vialli elpusk\u00e1zott p\u00e1r ziccert, <strong>Ronald Koemennak<\/strong> pedig az\u00f3ta sem tudtam megbocs\u00e1tani, hogy bel\u0151tte azt a szabadr\u00fag\u00e1st a 112. percben.\r\n\r\nVialli azt\u00e1n sok\u00e1ig elt\u0171nt a radaromr\u00f3l, hogy azt\u00e1n a <strong>Roberto Mancini<\/strong> vezette olasz v\u00e1logatott st\u00e1bj\u00e1ban l\u00e1ssam viszont. Felejthetetlen az a k\u00e9p, ahogyan ketten egy\u00fctt, \u00f6ssze\u00f6lelkezve \u00f6r\u00fclnek a v\u00e1logatott 2021-es Eb-gy\u0151zelm\u00e9nek. Londonban, ugyanott, ahol a Barc\u00e1t\u00f3l egy\u00fctt kaptak ki. Vialli s\u00edr. Akkor m\u00e1r t\u00fal volt a hasny\u00e1lmirigyr\u00e1kon \u2013 vagy legal\u00e1bbis abban b\u00edzhatott, hogy t\u00fal van rajta.\r\n\r\n<span class=\"highlight-block\">Azt mi, magyarok, Esterh\u00e1zy P\u00e9ter \u00f3ta tudjuk, hogy a hasny\u00e1lmirigyr\u00e1kon neh\u00e9z t\u00fallenni. <\/span>\r\n\r\nA betegs\u00e9g azt\u00e1n 2021 \u0151sz\u00e9n ism\u00e9t megjelent a szervezet\u00e9ben, tavaly decemberben pedig m\u00e1r j\u00e1rni is alig tudott \u2013 ezt egykori csapatt\u00e1rsa, <strong>Giuseppe Dossena<\/strong> mondta el. Vialli egy h\u00f3nappal ezel\u0151tt m\u00e9g tal\u00e1lkozott kor\u00e1bbi sampdori\u00e1s t\u00e1rsaival, akikkel a legnagyobb sikereket \u00e9rt\u00e9k el k\u00f6z\u00f6sen \u2013 majd n\u00e9h\u00e1ny nappal k\u00e9s\u0151bb k\u00f3rh\u00e1zba ker\u00fclt.\r\n\r\nEgykor vil\u00e1grekordot jelent\u0151 \u00f6sszeg\u00e9rt (12,5 milli\u00f3 angol font) igazolt a Sampdori\u00e1t\u00f3l a Juventushoz, 1995-ben a FIFA az \u00e9v j\u00e1t\u00e9kos\u00e1nak v\u00e1lasztotta \u2013 \u00e9s m\u00e9g lehetne sorolni az eredm\u00e9nyeit, sikereit. De ezeknek kev\u00e9s a jelent\u0151s\u00e9g\u00fck. A r\u00f3la sz\u00f3l\u00f3 nekrol\u00f3gok \u00e9s eml\u00e9kez\u00e9sek visszat\u00e9r\u0151 gondolata Vialli szem\u00e9lyis\u00e9g\u00e9t m\u00e9ltatta. Mindenki a szer\u00e9nys\u00e9g\u00e9t \u00e9s emberi nagys\u00e1g\u00e1t emeli ki. Karizmatikus, mag\u00e1val ragad\u00f3 ember volt, aki eg\u00e9sz \u00e9let\u00e9ben, majd a betegs\u00e9ggel folytatott k\u00fczdelme sor\u00e1n is m\u00e9lt\u00f3s\u00e1got sug\u00e1rzott mag\u00e1b\u00f3l. A test\u00e9t megt\u00e1mad\u00f3 r\u00e1kot \u201e\u00fatit\u00e1rsnak\u201d nevezte. Olyan hatalmas ellenf\u00e9lnek \u00e9rezte, amivel szemben nem l\u00e1tta \u00e9rtelm\u00e9t harcolni, csak rem\u00e9lte, hogy nemk\u00edv\u00e1natos t\u00e1rsa megunja a k\u00f6z\u00f6s utaz\u00e1sukat. \u201eNevess sokat, seg\u00edts m\u00e1sokon. Sz\u00e1momra ez a boldogs\u00e1g titka\u201d \u2013 mondta az egyik utols\u00f3 interj\u00faj\u00e1ban, a Netflix Italia c\u00edm\u0171 m\u0171sor\u00e1ban.\r\n\r\nhttps:\/\/www.youtube.com\/watch?v=651hMzJyhOw\r\n\r\nN\u00e9zem az arc\u00e1t \u00e9s a mosoly\u00e1t ebben a vide\u00f3ban, ahogy gesztikul\u00e1l, azt\u00e1n \u00fajra megn\u00e9zem a legszebb g\u00f3ljait, majdnem nyolc perc. Voltak n\u00e1la jobb futballist\u00e1k, jobb csat\u00e1rok, de sz\u00e1momra \u0151 marad az els\u0151, aki hat\u00e1ssal volt r\u00e1m. \u00c1llok a r\u00e9ten, d\u00e9lel\u0151tt tizenegy, a f\u0171 felsz\u00e1radt, v\u00e9gre lehet focizni. Ma a fejel\u00e9st gyakoroljuk ap\u00e1mmal. A b\u00e9kany\u00e1las patak mell\u0151l \u00edveli be a labd\u00e1t, a kapu h\u00e1rom \u00f6sszet\u00e1kolt fagerenda. A labda a lapulevelek miatt sosem gurul messzire. A r\u00f6vid sarokra \u00e9rkezem.\r\n\r\n<span class=\"highlight-block\">Felugr\u00e1s k\u00f6zben arra gondolok, hogy Vialli vagyok, \u00e9n vagyok Vialli, \u00e9s ebb\u0151l csak g\u00f3l lehet.<\/span>\r\n\r\n[prefabricated_shortcode in_app=\"0\" code=\"%3Cdiv%20class%3D%22article_box_border%22%20style%3D%22background%3A%20url%28%27https%3A%2F%2F24.p3k.hu%2Fapp%2Fuploads%2Fsites%2F24%2F2021%2F05%2Fsport24-pattern.png%27%29%20no-repeat%20left%20-16px%20%23f3f3f4%3B%20border%3A%20none%3B%22%3E%0D%0A%3Cdiv%20class%3D%22article_solidheader%22%3E%0D%0A%3Ch2%20style%3D%22color%3A%20%23111115%21important%3B%20font-size%3A%2036px%3B%20font-weight%3A%20bold%3B%20margin-bottom%3A%2030px%3B%20margin-top%3A%2020px%3B%20text-align%3A%20center%3B%20line-height%3A%2036px%3B%22%3E%3Cimg%20class%3D%22aligncenter%20size-full%20wp-image-141%22%20src%3D%22https%3A%2F%2F24.p3k.hu%2Fapp%2Fuploads%2Fsites%2F24%2F2021%2F05%2Fs24-logo-dt.png%22%20alt%3D%22%22%20width%3D%22408%22%20height%3D%2290%22%20%2F%3E%3C%2Fh2%3E%0D%0A%3Ch2%20style%3D%22color%3A%20%23111115%21important%3B%20font-size%3A%2036px%3B%20font-weight%3A%20bold%3B%20margin-bottom%3A%2030px%3B%20margin-top%3A%2020px%3B%20text-align%3A%20center%3B%20line-height%3A%2040px%3B%22%3ECsatlakozz%20a%20Sport24%20k%C3%B6z%C3%B6ss%C3%A9ghez%2C%20mondd%20el%20v%C3%A9lem%C3%A9nyedet%20z%C3%A1rt%20Facebook-csoportunkban%2C%20%C3%A9s%20vegy%C3%A9l%20r%C3%A9szt%20csak%20el%C5%91fizet%C5%91knek%20el%C3%A9rhet%C5%91%20exkluz%C3%ADv%20esem%C3%A9nyeinken.%3C%2Fh2%3E%0D%0A%3C%2Fdiv%3E%0D%0A%3Cp%20style%3D%22background%3A%20%2357A600%3B%20margin-top%3A%2020px%3B%20padding%3A%2020px%3B%20text-align%3A%20center%3B%22%3E%3Ca%20style%3D%22color%3A%20%23ffffff%3B%20font-size%3A%2026px%3B%20font-weight%3A%20600%3B%22%20href%3D%22https%3A%2F%2Fwww.facebook.com%2Fgroups%2F212344460412327%22%3ECSATLAKOZOM%3C%2Fa%3E%3C%2Fp%3E%0D%0A%0D%0A%3C%2Fdiv%3E\"]","type":"rich","thumbnail_url":"https:\/\/s.24.hu\/app\/uploads\/sites\/24\/2023\/01\/066_dppi_40218078_033-150x150.jpg","thumbnail_width":150,"thumbnail_height":150}