{"version":"1.0","provider_name":"Sport24","provider_url":"https:\/\/sport24.24.hu","author_name":"Bruckner G\u00e1bor","author_url":"https:\/\/sport24.24.hu\/author\/brucknerg\/","title":"Sz\u00e1z \u00e9ve megh\u00f3d\u00edtotta a spanyol focirajong\u00f3kat egy magyar csapat","html":"Sz\u00e1z \u00e9ve (is) nagyszer\u0171 csapata volt az MTK-nak: a kiemelked\u0151 tud\u00e1s\u00fa egy\u00fcttes 1917 \u00e9s 1925 k\u00f6z\u00f6tt sorozatban kilencszer h\u00f3d\u00edtotta el a bajnoki c\u00edmet, \u00e9s 1922\/23-ban tizen\u00f6t v\u00e1logatott labdar\u00fag\u00f3t vonultatott fel. \u00cdme, a c\u00edmeres mezesek n\u00e9vsora: <strong>Plattk\u00f3<\/strong> (6-szoros v\u00e1logatott), <strong>Kropacsek<\/strong> (2) \u2013 <strong>M\u00e1ndi<\/strong> (32), <strong>Senkey Imre<\/strong> (6) \u2013 <strong>Kert\u00e9sz II<\/strong> (47), <strong>N\u00e1dler<\/strong> (7), <strong>V\u00e1g\u00f3<\/strong> (17), <strong>Ny\u00fal Ferenc<\/strong> (4), <strong>Senkey Gyula<\/strong> (3) \u2013 <strong>Braun<\/strong> (28), <strong>Moln\u00e1r<\/strong> (27), <strong>Orth<\/strong> (32), <strong>Schaffer<\/strong> (15), <strong>Opata<\/strong> (17), <strong>Sikl\u00f3ssy<\/strong> (2).\r\n\r\nA porty\u00e1ra \u00e9ppen tizen\u00f6t j\u00e1t\u00e9kos utazott, \u00e1m Kropacsek Ferenc kapus helyett <strong>F\u00e1bi\u00e1n S\u00e1ndor<\/strong> \u00fclt fel december 18-\u00e1n a D\u00e9li vas\u00faton a vonatra. A k\u00fcld\u00f6tts\u00e9get <strong>Br\u00fcll Alfr\u00e9d<\/strong> klubeln\u00f6k vezette, a deleg\u00e1ci\u00f3 tagja volt m\u00e9g <strong>dr. Fodor Henrik<\/strong> igazgat\u00f3 \u2013 aki el\u0151re ment sz\u00e1ll\u00e1scsin\u00e1l\u00f3nak \u2013, <strong>Preiszmann Lajos<\/strong> p\u00e9nzt\u00e1ros, <strong>Fischer K\u00e1roly<\/strong> int\u00e9z\u0151, valamint <strong>Frontz D\u00f6me<\/strong> edz\u0151.\r\n\r\nAz igaz\u00e1n d\u00edszes t\u00e1rsas\u00e1g tagjai k\u00f6z\u00fcl Braun J\u00f3zsef, Kert\u00e9sz II Vilmos, M\u00e1ndi Gyula, Ny\u00fal Ferenc \u00e9ppen 9-szer, Orth Gy\u00f6rgy \u00e9s V\u00e1g\u00f3 Antal 8-szor, Moln\u00e1r Gy\u00f6rgy \u00e9s N\u00e1dler Henrik 7-szer, Opata Zolt\u00e1n 6-szor volt bajnok. (Kropacsek h\u00e9t, Ny\u00fal Vilmos \u00e9s Schlosser Imre hat arany\u00e9rmet nyert az MTK-val; ut\u00f3bbi az FTC kor\u00e1bbi b\u00e1lv\u00e1nyak\u00e9nt h\u00e9tszer \u00fcnnepelt els\u0151 oszt\u00e1ly\u00fa diadalt.)\r\n\r\nA t\u00fara els\u0151 m\u00e9rk\u0151z\u00e9s\u00e9t december 24-\u00e9n rendezt\u00e9k. A h\u00e1zigazda az FC Barcelona volt, amely addig azzal b\u00fcszk\u00e9lkedett, hogy m\u00e9g nem j\u00e1rt Katal\u00f3ni\u00e1ban olyan k\u00fclf\u00f6ldi csapat, amely ellen legal\u00e1bb egy g\u00f3lt ne tudott volna szerezni.\r\n\r\n<span class=\"highlight-block\">Az MTK h\u00e1l\u00f3j\u00e1t sem a szenteste napj\u00e1n, sem december 26-\u00e1n nem z\u00f6rgette meg.<\/span>\r\n\r\nIgaz, a k\u00e9kek sem vett\u00e9k be a Barcelona kapuj\u00e1t, amelyet <strong>Ramon Bruguera<\/strong> cs\u00facsform\u00e1ban \u0151rz\u00f6tt. A dupla 0-0 m\u00e9gsem neki kamatozott: a Barca hamarosan szerz\u0151dtette a v\u00e1logatottban m\u00e9g Vasas-j\u00e1t\u00e9kosk\u00e9nt bemutatkoz\u00f3 Plattk\u00f3 Ferencet, aki azt\u00e1n nemhogy h\u00e9t esztendeig, 226 tal\u00e1lkoz\u00f3n v\u00e9dett a v\u00f6r\u00f6s-k\u00e9kek csapat\u00e1ban, de a v\u00e1rosi legend\u00e1rium r\u00e9sz\u00e9ve v\u00e1lt, <strong>Rafael Alberti<\/strong> katal\u00e1n k\u00f6lt\u0151 m\u00e9g \u00f3d\u00e1t is \u00edrt hozz\u00e1 (eg\u00e9szen pontosan \u201ea sz\u0151ke medv\u00e9hez\u201d).\r\n\r\nGy\u0171jt\u0151k kedv\u00e9\u00e9rt ide \u00edrom, kikkel \u00e1llt ki a Barcelona az MTK ellen: Bruguera \u2013 <strong>Planas, Martinez \u2013 Coralba, Sancho <\/strong>(<strong>Blanco<\/strong>)<strong>, Lametieri \u2013 Piera, Cella, Sametier <\/strong>(<strong>Gracia<\/strong>)<strong>, Martinez Sagi, Sagi Barba.<\/strong>\r\n\r\n[caption id=\"attachment_7455\" align=\"aligncenter\" width=\"1500\"]<img class=\"size-full wp-image-7455\" src=\"https:\/\/sport24.24.hu\/app\/uploads\/sites\/24\/2022\/12\/mtk_fcb.png\" alt=\"\" width=\"1500\" height=\"1564\" \/> Sporthirlap, 1922. december 28. (13. \u00e9vfolyam, 107. sz\u00e1m)[\/caption]\r\n\r\nDecember 28-\u00e1n a Real Madrid k\u00f6vetkezett.\r\n<div class=\"payable-content-section\"><\/div>\r\nA 0-0-knak meg v\u00e9ge lett, az MTK 4-3-ra gy\u0151z\u00f6tt. A spanyol egy\u00fcttes t\u00e1mad\u00f3 sor\u00e1ban <strong>Santiago Bernabeu<\/strong>, a k\u00e9s\u0151bbi legend\u00e1s, stadionn\u00e9vad\u00f3 klubeln\u00f6k is szerepelt, de aznap a legjobb spanyol teljes\u00edtm\u00e9nyt a m\u00e1sik csat\u00e1r, <strong>Juan Monjardin<\/strong> ny\u00fajtotta.\r\n\r\nKev\u00e9s volt.\r\n\r\nOrth bev\u00e1gott kett\u0151t, Opata \u00e9s Moln\u00e1r egyet-egyet, \u00edgy azt\u00e1n az els\u0151 f\u00e9lid\u0151 ut\u00e1n hi\u00e1ba vezetett 1-0-ra a <strong>Martinez \u2013 Manzanedo, Escobal \u2013 Sicilia, Mengotti, Mejia \u2013 Munagorri, De Miguel<\/strong>, Monjardin, Bernabeu, <strong>Del Campo<\/strong> \u00f6sszet\u00e9tel\u0171 Real Madrid.\r\n\r\nA Sporth\u00edrlap azt \u00edrta:\r\n<blockquote class=\"small-quote\">Az MTK j\u00e1t\u00e9ka teljesen megh\u00f3d\u00edtotta a spanyol k\u00f6z\u00f6ns\u00e9get.<\/blockquote>\r\nSzilveszterkor Bilba\u00f3t bolond\u00edtotta el a magyar csapat. A Madridban megs\u00e9r\u00fclt Plattk\u00f3 helyett F\u00e1bi\u00e1n v\u00e9dett, de csak M\u00e1ndi tudta \u0151t meglepni, a h\u00edres h\u00e1tv\u00e9d \u00f6ng\u00f3lt r\u00fagott. Addigra azonban m\u00e1r 2-0-ra vezettek a k\u00e9k-feh\u00e9rek az Orth, Schaffer \u00e1lomp\u00e1ros g\u00f3ljaival.\r\n\r\nJanu\u00e1r elsej\u00e9n megism\u00e9telt\u00e9k a tal\u00e1lkoz\u00f3t, \u00e9s a Hung\u00e1ria \u00fati egy\u00fcttes ez\u00fattal 3-1-re gy\u0151z\u00f6tt. A komment\u00e1r \u00edgy sz\u00f3lt: \u201eA Bilbao nem \u00fcnnepelte oly szolidan a szilvesztert, mint az MTK, \u00e9s ez meg is l\u00e1tszott a j\u00e1t\u00e9k\u00e1n.\u201d Moln\u00e1r hely\u00e9n Sikl\u00f3ssy Antal kezdett, s g\u00f3llal h\u00e1l\u00e1lta meg a bizalmat, majd Schaffer \u201eSp\u00e9ci\u201d dupl\u00e1zott.\r\n\r\nA n\u00e9met nyelv\u0171 ter\u00fcleteken Fussballk\u00f6nignek (labdar\u00fag\u00f3kir\u00e1lynak) h\u00edvott csat\u00e1r m\u00e1sodik g\u00f3lja gy\u00f6ny\u00f6r\u0171 cselek ut\u00e1n z\u00fadult az aznap huszonk\u00e9t \u00e9ves <strong>Juan Jos\u00e9 Amann<\/strong> h\u00e1l\u00f3j\u00e1ba. A sz\u00fclet\u00e9snapos csak a m\u00e1sodik m\u00e9rk\u0151z\u00e9sen v\u00e9dett, a Bilbao a k\u00f6vetkez\u0151 j\u00e1t\u00e9kosokat vetette be: <strong>Vidal<\/strong> (Amann) \u2013 <strong>Rousse, Beguiristain<\/strong> \u2013 <strong>Sabino (Sauca), Larraza, Legarreta<\/strong> \u2013 <strong>Agirrebegona (Etxebarria), Elexpuru, Sesumaga (Travieso), Carmelo (Laca), Acedo<\/strong>.\r\n\r\n[caption id=\"attachment_7460\" align=\"aligncenter\" width=\"1700\"]<img class=\"size-full wp-image-7460\" src=\"https:\/\/sport24.24.hu\/app\/uploads\/sites\/24\/2022\/12\/3sporthirlap_1923_1__pages11-11.png\" alt=\"\" width=\"1700\" height=\"1454\" \/> Sporthirlap, 1923. janu\u00e1r 4. (14. \u00e9vfolyam, 2. sz\u00e1m)[\/caption]\r\n\r\nA 22-es csapd\u00e1j\u00e1ba es\u0151 kapus szomork\u00e1san emlegethette: ez az \u00e9v is j\u00f3l kezd\u0151dik...\r\n\r\nUgyanazt mondogatt\u00e1k a Vasasn\u00e1l is, mivel a piros-k\u00e9kek szint\u00e9n Spanyolorsz\u00e1gban t\u00far\u00e1ztak \u2013 december 24-\u00e9n sz\u00e1lltak vonatra \u2013, \u00e9s december 31-\u00e9n 1-0-s, majd janu\u00e1r elsej\u00e9n 2-1-es veres\u00e9get szenvedtek a Real Madridt\u00f3l. Azt\u00e1n a Sevilla 3-2-re \u00e9s 4-1-re t\u00e1ng\u00e1lta el \u0151ket.\r\n\r\n<strong>Reiner S\u00e1ndor<\/strong> igazgat\u00f3, a Vasas alap\u00edt\u00f3 tagja <strong>Jellinek Tivadar<\/strong> 39 fokos l\u00e1z\u00e1ra, tov\u00e1bb\u00e1 <strong>Himmer Rezs\u0151<\/strong> oper\u00e1ci\u00f3 ut\u00e1n kiny\u00edlt seb\u00e9re \u00e9s <strong>Szentmikl\u00f3ssy B\u00e9la<\/strong> s\u00e9r\u00fcl\u00e9s\u00e9re hivatkozott, na meg arra: \u201eT\u00edz g\u00f3lt kaptunk, s ezek k\u00f6z\u00fcl nem kevesebb mint hatot tizenegyesb\u0151l.\u201d\r\n\r\nAz MTK porty\u00e1ja San Sebastianban z\u00e1rult, ahol a budapestiek els\u0151re (janu\u00e1r 6-\u00e1n) 3-1-re nyertek a <strong>Zulueta \u2013 Arrillaga, Arrate I \u2013 Arrate II, Olaizola, Portu \u2013 Juanteguir, Arbide, Machin, Artola, Yurrita<\/strong> \u00f6sszet\u00e9tel\u0171 Real Sociedad ellen. A Nemzeti Sport azt \u00edrta:\r\n<blockquote class=\"small-quote\">Ha Schaffer k\u00f6z\u00e9pen nem olyan lass\u00fa, az MTK legal\u00e1bb f\u00e9l tucat g\u00f3llal terhelte volna meg a Real Sociedad h\u00e1l\u00f3j\u00e1t.<\/blockquote>\r\nA lass\u00fa csat\u00e1r szerezte a magyarok harmadik g\u00f3lj\u00e1t, el\u0151z\u0151leg \u2013 Schaffer \u00e9rz\u00e9ssel elengedett labd\u00e1j\u00e1val \u2013 Sikl\u00f3ssy, majd Opata k\u00f6sz\u00f6nt be. M\u00e1sodszorra a Sociedad k\u00f6lcs\u00f6nk\u00e9rte a Bilba\u00f3t\u00f3l Beguiristaint, de ez sem seg\u00edtett: az MTK \u2013 Orth, Moln\u00e1r \u00e9s Opata g\u00f3lj\u00e1val \u2013 3-2-re nyert.\r\n\r\nA konkl\u00fazi\u00f3 az volt: \u201eA magyar bajnok oly h\u00edrnevet hagyott h\u00e1tra Spanyolorsz\u00e1gban, amelyr\u0151l \u00e9vekig legend\u00e1k fognak keringeni.\u201d\r\n\r\nHa azt n\u00e9zz\u00fck, hogy az MTK egym\u00e1s ut\u00e1n hetedszer is elnyerte a bajnoki c\u00edmet, akkor a t\u00fara j\u00f3l szolg\u00e1lta a bajnoki el\u0151k\u00e9sz\u00fcleteket. \u00c1m \u00e1prilisban a k\u00e9k-feh\u00e9rek elvesztett\u00e9k veretlens\u00e9g\u00fcket: egy h\u00e9ten bel\u00fcl egyar\u00e1nt 2-0-ra kikaptak az \u00dajpestt\u0151l \u00e9s az FTC-t\u0151l is.\r\n\r\nIlyen cs\u00fafs\u00e1g az 1917\/18-as \u00e9vadban nem esett meg: a Hung\u00e1ria \u00fatiak 21 gy\u0151zelemmel, egy d\u00f6ntetlennel \u00e9s 147:18-as g\u00f3lar\u00e1nnyal z\u00e1rt\u00e1k a szezont. El\u0151z\u0151 hat bajnoki c\u00edm\u00fck k\u00f6z\u00fcl a tov\u00e1bbi \u00f6t\u00f6t rendre egyetlen veres\u00e9ggel abszolv\u00e1lt\u00e1k, mik\u00e9nt tett\u00e9k azt 1923\/24-ben is. Majd a bajnoki diadalsz\u00e9ria 1924\/25-ben megint k\u00e9t veres\u00e9ggel (\u00dajpest 0-1, FTC 1-2) \u00e9rt v\u00e9get.\r\n\r\n\u00c1m az MTK h\u00edvei szerint az ut\u00f3bbi volt a legragyog\u00f3bb \u00e9vad. A Kropacsek \u2013 M\u00e1ndi, Senkey I \u2013 Ny\u00fal I, <strong>Ny\u00fal II<\/strong>, N\u00e1dler \u2013 Braun, Moln\u00e1r, Orth, Opata, <strong>Jeny<\/strong> \u00f6sszet\u00e9tel\u0171 egy\u00fcttes ugyanis 11-2-es veres\u00e9get m\u00e9rt a Ferencv\u00e1rosra, Orth egymaga \u00f6tsz\u00f6r k\u00fcldte a labd\u00e1t <strong>Amsel Ign\u00e1c<\/strong> kapuj\u00e1ba.\r\n\r\nA Sporth\u00edrlap sajn\u00e1lkozott:\r\n<blockquote>\u0150szint\u00e9n megmondjuk, nem \u00f6r\u00fcl\u00fcnk az MTK nagy diadal\u00e1nak. Nem tudunk \u00f6rvendezni egy sikeren, amely romba d\u00f6nti egy m\u00e1sik csapat dics\u0151s\u00e9g\u00e9t, amely megt\u00e9p\u00e1zza a h\u00edrnev\u00e9t azoknak a sz\u00edneknek, amelyek m\u00e9gis csak hozz\u00e1 vannak n\u0151ve a magyar sportk\u00f6z\u00f6ns\u00e9g sz\u00edv\u00e9hez.<\/blockquote>\r\nEz nemigen \u00e9rdekelte az \u00fcnnepl\u0151ket a Hung\u00e1ria \u00faton, ahol m\u00e9g sok-sok \u00e9vig emlegett\u00e9k m\u00e1morosan: az volt \u00e1m a tizenegy!\r\n\r\n<em>Kiemelt k\u00e9p: az MTK csapata 1921-ben.<\/em>\r\n\r\n[prefabricated_shortcode in_app=\"0\" code=\"%3Cdiv%20class%3D%22article_box_border%22%20style%3D%22background%3A%20url%28%27https%3A%2F%2F24.p3k.hu%2Fapp%2Fuploads%2Fsites%2F24%2F2021%2F05%2Fsport24-pattern.png%27%29%20no-repeat%20left%20-16px%20%23f3f3f4%3B%20border%3A%20none%3B%22%3E%0D%0A%3Cdiv%20class%3D%22article_solidheader%22%3E%0D%0A%3Ch2%20style%3D%22color%3A%20%23111115%21important%3B%20font-size%3A%2036px%3B%20font-weight%3A%20bold%3B%20margin-bottom%3A%2030px%3B%20margin-top%3A%2020px%3B%20text-align%3A%20center%3B%20line-height%3A%2036px%3B%22%3E%3Cimg%20class%3D%22aligncenter%20size-full%20wp-image-141%22%20src%3D%22https%3A%2F%2F24.p3k.hu%2Fapp%2Fuploads%2Fsites%2F24%2F2021%2F05%2Fs24-logo-dt.png%22%20alt%3D%22%22%20width%3D%22408%22%20height%3D%2290%22%20%2F%3E%3C%2Fh2%3E%0D%0A%3Ch2%20style%3D%22color%3A%20%23111115%21important%3B%20font-size%3A%2036px%3B%20font-weight%3A%20bold%3B%20margin-bottom%3A%2030px%3B%20margin-top%3A%2020px%3B%20text-align%3A%20center%3B%20line-height%3A%2040px%3B%22%3ECsatlakozz%20a%20Sport24%20k%C3%B6z%C3%B6ss%C3%A9ghez%2C%20mondd%20el%20v%C3%A9lem%C3%A9nyedet%20z%C3%A1rt%20Facebook-csoportunkban%2C%20%C3%A9s%20vegy%C3%A9l%20r%C3%A9szt%20csak%20el%C5%91fizet%C5%91knek%20el%C3%A9rhet%C5%91%20exkluz%C3%ADv%20esem%C3%A9nyeinken.%3C%2Fh2%3E%0D%0A%3C%2Fdiv%3E%0D%0A%3Cp%20style%3D%22background%3A%20%2357A600%3B%20margin-top%3A%2020px%3B%20padding%3A%2020px%3B%20text-align%3A%20center%3B%22%3E%3Ca%20style%3D%22color%3A%20%23ffffff%3B%20font-size%3A%2026px%3B%20font-weight%3A%20600%3B%22%20href%3D%22https%3A%2F%2Fwww.facebook.com%2Fgroups%2F212344460412327%22%3ECSATLAKOZOM%3C%2Fa%3E%3C%2Fp%3E%0D%0A%0D%0A%3C%2Fdiv%3E\"]","type":"rich","thumbnail_url":"https:\/\/s.24.hu\/app\/uploads\/sites\/24\/2022\/12\/043_apapd_19210101_pd2063-150x150.jpg","thumbnail_width":150,"thumbnail_height":150}