{"version":"1.0","provider_name":"Sport24","provider_url":"https:\/\/sport24.24.hu","author_name":"Bruckner G\u00e1bor","author_url":"https:\/\/sport24.24.hu\/author\/brucknerg\/","title":"Viszl\u00e1t, Katar, szervusz, Sza\u00fad-Ar\u00e1bia? \u2013 ez\u00e9rt mehet vissza a vb az \u00d6b\u00f6l-t\u00e9rs\u00e9gbe","html":"Katar megkapta azt, ami\u00e9rt fizetett. <strong>Lionel Messi<\/strong> az em\u00edr \u00e1tny\u00fajtotta bistben emelte a magasba a vil\u00e1gbajnoki tr\u00f3fe\u00e1t, minden id\u0151k egyik legjobb vb-d\u00f6nt\u0151je ut\u00e1n, egy minden ig\u00e9nyt kiel\u00e9g\u00edt\u0151, szupermodern stadionban. A szeml\u00e9l\u0151nek lehettek ellentmond\u00e1sos \u00e9rz\u00e9sei a d\u00edj\u00e1tad\u00f3val \u2013 vagy az eg\u00e9sz v\u00e9b\u00e9vel \u2013 kapcsolatban, de afel\u0151l nincs k\u00e9ts\u00e9g: Katarnak bej\u00f6tt a rendez\u00e9s. Hogy a \u201efenntarthat\u00f3s\u00e1ggal\u201d \u00e9s az \u201e\u00fajrahasznos\u00edthat\u00f3s\u00e1ggal\u201d, no meg az \u201e\u00f6r\u00f6ks\u00e9ggel\u201d mi lesz, az sejthet\u0151 \u2013 igaz\u00e1b\u00f3l ez nem felt\u00e9tlen\u00fcl volt t\u00e9nyez\u0151. Katarnak \u00fagy is meg\u00e9rte a torna, hogy horribilis \u00f6sszeget k\u00f6lt\u00f6tt r\u00e1 (a 2022-es vb lett minden id\u0151k legdr\u00e1g\u00e1bb sportesem\u00e9nye), aligha fogja rendesen kihaszn\u00e1lni a cs\u00facskateg\u00f3ri\u00e1s infrastrukt\u00far\u00e1t, \u00e9s a k\u00fcl\u00f6nb\u00f6z\u0151 emberi meg munkajogi probl\u00e9m\u00e1k miatt \u00f6sszt\u00fczet kapott (els\u0151sorban) a nyugati vil\u00e1gb\u00f3l.\r\n\r\n<span class=\"highlight-block\">De az \u00f6sszt\u0171z elsz\u00e1ll, a preszt\u00edzsnyeres\u00e9g megmarad.<\/span>\r\n\r\nAzt majd megl\u00e1tjuk tavasszal, hogy milyen k\u00f6vetkezm\u00e9nyei lesznek a t\u00e9li vb-nek, illetve a megfesz\u00edtett \u0151szi menetrendnek. A katari torna viszont bebizony\u00edtotta: meg lehet rendezni k\u00e9s\u0151 \u0151sszel-t\u00e9len is a vil\u00e1gbajnoks\u00e1got, b\u00e1r kompromisszumok (zs\u00fafolt \u00e9s k\u00edm\u00e9letlen menetrend, felk\u00e9sz\u00fcl\u00e9si id\u0151 minimaliz\u00e1l\u00e1sa) kellenek hozz\u00e1. Ez a vil\u00e1gbajnoks\u00e1gok j\u00f6v\u0151je szempontj\u00e1b\u00f3l is fontos, hiszen a FIFA politik\u00e1ja \u00e9s c\u00e9lja \u2013 a vil\u00e1gfutball fejleszt\u00e9se \u2013 a h\u00e1zigazd\u00e1k k\u00f6r\u00e9nek kiterjeszt\u00e9se fel\u00e9 mutat. A t\u00e9li rendez\u00e9s lehet\u0151s\u00e9ge a kor\u00e1bbin\u00e1l t\u00f6bb orsz\u00e1g el\u0151tt nyitja ki a kaput \u00c1zsi\u00e1ban \u00e9s Afrik\u00e1ban egyar\u00e1nt.\r\n\r\nA nyit\u00e1s, a nagy torn\u00e1k kiterjeszt\u00e9se, valamint az \u00faj t\u0151ke, \u00faj szponzorok bevon\u00e1sa \u2013 ezt a vb-l\u00e9tsz\u00e1memel\u00e9sen, illetve a tervezett 32 csapatos klubvil\u00e1gbajnoks\u00e1g \u00f6tlet\u00e9n is l\u00e1thatjuk \u2013 rendk\u00edv\u00fcl fontos a vil\u00e1gszervezet sz\u00e1m\u00e1ra. Emelkedhetnek a bev\u00e9telek, amelyek j\u00f3 r\u00e9sze vissza\u00e1ramlik a torn\u00e1k rendez\u00e9se mellett a k\u00fcl\u00f6nf\u00e9le oktat\u00e1si \u00e9s futballfejleszt\u0151 programokba. A 2015\u20132018 k\u00f6zti n\u00e9gy\u00e9ves ciklusban ezek a programok tett\u00e9k ki <a href=\"https:\/\/digitalhub.fifa.com\/m\/337fab75839abc76\/original\/xzshsoe2ayttyquuxhq0-pdf.pdf\" target=\"_blank\" rel=\"noopener\">a vil\u00e1gszervezet kiad\u00e1sainak<\/a> majdnem 30 sz\u00e1zal\u00e9k\u00e1t.\r\n\r\nA visszaoszt\u00e1s egyben politikai eszk\u00f6z is: ahogyan az ESPN szak\u00edr\u00f3ja, <strong>Vivek Chadhary<\/strong> meg\u00e1llap\u00edtotta a 2016-os, mexik\u00f3v\u00e1rosi FIFA-kongresszus ut\u00e1n, a szervezetbe tartoz\u00f3 nemzeti sz\u00f6vets\u00e9gek t\u00f6bbs\u00e9ge a FIFA-p\u00e9nzekt\u0151l f\u00fcgg, ezek n\u00e9lk\u00fcl nem lenne k\u00e9pes fenntartani mag\u00e1t.\r\n\r\n<span class=\"highlight-block-small\">Ha a vil\u00e1gszervezet bev\u00e9telei n\u0151nek, akkor t\u00f6bb fejleszt\u00e9si p\u00e9nz jut a futballhatalmak k\u00f6z\u00e9 nem tartoz\u00f3 orsz\u00e1goknak, az eln\u00f6k pedig ezek ut\u00e1n (\u00e1ltal\u00e1ban) sz\u00e1m\u00edthat a t\u00e1mogat\u00e1sukra. <\/span>\r\n\r\nA sok\u00e1ig nagyon er\u0151s eur\u00f3pai, d\u00e9l-amerikai befoly\u00e1s alatt \u00e1ll\u00f3 vil\u00e1gszervezet modernkori vezet\u0151i \u2013 <strong>Joao Havelange, Sepp Blatter, Gianni Infantino<\/strong> \u2013 nem v\u00e9letlen\u00fcl nyitottak \u00c1zsia, Afrika, \u00d3ce\u00e1nia, illetve a CONCACAF-z\u00f3na fel\u00e9.\r\n\r\nA fejlesztend\u0151 r\u00e9gi\u00f3k t\u00e1mogat\u00e1sa megfelel a FIFA mott\u00f3j\u00e1nak \u2013 \u201eA j\u00e1t\u00e9k jav\u00e1ra\u201d \u2013, \u00e9s a seg\u00edts\u00e9g\u00e9rt cser\u00e9be sportdiplom\u00e1ciai t\u00e1mogat\u00e1st is lehet kapni. Az afrikai, \u00e1zsiai, CONCACAF- \u00e9s \u00f3ce\u00e1niai tagsz\u00f6vets\u00e9gek egy\u00fcttv\u00e9ve megk\u00f6zel\u00edt\u0151leg h\u00e1romnegyedes t\u00f6bbs\u00e9get birtokolnak a FIFA-kongresszusban. A FIFA-tan\u00e1csban (ez l\u00e9pett <a href=\"https:\/\/apnews.com\/article\/611ed316520840f9869a903b883db6da\" target=\"_blank\" rel=\"noopener\">a korrupci\u00f3s botr\u00e1nyokt\u00f3l megt\u00e9p\u00e1zott v\u00e9grehajt\u00f3 bizotts\u00e1g<\/a> hely\u00e9re, s lett a szervezet f\u0151 d\u00f6nt\u00e9shoz\u00f3 test\u00fclete) m\u00e1sok az ar\u00e1nyok, de a tradicion\u00e1lis futballk\u00f6zpontok itt is kisebbs\u00e9gben vannak: az eln\u00f6k n\u00e9lk\u00fcl 36 tag\u00fa test\u00fcletben 14 eur\u00f3pai \u00e9s d\u00e9l-amerikai, illetve 22 m\u00e1s kontinensr\u0151l sz\u00e1rmaz\u00f3 tagot tal\u00e1lunk. A vil\u00e1gbajnoks\u00e1g helysz\u00edn\u00e9t \u00e9s az eln\u00f6k\u00f6t egyar\u00e1nt a kongresszus v\u00e1lasztja.\r\n<div class=\"payable-content-section\"><\/div>\r\nA 2026-os, imm\u00e1r 48 csapatos vil\u00e1gbajnoks\u00e1g rendez\u0151it m\u00e1r ismerj\u00fck: az Egyes\u00fclt \u00c1llamok, Kanada \u00e9s Mexik\u00f3 fogadja a v\u00e1logatottakat egy kor\u00e1bban m\u00e9g nem l\u00e1tott, h\u00e1rmas t\u00e1rsrendez\u00e9s keret\u00e9ben. A 2030-as torna h\u00e1zigazd\u00e1j\u00e1r\u00f3l vagy h\u00e1zigazd\u00e1ir\u00f3l 2024-ben, a FIFA 74. kongresszus\u00e1n szavaznak. Az el\u0151zetes sz\u00e1nd\u00e9knyilatkozatok alapj\u00e1n v\u00e1rhat\u00f3, hogy lesz:\r\n<ul>\r\n \t<li>afrikai p\u00e1ly\u00e1zat (Marokk\u00f3 \u2013 val\u00f3sz\u00edn\u0171leg t\u00e1rsrendez\u00e9sben \u2013, Egyiptom, esetleg Kamerun \u2013 szint\u00e9n t\u00e1rsrendez\u00e9sben)<\/li>\r\n \t<li>eur\u00f3pai p\u00e1ly\u00e1zat (Spanyolorsz\u00e1g-Portug\u00e1lia, Ukrajn\u00e1val kieg\u00e9sz\u00fclve)<\/li>\r\n \t<li>d\u00e9l-amerikai p\u00e1ly\u00e1zat (Uruguay-Argent\u00edna-Chile-Paraguay, illetve Kolumbia-Ecuador-Peru)<\/li>\r\n \t<li>sza\u00fadi-egyiptomi-g\u00f6r\u00f6g, konf\u00f6der\u00e1ci\u00f3k\u00f6zi p\u00e1ly\u00e1zat<\/li>\r\n \t<li>izraeli p\u00e1ly\u00e1zat (konf\u00f6der\u00e1ci\u00f3k\u00f6zi p\u00e1ly\u00e1zat, az Egyes\u00fclt Arab Em\u00edrs\u00e9gekkel vagy Bahreinnel)<\/li>\r\n \t<li>elk\u00e9pzelhet\u0151 m\u00e1s \u00e1zsiai rendez\u00e9s is, b\u00e1r a 2022-es, katari torna miatt a FIFA-nak v\u00e1ltoztatnia kellene a k\u00f6zelm\u00faltban gyakorolt politik\u00e1j\u00e1n ehhez.<\/li>\r\n<\/ul>\r\n[caption id=\"attachment_7418\" align=\"aligncenter\" width=\"2000\"]<img class=\"size-full wp-image-7418\" src=\"https:\/\/sport24.24.hu\/app\/uploads\/sites\/24\/2022\/12\/000_32ua479.jpg\" alt=\"\" width=\"2000\" height=\"1333\" \/> Lengyelorsz\u00e1g \u00e9s Sza\u00fad-Ar\u00e1bia v\u00e1logatottja a vil\u00e1gbajnoki csoportmeccs\u00fck el\u0151tt Doh\u00e1ban 2022. november 26-\u00e1n.[\/caption]\r\n\r\n\u00dagy t\u0171nik, Marokk\u00f3, az uruguayi-argentin-chilei-paraguayi kvartett \u00e9s a spanyol-portug\u00e1l-ukr\u00e1n tri\u00f3 mindenk\u00e9pp nekifut a p\u00e1ly\u00e1z\u00e1si folyamatnak. A t\u00f6bbi p\u00e1ly\u00e1zat egyel\u0151re csak lehet\u0151s\u00e9g, hivatalos meger\u0151s\u00edt\u00e9s n\u00e9lk\u00fcl.\r\n\r\nEz j\u00f3l mutatja, hogy\r\n\r\n<span class=\"highlight-block-small\">a 48 csapatos torn\u00e1t legink\u00e1bb t\u00e1rsrendez\u00e9ssel lehet befogadni, nagyon kev\u00e9s orsz\u00e1g van, amely egyed\u00fcl is elb\u00edrn\u00e1 a vend\u00e9gl\u00e1t\u00e1st. <\/span>\r\n\r\nA d\u00e9l-amerikaiak es\u00e9lyeit er\u0151s\u00edtheti, hogy a 2030-as torna centen\u00e1riumi vil\u00e1gbajnoks\u00e1g lesz \u2013 1930-ban pedig Uruguay volt a h\u00e1zigazda, \u00e9s Uruguay v\u00edvta a d\u00f6nt\u0151t Argent\u00edn\u00e1val. Persze a szentiment\u00e1lis \u00e9rt\u00e9k (l\u00e1sd: 1996-os, centen\u00e1riumi ny\u00e1ri olimpia \u2013 Ath\u00e9n helyett Atlanta) nem felt\u00e9tlen\u00fcl sz\u00e1m\u00edt.\r\n\r\n1930 \u00e9s 1990 k\u00f6z\u00f6tt kiv\u00e9tel n\u00e9lk\u00fcl minden vil\u00e1gbajnoks\u00e1gnak Eur\u00f3pa vagy Latin-Amerika volt a h\u00e1zigazd\u00e1ja. Ebben az id\u0151szakban egy k\u00f3sza jap\u00e1n pr\u00f3b\u00e1lkoz\u00e1st\u00f3l eltekintve (amelyb\u0151l nem is lett v\u00e9gszavaz\u00e1sra bocs\u00e1tott jelentkez\u00e9s) csak eur\u00f3pai \u00e9s amerikai orsz\u00e1gok jelentkeztek rendez\u0151nek. Az\u00f3ta a k\u00e9p megv\u00e1ltozott att\u00f3l f\u00fcggetlen\u00fcl, hogy a FIFA egy id\u0151ben rot\u00e1ci\u00f3s alapon p\u00e1ly\u00e1ztatta a vb-rendez\u00e9st. Rendre felbukkannak afrikai \u00e9s \u00e1zsiai p\u00e1ly\u00e1z\u00f3k (Marokk\u00f3 k\u00fcl\u00f6n\u00f6sen akt\u00edv), Eur\u00f3pa \u00e9s D\u00e9l-Amerika ritk\u00e1bban jut lehet\u0151s\u00e9ghez. Azt is \u00e9szrevehetj\u00fck, hogy b\u00e1r Eur\u00f3pa, illetve az eur\u00f3pai toplig\u00e1k sora sz\u00e1m\u00edt a futball szakmai\u2013innov\u00e1ci\u00f3s centrum\u00e1nak, a topklubok m\u00f6g\u00f6tt egyre gyakrabban bukkannak fel m\u00e1shonnan sz\u00e1rmaz\u00f3 (f\u0151leg arab, k\u00ednai, \u00e9szak-amerikai, orosz) befektet\u0151csoportok. Logikus lenne, ha a vil\u00e1gbajnoki rendez\u00e9sek is arra \u201emozduln\u00e1nak\u201d, ahonnan ezek az befektet\u0151i k\u00f6r\u00f6k (orsz\u00e1gaik \u201epuha hatalm\u00e1nak\u201d k\u00e9pvisel\u0151i) sz\u00e1rmaznak. \u00c9s val\u00f3ban:\r\n<ul>\r\n \t<li>Oroszorsz\u00e1g 2018-ban megkapta a vb-rendez\u00e9st,<\/li>\r\n \t<li>Katar 2022-ben megkapta a vb-rendez\u00e9st,<\/li>\r\n \t<li>\u00c9szak-Amerika 2026-ban rendezhet vil\u00e1gbajnoks\u00e1got.<\/li>\r\n<\/ul>\r\nEz alapj\u00e1n igen nagy a val\u00f3sz\u00edn\u0171s\u00e9ge annak, hogy Sza\u00fad-Ar\u00e1bia \u00e9s K\u00edna is h\u00e1zigazda lehet a k\u00f6zelj\u00f6v\u0151ben. A k\u00f6zponti akarat \u00e9s a p\u00e9nz nem lenne akad\u00e1ly, az infrastrukt\u00fara egy r\u00e9sze k\u00e9szen \u00e1ll, r\u00e1ad\u00e1sul k\u00e9t hatalmas orsz\u00e1gr\u00f3l besz\u00e9l\u00fcnk, amelyben a futballrajong\u00f3k sz\u00e1ma messze lek\u00f6r\u00f6zi a katarit. K\u00edn\u00e1ban politikai c\u00e9lkit\u0171z\u00e9s a vb-rendez\u00e9s, Sza\u00fad-Ar\u00e1bi\u00e1ban szint\u00e9n az \u00e1llami v\u00edzi\u00f3 r\u00e9sze nagy sportesem\u00e9nyeknek az orsz\u00e1gba cs\u00e1b\u00edt\u00e1sa. Ugyancsak j\u00f3 az es\u00e9lye annak, hogy el\u0151bb-ut\u00f3bb befut egy \u00e9szak-afrikai p\u00e1ly\u00e1zat, \u00e9s ebben seg\u00edts\u00e9g lehet: Marokk\u00f3 els\u0151 afrikai orsz\u00e1gk\u00e9nt jutott a legjobb n\u00e9gy k\u00f6z\u00e9 egy vb-n. Sok, a sza\u00fadi rendez\u00e9s mellett sz\u00f3l\u00f3 \u00e9rv Marokk\u00f3 eset\u00e9ben is meg\u00e1llja a hely\u00e9t \u2013 r\u00e1ad\u00e1sul a marokk\u00f3iak p\u00e1ly\u00e1ztak eddig a legt\u00f6bbsz\u00f6r an\u00e9lk\u00fcl, hogy valaha megkapt\u00e1k volna a torn\u00e1t.\r\n\r\nAz eml\u00edtettek k\u00f6z\u00fcl\r\n\r\n<span class=\"highlight-block\">Sza\u00fad-Ar\u00e1bia lehet az egyik leger\u0151sebb kandid\u00e1l\u00f3. <\/span>\r\n\r\nKatarhoz hasonl\u00f3an mindenre van p\u00e9nz, a fejleszt\u00e9si lehet\u0151s\u00e9gek ebb\u0151l ad\u00f3d\u00f3an gyakorlatilag korl\u00e1tlanok. Kir\u00e1lys\u00e1gr\u00f3l van sz\u00f3, holmi lakoss\u00e1gi ellenkez\u00e9s nem lenne akad\u00e1ly (ha egy\u00e1ltal\u00e1n lenne ilyen). A soft power egyre jelent\u0151sebb: a sza\u00fadiak megjelentek befektet\u0151k\u00e9nt a toplig\u00e1k szintj\u00e9n; a kib\u0151v\u00edtett klubvil\u00e1gbajnoks\u00e1g eredeti, 2018-as koncepci\u00f3ja m\u00f6g\u00f6tt szint\u00e9n sza\u00fadi \u00fczleti k\u00f6r\u00f6ket sejtettek. Lionel Messi <a href=\"https:\/\/www.visitsaudi.com\/en\/Messi\" target=\"_blank\" rel=\"noopener\">a sza\u00fadi turizmus egyik rekl\u00e1membere<\/a>, az pedig nagyot durranna, ha <strong>Cristiano Ronaldo<\/strong> az orsz\u00e1g egyik klubj\u00e1ba szerz\u0151dne.\r\n\r\nSza\u00fad-Ar\u00e1bia az \u00e1zsiai kontinensbajnoks\u00e1g egyik legeredm\u00e9nyesebb v\u00e1logatottja, az al-Hilal \u00e9s az al-Ittihad a f\u00f6ldr\u00e9sz legnagyobb \u00e9s legjobb klubcsapatai k\u00f6z\u00f6tt van. A sza\u00fadi bajnoks\u00e1g legjelent\u0151sebb rangad\u00f3ira 50 ezer drukker is kil\u00e1togathat, a liga \u00e1tlagn\u00e9z\u0151sz\u00e1ma valahol az osztr\u00e1k \u00e9s a belga bajnoks\u00e1g\u00e9 k\u00f6z\u00f6tt van. Az idei vil\u00e1gbajnoks\u00e1gon is lehetett l\u00e1tni: futball\u0151r\u00fclt sza\u00fadi drukkerb\u0151l van b\u0151s\u00e9ggel, \u00e9s ha \u0151k kil\u00e1togatnak, a hangulatra sem lesz panasz. A sza\u00fadiaknak 2026-ra m\u00e1r h\u00e9t olyan stadionjuk lesz, amelynek befogad\u00f3k\u00e9pess\u00e9ge 33 ezer f\u0151 f\u00f6l\u00f6tti, \u00e9s k\u00f6z\u00fcl\u00fck hat ar\u00e9na a topkateg\u00f3ri\u00e1s szintet k\u00e9pviseli.\r\n\r\n\u201eNem vagyok szerencsej\u00e1t\u00e9kos, \u00e1m ha az lenn\u00e9k, akkor arra tenn\u00e9m a p\u00e9nzem, hogy 2030-ban Sza\u00fad-Ar\u00e1bia rendez\u0151 lesz. Most m\u00e9g csak pletyk\u00e1k keringenek, de van realit\u00e1sa egy hivatalos p\u00e1ly\u00e1zatnak, \u00e9s az teljesen egybe is v\u00e1gna Sza\u00fad-Ar\u00e1bia futball- \u00e9s politikai c\u00e9ljaival\u201d \u2013 <a href=\"https:\/\/www.sportico.com\/personalities\/athletes\/2022\/messi-ronaldo-and-saudi-arabias-bid-to-host-2030-1234698865\/\" target=\"_blank\" rel=\"noopener\">id\u00e9zte a Sportico<\/a> a sportgazdas\u00e1g \u00e9s geopolitikai gazdas\u00e1gtan professzor\u00e1t, <strong>Simon Chadwicket<\/strong>. Chadwick szerint, ha Cristiano Ronaldo t\u00e9nyleg Sza\u00fad-Ar\u00e1bi\u00e1ba igazol, akkor az orsz\u00e1g a szimbolikus jelent\u0151s\u00e9g\u0171 transzfert k\u00f6vet\u0151en hamarosan hivatalosan is jelzi a vb-rendez\u00e9si sz\u00e1nd\u00e9k\u00e1t. Katarban er\u0151s volt a sza\u00fadi jelenl\u00e9t \u2013 Katar \u00e9s az Egyes\u00fclt \u00c1llamok ut\u00e1n Sza\u00fad-Ar\u00e1bi\u00e1b\u00f3l j\u00f6tt a legt\u00f6bb jegyig\u00e9nyl\u00e9s, \u00e9s a kir\u00e1lys\u00e1g egy hatalmas pavilonnal is letette a n\u00e9vjegy\u00e9t, amely egyben nemhivatalos szurkol\u00f3i z\u00f3nak\u00e9nt is m\u0171k\u00f6d\u00f6tt.\r\n\r\n<span class=\"highlight-block-small\">El\u0151ny\u00f6s lehet, hogy a sza\u00fadi turizmus m\u00e1r jelent\u0151s rutint szerzett a k\u00fclf\u00f6ldr\u0151l \u00e9rkez\u0151k elsz\u00e1ll\u00e1sol\u00e1s\u00e1ban, hiszen minden \u00e9vben muszlim zar\u00e1ndokok t\u00f6mkelege l\u00e1togat el Mekk\u00e1ba. <\/span>\r\n\r\nA cs\u00facs\u00e9vekben megk\u00f6zel\u00edtette a k\u00fclf\u00f6ldi zar\u00e1ndokok sz\u00e1ma az 1,8\u20131,9 milli\u00f3 f\u0151t.\r\n\r\n\u201eA sza\u00fadi emberek egy, a labdar\u00fag\u00f3-vil\u00e1gbajnoks\u00e1gn\u00e1l is nagyobb esem\u00e9ny lebonyol\u00edt\u00e1s\u00e1ban szereztek m\u00e1r tapasztalatot. Az orsz\u00e1g k\u00f6vetkez\u0151 feladata az, hogy Mekka \u00e9s Medina v\u00e1ros\u00e1n k\u00edv\u00fcl is elegend\u0151 sz\u00e1ll\u00e1slehet\u0151s\u00e9get biztos\u00edtson\u201d \u2013 mutatott r\u00e1 <a href=\"https:\/\/www.al-monitor.com\/originals\/2022\/12\/despite-loss-saudi-arabia-scores-big-world-cup\" target=\"_blank\" rel=\"noopener\">az al-Monitornak adott interj\u00faj\u00e1ban<\/a> a vend\u00e9gl\u00e1t\u00f3i oldalon dolgoz\u00f3 (a haddzsra, azaz a mekkai zar\u00e1ndoklatra \u00e9rkez\u0151knek c\u00e9g\u00e9vel sz\u00e1ll\u00e1st biztos\u00edt\u00f3) <strong>Szami Ali al-Ghamdi<\/strong>.\r\n\r\n[caption id=\"attachment_7420\" align=\"aligncenter\" width=\"2000\"]<img class=\"size-full wp-image-7420\" src=\"https:\/\/sport24.24.hu\/app\/uploads\/sites\/24\/2022\/12\/000_32qj4vh.jpg\" alt=\"\" width=\"2000\" height=\"1333\" \/> Szurkol\u00f3k \u00fcnnepelnek Sza\u00fad-Ar\u00e1bia f\u0151v\u00e1ros\u00e1ban, Rij\u00e1dban az argentinok elleni gy\u0151ztes meccs ut\u00e1n.[\/caption]\r\n\r\n\u00d6sszegezz\u00fcnk:\r\n<ul>\r\n \t<li>Sza\u00fad-Ar\u00e1bia 2026-ra infrastruktur\u00e1lisan k\u00e9szen \u00e1ll arra, hogy minimum t\u00e1rsrendez\u0151je legyen a vil\u00e1gbajnoks\u00e1gnak.<\/li>\r\n \t<li>A labdar\u00fag\u00e1s az orsz\u00e1g legn\u00e9pszer\u0171bb sportja, Katarhoz viszony\u00edtva rengeteg futballrajong\u00f3 van.<\/li>\r\n \t<li>Sportszakmailag a sza\u00fadi labdar\u00fag\u00e1s el\u0151r\u00e9bb tart a katarin\u00e1l.<\/li>\r\n \t<li>Gyakorlatilag korl\u00e1tlanok az anyagi lehet\u0151s\u00e9gek, s mivel abszol\u00fat monarchi\u00e1r\u00f3l van sz\u00f3, a k\u00f6zponti akaratnak sincsenek korl\u00e1tai. Az orsz\u00e1g 2030-ra felv\u00e1zolt moderniz\u00e1ci\u00f3s v\u00edzi\u00f3j\u00e1ban fontos szerepe van a nagy sportesem\u00e9nyek megrendez\u00e9s\u00e9nek.<\/li>\r\n \t<li>A mekkai zar\u00e1ndokturizmus miatt az orsz\u00e1gnak jelent\u0151s tapasztalata van k\u00fclf\u00f6ldi l\u00e1togat\u00f3k elsz\u00e1ll\u00e1sol\u00e1s\u00e1ban.<\/li>\r\n \t<li>A sza\u00fadi soft power egyre er\u0151sebb a labdar\u00fag\u00e1s vil\u00e1g\u00e1ban, erre utalnak a befektet\u00e9sek (pl. a Newcastle United \u00e1tv\u00e9tele) \u00e9s a sport\u00e1g legnagyobb neveivel folytatott kamp\u00e1nyok is.<\/li>\r\n \t<li>A katari vb bebizony\u00edtotta, hogy a t\u00e9li rendez\u00e9s m\u0171k\u00f6d\u0151k\u00e9pes, b\u00e1r vannak h\u00e1tr\u00e1nyai.<\/li>\r\n \t<li>A FIFA Katarban megmutatta, hogy k\u00fcl\u00f6n\u00f6sebben \u201enem hatj\u00e1k meg\u201d a k\u00fcl\u00f6nf\u00e9le tiltakoz\u00e1sok. A csapatok figyelemfelh\u00edv\u00f3-tiltakoz\u00f3 kamp\u00e1nyai jobb\u00e1ra hat\u00e1stalanok maradtak.<\/li>\r\n \t<li>Infantino \u00e9s a jelenlegi FIFA-vezet\u00e9s sportdiplom\u00e1ciai \u00e9rdeke az, hogy meg\u0151rizze az \u00e1zsiai, afrikai, CONCACAF-z\u00f3n\u00e1s \u00e9s \u00f3ce\u00e1niai orsz\u00e1gok t\u00e1mogat\u00e1s\u00e1t. A FIFA kongresszus\u00e1ban \u2013 amelyben t\u00f6bbs\u00e9gben vannak a vil\u00e1gszervezett\u0151l anyagilag is f\u00fcgg\u0151 \u201ekicsik\u201d \u2013 er\u0151s t\u00fals\u00falya van az im\u00e9nt eml\u00edtett n\u00e9gy z\u00f3n\u00e1nak.<\/li>\r\n<\/ul>\r\nEzek alapj\u00e1n \u2013 hacsak nem t\u00f6rt\u00e9nik olyan vil\u00e1ggazdas\u00e1gi vagy vil\u00e1gpolitikai fejlem\u00e9ny, amely kih\u00fazza a sz\u0151nyeget az orsz\u00e1g al\u00f3l \u2013 igen val\u00f3sz\u00edn\u0171nek l\u00e1tszik, hogy Sza\u00fad-Ar\u00e1bia ink\u00e1bb el\u0151bb, mint ut\u00f3bb vb-rendez\u0151 lesz. Lehet, egyed\u00fcl, de tal\u00e1n val\u00f3sz\u00edn\u0171bb, hogy m\u00e1s \u2013 esetleg m\u00e1s z\u00f3n\u00e1kat k\u00e9pvisel\u0151 \u2013 orsz\u00e1gokkal \u00f6sszefogva.\r\n<blockquote>Mi\u00e9rt is ne? Ki ne akarna a vil\u00e1gbajnoks\u00e1g h\u00e1zigazd\u00e1ja lenni? Sok region\u00e1lis esem\u00e9ny vend\u00e9gl\u00e1t\u00f3i vagyunk, \u00e9s a vil\u00e1g minden orsz\u00e1ga sz\u00edvesen l\u00e1tn\u00e1 a labdar\u00fag\u00f3-vil\u00e1gbajnoks\u00e1got. Csod\u00e1latos torna, \u00e9s minden rendez\u0151 orsz\u00e1gnak j\u00f3t tett, hogy h\u00e1zigazda volt<\/blockquote>\r\n\u2013 magyar\u00e1zta a BBC k\u00e9rd\u00e9s\u00e9re v\u00e1laszolva a vil\u00e1gbajnoks\u00e1g alatt <strong>Abdulaziz bin Turki al-Fajsz\u00e1l<\/strong> herceg, Sza\u00fad-Ar\u00e1bia sportminisztere.\r\n\r\nM\u00e1rpedig ennek a \u201emi\u00e9rt is ne?\u201d visszak\u00e9rdez\u00e9snek a sza\u00fadiak eset\u00e9ben s\u00falya van.\r\n\r\n[prefabricated_shortcode in_app=\"0\" code=\"%3Cdiv%20class%3D%22article_box_border%22%20style%3D%22background%3A%20url%28%27https%3A%2F%2F24.p3k.hu%2Fapp%2Fuploads%2Fsites%2F24%2F2021%2F05%2Fsport24-pattern.png%27%29%20no-repeat%20left%20-16px%20%23f3f3f4%3B%20border%3A%20none%3B%22%3E%0D%0A%3Cdiv%20class%3D%22article_solidheader%22%3E%0D%0A%3Ch2%20style%3D%22color%3A%20%23111115%21important%3B%20font-size%3A%2036px%3B%20font-weight%3A%20bold%3B%20margin-bottom%3A%2030px%3B%20margin-top%3A%2020px%3B%20text-align%3A%20center%3B%20line-height%3A%2036px%3B%22%3E%3Cimg%20class%3D%22aligncenter%20size-full%20wp-image-141%22%20src%3D%22https%3A%2F%2F24.p3k.hu%2Fapp%2Fuploads%2Fsites%2F24%2F2021%2F05%2Fs24-logo-dt.png%22%20alt%3D%22%22%20width%3D%22408%22%20height%3D%2290%22%20%2F%3E%3C%2Fh2%3E%0D%0A%3Ch2%20style%3D%22color%3A%20%23111115%21important%3B%20font-size%3A%2036px%3B%20font-weight%3A%20bold%3B%20margin-bottom%3A%2030px%3B%20margin-top%3A%2020px%3B%20text-align%3A%20center%3B%20line-height%3A%2040px%3B%22%3ECsatlakozz%20a%20Sport24%20k%C3%B6z%C3%B6ss%C3%A9ghez%2C%20mondd%20el%20v%C3%A9lem%C3%A9nyedet%20z%C3%A1rt%20Facebook-csoportunkban%2C%20%C3%A9s%20vegy%C3%A9l%20r%C3%A9szt%20csak%20el%C5%91fizet%C5%91knek%20el%C3%A9rhet%C5%91%20exkluz%C3%ADv%20esem%C3%A9nyeinken.%3C%2Fh2%3E%0D%0A%3C%2Fdiv%3E%0D%0A%3Cp%20style%3D%22background%3A%20%2357A600%3B%20margin-top%3A%2020px%3B%20padding%3A%2020px%3B%20text-align%3A%20center%3B%22%3E%3Ca%20style%3D%22color%3A%20%23ffffff%3B%20font-size%3A%2026px%3B%20font-weight%3A%20600%3B%22%20href%3D%22https%3A%2F%2Fwww.facebook.com%2Fgroups%2F212344460412327%22%3ECSATLAKOZOM%3C%2Fa%3E%3C%2Fp%3E%0D%0A%0D%0A%3C%2Fdiv%3E\"]","type":"rich","thumbnail_url":"https:\/\/s.24.hu\/app\/uploads\/sites\/24\/2022\/12\/000_32u98qx-150x150.jpg","thumbnail_width":150,"thumbnail_height":150}