{"version":"1.0","provider_name":"Sport24","provider_url":"https:\/\/sport24.24.hu","author_name":"Bruckner G\u00e1bor","author_url":"https:\/\/sport24.24.hu\/author\/brucknerg\/","title":"Ezeknek a klubcsapatoknak a j\u00e1t\u00e9kosait tette legink\u00e1bb pr\u00f3b\u00e1ra a fociv\u00e9b\u00e9","html":"A vil\u00e1gbajnoks\u00e1got megel\u0151z\u0151en sok sz\u00f3 esett arr\u00f3l, hogy kiknek kell kihagyniuk a torn\u00e1t s\u00e9r\u00fcl\u00e9s miatt. A t\u00e9li rendez\u00e9s extra terhel\u00e9st r\u00f3tt az am\u00fagy is csap\u00e1gyasra j\u00e1ratott j\u00e1t\u00e9kosokra, akik augusztus v\u00e9g\u00e9t\u0151l november k\u00f6zep\u00e9ig gyakorlatilag h\u00e1romnaponta j\u00e1tszottak meccseket. Ennek esett \u00e1ldozat\u00e1ul t\u00f6bbek k\u00f6z\u00f6tt <strong>Sadio Man\u00e9, Timo Werner, Diogo Jota, Marco Reus, Ben Chilwell<\/strong> \u00e9s <strong>Reece James<\/strong> \u2013 \u0151k val\u00f3sz\u00edn\u0171leg mindannyian alapemberek lettek volna a v\u00e1logatottjukban. A nemzeti sz\u00f6vets\u00e9gek emberei teh\u00e1t joggal d\u00fch\u00f6nghettek, most viszont \u2013 a vb befejezt\u00e9vel \u2013 fordult a kocka. A Manchester City \u00e9s a Liverpool a m\u00falt cs\u00fct\u00f6rt\u00f6k\u00f6n m\u00e1r Liga Kupa-meccset j\u00e1tszott, \u00e9s az Atl\u00e9tico Madrid is t\u00fal van egy Kir\u00e1ly Kupa-k\u00f6r\u00f6n. A vb ut\u00e1n sz\u00e1mos j\u00e1t\u00e9kos kimen\u0151t kapott, de\r\n\r\n<span class=\"highlight-block\">a klubszezon m\u00e1ris megy tov\u00e1bb, <\/span>\r\n\r\na bajnoks\u00e1gok k\u00f6z\u00fcl a Premier League, a La Liga \u00e9s a Ligue 1 m\u00e9g decemberben \u00fajraindul. De vajon mely csapatok j\u00e1t\u00e9kosait viselte meg a legjobban a vil\u00e1gbajnoki szerepl\u00e9s? Kik t\u00f6lt\u00f6tt\u00e9k a legt\u00f6bb id\u0151t a p\u00e1ly\u00e1n, ami k\u00e9s\u0151bb, a szezon d\u00f6nt\u0151 szakasz\u00e1ban m\u00e9g ak\u00e1r vissza is \u00fcthet?\r\n<h2>\u00cdgy mentek a vb-re a j\u00e1t\u00e9kosok<\/h2>\r\nA vb-t k\u00f6vet\u0151en <a href=\"https:\/\/theathletic.com\/4007894\/2022\/12\/20\/premier-league-injuries-world-cup\/\" target=\"_blank\" rel=\"noopener\">a The Athletic k\u00fcl\u00f6n cikkben foglalkozott azzal<\/a>, hogy az egyes Premier League-csapatok milyen \u00e1llapotban kapj\u00e1k vissza v\u00e1logatottj\u00e1t\u00e9kosaikat. A cikk szerz\u0151je, <strong>Mark Carey<\/strong> azzal ind\u00edt, hogy 1990 \u00f3ta most volt a legkevesebb idej\u00fck a futballist\u00e1knak v\u00e1ltani a klubfoci \u00e9s a vil\u00e1gbajnoks\u00e1g k\u00f6z\u00f6tt. A Premier League vb el\u0151tti, utols\u00f3 fordul\u00f3ja november 13-\u00e1n \u00e9rt v\u00e9get, a vb pedig november 20-\u00e1n kezd\u0151d\u00f6tt, vagyis a j\u00e1t\u00e9kosoknak mind\u00f6ssze h\u00e9t napjuk volt a felk\u00e9sz\u00fcl\u00e9sre. Ugyanez igaz volt a n\u00e9met, az olasz \u00e9s a francia bajnoks\u00e1gban szerepl\u0151 futballist\u00e1kra, de m\u00e9g a spanyol csapatok j\u00e1t\u00e9kosai is Kir\u00e1ly Kupa-meccset j\u00e1tszottak november 13-\u00e1n.\r\n\r\n[caption id=\"attachment_7431\" align=\"alignnone\" width=\"2400\"]<img class=\"size-full wp-image-7431\" src=\"https:\/\/sport24.24.hu\/app\/uploads\/sites\/24\/2022\/12\/a-20-legtoe295a0lbbet-jae295a0utszoe295a0u-vb-jae295a0utee295a0ukos-2022-ben.png\" alt=\"\" width=\"2400\" height=\"1590\" \/> A vb el\u0151tt az angolok t\u00e1mad\u00f3j\u00e1nak, Harry Kane-nek volt a legt\u00f6bb bajnoki j\u00e1t\u00e9kperce a 2022-es napt\u00e1ri \u00e9vben (3658) az \u00f6t eur\u00f3pai toplig\u00e1ban j\u00e1tsz\u00f3 j\u00e1t\u00e9kosok k\u00f6z\u00fcl. \u0150t k\u00e9t m\u00e1sik Tottenham-j\u00e1t\u00e9kos, a d\u00e1n Pierre-Emile Kordt Hojbjerg (3447) \u00e9s az angol Eric Dier k\u00f6vette (3346). A h\u00fasz legfoglalkoztatottabb j\u00e1t\u00e9kos k\u00f6z\u00fcl tizen\u00f6t a Premier League-ben j\u00e1tszik.[\/caption]\r\n\r\nA menetrend a vb ut\u00e1n sem lesz kev\u00e9sb\u00e9 feszes; a december 18-ai d\u00f6nt\u0151t k\u00f6vet\u0151en nyolc nappal m\u00e1r megkezd\u0151d\u00f6tt a Boxing Day-id\u0151szak a Premier League-ben, m\u00edg a Ligue 1 december 28-\u00e1n, a La Liga december 29-\u00e9n indul \u00fajra. A topbajnoks\u00e1gok k\u00f6z\u00fcl az olasz \u00e9s a n\u00e9met folytat\u00f3dik a legk\u00e9s\u0151bb; a Serie A-ban janu\u00e1r 4-\u00e9n, a Bundeslig\u00e1ban janu\u00e1r 20-\u00e1n kezd\u0151dnek a meccsek.\r\n\r\n<span class=\"highlight-block\">Term\u00e9szetesen az \u00f6t eur\u00f3pai topliga adta a legt\u00f6bb j\u00e1t\u00e9kost a vil\u00e1gbajnoks\u00e1gra. <\/span>\r\n\r\nA Premier League-b\u0151l (Cristiano Ronald\u00f3t m\u00e1r nem sz\u00e1molva) 133-an, a La Lig\u00e1b\u00f3l 83-an, a Bundeslig\u00e1b\u00f3l 76-an, a Serie A-b\u00f3l 67-en, a Ligue 1-b\u00f3l 56-an vettek r\u00e9szt a katari torn\u00e1n. Klubokra lebontva: a Barcelon\u00e1b\u00f3l 17, a Bayern M\u00fcnchenb\u0151l \u00e9s a Manchester Cityb\u0151l 16-16, a katari Al-Saddb\u00f3l 15, a Manchester Unitedb\u0151l \u00e9s a Real Madridb\u00f3l 13-13 j\u00e1t\u00e9kos volt ott a v\u00e1logatottak keret\u00e9ben. Azon csapatok list\u00e1ja, amelyek legal\u00e1bb t\u00edz j\u00e1t\u00e9kossal k\u00e9pviseltett\u00e9k magukat a vb-n, \u00edgy fest:\r\n\r\n<img class=\"alignnone size-full wp-image-7432\" src=\"https:\/\/sport24.24.hu\/app\/uploads\/sites\/24\/2022\/12\/csapatok-jae295a0utee295a0ukosai-a-vb-n.png\" alt=\"\" width=\"2400\" height=\"1590\" \/>\r\n<h2>\u0150k j\u00e1tszott\u00e1k a legt\u00f6bbet a vb-n<\/h2>\r\nNem meglep\u0151 m\u00f3don a vb-n a h\u00e1rom legt\u00f6bbet j\u00e1tsz\u00f3 j\u00e1t\u00e9kos argentin volt. <strong>Emiliano Mart\u00ednez, Lionel Messi<\/strong> \u00e9s <strong>Nicol\u00e1s Otamendi<\/strong> r\u00e1ad\u00e1sul az \u00f6sszes el\u00e9rhet\u0151 j\u00e1t\u00e9kpercet (791) a p\u00e1ly\u00e1n t\u00f6lt\u00f6tte csapat\u00e1ban. Argent\u00edna h\u00e9t meccset v\u00edvott a torn\u00e1n, amelyek k\u00f6z\u00fcl a Hollandia elleni negyedd\u00f6nt\u0151 \u00e9s a Franciaorsz\u00e1g elleni d\u00f6nt\u0151 is tizenegyesp\u00e1rbajjal v\u00e9gz\u0151d\u00f6tt. A top10-ben azonban \u00edgy sem argentinb\u00f3l, hanem horv\u00e1tb\u00f3l van a legt\u00f6bb. A horv\u00e1tok a nyolcadd\u00f6nt\u0151ben Jap\u00e1nt, a negyedd\u00f6nt\u0151ben pedig Braz\u00edli\u00e1t is tizenegyesp\u00e1rbajban gy\u0151zt\u00e9k le, ez\u00e9rt azt\u00e1n n\u00e9gy j\u00e1t\u00e9kosuk is ott van a t\u00edz legt\u00f6bbet j\u00e1tsz\u00f3 futballista k\u00f6z\u00f6tt: <strong>Dominik Livakovic<\/strong> \u00e9s <strong>Josko Gvardiol<\/strong> 756, <strong>Ivan Perisic<\/strong> 722, a 37 \u00e9ves (!) <strong>Luka Modric<\/strong> 706 percet t\u00f6lt\u00f6tt a p\u00e1ly\u00e1n. A top10-es list\u00e1ra m\u00e9g a marokk\u00f3i <strong>Sofyan Amrabat<\/strong> (727 perc), valamint k\u00e9t francia, <strong>Aur\u00e9lien Tchouam\u00e9ni<\/strong> (702) \u00e9s <strong>Kylian Mbapp\u00e9<\/strong> (691) f\u00e9rt fel.\r\n<div class=\"payable-content-section\"><\/div>\r\n<img class=\"alignnone size-full wp-image-7433\" src=\"https:\/\/sport24.24.hu\/app\/uploads\/sites\/24\/2022\/12\/2a-tie295a0uz-legtoe295a0lbbet-jae295a0utszoe295a0u-jae295a0utee295a0ukos.png\" alt=\"\" width=\"2400\" height=\"1590\" \/>\r\n\r\nA top10-ben teh\u00e1t azoknak a csapatoknak a j\u00e1t\u00e9kosai tal\u00e1lhat\u00f3k, amelyek legal\u00e1bb az el\u0151d\u00f6nt\u0151ig eljutottak. S\u0151t: a lista els\u0151 31 hely\u00e9n is csak ilyen futballist\u00e1k vannak. \u00c9rdemes teh\u00e1t azt is megn\u00e9zni, hogy kik j\u00e1tszott\u00e1k a legt\u00f6bbet azok k\u00f6z\u00fcl, akik legk\u00e9s\u0151bb a negyedd\u00f6nt\u0151ben kiestek. Az ezekb\u0151l a j\u00e1t\u00e9kosokb\u00f3l \u00f6ssze\u00e1ll\u00edtott t\u00edzes list\u00e1n hatan hollandok: V<strong>irgil Van Dijk, Andries Noppert, Denzel Dumfries, Nathan Ak\u00e9, Frenkie De Jong<\/strong> \u00e9s <strong>Cody Gakpo<\/strong> is kihagyhatatlan tagja volt <strong>Louis van Gaal<\/strong> sz\u00f6vets\u00e9gi kapit\u00e1ny v\u00e1logatottj\u00e1nak. Mellett\u00fck m\u00e9g <strong>Jordan Pickford, Diogo Costa, John Stones<\/strong> \u00e9s <strong>Luke Shaw<\/strong> van ott ezen a list\u00e1n. A negyedd\u00f6nt\u0151ben a Marokk\u00f3 ellen b\u00facs\u00faz\u00f3 portug\u00e1l v\u00e1logatott szt\u00e1rja, <strong>Cristiano Ronaldo<\/strong> 311 percet j\u00e1tszott a vb-n, amivel a 149. helyre ker\u00fclt a rangsorban.\r\n\r\n<img class=\"alignnone size-full wp-image-7434\" src=\"https:\/\/sport24.24.hu\/app\/uploads\/sites\/24\/2022\/12\/a-tie295a0uz-legtoe295a0lbbet-jae295a0utszoe295a0u-jae295a0utee295a0ukos-a-legjobb-4-csapaton-kie295a0uvue295a0ll.png\" alt=\"\" width=\"2400\" height=\"1590\" \/>\r\n<h2>A Manchester City j\u00e1t\u00e9kosai voltak a legt\u00f6bbet a p\u00e1ly\u00e1n<\/h2>\r\nMindezek ut\u00e1n \u00e9rdemes megv\u00e1laszolni a bevezet\u0151ben feszegetett k\u00e9rd\u00e9st; mely csapatok j\u00e1t\u00e9kosait viselte meg legjobban a vil\u00e1gbajnoki szerepl\u00e9s? A Wyscout adatai alapj\u00e1n a Premier League-ben jelenleg m\u00e1sodik helyen \u00e1ll\u00f3 Manchester City labdar\u00fag\u00f3i j\u00e1tszott\u00e1k a legt\u00f6bbet (5178 percet).\r\n\r\n<span class=\"highlight-block\">A vb-n r\u00e9sztvev\u0151 tizenhat City-j\u00e1t\u00e9kos k\u00f6z\u00fcl mindenki p\u00e1ly\u00e1ra l\u00e9pett, <\/span>\r\n\r\na legkevesebb id\u0151t az angol <strong>Kalvin Phillips<\/strong> t\u00f6lt\u00f6tte a p\u00e1ly\u00e1n (50 perc). <strong>Pep Guardiola<\/strong> csapat\u00e1b\u00f3l <strong>Juli\u00e1n \u00c1lvarez<\/strong> volt az egyetlen, aki r\u00e9szt vett a vil\u00e1gbajnoki d\u00f6nt\u0151ben \u2013 ennek ellen\u00e9re m\u00e9gsem a vb egyenes kies\u00e9ses szakasz\u00e1ra az argentinok nyer\u0151ember\u00e9v\u00e9 v\u00e1l\u00f3 \u00c1lvarez j\u00e1tszotta a legt\u00f6bbet a City-j\u00e1t\u00e9kosok k\u00f6z\u00fcl, hanem Nathan Ak\u00e9.\r\n\r\nA City ut\u00e1n a Barcelona j\u00e1t\u00e9kosainak l\u00e1b\u00e1ban keletkezett a legt\u00f6bb j\u00e1t\u00e9kperc a vb-n (4721). A Barcelon\u00e1b\u00f3l utaztak a legt\u00f6bben a vb-re (17-en), viszont k\u00f6z\u00fcl\u00fck h\u00e1rman, <strong>Marc-Andr\u00e9 ter Stegen, Ronald Ara\u00fajo<\/strong> \u00e9s <strong>Eric Garc\u00eda<\/strong> egyetlen percet sem kapott. A legt\u00f6bbet foglalkoztatott Barca-j\u00e1t\u00e9kos a francia <strong>Jules Kound\u00e9<\/strong> volt, aki 546 percet t\u00f6lt\u00f6tt a p\u00e1ly\u00e1n. A harmadik legt\u00f6bbet a Tottenham futballist\u00e1i j\u00e1tszott\u00e1k (4112 percet). Ehhez a horv\u00e1tok t\u00e1mad\u00f3ja, Iv\u00e1n Perisic j\u00e1rult hozz\u00e1 a legink\u00e1bb, aki 722 percnyi terhel\u00e9st kapott. A Manchester Cityb\u0151l egy\u00e9bk\u00e9nt h\u00e9t, a Barcelon\u00e1b\u00f3l hat, a Tottenhamb\u0151l \u00f6t olyan j\u00e1t\u00e9kos volt, aki legal\u00e1bb 360 percet (n\u00e9gy meccset) j\u00e1tszott a vb-n.\r\n\r\n<img class=\"alignnone size-full wp-image-7435\" src=\"https:\/\/sport24.24.hu\/app\/uploads\/sites\/24\/2022\/12\/jae295a0utee295a0ukpercek-csapatonkee295a0unt.png\" alt=\"\" width=\"2400\" height=\"1590\" \/>\r\n\r\n\u0150k voltak teh\u00e1t a legfoglalkoztatottabb j\u00e1t\u00e9kosok a vb-n. Egy het\u00fck volt felk\u00e9sz\u00fclni a torn\u00e1ra, most pedig t\u00f6bbs\u00e9g\u00fcknek n\u00e9h\u00e1ny nap alatt kell visszar\u00e1z\u00f3dnia a klubfutballba. Ezek a j\u00e1t\u00e9kosok profi k\u00f6rnyezetben, a vil\u00e1g legjobb szakembereivel dolgoznak nap, mint nap, ilyen meccsterhel\u00e9s mellett azonban elker\u00fclhetetlen, hogy el\u0151bb-ut\u00f3bb kibukik rajtuk a f\u00e1radts\u00e1g.\r\n\r\nB\u00e1r m\u00e9g csak december v\u00e9ge van, \u00e9s a fel\u00e9n\u00e9l sem tartanak a legn\u00edv\u00f3sabb bajnoks\u00e1gok, egy-egy f\u00e1radts\u00e1gb\u00f3l fakad\u00f3 pontveszt\u00e9s ak\u00e1r h\u00e1tr\u00e1nyba is hozhatja a csapatokat a bajnoki c\u00edm\u00e9rt folytatott versenyfut\u00e1sban. A Premier League-ben az Arsenal \u00f6t ponttal vezet, de a Manchester City van m\u00f6g\u00f6tte, amely m\u00e9g \u00edgy is a bajnoks\u00e1g legnagyobb es\u00e9lyese. \u00dagy n\u00e9z ki, hogy a La Liga most csak \u201ek\u00e9tcsapatos\u201d lesz, \u00e1m a Barcelona \u00e9s a Real Madrid k\u00f6z\u00f6tt mind\u00f6ssze k\u00e9t pont a k\u00fcl\u00f6nbs\u00e9g. A Bundeslig\u00e1ban a Bayern M\u00fcnchen n\u00e9gy ponttal vezet a Freiburg el\u0151tt, de a m\u00e1sodik \u00e9s a hatodik helyezettet csup\u00e1n \u00f6t pont v\u00e1lasztja el egym\u00e1st\u00f3l. A Ligue 1-b\u00f3l a Paris Saint-Germain nagyon kil\u00f3g felfel\u00e9, csakhogy jelenleg \u201emind\u00f6ssze\u201d \u00f6t pont az el\u0151nye a m\u00e1sodik Lens-nal szemben. A toplig\u00e1k k\u00f6z\u00fcl a Serie A t\u0171nik eddig a leglefutottabbnak: a veretlen Napoli el\u0151nye nyolc pont az \u00e9len. Ugyanakkor a m\u00e1sodik AC Milan \u00e9s a hetedik AS Roma k\u00f6z\u00f6tt csak hat pont a k\u00fcl\u00f6nbs\u00e9g.\r\n\r\n<em>A szerz\u0151 Kov\u00e1cs G\u00e1bor, az MLSZ adatelemz\u0151je.<\/em>\r\n\r\n[prefabricated_shortcode in_app=\"0\" code=\"%3Cdiv%20class%3D%22article_box_border%22%20style%3D%22background%3A%20url%28%27https%3A%2F%2F24.p3k.hu%2Fapp%2Fuploads%2Fsites%2F24%2F2021%2F05%2Fsport24-pattern.png%27%29%20no-repeat%20left%20-16px%20%23f3f3f4%3B%20border%3A%20none%3B%22%3E%0D%0A%3Cdiv%20class%3D%22article_solidheader%22%3E%0D%0A%3Ch2%20style%3D%22color%3A%20%23111115%21important%3B%20font-size%3A%2036px%3B%20font-weight%3A%20bold%3B%20margin-bottom%3A%2030px%3B%20margin-top%3A%2020px%3B%20text-align%3A%20center%3B%20line-height%3A%2036px%3B%22%3E%3Cimg%20class%3D%22aligncenter%20size-full%20wp-image-141%22%20src%3D%22https%3A%2F%2F24.p3k.hu%2Fapp%2Fuploads%2Fsites%2F24%2F2021%2F05%2Fs24-logo-dt.png%22%20alt%3D%22%22%20width%3D%22408%22%20height%3D%2290%22%20%2F%3E%3C%2Fh2%3E%0D%0A%3Ch2%20style%3D%22color%3A%20%23111115%21important%3B%20font-size%3A%2036px%3B%20font-weight%3A%20bold%3B%20margin-bottom%3A%2030px%3B%20margin-top%3A%2020px%3B%20text-align%3A%20center%3B%20line-height%3A%2040px%3B%22%3ECsatlakozz%20a%20Sport24%20k%C3%B6z%C3%B6ss%C3%A9ghez%2C%20mondd%20el%20v%C3%A9lem%C3%A9nyedet%20z%C3%A1rt%20Facebook-csoportunkban%2C%20%C3%A9s%20vegy%C3%A9l%20r%C3%A9szt%20csak%20el%C5%91fizet%C5%91knek%20el%C3%A9rhet%C5%91%20exkluz%C3%ADv%20esem%C3%A9nyeinken.%3C%2Fh2%3E%0D%0A%3C%2Fdiv%3E%0D%0A%3Cp%20style%3D%22background%3A%20%2357A600%3B%20margin-top%3A%2020px%3B%20padding%3A%2020px%3B%20text-align%3A%20center%3B%22%3E%3Ca%20style%3D%22color%3A%20%23ffffff%3B%20font-size%3A%2026px%3B%20font-weight%3A%20600%3B%22%20href%3D%22https%3A%2F%2Fwww.facebook.com%2Fgroups%2F212344460412327%22%3ECSATLAKOZOM%3C%2Fa%3E%3C%2Fp%3E%0D%0A%0D%0A%3C%2Fdiv%3E\"]","type":"rich","thumbnail_url":"https:\/\/s.24.hu\/app\/uploads\/sites\/24\/2022\/12\/gettyimages-1245788547-150x150.jpg","thumbnail_width":150,"thumbnail_height":150}