{"version":"1.0","provider_name":"Sport24","provider_url":"https:\/\/sport24.24.hu","author_name":"Fut\u00f3 Csaba","author_url":"https:\/\/sport24.24.hu\/author\/futocs\/","title":"Vil\u00e1gbajnoki d\u00f6nt\u0151: 70 perc sakk, 55 perc dob\u00f3kocka","html":"Bevallom f\u00e9rfiasan, egy id\u0151 ut\u00e1n elvesztettem a fonalat. Nem tudtam felfogni, \u00e9rtelmezni, mi t\u00f6rt\u00e9nik a p\u00e1ly\u00e1n. Hogyan j\u00f6tt vissza 2-0-r\u00f3l Franciaorsz\u00e1g? Mi\u00e9rt nem lett 2-3? Mi t\u00f6rt\u00e9nt a b\u00fcntet\u0151p\u00e1rbaj el\u0151tt k\u00f6zvetlen\u00fcl? Mi d\u00f6nt\u00f6tt v\u00e9g\u00fcl?\r\n\r\nAmikor egy focimeccset \u00e9rtelmez\u00fcnk, k\u00f6nny\u0171 beleesni olyan csapd\u00e1kba, mint az eredm\u00e9nyb\u0151l elemz\u00e9s (\u201ea gy\u0151ztes sz\u00fcks\u00e9gszer\u0171en j\u00f3 volt, a vesztes pedig alkalmatlan az \u00e9letre\u201d), vagy amikor t\u00falzott fontoss\u00e1got nyilv\u00e1n\u00edtunk egy-egy pillanatnak (\u201eminden azon az egy l\u00f6v\u00e9sen d\u0151lt el\u201d). Emiatt azt\u00e1n az igazi elemz\u0151 munka ott kezd\u0151dik, hogy az ember \u00fajran\u00e9zi a meccset \u00e9s el\u0151sz\u00f6r az edz\u0151k sz\u00e1nd\u00e9kait dek\u00f3dolja, hozz\u00e1csapja a meccs t\u00e9nyleges lefoly\u00e1s\u00e1t, majd a kett\u0151t \u00f6sszeveti \u00e9s levonja a k\u00f6vetkeztet\u00e9seket.\r\n\r\nEnn\u00e9l a meccsn\u00e9l ezt csak egy darabig lehet megcsin\u00e1lni. Franciaorsz\u00e1g cs\u00f6kkentett \u00fczemm\u00f3dban j\u00e1tszott \u00e9s a kusza let\u00e1mad\u00e1sa miatt t\u00f6bb olyan argentin t\u00e1mad\u00e1st benyelt, amelyn\u00e9l <strong>Angel Di Mar\u00eda Jules Kound\u00e9<\/strong> oldal\u00e1n, <strong>Th\u00e9o Hernandez<\/strong> folyos\u00f3j\u00e1ban pedig <strong>Rodrigo De Paul<\/strong> okozott nem kev\u00e9s f\u00e1jdalmat. Eg\u00e9szen a 75. percig.\r\n\r\n<span class=\"highlight-block-small\">Az \u00e9rdekelt, hogy ut\u00e1na mi t\u00f6rt\u00e9nt. Mikor vett kaotikus fordulatot a meccs, \u00e9s mi okozta ezeket az \u0151r\u00fclt pillanatokat? Milyen r\u00e9szletek felett siklottam \u00e1t, amikor \u00e9pp minden id\u0151k egyik legizgalmasabb d\u00f6nt\u0151je el\u0151tt h\u00fcledeztem, \u00e9rtetlenkedtem \u00e9s bukfenceztem?<\/span>\r\n\r\nLehet, hogy intellektu\u00e1lisan m\u00e1r nem tisztess\u00e9ges ezeket a pillanatokat boncolgatni, de most n\u00e9zz\u00fck meg azt a k\u00e9t szakaszt, amikor a sakk helyett a dob\u00f3kock\u00e1\u00e9 volt a f\u0151szerep.\r\n<h2>A franci\u00e1k visszat\u00e9rnek<\/h2>\r\nA m\u00e1sodik f\u00e9lid\u0151 k\u00f6zep\u00e9n <strong>Didier Deschamps<\/strong> m\u00e1r t\u00fal volt n\u00e9gy cser\u00e9n. Csapata a szok\u00e1sos labda n\u00e9lk\u00fcli 4-4-2-es alakzatban v\u00e9dekezett: a jobb oldalon <strong>Kingsley Coman<\/strong>, a bal oldalon pedig <strong>Marcus Thuram<\/strong> hozza fel a labd\u00e1kat, a k\u00f6z\u00e9pp\u00e1ly\u00e1n <strong>Aur\u00e9lien Tchouam\u00e9ni<\/strong> \u00e9s <strong>Adrien Rabiot<\/strong> takar\u00edtott, el\u0151l pedig <strong>Kylian Mbapp\u00e9<\/strong> \u00e9s <strong>Randal Kolo Muani<\/strong> porty\u00e1ztak.\r\n\r\nA 75. percben <strong>Raphael Varane<\/strong> \u00e9pp ki akart tenni egy labd\u00e1t Jules Kound\u00e9nak, de t\u00fals\u00e1gosan is megnyomta, ez\u00e9rt kiment. Didier Deschamps el\u00e9gedetlen\u00fcl sz\u00e9tt\u00e1rta a karj\u00e1t. Az argentinok ekkor hossz\u00fa m\u00e1sodpercekre kisaj\u00e1t\u00edtott\u00e1k a labd\u00e1t, mik\u00f6zben a franci\u00e1k \u00e9rezhet\u0151en arra figyeltek, hogy hossz\u00fa labd\u00e1kkal j\u00e1tssz\u00e1k meg a frissen be\u00e1llt Comant vagy a leshat\u00e1ron mozg\u00f3 Kolo Muanit.\r\n\r\n<img class=\"alignnone size-full wp-image-7371\" src=\"https:\/\/sport24.24.hu\/app\/uploads\/sites\/24\/2022\/12\/didier-1.jpg\" alt=\"\" width=\"1024\" height=\"678\" \/>\r\n\r\n77:26-n\u00e1l az argentinok egy ilyen fel\u00edvel\u00e9st csentek el a franci\u00e1kt\u00f3l. Coman nem tudta megtartani, Argent\u00edna sz\u00e9pen elkobozta a labd\u00e1t \u00e9s \u00e1tvitte a t\u00faloldalra. A k\u00f6z\u00f6ns\u00e9g ekkor \u00fcdvrivalg\u00e1sba kezdett, az argentinok f\u00fcr\u00f6dtek a magabiztoss\u00e1gban, minden passzukn\u00e1l elhangzott, hogy \u201eol\u00e9\u201d. A k\u00f6zvet\u00edt\u00e9sben felvillant Mario Kempes, az 1978-as vil\u00e1gbajnoks\u00e1g h\u0151se, aki \u00f6sszekulcsolt k\u00e9zzel mosolygott a d\u00edszp\u00e1holyban. Argent\u00edna ezalatt a jobb oldalra passzolgatott, \u00e1m nem \u201eszell\u0151ztette meg\u201d a j\u00e1t\u00e9k\u00e1t egy forgat\u00e1ssal, a sz\u00e9lre szorult. Ahogy a francia csapat kitol\u00f3dott, a ter\u00fclet elfogyott, egy labd\u00e1t pontatlanul j\u00e1tszottak fel, <strong>Eduardo Camavinga<\/strong> pedig els\u0151 sz\u00e1nd\u00e9kb\u00f3l ind\u00edtotta az ellen\u0151rizetlen\u00fcl hagyott Mbapp\u00e9t, aki r\u00e1gyorsulva saj\u00e1t mag\u00e1t pr\u00f3b\u00e1lta meg sz\u00f6ktetni.\r\n\r\nItt j\u00f6n be a szimat.\r\n\r\nCamavinga j\u00f3l olvasta a j\u00e1t\u00e9kot \u00e9s a gyorsan kivitelezett mozdulat tal\u00e1n meg is lepte egy kicsit a vonal mell\u00e9 torl\u00f3dott argentinokat. Mbapp\u00e9 labd\u00e1ja viszont nem volt se pontos, se kim\u00e9rt. Tulajdonk\u00e9ppen saj\u00e1t mag\u00e1nak sz\u00e1nta, de t\u00fal messzire pattant, ez\u00e9rt Kolo Muani indult \u00e9rte, akinek viszont csak egyetlen v\u00e9d\u0151je maradt, <strong>Nicolas Otamendi<\/strong>, aki jobbal megpr\u00f3b\u00e1lt felszabad\u00edtani, \u00e1m mik\u00f6zben lend\u00edtette a l\u00e1b\u00e1t, Kolo Muani oda\u00e9rt \u00e9s a labd\u00e1t megp\u00f6ck\u00f6lve temp\u00f3el\u0151nybe ker\u00fclt. Otamendi belekapaszkodott Kolo Muani v\u00e1ll\u00e1ba, aki egy ideig t\u0171rte, majd elesett. Tizenegyes.\r\n\r\nEgyetlen felpassz, egy gyenge sz\u00f6ktet\u00e9s, egy er\u0151s presszing \u00e9s egy rossz v\u00e9d\u0151i d\u00f6nt\u00e9s l\u00e1ncolata vezetett oda, hogy a \u201esemmib\u0151l\u201d materializ\u00e1l\u00f3dott egy francia tizenegyes.\r\n\r\n\u201eDirty tricks are part of the game\u201d \u2013 ahogy mondja az angol, mondv\u00e1n, nem lehet minden sportember <strong>Roger Federer<\/strong>. <strong>Emiliano Mart\u00ednez<\/strong>, az argentin kapus pedig mindent bevetett, de ez sem volt el\u00e9g. Mbapp\u00e9 79:24-n\u00e9l \u00e9rt\u00e9kes\u00edtette a b\u00fcntet\u0151t, \u00e9s azonnal a labd\u00e1\u00e9rt futott. A tapsol\u00f3 <strong>Emmanuel Macronra<\/strong> v\u00e1ltott a kamera, akinek a szem\u00e9ben ott lobogott az \u00fajj\u00e1sz\u00fclet\u0151 rem\u00e9ny l\u00e1ngja. Deschamps ink\u00e1bb p\u00f6r\u00f6lt a j\u00e1t\u00e9kosaival. A k\u00f6z\u00e9pkezd\u00e9sig mutatott g\u00f3l\u00f6r\u00f6m \u00e9s visszaj\u00e1tsz\u00e1s k\u00f6zben egyetlen argentin j\u00e1t\u00e9kos reakci\u00f3j\u00e1t sem mutatt\u00e1k.\r\n\r\nAhogy 79:53-n\u00e1l \u00fajraindult a j\u00e1t\u00e9k, a franci\u00e1k el\u0151re t\u00f6rtek. L\u00e1that\u00f3an meg\u00e9rezt\u00e9k a v\u00e9r szag\u00e1t, ahogyan pedig Argent\u00edna h\u00e1trafel\u00e9 j\u00e1ratta a labd\u00e1t, a k\u00e9kek kit\u00e1madtak, magasan, intenz\u00edven, ahogyan azt egy\u00e9bk\u00e9nt a torna ideje alatt nagyon ritk\u00e1n tett\u00e9k. Messi\u00e9k l\u00e1that\u00f3an nem kontroll\u00e1lt\u00e1k a labd\u00e1t, de nem is sz\u0171r\u0151d\u00f6tt \u00e1t p\u00e1nik. Mart\u00ednez utols\u00f3 mentsv\u00e1rk\u00e9nt fel\u00edvelte labd\u00e1t, ami kiment, a franci\u00e1k dobhattak, kis reklam\u00e1l\u00e1s k\u00f6vetkezett. Argent\u00edna l\u00e1that\u00f3an tartotta a 4-4-2-es v\u00e9dekez\u0151 fel\u00e1ll\u00e1s\u00e1t \u00e9s nem t\u0171nt sz\u00e9tesettnek. A franci\u00e1k viszont megny\u00fajtott\u00e1k l\u00e9pteiket \u00e9s sokkal nagyobb kedvvel j\u00e1tszottak. Egy francia fel\u00edvel\u00e9st azt\u00e1n kifejelnek az argentinok, majd Messi pr\u00f3b\u00e1lta felhozni a labd\u00e1t, \u00e1m a visszaz\u00e1r\u00f3 Coman megfosztotta a labd\u00e1t\u00f3l valahol a f\u00e9lp\u00e1lya k\u00f6rny\u00e9k\u00e9n. Hatalmas \u00fcdvrivalg\u00e1s hallatszott a francia szurkol\u00f3kt\u00f3l.\r\n\r\nComan szerel\u00e9se \u00e9s a t\u00f6meg reakci\u00f3ja \u00e9rezteti, hogy itt valami sz\u00fclet\u0151ben van.\r\n<div class=\"payable-content-section\"><\/div>\r\nA szerel\u00e9s ut\u00e1n k\u00f6zvetlen\u00fcl v\u00e9gigfut egy leheletnyi p\u00e1nik Argent\u00edn\u00e1n, ami\u00e9rt vissza kell z\u00e1rniuk, Coman pedig ink\u00e1bb visszateszi a labd\u00e1t a k\u00f6z\u00e9pp\u00e1ly\u00e1ra. Amikor Rabiot-hoz ker\u00fcl, a labda vonala m\u00f6g\u00f6tt 8 argentin j\u00e1t\u00e9kos helyezkedik, ami nem sok, de nem is kev\u00e9s. Rabiot r\u00e1ad\u00e1sul ekkor \u00fagy d\u00f6nt, hogy egy nagyon furcsa passzal pr\u00f3b\u00e1lkozik: a t\u0151le 20 m\u00e9terre lev\u0151, \u00e9pp visszamozg\u00f3 Mbapp\u00e9 fej\u00e9t veszi c\u00e9lba. Mbapp\u00e9ra kil\u00e9p <strong>Nahuel Molina<\/strong>, aki viszont \u00fcres helyet hagy maga m\u00f6g\u00f6tt. Mbapp\u00e9 k\u00e9nyszer\u00edt\u0151be fog Thurammal, aki lassan emeli be Molina hely\u00e9re. Mbapp\u00e9 a kicsit magas labd\u00e1t nem pr\u00f3b\u00e1lja megszel\u00edd\u00edteni, hanem ink\u00e1bb t\u00f6k\u00e9letes egyens\u00falyban, kap\u00e1sb\u00f3l kil\u00f6vi a hossz\u00fa oldalt. 81:00-n\u00e1l j\u00e1runk. 96 m\u00e1sodperc telt el a tizenegyes \u00f3ta.\r\n\r\n<img class=\"alignnone size-full wp-image-7372\" src=\"https:\/\/sport24.24.hu\/app\/uploads\/sites\/24\/2022\/12\/mbappe.jpg\" alt=\"\" width=\"1024\" height=\"695\" \/>\r\n\r\n<span class=\"highlight-block\">Ebben a pillanatban fogadni mertem volna, hogy Franciaorsz\u00e1g nyer, Argent\u00edn\u00e1n\u00e1l be\u00fct a p\u00e1nik. De ehelyett m\u00e1s t\u00f6rt\u00e9nt.<\/span>\r\n\r\nA k\u00f6z\u00e9pkezd\u00e9s ut\u00e1n hasonl\u00f3 intenzit\u00e1ssal t\u00e1madott ki a francia csapat, \u00e1m az argentinok hamarabb felfejl\u0151dtek a p\u00e1ly\u00e1n, Tchouam\u00e9ni pedig taccsra mentett egy labd\u00e1t. Argent\u00edna valamivel t\u00f6bbet tudta mag\u00e1hoz szor\u00edtani a labd\u00e1t, tov\u00e1bb keringett\u00e9k egyik sz\u00e9lr\u0151l a m\u00e1sikra, de \u00edgy is elvesz\u00edtett\u00e9k azt. A franci\u00e1k \u00fajabb rohammal pr\u00f3b\u00e1lkoztak, Thuram \u00e1tette Mbapp\u00e9nak, aki beadta, \u00e1m a labd\u00e1ja centikkel, de elment Kolo Muani feje mellett. Mbapp\u00e9 ekkor lehajolt, kicsit kifulladtnak t\u0171nt, mintha t\u00falhajtotta volna mag\u00e1t az el\u0151z\u0151 percekben. A franci\u00e1k felt\u00e1mad\u00e1sa akkor \u00e9rt v\u00e9get, amikor Marcus Thuram eldobta mag\u00e1t, \u00e1m szimul\u00e1l\u00e1s miatt s\u00e1rga lapot kapott. A j\u00e1t\u00e9k hossz\u00fa m\u00e1sodpercekig \u00e1llt \u00e9s ezalatt mindenki egy kicsit mindenki megtal\u00e1lta a saj\u00e1t koncentr\u00e1ci\u00f3j\u00e1t.\r\n\r\nKi\u00e9 volt itt a nagyobb \u00e9rdem? Franciaorsz\u00e1g\u00e9, hogy meg\u00e9rezte a v\u00e9r szag\u00e1t, v\u00e1ratlanokat h\u00fazott \u00e9s kihaszn\u00e1lta az egy\u00e9ni hib\u00e1kat, vagy Argent\u00edn\u00e1\u00e9, amely egy j\u00f3 alapstrukt\u00fara mellett nyugodt maradt \u00e9s nem ker\u00fclt \u00e9rzelmileg v\u00f6r\u00f6s z\u00f3n\u00e1ba? Mbapp\u00e9-\u00e9, aki bev\u00e1llalt egy kap\u00e1sl\u00f6v\u00e9st 14 m\u00e9terr\u0151l, vagy az argentin v\u00e9delem\u00e9, amely v\u00e9gs\u0151 elkesered\u00e9s\u00e9ben nem bik\u00e1zott fel minden labd\u00e1t a lel\u00e1t\u00f3ra? Egy kicsit mindegyik. \u00c9pp ett\u0151l volt gy\u00f6ny\u00f6r\u0171 a k\u00fczdelem, hogy ekkor m\u00e9g egyik f\u00e9l sem kerekedett a m\u00e1sik f\u00f6l\u00e9.\r\n<h2>Az utols\u00f3 meccslabd\u00e1k<\/h2>\r\nHihetetlen belegondolni, de a d\u00f6nt\u0151 utols\u00f3 m\u00e1sodperceiben k\u00e9t meccslabda is ad\u00f3dott. Kis csal\u00e1ssal h\u00e1rom.\r\n\r\n121:59-n\u00e9l a labda h\u00e1tv\u00e9dr\u0151l h\u00e1tv\u00e9dre flipperezett. A labd\u00e1t Messi tudta megszel\u00edd\u00edteni, szembefordult a mez\u0151nnyel \u00e9s kiugrasztotta <strong>Lautaro Mart\u00ednezt<\/strong>, aki egym\u00e9teres el\u0151nyb\u0151l k\u00e9tm\u00e9teres h\u00e1tr\u00e1nyba ker\u00fclt a vissza\u00e9rkez\u0151 Ibrahima Konat\u00e9val szemben. Lautaro v\u00e1llal pr\u00f3b\u00e1lta meg lep\u00f6ck\u00f6lni mag\u00e1r\u00f3l Konat\u00e9t, akit nem hatott meg a mozdulat, cser\u00e9be elcs\u00faszott, Lautaro pedig eg\u00e9sz egyszer\u0171en a fekv\u0151 emberbe r\u00fagta a labd\u00e1t. Az igazs\u00e1ghoz hozz\u00e1tartozik, hogy les miatt visszaintett\u00e9k az akci\u00f3t. De itt a m\u00e1sodpercek fontosak.\r\n\r\nA kifel\u00e9 szabadr\u00fag\u00e1st <strong>Hugo Lloris<\/strong> v\u00e9gezte el 122:33-n\u00e1l. A fel\u00edvelt labd\u00e1n\u00e1l j\u00f6tt a szok\u00e1sos p\u00e1rbaj: Kolo Muani \u00e9s Otamendi ugrottak fel fejelni. Az argentin fejelte ki labd\u00e1t, ami visszaker\u00fclt Konat\u00e9hoz, aki el\u0151sz\u00f6r mellel vette le a labd\u00e1t, majd ugyanannak a k\u00e9t embernek a h\u00e1ta m\u00f6g\u00e9 j\u00e1tszotta vissza a labd\u00e1t. Otamendi l\u00e1that\u00f3an nem gondolta, hogy ilyen gyorsan visszat\u00e9r hozz\u00e1 a labda, \u00e9s l\u00e1tv\u00e1nyosan beragadt a passzn\u00e1l, Kolo Muani pedig j\u00f3 \u00fctemben indult \u00e9s gyorsabb is volt. A kapussal szemben tal\u00e1lta mag\u00e1t. Ziccer.\r\n\r\n<span class=\"highlight-block-small\">122:43-n\u00e1l Kolo Muani l\u00f6v\u00e9s\u00e9t Mart\u00ednez a bal l\u00e1b\u00e1val v\u00e9dte. Egy vil\u00e1gbajnoki d\u00f6nt\u0151 sorsa d\u0151lt el azon, hogy az Eintracht Frankfurt j\u00e1t\u00e9kos\u00e1nak l\u00f6v\u00e9s\u00e9t h\u00e1r\u00edtotta az Aston Villa kapusa.<\/span>\r\n\r\nN\u00e9gyszer n\u00e9ztem vissza a mozdulatot, mert nem tudtam nem levenni a szemem a jelenetr\u0151l. N\u00e9gyszeri visszateker\u00e9s ut\u00e1n vettem \u00e9szre, mi t\u00f6rt\u00e9nt k\u00f6r\u00fcl\u00f6tte. Mbapp\u00e9 ugyan nem mutatta mag\u00e1t, de t\u00f6k\u00e9letesen tiszta helyzetben kaphatta volna a labd\u00e1t. Mart\u00ednez a ziccer el\u0151tt megapr\u00f3zva a l\u00e9pteit, vet\u0151d\u00e9sre k\u00e9szen rogyasztott, a kapuj\u00e1t\u00f3l 8-9 m\u00e9terre. \u00c9s ami a leghihetetlenebb: ahogy kipattant Mart\u00ednezr\u0151l a labda, a visszafut\u00f3 Romero m\u00e9g \u00e9ppen hogy bele tudott kapni a fej\u00e9vel. Ha ez nem siker\u00fclt volna, a labda a teljesen \u00fcresen \u00e1ll\u00f3 Thuram el\u00e9 ker\u00fcl.\r\n\r\nEhelyett <strong>Enzo Fernandezhez<\/strong> pattant, aki egyb\u0151l felp\u00f6ck\u00f6lte, \u00e1t a francia k\u00f6z\u00e9pp\u00e1ly\u00e1n. A kih\u00faz\u00f3d\u00f3 Messihez ker\u00fclt, aki ind\u00edtotta a m\u00e9g friss \u00e9s ter\u00fcletbe sprintel\u0151 <strong>Leonardo Paredest<\/strong>, aki lefutotta a visszaz\u00e1r\u00f3 <strong>Dayot Upamecan\u00f3t<\/strong>. A tizenhatosn\u00e1l Lautaro Mart\u00ednez gy\u00f6ny\u00f6r\u0171en \u00fagy tett, ahogy a csat\u00e1rnak tennie kellett: a hossz\u00fara indult, \u00e1m egy ponton a r\u00f6vid fel\u00e9 vette az ir\u00e1nyt, amivel elk\u00fcldte a m\u00e1ln\u00e1sba Axel Disasit.\r\n\r\n122:58-n\u00e1l Lautaro felugrott \u00e9s mell\u00e9 fejelte.\r\n\r\n<img class=\"alignnone size-full wp-image-7373\" src=\"https:\/\/sport24.24.hu\/app\/uploads\/sites\/24\/2022\/12\/lautaro.jpg\" alt=\"\" width=\"1024\" height=\"683\" \/>\r\n\r\nA meccsen, amit 4 \u00e9vente rendeznek, 15 m\u00e1sodperc k\u00fcl\u00f6nbs\u00e9ggel ott volt a meccslabda Kolo Muanin\u00e1l \u00e9s az Inter csat\u00e1r\u00e1n\u00e1l. A ked\u00e9lyek ezut\u00e1n lenyugodtak \u00e9s egyik csapat sem mert kock\u00e1ztatni.\r\n\r\nA foci irracionalit\u00e1s\u00e1t megmagyar\u00e1zni \u00f6nmag\u00e1ban egy ellentmond\u00e1s: ami a racionalit\u00e1son t\u00fal van, az nehezen magyar\u00e1zhat\u00f3. Az\u00e9rt t\u00f6rt\u00e9nik, mert a focit emberek j\u00e1tssz\u00e1k, akik hib\u00e1znak, f\u00e9lnek, olykor j\u00f3l \u00e9s m\u00e1skor rosszul koncentr\u00e1lnak. Az\u00e9rt t\u00f6rt\u00e9nik, mert az egyik legnehezebb ir\u00e1ny\u00edthat\u00f3 testr\u00e9sz\u00fckkel pr\u00f3b\u00e1lnak meg kezelni egy g\u00f6mb alak\u00fa t\u00e1rgyat. A meccseket az edz\u0151k szabj\u00e1k, de a j\u00e1t\u00e9kosok sz\u00f6vik. A varr\u00e1s k\u00f6zben viszont n\u00e9ha megcs\u00faszik a kez\u00fck.\r\n\r\n<span class=\"highlight-block\">N\u00e9ha sakk, n\u00e9ha dob\u00f3kocka.<\/span>","type":"rich","thumbnail_url":"https:\/\/s.24.hu\/app\/uploads\/sites\/24\/2022\/12\/emiliano-martinez-150x150.jpg","thumbnail_width":150,"thumbnail_height":150}