{"version":"1.0","provider_name":"Sport24","provider_url":"https:\/\/sport24.24.hu","author_name":"Bruckner G\u00e1bor","author_url":"https:\/\/sport24.24.hu\/author\/brucknerg\/","title":"M\u00e1t\u00e9 G\u00e1bor: Humphrey Bogart Katarban","html":"M\u00e9g mindig jobb bronz\u00e9rmet nyerni, mint a d\u00f6nt\u0151ben kikapni, \u00e9s ez\u00fcst\u00e9remmel hazat\u00e9rni. Ez az elfogadott sz\u00f3lam m\u00e1r a meccs el\u0151tt \u00e9s ut\u00e1na is igaznak t\u0171nik.\r\n\r\nTeh\u00e1t Horv\u00e1torsz\u00e1g lehet boldogabb. Marokk\u00f3 sem boldogtalan tal\u00e1n, hiszen nem kis dolog afrikai csapatk\u00e9nt az el\u0151d\u00f6nt\u0151be jutni. Pluszban m\u00e9g, ugye, az arab vil\u00e1g k\u00f6vetek\u00e9nt. Teh\u00e1t nagy baj nem t\u00f6rt\u00e9nt, sz\u00ednvonalas j\u00e1t\u00e9k jellemezte a tal\u00e1lkoz\u00f3t, benne volt a g\u00f3l, ak\u00e1r a tov\u00e1bbi g\u00f3lok is a kilencven percben. Biztat\u00f3 volt, hogy alig indult el az \u00f6sszecsap\u00e1s, <strong>Gvardiol<\/strong> \u2013 akinek az \u00e1ra az elm\u00falt napokban tov\u00e1bb emelkedett, m\u00e1r sz\u00e1zhuszonvalah\u00e1ny milli\u00f3ba ker\u00fcl \u2013 m\u00e1ris g\u00f3lt fejelt, r\u00e1ad\u00e1sul arcv\u00e9d\u0151 maszkban.\r\n\r\nH\u00e1t nem tudom.\r\n\r\n<span class=\"highlight-block\">A fejel\u00e9s f\u00e1j. <\/span>\r\n\r\n\u00c9s volt egy-k\u00e9t \u00e9v, amikor a leveg\u0151ben l\u00f3gott, hogy eg\u00e9szs\u00e9g\u00fcgyi okokb\u00f3l betiltj\u00e1k. S\u0151t \u00fagy sz\u00f3l a verdikt, hogy Nagy-Britanni\u00e1ban a 12 \u00e9vn\u00e9l fiatalabb futballpal\u00e1nt\u00e1k <a href=\"https:\/\/rangado.24.hu\/nemzetkozi_foci\/2022\/08\/13\/fejeles-betiltasa-a-fiatal-focistaknal-demencia-prevencio\/\">az edz\u00e9seken nem gyakorolhatj\u00e1k a fejel\u00e9st.<\/a> (Persze, ha nem gyakorolj\u00e1k, hogyan tudnak majd j\u00f3l fejelni az \u00e9les meccseken?) A gyakori fejel\u00e9s agyi traum\u00e1t okoz ugyanis, azt olvasom, el\u00e9g csak h\u00fasszor a labd\u00e1ba fejelni, a mem\u00f3riateljes\u00edtm\u00e9ny a fel\u00e9re cs\u00f6kken.\r\n\r\nTeh\u00e1t az is lehet, hogy a 20 \u00e9ves v\u00e9d\u0151j\u00e1t\u00e9kos arra eml\u00e9kszik, hogy megnyert\u00e9k a bronzmeccset, de arra nem, hogy \u00f6v\u00e9 volt az els\u0151 g\u00f3l, s\u0151t \u0151 szab\u00e1lytalankodott a marokk\u00f3iak egyenl\u00edt\u0151 g\u00f3lja el\u0151tt. Ehhez j\u00f6n m\u00e9g az arcv\u00e9d\u0151 maszk, amit az\u00e9rt hord, mert egy n\u00e9met bajnokin elt\u00f6rt az orra. Nem tudom. Ha rajtam lenne egy ilyen orrv\u00e9d\u0151-felszerel\u00e9s, kedvem lenne-e kock\u00e1ztatni egy \u00fajabb t\u00f6r\u00e9st, hiszen k\u00e9ts\u00e9gk\u00edv\u00fcl p\u00e1r centin m\u00falik, hogy a b\u0151rgoly\u00f3 oda\u00e9r-e az orromhoz vagy sem. Sz\u00f3val nem mindennapi vakmer\u0151s\u00e9g lehetett a r\u00e9sz\u00e9r\u0151l egy\u00e1ltal\u00e1n r\u00e9szt venni a vil\u00e1gbajnoks\u00e1gon, h\u00e1t m\u00e9g fejelni, h\u00e1t m\u00e9g az esem\u00e9ny felfedezettj\u00e9nek lenni oly m\u00f3don, hogy \u00e1lland\u00f3an viselnie kell ezt a maskar\u00e1t. Lassan dupla annyiba ker\u00fcl a kiv\u00e1s\u00e1rl\u00e1si \u00e1ra, mint m\u00e1sf\u00e9l h\u00f3nappal ezel\u0151tt, mindez 20 \u00e9vesen. \u00c9n <strong>Koltai R\u00f3bert<\/strong> <em>Csocs\u00f3<\/em> c\u00edm\u0171 filmj\u00e9ben fejeltem utolj\u00e1ra, mit mondjak, nem volt kellemes.\r\n\r\n<img class=\"alignnone size-full wp-image-7317\" src=\"https:\/\/sport24.24.hu\/app\/uploads\/sites\/24\/2022\/12\/gettyimages-1245679517-2.jpg\" alt=\"\" width=\"2000\" height=\"1333\" \/>\r\n<div class=\"payable-content-section\"><\/div>\r\nGvardiol csapatt\u00e1rsa, <strong>Orsic<\/strong> pomp\u00e1s g\u00f3lt l\u0151tt m\u00e9g az els\u0151 f\u00e9lid\u0151ben. 2-1, ennyi is lett a v\u00e9geredm\u00e9ny. \u00c9rdekes volt tov\u00e1bb\u00e1, hogy\r\n\r\n<span class=\"highlight-block-small\"> Kramaric a m\u00e1sodik f\u00e9lid\u0151 58. perc\u00e9ben elter\u00fclt a f\u00f6ld\u00f6n, k\u00f6zel a sz\u00f6glet z\u00e1szl\u00f3hoz, a j\u00e1t\u00e9k folyt, folyt, se a j\u00e1t\u00e9kosok, se a b\u00edr\u00f3 nem gondolta, hogy \u00e9rdemes lenne meg\u00e1ll\u00edtani egy s\u00edpsz\u00f3val a kerget\u0151z\u00e9st.<\/span>\r\n\r\nSe a marokk\u00f3iak, se a horv\u00e1tok nem r\u00fagt\u00e1k ki a labd\u00e1t az oldalvonalon k\u00edv\u00fclre, \u00edgy h\u00e1t Kramaric felkelt, elv\u00e1nszorgott a kezd\u0151k\u00f6rig \u00e9s ott \u00fajra le\u00fclt. A m\u00e9rk\u0151z\u00e9st magyarul k\u00f6zvet\u00edt\u0151 honfit\u00e1rsunk gyanakodni kezdett, miszerint nyilv\u00e1n valamilyen v\u00edrusfert\u0151z\u00e9st kaphatott. Ek\u00f6zben a horv\u00e1t orvosi st\u00e1b Kramaric combj\u00e1t jegelte, mindenf\u00e9le spray-k ker\u00fcltek el\u0151. A t\u00e9v\u00e9ben m\u00e9g mindig a v\u00edrusra gyanakodtak. Hiszen a franci\u00e1k is betegek lettek. V\u00edrusfert\u0151z\u00e9st a combon ell\u00e1tni, ilyet m\u00e9g nem l\u00e1ttam. A gyanakv\u00e1s akkor sem sz\u0171nt meg, amikor Kramaric m\u00e1r a cserepadon \u00fcld\u00f6g\u00e9lt \u00e9s a bal combj\u00e1ra jeges t\u00f6ml\u0151t tekertek.\r\n\r\nK\u00e9s\u0151bb volt m\u00e9g meg nem adott tizenegyes, felr\u00e9mlett, hogy a b\u00edr\u00f3 meg a VAR-szob\u00e1ban \u00fcl\u0151 koll\u00e9g\u00e1k \u00edgy akarnak es\u00e9lyt adni Marokk\u00f3nak az esetleges egyenl\u00edt\u00e9shez. Ha j\u00f3l l\u00e1ttam, <strong>Amrabat<\/strong> elg\u00e1ncsolta a kapura t\u00f6r\u0151 Gvardiolt. Ez ut\u00f3bbi elk\u00f6vetett egy hib\u00e1t: a g\u00e1ncsol\u00e1s \u00e9szlel\u00e9se ut\u00e1n esett el, nem pedig akkor, amikor elg\u00e1ncsolt\u00e1k.\u00a0 Eltelt egy m\u00e1sodperc a cselekv\u00e9s \u00e9s annak \u00e9rz\u00e9kel\u00e9se k\u00f6z\u00f6tt, \u00e9s az \u00e9szlel\u00e9s ut\u00e1n a kellet\u00e9n\u00e9l l\u00e1tv\u00e1nyosabbat esett a horv\u00e1t.\u00a0 V\u00e9g\u00fcl az arab egy\u00fcttes \u2013 noha voltak helyzetei \u2013 k\u00e9ptelen volt \u00fajra a kapuba tal\u00e1lni. A <strong>Hakimi, Zijes<\/strong> tandem vesz\u00e9lyesen m\u0171k\u00f6d\u00f6tt, de hi\u00e1ba.\r\n\r\nTal\u00e1n ilyenkor mindenki hazamegy, a horv\u00e1tok Horv\u00e1torsz\u00e1gba, minden bizonnyal Z\u00e1gr\u00e1bba, a marokk\u00f3iak tal\u00e1n Rabatba. K\u00e1r, hogy nem Casablanca a marokk\u00f3i f\u0151v\u00e1ros, mert milyen nosztalgikus lehetne a futball kapcs\u00e1n a <em>Casablanca<\/em> c\u00edm\u0171 filmre gondolni. Mindig kar\u00e1csonykor \u2013 k\u00f6zeleg ugyeb\u00e1r \u2013 adta le a t\u00e9v\u00e9 annak idej\u00e9n, a kiv\u00e1l\u00f3 magyar szinkronhangokkal. A f\u00fclemben cseng, ahogy a v\u00e9g\u00e9n a <strong>K\u00e1lm\u00e1n Gy\u00f6rgy<\/strong> hang\u00fa <strong>Humphrey Bogart<\/strong>\u00a0Rick szerep\u00e9ben azt mondja:\r\n<blockquote class=\"small-quote\">Louis, maga ugyanolyan szentiment\u00e1lis, mint \u00e9n.<\/blockquote>\r\n[prefabricated_shortcode in_app=\"0\" code=\"%3Cdiv%20class%3D%22article_box_border%22%20style%3D%22background%3A%20url%28%27https%3A%2F%2F24.p3k.hu%2Fapp%2Fuploads%2Fsites%2F24%2F2021%2F05%2Fsport24-pattern.png%27%29%20no-repeat%20left%20-16px%20%23f3f3f4%3B%20border%3A%20none%3B%22%3E%0D%0A%3Cdiv%20class%3D%22article_solidheader%22%3E%0D%0A%3Ch2%20style%3D%22color%3A%20%23111115%21important%3B%20font-size%3A%2036px%3B%20font-weight%3A%20bold%3B%20margin-bottom%3A%2030px%3B%20margin-top%3A%2020px%3B%20text-align%3A%20center%3B%20line-height%3A%2036px%3B%22%3E%3Cimg%20class%3D%22aligncenter%20size-full%20wp-image-141%22%20src%3D%22https%3A%2F%2F24.p3k.hu%2Fapp%2Fuploads%2Fsites%2F24%2F2021%2F05%2Fs24-logo-dt.png%22%20alt%3D%22%22%20width%3D%22408%22%20height%3D%2290%22%20%2F%3E%3C%2Fh2%3E%0D%0A%3Ch2%20style%3D%22color%3A%20%23111115%21important%3B%20font-size%3A%2036px%3B%20font-weight%3A%20bold%3B%20margin-bottom%3A%2030px%3B%20margin-top%3A%2020px%3B%20text-align%3A%20center%3B%20line-height%3A%2040px%3B%22%3ECsatlakozz%20a%20Sport24%20k%C3%B6z%C3%B6ss%C3%A9ghez%2C%20mondd%20el%20v%C3%A9lem%C3%A9nyedet%20z%C3%A1rt%20Facebook-csoportunkban%2C%20%C3%A9s%20vegy%C3%A9l%20r%C3%A9szt%20csak%20el%C5%91fizet%C5%91knek%20el%C3%A9rhet%C5%91%20exkluz%C3%ADv%20esem%C3%A9nyeinken.%3C%2Fh2%3E%0D%0A%3C%2Fdiv%3E%0D%0A%3Cp%20style%3D%22background%3A%20%2357A600%3B%20margin-top%3A%2020px%3B%20padding%3A%2020px%3B%20text-align%3A%20center%3B%22%3E%3Ca%20style%3D%22color%3A%20%23ffffff%3B%20font-size%3A%2026px%3B%20font-weight%3A%20600%3B%22%20href%3D%22https%3A%2F%2Fwww.facebook.com%2Fgroups%2F212344460412327%22%3ECSATLAKOZOM%3C%2Fa%3E%3C%2Fp%3E%0D%0A%0D%0A%3C%2Fdiv%3E\"]","type":"rich","thumbnail_url":"https:\/\/s.24.hu\/app\/uploads\/sites\/24\/2022\/12\/gettyimages-1245675104-2-150x150.jpg","thumbnail_width":150,"thumbnail_height":150}