{"version":"1.0","provider_name":"Sport24","provider_url":"https:\/\/sport24.24.hu","author_name":"Fut\u00f3 Csaba","author_url":"https:\/\/sport24.24.hu\/author\/futocs\/","title":"Marokk\u00f3 \u00e9vek \u00f3ta toboroz kett\u0151s \u00e1llampolg\u00e1rs\u00e1g\u00fa j\u00e1t\u00e9kosokat, a munka pedig most \u00e9rt be","html":"<span class=\"highlight-block\">Els\u0151 hangz\u00e1sra az elk\u00e9pzel\u00e9s teljesen logikus.<\/span>\r\n\r\nHa valahol \u00e9l egy labdar\u00fag\u00f3, aki \u00fcgyes, versenyk\u00e9pes, \u00e9s m\u00e9g mindemellett kett\u0151s \u00e1llampolg\u00e1r is, akkor mi\u00e9rt ne kopogtathatna n\u00e1la az az orsz\u00e1g, amelynek z\u00e1szlaja ott van a m\u00e1sik \u00fatlevel\u00e9n is?\r\n\r\nAz ut\u00f3bbi id\u0151ben t\u00f6bb sz\u00f6vets\u00e9gn\u00e9l is elkezdtek \u00edgy gondolkodni. <strong>Raphael Guerreiro<\/strong> \u00e9s <strong>Anthony Lopes<\/strong> p\u00e9ld\u00e1ul mindketten portug\u00e1l sz\u00fcl\u0151k sarjai, akik Franciaorsz\u00e1gban sz\u00fclettek \u00e9s kezdt\u00e9k el karrierj\u00fcket, \u00e1m egy ponton a portug\u00e1l labdar\u00fag\u00f3-sz\u00f6vets\u00e9g megkeres\u00e9s\u00e9re \u00fagy d\u00f6nt\u00f6ttek, hogy Portug\u00e1li\u00e1t v\u00e1lasztj\u00e1k Franciaorsz\u00e1g helyett. <strong>N\u00e9meth Antal<\/strong>, a magyar ut\u00e1np\u00f3tl\u00e1s-k\u00e9pz\u00e9s vezet\u0151je nemr\u00e9g azt nyilatkozta:\r\n<blockquote>Az a c\u00e9lunk, hogy felkutassuk a k\u00fclf\u00f6ld\u00f6n j\u00e1tsz\u00f3, magyar felmen\u0151kkel rendelkez\u0151 tehets\u00e9geket \u00e9s itthon szeretn\u00e9nk kialak\u00edtani egy scout-h\u00e1l\u00f3zatot, hogy rendszeresen figyelni tudjuk a j\u00e1t\u00e9kosokat.<\/blockquote>\r\nA ma vil\u00e1gbajnoki el\u0151d\u00f6nt\u0151t j\u00e1tsz\u00f3 Marokk\u00f3 eset\u00e9ben az az \u00e9rdekes, hogy m\u00e1r 2014 \u00f3ta van ilyen h\u00e1l\u00f3zatuk. A kor\u00e1bban Caenban szakmai vezet\u0151k\u00e9nt, vagy a marseille-i ifj\u00fas\u00e1gi akad\u00e9mia vezet\u0151jek\u00e9nt megfordult <strong>Nasszer Larguet<\/strong> ekkor ker\u00fclt a marokk\u00f3i sz\u00f6vets\u00e9g \u00e9l\u00e9re. A c\u00e9lja egy\u00e9rtelm\u0171 volt: \u00f6sszerakni egy olyan scout-csapatot, amely a marokk\u00f3i diaszp\u00f3ra legnagyobb eur\u00f3pai csom\u00f3pontjaiban, Hollandi\u00e1ban, Belgiumban \u00e9s Franciaorsz\u00e1gban felt\u00e9rk\u00e9pezi \u00e9s becserk\u00e9szi azokat a kett\u0151s \u00e1llampolg\u00e1r labdar\u00fag\u00f3kat, akik j\u00e1tszhatn\u00e1nak Marokk\u00f3 sz\u00edneiben. A megfigyel\u0151i h\u00e1l\u00f3zatba olyan szakemberek ker\u00fcltek be, mint <strong>Ahmed Chouari<\/strong> (kor\u00e1bban a Toulouse j\u00e1t\u00e9kosmegfigyel\u0151je volt) \u00e9s <strong>Noureddine Moukrim<\/strong> (az Anderlecht kor\u00e1bbi alkalmazottja) is.\r\n\r\nAz \u00f6tlet persze m\u0171k\u00f6d\u0151k\u00e9pes is, hiszen az adott orsz\u00e1g \u201ecsak\u201d egyetlen vet\u00e9lyt\u00e1rssal versenyez: az adott nevel\u0151orsz\u00e1g v\u00e1logatottj\u00e1val. Az udvarl\u00f3 viszont sokszor csak akkor j\u00e1r sikerrel, amikor a j\u00e1t\u00e9kos el\u00e9ri az \u00fcvegplafont \u00e9s r\u00e1j\u00f6n, hogy a nagy versenyben nem lesz es\u00e9lye beker\u00fclni adott orsz\u00e1g v\u00e1logatottj\u00e1ba. (\u00cdgy j\u00e1rt annak idej\u00e9n <strong>Aymeric Laporte<\/strong>, aki a b\u0151d\u00fcletes francia mer\u00edt\u00e9s miatt t\u00f6bbsz\u00f6ri visszapattan\u00e1s ut\u00e1n ink\u00e1bb 26 \u00e9vesen Spanyolorsz\u00e1got v\u00e1lasztotta.) Ennek az \u00e1ra, hogy a j\u00e1t\u00e9kos m\u00e1r csak feln\u0151tt kor\u00e1ra kezd el gondolkodni a m\u00e1sodik es\u00e9ly lehet\u0151s\u00e9g\u00e9n.\r\n<div class=\"payable-content-section\"><\/div>\r\nMarokk\u00f3 ebben m\u00e1sk\u00e9pp j\u00e1rt el. Larguet azt vallotta, hogy a j\u00e1t\u00e9kosokat min\u00e9l hamarabb kell el\u00e9rni, nem szabad t\u00fal sokat v\u00e1rni \u2013 s\u0151t, mennyis\u00e9g helyett min\u0151s\u00e9gi alapon kezdtek el megfigyelni.\r\n<blockquote>Azt akartam, hogy igaz\u00e1n kor\u00e1n kezdj\u00fck, m\u00e1r a 14-15 \u00e9vesekn\u00e9l, ez\u00e9rt l\u00e9trehoztam egy U15-\u00f6s kateg\u00f3ri\u00e1t<\/blockquote>\r\n\u2013 mondta Larguet. \u201e18-20 \u00e9vesen m\u00e1r k\u00e9s\u0151, f\u0151leg, amikor a legjobbjaidat akarod elhozni a v\u00e1logatottakhoz. A terv\u00fcnk az volt, hogy csak a legjobbakra menj\u00fcnk r\u00e1, akik hozz\u00e1adott \u00e9rt\u00e9ket k\u00e9pviselnek. Amikor fiatalon elhozod, azzal h\u0171s\u00e9gesebb\u00e9 teszed a kett\u0151s nemzetis\u00e9g\u0171t \u00e9s egy hossz\u00fa t\u00e1v\u00fa folyamatba cs\u00f6ppented bele.\u201d\r\n\r\nEbben a k\u00e9rd\u00e9sben egy\u00e9bk\u00e9nt sok afrikai, de eur\u00f3pai orsz\u00e1g is m\u00e1sk\u00e9pp j\u00e1r el. Legt\u00f6bbj\u00fck olyan j\u00e1t\u00e9kosokat keres, akik lepattantak az adott orsz\u00e1g ut\u00e1np\u00f3tl\u00e1s-rendszer\u00e9r\u0151l, \u00e1m mire kiveti \u0151ket a rendszer, t\u00fal sokba ker\u00fcl \u0151ket meggy\u0151zni. Larguet m\u00e1r klubszinten is ut\u00e1lta a \u201emeg nem keres\u00e9si\u201d meg\u00e1llpod\u00e1sokat (contrat de non-sollicitation \u2013 olyan egyezs\u00e9g, hogy egy j\u00e1t\u00e9kost bizonyos korig nem keresik fel \u00e9s nem bomb\u00e1zz\u00e1k aj\u00e1nlattal) \u00e9s szerinte v\u00e1logatott premiz\u00e1l\u00e1sok is f\u00e9lrevezetnek. \u201eA vaskos csekk elveszi az \u00e9rtelm\u00e9t annak, hogy mi\u00e9rt csin\u00e1ljuk. Azzal magunkat \u00e1ltatjuk.\u201d \u2013 mondta Larguet.\r\n\r\nA scout-h\u00e1l\u00f3zat azt\u00e1n munk\u00e1ba \u00e1llt. Kezdetben <strong>Younes Belhand\u00e1t<\/strong>, <strong>Abdelhamid El-Kaoutarit<\/strong>,<strong> Karim Ait-Fan\u00e1t<\/strong> is siker\u00fclt becserk\u00e9szni, s\u0151t, azt a nemr\u00e9g Portug\u00e1lia ellen beugr\u00f3k\u00e9nt p\u00e1ly\u00e1ra l\u00e9p\u0151 <strong>Romain Saiss-t<\/strong>, akir\u0151l kezdetben azt sem tudt\u00e1k, hogy a vil\u00e1gon van.\r\n<blockquote>Amikor r\u00e1tal\u00e1ltam 2011-ben, azt sem tudtam, hogy marokk\u00f3i gy\u00f6kerekkel rendelkezik<\/blockquote>\r\n\u2013 mondta Saissr\u00f3l Chouari, az egyik j\u00e1t\u00e9kosmegfigyel\u0151. \u201eM\u00e9g a Clermont-n\u00e1l j\u00e1tszott, a francia m\u00e1sodoszt\u00e1lyban. Elmagyar\u00e1ztam, milyen felt\u00e9teleknek kell megfelelni, hogy megkapja az \u00e1llampolg\u00e1rs\u00e1got. A sz\u00f6vets\u00e9gn\u00e9l senki nem hitt benne. Egyed\u00fcl Walid Regragui, aki akkor a sz\u00f6vets\u00e9gi kapit\u00e1ny m\u00e1sodedz\u0151je volt.\u201d\r\n\r\nPersze akadtak kudarcok is. Egy ponton <strong>Aimen Moueffek<\/strong> (Franciaorsz\u00e1g), <strong>Kays Ruiz<\/strong> (Franciaorsz\u00e1g) \u00e9s <strong>Ismael Bennacer<\/strong> (Alg\u00e9ria) is v\u00e1laszthatt\u00e1k volna a marokk\u00f3i v\u00e1logatottat, de v\u00e9g\u00fcl m\u00e1sk\u00e9pp d\u00f6nt\u00f6ttek. Ugyanakkor minden ilyen esetre jutott egy Nusszair Mazraui, vagy egy Amine Harit. A 16 \u00e9vesen megk\u00f6rny\u00e9kezett Harit kor\u00e1bban a francia koroszt\u00e1lyos v\u00e1logatottakban j\u00e1tszott, amikor Chouari megkereste. Harit a francia k\u00e9pz\u00e9si rendszer \u00e9s a helyi edz\u0151k szerint is t\u00fal kicsinek sz\u00e1m\u00edtott, emiatt a profilja sosem ker\u00fclt igaz\u00e1n sz\u00e1m\u00edt\u00e1sba. 2017-ben azt\u00e1n Marokk\u00f3t v\u00e1lasztotta.\r\n\r\nA marokk\u00f3i strat\u00e9gia nem \u00e1llt meg az udvarl\u00e1sn\u00e1l. A j\u00e1t\u00e9kosokat az elej\u00e9t\u0151l fogva \u00f6sszecs\u0151d\u00edtett\u00e9k \u00e9s egy\u00fctt nevelt\u00e9k. Minden koroszt\u00e1lyra \u00f6sszetart\u00e1sokat szerveztek Eur\u00f3p\u00e1ban, \u00e9s \u00e9vek \u00f3ta szerveznek torn\u00e1kat k\u00f6z\u00f6sen Tun\u00e9zi\u00e1val, Alg\u00e9ri\u00e1val, Egyiptommal \u00e9s L\u00edbi\u00e1val. L\u00e9trehoztak egy Angli\u00e1hoz (St. George\u2019s Park), Franciaorsz\u00e1ghoz (Clairefontaine) vagy Magyarorsz\u00e1ghoz (Telki) hasonl\u00f3 edz\u0151k\u00f6zpontot Sal\u00e9ban, ahol az edz\u00e9seket egym\u00e1s mellett tartj\u00e1k a feln\u0151ttek\u00e9vel, hogy a koroszt\u00e1lyok l\u00e1ss\u00e1k \u00e9s motiv\u00e1lj\u00e1k egym\u00e1st. A kett\u0151s nemzetis\u00e9g\u0171 j\u00e1t\u00e9kosokat a sz\u00e1ll\u00e1sokon a hazaiakkal vegy\u00edtik.\r\n<blockquote>A szob\u00e1kban azt\u00e1n kult\u00far\u00e1k \u00e9s nyelvek keverednek, k\u00f6z\u00f6ss\u00e9g \u00e9p\u00fcl<\/blockquote>\r\n\u2013 mondta Larguet.\r\n\r\nA legnagyobb sikersztori term\u00e9szetesen Achraf Hakimi becserk\u00e9sz\u00e9se. Hakimi marokk\u00f3i sz\u00fcl\u0151k gyermeke, aki m\u00e1r Madridban sz\u00fcletett, els\u0151 (futball)l\u00e9p\u00e9seit pedig az egyik getafei k\u00fclv\u00e1rosi klubban tette meg, onnan ker\u00fclt a Real Madrid akad\u00e9mi\u00e1j\u00e1ra. Hakimit \u00fagy tal\u00e1lt\u00e1k meg, hogy egy Spanyolorsz\u00e1gban \u00e9l\u0151 marokk\u00f3i sz\u00e1rmaz\u00e1s\u00fa blogger, Rabie Takassa list\u00e1t vezetett az orsz\u00e1gban j\u00e1tsz\u00f3 marokk\u00f3i j\u00e1t\u00e9kosokr\u00f3l, a sz\u00f6vets\u00e9g pedig felfigyelt r\u00e1 \u00e9s kapcsolatba l\u00e9ptek. Takassa \u00edgy eml\u00e9kezett vissza a megkeres\u00e9sre. \u201eAmikor r\u00e1tal\u00e1ltam, 11 \u00e9ves volt. A csal\u00e1dj\u00e1t szegr\u0151l-v\u00e9gr\u0151l ismertem. Amikor a marokk\u00f3i sz\u00f6vets\u00e9g felvette velem a kapcsolatot 2014 tavasz\u00e1n, akkor minden k\u00f6nnyen ment. Achrafot bev\u00e1logatt\u00e1k Marokk\u00f3ban, de nem tudott menni, az iskol\u00e1ban \u00e9v v\u00e9gi vizsg\u00e1kat kellett tennie. De alig v\u00e1rta, hogy csatlakozzon. Azt\u00e1n beh\u00edvta a Spanyol U18 \u00e9s k\u00e9telyei t\u00e1madtak. Nasszer (Larguet) azt mondta, hogy menjen, \u00e9s l\u00e1sson vil\u00e1got. Elment vel\u00fck egy \u00f6sszetart\u00e1sra \u00e9s azt mondta, hogy ink\u00e1bb Marokk\u00f3t v\u00e1lasztja, mert ott otthonosabban \u00e9rzi mag\u00e1t.\u201d\r\n\r\nHakimi ezut\u00e1n elment az els\u0151 koroszt\u00e1lyos v\u00e1logatott edz\u0151t\u00e1borba, ahol 38 marokk\u00f3i fiatal k\u00f6z\u00fcl 24-en Franciaorsz\u00e1gban, 14-en pedig Eur\u00f3pa m\u00e1s szeglet\u00e9b\u0151l sz\u00e1rmaztak. Hakimi ekkor 16 \u00e9ves volt.\r\n\r\n<span class=\"highlight-block-small\">Most, 24 \u00e9vesen Franciaorsz\u00e1g ellen az els\u0151 olyan afrikai v\u00e1logatott tagja, amely az\u00e9rt harcol, hogy bejusson egy labdar\u00fag\u00f3-vil\u00e1gbajnoks\u00e1g d\u00f6nt\u0151j\u00e9be.<\/span>","type":"rich","thumbnail_url":"https:\/\/s.24.hu\/app\/uploads\/sites\/24\/2022\/12\/gettyimages-1245512955-e1671035776719-150x150.jpg","thumbnail_width":150,"thumbnail_height":150}