{"version":"1.0","provider_name":"Sport24","provider_url":"https:\/\/sport24.24.hu","author_name":"Fut\u00f3 Csaba","author_url":"https:\/\/sport24.24.hu\/author\/futocs\/","title":"Legyen t\u00e1nc! \u2013 nem tiszteletlens\u00e9g, \u00e9let\u00e9rz\u00e9s a brazilok g\u00f3l\u00f6r\u00f6me","html":"Egy t\u00e1nc koreogr\u00e1fi\u00e1ja m\u00e9g csak-csak le\u00edrhat\u00f3, ritmusa szavakkal \u00e9rz\u00e9keltethet\u0151, de a teljes \u201eprodukci\u00f3\u201d \u00edgy is csak az \u00edr\u00f3 szem\u00e9lyis\u00e9g\u00e9nek er\u0151s filter\u00e9n kereszt\u00fcl jut el az olvas\u00f3hoz, \u00edgy messze nem ad objekt\u00edv k\u00e9pet. Ez\u00e9rt nem is v\u00e1llalkozn\u00e9k a brazil v\u00e1logatott g\u00f3lok ut\u00e1n bemutatott t\u00e1ncainak szakszer\u0171 kritik\u00e1j\u00e1ra,\r\n\r\n<span class=\"highlight-block-small\">ink\u00e1bb motiv\u00e1ci\u00f3j\u00e1ra \u00e9s h\u00e1tter\u00e9re vil\u00e1g\u00edtan\u00e9k r\u00e1, ha m\u00e1r akadnak olyanok, akik szerint \u201etiszteletlen\u201d az ellenf\u00e9llel szemben.<\/span>\r\n\r\nA brazil futball l\u00e9nyege a zene. A dzsinga, az \u00e9let\u00e9rz\u00e9s, amely a brazil futballst\u00edlus alapj\u00e1ul szolg\u00e1l, az eleve f\u00e9lig t\u00e1nc capoeir\u00e1b\u00f3l, a t\u00e1bort\u00fczek k\u00f6r\u00fcl\u00f6tti zen\u00e9b\u0151l \u00e9s t\u00e1ncb\u00f3l, \u00e9s a szamb\u00e1b\u00f3l ered, \u00e9ppen ez\u00e9rt maga a j\u00e1t\u00e9k csupa lazas\u00e1g, improviz\u00e1ci\u00f3, kreativit\u00e1s, t\u00f6bb benne a ritmus, mint a sport. Ha a brazil futball j\u00f3, akkor valahol a sz\u00f3rakoz\u00e1s, m\u0171v\u00e9szet, sport h\u00e1rmas hat\u00e1rpontj\u00e1nak elmos\u00f3dott foltj\u00e1n hat\u00e1rozhat\u00f3 meg a helye a fogalmak vil\u00e1gatlasz\u00e1n.\r\n\r\nMiut\u00e1n a brazil futballist\u00e1k jelent\u0151s r\u00e9sze munkahely\u00e9n m\u00e1r \u00e9vtizedek \u00f3ta eur\u00f3pai \u00e1tnevel\u00e9sben r\u00e9szes\u00fcl, a brazil focit a t\u00f6bbit\u0151l megk\u00fcl\u00f6nb\u00f6ztet\u0151 vid\u00e1m j\u00e1t\u00e9koss\u00e1g gyakran hi\u00e1nyzik a v\u00e1logatott teljes\u00edtm\u00e9ny\u00e9b\u0151l. A futballist\u00e1k, hogy visszar\u00e1z\u00f3djanak, meg mert nekik \u00edgy komfortos, az egy\u00fctt t\u00f6lt\u00f6tt id\u0151ben a nagy esem\u00e9nyek alatt sok zen\u00e9t hallgatnak, sokszor dobolva-\u00e9nekelve \u00e9rkeznek a meccsekre, az \u00f6lt\u00f6z\u0151b\u0151l gyakran posztolnak is olyan vide\u00f3kat, amelyeken egy aktu\u00e1lis braz\u00edliai sl\u00e1ger h\u00e1tt\u00e9r- vagy sz\u00f3l\u00f3t\u00e1ncosainak mozdulatait gyakorolj\u00e1k edz\u00e9sek ut\u00e1n. Ez \u00edgy megy. Most is legal\u00e1bb t\u00edzf\u00e9le g\u00f3l\u00f6r\u00f6m koreogr\u00e1fi\u00e1j\u00e1val k\u00e9sz\u00fcltek, amelyek k\u00f6z\u00fcl n\u00e9h\u00e1nyat m\u00e1r volt is alkalmuk bemutatni. A koreaiak ellen el\u00e9rt els\u0151 g\u00f3l ut\u00e1n <strong>Paqueta<\/strong>, <strong>Neymar<\/strong>, <strong>Vin\u00edcius<\/strong> \u00e9s <strong>Raphinha<\/strong> a Pagodao do Birimbola c\u00edm\u0171 sz\u00e1m mozdulatait mutatta be, mert egyik\u00fcknek ez jutott akkor esz\u00e9be.\r\n\r\n<span class=\"highlight-block-small\">A brazil labdar\u00fag\u00f3k \u00e1tform\u00e1l\u00e1sa permanensen zajlik a szem\u00fcnk el\u0151tt.<\/span>\r\n<div class=\"payable-content-section\"><\/div>\r\nPaqueta nyilv\u00e1nos cs\u00f6rt\u00e9t v\u00edvott Piolival az AC Milann\u00e1l, amikor az edz\u0151 egy meccs ut\u00e1n t\u00fal brazilosnak nevezte a j\u00e1t\u00e9k\u00e1t, <strong>Richarlisonra<\/strong> most \u0151sszel egy bajnoki tal\u00e1lkoz\u00f3n bemutatott dek\u00e1z\u00e1sa szabad\u00edtott hosszan hull\u00e1mz\u00f3 konfliktust, Neymar pedig m\u00e1r s\u00e1rga lapot is kapott sziv\u00e1rv\u00e1nycsel miatt. Ezek a t\u00f6rt\u00e9n\u00e9sek a dzsing\u00e1val szocializ\u00e1l\u00f3dott j\u00e1t\u00e9kosokn\u00e1l a brazil foci filoz\u00f3fi\u00e1j\u00e1t, vagy ink\u00e1bb \u00e9rzelmi alapjait ingatj\u00e1k meg. A legut\u00f3bbi s\u00falyosabb esetn\u00e9l pedig enn\u00e9l is t\u00f6bb t\u00f6rt\u00e9nt: az Atl\u00e9tico-Real spanyol bajnoki derbi el\u0151tt<strong> Pedro Bravo<\/strong>, a Spanyol \u00dcgyn\u00f6k\u00f6k Sz\u00f6vets\u00e9g\u00e9nek eln\u00f6ke azt mondta Vin\u00edcius t\u00e1ncos g\u00f3l\u00f6r\u00f6meivel kapcsolatban, hogy azokkal hagyjon fel, menjen szambah\u00e1zba Braz\u00edli\u00e1ban, \u00e9s hagyja abba a majomkod\u00e1st. A \u201emacaca\u201d, majom kifejez\u00e9s az egyik leger\u0151sebb rasszista sz\u00f3nak sz\u00e1m\u00edt Braz\u00edli\u00e1ban, \u00edgy a futballszeret\u0151 brazilok t\u00f6bbs\u00e9ge \u00fagy \u00e9rezte, hogy \u00e1ltal\u00e1nos t\u00e1mad\u00e1s \u00e9rte fekete gy\u00f6kerekkel is rendelkez\u0151 kult\u00far\u00e1jukat, a v\u00e1logatott j\u00e1t\u00e9kosai pedig sorra \u00e1lltak ki Vin\u00edcius mellett, visszautas\u00edtva a kirekeszt\u0151, korl\u00e1toz\u00f3 megjegyz\u00e9st, \u00e9s t\u00f6bben r\u00f6vid vide\u00f3kban t\u00e1ncolva. Az esetet k\u00f6vet\u0151 v\u00e1logatott bar\u00e1ts\u00e1gos meccsek g\u00f3l\u00f6r\u00f6mei t\u00fcntet\u00e9sk\u00e9nt is felfoghat\u00f3k voltak, \u00e9s valamennyire biztosan a mostaniak is. Aki pedig, mint <strong>Roy Keane<\/strong>, tiszteletlennek tarja a brazilok szamb\u00e1z\u00f3 \u00f6r\u00f6m\u00e9t, tudta n\u00e9lk\u00fcl m\u00e9g a szok\u00e1sosn\u00e1l is er\u0151sebben ront neki a brazil \u00f6n\u00e9rzetnek.\r\n\r\n[caption id=\"attachment_7037\" align=\"alignnone\" width=\"4194\"]<img class=\"size-full wp-image-7037\" src=\"https:\/\/sport24.24.hu\/app\/uploads\/sites\/24\/2022\/12\/tite.jpg\" alt=\"\" width=\"4194\" height=\"2796\" \/> Tit\u00e9t is bevont\u00e1k a j\u00e1t\u00e9kosok a g\u00f3l\u00f6r\u00f6mbe.[\/caption]\r\n\r\nDe a t\u00e1nc az\u00e9rt most is els\u0151sorban \u00f6r\u00f6m. Igazi, felszabadult. Egy afrikai ember Durbanben azt mondta nekem a 2010-es vil\u00e1gbajnoks\u00e1g egyik meccse ut\u00e1n egy az Apartheid alatt a feket\u00e9ket kitilt\u00f3 kocsma pultj\u00e1n\u00e1l, hogy szerinte a feket\u00e9k \u00e9s a feh\u00e9rek k\u00f6z\u00f6tt a legf\u0151bb k\u00fcl\u00f6nbs\u00e9g, hogy a feket\u00e9k nem csak a zuhany alatt \u00e9nekelnek. A brazilok pedig nem csak a szambah\u00e1zban t\u00e1ncolnak.\r\n\r\nHogy Tite kapit\u00e1ny a teljes csapat nyitotta k\u00f6r k\u00f6zep\u00e9n mi\u00e9rt t\u00e1ncolt \u00e9s mit a negyedik g\u00f3l ut\u00e1n? Ez a Galambt\u00e1nc, amir\u0151l Richarlison a m\u00e1ra Braz\u00edli\u00e1ban \u00e1ltal\u00e1nosan ismertt\u00e9 v\u00e1lt Galamb becenevet kapta. Tite meg\u00edg\u00e9rte a csapat 9-es\u00e9nek, hogy a k\u00f6vetkez\u0151 g\u00f3lj\u00e1n\u00e1l \u0151 is ut\u00e1nozza.\r\n\r\n<span class=\"highlight-block\">Ez pedig m\u00e1r csapat\u00e9p\u00edt\u00e9s, mint a harmadik sz\u00e1m\u00fa kapus becser\u00e9l\u00e9se 10 perccel a Korea elleni meccs v\u00e9ge el\u0151tt.<\/span>","type":"rich","thumbnail_url":"https:\/\/s.24.hu\/app\/uploads\/sites\/24\/2022\/12\/brazilia-2-150x150.jpg","thumbnail_width":150,"thumbnail_height":150}