{"version":"1.0","provider_name":"Sport24","provider_url":"https:\/\/sport24.24.hu","author_name":"Fut\u00f3 Csaba","author_url":"https:\/\/sport24.24.hu\/author\/futocs\/","title":"Hogy lehet, hogy a vb-n villognak, a klubcsapatukban szenvednek az Atl\u00e9tico szt\u00e1rjai?","html":"Kezdj\u00fck a futball alapvet\u00e9s\u00e9vel, a j\u00e1t\u00e9kid\u0151vel. Egy j\u00e1t\u00e9kos csak akkor tud j\u00f3l teljes\u00edteni, ha j\u00e1tszik. Ha nem j\u00e1tszik, vagy keveset j\u00e1tszik, akkor nem lesz k\u00e9pes a j\u00f3 teljes\u00edtm\u00e9nyre. Az Atl\u00e9tico minden sorozatot figyelembe v\u00e9ve 2069 percet j\u00e1tszott eddig a 2022\/2023-as szezonban. <strong>Antoine Griezmann<\/strong> 1399 (67,6 sz\u00e1zal\u00e9kos j\u00e1t\u00e9kperckihaszn\u00e1lts\u00e1g), <strong>\u00c1lvaro Morata<\/strong> 1210 (58,5 sz\u00e1zal\u00e9k), <strong>Rodrigo De Paul<\/strong> 1067 (51,6 sz\u00e1zal\u00e9k), Joao F\u00e9lix 916 (44,3 sz\u00e1zal\u00e9k) percet t\u00f6lt\u00f6tt a p\u00e1ly\u00e1n. A n\u00e9gy j\u00e1t\u00e9kos k\u00f6z\u00fcl teh\u00e1t egyed\u00fcl Griezmann j\u00e1tszott az el\u00e9rhet\u0151 j\u00e1t\u00e9kpercek legal\u00e1bb k\u00e9tharmad\u00e1n, de \u0151 is a 21 meccsb\u0151l csak tizenkett\u0151n volt kezd\u0151. Egy\u00e9ni k\u00e9pess\u00e9geket tekintve mind a n\u00e9gy j\u00e1t\u00e9kos az Atl\u00e9tico legjobbjai k\u00f6z\u00e9 tartozik \u2013 nem mellesleg az Atl\u00e9tico \u00f6sszesen 247 milli\u00f3 eur\u00f3 \u00e1tigazol\u00e1si d\u00edjat fizetett ez\u00e9rt a n\u00e9gy j\u00e1t\u00e9kos\u00e9rt az \u00e9vek alatt \u2013, de ilyen j\u00e1t\u00e9kperc-kihaszn\u00e1lts\u00e1g mellett m\u00e9g nekik is gondot okoz a form\u00e1ba lend\u00fcl\u00e9s \u00e9s a konstans j\u00f3 teljes\u00edtm\u00e9ny.\r\n\r\nA v\u00e1logatottjukban, ezzel szemben, tudj\u00e1k, hogy mire sz\u00e1m\u00edthatnak. De Paul minden egyes percet p\u00e1ly\u00e1n t\u00f6lt\u00f6tt a vil\u00e1gbajnoks\u00e1gon, Griezmann j\u00e1t\u00e9kperc-kihaszn\u00e1lts\u00e1ga 80 sz\u00e1zal\u00e9k, F\u00e9lix pedig az eddigi h\u00e1rom meccs\u00e9n mindig kezd\u0151 volt, D\u00e9l-Korea ellen az\u00e9rt nem j\u00e1tszott, mert Portug\u00e1lia sz\u00e1m\u00e1ra m\u00e1r t\u00e9t n\u00e9lk\u00fcli volt az a tal\u00e1lkoz\u00f3. Az egyetlen kakukktoj\u00e1s Morata, aki az el\u00e9rhet\u0151 j\u00e1t\u00e9kpercek \u00f6tven sz\u00e1zal\u00e9k\u00e1n sem l\u00e9pett p\u00e1ly\u00e1ra, de a spanyol st\u00edlus saj\u00e1toss\u00e1gaib\u00f3l fakad\u00f3an erre sz\u00e1m\u00edthatott is \u2013 <strong>Diego Simeone<\/strong> Atl\u00e9tic\u00f3ja viszont nem csat\u00e1r n\u00e9lk\u00fcli j\u00e1t\u00e9kra lett kital\u00e1lva. A legnagyobb k\u00fcl\u00f6nbs\u00e9get teh\u00e1t az jelenti, hogy a v\u00e1logatottjukban \u00e1lland\u00f3 j\u00e1t\u00e9klehet\u0151s\u00e9get kapnak a j\u00e1t\u00e9kosok \u2013 de legal\u00e1bbis tudj\u00e1k, hogy mire sz\u00e1m\u00edthatnak \u2013, az Atl\u00e9tic\u00f3ban viszont kisz\u00e1m\u00edthatatlan a szerepeltet\u00e9s\u00fck.\r\n<h2>De Paul, az \u00e1rny\u00e9kember<\/h2>\r\nDe Paul az Atl\u00e9tico legprogressz\u00edvebb k\u00f6z\u00e9pp\u00e1ly\u00e1sa, de ezen a vil\u00e1gbajnoks\u00e1gon bebizonyosodott, hogy mindenekel\u0151tt a futball kev\u00e9sb\u00e9 l\u00e1tv\u00e1nyos elemeiben tud kiemelked\u0151t ny\u00fajtani, azt is olyankor, ha van referenciapontja. Az argentin v\u00e1logatottban ez a referenciapont Lionel Messi, akinek a j\u00e1t\u00e9ka meghat\u00e1rozza De Paul\u00e9t is. \u201eMeccs k\u00f6zben sokszor azt figyelem, hogy mit csin\u00e1l Messi \u2013 nyilatkozta nemr\u00e9g az argentin k\u00f6z\u00e9pp\u00e1ly\u00e1s \u2013 Pr\u00f3b\u00e1lok \u00fagy helyezkedni, hogy a lehet\u0151 legkevesebbet kelljen futnia, de m\u00e9gis mindig legyen ter\u00fclete. Emiatt \u00e1lland\u00f3 kommunik\u00e1ci\u00f3 van k\u00f6zt\u00fcnk a p\u00e1ly\u00e1n.\u201d\r\n<div class=\"payable-content-section\"><\/div>\r\n<strong>Lionel Scaloni<\/strong> sz\u00f6vets\u00e9gi kapit\u00e1ny ir\u00e1ny\u00edt\u00e1sa alatt az argentin v\u00e1logatottban De Paul vagy jobb oldali bels\u0151 k\u00f6z\u00e9pp\u00e1ly\u00e1sk\u00e9nt, vagy pivotk\u00e9nt, vagy nyolcask\u00e9nt j\u00e1tszik. Ak\u00e1rmelyik poz\u00edci\u00f3 is van azonban r\u00e1osztva, Messi bet\u00f6r\u00e9sei miatt mindig a jobb oldali f\u00e9lter\u00fcletben van a helye. \u00c9s val\u00f3j\u00e1ban ez De Paul j\u00e1t\u00e9k\u00e1nak a l\u00e9nyege; tehermentes\u00edteni Messit. A csoportk\u00f6rben az argentin j\u00e1t\u00e9kosok k\u00f6z\u00fcl De Paul futotta a legt\u00f6bbet (52,07 kilom\u00e9tert), majdnem k\u00e9tszer annyit, mint Messi (26,84 kilom\u00e9ter). Az Atl\u00e9tico k\u00f6z\u00e9pp\u00e1ly\u00e1sa szint\u00e9n els\u0151 volt csapaton bel\u00fcl a megszerzett szabad labd\u00e1k sz\u00e1m\u00e1t (18) tekintve, de p\u00e9ld\u00e1ul olyan passza nem volt, ami ut\u00e1n a csapatt\u00e1rs l\u0151ni tudott volna (null\u00e1s xA-mutat\u00f3).\r\n<blockquote>Azok a kritik\u00e1k, amelyek szerint De Paul j\u00e1tszhatna jobban is, azt felt\u00e9telezik, hogy tud jobban j\u00e1tszani. \u00c9n ebben nem vagyok biztos. \u0150 az a j\u00e1t\u00e9kos, aki meccsen bel\u00fcl k\u00e9pes ell\u00e1tni egyszerre t\u00f6bb feladatot, de val\u00f3j\u00e1ban egyiket sem l\u00e1tja el j\u00f3l<\/blockquote>\r\n\u2013 <a href=\"https:\/\/twitter.com\/robbiejdunne\/status\/1599137775810494466\">foglalta \u00f6ssze kiv\u00e1l\u00f3an<\/a> De Paul j\u00e1t\u00e9kos mivolt\u00e1t Robbie Dunne, az Opta adatelemz\u0151je a Twitter-csatorn\u00e1j\u00e1n.\r\n\r\n[caption id=\"attachment_7044\" align=\"aligncenter\" width=\"602\"]<img class=\"wp-image-7044 size-large\" src=\"https:\/\/sport24.24.hu\/app\/uploads\/sites\/24\/2022\/12\/theathletic-602x1024.png\" alt=\"\" width=\"602\" height=\"1024\" \/> Argent\u00edna Mexik\u00f3 elleni pass networkj\u00e9n is l\u00e1tszott, hogy De Paul Messi m\u00f6g\u00f6tt, a jobboldali f\u00e9lter\u00fcletben j\u00e1tszott.[\/caption]\r\n<h2>Griezmann jobb ir\u00e1ny\u00edt\u00f3, mint t\u00e1mad\u00f3<\/h2>\r\nGriezmann \u00e9veken \u00e1t volt az Atl\u00e9tico legeredm\u00e9nyesebb j\u00e1t\u00e9kosa, 2021-es visszat\u00e9r\u00e9se \u00f3ta azonban 57 meccsen mind\u00f6ssze tizenn\u00e9gy g\u00f3lt szerzett. Id\u00e9n minden sorozatot figyelembe v\u00e9ve hat g\u00f3lja \u00e9s n\u00e9gy g\u00f3lpassza van, de az igaz\u00e1n fontos meccseken egyszer sem tudott a csapat \u00e9l\u00e9re \u00e1llni \u00e9s gy\u0151zelemre vezetni azt \u2013 a kies\u00e9ssel v\u00e9gz\u0151d\u0151 Bajnokok Lig\u00e1ja-csoportk\u00f6rben p\u00e9ld\u00e1ul egy g\u00f3lt l\u0151tt \u00e9s egy g\u00f3lpasszt adott. Ehhez k\u00e9pest a vil\u00e1gbajnoks\u00e1g teljes mez\u0151ny\u00e9ben neki van a legmagasabb xA-ja (2,26), a december 5-ei \u00e1llapot szerint pedig <strong>Jamal Musiala<\/strong> (19) ut\u00e1n neki volt a m\u00e1sodik legt\u00f6bb (18) labdaszerz\u00e9se \u00e9s a legt\u00f6bb sikeres szerel\u00e9se (5) a t\u00e1mad\u00f3k k\u00f6z\u00f6tt. Ez ut\u00f3bbi k\u00e9t adat m\u00e1r az\u00e9rt er\u0151sen jelzi, hogy Griezmann ezen a vil\u00e1gbajnoks\u00e1gon nem t\u00e1mad\u00f3t, hanem ir\u00e1ny\u00edt\u00f3t j\u00e1tszik, amivel \u0151 is megbar\u00e1tkozott. \u201eD\u00e1nia ellen megvoltak a lehet\u0151s\u00e9geim a g\u00f3lszerz\u00e9sre, de kihagytam \u0151ket \u2013 mondta Griezmann, aki a lengyelek elleni nyolcadd\u00f6nt\u0151ben 11,3 kilom\u00e9tert futott. \u2013 Tal\u00e1n messzebb j\u00e1tszom a kaput\u00f3l, mint kor\u00e1bban, de \u00edgy is j\u00f3l \u00e9rzem magam. Nem \u00e9rdekel, hogy m\u00e9g nem l\u0151ttem g\u00f3lt a vil\u00e1gbajnoks\u00e1gon. A csapatnak a k\u00f6z\u00e9pp\u00e1ly\u00e1n van r\u00e1m sz\u00fcks\u00e9ge, hogy \u00f6sszek\u00f6ssem a v\u00e9d\u0151ket a t\u00e1mad\u00f3kkal. B\u00fcszke vagyok erre \u00e9s \u00f6r\u00fcl\u00f6k neki\u201d.\r\n<blockquote class=\"twitter-tweet\">\r\n<p dir=\"ltr\" lang=\"en\">Was it something Dembele said <a href=\"https:\/\/t.co\/CBcL7Ofcdo\">pic.twitter.com\/CBcL7Ofcdo<\/a><\/p>\r\n\u2014 John Muller (@johnspacemuller) <a href=\"https:\/\/twitter.com\/johnspacemuller\/status\/1599432178592423936?ref_src=twsrc%5Etfw\">December 4, 2022<\/a><\/blockquote>\r\n<script async src=\"https:\/\/platform.twitter.com\/widgets.js\" charset=\"utf-8\"><\/script>\r\n\r\n<span class=\"highlight-block-small\">Griezmannt\u00f3l teh\u00e1t a v\u00e1logatottban nem azt v\u00e1rj\u00e1k, hogy g\u00f3lokat l\u0151j\u00f6n \u00e9s megnyerje a meccseket a franci\u00e1knak. Neki csak az utat kell megtal\u00e1lnia a g\u00f3lszerz\u00e9shez, \u00e9s \u00fagy t\u0171nik, hogy ez a feladatk\u00f6r sokkal jobban illik a profilj\u00e1ba.<\/span>\r\n<h2>F\u00e9lix nem Simeone-kompatibilis j\u00e1t\u00e9kos<\/h2>\r\nF\u00e9lix az Atl\u00e9tico t\u00f6rt\u00e9net\u00e9nek legdr\u00e1g\u00e1bb j\u00e1t\u00e9kosa, de m\u00e1r a leigazol\u00e1sakor voltak k\u00e9telyek azt illet\u0151en, hogy illik-e Simeone st\u00edlus\u00e1ba. F\u00e9lixnek \u00e9s Simeon\u00e9nak nem felh\u0151tlen a viszonya, az argentin edz\u0151 t\u00f6bbsz\u00f6r le\u00fcltette a j\u00e1t\u00e9kost a kispadra nevel\u0151 c\u00e9lzattal, de amikor \u00e9ppen j\u00f3ban vannak, akkor sem tudja, hogy hogyan haszn\u00e1lja ki a k\u00e9pess\u00e9geit.\r\n<blockquote>Joao F\u00e9lix klasszis labdar\u00fag\u00f3, de a Simeon\u00e9val val\u00f3 szem\u00e9lyes kapcsolata \u00e9s a kev\u00e9s j\u00e1t\u00e9kideje miatt lehet, hogy elgondolkodunk az elad\u00e1s\u00e1n. Szeretn\u00e9m, ha n\u00e1lunk folytatn\u00e1, de ez a jelenlegi helyzet<\/blockquote>\r\n\u2013 festett bor\u00fas k\u00e9pet F\u00e9lix helyzet\u00e9r\u0151l <strong>Gil Mar\u00edn<\/strong>, az Atl\u00e9tico vez\u00e9r-igazgat\u00f3ja.\r\n\r\nF\u00e9lix eset\u00e9ben egyszer\u0171en arr\u00f3l van sz\u00f3, hogy nem fekszik neki Simeone antifocija, amit az argentin nem hajland\u00f3 feladni. Az Atl\u00e9tic\u00f3nak olyan min\u0151s\u00e9gi kerete van, amely csak nagyon kev\u00e9s csapatnak Eur\u00f3p\u00e1ban, ehhez k\u00e9pest xG-ben a nyolcadik, labdabirtokl\u00e1sban \u00e9s t\u00e1mad\u00f3harmadba juttatott labd\u00e1k sz\u00e1m\u00e1ban a tizenharmadik (!), PPDA-ban a tizenhatodik (!) a csapat a La Lig\u00e1ban, mik\u00f6zben p\u00e9ld\u00e1ul labdaveszt\u00e9se neki van a negyedik legt\u00f6bb.\r\n\r\nF\u00e9lix a vil\u00e1gbajnoks\u00e1gon Gh\u00e1na, Uruguay \u00e9s Sv\u00e1jc ellen j\u00e1tszott, ezen a h\u00e1rom meccsen a csapat tizenegy g\u00f3lt r\u00fagott 5,83-as xG mellett, mik\u00f6zben \u00e1tlagban 57 sz\u00e1zal\u00e9kban birtokolta a labd\u00e1t. F\u00e9lix sokkal komfortosabban \u00e9rzi mag\u00e1t egy ilyen k\u00f6zegben, ami a j\u00e1t\u00e9k\u00e1n is megmutatkozik; a vb-n eddig egy g\u00f3lja, k\u00e9t g\u00f3lpassza, n\u00e9gy shot assistja (a shot assist olyan passz, ami ut\u00e1n a csapatt\u00e1rs g\u00f3lhelyzetbe ker\u00fcl) \u00e9s kilenc sikeres csele volt. Csak \u00f6sszehasonl\u00edt\u00e1sk\u00e9pp: a La Lig\u00e1ban id\u00e9n tizenk\u00e9t meccsen van n\u00e9gy shot assistja \u00e9s tizenegy sikeres csele.\r\n<blockquote class=\"twitter-tweet\">\r\n<p dir=\"ltr\" lang=\"en\">2 - Jo\u00e3o F\u00e9lix is the third player to provide two assists in the same World Cup game for Portugal \ud83c\uddf5\ud83c\uddf9, after Jos\u00e9 Torres against Brazil in 1966 and Bruno Fernandes against Ghana in 2022, and the first to do so in a knockout match. Stellar. <a href=\"https:\/\/t.co\/kXZ7PTU7Jp\">pic.twitter.com\/kXZ7PTU7Jp<\/a><\/p>\r\n\u2014 OptaJose (@OptaJose) <a href=\"https:\/\/twitter.com\/OptaJose\/status\/1600234716388421632?ref_src=twsrc%5Etfw\">December 6, 2022<\/a><\/blockquote>\r\n<script async src=\"https:\/\/platform.twitter.com\/widgets.js\" charset=\"utf-8\"><\/script>\r\n<h2>Morata a hib\u00e1s rendszer legnagyobb vesztese<\/h2>\r\nMorata abb\u00f3l a szempontb\u00f3l is kakukktoj\u00e1s ebben a t\u00f6rt\u00e9netben, hogy a m\u00e1sik h\u00e1rom j\u00e1t\u00e9kos kiakn\u00e1zatlan k\u00e9pess\u00e9gei k\u00f6zvetlen\u00fcl befoly\u00e1solj\u00e1k az \u0151 teljes\u00edtm\u00e9ny\u00e9t.\r\n\r\n<span class=\"highlight-block-small\">Hiszen, hogyan is tudna eredm\u00e9nyes k\u00f6z\u00e9pcsat\u00e1r lenni, ha nem teremtik meg sz\u00e1m\u00e1ra az ehhez sz\u00fcks\u00e9ges k\u00f6rnyezetet.<\/span>\r\n\r\n\u201eMorata azt ig\u00e9nyli, hogy minden t\u00f6k\u00e9letes legyen k\u00f6r\u00fcl\u00f6tte, ha nincs \u00edgy, akkor l\u00e1tv\u00e1nyosan szenved. Ez\u00e9rt sem t\u00f6lt\u00f6tt m\u00e9g k\u00e9t \u00e9vn\u00e9l t\u00f6bbet egy klubn\u00e1l sem\u201d \u2013 id\u00e9zett egy Morat\u00e1t j\u00f3l ismer\u0151 forr\u00e1st a The Athletic.\r\n\r\nSimeone nem tehet\u0151 egyszem\u00e9lyben felel\u0151ss\u00e9 Morata gyenge teljes\u00edtm\u00e9ny\u00e9\u00e9rt, de az\u00e9rt igen, hogy a rendelkez\u00e9sre \u00e1ll\u00f3 j\u00e1t\u00e9kos\u00e1llom\u00e1nyb\u00f3l \u2013 ami m\u00e9g egyszer, abszol\u00fat topszint\u0171 \u2013 nem tud egy olyan k\u00f6zeget kialak\u00edtani, ami a csat\u00e1r al\u00e1 dolgozna. A spanyol v\u00e1logatott egy\u00e1ltal\u00e1n nem j\u00e1tszott j\u00f3l a vil\u00e1gbajnoks\u00e1gon, Morata pedig mind\u00f6ssze egyszer, Jap\u00e1n ellen volt kezd\u0151, de \u00edgy is 209 perc alatt 1,19-es xG-b\u0151l h\u00e1rom g\u00f3lt szerzett, \u00e9s emellett adott egy g\u00f3lpasszt. Megint csak \u00f6sszehasonl\u00edt\u00e1sk\u00e9pp: a La Lig\u00e1ban 902 perc alatt \u00f6t g\u00f3lt r\u00fagott \u00e9s egy g\u00f3lpasszt adott. Luis Enrique sz\u00f6vets\u00e9gi kapit\u00e1ny m\u00e1r t\u00f6bbsz\u00f6r elmondta, hogy Morat\u00e1ra nemcsak a g\u00f3ljai miatt van sz\u00fcks\u00e9ge, hanem az fizikai ereje, \u00edgy a let\u00e1mad\u00e1sban bet\u00f6lt\u00f6tt szerepe miatt is \u2013 ez pedig szint\u00e9n egy olyan j\u00e1t\u00e9khelyzet, ami hi\u00e1nyzik az Atl\u00e9tic\u00f3b\u00f3l.\r\n\r\nDe Paul, Griezmann \u00e9s F\u00e9lix m\u00e9g mindig j\u00e1t\u00e9kban van a vil\u00e1gbajnoks\u00e1gon, \u00e9s csapatuk legjobbjai k\u00f6z\u00e9 tartoznak. Morata m\u00e1r kiesett, de a spanyolok \u00fajabb kudarca nem rajta m\u00falott. Egy\u00e9ni szinten teh\u00e1t j\u00f3k az Atl\u00e9tico-j\u00e1t\u00e9kosok, m\u00e1r csak Simeon\u00e9nak kellene megtal\u00e1lnia a hely\u00fcket \u00e9s a feladatk\u00f6r\u00fcket, hogy csapatk\u00e9nt is j\u00f3l teljes\u00edtsenek.\r\n\r\n<em>A szerz\u0151 Kov\u00e1cs G\u00e1bor, a Magyar Labdar\u00fag\u00f3 Sz\u00f6vets\u00e9g adatelemz\u0151je.<\/em>","type":"rich","thumbnail_url":"https:\/\/s.24.hu\/app\/uploads\/sites\/24\/2022\/12\/joao-felix-150x150.jpg","thumbnail_width":150,"thumbnail_height":150}