{"version":"1.0","provider_name":"Sport24","provider_url":"https:\/\/sport24.24.hu","author_name":"Fut\u00f3 Csaba","author_url":"https:\/\/sport24.24.hu\/author\/futocs\/","title":"Olivier Giroud, a francia Szalai \u00c1d\u00e1m","html":"Kezdj\u00fck r\u00f6gt\u00f6n azzal, hogy minden \u00f6sszehasonl\u00edt\u00e1s h\u00fclyes\u00e9g.\r\n\r\nHa akarom, egy v\u00e9letlenszer\u0171en kiv\u00e1lasztott ember \u00e9s a r\u00f3mai p\u00e1pa k\u00f6z\u00f6tt is lehet tal\u00e1lni p\u00e1rhuzamot, \u00e9s j\u00f3 hideg olvas\u00e1s-technik\u00e1val el lehet adni az eg\u00e9szet \u00fagy, mint az asztrol\u00f3gi\u00e1t vagy a teny\u00e9rj\u00f3sl\u00e1st. <strong>Magyari P\u00e9ter<\/strong> is \u201ecsak\u201d a szat\u00edra m\u0171faj\u00e1n kereszt\u00fcl tudott hossz\u00fa bekezd\u00e9seken kereszt\u00fcl p\u00e1rhuzamot <a href=\"https:\/\/index.hu\/sport\/2012\/london\/cikkek\/velemeny\/gyurta_es_en\/\">vonni<\/a> k\u00f6zte \u00e9s <strong>Gyurta Dani<\/strong> k\u00f6z\u00f6tt.\r\n\r\n<strong>Olivier Giroud<\/strong> \u00e9s <strong>Szalai \u00c1d\u00e1m<\/strong> p\u00e1lyafut\u00e1sai \u2013 n\u00e9h\u00e1ny klub- \u00e9s v\u00e1logatott meccsen k\u00edv\u00fcl \u2013 olyanok mint k\u00e9t p\u00e1rhuzamos egyenes a s\u00edkban, sosem fon\u00f3dtak egybe, sosem tal\u00e1lkoztak egym\u00e1ssal huzamosabb ideig \u00e9s teljesen m\u00e1s k\u00f6r\u00f6kben tanult\u00e1k a futballt. Van viszont k\u00f6zt\u00fck t\u00f6bb hasonl\u00f3s\u00e1g, ami miatt rokonlelkeknek sz\u00e1m\u00edtanak. Az adotts\u00e1gaik hasonl\u00f3an form\u00e1lt\u00e1k a szem\u00e9lyis\u00e9g\u00fcket, a t\u00f6rt\u00e9neteik pedig visszat\u00fckr\u00f6zik azt, hogy hogyan viszonyulunk napjaink labdar\u00fag\u00e1s\u00e1hoz.\r\n\r\nSok\u00e1ig sem Olivier Giroud-t, sem Szalai \u00c1d\u00e1mot nem szerette a nagyk\u00f6z\u00f6ns\u00e9g. Giroud-t egy \u00e9vtizeden kereszt\u00fcl csat\u00e1r t\u00e1rs\u00e1hoz, Karim Benzem\u00e1hoz hasonl\u00edtott\u00e1k, ami c\u00e9ltalan m\u00e9ricsk\u00e9l\u00e9sekhez \u00e9s parttalan vit\u00e1khoz vezetett. Benzema az volt, ami Olivier Giroud nem: egy mozg\u00e9kony csat\u00e1r, egy labdam\u0171v\u00e9sz, aki l\u00e9lekben ir\u00e1ny\u00edt\u00f3nak \u00e9rezte mag\u00e1t, \u00e9s aki az \u00e9vek alatt m\u00e9g egy Aranylabda-d\u00edjig is felk\u00fczd\u00f6tte mag\u00e1t. \u201eA franci\u00e1k nem szeretik a magas, nagy darab csat\u00e1rokat, ezeket nem szoktuk kedvelni\u201d \u2013 mondta <strong>Raymond Domenech<\/strong>, akinek a szem\u00e9ben Giroud nem volt t\u00f6bb egy \u00fajj\u00e1sz\u00fcletett nyugatn\u00e9met csat\u00e1rn\u00e1l a \u201980-as \u00e9vekb\u0151l. Amikor p\u00e1r \u00e9ve legnagyobb francia napilap dokumentumfilmet k\u00e9sz\u00edtett Giroud-r\u00f3l, a filmnek \u201eLe mal-aim\u00e9\u201d (A megvetett) <a href=\"https:\/\/www.lequipe.fr\/Medias\/Actualites\/L-equipe-enquete-olivier-giroud-le-mal-aime\/858587\">c\u00edmet<\/a> adta. Szalai \u00c1d\u00e1m eset\u00e9ben el\u00e9g csak visszap\u00f6rgetni a Trollfoci arch\u00edvum\u00e1t \u00e9s megvan a teljes kort\u00fcnet.\r\n<div class=\"payable-content-section\"><\/div>\r\nT\u00e9ny, Giroud \u00e9s Szalai is 193 centim\u00e9ter magasak, szemmel l\u00e1that\u00f3an \u201emagas, nagy darab csat\u00e1rok\u201d, akiknek a k\u00f6nnyebb kisz\u00farni a hib\u00e1it, mint az er\u00e9nyeit. Nem passzoltak soha \u00fagy, mint <strong>Dennis Bergkamp<\/strong>, nem bicikliztek \u00fagy, mint a brazil <strong>Ronaldo<\/strong> \u00e9s nem t\u00f6lt\u00f6ttek annyi id\u0151t a leshat\u00e1ron, mint <strong>Pippo Inzaghi<\/strong>. Giroud ennek ellen\u00e9re \u201er\u00e9gi v\u00e1g\u00e1s\u00fa csat\u00e1rk\u00e9nt\u201d <a href=\"https:\/\/www.sofoot.com\/olivier-giroud-record-de-chasse-489567.html\">jellemezte<\/a> mag\u00e1t, amihez hozz\u00e1tette:\r\n<blockquote>Kev\u00e9sb\u00e9 esnek t\u0151lem \u00e1mulatba, mint Kylian Mbapp\u00e9t\u00f3l: nem fogok megindulni a labd\u00e1val, mint ahogy azt tette Argent\u00edna ellen a 2018-as vb-n. A testalkatommal nem tudom azt csin\u00e1lni, amit Neymar; nem vagyok egy g\u00e9p, mint Ronaldo. Nem csin\u00e1lom a show-t. \u00c9n Giroud-t csin\u00e1lom.<\/blockquote>\r\nGiroud \u00e9s Szalai eset\u00e9ben az az elismer\u00e9sre m\u00e9lt\u00f3, hogy mindketten felismert\u00e9k, nem kell m\u00e1snak lenni\u00fck, mint akik val\u00f3j\u00e1ban. Megtanultak egy\u00fctt \u00e9lni a korl\u00e1taikkal \u00e9s ott tett\u00e9k magukat hasznoss\u00e1, ahol jobban kij\u00f6ttek er\u00e9nyeik. Ha a csapat nem tudott kij\u00f6nni a labd\u00e1val, \u0151k a kapunak h\u00e1ttal val\u00f3 j\u00e1t\u00e9kukkal tudtak kit\u0171nni. Amikor \u201everekedni\u201d kellett a v\u00e9d\u0151kkel (D\u00e1rdai P\u00e1l sz\u00f3haszn\u00e1lata), akkor felvett\u00e9k a keszty\u0171t. Ha pedig kellett egy kis l\u00e9gi t\u00fcz\u00e9rs\u00e9g, akkor mindkettej\u00fck fejj\u00e1t\u00e9k\u00e1ra lehetett \u00e9p\u00edteni a pontr\u00fag\u00e1sokn\u00e1l.\r\n\r\nAz igaz\u00e1n \u00e9rdekes viszont nem az, hogy milyen korl\u00e1tokkal rendelkeztek, hanem hogy a korl\u00e1taik miatt hogyan voltak k\u00e9nytelenek csiszolni a j\u00e1t\u00e9kukon. Szalai \u00e9s Giroud kapcs\u00e1n is \u00e9l egy t\u00e9vk\u00e9pzet, miszerint a lomhas\u00e1guk miatt nem el\u00e9g j\u00f3k az \u00f6sszj\u00e1t\u00e9kban. Ha jobban megfigyelj\u00fck \u0151ket, \u00e9pp az ellenkez\u0151je igaz. A f\u00e9lre\u00e9rt\u00e9s val\u00f3sz\u00edn\u0171leg pont a k\u00fcls\u0151 jegyeikb\u0151l ad\u00f3dik:\r\n\r\n<span class=\"highlight-block-small\">mivel egyik\u00fck sem egy fordul\u00e9kony \u00e9s a labd\u00e1val fick\u00e1ndoz\u00f3 csat\u00e1r, k\u00f6vetkez\u00e9sk\u00e9ppen bizony\u00e1ra nem j\u00f3 csapatj\u00e1t\u00e9kosok. Csakhogy Szalai \u00c1d\u00e1m \u00e9s Olivier Giroud is a csapataik lespont\u00e1nabb j\u00e1t\u00e9kosai.<\/span>\r\n\r\nAmikor megkapnak egy m\u00e9lys\u00e9gb\u0151l felj\u00e1tszott labd\u00e1t, pontosan tudj\u00e1k, hogy nem fognak cselekbe bonyol\u00f3dni, helyette ink\u00e1bb megpr\u00f3b\u00e1lj\u00e1k el\u0151re kital\u00e1lni hogyan fogj\u00e1k visszatenni a labd\u00e1t a szabadon elmozg\u00f3 Antoine Griezmann-nak...vagy Kleinheisler L\u00e1szl\u00f3nak. Szalai \u00e9s Giroud is lelassult a labd\u00e1val a l\u00e1b\u00e1n, viszont emiatt arra voltak k\u00e9sztetve, hogy egy l\u00e9p\u00e9ssel el\u0151bb gondolkodjanak, mint a v\u00e9d\u0151ik. Gondoljunk csak bele: hogyan lehetne rossz az \u00f6sszj\u00e1t\u00e9kban az a Giroud, aki az Arsenal egyik legszebb kollekt\u00edv flipper-g\u00f3lj\u00e1ban k\u00e9t j\u00f3 \u00fctem\u0171 egy\u00e9rint\u0151s passzal j\u00e1rult hozz\u00e1 a t\u00e1mad\u00e1s sz\u00f6v\u00e9s\u00e9hez?\r\n\r\nhttps:\/\/www.youtube.com\/watch?v=odxh_ZEUPlQ\r\n\r\nA r\u00f6gt\u00f6nz\u00e9si k\u00e9pess\u00e9g\u00fck pedig a kapu el\u0151tt is kij\u00f6tt. Giroud kor\u00e1bbi edz\u0151je, Ren\u00e9 Girard \u00edgy v\u00e9lekedett j\u00e1t\u00e9kos\u00e1r\u00f3l: \u201eA mozg\u00e9konys\u00e1g nem az er\u0151ss\u00e9ge. De van egy nehezen be\u00e1razhat\u00f3 k\u00e9pess\u00e9ge: ha a tizenhatoson bel\u00fcl van, akkor ott bel\u00f6vi. \u00c9s a testfel\u00e9p\u00edt\u00e9shez k\u00e9pest nagyon kifinomult technik\u00e1ja van.\u201d \u00c9rdemes ehhez megn\u00e9zni <a href=\"https:\/\/www.youtube.com\/watch?v=wGOhxt5Ksc0&amp;ab_channel=FIFA\">a 2017-es Pusk\u00e1s-d\u00edjas g\u00f3lt<\/a>, amit ki m\u00e1s, mint Olivier Giroud r\u00fagott m\u00e9g akkor, amikor az Arsenalban j\u00e1tszott. Az akci\u00f3 szinte kicsiben adja vissza az ember minden er\u00e9ny\u00e9t \u00e9s hib\u00e1j\u00e1t:\r\n<ul>\r\n \t<li>ott a mez\u0151nymunka (sarkazva \u00e1tpasszol egy felj\u00e1tszott labd\u00e1t),<\/li>\r\n \t<li>ut\u00e1na a nem t\u00fal eszt\u00e9tikus fut\u00e1s (megszakadva pr\u00f3b\u00e1l nem lemaradni a kontr\u00e1r\u00f3l),<\/li>\r\n \t<li>majd a v\u00e9g\u00e9n a gyors d\u00f6nt\u00e9shozatal \u00e9s a technika: a h\u00e1ta m\u00f6g\u00e9 \u00e9rkez\u0151 labd\u00e1ba csak egy skorpi\u00f3r\u00fag\u00e1ssal tud belekapni.<\/li>\r\n<\/ul>\r\nKit\u0151l is l\u00e1ttunk hasonl\u00f3, az id\u0151 t\u00f6rt r\u00e9sze alatt kital\u00e1lt \u00e9s kivitelezett g\u00f3lokat? Igen, Szalai \u00c1d\u00e1mt\u00f3l, <a href=\"https:\/\/youtu.be\/-CYlcyK3nOA\">N\u00e9metorsz\u00e1g<\/a> ellen, meg Baselben.\r\n\r\nhttps:\/\/www.youtube.com\/watch?v=jFwV3aFlHbQ&amp;ab_channel=Bal%C3%A1zsTud%C3%B3s\r\n\r\nValahol nem meglep\u0151, hogy a kollekt\u00edv eml\u00e9kezet\u00fcnkben m\u00e9g az <strong>Andrij Sevcsenk\u00f3k<\/strong> \u00e9s <strong>Gabriel Batistut\u00e1k<\/strong> \u00e9lnek. \u0150k voltak a g\u00f3lv\u00e1g\u00f3k, a lesipusk\u00e1sok, a v\u00e9d\u0151ket reggelire megev\u0151 nagybet\u0171s Csat\u00e1rok, akiknek a tal\u00e1latai egybefon\u00f3dtak a g\u00f3l\u00f6r\u00f6m\u00fckkel. Ez az eszm\u00e9nyk\u00e9p \u00e9l benn\u00fcnk, \u00e9s Giroud \u00e9s Szalai is ez ellen a k\u00e9p ellen k\u00fczd\u00f6ttek hossz\u00fa \u00e9vekig. A k\u00fczdelemben pedig ment\u00e1lisan is pall\u00e9roz\u00f3dtak.\r\n\r\nA kritik\u00e1k ellen a maguk eszk\u00f6zeivel vett\u00e9k fel a harcot. Szalai \u00c1d\u00e1m m\u00e1r a stuttgarti idej\u00e9r\u0151l is \u00fagy besz\u00e9l, mint ahol \u201eelsaj\u00e1t\u00edtott valamit a n\u00e9met mentalit\u00e1sb\u00f3l\u201d \u00e9s sosem volt rest ki\u00e1llni az igaz\u00e1\u00e9rt, ha \u00e9pp a magyar edz\u0151k hi\u00e1nyoss\u00e1gair\u00f3l <a href=\"https:\/\/www.youtube.com\/watch?v=FzFkIsByp6c\">volt sz\u00f3<\/a>, vagy az \u00f6lt\u00f6z\u0151ben kellett \u00e1tvennie a sz\u00f3t. A csat\u00e1it megv\u00e1logatta \u00e9s nem fordult a vil\u00e1g ellen, ami\u00e9rt igazs\u00e1gtalanul nem sz\u00fcletett <strong>Zsengell\u00e9r Gyul\u00e1nak<\/strong>. Olivier Giroud egy csendesebb, nyugodtabb term\u00e9szet: tetov\u00e1lt sz\u00e9pfi\u00fa h\u00edr\u00e9ben \u00e1ll, mik\u00f6zben m\u00e9lyen hith\u0171 vall\u00e1sos, m\u00e9gsem dogmatikus. Kereszt\u00e9ny \u00e9rt\u00e9keket k\u00e9pvisel, amelyek m\u00e9gsem akad\u00e1lyozt\u00e1k meg abban, hogy egyszer egy meleg k\u00f6z\u00f6ss\u00e9g magazinj\u00e1nak (T\u00e9tu) <a href=\"https:\/\/dailypost.ng\/2012\/06\/24\/new-arsenal-signing-giroud-poses-gay-magazine-says-i-taboos\/\">c\u00edmlapj\u00e1n<\/a> v\u00e1llaljon szerepet.\r\n\r\nGiroud-n\u00e1l kevesen \u00e9lik meg intenz\u00edvebben a \u201eford\u00edtsd oda a m\u00e1sik orc\u00e1dat is\u201d elv\u00e9t. Amikor Karim Benzema m\u00e9g a v\u00e1logatott\u00f3l val\u00f3 sz\u00e1m\u0171zet\u00e9se idej\u00e9n mag\u00e1t egy Forma-1-es aut\u00f3hoz, Giroud-t pedig egy gokarthoz hasonl\u00edtotta, Giroud-nak minden oka meglett volna arra, hogy visszadobjon egy k\u00f6vet, ehelyett m\u00e9gis ink\u00e1bb <a href=\"https:\/\/www.theguardian.com\/football\/2021\/oct\/12\/a-sign-from-heaven-olivier-giroud-on-turning-down-everton-and-his-mbappe-feud\">a kenyeret v\u00e1lasztotta<\/a>. \u201eNagyot nevettem. Egy ilyen besz\u00e9lget\u00e9sben, amikor megk\u00e9rdezik t\u0151led, hogy ki a jobb, \u00e9s a k\u00e9rdez\u0151 egy rajong\u00f3d, nyilv\u00e1n valami ilyesmit kell mondanod. Szerintem vicces volt. Az emberek ut\u00e1na k\u00e9peket k\u00fcld\u00f6ztek nekem Forma-1-es aut\u00f3kr\u00f3l meg gokartr\u00f3l, hogy itt valami irigys\u00e9g volt a h\u00e1tt\u00e9rben. \u00c9n semmi ilyet nem mondtam. Csak egy j\u00f3t mosolyogtam rajta.\u201d Amikor Benzema t\u00f6bb \u00e9ves kihagy\u00e1s ut\u00e1n visszat\u00e9rt a francia v\u00e1logatottba, Giroud azt az eset ut\u00e1n <a href=\"https:\/\/www.lefigaro.fr\/sports\/giroud-lance-a-benzema-si-on-gagne-l-euro-on-fetera-ca-sur-un-circuit-dans-un-karting-20210604\">mondta<\/a>,\r\n<blockquote>majd elmegy\u00fcnk egy\u00fctt ketten egy gokartra, azt\u00e1n l\u00f6v\u00fcnk egy j\u00f3 kis k\u00f6z\u00f6s k\u00e9pet.<\/blockquote>\r\nSzalai \u00c1d\u00e1m n\u00e9h\u00e1ny h\u00f3napja hatalmas \u00f6sszeborul\u00e1sok k\u00f6zepette, a Trollfoci kocsm\u00e1j\u00e1ban s\u00f6rt csapolva b\u00facs\u00fazott el a magyar v\u00e1logatott\u00f3l, Olivier Giroud pedig egy Lengyelorsz\u00e1g elleni vb-nyolcadd\u00f6nt\u0151n lett a francia v\u00e1logatott \u00f6r\u00f6k\u00f6s g\u00f3lkir\u00e1lya. A k\u00e9t j\u00e1t\u00e9kos legnagyobb v\u00edvm\u00e1nya, hogy mindketten ki\u00e1llt\u00e1k az id\u0151k pr\u00f3b\u00e1j\u00e1t. 25 \u00e9ves korukban m\u00e9g ostorozt\u00e1k \u0151ket, 35 \u00e9vesen viszont mintha egyre t\u00f6bben \u00e9rtett\u00e9k volna meg a jelent\u0151s\u00e9g\u00fcket. Addig is, tett\u00e9k a dolgukat.\r\n<blockquote class=\"small-quote\">Mostan\u00e1ban im\u00e1dj\u00e1k<\/blockquote>\r\n\u2013 mondta Giroud-r\u00f3l Didier Deschamps a lengyelek elleni meccs ut\u00e1n. Csak r\u00e1 \u00e9rtette, de nemcsak r\u00e1 igaz.","type":"rich","thumbnail_url":"https:\/\/s.24.hu\/app\/uploads\/sites\/24\/2022\/12\/001-150x150.jpg","thumbnail_width":150,"thumbnail_height":150}