{"version":"1.0","provider_name":"Sport24","provider_url":"https:\/\/sport24.24.hu","author_name":"Bruckner G\u00e1bor","author_url":"https:\/\/sport24.24.hu\/author\/brucknerg\/","title":"Kiss Tibor No\u00e9: Visszas\u00edrom a vuvuzel\u00e1t","html":"<h2>1. A h\u00e1tt\u00e9rben megh\u00faz\u00f3d\u00f3 politikai sz\u00e1l (Szerbia, D\u00e1nia)<\/h2>\r\nK\u00e9t v\u00e1logatottnak drukkoltam igaz\u00e1n: az oroszoknak (Szerbia) \u00e9s a woke-oknak (D\u00e1nia). Mindk\u00e9t csapat cs\u00fany\u00e1n leszerepelt. A d\u00e1nok olyan v\u00e9rszeg\u00e9ny \u00e9s l\u00e9lektelen futball mutattak, ami tot\u00e1lis kontrasztban \u00e1llt a tavalyi Eur\u00f3pa-bajnoks\u00e1gon l\u00e1tott vivid j\u00e1t\u00e9kukkal. Mintha leszed\u00e1lt\u00e1k volna \u0151ket. <strong>Eriksen<\/strong> k\u00e9nyelmesen pofozgatta maga el\u0151tt a labd\u00e1t, mint egy lusta macska kiad\u00f3s vacsora ut\u00e1n. Rossz volt n\u00e9zni, ahogy <strong>Leckie<\/strong> megforgatta-bek\u00f6t\u00e9nyezte <strong>Maehl\u00e9t<\/strong>, egyed\u00fcl <strong>Cornelius<\/strong> hozta a szok\u00e1sos Serie B-form\u00e1j\u00e1t, csakhogy ez egy vil\u00e1gbajnoks\u00e1g volt. A szerbeket is mindenki s\u00f6t\u00e9t l\u00f3nak tekintette, de \u00fajfent csak az alkalmatlans\u00e1gukat bizony\u00edtott\u00e1k be. \u00c9vek \u00f3ta mindenki a szipork\u00e1z\u00f3 t\u00e1mad\u00f3focijukr\u00f3l besz\u00e9l (joggal), most viszont kider\u00fclt, hogy k\u00f6zben v\u00e9delm\u00fck nincs (3 meccs, 8 bekapott g\u00f3l). A r\u00e9g hi\u00e1nyolt \u2013 \u00e9s v\u00e9gre megtal\u00e1lni v\u00e9lt \u2013 csapategys\u00e9g\u00fckr\u0151l meg annyit, hogy a mindent eld\u00f6nt\u0151 csoportmeccs el\u0151tt azzal lett tele a sajt\u00f3, ki kinek a feles\u00e9g\u00e9vel fek\u00fcdt le. Egy mondatot meg\u00e9r m\u00e9g a h\u00e1tt\u00e9rben megh\u00faz\u00f3d\u00f3 politikai sz\u00e1l is. <strong>Hjulmand<\/strong> kapit\u00e1ny nyilatkozata meger\u0151s\u00edti azt a t\u00e9nyt, hogy nemcsak a d\u00e1n k\u00fcld\u00f6tts\u00e9g, hanem a d\u00e1n labdar\u00fag\u00f3k is csak f\u00e9lsz\u00edvvel voltak ott a vb-n.\r\n\r\n<span class=\"highlight-block\">Nem tudt\u00e1k eld\u00f6nteni, hogy emberi jogi aktivist\u00e1k vagy futballist\u00e1k legyenek.<\/span>\r\n\r\n[caption id=\"attachment_6928\" align=\"aligncenter\" width=\"2000\"]<img class=\"size-full wp-image-6928\" src=\"https:\/\/sport24.24.hu\/app\/uploads\/sites\/24\/2022\/12\/000_32wm7bj-masolat.jpg\" alt=\"\" width=\"2000\" height=\"1333\" \/> Christian Eriksen[\/caption]\r\n\r\nA szerbek pedig legink\u00e1bb egy Koszov\u00f3 l\u00e9t\u00e9t tagad\u00f3 z\u00e1szl\u00f3val keltettek felt\u0171n\u00e9st, enn\u00e9l vesz\u00e9lyesebb dolgot nem nagyon csin\u00e1ltak Katarban. (\u00c9s ha m\u00e1r politika: legink\u00e1bb az ir\u00e1ni focist\u00e1kat sajn\u00e1lom, akiket egy h\u00e9t alatt mindenki megut\u00e1lt a haz\u00e1jukban, el\u0151sz\u00f6r az\u00e9rt, mert nem \u00e9nekelt\u00e9k a himnuszt, azt\u00e1n meg az\u00e9rt, mert v\u00e9g\u00fcl m\u00e9gis el\u00e9nekelt\u00e9k azt.)\r\n<h2>2. Mi t\u00f6rt\u00e9nt a n\u00e9metekkel?<\/h2>\r\nA jobboldali sajt\u00f3 k\u00e1r\u00f6rvend\u00e9ssel fogadta N\u00e9metorsz\u00e1g kies\u00e9s\u00e9t, szinte k\u00e9sz t\u00e9nyk\u00e9nt kezelve azt, hogy ennek politikai okai vannak. A sziv\u00e1rv\u00e1nyos ideol\u00f3gia megfert\u0151zte az eredeti n\u00e9met identit\u00e1st, a n\u00e9metekb\u0151l emiatt elt\u0171nt a gy\u0151ztes mentalit\u00e1s, hi\u00e1nyzik az igazi n\u00e9met szellemis\u00e9g, felh\u00edgultak, akaratgyeng\u00e9k, \u00e9s a t\u00f6bbi. A gyilkos \u00f6szt\u00f6n hi\u00e1nya val\u00f3ban felt\u0171n\u0151, b\u00e1r azt hirtelen nem l\u00e1tom, hogy az LMBTQ-lobbinak mi k\u00f6ze a meccsenk\u00e9nt kihagyott \u00f6t-t\u00edz ziccerhez. Nem t\u00falz\u00e1s: Jap\u00e1n \u00e9s Costa Rica ellen ak\u00e1r h\u00e9t-nyolc g\u00f3llal is nyerhettek volna a n\u00e9metek (Costa Ric\u00e1val szemben csak a m\u00e1sodik f\u00e9lid\u0151ben a n\u00e9gy g\u00f3l mellett l\u0151ttek h\u00e1rom kapuf\u00e1t is, a v\u00e1rhat\u00f3g\u00f3l-mutat\u00f3juk 6 f\u00f6l\u00f6tti volt.) Ha csup\u00e1n a sz\u00e1mokat n\u00e9zz\u00fck, a n\u00e9metek val\u00f3ban kiemelked\u0151en teljes\u00edtettek a torn\u00e1n, a kies\u00e9s\u00fcket el lehetne int\u00e9zni azzal, hogy pechj\u00fck volt, csakhogy a legut\u00f3bbi h\u00e1rom vil\u00e1gverseny\u00fck\u00f6n is leszerepeltek. A 2018-as vb-n sem \u00e9lt\u00e9k t\u00fal a csoportk\u00f6rt, a tavalyi Eb-n a legjobb tizenhat k\u00f6z\u00f6tt b\u00facs\u00faztak, az idei Nemzetek Lig\u00e1ja-sorozatban pedig mind\u00f6ssze egy meccset tudtak megnyerni a hatb\u00f3l. <strong>Flick<\/strong> kapit\u00e1ny szerint alapjaiban kell \u00fajj\u00e1szervezni a n\u00e9met futballt, ami a k\u00e9tezres \u00e9vek elej\u00e9n egyszer m\u00e1r siker\u00fclt \u2013 r\u00e1ad\u00e1sul akkor a n\u00e9met labdar\u00fag\u00e1st\u00f3l idegen hat\u00e1sok be\u00e9p\u00edt\u00e9s\u00e9vel. A keret \u00f6sszet\u00e9tele akkor v\u00e1ltozott meg el\u0151sz\u00f6r igaz\u00e1n: a robotol\u00f3s n\u00e9met j\u00e1t\u00e9kosok mell\u00e9 a bev\u00e1ndorl\u00f3k fiatal gener\u00e1ci\u00f3j\u00e1nak k\u00e9pvisel\u0151i is beker\u00fcltek, m\u0171k\u00f6d\u0151k\u00e9pes mixet hozva l\u00e9tre. Most t\u00f6bben emlegett\u00e9k a keret rossz \u00f6sszet\u00e9tel\u00e9t. A bels\u0151 k\u00f6z\u00e9pp\u00e1ly\u00e1s poszt mindig a n\u00e9metek er\u0151ss\u00e9ge volt, ez\u00fattal mind\u00f6ssze h\u00e1rom j\u00e1t\u00e9kos (<strong>G\u00fcndogan, Goretzka, Kimmich<\/strong> \u2013 ut\u00f3bbi Costa Rica ellen jobbh\u00e1tv\u00e9dk\u00e9nt szerepelt) volt az eg\u00e9sz keretben ezekre a posztokra.\r\n\r\n<span class=\"highlight-block\">Az egyetlen klasszikus center a Bundesliga-szezon idei felfedezettje, a 29 \u00e9ves F\u00fcllkrug. <\/span>\r\n\r\n\u00c9s b\u00e1r sokan azt gondolhatj\u00e1k, hogy N\u00e9metorsz\u00e1g most m\u00e1r biztos elindul felfel\u00e9, az olaszok p\u00e9ld\u00e1ja int\u0151 jel lehet. Olaszorsz\u00e1g a 2006-os vil\u00e1gbajnoki gy\u0151zelem ut\u00e1n k\u00e9tszer is a csoportk\u00f6rben b\u00facs\u00fazott (ahogy ez most a n\u00e9metekkel is megt\u00f6rt\u00e9nt a 2014-es c\u00edm megnyer\u00e9se \u00f3ta), majd a legutols\u00f3 k\u00e9t vb-re m\u00e1r ki sem jutott\u2026\r\n\r\n[caption id=\"attachment_6929\" align=\"aligncenter\" width=\"2000\"]<img class=\"size-full wp-image-6929\" src=\"https:\/\/sport24.24.hu\/app\/uploads\/sites\/24\/2022\/12\/000_32xg7w4-masolat.jpg\" alt=\"\" width=\"2000\" height=\"1334\" \/> Niclas F\u00fcllkrug megszerzi csapata negyedik g\u00f3lj\u00e1t a Costa Rica elleni meccsen[\/caption]\r\n\r\n<div class=\"payable-content-section\"><\/div>\r\n<h2>3. Belgium, Uruguay: hatty\u00fadal<\/h2>\r\nMinden vb hatty\u00fadalt jelent egy-egy j\u00e1t\u00e9kos vagy csapat sz\u00e1m\u00e1ra. A b\u00facs\u00fa ez\u00fattal a belg\u00e1knak j\u00f6tt el, r\u00e1ad\u00e1sul a csapat olyan hangulatban t\u00e1vozott a torn\u00e1r\u00f3l, hogy senkinek sem hi\u00e1nyoznak. A Kanada ellen aratott m\u00e1zlista gy\u0151zelem ut\u00e1n <strong>De Bruyne<\/strong> d\u00f6bbenettel vegyes \u00e9rtetlenked\u00e9ssel (\u201enem tudom, mi\u00e9rt kaptam meg ezt a d\u00edjat\u201d) vette \u00e1t a meccs legjobb j\u00e1t\u00e9kos\u00e1nak j\u00e1r\u00f3 elismer\u00e9st, majd nyilv\u00e1noss\u00e1gra ker\u00fclt a vb el\u0151tti \u0151szinte nyilatkozata is, amely szerint es\u00e9ly\u00fck sincs a vb-c\u00edm megnyer\u00e9s\u00e9re.\r\n\r\n<span class=\"highlight-block\">Volt azt\u00e1n egy kis \u00e1rul\u00f3z\u00e1s, <\/span>\r\n\r\nn\u00e9h\u00e1ny j\u00e1t\u00e9kos \u00e1ll\u00edt\u00f3lag m\u00e1r sz\u00f3ba sem \u00e1llt egym\u00e1ssal, a horv\u00e1tok elleni sorsd\u00f6nt\u0151 meccsen pedig <strong>Lukaku<\/strong> hozta azt a l\u00fazerform\u00e1t, ami az Inter sz\u00edneiben sem \u00e1ll t\u0151le t\u00e1vol a legfontosabb meccseken. K\u00f6zhely: a belga aranygener\u00e1ci\u00f3 2018-ban volt a topon, Mart\u00ednez kapit\u00e1ny konzervat\u00edv v\u00e1logat\u00e1si elvei miatt a meg\u00fajul\u00e1s, \u00edgy a j\u00f3 hangulat \u00e9s a siker is elmaradt. A keret tagjai m\u00e9g arra sem voltak k\u00e9pesek, hogy ugyanazzal a j\u00e1rattal utazzanak haza Katarb\u00f3l. Uruguay k\u00f6nnyeivel k\u00f6nnyebb empatikusnak lenni. K\u00fcl\u00f6n\u00f6sen az\u00e9rt, mert a fel\u00e1ll\u00e1sok hallat\u00e1n az embernek az az \u00e9rz\u00e9se t\u00e1madt, hogy valami old boys-meccs k\u00f6vetkezik. <strong>Godin, Vecino, Cavani, Su\u00e1rez<\/strong>, a cserepadon <strong>Muslera<\/strong>. Az uruk legal\u00e1bb hozt\u00e1k a k\u00f6telez\u0151t Gh\u00e1na ellen, csak azzal nem sz\u00e1moltak, hogy a portug\u00e1lok veres\u00e9get szenvednek D\u00e9l-Kore\u00e1t\u00f3l. Uruguay 2002 ut\u00e1n el\u0151sz\u00f6r esett ki a csoportk\u00f6rt k\u00f6vet\u0151en, \u00e9s b\u00e1r a keretben vannak \u00edg\u00e9retes futballist\u00e1k (<strong>Math\u00edas Olivera, Darwin N\u00fanez<\/strong>) a kor\u00e1bban eml\u00edtettek szintj\u00e9t nehezen k\u00f6zel\u00edtik meg egyhamar az uruk.\r\n<h2>4. Afrikai \u00e9s \u00e1zsiai el\u0151ret\u00f6r\u00e9s<\/h2>\r\nA Katar\u2013Ecuador nyit\u00f3meccs ut\u00e1n a f\u00e9l vil\u00e1g azon po\u00e9nkodott, hogy a k\u00f6vetkez\u0151, imm\u00e1r 48 csapatos vil\u00e1gbajnoks\u00e1gon milyen k\u00ednos lesz \u00fajabb n\u00e9gy \u00e1zsiai v\u00e1logatott j\u00e1t\u00e9k\u00e1t n\u00e9zni. Nem csoda:\r\n\r\n<span class=\"highlight-block-small\">a friss \u00c1zsia Kupa-gy\u0151ztes katariak NB II-es csapat szintj\u00e9n futballoztak, b\u00e1nt\u00f3 \u00e1tad\u00e1si, labdakezel\u00e9si \u00e9s helyezked\u00e9si hib\u00e1kat elk\u00f6vetve, k\u00fcl\u00f6n\u00f6sebb lelkesed\u00e9s n\u00e9lk\u00fcl.<\/span>\r\n\r\nAzt\u00e1n Sza\u00fad-Ar\u00e1bia valami elk\u00e9peszt\u0151 csoda folyt\u00e1n ford\u00edtott Argent\u00edna ellen, tov\u00e1bbi h\u00e1rom \u00e1zsiai csapat pedig tov\u00e1bbjutott a legjobb 16 k\u00f6z\u00e9 (ilyen sem volt m\u00e9g a vb-k t\u00f6rt\u00e9net\u00e9ben): Jap\u00e1n megverte a n\u00e9meteket \u00e9s a spanyolokat, D\u00e9l-Korea Portug\u00e1lia ellen tudott gy\u0151zni, a futballban \u00e1zsiai z\u00f3n\u00e1s ausztr\u00e1lok D\u00e1ni\u00e1t b\u00facs\u00faztatt\u00e1k. Az afrikaiaknak is j\u00f3 vb-j\u00fck volt eddig: mostan\u00e1ig mind\u00f6ssze 2014-ben fordult el\u0151, hogy k\u00e9t afrikai csapat is tov\u00e1bbl\u00e9pett a nyolcadd\u00f6nt\u0151be, igaz, akkor Nig\u00e9ria \u00e9s Alg\u00e9ria is r\u00f6gt\u00f6n kiesett. Most Marokk\u00f3 csoportgy\u0151ztesk\u00e9nt, Szeneg\u00e1l csoportm\u00e1sodikk\u00e9nt ment tov\u00e1bb, de nem kellett sz\u00e9gyenkezni\u00fck a t\u00f6bbieknek sem \u2013 Tun\u00e9zia a vb-c\u00edmv\u00e9d\u0151 franci\u00e1kat, Gh\u00e1na D\u00e9l-Kore\u00e1t, Kamerun pedig Braz\u00edli\u00e1t gy\u0151zte le a csoportk\u00f6rben. Ez a felsorol\u00e1s k\u00fcl\u00f6n\u00f6sen annak t\u00fckr\u00e9ben \u00e9rdekes, hogy n\u00e9h\u00e1ny eur\u00f3pai csapat m\u00e1r-m\u00e1r n\u00e9zhetetlen j\u00e1t\u00e9kot produk\u00e1lt. A belg\u00e1k \u00e9s a d\u00e1nok k\u00f3v\u00e1lyg\u00e1s\u00e1r\u00f3l m\u00e1r ejtett\u00fcnk n\u00e9h\u00e1ny sz\u00f3t, de nem lehetnek magukra b\u00fcszk\u00e9k sem a walesiek, sem a meccseiket kilenc emberrel v\u00e9gig v\u00e9dekez\u0151 lengyelek. Bevallom, a k\u00f6vetkez\u0151 vil\u00e1gbajnoks\u00e1gon a b\u0151v\u00edt\u00e9s miatt ink\u00e1bb eln\u00e9zn\u00e9m Alg\u00e9ri\u00e1t vagy \u00dczbegiszt\u00e1nt, mint az eur\u00f3pai k\u00f6z\u00e9pszert megtestes\u00edt\u0151 \u00cdrorsz\u00e1got vagy Sv\u00e9dorsz\u00e1got. (Titkos favoritom: Gr\u00fazia.)\r\n\r\n[caption id=\"attachment_6930\" align=\"aligncenter\" width=\"2000\"]<img class=\"size-full wp-image-6930\" src=\"https:\/\/sport24.24.hu\/app\/uploads\/sites\/24\/2022\/12\/000_32w73na-masolat.jpg\" alt=\"\" width=\"2000\" height=\"1333\" \/> A szeneg\u00e1li j\u00e1t\u00e9kosokat \u00fcnneplik szurkol\u00f3ik Ecuador legy\u0151z\u00e9se ut\u00e1n[\/caption]\r\n<h2>5. A hamiss\u00e1g v\u00e9b\u00e9je<\/h2>\r\nNeh\u00e9z elmenni sz\u00f3 n\u00e9lk\u00fcl amellett, hogy az utols\u00f3 csoportk\u00f6rben sz\u00e1m\u00e1ra t\u00e9t n\u00e9lk\u00fcli m\u00e9rk\u0151z\u00e9sen Spanyolorsz\u00e1g, Franciaorsz\u00e1g, Braz\u00edlia \u00e9s Portug\u00e1lia is kikapott egy n\u00e1la sokkal gyeng\u00e9bbnek tekinthet\u0151 riv\u00e1list\u00f3l. Ez sem \u00e9pp a sportszer\u0171s\u00e9g cs\u00facsa. Mint ahogy az eg\u00e9sz vil\u00e1gbajnoks\u00e1ghoz szervesen k\u00f6t\u0151dik valamif\u00e9le hamiss\u00e1g\u00e9rz\u00e9s. Lapbesz\u00e1mol\u00f3k szerint kider\u00fclt, hogy a katari v\u00e1logatott szurkol\u00f3t\u00e1bor\u00e1nak egy r\u00e9sz\u00e9t libanoni b\u00e9rszurkol\u00f3k alkott\u00e1k. Ezt k\u00f6vet\u0151en a vil\u00e1gbajnoks\u00e1g szervez\u0151bizotts\u00e1g\u00e1nak egyik vezet\u0151je elismerte, hogy az \u00e9p\u00edtkez\u00e9sek sor\u00e1n mintegy 4-500 vend\u00e9gmunk\u00e1s vesz\u00edtette \u00e9let\u00e9t. Eml\u00e9kezz\u00fcnk r\u00e1: a torna el\u0151tt hivatalosan nagyj\u00e1b\u00f3l negyven, az \u00e9p\u00edtkez\u00e9sekkel b\u00e1rmilyen m\u00f3don kapcsolatban \u00e1ll\u00f3 hal\u00e1lesetet ismertek el a katari hat\u00f3s\u00e1gok \u2013 az Amnesty International szerint az \u00e1ldozatok val\u00f3s sz\u00e1ma \u00edgy is t\u00f6bb ezer lehet.\r\n\r\n<span class=\"highlight-block-small\">K\u00edv\u00e1ncsian v\u00e1rom, hogy a katariak a torna v\u00e9g\u00e9n azt is elismerik-e majd, hogy a FIFA tisztvisel\u0151inek lefizet\u00e9s\u00e9vel szerezt\u00e9k meg a torna rendez\u00e9s\u00e9nek jog\u00e1t. <\/span>\r\n\r\nSzomor\u00fa, hogy n\u00e9h\u00e1ny m\u00e9rk\u0151z\u00e9s milyen hangulattalan volt, a stadionok konganak az \u00fcress\u00e9gt\u0151l, n\u00e9ha csak a labda pattog\u00e1s\u00e1t \u00e9s az edz\u0151i, szurkol\u00f3i bekiab\u00e1l\u00e1sokat vagy <strong>Infantino<\/strong> FIFA-eln\u00f6k kif\u00fcty\u00fcl\u00e9s\u00e9t halljuk. Sokszor nincs m\u00e1s, csak a csend. Visszas\u00edrom a vuvuzel\u00e1t.\r\n\r\n[prefabricated_shortcode in_app=\"0\" code=\"%3Cdiv%20class%3D%22article_box_border%22%20style%3D%22background%3A%20url%28%27https%3A%2F%2F24.p3k.hu%2Fapp%2Fuploads%2Fsites%2F24%2F2021%2F05%2Fsport24-pattern.png%27%29%20no-repeat%20left%20-16px%20%23f3f3f4%3B%20border%3A%20none%3B%22%3E%0D%0A%3Cdiv%20class%3D%22article_solidheader%22%3E%0D%0A%3Ch2%20style%3D%22color%3A%20%23111115%21important%3B%20font-size%3A%2036px%3B%20font-weight%3A%20bold%3B%20margin-bottom%3A%2030px%3B%20margin-top%3A%2020px%3B%20text-align%3A%20center%3B%20line-height%3A%2036px%3B%22%3E%3Cimg%20class%3D%22aligncenter%20size-full%20wp-image-141%22%20src%3D%22https%3A%2F%2F24.p3k.hu%2Fapp%2Fuploads%2Fsites%2F24%2F2021%2F05%2Fs24-logo-dt.png%22%20alt%3D%22%22%20width%3D%22408%22%20height%3D%2290%22%20%2F%3E%3C%2Fh2%3E%0D%0A%3Ch2%20style%3D%22color%3A%20%23111115%21important%3B%20font-size%3A%2036px%3B%20font-weight%3A%20bold%3B%20margin-bottom%3A%2030px%3B%20margin-top%3A%2020px%3B%20text-align%3A%20center%3B%20line-height%3A%2040px%3B%22%3ECsatlakozz%20a%20Sport24%20k%C3%B6z%C3%B6ss%C3%A9ghez%2C%20mondd%20el%20v%C3%A9lem%C3%A9nyedet%20z%C3%A1rt%20Facebook-csoportunkban%2C%20%C3%A9s%20vegy%C3%A9l%20r%C3%A9szt%20csak%20el%C5%91fizet%C5%91knek%20el%C3%A9rhet%C5%91%20exkluz%C3%ADv%20esem%C3%A9nyeinken.%3C%2Fh2%3E%0D%0A%3C%2Fdiv%3E%0D%0A%3Cp%20style%3D%22background%3A%20%2357A600%3B%20margin-top%3A%2020px%3B%20padding%3A%2020px%3B%20text-align%3A%20center%3B%22%3E%3Ca%20style%3D%22color%3A%20%23ffffff%3B%20font-size%3A%2026px%3B%20font-weight%3A%20600%3B%22%20href%3D%22https%3A%2F%2Fwww.facebook.com%2Fgroups%2F212344460412327%22%3ECSATLAKOZOM%3C%2Fa%3E%3C%2Fp%3E%0D%0A%0D%0A%3C%2Fdiv%3E\"]","type":"rich","thumbnail_url":"https:\/\/s.24.hu\/app\/uploads\/sites\/24\/2022\/12\/000_32w294c-masolat-150x150.jpg","thumbnail_width":150,"thumbnail_height":150}