{"version":"1.0","provider_name":"Sport24","provider_url":"https:\/\/sport24.24.hu","author_name":"Bruckner G\u00e1bor","author_url":"https:\/\/sport24.24.hu\/author\/brucknerg\/","title":"K\u00e9t bajnok a veszt\u0151helyen, \u00c1zsia \u00e9s Afrika el\u0151ret\u00f6r \u2013 ilyen volt a vb csoportk\u00f6re","html":"<strong>EUR\u00d3PA NEM REMEKEL \u2013 PAP\u00cdRFORMA.<\/strong> A 32 csapatos vil\u00e1gbajnoks\u00e1gokon folytat\u00f3dott egy j\u00f3val kor\u00e1bbi trend, amely szerint er\u0151sen rendez\u0151f\u00fcgg\u0151, hogy mik\u00e9nt szerepelnek az eur\u00f3pai, valamint az Eur\u00f3p\u00e1n k\u00edv\u00fcli csapatok. Az eddigi 22 torn\u00e1b\u00f3l 11-et rendezett az \u00f6reg kontinens, 11-et m\u00e1s. Eur\u00f3pai torn\u00e1n eddig csak egyszer nyert nem eur\u00f3pai csapat (1958-ban, Sv\u00e9dorsz\u00e1gban Braz\u00edlia).\r\n\r\n<span class=\"highlight-block-small\">Ugyanakkor m\u00e1s kontinensen rendezett vb eset\u00e9ben nyolcszor d\u00e9l-amerikai volt a befut\u00f3, \u00e9s csak k\u00e9tszer eur\u00f3pai (2010, Spanyolorsz\u00e1g \u00e9s 2014, N\u00e9metorsz\u00e1g).<\/span>\r\n\r\nEz a hull\u00e1mz\u00e1s ugyan\u00fagy jellemz\u0151, ha a 32-es mez\u0151ny\u0171 torn\u00e1kon a nyolcadd\u00f6nt\u0151be jutott egy\u00fcttesek eloszl\u00e1s\u00e1t vizsg\u00e1ljuk: amennyiben Eur\u00f3p\u00e1ban volt a torna, a f\u00f6ldr\u00e9sz 10 csapata jutott be a kies\u00e9ses szakaszba, ha azon k\u00edv\u00fcl, mindig 10 alatt maradt ez a sz\u00e1m, \u00e9s el\u0151ret\u00f6rt a t\u00f6bbi kontinens. Ennek ellen\u00e9re a hull\u00e1mz\u00e1s a v\u00e9gelsz\u00e1mol\u00e1sn\u00e1l \u00fajabban nem sz\u00e1m\u00edtott: a legut\u00f3bbi n\u00e9gy torn\u00e1n mindig eur\u00f3pai csapat diadalmaskodott, s mindig egy toplig\u00e1s orsz\u00e1g v\u00e1logatottja emelhette a magasba a tr\u00f3fe\u00e1t.\r\n\r\n<iframe class=\"flourish-embed-iframe\" style=\"width: 100%;height: 600px\" title=\"Interactive or visual content\" src=\"https:\/\/flo.uri.sh\/visualisation\/12037728\/embed\" frameborder=\"0\" scrolling=\"no\"><\/iframe>\r\n<div style=\"width: 100%!;margin-top: 4px!important;text-align: right!important\"><a class=\"flourish-credit\" style=\"text-decoration: none!important\" href=\"https:\/\/public.flourish.studio\/visualisation\/12037728\/?utm_source=embed&amp;utm_campaign=visualisation\/12037728\" target=\"_top\" rel=\"noopener\"><img style=\"width: 105px!important;height: 16px!important;border: none!important;margin: 0!important\" src=\"https:\/\/public.flourish.studio\/resources\/made_with_flourish.svg\" alt=\"Made with Flourish\" \/> <\/a><\/div>\r\n&nbsp;\r\n\r\n<strong>AFRIKAI \u00c9S \u00c1ZSIAI B\u00dcSZKES\u00c9G.<\/strong> Ez a harmadik vil\u00e1gbajnoks\u00e1g, amelyen \u00f6t kontinent\u00e1lis z\u00f3na csapatai szerepelnek a nyolcadd\u00f6nt\u0151ben, az els\u0151, amelyen h\u00e1rom \u00e1zsiai v\u00e1logatott van a 16 k\u00f6z\u00f6tt, \u00e9s az afrikaiak is rekordot \u00e1ll\u00edtottak be azzal, hogy k\u00e9t k\u00e9pvisel\u0151j\u00fck sikerrel vette a csoportk\u00f6rt. Az \u00f6t afrikai v\u00e1logatott mindegyike \u00e9s a hatb\u00f3l \u00f6t \u00e1zsiai egy\u00fcttes nyert legal\u00e1bb egy csoportm\u00e9rk\u0151z\u00e9st. A gy\u0151zelmek sz\u00e1ma \u2013 mindk\u00e9t esetben 7 \u2013 szint\u00e9n rekord! \u00c9s a legy\u0151z\u00f6ttek n\u00e9vsora sem gyenge: az afrikai csapatok Braz\u00edlia, Belgium \u00e9s Franciaorsz\u00e1g, az \u00e1zsiaiak Spanyolorsz\u00e1g, Argent\u00edna, N\u00e9metorsz\u00e1g, Portug\u00e1lia \u00e9s D\u00e1nia skalpj\u00e1t gy\u0171jt\u00f6tt\u00e9k be t\u00f6bbek k\u00f6z\u00f6tt.\r\n\r\n<span class=\"highlight-block-small\">Arra bizton sz\u00e1m\u00edthatunk, hogy a FIFA erre fog m\u00e9g mutogatni, amikor a mez\u0151ny 48 csapatosra b\u0151v\u00edt\u00e9se ker\u00fcl sz\u00f3ba.<\/span>\r\n<div class=\"payable-content-section\"><\/div>\r\n<strong>K\u00c9T KOR\u00c1BBI VIL\u00c1GBAJNOK B\u00daCS\u00daZIK \u2013 EZT IS MEGSZOKTUK.<\/strong> Eml\u00edtett\u00fck m\u00e1r kor\u00e1bban is, hogy a 32-es f\u0151t\u00e1bl\u00e1r\u00f3l a csoportk\u00f6r ut\u00e1n 16-osra felez\u0151d\u0151 mez\u0151ny szinte mindig k\u00f6vetel nagycsapat-\u00e1ldozatot. A katari vb \u00e1ldozati olt\u00e1r\u00e1n N\u00e9metorsz\u00e1g \u00e9s Uruguay v\u00e9rzett el a kor\u00e1bbi vil\u00e1gbajnokok k\u00f6z\u00fcl; el\u0151bbi t\u00f6rt\u00e9nete sor\u00e1n el\u0151sz\u00f6r \u00e1llt fejre egym\u00e1s ut\u00e1n k\u00e9tszer m\u00e1r a legels\u0151 k\u00f6rben. Uruguay sem gyakran b\u00facs\u00fazik a csoportk\u00f6rben, eddigi 14 vb-szerepl\u00e9s\u00e9b\u0151l negyedszer sz\u00e1llt ki ebben az etapban.\r\n\r\nA 32-es mez\u0151ny\u0171 vil\u00e1gbajnoks\u00e1gok \u201enagy \u00e1ldozatai\u201d a csoportk\u00f6rben, a vil\u00e1gbajnokok k\u00f6r\u00e9b\u0151l (a csillag jel\u00f6li, hogy Spanyolorsz\u00e1g 1998-ban m\u00e9g nem b\u00fcszk\u00e9lkedhetett vb-els\u0151s\u00e9ggel):\r\n<ul>\r\n \t<li>1998: Spanyolorsz\u00e1g*<\/li>\r\n \t<li>2002: Franciaorsz\u00e1g (c\u00edmv\u00e9d\u0151), Argent\u00edna, Uruguay<\/li>\r\n \t<li>2006: \u2013<\/li>\r\n \t<li>2010: Olaszorsz\u00e1g (c\u00edmv\u00e9d\u0151), Franciaorsz\u00e1g (vb-d\u00f6nt\u0151s)<\/li>\r\n \t<li>2014: Spanyolorsz\u00e1g (c\u00edmv\u00e9d\u0151), Olaszorsz\u00e1g, Anglia<\/li>\r\n \t<li>2018: N\u00e9metorsz\u00e1g (c\u00edmv\u00e9d\u0151)<\/li>\r\n \t<li>2022: N\u00e9metorsz\u00e1g, Uruguay<\/li>\r\n<\/ul>\r\nA nyolc eddigi vil\u00e1gbajnokb\u00f3l teh\u00e1t m\u00e1r h\u00e9t r\u00e1f\u00e1zott a 32-es mez\u0151ny\u0171 vb-ken, az egyetlen kiv\u00e9tel Braz\u00edlia, amely legut\u00f3bb 1966-ban esett ki az els\u0151 etapban, mivel Magyarorsz\u00e1gt\u00f3l \u00e9s Portug\u00e1li\u00e1t\u00f3l is kikapott.\r\n\r\n<strong>ALIG VAN PIROS LAP \u2013 NEM SZOKTUK MEG.<\/strong> A katari vil\u00e1gbajnoks\u00e1g csoportk\u00f6r\u00e9ben csak Wayne Hennessey (Wales) \u00e9s Vincent Aboubacar (Kamerun) kapott piros lapot, ez p\u00e9ld\u00e1s fegyelmezetts\u00e9gre utal. Sz\u00ednes lapok 1970 \u00f3ta vannak a torn\u00e1n (ki\u00e1ll\u00edt\u00e1s m\u00e1r azel\u0151tt is volt), de Mexik\u00f3ban egyszer sem villant a piros. Ezen k\u00edv\u00fcl soha nem volt ilyen kev\u00e9s ki\u00e1ll\u00edt\u00e1s a csoportk\u00f6rben, a sk\u00e1la m\u00e1sik oldal\u00e1n az 1998-as torna (16 piros a csoportm\u00e9rk\u0151z\u00e9seken) \u00e9s a 2006-os (18) van. A VAR bevezet\u00e9se \u00f3ta, teh\u00e1t a legut\u00f3bbi k\u00e9t vb-n \u00f3ri\u00e1sit esett a ki\u00e1ll\u00edtottak sz\u00e1ma.\r\n\r\n<strong>T\u00c9KOZL\u00d3 N\u00c9METEK, MINIMALISTA LENGYELEK.<\/strong> A n\u00e9met v\u00e1logatott \u00fajabb kudarca ut\u00e1n sokfel\u00e9 lehet mutogatni. Az ut\u00e1np\u00f3tl\u00e1sk\u00e9pz\u00e9s kritik\u00e1ja-e, hogy Antonio R\u00fcdiger kiv\u00e9tel\u00e9vel nincs klasszis v\u00e9d\u0151 \u00e9s csak egy center van a keretben? Eldobtak-e a n\u00e9metek proakt\u00edv, n\u00e9ha t\u00falzottan is mer\u00e9sz (vagy naiv?) j\u00e1t\u00e9kukkal valamit abb\u00f3l, ami hagyom\u00e1nyosan Turniermannschaftt\u00e1, tornacsapatt\u00e1 tette \u0151ket?\r\n\r\n<span class=\"highlight-block\">A v\u00e1laszokat majd megkeresik <\/span>\r\n\r\n(a n\u00e9met futballt ismerve, val\u00f3sz\u00edn\u0171leg eredm\u00e9nyesen), de tegy\u00fcnk ehhez hozz\u00e1 m\u00e9g k\u00e9t dolgot: a Die Mannschaft \u00e9szveszejt\u0151 t\u00e9kozl\u00e1s\u00e1t \u00e9s t\u00f6r\u00e9keny h\u00e1ts\u00f3 alakzat\u00e1t.\r\n\r\nA <a href=\"https:\/\/public.flourish.studio\/visualisation\/11976230\/\" target=\"_blank\" rel=\"noopener\">belinkelt \u00e1br\u00e1n<\/a> a 32 csapat csoportm\u00e9rk\u0151z\u00e9seken el\u00e9rt g\u00f3ljait, v\u00e1rhat\u00f3g\u00f3l-mutat\u00f3j\u00e1t (xG), valamint a helyzetek bont\u00e1s\u00e1t mutatjuk be. A hat\u00e1rok \u00f6nk\u00e9nyesek, de 0,4 xG f\u00f6l\u00f6tt m\u00e1r tiszta ziccerr\u0151l besz\u00e9l\u00fcnk (\u00f6sszehasonl\u00edt\u00e1sul: egy b\u00fcntet\u0151 \u00e9rt\u00e9ke 0,76; a kanadai <strong>Alistair Johnsto<\/strong>n \u00fcres kapura, egy m\u00e9terr\u0151l f\u00f6l\u00e9 fejelt labd\u00e1ja volt 0,81), 0,2\u20130,39 k\u00f6z\u00f6tt is igen j\u00f3 az es\u00e9ly a tal\u00e1latra, 0,1\u20130,19 k\u00f6z\u00f6tt pedig m\u00e9g mindig \u201erendes\u201d helyzetr\u0151l van sz\u00f3. Az \u00e1br\u00e1kon a soksz\u00f6g kiterjed\u00e9se mutatja, egy v\u00e1logatott mennyire volt j\u00f3 a k\u00fcl\u00f6nf\u00e9le helyzetek kidolgoz\u00e1s\u00e1ban \u00e9s kihaszn\u00e1l\u00e1s\u00e1ban.\r\n\r\nN\u00e9metorsz\u00e1g\u00e9 a \u201epac\u00e1k\u201d k\u00f6z\u00fcl messze a legnagyobb, csak \u00e9pp ezzel nem mentek az \u00e9gvil\u00e1gon semmire. <strong>Hansi Flick c<\/strong>sapat\u00e1\u00e9 volt b\u0151ven a legjobb xG (a WyScout 8,2-t sz\u00e1molt, az Opta 10,1-et), a legt\u00f6bb l\u00f6v\u00e9s, a legt\u00f6bb b\u00fcntet\u0151ter\u00fcleten bel\u00fcli labda\u00e9rint\u00e9s \u00e9s a legt\u00f6bb kulcspassz is, a legt\u00f6bb t\u00e1mad\u00f3 statisztik\u00e1ban N\u00e9metorsz\u00e1g van az \u00e9len.\r\n\r\nItt l\u00e1tszik, hogy a helyzetmin\u0151s\u00e9g-m\u00e9r\u00e9s r\u00f6vid t\u00e1von milyen csal\u00f3ka lehet: ha a n\u00e9metek k\u00f6z\u00e9p- vagy hossz\u00fat\u00e1von ilyen sz\u00e1mokat hozn\u00e1nak, val\u00f3sz\u00edn\u0171leg felz\u00e1rk\u00f3zna a mennyis\u00e9g \u00e9s min\u0151s\u00e9g szempontj\u00e1b\u00f3l is remek helyzetkialak\u00edt\u00e1sukhoz a helyzetkihaszn\u00e1l\u00e1suk is. \u00a0De egy vil\u00e1gbajnoks\u00e1g csoportk\u00f6r\u00e9ben nincs k\u00f6z\u00e9pt\u00e1v.\r\n\r\n<iframe class=\"flourish-embed-iframe\" style=\"width: 100%;height: 600px\" title=\"Interactive or visual content\" src=\"https:\/\/flo.uri.sh\/visualisation\/12031925\/embed\" frameborder=\"0\" scrolling=\"no\"><\/iframe>\r\n<div style=\"width: 100%!;margin-top: 4px!important;text-align: right!important\"><a class=\"flourish-credit\" style=\"text-decoration: none!important\" href=\"https:\/\/public.flourish.studio\/visualisation\/12031925\/?utm_source=embed&amp;utm_campaign=visualisation\/12031925\" target=\"_top\" rel=\"noopener\"><img style=\"width: 105px!important;height: 16px!important;border: none!important;margin: 0!important\" src=\"https:\/\/public.flourish.studio\/resources\/made_with_flourish.svg\" alt=\"Made with Flourish\" \/> <\/a><\/div>\r\n&nbsp;\r\n\r\nUgyanakkor N\u00e9metorsz\u00e1g nem \u00e1ll j\u00f3l a t\u00e1bla \u201em\u00e1sik fel\u00e9n\u201d, az xGA-rangsorban (v\u00e1rhat\u00f3 kapottg\u00f3lmutat\u00f3). Magas a k\u00f6zel 4-es mutat\u00f3, r\u00e1ad\u00e1sul a h\u00e1rom ellenf\u00e9lnek h\u00e9t olyan helyzete volt, melynek xG-je 0,25 vagy t\u00f6bb, ez pedig rizik\u00f3s. Kapott is a n\u00e9met csapat \u00f6t g\u00f3lt \u2013 ez vesz\u00e9lyes d\u00f3zis egy csoportk\u00f6rben \u2013, a Die Mannschaft a 2016-os Eb nyolcadd\u00f6nt\u0151je \u00f3ta egyszer sem tudta ellenfel\u00e9t \u201elenull\u00e1zni\u201d nagy torn\u00e1n. \u00c9les a k\u00fcl\u00f6nbs\u00e9g a n\u00e9metek \u00e9s a brazil, argentin, francia, spanyol n\u00e9gyes tagjai k\u00f6z\u00f6tt \u2013 ut\u00f3bbiaknak is j\u00f3l m\u0171k\u00f6dik a t\u00e1mad\u00f3j\u00e1t\u00e9kuk, \u00e1m sokkal jobb a v\u00e9dekez\u00e9s\u00fck, annak ellen\u00e9re, hogy mindegyik\u00fck szenvedett m\u00e1r veres\u00e9get a torn\u00e1n. Sok kihagyott helyzet, nem el\u00e9g stabil v\u00e9dekez\u00e9s, negyed\u00f3r\u00e1ra elvesztett kontroll Jap\u00e1n ellen, egy kis pech, \u00e9s m\u00e1r meg is volt a kies\u00e9s receptje. Ilyen r\u00f6vid t\u00e1von ez pont el\u00e9g.\r\n<blockquote class=\"small-quote\">Nem csak balszerencs\u00e9r\u0151l van sz\u00f3, az ellenfeleknek nem kell sokat tenni\u00fck ahhoz, hogy g\u00f3lt r\u00fagjanak nek\u00fcnk<\/blockquote>\r\n\u2013 kesergett Kimmich. Ez pedig aggaszt\u00f3bb, mint a helyzetek kihagy\u00e1sa. \u00c9rdemes megn\u00e9zni, hogy Ausztr\u00e1lia, Marokk\u00f3, Hollandia, az Egyes\u00fclt \u00c1llamok vagy Lengyelorsz\u00e1g ehhez k\u00e9pest milyen visszafogott t\u00e1mad\u00f3j\u00e1t\u00e9kkal harcolta ki a tov\u00e1bbjut\u00e1st.\r\n\r\n[prefabricated_shortcode in_app=\"0\" code=\"%3Cdiv%20class%3D%22article_box_border%22%20style%3D%22background%3A%20url%28%27https%3A%2F%2F24.p3k.hu%2Fapp%2Fuploads%2Fsites%2F24%2F2021%2F05%2Fsport24-pattern.png%27%29%20no-repeat%20left%20-16px%20%23f3f3f4%3B%20border%3A%20none%3B%22%3E%0D%0A%3Cdiv%20class%3D%22article_solidheader%22%3E%0D%0A%3Ch2%20style%3D%22color%3A%20%23111115%21important%3B%20font-size%3A%2036px%3B%20font-weight%3A%20bold%3B%20margin-bottom%3A%2030px%3B%20margin-top%3A%2020px%3B%20text-align%3A%20center%3B%20line-height%3A%2036px%3B%22%3E%3Cimg%20class%3D%22aligncenter%20size-full%20wp-image-141%22%20src%3D%22https%3A%2F%2F24.p3k.hu%2Fapp%2Fuploads%2Fsites%2F24%2F2021%2F05%2Fs24-logo-dt.png%22%20alt%3D%22%22%20width%3D%22408%22%20height%3D%2290%22%20%2F%3E%3C%2Fh2%3E%0D%0A%3Ch2%20style%3D%22color%3A%20%23111115%21important%3B%20font-size%3A%2036px%3B%20font-weight%3A%20bold%3B%20margin-bottom%3A%2030px%3B%20margin-top%3A%2020px%3B%20text-align%3A%20center%3B%20line-height%3A%2040px%3B%22%3ECsatlakozz%20a%20Sport24%20k%C3%B6z%C3%B6ss%C3%A9ghez%2C%20mondd%20el%20v%C3%A9lem%C3%A9nyedet%20z%C3%A1rt%20Facebook-csoportunkban%2C%20%C3%A9s%20vegy%C3%A9l%20r%C3%A9szt%20csak%20el%C5%91fizet%C5%91knek%20el%C3%A9rhet%C5%91%20exkluz%C3%ADv%20esem%C3%A9nyeinken.%3C%2Fh2%3E%0D%0A%3C%2Fdiv%3E%0D%0A%3Cp%20style%3D%22background%3A%20%2357A600%3B%20margin-top%3A%2020px%3B%20padding%3A%2020px%3B%20text-align%3A%20center%3B%22%3E%3Ca%20style%3D%22color%3A%20%23ffffff%3B%20font-size%3A%2026px%3B%20font-weight%3A%20600%3B%22%20href%3D%22https%3A%2F%2Fwww.facebook.com%2Fgroups%2F212344460412327%22%3ECSATLAKOZOM%3C%2Fa%3E%3C%2Fp%3E%0D%0A%0D%0A%3C%2Fdiv%3E\"]","type":"rich","thumbnail_url":"https:\/\/s.24.hu\/app\/uploads\/sites\/24\/2022\/12\/000_32w828n-masolat-150x150.jpg","thumbnail_width":150,"thumbnail_height":150}