{"version":"1.0","provider_name":"Sport24","provider_url":"https:\/\/sport24.24.hu","author_name":"Bruckner G\u00e1bor","author_url":"https:\/\/sport24.24.hu\/author\/brucknerg\/","title":"Hov\u00e1 lettek a belga g\u00f3lok?","html":"A vil\u00e1gbajnoks\u00e1g kezdete el\u0151tt a belg\u00e1k keret\u00e9ben 11 olyan j\u00e1t\u00e9kos is volt, aki a torna kezdete el\u0151tt m\u00e1r bet\u00f6lt\u00f6tte legal\u00e1bb a 30. \u00e9let\u00e9v\u00e9t. K\u00f6z\u00fcl\u00fck heten kezd\u0151k voltak a Horv\u00e1torsz\u00e1g elleni sorsd\u00f6nt\u0151 m\u00e9rk\u0151z\u00e9sen, amelyen nyerni kellet ahhoz, hogy a v\u00e1logatott tov\u00e1bbjusson. Nem siker\u00fclt, \u00edgy az egy\u00fcttes nem tudta megism\u00e9telni a n\u00e9gy \u00e9vvel ezel\u0151tti j\u00f3 szerepl\u00e9st.\r\n<h2>Id\u0151s\u00f6d\u0151 j\u00e1t\u00e9kosok formahanyatl\u00e1sa<\/h2>\r\nAhogyan m\u00e1r eml\u00edtett\u00fck, h\u00e9t olyan j\u00e1t\u00e9kos is volt a tegnapi kezd\u0151csapatban, aki elm\u00falt harminc\u00e9ves. K\u00f6z\u00fcl\u00fck n\u00e9gyen a v\u00e9delemben szerepeltek (<strong>Courtois, Vertonghen, Alderweireld, Meunier<\/strong>), ketten a k\u00f6z\u00e9pp\u00e1ly\u00e1n (<strong>Witsel, De Bruyne<\/strong>), m\u00edg <strong>Mertens<\/strong> a t\u00e1mad\u00f3sorban kapott helyet. Szinte \u00e9rthetetlen, hogy az eg\u00e9sz szezonban a saj\u00e1t form\u00e1j\u00e1val k\u00fczd\u0151 Witsel hogyan kezdhetett mind a h\u00e1rom csoportmeccsen. K\u00fcl\u00f6n\u00f6sen \u00fagy \u00e9rdekes ez a t\u00e9ny, hogy <strong>Tielemans<\/strong> az els\u0151, gy\u0151ztes, Kanada elleni m\u00e9rk\u0151z\u00e9s kiv\u00e9tel\u00e9vel egyszer sem kapott helyet a kezd\u0151ben. \u00c9rdekess\u00e9g, hogy a cs\u00fct\u00f6rt\u00f6ki meccsen a rendes j\u00e1t\u00e9kid\u0151b\u0151l mind\u00f6sszesen 18 percet p\u00e1ly\u00e1n t\u00f6lt\u0151 Tielemans pontosan ugyanannyi labd\u00e1t szerzett (4), mint Witsel.\r\n<h3>A belg\u00e1k v\u00e9dekez\u0151 akci\u00f3i<\/h3>\r\n<img class=\"alignnone size-full wp-image-6873\" src=\"https:\/\/sport24.24.hu\/app\/uploads\/sites\/24\/2022\/12\/bel.jpg\" alt=\"\" width=\"1342\" height=\"958\" \/>\r\n\r\nHa megvizsg\u00e1ljuk a belg\u00e1k v\u00e9dekez\u0151 akci\u00f3inak a pontt\u00e9rk\u00e9p\u00e9t, akkor azt l\u00e1thatjuk, hogy szinte kiz\u00e1r\u00f3lag a saj\u00e1t tizenhatosuk k\u00f6rny\u00e9k\u00e9n vagy a sz\u00e9leken hajtottak v\u00e9gre olyan akci\u00f3kat, amelyekb\u0151l labd\u00e1kat szerezhettek volna. Vagyis vesz\u00e9lyes helyen, az ellenf\u00e9l kapuj\u00e1hoz k\u00f6zel, a p\u00e1lya k\u00f6z\u00e9ps\u0151 ter\u00fclet\u00e9n szinte meg sem pr\u00f3b\u00e1lkoztak a labdaszerz\u00e9ssel, \u00edgy nem is tudtak k\u00f6nny\u0171 \u00e9s gyors t\u00e1mad\u00e1sokat vezetni. A belg\u00e1kn\u00e1l legink\u00e1bb a v\u00e9d\u0151k \u2013 <strong>Castagna<\/strong> (9), Alderweireld (6) \u00e9s <strong>Vertonghen<\/strong> (6) \u2013 jeleskedtek a labdaszerz\u00e9sekben, m\u00edg a horv\u00e1tokn\u00e1l a k\u00f6z\u00e9pp\u00e1ly\u00e1sok \u2013 <strong>Gvardiol<\/strong> (8), <strong>Brozovic<\/strong> (7), <strong>Modric<\/strong> (6) \u2013 vitt\u00e9k a h\u00e1tukon a csapatot. Ez remek\u00fcl megmutatkozik a horv\u00e1t csapat pontt\u00e9rk\u00e9p\u00e9n is.\r\n<div class=\"payable-content-section\"><\/div>\r\n<h3>A horv\u00e1tok v\u00e9dekez\u0151 akci\u00f3i<\/h3>\r\n<img class=\"alignnone size-full wp-image-6874\" src=\"https:\/\/sport24.24.hu\/app\/uploads\/sites\/24\/2022\/12\/cro.jpg\" alt=\"\" width=\"1346\" height=\"946\" \/>\r\n\r\nJ\u00f3l l\u00e1that\u00f3, hogy horv\u00e1tok v\u00e9dekez\u00e9se ink\u00e1bb a saj\u00e1t jobb oldalukra koncentr\u00e1l\u00f3dott, de \u00f6sszess\u00e9g\u00e9ben magasabban akartak labd\u00e1t szerezni, mint a belg\u00e1k.\r\n<h2>Probl\u00e9ma a fel\u00e1ll\u00e1ssal<\/h2>\r\nA belga v\u00e1logatottnak a v\u00e9dekez\u00e9s mellett az eg\u00e9sz torn\u00e1n nagy gondot jelentett a g\u00f3lszerz\u00e9s. Ez valamelyest magyar\u00e1zhat\u00f3 a kulcsj\u00e1t\u00e9kosuk, <strong>Lukaku<\/strong> \u00e1tmeneti hi\u00e1ny\u00e1val, de a h\u00e1rom meccs alatt l\u0151tt egy g\u00f3l \u00edgy is nagyon kev\u00e9s. K\u00fcl\u00f6n\u00f6sen f\u00e1j\u00f3 lehet, ha \u00f6sszevetj\u00fck azzal az adattal, hogy n\u00e9gy \u00e9vvel ezel\u0151tt a csoportmeccsek alatt kilenc g\u00f3lt szereztek. Fontos megeml\u00edteni tov\u00e1bb\u00e1, hogy\r\n\r\n<span class=\"highlight-block-small\">a Roberto Mart\u00ednez vezette belg\u00e1k 2016 szeptembere \u00e9s a 2021-es Eb k\u00f6z\u00f6tt eltelt majdnem \u00f6t \u00e9v alatt 175 g\u00f3lt szereztek, amivel ki\u00e9rdemelt\u00e9k a vil\u00e1g legeredm\u00e9nyesebb (f\u00e9rfi) labdar\u00fag\u00f3-v\u00e1logatottja c\u00edmet. <\/span>\r\n\r\nEnnek a sz\u00f6ges ellent\u00e9t\u00e9t tapasztalhattuk a mostani vil\u00e1gbajnoks\u00e1gon. \u00c9rdekes volt l\u00e1tni az is, hogy a Manchester Cityben kulcspasszt kulcspasszra halmoz\u00f3 Kevin de Bruyne szinte j\u00e1t\u00e9kban sem volt a cs\u00fct\u00f6rt\u00f6ki m\u00e9rk\u0151z\u00e9sen. \u00d6sszesen 27 passza volt, amely a meccset v\u00e9gig j\u00e1tsz\u00f3 belg\u00e1k k\u00f6z\u00fcl a legalacsonyabb sz\u00e1m. Az igaz, hogy 63 alkalommal mutatta mag\u00e1t csapatt\u00e1rsainak passzopci\u00f3k\u00e9nt, de \u00f6sszesen csak 14 alkalommal jutott el hozz\u00e1 a labda. Vagyis beindul\u00e1sainak mind\u00f6sszesen 22,22 sz\u00e1zal\u00e9k\u00e1ban jutott el hozz\u00e1 a labda, ami szint\u00e9n arra enged k\u00f6vetkeztetni, hogy szinte j\u00e1t\u00e9kban sem volt a belg\u00e1k legvesz\u00e9lyesebb j\u00e1t\u00e9kosa.\r\n\r\nEzek alapj\u00e1n nem csoda, hogy Lukaku be\u00e1ll\u00e1s\u00e1ig szinte helyzetbe sem tudtak ker\u00fclni a belg\u00e1k. Az els\u0151 f\u00e9lid\u0151t figyelve az lehetett az \u00e9rz\u00e9se a n\u00e9z\u0151knek, hogy olyan m\u00e9rk\u0151z\u00e9st l\u00e1t, amelyen mindk\u00e9t csapatnak j\u00f3 a d\u00f6ntetlen. Ebben a peri\u00f3dusban \u00f6sszesen kilenc kapura l\u00f6v\u00e9st jegyezhett\u00fcnk fel, ezekb\u0151l \u00f6t a belg\u00e1k, n\u00e9gy a horv\u00e1tok \u00e9rdeme volt, \u00e1m a kaput egyik csapat sem tal\u00e1lta el. A helyzet n\u00e9mileg v\u00e1ltozott Lukaku \u00e9s <strong>Doku<\/strong> becser\u00e9s\u00e9vel. El\u0151bbinek a nev\u00e9hez f\u0171z\u0151d\u00f6tt az els\u0151 kaput eltal\u00e1l\u00f3 l\u00f6v\u00e9s, m\u00edg ut\u00f3bbi \u2013 Tielemanshoz hasonl\u00f3an \u2013 \u00a018 percet t\u00f6lt\u00f6tt a p\u00e1ly\u00e1n, \u00e9s ez id\u0151 alatt t\u00f6bb (2) sikeres cselt mutatott be, mint b\u00e1rmely m\u00e1sik csapatt\u00e1rsa. Nem besz\u00e9lve arr\u00f3l, hogy Doku a csapat legprogressz\u00edvebb j\u00e1t\u00e9kos\u00e1nak (5) bizonyult kev\u00e9s j\u00e1t\u00e9kideje ellen\u00e9re is. Ezek t\u00fckr\u00e9ben szinte \u00e9rthetetlen, mi\u00e9rt v\u00e1rt Mart\u00ednez a 72. percig, hogy behozza csapat legkreat\u00edvabb (Doku), \u00e9s a p\u00e1lya k\u00f6z\u00e9ps\u0151 tengely\u00e9ben a legnagyobb munkab\u00edr\u00e1s\u00fa (Tielemans) j\u00e1t\u00e9kos\u00e1t.\r\n\r\n\u00c9rdemes m\u00e9g megvizsg\u00e1lni a k\u00e9t csapat j\u00e1t\u00e9kosainak fut\u00e1steljes\u00edtm\u00e9ny\u00e9t. Ebben szint\u00e9n horv\u00e1t er\u0151f\u00f6l\u00e9ny rajzol\u00f3dik ki. A mez\u0151ny legt\u00f6bbet fut\u00f3 j\u00e1t\u00e9kosa a k\u00f6z\u00e9pp\u00e1ly\u00e1s, Brozovic volt (13\u00a0443 m\u00e9ter), \u0151t Witsel k\u00f6vette (12\u00a0041). A belg\u00e1kn\u00e1l hat, a horv\u00e1tokn\u00e1l nyolc olyan j\u00e1t\u00e9kost tal\u00e1lunk, aki t\u00edz kilom\u00e9tern\u00e9l t\u00f6bbet futott. A legnagyobb t\u00e1vols\u00e1got sprintben (25 km\/\u00f3r\u00e1n\u00e1l nagyobb sebess\u00e9gben megtett fut\u00e1st\u00e1vols\u00e1g) <strong>Perisic<\/strong> abszolv\u00e1lta a maga 465 m\u00e9ter\u00e9vel. A belg\u00e1kn\u00e1l a 400 m\u00e9teres hat\u00e1rt egyetlen j\u00e1t\u00e9kos sem l\u00e9pte \u00e1t, a 300-at is csak egy (Meunier, 326). N\u00e1la egy\u00e9bk\u00e9nt m\u00e9g m\u00e1sik k\u00e9t horv\u00e1t j\u00e1t\u00e9kos is jobban teljes\u00edtett ebben a tekintetben.\r\n\r\nBelgium mindezek ellen\u00e9re is tov\u00e1bbjuthatott volna, hiszen a meccs v\u00e9g\u00e9n hatalmas helyzeteket dolgozott ki, de\r\n\r\n<span class=\"highlight-block\">a v\u00e9gs\u0151 tornagy\u0151zelemre ennek a csapatnak kev\u00e9s es\u00e9lye lett volna. <\/span>\r\n\r\n\u00c9rdekess\u00e9g: p\u00e9ld\u00e1ul Lukaku xG-\u00e9rt\u00e9ke a m\u00e1sodik f\u00e9lid\u0151ben egyed\u00fcl nagyobb volt, mint amennyit a csoportels\u0151 marokk\u00f3i v\u00e1logatott az eg\u00e9sz csoportk\u00f6rben k\u00e9pes volt dolgozni.\r\n\r\nhttps:\/\/twitter.com\/xGPhilosophy\/status\/1598362959729766400?s=20&amp;t=M20e2qxsqu0qD0Xr-v9GuA\r\n\r\nAk\u00e1rhogyan is, a belga v\u00e1logatottn\u00e1l gener\u00e1ci\u00f3v\u00e1lt\u00e1s van ter\u00edt\u00e9ken, de ezt m\u00e1r a Roberto Mart\u00ednez hely\u00e9re kinevezett \u00faj sz\u00f6vets\u00e9gi kapit\u00e1nynak kell majd levez\u00e9nyelnie. K\u00e9rd\u00e9s, hogy a szint\u00e9n nem fiatal, de m\u00e9g mindig zseni\u00e1lisan j\u00e1tsz\u00f3, viszont nagyon f\u00e1radt horv\u00e1t v\u00e1logatott mire megy majd a torna egyik meglepet\u00e9scsapat\u00e1val, a jap\u00e1nnal a legjobb tizenhat k\u00f6z\u00f6tt.\r\n\r\n<em>A szerz\u0151 Kocsis Bence, az MLSZ adatelemz\u0151je.<\/em>\r\n\r\n[prefabricated_shortcode in_app=\"0\" code=\"%3Cdiv%20class%3D%22article_box_border%22%20style%3D%22background%3A%20url%28%27https%3A%2F%2F24.p3k.hu%2Fapp%2Fuploads%2Fsites%2F24%2F2021%2F05%2Fsport24-pattern.png%27%29%20no-repeat%20left%20-16px%20%23f3f3f4%3B%20border%3A%20none%3B%22%3E%0D%0A%3Cdiv%20class%3D%22article_solidheader%22%3E%0D%0A%3Ch2%20style%3D%22color%3A%20%23111115%21important%3B%20font-size%3A%2036px%3B%20font-weight%3A%20bold%3B%20margin-bottom%3A%2030px%3B%20margin-top%3A%2020px%3B%20text-align%3A%20center%3B%20line-height%3A%2036px%3B%22%3E%3Cimg%20class%3D%22aligncenter%20size-full%20wp-image-141%22%20src%3D%22https%3A%2F%2F24.p3k.hu%2Fapp%2Fuploads%2Fsites%2F24%2F2021%2F05%2Fs24-logo-dt.png%22%20alt%3D%22%22%20width%3D%22408%22%20height%3D%2290%22%20%2F%3E%3C%2Fh2%3E%0D%0A%3Ch2%20style%3D%22color%3A%20%23111115%21important%3B%20font-size%3A%2036px%3B%20font-weight%3A%20bold%3B%20margin-bottom%3A%2030px%3B%20margin-top%3A%2020px%3B%20text-align%3A%20center%3B%20line-height%3A%2040px%3B%22%3ECsatlakozz%20a%20Sport24%20k%C3%B6z%C3%B6ss%C3%A9ghez%2C%20mondd%20el%20v%C3%A9lem%C3%A9nyedet%20z%C3%A1rt%20Facebook-csoportunkban%2C%20%C3%A9s%20vegy%C3%A9l%20r%C3%A9szt%20csak%20el%C5%91fizet%C5%91knek%20el%C3%A9rhet%C5%91%20exkluz%C3%ADv%20esem%C3%A9nyeinken.%3C%2Fh2%3E%0D%0A%3C%2Fdiv%3E%0D%0A%3Cp%20style%3D%22background%3A%20%2357A600%3B%20margin-top%3A%2020px%3B%20padding%3A%2020px%3B%20text-align%3A%20center%3B%22%3E%3Ca%20style%3D%22color%3A%20%23ffffff%3B%20font-size%3A%2026px%3B%20font-weight%3A%20600%3B%22%20href%3D%22https%3A%2F%2Fwww.facebook.com%2Fgroups%2F212344460412327%22%3ECSATLAKOZOM%3C%2Fa%3E%3C%2Fp%3E%0D%0A%0D%0A%3C%2Fdiv%3E\"]","type":"rich","thumbnail_url":"https:\/\/s.24.hu\/app\/uploads\/sites\/24\/2022\/12\/lukaku-150x150.jpg","thumbnail_width":150,"thumbnail_height":150}