{"version":"1.0","provider_name":"Sport24","provider_url":"https:\/\/sport24.24.hu","author_name":"Dajka Bal\u00e1zs","author_url":"https:\/\/sport24.24.hu\/author\/dajkab\/","title":"Ronald\u00f3nak nem j\u00f6tt be a kamu g\u00f3l\u00f6r\u00f6m, Kamerun viszont j\u00f3l j\u00e1rt a kapuscser\u00e9vel \u2013 ez t\u00f6rt\u00e9nt a vb 9. j\u00e1t\u00e9knapj\u00e1n","html":"M\u00e9g miel\u0151tt elm\u00e9ly\u00fcln\u00e9nk a meccsekben, \u00e9rdemes lesz\u00f6gezni: a csoportk\u00f6r 2. fordul\u00f3ja ut\u00e1n mind\u00f6ssze h\u00e1rom csapat rendelkezik 6 ponttal (Franciaorsz\u00e1g, Braz\u00edlia \u00e9s Portug\u00e1lia), mik\u00f6zben csak kett\u0151 esett ki v\u00e9g\u00e9rv\u00e9nyesen (Katar, Kanada).\r\n\r\nHogy most a k\u00fcsz\u00f6b lett magasabb, vagy a plafon k\u00faszott lejjebb, arr\u00f3l a torna ut\u00e1ni nagymint\u00e1s vizsg\u00e1latok fognak v\u00e1laszt adni, mindenesetre egy biztos: a harmadik fordul\u00f3ban t\u00f6bb ki-ki meccs is lesz. Kezdj\u00fck.\r\n<h2>Kamerun \u2013 Szerbia 3-3<\/h2>\r\nLehetne mondani, hogy Szerbia domin\u00e1lta a meccset \u00e9s Kamerun meglepet\u00e9sre kih\u00fazta d\u00f6ntetlenre, de \u00edgy nem lenne \u00edgy teljesen igaz.\r\n\r\nSzerbia ugyan t\u00f6bbet birtokolta a labd\u00e1t \u00e9s t\u00f6bbet tart\u00f3zkodott Kamerun t\u00e9rfel\u00e9n, de az er\u0151sebb szakaszait nem tudta mindig k\u00e9szp\u00e9nzre v\u00e1ltani. Kamerun? Gyakorlatilag mindkett\u0151 hull\u00e1m\u00e1t meglovagolta.\r\n\r\n<img class=\"alignnone wp-image-6775 size-large\" src=\"https:\/\/sport24.24.hu\/app\/uploads\/sites\/24\/2022\/11\/cikk1-1024x645.jpg\" alt=\"\" width=\"1024\" height=\"645\" \/>\r\n\r\nA leg\u00e9rdekesebb mozzanat az 53. perc k\u00f6r\u00fcl t\u00f6rt\u00e9nt, amikor Szerbia 3-1-re \u00e1llt <strong>Aleksandr Mitrovic<\/strong> g\u00f3lja ut\u00e1n. Ezut\u00e1n k\u00e9t csere t\u00f6rt\u00e9nt: Kamerun lekapott egy k\u00f6z\u00e9pp\u00e1ly\u00e1st (<strong>Martin Hongla<\/strong>) egy csat\u00e1rra (<strong>Vincent Aboubakar<\/strong>), \u00e9s az eredm\u00e9ny ut\u00e1n futva \u00e9rthet\u0151en fejnehezebb lett. Szerbia ezzel szemben v\u00e9d\u0151re (<strong>Stefan Mitrovic<\/strong>) v\u00e9d\u0151t cser\u00e9lt be (<strong>Strahinja Pavlovic<\/strong>), amivel tulajdonk\u00e9ppen nem v\u00e1ltoztatott a szerkezet\u00e9n. P\u00e1r perccel k\u00e9s\u0151bb viszont Szerbia \u2013 kiss\u00e9 t\u00e1volr\u00f3l indulva \u2013 rosszul alkalmazta a lescsapd\u00e1t, Aboubakar pedig kil\u00e9pett \u00e9s kapuig menetelt, \u00e9s bekapcsolta a nosztalgia-gombot: \u00e1temel\u0151s g\u00f3lt r\u00fagott. Kire eml\u00e9keztetett ez a l\u00f6bb\u00f6l\u00e9s?\r\n\r\n<a href=\"https:\/\/www.youtube.com\/watch?v=D-m_wU7eLk8\">Poborskyra<\/a>? <a href=\"https:\/\/www.youtube.com\/watch?v=JpyJtjLoDKg\">Canton\u00e1ra<\/a>? <a href=\"https:\/\/www.youtube.com\/watch?v=79qQbsyQxOA\">Falca\u00f3ra<\/a>? <a href=\"https:\/\/www.youtube.com\/watch?v=Imcc-TLGGOY\">Tottira<\/a>?\r\n\r\nMindegy is, mert 3 perccel k\u00e9s\u0151bb szinte ugyanaz t\u00f6rt\u00e9nt. Megint beragadt egy szerb v\u00e9d\u0151 egy kiugrat\u00e1sn\u00e1l, \u00e9s megint elszaladt Aboubakar, aki viszont lepasszolta <strong>Eric-Maxime Choupo-Motingnak<\/strong>. Igazs\u00e1gos 3-3, mondhatni.\r\n\r\nEz volt az a meccs, melyen a kameruniak szakvezet\u0151je, <strong>Rigobert Song<\/strong> kisebb menedzsmentleck\u00e9t mutatott be azzal, hogy kivette a kapus <strong>Andr\u00e9 Onan\u00e1t<\/strong> a kezd\u0151j\u00e9b\u0151l, \u00e9s a hely\u00e9re <strong>Devis Epassyt<\/strong> tette be.\r\n\r\n<span class=\"highlight-block-small\">Onana az el\u0151z\u0151 meccs\u00e9n annyiszor avatkozott j\u00e1t\u00e9kba l\u00e1bbal, mint egy bels\u0151 v\u00e9d\u0151, \u00e1m edz\u0151je az elmond\u00e1sa szerint azt k\u00e9rte t\u0151le, hogy egy konzervat\u00edvabb szerepet v\u00e1llaljon, amit Onana nem akart.<\/span>\r\n\r\nEpassy a k\u00e9r\u00e9st viszonylag al\u00e1zattal teljes\u00edtette: l\u00e1bbal sokat \u00e9s relat\u00edve j\u00f3l passzolt, ami jobban \u00e1llt a direktebb \u00e9s gyorsabb kameruni t\u00e1mad\u00e1soknak.\r\n<blockquote class=\"twitter-tweet\">\r\n<p dir=\"ltr\" lang=\"en\">So Rigobert Song wanted a more \"traditional\" approach from his goalkeeper?<\/p>\r\nYeah, that'll do it <a href=\"https:\/\/t.co\/3XMUO2jC5v\">pic.twitter.com\/3XMUO2jC5v<\/a>\r\n\r\n\u2014 Opta Analyst (@OptaAnalyst) <a href=\"https:\/\/twitter.com\/OptaAnalyst\/status\/1597183702307860480?ref_src=twsrc%5Etfw\">November 28, 2022<\/a><\/blockquote>\r\n<script async src=\"https:\/\/platform.twitter.com\/widgets.js\" charset=\"utf-8\"><\/script>\r\n<h2>D\u00e9l-Korea \u2013 Gh\u00e1na 2-3<\/h2>\r\nGh\u00e1na az el\u0151z\u0151 meccs\u00e9n Portug\u00e1lia ellen bunkerfocit j\u00e1tszott, egy\u00e1ltal\u00e1n nem ker\u00fclt az ellenf\u00e9l t\u00e1mad\u00f3harmad\u00e1ba, de m\u00e9g annak a l\u00e9gter\u00e9be sem. D\u00e9l-Korea ellen m\u00e1r jobban n\u00e9zett ki a dolog.\r\n<blockquote class=\"twitter-tweet\">\r\n<p dir=\"ltr\" lang=\"en\">Against Portugal in their opening game, Ghana failed to have a single touch in the opposition box in the first half.<\/p>\r\nThey had no such issues today against South Korea...<a href=\"https:\/\/twitter.com\/hashtag\/FIFAWorldCup?src=hash&amp;ref_src=twsrc%5Etfw\">#FIFAWorldCup<\/a> | <a href=\"https:\/\/twitter.com\/hashtag\/Qatar2022?src=hash&amp;ref_src=twsrc%5Etfw\">#Qatar2022<\/a> | <a href=\"https:\/\/twitter.com\/hashtag\/GHA?src=hash&amp;ref_src=twsrc%5Etfw\">#GHA<\/a> <a href=\"https:\/\/t.co\/HAKAAZVfrV\">pic.twitter.com\/HAKAAZVfrV<\/a>\r\n\r\n\u2014 Opta Analyst (@OptaAnalyst) <a href=\"https:\/\/twitter.com\/OptaAnalyst\/status\/1597226848148414465?ref_src=twsrc%5Etfw\">November 28, 2022<\/a><\/blockquote>\r\n<script async src=\"https:\/\/platform.twitter.com\/widgets.js\" charset=\"utf-8\"><\/script>\r\n\r\nMi ennek az oka? Egyr\u00e9szt az, hogy Gh\u00e1na felhagyott az \u00f6tv\u00e9d\u0151z\u00e9ssel \u00e9s \u00e1tt\u00e9rt egy n\u00e9gyv\u00e9d\u0151s j\u00e1t\u00e9krendszerre, ahol egyr\u00e9szt a t\u00e1mad\u00f3it k\u00f6zelebb tudhatta az ellenf\u00e9l harmad\u00e1hoz, m\u00e1sr\u00e9szt, az egyik legkreat\u00edvabb j\u00e1t\u00e9kos\u00e1t, <strong>Mohammed Kudust<\/strong> most a bal helyett a jobb oldalon j\u00e1tszatta, magasabban, szabadabb szerepk\u00f6rben, ahol jobban kij\u00f6ttek az er\u00e9nyei. Harmadr\u00e9szt \u2013 ne kertelj\u00fcnk \u2013 D\u00e9l-Korea volt az ellenf\u00e9l.\r\n\r\nKudus (ejtsd: Kudusz) az Ajax t\u00e1mad\u00f3 k\u00f6z\u00e9pp\u00e1ly\u00e1sa, aki 22 \u00e9vesen t\u00falvan m\u00e1r 19 v\u00e1logatotts\u00e1gon. Egy gh\u00e1nai akad\u00e9mi\u00e1n nevelkedett, amit <strong>Tom Vernon<\/strong>, a Manchester United kor\u00e1bbi j\u00e1t\u00e9kostoborz\u00f3 f\u0151n\u00f6ke alap\u00edtott, aki nem mellesleg a d\u00e1n Nordsjaelland klub tulajdonosa is.\r\n\r\nKudus itt bukkant fel Eur\u00f3p\u00e1ban, ahol kicsit sz\u00e9gyell\u0151s kezd\u00e9s ut\u00e1n sz\u00e1rnyra kapott. Portug\u00e1lia ellen p\u00e1r napja m\u00e9g k\u00f6z\u00e9pp\u00e1ly\u00e1s nyolcask\u00e9nt j\u00e1tszott, de tud t\u00edzes, hamis kilences szerepk\u00f6rben is \u00e9rv\u00e9nyes\u00fclni, mivel agilis, robban\u00e9kony \u00e9s a bal l\u00e1b\u00e1val \u00fagy kezeli a labd\u00e1t, ahogy kevesen.\r\n<h2>Braz\u00edlia \u2013 Sv\u00e1jc 1-0<\/h2>\r\n<blockquote>Hogyan lehet p\u00f3tolni Neymart?<\/blockquote>\r\n\u2013 tette fel mag\u00e1ban a k\u00e9rd\u00e9st Tite, a brazilok sz\u00f6vets\u00e9gi kapit\u00e1nya. Ki kell cser\u00e9lni egy gyeng\u00e9bb, de hasonl\u00f3 k\u00e9szs\u00e9g-palett\u00e1val b\u00edr\u00f3 emberrel, vagy pinc\u00e9t\u0151l a padl\u00e1sig \u00fajra kell rajzolni a terveket? Tite az ut\u00f3bbit v\u00e1lasztotta: kor\u00e1bbi meccs\u00e9vel ellent\u00e9tben 4-2-3-1-r\u0151l 4-3-3 fel\u00e1ll\u00e1sra v\u00e1ltott, ahol a k\u00f6z\u00e9pp\u00e1ly\u00e1t <strong>Fredre,<\/strong> <strong>Casemir\u00f3ra<\/strong> \u00e9s <strong>Lucas Paquet\u00e1ra<\/strong> alak\u00edtotta.\r\n<div class=\"payable-content-section\"><\/div>\r\nA brazilok nem voltak olyan lehengerl\u0151ek, mint Szerbia ellen. A t\u00e1mad\u00e1saik sokszor elakadtak vagy olvashat\u00f3bbak voltak, ugyanakkor a m\u00e1sodik meccs\u00fcket hozt\u00e1k le \u00fagy, hogy 180 perc (+ hozz\u00e1vet\u0151legesen 67 perc hosszabb\u00edt\u00e1s) ut\u00e1n egyetlen l\u00f6v\u00e9st sem engedtek megereszteni a kapujukra. Voltak ugyan ijedelmek, amikor egy blokk vagy utols\u00f3 pillanatos ment\u00e9s h\u00e1r\u00edtotta el a bajt, de ez nagyon komoly teljes\u00edtm\u00e9ny egy olyan csapatt\u00f3l, amely pap\u00edron meglehet\u0151sen fejneh\u00e9z.\r\n\r\n<strong>Jon McKenzie<\/strong>, a Tifo Football szak\u00e9rt\u0151je ugyan m\u00e9g Belgium v\u00e1logatottja kapcs\u00e1n mondta, hogy egy sz\u00f6vets\u00e9gi kapit\u00e1nynak nem az a dolga, hogy a csapatait felfejlessze, hanem az, hogy \u00fagy v\u00e1logassa \u00f6ssze az embereit, hogy megadja a lehet\u0151s\u00e9g\u00e9t a csapatnak a fejl\u0151d\u00e9shez.\r\n<blockquote class=\"twitter-tweet\">\r\n<p dir=\"ltr\" lang=\"en\">People judge international managers way too much by tournament progress. The job of the international manager isn't to have their teams progress - that's wildly impacted by variance. Their job is to give their teams the *best chance* of progressing. It's an important distinction<\/p>\r\n\u2014 Jon Mackenzie (@Jon_Mackenzie) <a href=\"https:\/\/twitter.com\/Jon_Mackenzie\/status\/1596878759034249216?ref_src=twsrc%5Etfw\">November 27, 2022<\/a><\/blockquote>\r\n<script async src=\"https:\/\/platform.twitter.com\/widgets.js\" charset=\"utf-8\"><\/script>\r\n\r\nA francia sport egyik legsikeresebb sz\u00f6vets\u00e9gi kapit\u00e1nya, a f\u00e9rfi k\u00e9zilabda-v\u00e1logatott kor\u00e1bbi f\u0151n\u00f6ke, <strong>Claude Onesta<\/strong> ugyanezt \u00fagy fogalmazta meg, hogy egy sz\u00f6vets\u00e9gi kapit\u00e1ny \u00e9vi 7-10 \u00f6sszetart\u00e1sra tudja egybefogni az embereit, ez\u00e9rt a limit\u00e1lt id\u0151 alatt nem lehet c\u00e9lja mindent v\u00e9gtelen sz\u00e1m\u00fa edz\u00e9sekkel leoktatni. Helyette ink\u00e1bb megkeresi azokat a kapcsolatokat, melyeket a limit\u00e1lt id\u0151 alatt a legmagasabb szintre tud fejleszteni.\r\n\r\n<span class=\"highlight-block-small\">Ilyenkor tud fel\u00e9rt\u00e9kel\u0151dni k\u00e9t j\u00e1t\u00e9kos k\u00f6zti \u00f6sszeszokotts\u00e1g vagy k\u00e9mia.<\/span>\r\n\r\nTite erre is \u00e9p\u00edtett Sv\u00e1jc ellen. A k\u00f6z\u00e9pp\u00e1ly\u00e1ra nem tette be azt a <strong>Bruno Guimaraest<\/strong>, aki k\u00e9ts\u00e9gtelen\u00fcl jobb j\u00e1t\u00e9kos, mint Fred. Ugyanakkor Fred jobban m\u0171k\u00f6dik Casemir\u00f3val, mert m\u00e1s profilt jelentenek \u00e9s mert egy klubban j\u00e1tszanak. Bruno Guimaraes addig is megl\u00e9gedhet azzal, hogy becser\u00e9lik a m\u00e1sodik f\u00e9lid\u0151ben.\r\n\r\nA meccsen Sv\u00e1jc tov\u00e1bbra is a biztos v\u00e9dekez\u00e9s\u00e9re \u00e9p\u00edthetett \u00e9s helyenk\u00e9t \u00e9rdekes megold\u00e1sokkal pr\u00f3b\u00e1lta kij\u00e1tszani Braz\u00edli\u00e1t: vagy azzal, hogy <strong>Freuler<\/strong> a k\u00f6z\u00e9pp\u00e1ly\u00e1n tette szabadd\u00e1 mag\u00e1t a vonalak k\u00f6z\u00f6tt, vagy azzal, hogy pont Freuler \u00e9s <strong>Sow<\/strong> l\u00e9ptek a Casemiro k\u00f6r\u00fcli z\u00f3n\u00e1kba, amivel megpr\u00f3b\u00e1lt\u00e1k t\u00falterhelni a brazilok k\u00f6z\u00e9pp\u00e1ly\u00e1s\u00e1t.\r\n\r\nA meccset m\u00e9gis Casemiro nyerte. Amellett, hogy 2022-ben \u0151 hozza a legjobban a \u201eMak\u00e9l\u00e9l\u00e9-szerepk\u00f6rt\u201d (\u00fctk\u00f6zik, k\u00f6zbeavatkozik, labd\u00e1kat gerebly\u00e9z \u00e9s osztogat a p\u00e1lya fels\u0151bb r\u00e9szeibe), a v\u00e1logatottban a t\u00e1mad\u00e1sokb\u00f3l is kiveszi a r\u00e9sz\u00e9t, legut\u00f3bb \u00e9pp egy dropb\u00f3l szerzett g\u00f3llal. \u00c9rdemes figyelni azt is, hogy a brazilok hogyan oldj\u00e1k meg, hogy a t\u00e1mad\u00e1saik stabil l\u00e1bakon \u00e1lljanak: <strong>Alex Sandro<\/strong> \u00e9s<strong> \u00c9der Militao<\/strong> sokszor a k\u00f6z\u00e9pp\u00e1ly\u00e1ra beh\u00faz\u00f3dva biztos\u00edtott\u00e1k, hogy Casemir\u00f3\u00e9k feljebb l\u00e9phessenek \u00e9s a sz\u00e9ls\u0151k is fedezve legyenek, ha elveszten\u00e9k a labd\u00e1t.\r\n<h2>Portug\u00e1lia - Uruguay 2-0<\/h2>\r\nA meccs leg\u00e9rdekesebb vet\u00fclete tal\u00e1n az lehetett volna, hogy <strong>Cristiano Ronaldo<\/strong> bekamuzott egy g\u00f3l\u00f6r\u00f6m\u00f6t (egy bead\u00e1s ut\u00e1n \u00fagy t\u0171nt, hogy bele\u00e9rt fejjel a labd\u00e1ba) \u00e1m v\u00e9g\u00fcl a FIFA nem neki \u00edt\u00e9lte meg a tal\u00e1latot, \u00edgy Ronaldo m\u00e9g nem \u00e9rte be <strong>Eusebio<\/strong> portug\u00e1l v\u00e1logatottban el\u00e9rt rekordj\u00e1t.\r\n\r\n<span class=\"highlight-block-small\">A legfurcs\u00e1bb az volt, hogy mennyi olyan j\u00e1t\u00e9kos volt a p\u00e1ly\u00e1n, akiket t\u00f6bb mint egy \u00e9vtizede l\u00e1thatunk, \u00e9s valahogy m\u00e9g ott vannak, de kiss\u00e9 megkopott dicsf\u00e9nnyel.<\/span>\r\n\r\n<strong>Luis Su\u00e1rez<\/strong> p\u00e9ld\u00e1ul m\u00e1r annyira megkopott az uruguayi v\u00e1logatottban, hogy a sz\u00f6vets\u00e9gi kapit\u00e1ny \u00fagy d\u00f6nt\u00f6tt, nem \u00e9rdemes kezdetni: Su\u00e1rez ugyanis nem tud kell\u0151 intenzit\u00e1ssal let\u00e1madni \u00e9s nem tud m\u00e1r annyiszor beindulni a v\u00e9d\u0151k m\u00f6g\u00e9, mint kor\u00e1bban. Helyette az az <strong>Edinson Cavani<\/strong> kezdett, aki szint\u00e9n harcol az \u00f6reged\u00e9s hangosan ketyeg\u0151 fali\u00f3r\u00e1ja ellen, m\u00e9gis alkalmasabb a v\u00e9delmi feladatokra, mint Suarez, aki cser\u00e9be egy \u201eimpact player\u201d lett: cserek\u00e9nt be\u00e1llva k\u00e9pes \u00faj szikr\u00e1t adni a t\u00e1mad\u00f3j\u00e1t\u00e9knak. Az \u0151 stoppere emiatt valahol 30 percig m\u0171k\u00f6dik. De addig nagyon.\r\n\r\nPortug\u00e1lia tov\u00e1bbra is k\u00f6z\u00e9pszer\u0171, m\u00e9g akkor is, ha <strong>Bruno Fernandes<\/strong> \u00e9pp a torna j\u00e1t\u00e9kosa-d\u00edjra p\u00e1ly\u00e1zik. Az eg\u00e9sz csapatb\u00f3l hi\u00e1nyzik a kezdem\u00e9nyez\u0151k\u00e9szs\u00e9g \u00e9s a kreativit\u00e1s. Sok t\u00e1mad\u00e1suk a kapust\u00f3l indul egy k\u00f6zvetlen hossz\u00fa labd\u00e1val a sz\u00e9lre, hogy azt\u00e1n visszakeringess\u00e9k az eg\u00e9sz folyamatot a v\u00e9d\u0151kig, majd \u00e1t a t\u00faloldalra.\r\n\r\nA t\u00e1mad\u00e1saik addig n\u00e9ztek ki valahogy, am\u00edg a bal folyos\u00f3t be tudta futni a lend\u00fcletes <strong>Nuno Mendes<\/strong> \u2013 \u00e1m a s\u00e9r\u00fcl\u00e9se ut\u00e1n ez a l\u00e1ng is elhalv\u00e1nyult. Portug\u00e1lia az a csapat, amelyik n\u00e9ha \u00fagy tesz, mintha m\u00e1sk\u00e9pp akarn\u00e1 csin\u00e1lni, de k\u00f6zben mindent ugyan\u00fagy csin\u00e1l. Cristiano Ronaldo p\u00e9ld\u00e1ul m\u00e9g most is szabadr\u00fag\u00e1sokat r\u00fag, pedig a nagy torn\u00e1kon nem szerzett abb\u00f3l g\u00f3lt a 2018-as vb \u00f3ta, amikor bevarrta a spanyoloknak.\r\n<blockquote class=\"twitter-tweet\">\r\n<p dir=\"ltr\" lang=\"en\">Cristiano Ronaldo's free-kick shots at major international tournaments or a game of pin the tail on the donkey?<\/p>\r\n\u274c\u274c\u274c\u274c\u274c\u274c\u274c\u274c\u274c\u274c\u274c\u274c\u274c\u274c\u274c\u274c\u274c\u274c\u274c\u274c\u274c\u274c\u274c\u274c\u274c\u274c\u274c\u274c\u274c\u274c\u274c\u274c\u274c\u274c\u274c\u274c\u274c\u274c\u274c\u274c\u274c\u274c\u274c\u274c\u26bd\ufe0f\u274c\u274c\u274c\u274c\u274c\r\n\r\nHe scored with his 45th attempt vs Spain at World Cup 2018. <a href=\"https:\/\/twitter.com\/hashtag\/POR?src=hash&amp;ref_src=twsrc%5Etfw\">#POR<\/a> <a href=\"https:\/\/t.co\/BOjsNpjpIa\">pic.twitter.com\/BOjsNpjpIa<\/a>\r\n\r\n\u2014 Opta Analyst (@OptaAnalyst) <a href=\"https:\/\/twitter.com\/OptaAnalyst\/status\/1404818461520506882?ref_src=twsrc%5Etfw\">June 15, 2021<\/a><\/blockquote>\r\n<script async src=\"https:\/\/platform.twitter.com\/widgets.js\" charset=\"utf-8\"><\/script>","type":"rich","thumbnail_url":"https:\/\/s.24.hu\/app\/uploads\/sites\/24\/2022\/11\/crgol-150x150.jpg","thumbnail_width":150,"thumbnail_height":150}