{"version":"1.0","provider_name":"Sport24","provider_url":"https:\/\/sport24.24.hu","author_name":"Fut\u00f3 Csaba","author_url":"https:\/\/sport24.24.hu\/author\/futocs\/","title":"Hol a hiba a holland v\u00e1logatott j\u00e1t\u00e9k\u00e1ban?","html":"A 2010-es \u00e9vek m\u00e1sodik fel\u00e9re a holland futball v\u00e1ls\u00e1gba jutott. B\u00e1r az eur\u00f3pai toplig\u00e1kban m\u00e9g ekkort\u00e1jt is szaladg\u00e1ltak olyan \u00edg\u00e9retek mint <strong>Georginio Wijnaldum<\/strong>, vagy \u00e9ppen <strong>Memphis Depay<\/strong>, a t\u00e9ny att\u00f3l m\u00e9g t\u00e9ny: a 2014-es vil\u00e1gbajnoki bronz\u00e9rem ut\u00e1n a holland v\u00e1logatott sem a megemelt l\u00e9tsz\u00e1m\u00fa, 24 csapatos Eb-re nem jutott ki 2016-ban, sem pedig a 2018-as oroszorsz\u00e1gi vil\u00e1gbajnoks\u00e1gra. A kor\u00e1bbi, <strong>Arjen Robben<\/strong>, <strong>Wesley Sneijder<\/strong>, <strong>Robin van Persie<\/strong> \u00e1ltal k\u00e9pviselt aranygener\u00e1ci\u00f3 ki\u00f6regedett, \u00e9s nem l\u00e1tszott az \u00edg\u00e9retes ut\u00e1np\u00f3tl\u00e1s. 2019-re azonban \u00fagy t\u0171nt, valami elindult: az <strong>Erik ten Hag<\/strong>-f\u00e9le Ajax menetel\u00e9s\u00e9vel \u00e9s a <strong>Ronald Koeman<\/strong>-f\u00e9le holland v\u00e1logatott Eb-kijut\u00e1s\u00e1val egy id\u0151ben ism\u00e9t k\u00f6rvonalaz\u00f3dni l\u00e1tszott egy tehets\u00e9ges gener\u00e1ci\u00f3 olyan fiatal j\u00e1t\u00e9kosokkal mint <strong>Virgil van Dijk<\/strong>, <strong>Matthijs de Ligt<\/strong>, vagy \u00e9ppen <strong>Frenkie de Jong<\/strong>.\r\n\r\nA klubszinten kor\u00e1bban az Evertonn\u00e1l \u00e9s Southamptonn\u00e1l is k\u00f6z\u00e9pszer\u0171 teljes\u00edtm\u00e9nyt ny\u00fajt\u00f3 Ronald Koeman \u00fagy t\u0171nt, a v\u00e1logatott futballban megtal\u00e1lta sz\u00e1m\u00edt\u00e1sait \u00e9s viszonylag stabil j\u00e1t\u00e9kkal, egyre ink\u00e1bb az \u00faj gener\u00e1ci\u00f3ra \u00e9p\u00edtve juttatta ki a csapatot a 2020-as Eur\u00f3pa-bajnoks\u00e1gra. A torn\u00e1t azonban a j\u00e1rv\u00e1nyhelyzet miatt 2021-re halasztott\u00e1k, Koeman pedig 2020 augusztus\u00e1ban otthagyta a holland v\u00e1logatottat, hogy ink\u00e1bb a Barcelon\u00e1t pr\u00f3b\u00e1lja kih\u00fazni a kr\u00edzishelyzetb\u0151l \u2013 sikertelen\u00fcl. Ut\u00f3dja az a <strong>Frank de Boer<\/strong> lett, akinek utols\u00f3 edz\u0151i eredm\u00e9nyei a 2010-es \u00e9vek elej\u00e9n, az Ajaxszal nyert bajnoki c\u00edmek voltak, k\u00e9s\u0151bb azonban az Intert\u0151l \u00e9s a Crystal Palace-t\u0151l is rekordgyorsan r\u00fagt\u00e1k ki. A 2021-es Eb-n a holland v\u00e1logatott sz\u00e9gyenszemre a nyolcadd\u00f6nt\u0151ben esett ki Csehorsz\u00e1g ellen, de a narancsmezesek m\u00e1r a csoportmeccsek sor\u00e1n sem t\u0171ntek sziklaszil\u00e1rd csapatnak. De Boer sok kritik\u00e1t kapott amiatt, hogy az addig j\u00f3l m\u0171k\u00f6d\u0151 4-3-3-as rendszert az utols\u00f3 pillanatban 3-5-2-re cser\u00e9lte.\r\n\r\n<span class=\"highlight-block-small\">Az ut\u00f3d <strong>Louis van Gaal<\/strong> lett, aki 2014-ben vb-bronz\u00e9remig vezette a v\u00e1logatottat.<\/span>\r\n\r\nA braz\u00edliai torn\u00e1n a selejtez\u0151k\u00f6n haszn\u00e1lt hagyom\u00e1nyos holland, labdabirtokl\u00e1sra \u00e9p\u00fcl\u0151 4-3-3-as vagy 4-2-3-1-es fel\u00e1ll\u00e1st <strong>Kevin Strootman<\/strong> s\u00e9r\u00fcl\u00e9se miatt lecser\u00e9lte a vil\u00e1gfutballban ekkort\u00e1jt reaktiv\u00e1lt h\u00e1rom bels\u0151 v\u00e9d\u0151s rendszerre, \u00e9s sz\u00fcks\u00e9g eset\u00e9n \u00e1tadta a labd\u00e1val val\u00f3 kezdem\u00e9nyez\u00e9st ellenfeleinek, rugalmas emberfog\u00e1ssal semleges\u00edtve \u0151ket. A folyamat most is hasonl\u00f3 volt: a 2021-ben megv\u00edvott vb-selejtez\u0151ket Van Gaal t\u00f6bbnyire n\u00e9gy v\u00e9d\u0151vel j\u00e1tszatta v\u00e9gig, 2022-re azonban egyre ink\u00e1bb visszat\u00e9rt a h\u00e1rom v\u00e9d\u0151re. Ezzel val\u00f3sz\u00edn\u0171leg a v\u00e9dekez\u00e9st akarta stabiliz\u00e1lni, a folyamat ir\u00e1nya teh\u00e1t a 2014-ehez hasonl\u00edthat\u00f3.\r\n\r\nVan Gaal idei torn\u00e1n is kitart a h\u00e1rom bels\u0151 v\u00e9d\u0151s rendszer mellett, az els\u0151 sz\u00e1m\u00fa kapus azonban meglepet\u00e9sre a 26 \u00e9ves<strong> Andries Noppert<\/strong> lett. A v\u00e9delem belsej\u00e9ben Van Dijk \u00e9s <strong>Ak\u00e9<\/strong> mellett Szeneg\u00e1l ellen <strong>Timber<\/strong>, Ecuador ellen pedig De Ligt kapott lehet\u0151s\u00e9get. Sz\u00e1rnyv\u00e9d\u0151k\u00e9nt a jobb oldalon az Inter-j\u00e1t\u00e9kos Dumfries, baloldalt pedig Daley Blind kezdett mindk\u00e9t \u00f6sszecsap\u00e1son. A k\u00f6z\u00e9pp\u00e1ly\u00e1n <strong>Frenkie de Jong<\/strong> mellett <strong>Marteen de Roon<\/strong>, <strong>Teun Koopmeiners<\/strong>, <strong>Steven Berghuis<\/strong>, vagy <strong>Davy Klaassen<\/strong> kapott helyet, a csat\u00e1rsorban pedig <strong>Cody Gakpo<\/strong> mellett <strong>Vincent Janssen<\/strong>, <strong>Steven Bergwijn<\/strong> vagy Memphis Depay szerepelt.\r\n\r\nAhogy 2014-ben, \u00fagy id\u0151nk\u00e9nt most is hajland\u00f3 \u00e1tadni a labd\u00e1t az ellenf\u00e9lnek a holland v\u00e1logatott: Szeneg\u00e1l ellen 53 sz\u00e1zal\u00e9k, m\u00edg Ecuador ellen 54 sz\u00e1zal\u00e9k volt a csapat labdabirtokl\u00e1sa. A h\u00e1rom bels\u0151 v\u00e9d\u0151 most is az emberfog\u00e1s miatt fontos Van Gaal sz\u00e1m\u00e1ra: a plusz bels\u0151 v\u00e9d\u0151 k\u00f6vetheti az ellenf\u00e9l visszal\u00e9p\u0151 t\u00e1mad\u00f3j\u00e1t, m\u00e9g mindig marad n\u00e9gy ember a v\u00e9d\u0151vonalban. A csapat csak alkalmank\u00e9nt t\u00e1mad le agressz\u00edvan, akkor is legink\u00e1bb a kapus megt\u00e1mad\u00e1s\u00e1val. M\u00e1skor pedig a hollandok \u00e1tmenetileg megengedik, hogy az ellenf\u00e9l h\u00e1ts\u00f3 sora megkapja a labd\u00e1t, \u00e9s minden fontos passzopci\u00f3t emberfog\u00e1ssal igyekeznek lev\u00e9deni \u2013 a h\u00e1rom bels\u0151 k\u00f6z\u00e9pp\u00e1ly\u00e1s teh\u00e1t, a bels\u0151 v\u00e9d\u0151kh\u00f6z hasonl\u00f3an szorosan k\u00f6veti az ember\u00e9t. Szeneg\u00e1l 4-3-3-as alapfel\u00e1ll\u00e1sa ellen teh\u00e1t az 5-2-1-2-es v\u00e9dekez\u00e9s szinte adta mag\u00e1t: a p\u00e1lya k\u00f6zep\u00e9n a holland v\u00e1logatott gyakorlatilag let\u00fckr\u00f6zte ellenfele fel\u00e1ll\u00e1s\u00e1t, ezzel a sz\u00e9lek fel\u00e9 terelve a j\u00e1t\u00e9kot.\r\n\r\n<img class=\"alignnone size-full wp-image-6788\" src=\"https:\/\/sport24.24.hu\/app\/uploads\/sites\/24\/2022\/11\/ned1.png\" alt=\"\" width=\"1280\" height=\"720\" \/>\r\n\r\n<em>Let\u00e1mad\u00e1s Szeneg\u00e1l ellen: Bergwijn oldalr\u00f3l t\u00e1madja meg a szeneg\u00e1li k\u00f6z\u00e9ph\u00e1tv\u00e9det, Janssen a m\u00e1sik bels\u0151 v\u00e9d\u0151re a k\u00f6z\u00e9pp\u00e1ly\u00e1s h\u00e1rmas pedig k\u00f6zvetlen\u00fcl k\u00f6veti az ellenfeleket.<\/em>\r\n<div class=\"payable-content-section\"><\/div>\r\nA m\u00e1sodik m\u00e9rk\u0151z\u00e9sen Ecuador m\u00e1r tudatosan pr\u00f3b\u00e1lt alkalmazkodni a hollandok let\u00e1mad\u00e1s\u00e1hoz: a Katar ellen haszn\u00e1lt 4-4-2-r\u0151l <strong>Gustavo Alfaro<\/strong> sz\u00f6vets\u00e9gi kapit\u00e1ny h\u00e1rom bels\u0151 v\u00e9d\u0151s rendszerre \u00e1ll\u00edtotta \u00e1t csapat\u00e1t. Erre reag\u00e1lva a t\u00edzesben j\u00e1tsz\u00f3 Davy Klaassen a k\u00e9t csat\u00e1r k\u00f6z\u00e9 fell\u00e9pve pr\u00f3b\u00e1lt helyezkedni, kiegyenl\u00edtve a legels\u0151 sorban l\u00e9v\u0151 l\u00e9tsz\u00e1mh\u00e1tr\u00e1nyt. <strong>Sebas Mendez<\/strong> azonban a k\u00f6z\u00e9pp\u00e1ly\u00e1r\u00f3l \u2013 hasonl\u00f3an a Katar elleni m\u00e9rk\u0151z\u00e9shez \u2013 elkezdett visszal\u00e9pni a v\u00e9d\u0151vonalba, ezzel 4 a 3 elleni l\u00e9tsz\u00e1mf\u00f6l\u00e9nyt kialak\u00edtva. A j\u00e1t\u00e9kba bel\u00e9p\u0151 bels\u0151 v\u00e9d\u0151 azonban kev\u00e9sszer tudta j\u00e1t\u00e9kba hozni a visszal\u00e9p\u0151 t\u00e1mad\u00f3kat az emberfog\u00e1ssal v\u00e9dekez\u0151 h\u00e1rom bels\u0151 v\u00e9d\u0151 miatt. B\u00e1r a holland v\u00e9dekez\u00e9s 1,68 xG-nyi helyzetet engedett az ecuadoriaknak, a d\u00e9l-amerikaiak ezt 15 l\u00f6v\u00e9sb\u0151l tudt\u00e1k \u00f6sszehozni, \u00edgy t\u00f6bb volt az alacsonyabb min\u0151s\u00e9g\u0171 helyzet. Szeneg\u00e1l pedig ugyanennyi l\u00f6v\u00e9sre, csak 0,89 xG-t hozott \u00f6ssze, akkor teh\u00e1t a v\u00e9dekez\u00e9s m\u00e9g ink\u00e1bb hat\u00e9konyan m\u0171k\u00f6d\u00f6tt.\r\n\r\n<img class=\"alignnone size-full wp-image-6789\" src=\"https:\/\/sport24.24.hu\/app\/uploads\/sites\/24\/2022\/11\/ned2.png\" alt=\"\" width=\"1280\" height=\"720\" \/>\r\n\r\n<em>Az ecuadori h\u00e1rom bels\u0151 v\u00e9d\u0151s rendszerre Klaassen fell\u00e9p a k\u00e9t k\u00f6z\u00e9pcsat\u00e1r k\u00f6z\u00e9. V\u00e1laszul Sebas M\u00e9ndez visszal\u00e9p a k\u00f6z\u00e9ph\u00e1tv\u00e9dek k\u00f6z\u00e9, m\u00edg Felix Torres bel\u00e9p a j\u00e1t\u00e9kba. A legh\u00e1ts\u00f3 vonalban 4 a 3 elleni l\u00e9tsz\u00e1mf\u00f6l\u00e9nyben az ecuadoriak.<\/em>\r\n\r\n<img class=\"alignnone size-full wp-image-6790\" src=\"https:\/\/sport24.24.hu\/app\/uploads\/sites\/24\/2022\/11\/ned3.png\" alt=\"\" width=\"1280\" height=\"720\" \/>\r\n\r\n<em>Torres Estrad\u00e1hoz passzol, akire Van Dijk b\u00e1tran fell\u00e9phet. Az ecuadori t\u00e1mad\u00f3 \u00edgy nem tud a kapu fel\u00e9 fordulni.<\/em>\r\n\r\n<span class=\"highlight-block-small\">A t\u00e1mad\u00f3j\u00e1t\u00e9kr\u00f3l ugyanakkor a hat\u00e9konys\u00e1g nem mondhat\u00f3 el.<\/span>\r\n\r\nEcuador ellen Gakpo korai bombag\u00f3lj\u00e1n k\u00edv\u00fcl egyetlen l\u00f6v\u00e9st tudott \u00f6sszehozni az Oranje, azt is a tizenhatoson k\u00edv\u00fclr\u0151l, ez \u00f6sszesen 0.10 xG-t \u00e9rt a hollandoknak. Szeneg\u00e1l ellen is mind\u00f6ssze 0.67-es xG-mutat\u00f3t siker\u00fclt 10 l\u00f6v\u00e9sb\u0151l \u00f6sszehozni, Louis van Gaal csapata teh\u00e1t a helyzetek min\u0151s\u00e9g\u00e9t tekintve mindk\u00e9t m\u00e9rk\u0151z\u00e9sen alulmaradt az ellenf\u00e9lhez k\u00e9pest.\r\n\r\nA riaszt\u00f3 statisztik\u00e1t pedig m\u00e9g ink\u00e1bb al\u00e1h\u00fazz\u00e1k a k\u00e9t m\u00e9rk\u0151z\u00e9sen l\u00e1tott holland labdabirtokl\u00e1si jelenetek. B\u00e1r Louis van Gaal a kilencvenes \u00e9vekben m\u00e9g forradalmi hat\u00e1ssal volt a futball fejl\u0151d\u00e9s\u00e9re h\u00e1tulr\u00f3l \u00e9p\u00edtkez\u0151, l\u00e1bbal is magabiztos kapusokat \u00e9s v\u00e9d\u0151ket felvonultat\u00f3 csapataival, ezt a j\u00e1t\u00e9kst\u00edlust m\u00e1s edz\u0151k, p\u00e9ld\u00e1ul<strong> Pep Guardiola<\/strong>, az\u00f3ta tov\u00e1bbgondolt\u00e1k \u00e9s magasabb szintre fejlesztett\u00e9k. A mai holland v\u00e1logatottat l\u00e1tva ugyanez az \u00e9rz\u00e9se az embernek: b\u00e1r Van Gaal v\u00e1ltozatlanul hisz a lass\u00fa \u00e9p\u00edtkez\u00e9sben \u00e9s a szigor\u00fa struktur\u00e1lis alapelvekben, a csapat j\u00e1t\u00e9ka rendk\u00edv\u00fcl lass\u00fanak \u00e9s kisz\u00e1m\u00edthat\u00f3nak t\u0171nik. A k\u00e9t sz\u00e1rnyv\u00e9d\u0151, Dumfries \u00e9s Blind legt\u00f6bbsz\u00f6r az ellenf\u00e9l k\u00f6z\u00e9ps\u0151 sor\u00e1nak magass\u00e1g\u00e1ban helyezkedik, \u00edgy az ellenf\u00e9l v\u00e9delme nincs kell\u0151en sz\u00e9th\u00fazva. Ez t\u00f6bbsz\u00f6r vezetett a bels\u0151 v\u00e9d\u0151k \u00e1ltal vakt\u00e1ban fell\u0151tt ind\u00edt\u00e1sokhoz. Ha a hollandoknak siker\u00fcl megtartaniuk a labd\u00e1t, abban sincs sok k\u00f6sz\u00f6net: b\u00e1r viszonylag szab\u00e1lyos, j\u00f3l kivehet\u0151 fel\u00e1ll\u00e1sokban (p\u00e9ld\u00e1ul 3-4-3\/3-2-5) foglalj\u00e1k el a j\u00e1t\u00e9kteret, a j\u00e1t\u00e9kosok m\u00e9gis statikusan, szinte egy helyben \u00e1llva, l\u00e1br\u00f3l-l\u00e1bra j\u00e1ratj\u00e1k a labd\u00e1t. Nincsenek dinamikus m\u00f6g\u00e9- \u00e9s al\u00e1ker\u00fcl\u0151 beindul\u00e1sok, nincsenek k\u00e9nyszer\u00edt\u0151k vagy ter\u00fcletbe bel\u0151tt labd\u00e1k, amelyek lend\u00fcletet vinn\u00e9nek a statikus, k\u00f6nnyen semleges\u00edthet\u0151 passzolgat\u00e1sba.\r\n\r\n<span class=\"highlight-block-small\">A jelenlegi csapat a j\u00e1t\u00e9krendszer\u00e9n\u00e9l fogva r\u00e1ad\u00e1sul n\u00e9lk\u00fcl\u00f6zi a holland futball klasszikus kell\u00e9k\u00e9nek sz\u00e1m\u00edt\u00f3, egy az egyben er\u0151s sz\u00e9ls\u0151ket, mint kor\u00e1bban Arjen Robben, vagy m\u00e9g r\u00e9gebben <strong>Marc Overmars<\/strong>.<\/span>\r\n\r\n\u00cdgy a kollekt\u00edv dinamika hi\u00e1nya mellett egy\u00e9nileg sem sok j\u00e1t\u00e9kost\u00f3l v\u00e1rat\u00f3, hogy ellenfel\u00e9t egy\u00e9ni j\u00e1t\u00e9kkal \u00e1tj\u00e1tszva, helyzetet teremthessen a csapatt\u00e1rsaknak.\r\n\r\n<img class=\"alignnone size-full wp-image-6791\" src=\"https:\/\/sport24.24.hu\/app\/uploads\/sites\/24\/2022\/11\/ned4.png\" alt=\"\" width=\"1280\" height=\"720\" \/>\r\n\r\n<em>Labdakihozatal Szeneg\u00e1l ellen. Az ellenf\u00e9l v\u00e9dekez\u00e9se nincs sz\u00e9th\u00fazva, Dumfries \u00e9s Blind is t\u00fal m\u00e9lyen helyezkedik. A t\u00fcrelmetlens\u00e9g \u00fajabb probl\u00e9ma: Bergwijn nem pr\u00f3b\u00e1lja visszaj\u00e1ratni a labd\u00e1t, hanem rem\u00e9nytelen ind\u00edt\u00e1st k\u00fcld a k\u00e9t izol\u00e1lt t\u00e1mad\u00f3 ir\u00e1ny\u00e1ba.<\/em>\r\n\r\n<img class=\"alignnone size-full wp-image-6792\" src=\"https:\/\/sport24.24.hu\/app\/uploads\/sites\/24\/2022\/11\/ned5.png\" alt=\"\" width=\"1280\" height=\"720\" \/>\r\n\r\n<em>Labdakihozatal Szeneg\u00e1l ellen. B\u00e1r a k\u00f6z\u00e9ps\u0151 ter\u00fcletek megfelel\u0151en el vannak foglalva, mindenki a szeneg\u00e1liak fedez\u0151\u00e1rny\u00e9k\u00e1ban van, csak a v\u00e9delmi blokkon k\u00edv\u00fclre lehet passzolni.<\/em>\r\n\r\n<img class=\"alignnone size-full wp-image-6793\" src=\"https:\/\/sport24.24.hu\/app\/uploads\/sites\/24\/2022\/11\/ned6.png\" alt=\"\" width=\"1280\" height=\"720\" \/>\r\n\r\n<em>Labdakihozatal Ecuador ellen. De Jong visszal\u00e9p a v\u00e9d\u0151vonalba, de a mez\u0151nynek h\u00e1ttal kapja a labd\u00e1t, az ecuadori k\u00f6z\u00e9pp\u00e1ly\u00e1s kil\u00e9phet r\u00e1. Koopmeiners kimozog a sz\u00e9lre, de a p\u00e1lya k\u00f6zepe nagy ter\u00fcleten bet\u00f6ltetlen marad.<\/em>\r\n\r\n<img class=\"alignnone size-full wp-image-6794\" src=\"https:\/\/sport24.24.hu\/app\/uploads\/sites\/24\/2022\/11\/ned7.png\" alt=\"\" width=\"1280\" height=\"720\" \/>\r\n\r\n<em>Labdakihozatal Ecuador ellen. Az el\u0151bbihez hasonl\u00f3 szitu\u00e1ci\u00f3, Bergwijn eg\u00e9szen m\u00e9lyen k\u00e9nytelen visszaj\u00f6nni a labd\u00e1\u00e9rt, de kil\u00e9pnek r\u00e1. A labda oldal\u00e1n l\u00e9v\u0151 t\u00f6bbi passzopci\u00f3t is emberfog\u00e1ssal semleges\u00edtik az ecuadoriak.<\/em>\r\n\r\nA hollandok els\u0151 k\u00e9t m\u00e9rk\u0151z\u00e9sen szerzett h\u00e1rom g\u00f3lj\u00e1b\u00f3l egy hossz\u00fa labda visszaszerz\u00e9s\u00e9t k\u00f6vet\u0151 t\u00e1voli bomba, egy magas, szemb\u0151l j\u00f6v\u0151 bead\u00e1sra t\u00f6rt\u00e9n\u0151 kapushiba, valamint egy fel\u00edvelt labda \u00f6sszeszed\u00e9se ut\u00e1ni egy\u00e9ni lerohan\u00e1s vezetett. Nehezen l\u00e1that\u00f3 teh\u00e1t, a holland v\u00e1logatott a tov\u00e1bbiakban hogyan tudna vesz\u00e9lyt jelenteni a komolyabb ellenfelek kapuj\u00e1ra. B\u00e1r a Katar elleni m\u00e9rk\u0151z\u00e9s \u00e9s a csoportb\u00f3l val\u00f3 tov\u00e1bbjut\u00e1s a h\u00e1zigazd\u00e1k k\u00e9pess\u00e9ge miatt lefutottnak t\u0171nik, az eddigihez hasonl\u00f3 t\u00e1mad\u00f3j\u00e1t\u00e9k b\u0151ven okozhat neh\u00e9zs\u00e9get a tulip\u00e1nosoknak. A vil\u00e1gbajnoks\u00e1g ut\u00e1n Louis van Gaal biztosan t\u00e1vozik a holland v\u00e1logatott\u00f3l, ut\u00f3dja a v\u00e1ltozatoss\u00e1g kedv\u00e9\u00e9rt Ronald Koeman lesz.\r\n\r\nAz edz\u0151kering\u0151 \u00e9s az \u00fatkeres\u00e9s teh\u00e1t folytat\u00f3dik\u2026","type":"rich","thumbnail_url":"https:\/\/s.24.hu\/app\/uploads\/sites\/24\/2022\/11\/frenkie-de-jong-150x150.jpg","thumbnail_width":150,"thumbnail_height":150}