{"version":"1.0","provider_name":"Sport24","provider_url":"https:\/\/sport24.24.hu","author_name":"Bruckner G\u00e1bor","author_url":"https:\/\/sport24.24.hu\/author\/brucknerg\/","title":"Braz\u00edlia tal\u00e1lgat: Richarlison?, Dani Alves?","html":"Ha az a k\u00e9rd\u00e9s, hogy ki veszi \u00e1t <strong>Neymar<\/strong> hely\u00e9t a brazil sz\u00edvekben, arra m\u00e1r l\u00e9tezik k\u00e9sz v\u00e1lasz: <strong>Richarlison<\/strong>. Az els\u0151 vil\u00e1gbajnoki m\u00e9rk\u0151z\u00e9s\u00e9n k\u00e9t g\u00f3lt szerz\u0151 t\u00e1mad\u00f3 nev\u00e9re kerestek a legt\u00f6bben az interneten Braz\u00edlia-szerte az el\u0151z\u0151 napokban, ami els\u0151sorban m\u00e1sodik g\u00f3lj\u00e1nak, a vb eddigi legszebb tal\u00e1lat\u00e1nak k\u00f6sz\u00f6nhet\u0151, de az okok k\u00f6z\u00f6tt nem utols\u00f3 a sorban, hogy a Tottenham t\u00e1mad\u00f3ja minden szempontb\u00f3l a n\u00e9p gyermeke.\r\n\r\n<span class=\"highlight-block-small\">Richarlison a keret egyetlen tagja, aki ny\u00edltan ki\u00e1llt az eln\u00f6kv\u00e1laszt\u00e1st nemr\u00e9g megnyer\u0151 Lula mellett, ellent\u00e9tben a felt\u00e9telez\u00e9sek szerint j\u00f3l felfogott szem\u00e9lyes \u00e9rdekb\u0151l Bolsonaro-p\u00e1rti Neymarral, <\/span>\r\n\r\nszoci\u00e1lis elk\u00f6telezetts\u00e9ge pedig megk\u00e9rd\u0151jelezhetetlen. Richarlison Esp\u00edrito Sant\u00f3ban sz\u00fcletett, \u00e9s k\u00fcl\u00f6n\u00f6sen ebben a t\u00e9rs\u00e9gben akt\u00edv, seg\u00edtett p\u00e9ld\u00e1ul a helyi, matematikai olimpi\u00e1ra k\u00e9sz\u00fcl\u0151 iskolai csapatnak eljutni a tajvani helysz\u00ednre, a pand\u00e9mia alatt 500 \u00e9lelmiszer csomaggal t\u00e1mogatta a r\u00e1szorul\u00f3kat, \u00e9s egy ideje londoni fizet\u00e9se t\u00edz sz\u00e1zal\u00e9k\u00e1t egy nincstelenek r\u00e1kkezel\u00e9s\u00e9t biztos\u00edt\u00f3 int\u00e9zm\u00e9nynek utalja.\r\n\r\nA brazil n\u00e9pl\u00e9leknek majdnem ilyen fontos, hogy \u00f6r\u00f6m csordog\u00e1l az ereiben, ami megnyilv\u00e1nul\u00e1saib\u00f3l k\u00f6nnyen lesz\u0171rhet\u0151. Mostani oll\u00f3z\u00f3s g\u00f3lja ut\u00e1n a City kor\u00e1bbi j\u00e1t\u00e9kosa, <strong>Fernandinho<\/strong> posztolt egy vide\u00f3t, amelyen a vb el\u0151tti id\u0151szakban Richarlison a kertj\u00e9ben egy gyerekeknek fel\u00e1ll\u00edtott trambulinon ugr\u00e1l. \u201eGalamb egy ideje edz erre a g\u00f3lra otthon\u201d, ez volt hozz\u00e1 a sz\u00f6veg. \u201eGalamb\u201d, igen, ez Richarlison beceneve, ami\u00f3ta egy n\u00e9pszer\u0171 brazil el\u0151ad\u00f3 \u201eGalambt\u00e1nc\u201d c\u00edm\u0171 klipj\u00e9t ut\u00e1nozva billegett, \u00e9s aratott sikert el\u0151bb a k\u00f6z\u00f6ss\u00e9gi m\u00e9di\u00e1ban, majd az Everton \u00e9s a brazil nemzeti egy\u00fcttes mez\u00e9ben tartott g\u00f3l\u00f6r\u00f6mein\u00e9l is.\r\n\r\n<img class=\"alignnone size-feature-large-image wp-image-6747\" src=\"https:\/\/sport24.24.hu\/app\/uploads\/sites\/24\/2022\/11\/gettyimages-1444388140-2-1140x641.jpg\" alt=\"\" width=\"1140\" height=\"641\" \/>\r\n<div class=\"payable-content-section\"><\/div>\r\nA p\u00e1ly\u00e1n Richarlison megmarad kilencesnek, tov\u00e1bbra is a g\u00f3lszerz\u00e9s a legf\u0151bb feladata, Neymart teh\u00e1t nem p\u00f3tolja. De lehet-e? A Globoesporte statisztik\u00e1ja alapj\u00e1n a brazil egy\u00fcttes ebben a vil\u00e1gbajnoki ciklusban m\u00e9g mindig eredm\u00e9nyesebb Neymarral, mint n\u00e9lk\u00fcle, de a f\u00fcgg\u0151s\u00e9g enyh\u00e9bb, mint 2014 \u00e9s 2018 k\u00f6z\u00f6tt volt. R\u00e9gebben 15, most 11 sz\u00e1zal\u00e9kkal nagyobb ar\u00e1nyban nyer az egy\u00fcttes 10-ese jelenl\u00e9t\u00e9ben, mint hi\u00e1ny\u00e1ban. A brazil\r\n\r\n<span class=\"highlight-block\">szak\u00e9rt\u0151k jelent\u0151s r\u00e9sze nem tart a csoportmeccsek alatt Neymar kimarad\u00e1s\u00e1t\u00f3l, <\/span>\r\n\r\nmert Tite az edz\u00e9seken k\u00e9sz\u00edtett besz\u00e1mol\u00f3k alapj\u00e1n a felk\u00e9sz\u00fcl\u00e9s kezdete \u00f3ta alternat\u00edv megold\u00e1sokat is gyakoroltatott az egy\u00fcttessel. Legt\u00f6bbsz\u00f6r <strong>Rodrygo<\/strong> sz\u00e1llt be a PSG szt\u00e1rj\u00e1nak poz\u00edci\u00f3j\u00e1ba. Rodrygo cselez\u0151k\u00e9szs\u00e9ge, gyorsas\u00e1ga \u00e9s l\u00f6v\u00e9shat\u00e9konys\u00e1ga alapj\u00e1n p\u00f3tolhatja Neymart, ugyanakkor a szervez\u00e9sben nincs jelent\u0151s tapasztalata, ami ak\u00e1r meg is akaszthatja a csapat j\u00e1t\u00e9k\u00e1t. Nem utols\u00f3sorban pedig nem k\u00f6vetel akkora figyelmet, \u00edgy nem teremt akkora helyeket a t\u00e1rsaknak, mint s\u00e9r\u00fclt t\u00e1rsa. <strong>Lucas Paqueta<\/strong> \u00e9s <strong>Everton Ribeiro<\/strong> is beker\u00fclhet a t\u00edzes posztj\u00e1ra, de erre adnak kevesebb es\u00e9lyt a d\u00e9l-amerikai orsz\u00e1gban.\r\n\r\nAmi viszont szinte mindenkit a legjobban izgat, az az, hogy <strong>Danil\u00f3t Dani Alves<\/strong> p\u00f3tolja-e. A kerethirdet\u00e9skor a t\u00f6bbs\u00e9get meglepte, hogy Dani Alves k\u00e9sz\u00fclhet a vb-re. Mit keres egy 39 \u00e9ves, Mexik\u00f3ban futballoz\u00f3 j\u00e1t\u00e9kos brazil mezben? Most viszont mindenre f\u00e9ny der\u00fclhet, elvileg ugyanis \u0151 a m\u00e1sik jobbh\u00e1tv\u00e9d Danilo mellett. A helyzet viszont az, hogy Dani Alves annyira m\u00e1s t\u00edpus\u00fa j\u00e1t\u00e9kos, annyira k\u00fcl\u00f6nb\u00f6znek az er\u00e9nyei az els\u0151 meccsen l\u00e1tott, \u00e9s a <strong>Tite<\/strong> \u00e1ltal meg\u00e1lmodott j\u00e1t\u00e9kba passzol\u00f3 sz\u00e9ls\u0151v\u00e9d\u0151kt\u0151l, hogy jelenl\u00e9te tot\u00e1lis felfordul\u00e1st vonhatna mag\u00e1val. Danilo kev\u00e9sb\u00e9 hat\u00e9konyan k\u00e9pes seg\u00edteni az akci\u00f3kat, ugyanakkor kell\u0151 stabilit\u00e1st biztos\u00edt a 3-2-5-\u00f6s t\u00e1mad\u00f3 fel\u00e1ll\u00e1sban harmadik v\u00e9d\u0151k\u00e9nt, vagy a 2-4-4-es form\u00e1ci\u00f3ban a k\u00f6z\u00e9pp\u00e1lya sz\u00e9l\u00e9re felmozogva. Val\u00f3sz\u00edn\u0171bbnek t\u0171nik, hogy ezek miatt a n\u00e9gy bels\u0151 v\u00e9d\u0151 k\u00f6z\u00e9 sorolt<strong> \u00c9der Militao<\/strong> ker\u00fcl a sv\u00e1jciak elleni meccsen a jobboldali sz\u00e9ls\u0151 v\u00e9d\u0151 poz\u00edci\u00f3j\u00e1ba, aki viszont ezen a poszton \u00e9vekkel ezel\u0151tt, m\u00e9g nevel\u0151 klubj\u00e1ban, a Sao Paul\u00f3ban szerepelt legut\u00f3bb. Erre az esetre pedig m\u00e1r sok sajt\u00f3- \u00e9s aknamunk\u00e1s hegyezi a ceruz\u00e1j\u00e1t. Ha m\u00e1r a keret 26 labdar\u00fag\u00f3ja k\u00f6z\u00f6tt 9 t\u00e1mad\u00f3nak, de csak 8 v\u00e9d\u0151nek jutott hely, akkor az egyik mi\u00e9rt egy, a sziszt\u00e9m\u00e1hoz nem ill\u0151, gyenge bajnoks\u00e1gban szerepl\u0151, k\u00e9ts\u00e9ges \u00e1llapot\u00fa futballista? R\u00e1ad\u00e1sul \u00fagy, hogy a v\u00e9delem tagjai k\u00f6z\u00fcl t\u00f6bben is k\u00fczd\u00f6ttek izomprobl\u00e9m\u00e1kkal az el\u0151z\u0151 h\u00f3napokban.\r\n\r\nTite eddig mindig a csapat \u00e9rdekeit vette figyelembe els\u0151 helyen, \u00edgy most sem vet\u0151dhet fel, hogy \u00f6nv\u00e9delemb\u0151l d\u00f6nts\u00f6n.\r\n\r\n<span class=\"highlight-block-small\">De hogyan lehetett csak a csapathangulat miatt bev\u00e1logatni valakit, ha az a s\u00e9r\u00fcl\u00e9keny h\u00e1tv\u00e9dek miatt \u00e9rz\u00e9kelhet\u0151 rizik\u00f3val j\u00e1r?<\/span>\r\n\r\nLehet, hogy m\u00e1r Sv\u00e1jc ellen kider\u00fcl.\r\n\r\n[prefabricated_shortcode in_app=\"0\" code=\"%3Cdiv%20class%3D%22article_box_border%22%20style%3D%22background%3A%20url%28%27https%3A%2F%2F24.p3k.hu%2Fapp%2Fuploads%2Fsites%2F24%2F2021%2F05%2Fsport24-pattern.png%27%29%20no-repeat%20left%20-16px%20%23f3f3f4%3B%20border%3A%20none%3B%22%3E%0D%0A%3Cdiv%20class%3D%22article_solidheader%22%3E%0D%0A%3Ch2%20style%3D%22color%3A%20%23111115%21important%3B%20font-size%3A%2036px%3B%20font-weight%3A%20bold%3B%20margin-bottom%3A%2030px%3B%20margin-top%3A%2020px%3B%20text-align%3A%20center%3B%20line-height%3A%2036px%3B%22%3E%3Cimg%20class%3D%22aligncenter%20size-full%20wp-image-141%22%20src%3D%22https%3A%2F%2F24.p3k.hu%2Fapp%2Fuploads%2Fsites%2F24%2F2021%2F05%2Fs24-logo-dt.png%22%20alt%3D%22%22%20width%3D%22408%22%20height%3D%2290%22%20%2F%3E%3C%2Fh2%3E%0D%0A%3Ch2%20style%3D%22color%3A%20%23111115%21important%3B%20font-size%3A%2036px%3B%20font-weight%3A%20bold%3B%20margin-bottom%3A%2030px%3B%20margin-top%3A%2020px%3B%20text-align%3A%20center%3B%20line-height%3A%2040px%3B%22%3ECsatlakozz%20a%20Sport24%20k%C3%B6z%C3%B6ss%C3%A9ghez%2C%20mondd%20el%20v%C3%A9lem%C3%A9nyedet%20z%C3%A1rt%20Facebook-csoportunkban%2C%20%C3%A9s%20vegy%C3%A9l%20r%C3%A9szt%20csak%20el%C5%91fizet%C5%91knek%20el%C3%A9rhet%C5%91%20exkluz%C3%ADv%20esem%C3%A9nyeinken.%3C%2Fh2%3E%0D%0A%3C%2Fdiv%3E%0D%0A%3Cp%20style%3D%22background%3A%20%2357A600%3B%20margin-top%3A%2020px%3B%20padding%3A%2020px%3B%20text-align%3A%20center%3B%22%3E%3Ca%20style%3D%22color%3A%20%23ffffff%3B%20font-size%3A%2026px%3B%20font-weight%3A%20600%3B%22%20href%3D%22https%3A%2F%2Fwww.facebook.com%2Fgroups%2F212344460412327%22%3ECSATLAKOZOM%3C%2Fa%3E%3C%2Fp%3E%0D%0A%0D%0A%3C%2Fdiv%3E\"]","type":"rich","thumbnail_url":"https:\/\/s.24.hu\/app\/uploads\/sites\/24\/2022\/11\/gettyimages-1245060936-2-150x150.jpg","thumbnail_width":150,"thumbnail_height":150}