{"version":"1.0","provider_name":"Sport24","provider_url":"https:\/\/sport24.24.hu","author_name":"Bruckner G\u00e1bor","author_url":"https:\/\/sport24.24.hu\/author\/brucknerg\/","title":"Akad\u00e9miai program, amely elhozhatja a r\u00e9g\u00f3ta v\u00e1rt sikert Angli\u00e1nak","html":"A Premier League kezdem\u00e9nyez\u00e9s\u00e9re 2012-ben l\u00e9trehozt\u00e1k az \u00fagynevezett Elit Player Performance Plan-t (EPPP), azzal a c\u00e9llal, hogy min\u00e9l t\u00f6bb saj\u00e1t nevel\u00e9s\u0171 j\u00e1t\u00e9kos ker\u00fclj\u00f6n az angol \u00e9lvonalbeli csapatok kereteibe.\r\n\r\n<strong>Az EPPP konkr\u00e9t c\u00e9ljai:<\/strong>\r\n<ul>\r\n \t<li>min\u00e9l t\u00f6bb saj\u00e1t nevel\u00e9s\u0171 j\u00e1t\u00e9kost adni az angol topklubokba<\/li>\r\n \t<li>a j\u00e1t\u00e9kosok j\u00e1t\u00e9kperceinek n\u00f6vel\u00e9se<\/li>\r\n \t<li>az edz\u0151k\u00e9pz\u00e9s fejleszt\u00e9se<\/li>\r\n \t<li>egys\u00e9ges \u00e9s megb\u00edzhat\u00f3 m\u00e9r\u00e9si rendszer l\u00e9trehoz\u00e1sa<\/li>\r\n \t<li>el\u0151nyszerz\u00e9s az ut\u00e1np\u00f3tl\u00e1sk\u00e9pz\u00e9sben az ellenfelekkel szemben<\/li>\r\n<\/ul>\r\n<strong>Az EPPP-nek h\u00e1rom f\u00e1zisa van:<\/strong>\r\n<ul>\r\n \t<li>tehets\u00e9ggondoz\u00e1s (U9\u2013U11)<\/li>\r\n \t<li>k\u00e9pess\u00e9gfejleszt\u00e9s (U12\u2013U16)<\/li>\r\n \t<li>\u00e1tmenet a feln\u0151tt futballba (U17\u2013U23)<\/li>\r\n<\/ul>\r\nA m\u00e1r t\u00edz \u00e9ve m\u0171k\u00f6d\u00e9sben l\u00e9v\u0151 programnak sz\u00e1mos hat\u00e1sa volt a Premier League-re. Az egyik ilyen, hogy az angol els\u0151 oszt\u00e1ly\u00fa klubok majdnem 2 milli\u00e1rd fontot inveszt\u00e1ltak a projektbe az elm\u00falt t\u00edz \u00e9v folyam\u00e1n, minek k\u00f6vetkezt\u00e9ben az angol akad\u00e9mi\u00e1kon a f\u0151\u00e1ll\u00e1s\u00fa edz\u0151k sz\u00e1ma 2012\/2013-as \u00e9vadhoz k\u00e9pest 220 sz\u00e1zal\u00e9kkal n\u00f6vekedett a 2019\/2020-as \u00e9vadra. Emellett a jelent\u0151s t\u0151kebefektet\u00e9snek k\u00f6sz\u00f6nhet\u0151en az angol akad\u00e9mi\u00e1kon a legmodernebb eszk\u00f6z\u00f6kkel a leg\u00fajabb m\u00f3dszerek ment\u00e9n k\u00e9pzik a labdar\u00fag\u00f3kat.\r\n\r\nA program hat\u00e1sa egy\u00e9rtelm\u0171en megl\u00e1tszik azon, hogy az elm\u00falt \u00e9vekben az angol topklubokba h\u00e1ny tehets\u00e9g robbant be. El\u00e9g csak <strong>Phil Fodent, Trent Alexander-Arnoldot, Dominic Calvert-Lewin-t, Ben Chilwellt, Reece Jamest, Mason Mountot, Marcus Rashfordot, Declan Rice-t, Bukayo Sak\u00e1t<\/strong> vagy <strong>Jadon Sanch\u00f3t<\/strong> eml\u00edten\u00fcnk.\r\n<div class=\"payable-content-section\"><\/div>\r\nEzen fel\u00fcl, ha megvizsg\u00e1ljuk, hogyan alakult az angol j\u00e1t\u00e9kpercek sz\u00e1ma az elm\u00falt kilenc \u00e9v viszonylat\u00e1ban a Premier League-ben, akkor azt tapasztaljuk, hogy az utols\u00f3 h\u00e1rom \u00e9vben kiugr\u00f3 adatok voltak.\r\n<h3>Angol j\u00e1t\u00e9kpercek sz\u00e1ma a Premier League-ben<\/h3>\r\n<img class=\"alignnone size-full wp-image-6625\" src=\"https:\/\/sport24.24.hu\/app\/uploads\/sites\/24\/2022\/11\/diagram_1.png\" alt=\"\" width=\"888\" height=\"468\" \/>\r\n\r\nA v\u00e1ltoz\u00e1s m\u00e9rt\u00e9ke tal\u00e1n nem annyira egy\u00e9rtelm\u0171, mint amennyire v\u00e1rhat\u00f3 volt, de \u00e9rdemes egy l\u00e9p\u00e9ssel tov\u00e1bb vizsg\u00e1l\u00f3dni. Egy szezonon bel\u00fcl sok t\u00e9nyez\u0151 (forma, s\u00e9r\u00fcl\u00e9sek, kies\u0151- \u00e9s feljut\u00f3 csapatok felfog\u00e1sa) befoly\u00e1solhatja a hazai j\u00e1t\u00e9kpercek nagys\u00e1g\u00e1t, \u00edgy \u00e9rdemes t\u00f6bb szezon \u00e1tlag\u00e1t vizsg\u00e1lni, \u00e9s abb\u00f3l levonni a v\u00e9gs\u0151 k\u00f6vetkeztet\u00e9st.\r\n<h3>Angol j\u00e1t\u00e9kpercek sz\u00e1ma a Premier League-ben, h\u00e1rom szezonos g\u00f6rg\u0151\u00e1tlag<\/h3>\r\n<img class=\"alignnone size-full wp-image-6626\" src=\"https:\/\/sport24.24.hu\/app\/uploads\/sites\/24\/2022\/11\/diagram_2.png\" alt=\"\" width=\"899\" height=\"521\" \/>\r\n\r\nA g\u00f6rg\u0151\u00e1tlagokat a statisztik\u00e1ban a kiugr\u00f3 \u00e9rt\u00e9kek kiigaz\u00edt\u00e1s\u00e1ra haszn\u00e1lj\u00e1k, \u00edgy a val\u00f3s\u00e1ghoz k\u00f6zelebbi k\u00e9pet kaphatunk a vizsg\u00e1lt helyzetr\u0151l. Ut\u00f3bbi \u00e1bra alapj\u00e1n egy\u00e9rtelm\u0171en kijelenthet\u0151, hogy az EPPP hat\u00e1s\u00e1ra jelent\u0151sen n\u0151tt az angol j\u00e1t\u00e9kpercek sz\u00e1ma az angol els\u0151 oszt\u00e1ly\u00fa bajnoks\u00e1gban. Emellett ne feledj\u00fck azt sem, hogy a program m\u00e9g csak t\u00edz \u00e9ve m\u0171k\u00f6dik, vagyis azok a j\u00e1t\u00e9kosok, aki a kezdetekt\u0151l (U9) r\u00e9szt vettek a k\u00e9pz\u00e9sben, m\u00e9g csak most kopogtatnak a feln\u0151ttlabdar\u00fag\u00e1s ajtaj\u00e1n.\r\n<h3>Angol j\u00e1t\u00e9kosok sz\u00e1ma az angol els\u0151 oszt\u00e1ly\u00fa klubok kereteiben<\/h3>\r\n<img class=\"alignnone size-full wp-image-6627\" src=\"https:\/\/sport24.24.hu\/app\/uploads\/sites\/24\/2022\/11\/diagram_3.png\" alt=\"\" width=\"823\" height=\"470\" \/>\r\n\r\nEzt remek\u00fcl al\u00e1t\u00e1masztja az az adat, hogy a legut\u00f3bbi id\u00e9nyben rekord sz\u00e1m\u00fa, 279 angol j\u00e1t\u00e9kos fordult meg a PL-egy\u00fcttesek kereteiben, vagyis most m\u00e1r kezdenek az EPPP \u201egyermekei\u201d odaker\u00fclni az els\u0151 csapatok k\u00f6zel\u00e9be. Egy\u00e9bk\u00e9nt ez az adat a 2013\/2014-es \u00e9vadhoz k\u00e9pest 68 sz\u00e1zal\u00e9kos n\u00f6veked\u00e9st jelent. Ha egy kicsit m\u00f3dos\u00edtjuk a mint\u00e1t, \u00e9s csak a hat nagy klub (Arsenal, Chelsea, Liverpool, Manchester City, Manchester United, Tottenham) kereteit vizsg\u00e1ljuk, akkor a sz\u00e1m m\u00e9g szembet\u0171n\u0151bb.\r\n<h3>Angol j\u00e1t\u00e9kosok sz\u00e1ma a hat topcsapat keret\u00e9ben<\/h3>\r\n<img class=\"alignnone size-full wp-image-6628\" src=\"https:\/\/sport24.24.hu\/app\/uploads\/sites\/24\/2022\/11\/diagram_4.png\" alt=\"\" width=\"825\" height=\"473\" \/>\r\n\r\nA 2013\/2014-es \u00e9vadban 45, m\u00edg a legut\u00f3bbi, 2021\/2022-esben m\u00e1r 81 angol j\u00e1t\u00e9kos kapott helyet a nagycsapatok kereteiben, ami 80 sz\u00e1zal\u00e9kos n\u00f6veked\u00e9st jelent kilenc szezon alatt.\r\n\r\nA fiatal angol j\u00e1t\u00e9kosok kapcs\u00e1n fontos megeml\u00edteni, hogy az\r\n\r\n<span class=\"highlight-block\">eset\u00fckben nem csak mennyis\u00e9gr\u0151l, hanem min\u0151s\u00e9gr\u0151l is besz\u00e9lhet\u00fcnk. <\/span>\r\n\r\nA 2021-es Bajnokok Lig\u00e1ja d\u00f6nt\u0151j\u00e9t k\u00e9t angol klub, a Chelsea \u00e9s a Manchester City v\u00edvta egym\u00e1ssal. A k\u00e9t kezd\u0151 tizenegyben n\u00e9gy angol fiatal, Chilwell, Reece James, Mount \u00e9s Foden is helyett kapott, k\u00f6z\u00fcl\u00fck h\u00e1rman v\u00e9gigj\u00e1tszott\u00e1k a tal\u00e1lkoz\u00f3t. Rajtuk k\u00edv\u00fcl az elm\u00falt \u00e9vekben a Liverpoolban szerepl\u0151 Trent Alexander-Arnold is jelent\u0151s szerepet kapott a Bajnokok Lig\u00e1j\u00e1ban, hiszen 24 \u00e9ves kora ellen\u00e9re m\u00e1r h\u00e1rom d\u00f6nt\u0151ben is p\u00e1ly\u00e1ra l\u00e9pett, igaz, ezek k\u00f6z\u00fcl csak egyben volt gy\u0151ztes csapat tagja.\r\n<div class=\"article_box_border\">\r\n<div class=\"article_solidheader\">\r\n<h2>Akik nem lettek angol v\u00e1logatottak<\/h2>\r\n<\/div>\r\nA v\u00e1logatott j\u00e1t\u00e9kosok\u00e9n k\u00edv\u00fcl \u00e9rdemes megeml\u00edteni k\u00e9t olyan j\u00e1t\u00e9kos nev\u00e9t, aki szint\u00e9n az elm\u00falt id\u0151szakban ker\u00fclt ki az angol ut\u00e1np\u00f3tl\u00e1sb\u00f3l, de nem lett angol feln\u0151ttv\u00e1logatott. Az egyik <strong>Jamal Musiala<\/strong>, aki b\u00e1r N\u00e9metorsz\u00e1gban sz\u00fcletett, h\u00e9t\u00e9ves kor\u00e1t\u00f3l Angli\u00e1ban \u00e9lt, a Chelsea akad\u00e9mi\u00e1j\u00e1n nevelkedett, megfordult az U15-\u00f6s koroszt\u00e1lyt\u00f3l az \u00f6sszes angol ut\u00e1np\u00f3tl\u00e1s-v\u00e1logatottban, v\u00e9g\u00fcl azonban m\u00e9gis a n\u00e9met nemzeti egy\u00fcttest v\u00e1lasztotta. A m\u00e1sik <strong>Fabio Carvalho<\/strong>, aki Portug\u00e1li\u00e1ban sz\u00fcletett, t\u00edz\u00e9ves kor\u00e1ig a Benfic\u00e1ban j\u00e1tszott, de ekkor Angli\u00e1ba ker\u00fclt, \u00e9s el\u0151bb a Balham majd a Fulham csapat\u00e1ban fejl\u0151d\u00f6tt tov\u00e1bb. Musial\u00e1hoz hasonl\u00f3an \u0151 is j\u00e1tszott az angol ut\u00e1np\u00f3tl\u00e1s-v\u00e1logatottakban, de az U21-esek k\u00f6z\u00f6tt m\u00e1r a portug\u00e1lokat v\u00e1lasztotta. \u0150 m\u00e9g nem mutatkozott be a feln\u0151ttek k\u00f6z\u00f6tt, vagyis egyel\u0151re nem d\u0151lt el, hogy az angol vagy a portug\u00e1l v\u00e1logatott k\u00e9pviseli-e a j\u00f6v\u0151ben. Valamelyik sz\u00edneiben biztosan szerepelni fog, hiszen 20 \u00e9ves kora ellen\u00e9re m\u00e1r a Liverpool feln\u0151ttcsapat\u00e1ban j\u00e1tszik. Az id\u00e9n egy\u00e9bk\u00e9nt mindketten felker\u00fcltek a legtehets\u00e9gesebb fiatalok (Golden Boy) list\u00e1j\u00e1ra.\r\n\r\n<\/div>\r\nRajtuk k\u00edv\u00fcl \u00e9rdemes lehet m\u00e9g megeml\u00edteni a nem Angli\u00e1ban j\u00e1tsz\u00f3 <strong>Jude Bellinghamet<\/strong>, aki 19 \u00e9ves kora dac\u00e1ra fontos sarokk\u00f6ve lehet a vb-n nagy terveket sz\u00f6v\u00f6get\u0151 angol v\u00e1logatottnak. \u00c9rdekess\u00e9g vele kapcsolatban, hogy amikor a 17 \u00e9ves j\u00e1t\u00e9kos eligazolt a Birmingham City-t\u0151l a Borussia Dortmundhoz, az angol egy\u00fcttes visszavonultatta a mezsz\u00e1m\u00e1t, ezzel is azt mutatva, milyen \u00edg\u00e9retes j\u00e1t\u00e9kosr\u00f3l van sz\u00f3. Bellingham a klubcsapat\u00e1ban \u00e9s a v\u00e1logatottban is a 22-es mezsz\u00e1mot viseli, ami sokoldal\u00fas\u00e1g\u00e1ra utal, hiszen tud n\u00e9gyes (v\u00e9dekez\u0151 k\u00f6z\u00e9pp\u00e1ly\u00e1s), nyolcas (box-to-box k\u00f6z\u00e9pp\u00e1ly\u00e1s), de ak\u00e1r t\u00edzes (t\u00e1mad\u00f3k\u00f6z\u00e9pp\u00e1ly\u00e1s) szerepek\u00f6rben is j\u00e1tszani. Ez a sokoldal\u00fas\u00e1g egy\u00e9bk\u00e9nt az \u00f6sszes fiatal angol j\u00e1t\u00e9kosra jellemz\u0151, el\u00e9g csak a <strong>Josep Guardiola<\/strong> keze alatt a Manchester Cityben a k\u00f6z\u00e9pp\u00e1lya \u00e9s a t\u00e1mad\u00f3sor minden posztj\u00e1n megfordul\u00f3 Phil Fodenre gondolnunk. Bellingham lett egy\u00e9bk\u00e9nt az els\u0151 2000 ut\u00e1n sz\u00fcletett j\u00e1t\u00e9kos, aki g\u00f3lt szerzett a vil\u00e1gbajnoks\u00e1gok t\u00f6rt\u00e9net\u00e9ben.\r\n\r\n[caption id=\"attachment_6641\" align=\"aligncenter\" width=\"1024\"]<img class=\"wp-image-6641 size-large\" src=\"https:\/\/sport24.24.hu\/app\/uploads\/sites\/24\/2022\/11\/068_aa_21112022_949443-1024x625.jpg\" alt=\"\" width=\"1024\" height=\"625\" \/> Jude Bellingham \u00fcnnepel az Ir\u00e1n elleni vb-csoportmeccsen[\/caption]\r\n\r\nTehets\u00e9gekben teh\u00e1t nincs hi\u00e1ny az angolokn\u00e1l, k\u00e9rd\u00e9s, a sz\u00f6vets\u00e9gi kapit\u00e1ny ki tudja-e hozni a keretb\u0151l a maximumot. A szigetorsz\u00e1giak a kor\u00e1bbi \u00e9vekben sokszor h\u00e1rom v\u00e9d\u0151s fel\u00e1ll\u00e1st \u00e9s reakt\u00edv focit j\u00e1tszottak, ami majdnem elhozta nekik a sikert a tavalyi Eur\u00f3pa-bajnoks\u00e1gon, de a d\u00f6nt\u0151ben veres\u00e9get szenvedtek az olaszokt\u00f3l. Ezt k\u00f6vet\u0151en n\u00e9mi visszaes\u00e9s k\u00f6vetkezett be a teljes\u00edtm\u00e9ny\u00fckben, \u00e9s <strong>Southgate<\/strong> poz\u00edci\u00f3ja is megingott.\r\n\r\nA legjelent\u0151sebb kritika vele szemben az volt, hogy mi\u00e9rt nem hagyja ezt a rendk\u00edv\u00fcl tehets\u00e9ges angol v\u00e1logatottat j\u00e1tszani.\r\n\r\n<span class=\"highlight-block\">H\u00e1t Ir\u00e1n ellen hagyta... <\/span>\r\n\r\nA kor\u00e1bban alkalmazott h\u00e1rom v\u00e9d\u0151s fel\u00e1ll\u00e1sr\u00f3l \u00e1t\u00e1llt 4-3-3-ra, amelyben k\u00e9t t\u00e1mad\u00f3 szellem\u0171 k\u00f6z\u00e9ps\u0151 k\u00f6z\u00e9pp\u00e1ly\u00e1s (nyolcas), Bellingham \u00e9s Mount seg\u00edtette a t\u00e1mad\u00e1svezet\u00e9st hol azzal, hogy passzopci\u00f3t biztos\u00edtott magasan a t\u00e1rsaknak, hol pedig azzal, hogy a m\u00e1sodik hull\u00e1mban \u00e9rkezett a bead\u00e1sokra. Az angolok els\u0151 g\u00f3lj\u00e1t Bellingham \u00e9ppen egy bead\u00e1s ut\u00e1n szerezte, de kor\u00e1bban, hasonl\u00f3 szitu\u00e1ci\u00f3b\u00f3l volt m\u00e1r egy vesz\u00e9lyes kapura l\u00f6v\u00e9se Mountnak is. Ezen k\u00edv\u00fcl a k\u00e9t befel\u00e9 t\u00f6r\u0151 sz\u00e9ls\u0151 ter\u00fcletet tudott nyitni a sz\u00e9ls\u0151 h\u00e1tv\u00e9deknek, akik felfut\u00e1saikkal \u00e9s vesz\u00e9lyes bead\u00e1saikkal t\u00e1mogatt\u00e1k a t\u00e1mad\u00e1svezet\u00e9st. Itt el\u00e9g megint csak az els\u0151 g\u00f3lra gondolnunk, amit a bal oldali sz\u00e9ls\u0151 v\u00e9d\u0151, <strong>Luke Shaw<\/strong> k\u00e9sz\u00edtett el\u0151. Mindezen t\u00fal az angolok nem csak a ny\u00edlt-, hanem a r\u00f6gz\u00edtett j\u00e1t\u00e9khelyzetek ut\u00e1n is vesz\u00e9lyesek tudtak lenni, k\u00f6sz\u00f6nhet\u0151en a k\u00f6z\u00e9ph\u00e1tv\u00e9dek \u00e9s a k\u00f6z\u00e9ps\u0151 k\u00f6z\u00e9pp\u00e1ly\u00e1sok fizikai erej\u00e9nek. Persze, egy Ir\u00e1n elleni meccsb\u0151l nem \u00e9rdemes messzemen\u0151 k\u00f6vetkeztet\u00e9st levonni, de ha Southgate hagyja j\u00e1tszani a j\u00e1t\u00e9kosait, megfelel\u0151en t\u0171zben tart mindenkit, \u00e9s a s\u00e9r\u00fcl\u00e9sek is elker\u00fclik \u0151ket, messzire juthat ez az angol csapat.\r\n<div class=\"article_box_border\">\r\n<div class=\"article_solidheader\">\r\n<h2>N\u00e9gy angol akad\u00e9mia a legjobbak k\u00f6z\u00f6tt<\/h2>\r\n<\/div>\r\nA Sporttudom\u00e1nyok Nemzetk\u00f6zi Kutat\u00f3int\u00e9zete (CIES) 2022 febru\u00e1rj\u00e1ban k\u00f6zz\u00e9tett list\u00e1ja alapj\u00e1n a legjobb 20 akad\u00e9mia k\u00f6z\u00f6tt n\u00e9gy angol csapat, az Arsenal, a Chelsea, a Liverpool \u00e9s a Manchester City akad\u00e9mi\u00e1ja is megtal\u00e1lhat\u00f3.\r\n\r\n<\/div>\r\n<em>A szerz\u0151 Kocsis Bence, a Magyar Labdar\u00fag\u00f3 Sz\u00f6vets\u00e9g adatelemz\u0151je.<\/em>\r\n\r\n[prefabricated_shortcode in_app=\"0\" code=\"%3Cdiv%20class%3D%22article_box_border%22%20style%3D%22background%3A%20url%28%27https%3A%2F%2F24.p3k.hu%2Fapp%2Fuploads%2Fsites%2F24%2F2021%2F05%2Fsport24-pattern.png%27%29%20no-repeat%20left%20-16px%20%23f3f3f4%3B%20border%3A%20none%3B%22%3E%0D%0A%3Cdiv%20class%3D%22article_solidheader%22%3E%0D%0A%3Ch2%20style%3D%22color%3A%20%23111115%21important%3B%20font-size%3A%2036px%3B%20font-weight%3A%20bold%3B%20margin-bottom%3A%2030px%3B%20margin-top%3A%2020px%3B%20text-align%3A%20center%3B%20line-height%3A%2036px%3B%22%3E%3Cimg%20class%3D%22aligncenter%20size-full%20wp-image-141%22%20src%3D%22https%3A%2F%2F24.p3k.hu%2Fapp%2Fuploads%2Fsites%2F24%2F2021%2F05%2Fs24-logo-dt.png%22%20alt%3D%22%22%20width%3D%22408%22%20height%3D%2290%22%20%2F%3E%3C%2Fh2%3E%0D%0A%3Ch2%20style%3D%22color%3A%20%23111115%21important%3B%20font-size%3A%2036px%3B%20font-weight%3A%20bold%3B%20margin-bottom%3A%2030px%3B%20margin-top%3A%2020px%3B%20text-align%3A%20center%3B%20line-height%3A%2040px%3B%22%3ECsatlakozz%20a%20Sport24%20k%C3%B6z%C3%B6ss%C3%A9ghez%2C%20mondd%20el%20v%C3%A9lem%C3%A9nyedet%20z%C3%A1rt%20Facebook-csoportunkban%2C%20%C3%A9s%20vegy%C3%A9l%20r%C3%A9szt%20csak%20el%C5%91fizet%C5%91knek%20el%C3%A9rhet%C5%91%20exkluz%C3%ADv%20esem%C3%A9nyeinken.%3C%2Fh2%3E%0D%0A%3C%2Fdiv%3E%0D%0A%3Cp%20style%3D%22background%3A%20%2357A600%3B%20margin-top%3A%2020px%3B%20padding%3A%2020px%3B%20text-align%3A%20center%3B%22%3E%3Ca%20style%3D%22color%3A%20%23ffffff%3B%20font-size%3A%2026px%3B%20font-weight%3A%20600%3B%22%20href%3D%22https%3A%2F%2Fwww.facebook.com%2Fgroups%2F212344460412327%22%3ECSATLAKOZOM%3C%2Fa%3E%3C%2Fp%3E%0D%0A%0D%0A%3C%2Fdiv%3E\"]","type":"rich","thumbnail_url":"https:\/\/s.24.hu\/app\/uploads\/sites\/24\/2022\/11\/068_aa_21112022_949421-150x150.jpg","thumbnail_width":150,"thumbnail_height":150}