{"version":"1.0","provider_name":"Sport24","provider_url":"https:\/\/sport24.24.hu","author_name":"Dajka Bal\u00e1zs","author_url":"https:\/\/sport24.24.hu\/author\/dajkab\/","title":"Fogatlan kameruni oroszl\u00e1n, kontrollt elveszt\u0151 Ronaldo, \u00e9s brazil csodag\u00f3l \u2013 ez t\u00f6rt\u00e9nt a vb 5. napj\u00e1n","html":"<h2>Sv\u00e1jc - Kamerun 1-0<\/h2>\r\nA meccs a forgat\u00f3k\u00f6nyv\u00e9t ugyan nem <strong>Tarr B\u00e9la<\/strong> \u00edrta, viszont k\u00e9t szakasz is kimondottan meditat\u00edvra siker\u00fclt. Az els\u0151 negyven percben Sv\u00e1jc nem r\u00fagott kapura, az utols\u00f3 harmincban pedig Kamerun. A kett\u0151 k\u00f6z\u00f6tt <strong>Breel Embolo<\/strong> mentette meg a haz\u00e1t.\r\n\r\nDe kezdj\u00fck Sv\u00e1jccal. Vagy m\u00e9g ann\u00e1l is messzebbr\u0151l, a k\u00f6z\u00e9pp\u00e1ly\u00e1jukn\u00e1l. A technik\u00e1s, t\u00e1mad\u00f3bb szellem\u0171 ir\u00e1ny\u00edt\u00f3knak mintha lenne egy term\u00e9szetes kop\u00e1sa: ahogy \u00f6regszenek, a p\u00e1ly\u00e1n egyre m\u00e9lyebbre vonj\u00e1k vissza, hogy \u00fagy tarts\u00e1k meg a passzj\u00e1t\u00e9k\u00e1t, hogy k\u00f6zben nem futtatnak vel\u00fck t\u00fal sok Cooper-k\u00f6rt.\r\n\r\n<strong>Andr\u00e9s Iniesta<\/strong> fiatalon balsz\u00e9ls\u0151k\u00e9nt okos testcselekkel k\u00e9pes volt temp\u00f3el\u0151nyt faragni, k\u00e9s\u0151bb viszont a elt\u0171n\u0151 lend\u00fclete miatt ink\u00e1bb a passzaira hagyatkozott. <strong>Andrea Pirlo<\/strong> is egy j\u00f3 zsaru\/rossz zsaru k\u00f6z\u00e9pp\u00e1ly\u00e1r\u00f3l (ut\u00f3bbi nyilv\u00e1n <strong>Gennaro Gattuso<\/strong>) k\u00e9pes volt a v\u00e9delem el\u00e9 lec\u00f6vekelni \u00e9s m\u00e9lys\u00e9gb\u0151l ir\u00e1ny\u00edtani a j\u00e1t\u00e9kot.\r\n\r\n<span class=\"highlight-block-small\"><strong>Granit Xhaka<\/strong> ennek pont az ellenkez\u0151j\u00e9t mutatja be.<\/span>\r\n\r\nAmikor a Bundeslig\u00e1b\u00f3l az Arsenalhoz ker\u00fclt, tipikus ir\u00e1ny\u00edt\u00f3torony k\u00f6z\u00e9pp\u00e1ly\u00e1snak t\u0171nt, aki bal l\u00e1b\u00e1t bek\u00e9sz\u00edtve forgatott \u00e9s osztogatott, id\u0151nk\u00e9nt 30-40 m\u00e9teres \u00e1tl\u00f3s passzokat post\u00e1zva a t\u00e1voli sz\u00e9ls\u0151knek. Quarterback \u2013 mondja r\u00e1 a n\u00e9met. Az Arsenaln\u00e1l viszont <strong>Mikel Arteta<\/strong> \u00fagy gondolta, hogy a technik\u00e1ja mellett a l\u00e1b\u00e1t \u00e9s szimat\u00e1t sem szabad hagyni porosodni. Xhaka az\u00f3ta ragyog az Arsenalban, sokszor az ellenf\u00e9l k\u00f6z\u00e9pp\u00e1ly\u00e1ja \u00e9s v\u00e9delme k\u00f6z\u00f6tti vonalak k\u00f6z\u00f6tt mozog, befut\u00e1sokkal ter\u00fcletet nyit a t\u00e1rsainak \u00e9s ha kell, \u00e9rkezni is tud a kapu el\u00e9. Erre nincs amerikai focis anal\u00f3gia.\r\n\r\nA sv\u00e1jci v\u00e1logatott \u00e9rezhet\u0151en ezt a receptet pr\u00f3b\u00e1lta \u00e1tvenni. Kamerun ellen viszont kezdetben minden passzuk egy \u00e1s\u00edt\u00e1ssal \u00e9rt fel, jobbh\u00e1tv\u00e9dj\u00fck, <strong>Silvan Widmer<\/strong> nagyon kev\u00e9s hozz\u00e1adott \u00e9rt\u00e9kkel b\u00edrt a t\u00e1mad\u00e1sok sz\u00f6v\u00e9s\u00e9ben. Xhaka ebben a rendszerben hol a r\u00e9gi, hol a \u00fajkori \u00f6nmag\u00e1t id\u00e9zte. Id\u0151nk\u00e9nt \u0151 maradt m\u00e9lyebben, de amikor a h\u00e1tv\u00e9d <strong>Manuel Akanji<\/strong> d\u00f6nt\u00f6tt \u00fagy, hogy feljebb l\u00e9p a nem t\u00fal harap\u00f3s kameruniak ketrec\u00e9be, akkor jellemz\u0151en egy \u201efrancia figur\u00e1val\u201d pr\u00f3b\u00e1lkoztak: Akanji a k\u00f6z\u00e9pcsat\u00e1r Embol\u00f3nak passzolta fel (szinkronhangja <strong>Olivier Giroud)<\/strong>, aki a kapunak h\u00e1ttal megtartotta, majd kitette a jobbsz\u00e9lre Shaqirinek (mondjuk <strong>Antoine Griezmann<\/strong> ekvivalense), aki v\u00e1laszthatott: bal l\u00e1b\u00e1val vagy r\u00e1l\u00f6vi, vagy becsavarja a t\u00f6megbe. \u00c9s a t\u00f6megben jellemz\u0151en ott volt Xhaka.\r\n\r\n<span class=\"highlight-block-small\">Kamerunban ott volt az izom, a sz\u0151rzet \u00e9s a s\u00f6r\u00e9ny, csak a fogak \u00e9s a karmok hi\u00e1nyoztak.<\/span>\r\n\r\nKapusukat, <strong>Andr\u00e9 Onan\u00e1t<\/strong> az \u00e1tlagn\u00e1l is t\u00f6bbsz\u00f6r vont\u00e1k be a j\u00e1t\u00e9kba, ugyanakkor a csapat \u00edgy is t\u00fal m\u00e9lyen maradt. Az egyetlen fegyver\u00fck <strong>Eric Maxime Choupo-Moting<\/strong> maradt, aki mintha 3 j\u00e1t\u00e9kos lenne 1-ben. Eric-Maxime k\u00e9pes t\u00f6bb v\u00e9d\u0151t is lek\u00f6tni, ha a helyzet \u00fagy k\u00edv\u00e1nja \u2013 k\u00e1r, hogy olyan m\u00e9lyen senkit nem kellett lek\u00f6tni. Choupo visszal\u00e9pett labd\u00e1kat k\u00e9rni, amivel a csapat feljebb tudott volna l\u00e9pni \u2013 csak azut\u00e1n senki nem mozdult, \u00edgy csak egy visszapasszra futotta. Moting a tizenhatoson bel\u00fcl jelentett vesz\u00e9lyt \u2013 a gond csak az, hogy alig \u00e9rtek olyan magass\u00e1gba. El\u0151tte is k\u00fczd\u00f6ttek, de \u00e9rdemes megn\u00e9zni, hol laposodott ki Kamerun v\u00e1rhat\u00f3 g\u00f3ljainak alakul\u00e1sa. Pont akkor, amikor lecser\u00e9lt\u00e9k a legkreat\u00edvabb ember\u00fcket.\r\n\r\n<img class=\"alignnone wp-image-6678 size-large\" src=\"https:\/\/sport24.24.hu\/app\/uploads\/sites\/24\/2022\/11\/chris1-1024x576.png\" alt=\"\" width=\"1024\" height=\"576\" \/>\r\n<h2>Uruguay - D\u00e9l-Korea 0-0<\/h2>\r\n<strong>Szon Hung Min<\/strong> \u00e9s <strong>Darwin N\u00fanez<\/strong> tal\u00e1lkoz\u00f3ja! A Premier League k\u00e9t harcos\u00e1nak \u00f6sszecsap\u00e1sa! Mi baj lehet? H\u00e1t az, hogy Uruguay nem egy j\u00f3 csapat, D\u00e9l-Korea pedig nem egy j\u00f3 alapanyagb\u00f3l \u00f6sszerakott csapat.\r\n\r\nUruguay \u00fagy akar Red Bull-focit j\u00e1tszani, hogy k\u00f6zben nagyon kicsi sz\u00e1zal\u00e9kban rendelkezik Red Bull-kompatibilis kerettel. Sok hossz\u00fa labd\u00e1val pr\u00f3b\u00e1lkoztak, amivel megny\u00fajtott\u00e1k a j\u00e1t\u00e9kot, de ezek a labd\u00e1k sokszor nem \u00e9rtek c\u00e9lba \u2013 a lepattan\u00f3, lecsorg\u00f3, 50-50 sz\u00e1zal\u00e9kos labd\u00e1kra viszont nem voltak meg az embereik, akik oda\u00e9rtek volna.\r\n\r\nUruguaynak D\u00e9l-Kore\u00e1val egy\u00fctt \u00f6sszesen 1,03 v\u00e1rhat\u00f3 g\u00f3lt siker\u00fclt \u00f6sszekaparnia, amin\u00e9l kevesebb csak a d\u00f6gv\u00e9sz marokk\u00f3i-horv\u00e1ton sz\u00fcletett. K\u00e9t csat\u00e1ruk (<strong>Luis Suarez<\/strong> \u00e9s N\u00fanez) teljesen elszigetel\u0151dtek a meccs sor\u00e1n, mik\u00f6zben<strong> Fede Valverde<\/strong> is sokszor el\u0151retolt helyen tal\u00e1lta mag\u00e1t, ahol nem volt m\u00e1r kinek tov\u00e1bb passzolnia.\r\n<blockquote class=\"twitter-tweet\">\r\n<p dir=\"ltr\" lang=\"en\">Safe to say N\u00fa\u00f1ez didn't have his passing radar calibrated today.<\/p>\r\nHis 55% completion rate is lower than in any PL game this season <a href=\"https:\/\/twitter.com\/hashtag\/FIFAWorldCup?src=hash&amp;ref_src=twsrc%5Etfw\">#FIFAWorldCup<\/a> <a href=\"https:\/\/t.co\/LmpC0mQ0XP\">pic.twitter.com\/LmpC0mQ0XP<\/a>\r\n\r\n\u2014 Opta Analyst (@OptaAnalyst) <a href=\"https:\/\/twitter.com\/OptaAnalyst\/status\/1595794407210508294?ref_src=twsrc%5Etfw\">November 24, 2022<\/a><\/blockquote>\r\n<script async src=\"https:\/\/platform.twitter.com\/widgets.js\" charset=\"utf-8\"><\/script>\r\n\r\nAmikor Darwin N\u00fanez mind\u00f6ssze 20-szor passzol, de ennek csak a fele (55%) pontos, akkor tudni lehet, hogy nem a tanul\u00f3k a h\u00fcly\u00e9k, hanem a tan\u00e1r bukott meg. A st\u00edlusuk nem \u201etermelt ki\u201d semmit. Csak a torna negyedik 0-0-j\u00e1t.\r\n<h2>Portug\u00e1lia - Gh\u00e1na 3-2<\/h2>\r\nVolt valami \u201emeta\u201d a katari \u201e974\u201d-es stadionban, amit nem t\u00fal \u00f6tletesen a saj\u00e1t nemzeti h\u00edv\u00f3sz\u00e1mr\u00f3l neveztek el. A meccs kicsiben t\u00fckr\u00f6zte vissza <strong>Cristiano Ronaldo<\/strong> teljes karrierj\u00e9t.\r\n\r\nEl\u0151sz\u00f6r ott voltak a k\u00f6nnyek. Ez egy hatty\u00fadal \u00e9s egyben tiszteletk\u00f6r is, a himnusz pedig k\u00e9pes \u00e9leteket lepergetni az ember szeme el\u0151tt. A j\u00e1t\u00e9kban azt\u00e1n megb\u00fajt meg minden sz\u00e9p \u00e9s j\u00f3: a helyzet\u00e9szlel\u00e9s \u00e9s szapora l\u00e9ptek, ahogy beindult egy lef\u00fclelt labd\u00e1ra \u2013 \u00e1m a labda \u00fagy pattant el t\u0151le, mintha betonn\u00e1 k\u00f6vesedtek volna a l\u00e1bai. A d\u00f6bbenetes s\u00falypontemelked\u00e9s 37 \u00e9vesen \u2013 hogy azt\u00e1n lecs\u00fasszon a fej\u00e9r\u0151l a bead\u00e1s. Majd mindezek ellen\u00e9re a beteljes\u00fcl\u00e9s: az els\u0151 ember, aki 5 vil\u00e1gbajnoks\u00e1gon is g\u00f3lt szerzett.\r\n\r\n<span class=\"highlight-block-small\">Az els\u0151 g\u00f3lja idej\u00e9n csapatt\u00e1rsai, <strong>Joao F\u00e9lix<\/strong> \u00e9s <strong>Rafael Leao<\/strong> 6 \u00e9s 7 \u00e9vesek voltak. Engedem, hadd menjen.<\/span>\r\n\r\nPortug\u00e1lia ellenfele, Gh\u00e1na tudta, mi v\u00e1r r\u00e1. A j\u00e1t\u00e9kterve ez\u00e9rt nagyon egyszer\u0171 volt: \u00f6t v\u00e9d\u0151vel \u00e9s h\u00e1rom k\u00f6z\u00e9pp\u00e1ly\u00e1ssal egy komplett t\u00f6mb\u00f6t emelt a kapuja el\u00e9. Ilyenkor alapvet\u0151en h\u00e1rom ir\u00e1nyb\u00f3l lehet k\u00f6zel\u00edteni. Oldalr\u00f3l, fel\u00fclr\u0151l, vagy a t\u00f6mb r\u00e9sein kereszt\u00fcl.\r\n<div class=\"payable-content-section\"><\/div>\r\nPortug\u00e1lia a r\u00e9sekkel pr\u00f3b\u00e1lkozott. A balh\u00e1tv\u00e9d <strong>Raphael Guerreiro<\/strong> a bal oldalon l\u00e9pett fel, amit le kellett k\u00f6vetnie a t\u00f6mb jobb oldal\u00e1nak, az \u00edgy megny\u00edl\u00f3 r\u00e9sben azt\u00e1n hol Joao F\u00e9lix, hol <strong>Ot\u00e1vio<\/strong>, hol Cristiano Ronaldo l\u00e9pett vissza felvenni labd\u00e1kat. Csakhogy a foci \u00f6k\u00f6lszab\u00e1lya: ha mindenki l\u00e1bhoz k\u00e9ri a labd\u00e1t, egy centit nem halad a t\u00e1mad\u00e1s.\r\n\r\nHa mindenki ter\u00fcletbe k\u00e9ri, akkor t\u00fal sok eladott labda lesz. Portug\u00e1lia az els\u0151 hib\u00e1ba esett, mert sem <strong>Bruno Fernandes<\/strong>, sem Joao Felix, sem Cristiano Ronaldo nem olyan t\u00e1mad\u00f3k, akik ter\u00fcletbe szeretnek futni.\r\n\r\n<span class=\"highlight-block-small\">Gh\u00e1n\u00e1nak egyszer\u0171en semmit nem kellett csin\u00e1lnia. Csak v\u00e9gig kellett n\u00e9znie, ahogy a portug\u00e1lok l\u00e1nc-l\u00e1nc Eszterl\u00e1ncot j\u00e1rva \u00e1tadj\u00e1k egym\u00e1snak a labd\u00e1t.<\/span>\r\n\r\nEnnek viszont megvolt az \u00e1ra: Gh\u00e1na sem nagyon tudott kit\u00f6rni. Nemhogy a portug\u00e1lok tizenhatos\u00e1ra nem jutottak el az els\u0151 f\u00e9lid\u0151ben, de m\u00e9g a <em>k\u00f6zel\u00e9be<\/em> sem. Az els\u0151 f\u00e9lid\u0151 v\u00e9g\u00e9re egy unalmas, kiv\u00e1r\u00f3s, pip\u00e1zgat\u00f3s meccs k\u00e9pe rajzol\u00f3dott ki.\r\n\r\n<img class=\"alignnone wp-image-6679 size-large\" src=\"https:\/\/sport24.24.hu\/app\/uploads\/sites\/24\/2022\/11\/chris2-1024x768.jpg\" alt=\"\" width=\"1024\" height=\"768\" \/>\r\n\r\nA m\u00e1sodikra viszont Gh\u00e1na t\u00f6mbje feljebb l\u00e9pett. Portug\u00e1lia tizengyesb\u0151l vezet\u00e9st szerzett, \u00e1m a koncentr\u00e1ci\u00f3ja az els\u0151 g\u00f3l ut\u00e1n \u00e9rezhet\u0151en visszaesett, Gh\u00e1na pedig egy b\u00e1tor, de szerencs\u00e9s g\u00f3llal kiegyenl\u00edtett. \u00c9rkezett ekkor Bruno Fernandes, aki v\u00e9gre megkapta azt, amire sz\u00fcks\u00e9ge volt: beindul\u00e1sokat. El\u0151sz\u00f6r Joao F\u00e9lixt\u0151l, majd Rafael Lea\u00f3t\u00f3l kapott olyan passzopci\u00f3t, amit az els\u0151 f\u00e9lid\u0151ben csak nagyon ritk\u00e1n. Mindk\u00e9t g\u00f3lpassz fazonra volt szabva.\r\n\r\nA v\u00e9g\u00e9n azt\u00e1n <strong>Inaki Williams<\/strong> majdnem megcsin\u00e1lta, csak az elcs\u00fasz\u00e1s rond\u00edtott bele. A Ronaldo arc\u00e1n ki\u00fcl\u0151 f\u00e9lelem valahol felid\u00e9zte, p\u00e1ratlan karrierje sor\u00e1n h\u00e1nyszor ker\u00fclt olyan helyzetbe, amikor nem \u0151 kontroll\u00e1lta az esem\u00e9nyeket. Ahol a csapatt\u00e1rsai voltak a p\u00e1ly\u00e1n \u2013 de \u0151 nem. Voltak \u00e9s lesznek ilyen id\u0151k is.\r\n<h2>Braz\u00edlia \u2013 Szerbia 2-0<\/h2>\r\n<blockquote>Lehet ennyi t\u00e1mad\u00f3val nyerni 2022-ben?<\/blockquote>\r\n\u2013 tettem fel magamban a k\u00e9rd\u00e9st, amikor megl\u00e1ttam a brazil kezd\u0151t. Pap\u00edron ez n\u00e9gy v\u00e9d\u0151t jelentett, duplasz\u0171r\u0151vel \u00e9s joga bonit\u00f3val, de a val\u00f3di k\u00e9rd\u00e9s az volt, ki v\u00e9di a barakkot addig, am\u00edg a t\u00f6bbiek el\u0151l focizgatnak.\r\n\r\nA szerbek felk\u00e9sz\u00fcltek a brazil leck\u00e9re \u00e9s a terv\u00fck kezdetben m\u0171k\u00f6d\u00f6tt is. \u00d6t v\u00e9d\u0151vel, k\u00e9t k\u00f6z\u00e9pp\u00e1ly\u00e1sukkal \u00e9s a visszavont <strong>Dusan Tadiccsal<\/strong> arra utaztak, hogy kivegy\u00e9k a j\u00e1t\u00e9kb\u00f3l a brazilok bal oldal\u00e1t. Ha <strong>Vin\u00edcius Jr.<\/strong> egy-az-egyben r\u00e1nk vezeti a labd\u00e1t, meghalunk \u2013 gondolt\u00e1k. Ha az oldal\u00e1ra ker\u00fclt a labda, a szerb v\u00e9d\u0151knek gyorsabban oda\u00e9rni\u00fck, mint a brazil passzok.\r\n\r\nA terv olyannyira m\u0171k\u00f6d\u00f6tt, hogy Braz\u00edlia csak 20 perc ut\u00e1n v\u00e1llalkozott l\u00f6v\u00e9ssel. <strong>Neymar\u00e9k<\/strong> \u2013 tal\u00e1n a torna eleji kontextus miatt, vagy csak az\u00e9rt, mert 2018 \u00f3ta ez a m\u00e1sodik eur\u00f3pai csapat, mellyel tal\u00e1lkoztak \u2013 t\u00fal passz\u00edvra vett\u00e9k a figur\u00e1t. A f\u00e9lid\u0151ben viszont t\u00f6rt\u00e9nhetett valami. Ha tippelnem kellene, a sz\u00f6vets\u00e9gi kapit\u00e1ny, <strong>Tite<\/strong> v\u00e9rben forg\u00f3 szemekkel \u00fcv\u00f6ltve <a href=\"https:\/\/www.youtube.com\/watch?v=XoHfmb9hkdE\">tartogatott maga el\u0151tt egy villanyk\u00f6rt\u00e9t<\/a>, vagy csak lej\u00e1tszotta <strong>Vangeliszt\u0151<\/strong>l a <em>T\u0171zszekerek<\/em>et maxim\u00e1lis hanger\u0151n. N\u00e9zz\u00fck csak azt a piros szakaszt a 45. perc ut\u00e1n:\r\n\r\n<img class=\"alignnone wp-image-6680 size-large\" src=\"https:\/\/sport24.24.hu\/app\/uploads\/sites\/24\/2022\/11\/chris3-1024x645.jpg\" alt=\"\" width=\"1024\" height=\"645\" \/>\r\n\r\nBraz\u00edlia k\u00e9t dolgot v\u00e1ltoztatott. Neymart egy kicsit feljebb hagyta, amivel a szerbeknek dilemm\u00e1t okozott, hogy vagy r\u00e1, vagy Vin\u00edcius Jr.-ra tol\u00f3djanak r\u00e1. A m\u00e1sik: feljebb tekerte a hanger\u0151t. <strong>Richarlison<\/strong>, Vin\u00edcius Jr., <strong>Raphinha<\/strong>, Neymar felp\u00f6rgett\u00e9k a j\u00e1t\u00e9kot, a passzok pedig el\u0151bb \u00e9rtek oda, mint a szerb v\u00e9d\u0151k.\r\n\r\n<a href=\"https:\/\/focivb2022.24.hu\/kozvetitesek\/2022\/11\/24\/katar-2022-brazilia-szerbia-csoportmeccs-g-csoport-elo\/#fantasztikusan-nagy-golt-lott-richarlison-a-veben\">Richarlison g\u00f3lja<\/a> biztosan ott lesz a torna legszebbjei k\u00f6z\u00f6tt, de k\u00e9t r\u00e9szlet\u00e9n \u00edgy is \u00e9rdemes elid\u0151zni. A golaz\u00f3t pont egy olyan helyzet el\u0151zte meg, amit a szerbek k\u00ednosan pr\u00f3b\u00e1ltak megel\u0151zni: Vin\u00edcius Jr. egyed\u00fcl vezethette r\u00e1 a szerb v\u00e9d\u0151re a labd\u00e1t. Richarlison azt\u00e1n a kapunak t\u00e1volabb es\u0151 bal l\u00e1b\u00e1val perd\u00edtette fel mag\u00e1nak a labd\u00e1t, hogy azt\u00e1n k\u00f6zel 360 fokos fordulattal, jobbal vigye be a kegyelemd\u00f6f\u00e9st. Az eg\u00e9sz mozdulatsor kiterkert, \u00f6szt\u00f6n\u00f6s volt, \u00e9s zseni\u00e1lis. Egy csipetnyi <strong>Rivald\u00f3val<\/strong> volt meghintve.","type":"rich","thumbnail_url":"https:\/\/s.24.hu\/app\/uploads\/sites\/24\/2022\/11\/coro24-150x150.jpg","thumbnail_width":150,"thumbnail_height":150}