{"version":"1.0","provider_name":"Sport24","provider_url":"https:\/\/sport24.24.hu","author_name":"Bruckner G\u00e1bor","author_url":"https:\/\/sport24.24.hu\/author\/brucknerg\/","title":"Elt\u0171ntek a pontr\u00fag\u00e1s ut\u00e1ni g\u00f3lok, viszont megtal\u00e1ltuk a FIFA legjobban \u0151rz\u00f6tt titk\u00e1t","html":"Felfigyeltek m\u00e1r a vil\u00e1gbajnoki m\u00e9rk\u0151z\u00e9sek alatt megjelen\u0151 FIFA-statisztik\u00e1kra a k\u00f6zvet\u00edt\u00e9sek alatt? J\u00f3 n\u00e9h\u00e1ny k\u00f6z\u00fcl\u00fck nehezen \u00e9rtelmezhet\u0151 kontextus n\u00e9lk\u00fcl. No de hol tal\u00e1ljuk a kontextust, vagy egy\u00e1ltal\u00e1n, a vil\u00e1gbajnoki m\u00e9rk\u0151z\u00e9sekhez kapcsol\u00f3d\u00f3 adatokat? A FIFA Match Centre \u2013 azaz a publikusan el\u00e9rhet\u0151, \u00e9l\u0151ben friss\u00fcl\u0151 meccsk\u00f6zpont \u2013 ha nem is teljesen haszn\u00e1lhatatlan, nagyon gyatra m\u00e1s oldalakhoz \u00e9s a torna preszt\u00edzs\u00e9hez k\u00e9pest. M\u00e9g a taktikai fel\u00e1ll\u00e1sok sincsenek rajta, ami az\u00e9rt manaps\u00e1g alapinform\u00e1ci\u00f3.\r\n\r\nUgyanakkor el\u00e9rhet\u0151 a <a href=\"https:\/\/www.fifatrainingcentre.com\/en\/fwc2022\/post-match-summaries\/post-match-summary-reports.php\" target=\"_blank\" rel=\"noopener\">FIFA Match Hub<\/a>, ami a nemzetk\u00f6zi sz\u00f6vets\u00e9g \u201elegjobban \u0151rz\u00f6tt titka\u201d, legal\u00e1bbis eg\u00e9szen biztosan nem egy agyonprom\u00f3zott funkci\u00f3. Pedig lehetne, mivel eg\u00e9szen kit\u0171n\u0151, \u00e9s az \u00e9rdekl\u0151d\u0151knek elk\u00e9peszt\u0151 mennyis\u00e9g\u0171 inform\u00e1ci\u00f3t szolg\u00e1ltat. A vil\u00e1gbajnoks\u00e1g adatelemz\u0151 csapata mind a 64 m\u00e9rk\u0151z\u00e9sr\u0151l b\u0151 50 oldalas \u00f6sszefoglal\u00f3t k\u00e9sz\u00edt, a legapr\u00f3bb r\u00e9szletekre is r\u00e1vil\u00e1g\u00edtva. \u201eCsak\u201d \u00e9ppen el van dugva a FIFA szakmai \u00e9s tananyagait tartalmaz\u00f3 oldalra, a FIFA Training Centre-re.\r\n\r\nA terminol\u00f3gi\u00e1t, k\u00fcl\u00f6n\u00f6s tekintettel az EFI-nek (Enhanced Football Intelligence) nevezett mutat\u00f3kra <a href=\"https:\/\/www.fifatrainingcentre.com\/en\/fwc2022\/fwc2022.php\" target=\"_blank\" rel=\"noopener\"><strong>Arsene Wenger<\/strong> magyar\u00e1zza el vide\u00f3kon<\/a>. Itt kapunk magyar\u00e1zatot <a href=\"https:\/\/www.fifatrainingcentre.com\/en\/fwc2022\/efi-metrics\/efi-metric--possession-control.php\" target=\"_blank\" rel=\"noopener\">a FIFA \u00fajfajta labdabirtokl\u00e1si adataira<\/a> (a k\u00e9t v\u00e1logatott labdabirtokl\u00e1sa mellett a kontroll alatt nem l\u00e9v\u0151, \u201eeld\u00f6ntetlen\u201d labd\u00e1kat is figyelik), <a href=\"https:\/\/www.fifatrainingcentre.com\/en\/fwc2022\/efi-metrics\/efi-metric--line-breaks.php\" target=\"_blank\" rel=\"noopener\">a vonal\u00e1tt\u00f6r\u00e9sekre<\/a> (ezt a statisztik\u00e1t el\u00e9g gyakran meg is mutatj\u00e1k meccsek k\u00f6zben) \u00e9s egy\u00e9b m\u00e9r\u0151sz\u00e1mokra. A nemzetk\u00f6zi sz\u00f6vets\u00e9g <a href=\"https:\/\/www.fifatrainingcentre.com\/media\/native\/world-cup-2022\/Enhanced%20Football%20Intelligence%20EN.pdf\" target=\"_blank\" rel=\"noopener\">egy kislexikont is mell\u00e9kelt mindehhez<\/a>, de\r\n\r\n<span class=\"highlight-block\">a legjobban Wenger \u00e9s oktat\u00f3vide\u00f3i seg\u00edts\u00e9g\u00e9vel m\u00e9lyedhet\u00fcnk el az adatokban. <\/span>\r\n\r\nAz elemz\u00e9sekkel foglalkoz\u00f3knak az \u201eadataranyb\u00e1nya\u201d a l\u00e9nyeg, de a FIFA az \u00e9rdekl\u0151d\u0151 szurkol\u00f3knak is \u00f3ri\u00e1si seg\u00edts\u00e9get ny\u00fajt a t\u00f6rt\u00e9ntek \u00e9rtelmez\u00e9s\u00e9hez.\r\n\r\nS ha m\u00e1r sz\u00e1mok: adatszolg\u00e1ltat\u00f3 c\u00e9gek sora verseng a k\u00f6z\u00f6ns\u00e9g (na meg az \u00fcgyfelek) figyelm\u00e9\u00e9rt, \u00edgy sosem l\u00e1tott mennyis\u00e9gben \u00f6mlik r\u00e1nk az inform\u00e1ci\u00f3 a vb alatt \u2013 honlapokon, Twitteren, t\u00e9v\u00e9k\u00e9perny\u0151k\u00f6n, okostelefonos appokon. A rengetegb\u0151l most kiv\u00e1lasztottunk t\u00edzet: megpr\u00f3b\u00e1ltunk t\u00fckr\u00f6t tartani a 2022-es vil\u00e1gbajnoks\u00e1g els\u0151 fordul\u00f3ja el\u00e9!\r\n\r\n<strong>0 \u2013 KAPURA L\u00d6V\u00c9SI K\u00cdS\u00c9RLET.<\/strong> Az nem volt k\u00e9rd\u00e9s, hogy Costa Rica kapura l\u00f6v\u00e9s n\u00e9lk\u00fcli teljes\u00edtm\u00e9nye Spanyolorsz\u00e1g ellen vil\u00e1gbajnoki cs\u00facs, a k\u00e9rd\u00e9s, hogy volt-e m\u00e1r ilyesmire precedens. A v\u00e1lasz: igen, az Opta statisztik\u00e1i szerint a vb-t\u00f6rt\u00e9net els\u0151 csapata, mely nem k\u00eds\u00e9rletezett kapura l\u00f6v\u00e9ssel vagy fejessel, szint\u00e9n Costa Rica! Az 1990-es vb egyik \u00fcde sz\u00ednfoltj\u00e1t jelent\u0151 v\u00e1logatott Braz\u00edlia ellen \u201es\u00fclt be\u201d (0-1). Tegy\u00fck hozz\u00e1, a Costa Rica-iak az olaszorsz\u00e1gi vil\u00e1gbajnoks\u00e1gon megvert\u00e9k Sv\u00e9dorsz\u00e1got meg Sk\u00f3ci\u00e1t, \u00e9s csak a nyolcadd\u00f6nt\u0151ben estek ki Csehszlov\u00e1kia ellen, no meg 6 g\u00f3lt kaptak 4 meccs\u00fck\u00f6n, most meg az els\u0151n hetet\u2026 A Costa Rica\u2013Spanyolorsz\u00e1g 0-7 a k\u00f6z\u00e9p-amerikai egy\u00fcttes t\u00f6rt\u00e9nelm\u00e9nek holtversenyben legs\u00falyosabb veres\u00e9ge.\r\n\r\nhttps:\/\/twitter.com\/OptaJoe\/status\/1595477911057973269\r\n<div class=\"payable-content-section\"><\/div>\r\n<strong>0 \u2013 TIZENHATOSON BEL\u00dcLI LABDA\u00c9RINT\u00c9S EGY F\u00c9LID\u0150 ALATT.<\/strong> M\u00e1r az sem volt semmi, hogy Katar a nyit\u00f3meccs els\u0151 f\u00e9lidej\u00e9nek utols\u00f3 pillanat\u00e1ban \u00e9rt csak labd\u00e1hoz ellenfele tizenhatos\u00e1n bel\u00fcl, de Gh\u00e1na bemutatta, hogy ezt m\u00e9g alul lehet m\u00falni \u2013 egyetlen labda\u00e9rint\u00e9st sem regisztr\u00e1lt a portug\u00e1l b\u00fcntet\u0151ter\u00fcleten bel\u00fcl az els\u0151 j\u00e1t\u00e9kr\u00e9szben. S\u0151t, m\u00e9g a tizenhatos k\u00f6zel\u00e9be sem ker\u00fclt. Ehhez k\u00e9pest a m\u00e1sodik f\u00e9lid\u0151re feljavul\u00f3 gh\u00e1naiak els\u0151 afrikai csapatk\u00e9nt szereztek g\u00f3lt ezen a torn\u00e1n \u2013 de a f\u00f6ldr\u00e9sz v\u00e1logatottjai nem \u00e1llnak j\u00f3l, eddig nyeretlenek (0\u20132\u20133).\r\n\r\nhttps:\/\/twitter.com\/OptaAnalyst\/status\/1595822739255967745\r\n\r\n<strong>1 (VAGY 2) \u2013 PONTR\u00daG\u00c1S UT\u00c1N SZERZETT G\u00d3L.<\/strong> A 2018-as vil\u00e1gbajnoks\u00e1gon kor\u00e1bban nem l\u00e1tott hat\u00e9konys\u00e1ggal v\u00e9gezt\u00e9k el a csapatok a szabad- \u00e9s sz\u00f6gletr\u00fag\u00e1sokat, a FIFA sz\u00e1m\u00edt\u00e1sai szerint rekordmennyis\u00e9g\u0171 g\u00f3l sz\u00fcletett pontr\u00fag\u00e1sokb\u00f3l. Az Opta 1966 \u00f3ta r\u00f6gz\u00edti a vb-k statisztik\u00e1it, \u00e9s sosem regisztr\u00e1lt az oroszorsz\u00e1gihoz hasonl\u00f3 adatot: a 169 tal\u00e1latb\u00f3l 73 (43 sz\u00e1zal\u00e9k) pontr\u00fag\u00e1sb\u00f3l sz\u00fcletett (az Opta ebbe belevette a tizenegyeseket is). M\u00e1s c\u00e9gek m\u00f3dszertana elt\u00e9r\u0151 (p\u00e9ld\u00e1ul nem sz\u00e1m\u00edtj\u00e1k be a b\u00fcntet\u0151ket, nem \u201e\u00e9rnek\u201d a tiszt\u00e1zott sz\u00f6gletek ut\u00e1n vissza\u00edvelt labd\u00e1k), de a k\u00f6vetkeztet\u00e9s mindenkin\u00e9l azonos volt: ekkora szerepet m\u00e9g nem j\u00e1tszottak vil\u00e1gbajnoks\u00e1gon a r\u00f6gz\u00edtett j\u00e1t\u00e9khelyzetek. Ehhez k\u00e9pest a katari vb els\u0151 fordul\u00f3j\u00e1ban a WyScout adatai szerint csak 2 g\u00f3l sz\u00fcletett sz\u00f6glet ut\u00e1n, azok sem els\u0151 \u00e9rint\u00e9sre, \u00e9s \u2013 a tizenegyeseket lesz\u00e1m\u00edtva \u2013 egyel\u0151re ennyi volt a pontr\u00fag\u00e1sok \u00e9rt\u00e9kes\u00edt\u00e9se. R\u00e1ad\u00e1sul a c\u00e9g \u201eb\u0151kez\u0171\u201d is volt, mert <strong>Adrien Rabiot<\/strong> Ausztr\u00e1lia elleni g\u00f3lj\u00e1t \u2013 amely egy tiszt\u00e1zott sz\u00f6gletet k\u00f6vet\u0151 be\u00edvel\u00e9sb\u0151l sz\u00fcletett \u2013 m\u00e1s adatszolg\u00e1ltat\u00f3k nem \u00edt\u00e9lik pontr\u00fag\u00e1s ut\u00e1ni g\u00f3lnak.\r\n\r\n<iframe class=\"flourish-embed-iframe\" style=\"width: 100%;height: 600px\" title=\"Interactive or visual content\" src=\"https:\/\/flo.uri.sh\/visualisation\/11944120\/embed\" frameborder=\"0\" scrolling=\"no\"><\/iframe>\r\n<div style=\"width: 100%!;margin-top: 4px!important;text-align: right!important\"><a class=\"flourish-credit\" style=\"text-decoration: none!important\" href=\"https:\/\/public.flourish.studio\/visualisation\/11944120\/?utm_source=embed&amp;utm_campaign=visualisation\/11944120\" target=\"_top\" rel=\"noopener\"><img style=\"width: 105px!important;height: 16px!important;border: none!important;margin: 0!important\" src=\"https:\/\/public.flourish.studio\/resources\/made_with_flourish.svg\" alt=\"Made with Flourish\" \/> <\/a><\/div>\r\n&nbsp;\r\n\r\nA VAR-rendszer bevezet\u00e9se \u00f3ta megszokottnak sz\u00e1m\u00edt\u00f3 tizenegyeshull\u00e1mot lesz\u00e1m\u00edtva a csapatok k\u00e9ptelenek voltak hasznos\u00edtani sz\u00f6glet- \u00e9s szabadr\u00fag\u00e1saikat. Vajon jobb lett az el\u0151z\u0151 torn\u00e1k tapasztalatait felhaszn\u00e1lva a v\u00e9dekez\u00e9s? Vagy rosszabb a v\u00e9grehajt\u00e1s? \u201eElt\u0171ntek\u201d a tizenhatoson k\u00edv\u00fclr\u0151l szerzett g\u00f3lok is (a m\u00e1sodik k\u00f6r els\u0151 meccs\u00e9ig kellett r\u00e1 v\u00e1rni), de ez illeszkedik a trendekbe \u2013 egyre jobb helyzetekb\u0151l pr\u00f3b\u00e1lnak a csapatok l\u0151ni, kevesebb a t\u00e1voli (\u00edgy alacsony xG-j\u0171) k\u00eds\u00e9rlet.\r\n\r\n<strong>3,35 \u2013 KANADA ELPAZAROLT XG-JE.<\/strong> Az els\u0151 k\u00f6r egyik kellemes meglepet\u00e9se a kanadai v\u00e1logatott j\u00e1t\u00e9ka volt, ami viszont pocs\u00e9k helyzetkihaszn\u00e1l\u00e1ssal p\u00e1rosult. A WyScout adatai szerint Kanada (a kihagyott tizenegyessel egy\u00fctt) 3,35-\u00f6s xG-t pazarolt el, \u00e9s 1-0-ra kikapott a cs\u00facsform\u00e1t\u00f3l messze j\u00e1r\u00f3 belg\u00e1kt\u00f3l. Ez a legmagasabb xG-\u00e9rt\u00e9k a 32 csapat k\u00f6z\u00f6tt, igaz, hogyha a tizenegyest (ez a szolg\u00e1ltat\u00f3n\u00e1l 0,76-ot \u00e9r) lesz\u00e1m\u00edtjuk, akkor m\u00e1r a franci\u00e1k voltak a legjobbak. A modellek k\u00f6z\u00f6tti elt\u00e9r\u00e9st j\u00f3l illusztr\u00e1lja, hogy az Opt\u00e1n\u00e1l a kanadaiak \u201ecsak\u201d negyedikek az xG-rangsorban. Az ellenpont term\u00e9szetesen Costa Rica null\u00e1s xG-je, de Sza\u00fad-Ar\u00e1bia (0,29), Katar (0,28), Marokk\u00f3 (0,25), Szerbia (0,22) \u00e9s D\u00e9l-Korea (0,2) is 0,3 alatt maradt. Tegy\u00fck hozz\u00e1: saj\u00e1toss\u00e1gai miatt a mutat\u00f3 csak nagyobb mint\u00e1ban, hosszabb t\u00e1von hasznos igaz\u00e1n, az xG extr\u00e9m al\u00e1- (Kanada) vagy f\u00f6l\u00e9l\u00f6v\u00e9se (Sza\u00fad-Ar\u00e1bia) egy meccsen norm\u00e1lis jelens\u00e9g. A pazarl\u00e1st vagy a kiemelked\u0151 helyzetkihaszn\u00e1l\u00e1st viszont megmutatja.\r\n\r\n<strong>4 \u2013 G\u00d3L N\u00c9LK\u00dcLI M\u00c9RK\u0150Z\u00c9S.<\/strong> Az els\u0151 k\u00f6r meccseinek negyede 0-0-s d\u00f6ntetlennel z\u00e1rult,\r\n\r\n<span class=\"highlight-block\">ami eg\u00e9szen lehangol\u00f3. <\/span>\r\n\r\nA 2018-as vb-n egy, a 2021-es Eb-n k\u00e9t, g\u00f3l n\u00e9lk\u00fcli m\u00e9rk\u0151z\u00e9s volt; de az oly gyakran k\u00e1rhoztatott 1990-es, olaszorsz\u00e1gi, ultradefenz\u00edvnek tartott vil\u00e1gbajnoks\u00e1g teljes csoportk\u00f6r\u00e9ben is kevesebb 0-0 volt, mint most az els\u0151 fordul\u00f3ban. A 32 egy\u00fcttesb\u0151l 14 g\u00f3lk\u00e9ptelen maradt!\r\n\r\n<strong>8 \u2013 \u201e\u00d6TV\u00c9B\u00c9S\u201d J\u00c1T\u00c9KOS.<\/strong> A vil\u00e1gbajnoks\u00e1gok t\u00f6rt\u00e9net\u00e9ben eg\u00e9szen mostan\u00e1ig csak n\u00e9gy j\u00e1t\u00e9kos volt, aki \u00f6t vil\u00e1gbajnoks\u00e1gon szerepelt a nevezettek k\u00f6z\u00f6tt: <strong>Antonio Carbajal<\/strong> (1950\u20131966), <strong>Lothar Matth\u00e4us<\/strong> (1982\u20131998), <strong>Rafa M\u00e1rquez<\/strong> (2002\u20132018) \u00e9s <strong>Gianluigi Buffon<\/strong> (1998\u20132014). Most egy vb-n n\u00e9gyen csatlakoztak az exkluz\u00edv klubhoz: <strong>Lionel Messi<\/strong> (2006\u20132022), <strong>Cristiano Ronaldo<\/strong> (2006\u20132022), <strong>Guillermo Ochoa<\/strong> (2006\u20132022) \u00e9s <strong>Andr\u00e9s Guardado<\/strong> (2006\u20132022). K\u00f6z\u00fcl\u00fck Carbajal, Matth\u00e4us, M\u00e1rquez, Messi \u00e9s Ronaldo mondhatja el, hogy t\u00e9nylegesen p\u00e1ly\u00e1ra is l\u00e9pett minden torn\u00e1n, amire nevezt\u00e9k. Gh\u00e1na elleni tizenegyesg\u00f3lj\u00e1val Ronaldo lett az els\u0151, aki \u00f6t vil\u00e1gbajnoks\u00e1gon is a g\u00f3lszerz\u0151k k\u00f6z\u00e9 ker\u00fclt.\r\n\r\n<strong>19 \u2013 EGY V\u00c9KONY SZA\u00daDI VONAL, M\u00c9TERBEN.<\/strong> Sza\u00fad-Ar\u00e1bia lescsapd\u00e1j\u00e1ra \u00fajra \u00e9s \u00fajra r\u00e1futott Argent\u00edna, ez seg\u00edtett <strong>Herv\u00e9 Renard<\/strong> csapat\u00e1nak \u00e1tv\u00e9szelni az els\u0151 f\u00e9lid\u0151t, s megalapozni a vb-t\u00f6rt\u00e9nelem egyik legnagyobb szenz\u00e1ci\u00f3j\u00e1nak sz\u00e1m\u00edt\u00f3 2-1-es gy\u0151zelmet. A lesre \u00e1ll\u00edt\u00e1s miatt a k\u00f6z\u00e9pp\u00e1ly\u00e1n, magasra feltolt v\u00e9d\u0151vonallal, a f\u00e9lp\u00e1lya k\u00f6zel\u00e9ben (k\u00f6z\u00e9pmagas blokk vagy mid-block) v\u00e9dekez\u0151 sza\u00fadiak els\u0151 \u00e9s h\u00e1ts\u00f3 vonala k\u00f6z\u00f6tt eg\u00e9szen sz\u0171k, 19 m\u00e9teres \u00e1tlagos t\u00e1vols\u00e1g volt a FIFA Match Hub adatai szerint. A csapatok \u201ehossz\u00fas\u00e1g\u00e1t\u201d \u00e9s \u201esz\u00e9less\u00e9g\u00e9t\u201d mutat\u00f3 adatok \u00e1br\u00e1zol\u00e1s\u00e1n j\u00f6n ki igaz\u00e1n, mennyire extr\u00e9m volt a sza\u00fadi elk\u00e9pzel\u00e9s, amely \u00f6nvesz\u00e9lyess\u00e9ge ellen\u00e9re bej\u00f6tt.\r\n\r\n<span class=\"highlight-block-small\">A FIFA \u00e1br\u00e1j\u00e1n l\u00e1tszik, milyen v\u00e9konyka ter\u00fcletet sz\u00e1llt meg Renard egy\u00fcttese k\u00f6z\u00e9pmagas blokkban (pl\u00e1ne ellenfel\u00e9hez k\u00e9pest), \u00e9s az argentinok \u00fajra meg \u00fajra belel\u00e9ptek a csapd\u00e1ba. <\/span>\r\n\r\nTerm\u00e9szetesen az argentinokn\u00e1l egyetlen csapat sem futott t\u00f6bbsz\u00f6r lesre.\r\n\r\nhttps:\/\/twitter.com\/BeGriffis\/status\/1595421294945771521\r\n\r\n<iframe class=\"flourish-embed-iframe\" style=\"width: 100%;height: 600px\" title=\"Interactive or visual content\" src=\"https:\/\/flo.uri.sh\/visualisation\/11928186\/embed\" frameborder=\"0\" scrolling=\"no\"><\/iframe>\r\n<div style=\"width: 100%!;margin-top: 4px!important;text-align: right!important\"><a class=\"flourish-credit\" style=\"text-decoration: none!important\" href=\"https:\/\/public.flourish.studio\/visualisation\/11928186\/?utm_source=embed&amp;utm_campaign=visualisation\/11928186\" target=\"_top\" rel=\"noopener\"><img style=\"width: 105px!important;height: 16px!important;border: none!important;margin: 0!important\" src=\"https:\/\/public.flourish.studio\/resources\/made_with_flourish.svg\" alt=\"Made with Flourish\" \/> <\/a><\/div>\r\n<strong>25 \u2013 N\u00c9MET K\u00cdS\u00c9RLET JAP\u00c1N ELLEN.<\/strong> A n\u00e9met v\u00e1logatott a 2018-as vil\u00e1gbajnoks\u00e1gon \u00e9s a 2021-es Eur\u00f3pa-bajnoks\u00e1gon 111-szer k\u00eds\u00e9rletezett kapura l\u00f6v\u00e9ssel, ehhez tett most hozz\u00e1 25-\u00f6t Jap\u00e1n ellen (az eredm\u00e9ny 1-2). A k\u00eds\u00e9rletek 16,88-as xG-t eredm\u00e9nyeztek, ehhez k\u00e9pest N\u00e9metorsz\u00e1g csak 9 g\u00f3lt szerzett 8 m\u00e9rk\u0151z\u00e9sen, s csup\u00e1n 2 meccset nyert meg. K\u00f6zben h\u00e1tul is baj van. A cs\u00facson lev\u0151, <strong>Joachim L\u00f6w<\/strong> ir\u00e1ny\u00edtotta Nationalmannschaft a 2014-es, gy\u0151zelemmel z\u00e1rult vil\u00e1gbajnoks\u00e1gon \u00e9s a 2016-os, el\u0151d\u00f6nt\u0151ben \u201er\u00f6vidre z\u00e1rt\u201d Eb-n 13 m\u00e9rk\u0151z\u00e9s\u00e9b\u0151l nyolcszor nem kapott g\u00f3lt. Azonban m\u00e9g 2016-ban elkezd\u0151d\u00f6tt egy olyan sorozat, amely most is tart:\r\n\r\n<span class=\"highlight-block\">a n\u00e9metek egym\u00e1s ut\u00e1n 10. meccs\u00fck\u00f6n kaptak g\u00f3lt vagy g\u00f3lokat nagy torn\u00e1n. <\/span>\r\n\r\n\u00dagy neh\u00e9z el\u0151re jutni, ha a v\u00e9delem lyukas, t\u00e1mad\u00e1sban meg t\u00e9kozl\u00f3 a csapat.\r\n\r\n<strong>40 \u2013 MEXIK\u00d3I \u00c9S BRAZIL EGY AZ EGYEZ\u00c9S\/CSEL.<\/strong> A legt\u00f6bb egy az egy elleni p\u00e1rharcot, illetve cselk\u00eds\u00e9rletet Mexik\u00f3 \u00e9s Braz\u00edlia v\u00e1llalta az els\u0151 k\u00f6rben, el\u00e9rve a negyvenes hat\u00e1rt (Braz\u00edlia 62,5, Mexik\u00f3 52,5 sz\u00e1zal\u00e9kos hat\u00e9konys\u00e1ggal dolgozott). Ez m\u00e9g nem is meglep\u0151, az sem, hogy az ausztr\u00e1lok (10) pr\u00f3b\u00e1ltak meg a legkevesebbszer egy az egyezni vagy cselezni, viszont az m\u00e1r igen, hogy a belg\u00e1k (!) is 10-n\u00e9l \u00e1lltak meg, ami t\u0151l\u00fck el\u00e9g v\u00e1nyadt.\r\n\r\n<strong>1003 \u2013 J\u00d3 SPANYOL PASSZ.<\/strong> A FIFA statisztik\u00e1ja szerint a spanyol v\u00e1logatott 1061 passzk\u00eds\u00e9rletet hajtott v\u00e9gre Costa Rica ellen, \u00e9s 1003-szor saj\u00e1t emberhez is juttatta a labd\u00e1t. Szer\u00e9ny 95 sz\u00e1zal\u00e9kos hat\u00e9konys\u00e1g ez \u2013 Ir\u00e1n, Costa Rica, Sza\u00fad-Ar\u00e1bia, Jap\u00e1n \u00e9s Lengyelorsz\u00e1g egy\u00fcttv\u00e9ve nem adott annyi j\u00f3 passzt, mint<strong> Luis Enrique<\/strong> egy\u00fcttese! A spanyolok n\u00e9gy \u00e9ve is \u00e9len j\u00e1rtak a passzstatisztik\u00e1ban, \u00e1m akkor t\u00f6bbsz\u00f6r teljesen medd\u0151nek bizonyult a f\u00f6l\u00e9ny\u00fck (p\u00e9ld\u00e1ul az oroszok elleni, kies\u00e9s\u00fcket hoz\u00f3 meccsen), most viszont a rengeteg \u00e1tad\u00e1s mell\u00e9 h\u00e9t g\u00f3lt is ber\u00e1moltak Costa Ric\u00e1nak.\r\n\r\n[prefabricated_shortcode in_app=\"0\" code=\"%3Cdiv%20class%3D%22article_box_border%22%20style%3D%22background%3A%20url%28%27https%3A%2F%2F24.p3k.hu%2Fapp%2Fuploads%2Fsites%2F24%2F2021%2F05%2Fsport24-pattern.png%27%29%20no-repeat%20left%20-16px%20%23f3f3f4%3B%20border%3A%20none%3B%22%3E%0D%0A%3Cdiv%20class%3D%22article_solidheader%22%3E%0D%0A%3Ch2%20style%3D%22color%3A%20%23111115%21important%3B%20font-size%3A%2036px%3B%20font-weight%3A%20bold%3B%20margin-bottom%3A%2030px%3B%20margin-top%3A%2020px%3B%20text-align%3A%20center%3B%20line-height%3A%2036px%3B%22%3E%3Cimg%20class%3D%22aligncenter%20size-full%20wp-image-141%22%20src%3D%22https%3A%2F%2F24.p3k.hu%2Fapp%2Fuploads%2Fsites%2F24%2F2021%2F05%2Fs24-logo-dt.png%22%20alt%3D%22%22%20width%3D%22408%22%20height%3D%2290%22%20%2F%3E%3C%2Fh2%3E%0D%0A%3Ch2%20style%3D%22color%3A%20%23111115%21important%3B%20font-size%3A%2036px%3B%20font-weight%3A%20bold%3B%20margin-bottom%3A%2030px%3B%20margin-top%3A%2020px%3B%20text-align%3A%20center%3B%20line-height%3A%2040px%3B%22%3ECsatlakozz%20a%20Sport24%20k%C3%B6z%C3%B6ss%C3%A9ghez%2C%20mondd%20el%20v%C3%A9lem%C3%A9nyedet%20z%C3%A1rt%20Facebook-csoportunkban%2C%20%C3%A9s%20vegy%C3%A9l%20r%C3%A9szt%20csak%20el%C5%91fizet%C5%91knek%20el%C3%A9rhet%C5%91%20exkluz%C3%ADv%20esem%C3%A9nyeinken.%3C%2Fh2%3E%0D%0A%3C%2Fdiv%3E%0D%0A%3Cp%20style%3D%22background%3A%20%2357A600%3B%20margin-top%3A%2020px%3B%20padding%3A%2020px%3B%20text-align%3A%20center%3B%22%3E%3Ca%20style%3D%22color%3A%20%23ffffff%3B%20font-size%3A%2026px%3B%20font-weight%3A%20600%3B%22%20href%3D%22https%3A%2F%2Fwww.facebook.com%2Fgroups%2F212344460412327%22%3ECSATLAKOZOM%3C%2Fa%3E%3C%2Fp%3E%0D%0A%0D%0A%3C%2Fdiv%3E\"]","type":"rich","thumbnail_url":"https:\/\/s.24.hu\/app\/uploads\/sites\/24\/2022\/11\/gettyimages-1245002003-masolat-150x150.jpg","thumbnail_width":150,"thumbnail_height":150}