{"version":"1.0","provider_name":"Sport24","provider_url":"https:\/\/sport24.24.hu","author_name":"Bruckner G\u00e1bor","author_url":"https:\/\/sport24.24.hu\/author\/brucknerg\/","title":"Katar 0, Sza\u00fad-Ar\u00e1bia 100 \u2013 az argentinver\u0151 szomsz\u00e9dra csak irigykedhetnek a h\u00e1zigazd\u00e1k","html":"Minden hazai szurkol\u00f3 jobb j\u00e1t\u00e9kra sz\u00e1m\u00edtott ann\u00e1l, amit Katar ny\u00fajtott a 2022-es vil\u00e1gbajnoks\u00e1g nyit\u00f3m\u00e9rk\u0151z\u00e9s\u00e9n. A h\u00f3napokig egy\u00fctt k\u00e9sz\u00fcl\u0151, edz\u0151t\u00e1borr\u00f3l edz\u0151t\u00e1borra j\u00e1r\u00f3 h\u00e1zigazd\u00e1t az els\u0151 f\u00e9lid\u0151ben lemosta Ecuador (0-2 volt, de 0-4 \u00e9pp\u00fagy lehetett volna), amely a m\u00e1sodik f\u00e9lid\u0151ben m\u00e1r sem a futballt, sem a g\u00f3lszerz\u00e9st nem er\u0151ltette. Katar j\u00f3form\u00e1n helyzetbe is alig ker\u00fclt, nem volt kaput eltal\u00e1l\u00f3 k\u00eds\u00e9rlete \u00e9s az els\u0151 f\u00e9lid\u0151 r\u00e1ad\u00e1s\u00e1nak utols\u00f3 perc\u00e9ig labda\u00e9rint\u00e9se sem az ecuadori tizenhatoson bel\u00fcl.\r\n\r\n<strong>F\u00e9lix S\u00e1nchez<\/strong> v\u00e1logatottja mun\u00edci\u00f3t adott azoknak, akik \u00fagy v\u00e9lekedtek,\r\n\r\n<span class=\"highlight-block\">Katar a valaha volt leggyeng\u00e9bb vb-h\u00e1zigazda, <\/span>\r\n\r\n\u00e9s saj\u00e1t erej\u00e9b\u0151l nem jutott volna el a torn\u00e1ra. A stadion lel\u00e1t\u00f3ir\u00f3l a nyit\u00f3m\u00e9rk\u0151z\u00e9s v\u00e9g\u00e9re ezr\u00e9vel elt\u00fcnedez\u0151 drukkerek pedig azt c\u00e1folt\u00e1k, hogy ez egy futball\u0151r\u00fclt orsz\u00e1g. A nyit\u00f3m\u00e9rk\u0151z\u00e9s csak n\u00f6velte a katari torn\u00e1val kapcsolatos k\u00e9rd\u0151jelek sz\u00e1m\u00e1t, \u00e9s a h\u00e1zigazd\u00e1nak nagyon sokat kellene javulnia ahhoz, hogy ak\u00e1r Szeneg\u00e1lnak, ak\u00e1r Hollandi\u00e1nak m\u00e9lt\u00f3 ellenfele legyen.\r\n\r\n[caption id=\"attachment_6609\" align=\"aligncenter\" width=\"5287\"]<img class=\"size-full wp-image-6609\" src=\"https:\/\/sport24.24.hu\/app\/uploads\/sites\/24\/2022\/11\/gettyimages-1244981794.jpg\" alt=\"\" width=\"5287\" height=\"3525\" \/> A megnyit\u00f3 a Katar\u2013Ecuador m\u00e9rk\u0151z\u00e9s el\u0151tt.[\/caption]\r\n\r\n\u00d3ri\u00e1si csal\u00f3d\u00e1s lehetett a katariaknak a m\u00e9rk\u0151z\u00e9s, \u00e9s tal\u00e1n m\u00e9g fokozta is ezt, hogy a region\u00e1lis riv\u00e1lis sza\u00fadiak mindent megval\u00f3s\u00edtottak Argent\u00edna ellen, amit nekik nem siker\u00fclt. A kis Katar hatalmas szomsz\u00e9dja az \u00e1zsiai arab v\u00e1logatottak legnagyobb vb-diadal\u00e1t aratta Messi\u00e9k ellen. Katar \u00e9s Sza\u00fad-Ar\u00e1bia hasonl\u00f3an k\u00e9sz\u00fclt fel, mindk\u00e9t csapat kiz\u00e1r\u00f3lag hazai j\u00e1t\u00e9kosokra \u00e9p\u00edtett, de a p\u00e1ly\u00e1n \u00f3ri\u00e1sinak t\u0171nt a szintk\u00fcl\u00f6nbs\u00e9g a k\u00e9t egy\u00fcttes k\u00f6z\u00f6tt arr\u00f3l nem is besz\u00e9lve, hogy a fanatikus sza\u00fadi drukkerek j\u00f3val fergetegesebb hangulatot teremtettek, mint a rendez\u0151 szurkol\u00f3i. Katar (majd Ir\u00e1n) teljes\u00edtm\u00e9nye nem mutatta j\u00f3 f\u00e9nyben az \u00e1zsiai z\u00f3na (AFC) csapatait, Sza\u00fad-Ar\u00e1bia v\u00e1ratlan sikere viszont felcsillantotta a t\u00e9rs\u00e9gben rejl\u0151 potenci\u00e1lt.\r\n<h2>Megk\u00e9sett fejl\u0151d\u00e9s<\/h2>\r\nKatarban csak az 1940-es \u00e9vek v\u00e9g\u00e9n kezdett elterjedni a labdar\u00fag\u00e1s. 1963 \u00f3ta van (eleinte nem hivatalos) bajnoks\u00e1g, a v\u00e1logatott 1970. m\u00e1rcius 27-\u00e9n j\u00e1tszotta le els\u0151 m\u00e9rk\u0151z\u00e9s\u00e9t, \u00edgy a most r\u00e9sztvev\u0151 32 nemzeti csapat k\u00f6z\u00fcl a \u201elegfiatalabb\u201d. Braz\u00edlia arra k\u00e9sz\u00fclt ekkor, hogy harmadszor is elh\u00f3d\u00edtsa a Rimet Kup\u00e1t, k\u00e9t \u00e9vvel k\u00e9s\u0151bb \u00fcnnepelt\u00e9k a labdar\u00fag\u00f3-t\u00f6rt\u00e9nelem els\u0151 v\u00e1logatott m\u00e9rk\u0151z\u00e9s\u00e9nek (1872, Sk\u00f3cia\u2013Anglia) centen\u00e1rium\u00e1t.\r\n<div class=\"payable-content-section\"><\/div>\r\n<span class=\"highlight-block-small\">Az \u00e1zsiai z\u00f3n\u00e1ba tartoz\u00f3 arab v\u00e1logatottak \u2013 melyek a WAFF, azaz a Nyugat-\u00e1zsiai Labdar\u00fag\u00f3 Sz\u00f6vets\u00e9g \u00e9gisze alatt szerepelnek region\u00e1lis szinten \u2013 szinte mind k\u00e9s\u0151n \u00e9rkeztek a nemzetk\u00f6zi futball\u00e9letbe. <\/span>\r\n\r\nAz 1934-es \u00e9s 1938-as v\u00e9b\u00e9 selejtez\u0151in ugyan elindult Palesztina, \u00e1m a v\u00e1logatott kezdetben szinte kiz\u00e1r\u00f3lag, majd kiz\u00e1r\u00f3lag izraeli j\u00e1t\u00e9kosokb\u00f3l \u00e1llt (a palesztinai arabok bojkott\u00e1lt\u00e1k a csapatot). Sz\u00edria az \u00f6tvenes \u00e9vekben jelent meg a sz\u00ednen, de er\u0151s nyugat-\u00e1zsiai kontingens el\u0151sz\u00f6r csak az 1978-as vil\u00e1gbajnoks\u00e1g selejtez\u0151in indult. Hogy az \u00e9szak-afrikai arab v\u00e1logatottak hol tartottak? Egyiptom 1934-ben deb\u00fct\u00e1lt a v\u00e9b\u00e9n, Marokk\u00f3 1970-ben l\u00e9pett ki a nagysz\u00ednpadra, 1978-ban Tun\u00e9zia pedig Afrika \u00e9s az arab t\u00e9rs\u00e9g els\u0151 vil\u00e1gbajnoki siker\u00e9t sz\u00e1ll\u00edtotta a Mexik\u00f3 elleni gy\u0151zelemmel. N\u00e9gy \u00e9vvel k\u00e9s\u0151bb Alg\u00e9ria legy\u0151zte az NSZK-t, nyolc \u00e9vvel k\u00e9s\u0151bb Marokk\u00f3 vb-nyolcadd\u00f6nt\u0151be jutott.\r\n\r\nA lemarad\u00e1s a t\u00f6bbi \u00e1zsiai riv\u00e1lissal szemben is l\u00e1that\u00f3 volt. Indon\u00e9zia (Holland Kelet-India n\u00e9ven) 1938-ban deb\u00fct\u00e1lt a vil\u00e1gbajnoks\u00e1gon, India 1950-ben kijutott, \u00e1m a k\u00f6lts\u00e9gek \u00e9s a k\u00f6zelg\u0151 1952-es olimpia miatt nem v\u00e1llalta a szerepl\u00e9st. D\u00e9l-Korea 1954-ben mutatkozott be, \u00c9szak-Korea pedig 12 \u00e9vvel k\u00e9s\u0151bb \u00f3ri\u00e1si szenz\u00e1ci\u00f3t okozott azzal, hogy legy\u0151zte Olaszorsz\u00e1got \u00e9s bejutott a negyedd\u00f6nt\u0151be, amelyben h\u00e1romg\u00f3los el\u0151nyt t\u00e9kozolt el az <strong>Eus\u00e9bio<\/strong> vezette portug\u00e1lokkal szemben. A ma m\u00e1r az eur\u00f3pai z\u00f3n\u00e1ban szerepl\u0151 Izrael 1970-ben k\u00e9pviselte \u00c1zsi\u00e1t a v\u00e9b\u00e9n, Ir\u00e1n 1978-ban mutatta meg tud\u00e1s\u00e1t.\r\n\r\nAz els\u0151 \u201efecske\u201d 1982-ben Kuvait volt, \u00e9s az\u00f3ta \u00e1lland\u00f3 k\u00e9pviselete van az \u00e1zsiai arab \u00e1llamoknak a vil\u00e1gbajnoki mez\u0151nyben. K\u00f6vetkezett Irak (1986), az Egyes\u00fclt Arab Em\u00edrs\u00e9gek (1990), Sza\u00fad-Ar\u00e1bia (1994, 1998, 2002, 2006, 2018, 2022), v\u00e9g\u00fcl Katar (2022, rendez\u0151k\u00e9nt nem kellett selejtez\u0151ket j\u00e1tszania). Az eddigi 43 \u00e1zsiai vb-szerepl\u00e9sb\u0151l csak 10 k\u00f6t\u0151dik arab orsz\u00e1ghoz, \u00e9s egyed\u00fcl Sza\u00fad-Ar\u00e1bia lett rendszeres vend\u00e9g a vil\u00e1g legnagyobb v\u00e1logatott labdar\u00fag\u00f3torn\u00e1j\u00e1n.\r\n\r\nAz \u00e1zsiai arab v\u00e1logatottak eddigi vb-szerepl\u00e9se nem volt diadalmenet. Egyetlen tov\u00e1bbjut\u00f3juk Sza\u00fad-Ar\u00e1bia, amely (tal\u00e1n az ismeretlens\u00e9g erej\u00e9t is kihaszn\u00e1lva) 1994-ben brav\u00farosan szerepelt, legy\u0151zte Marokk\u00f3t \u00e9s Belgiumot, majd a nyolcadd\u00f6nt\u0151ben b\u00facs\u00fazott Sv\u00e9dorsz\u00e1g ellen. A meglepet\u00e9scsapat t\u00f6bb kulcsj\u00e1t\u00e9kosa \u2013 mint a remekl\u0151 <strong>Fuad Amin<\/strong> vagy a kontinens valaha volt egyik legjobb kapusa, <strong>Mohamed al-Daia<\/strong> \u2013 kor\u00e1bban U16-os vil\u00e1gbajnoks\u00e1got nyert. Ett\u0151l eltekintve a r\u00e9gi\u00f3 csapatainak szerepl\u00e9se gyeng\u00e9cske: a 2022-es torna el\u0151tt 3 gy\u0151zelem, 3 d\u00f6ntetlen, 19 veres\u00e9g volt a m\u00e9rleg, a g\u00f3lk\u00fcl\u00f6nbs\u00e9g 16\u201360. A sza\u00fadiakon k\u00edv\u00fcl senki sem tudott meccset nyerni a vb-n.\r\n\r\nhttps:\/\/twitter.com\/fifacom\/status\/1277520251119374336\r\n\r\nPedig kontinent\u00e1lis szinten a nyugat-\u00e1zsiai csapatok j\u00f3l teljes\u00edtenek. 1985 \u00e9s 2021 k\u00f6z\u00f6tt az arab klubcsapatok kilencszer h\u00f3d\u00edtott\u00e1k el az \u00e1zsiai tr\u00f3nt (a sza\u00fadi v\u00e1logatott gerinc\u00e9t ad\u00f3 al-Hilal n\u00e9gy siker\u00e9vel \u00e9s n\u00e9gy vesztett d\u00f6nt\u0151j\u00e9vel a legeredm\u00e9nyesebb klub mind k\u00f6z\u00f6tt), az \u00c1zsia Kup\u00e1t pedig Sza\u00fad-Ar\u00e1bia h\u00e1romszor, Kuvait, Irak \u00e9s Katar egyszer-egyszer nyerte meg. Az arab csapatok 6 v\u00e9gs\u0151 gy\u0151zelme ugyanannyi, mint amit a T\u00e1vol-Kelet k\u00e9t vezet\u0151 futballhatalma, Jap\u00e1n (4) \u00e9s D\u00e9l-Korea (2) aratott. Sza\u00fadi, katari, arab em\u00edrs\u00e9gekbeli, iraki \u00e9s sz\u00edriai j\u00e1t\u00e9kos is nyert m\u00e1r kontinent\u00e1lis egy\u00e9ni d\u00edjat (AFC \u00c9v J\u00e1t\u00e9kosa). Sza\u00fad-Ar\u00e1bia teljes joggal tartja mag\u00e1t kontinent\u00e1lis futballhatalomnak, de ezt a vb nagysz\u00ednpad\u00e1n az 1994-es kiv\u00e9telt\u0151l eltekintve eddig nem tudta bizony\u00edtani.\r\n\r\nHa \u00f6sszevetj\u00fck a t\u00e1vol-keleti csapatok \u00e9s a nyugat-\u00e1zsiai arab v\u00e1logatottak vil\u00e1gbajnoki szerepl\u00e9s\u00e9t, akkor az el\u0151bbiek j\u00f6nnek ki jobban az \u00f6sszehasonl\u00edt\u00e1sb\u00f3l. A t\u00e1vol-keletiek (s\u0151t Ir\u00e1n) pont\u00e1tlaga is jobb a v\u00e9b\u00e9ken, s m\u00edg az arab orsz\u00e1gok Sza\u00fad-Ar\u00e1bia egyetlen tov\u00e1bbjut\u00e1s\u00e1t tudj\u00e1k felmutatni, t\u00e1vol-keleti riv\u00e1lisaik k\u00f6z\u00fcl \u00c9szak-Korea (1), D\u00e9l-Korea (2, benne egy el\u0151d\u00f6nt\u0151) \u00e9s Jap\u00e1n (3) is tov\u00e1bb tudott m\u00e1r jutni a csoportk\u00f6rb\u0151l.\r\n\r\n<iframe class=\"flourish-embed-iframe\" style=\"width: 100%;height: 600px\" title=\"Interactive or visual content\" src=\"https:\/\/flo.uri.sh\/visualisation\/11894855\/embed\" frameborder=\"0\" scrolling=\"no\"><\/iframe>\r\n<div style=\"width: 100%!;margin-top: 4px!important;text-align: right!important\"><a class=\"flourish-credit\" style=\"text-decoration: none!important\" href=\"https:\/\/public.flourish.studio\/visualisation\/11894855\/?utm_source=embed&amp;utm_campaign=visualisation\/11894855\" target=\"_top\" rel=\"noopener\"><img style=\"width: 105px!important;height: 16px!important;border: none!important;margin: 0!important\" src=\"https:\/\/public.flourish.studio\/resources\/made_with_flourish.svg\" alt=\"Made with Flourish\" \/> <\/a><\/div>\r\n<h2>V\u00e9rkering\u00e9sen k\u00edv\u00fcl<\/h2>\r\nHa meg akarjuk fejteni a legnagyobb sz\u00ednpadon mutatott teljes\u00edtm\u00e9nyk\u00fcl\u00f6nbs\u00e9g okait, akkor k\u00e9t felt\u00e9telez\u00e9sre juthatunk. Az egyik: a jap\u00e1n\u2013d\u00e9l-koreai, k\u00f6z\u00f6s rendez\u00e9s\u0171 vil\u00e1gbajnoks\u00e1g t\u00e9nyleg \u201emegl\u00f6kte\u201d a t\u00e1vol-keleti futballhatalmakat, olyannyira, hogy azok kor\u00e1bbi statisztaszerep\u00fckb\u0151l a mez\u0151ny egyenrang\u00fa tagjaiv\u00e1 v\u00e1ltak.\r\n\r\nA m\u00e1sik:\r\n\r\n<span class=\"highlight-block-small\">m\u00edg a meghat\u00e1roz\u00f3 \u00e1zsiai orsz\u00e1gok k\u00f6z\u00fcl Jap\u00e1n \u00e9s D\u00e9l-Korea, valamint Ir\u00e1n szerves r\u00e9sze a globaliz\u00e1lt futball v\u00e9rkering\u00e9s\u00e9nek, a nyugat-\u00e1zsiai arab \u00e1llamokra ez nem igaz. <\/span>\r\n\r\nKatar \u00e9s Sza\u00fad-Ar\u00e1bia kiz\u00e1r\u00f3lag otthon futballoz\u00f3 j\u00e1t\u00e9kosokat nevezett a 2022-es vil\u00e1gbajnoks\u00e1gra (a katariakn\u00e1l gyakorlatilag k\u00f6telez\u0151 volt otthon maradni, illetve hazaj\u00f6nni); de az Egyes\u00fclt Arab Em\u00edrs\u00e9gek, Bahrein, Om\u00e1n vagy Kuvait jelenlegi kerete is csak otthon vagy m\u00e1s \u00e1zsiai arab orsz\u00e1gokban j\u00e1tsz\u00f3 labdar\u00fag\u00f3kb\u00f3l \u00e1ll. A h\u00e1nyattatott sors\u00fa, jelent\u0151s diaszp\u00f3r\u00e1j\u00fa orsz\u00e1gok (mint Irak vagy Sz\u00edria) v\u00e1logatottjaiban viszont j\u00f3 p\u00e1r kalandoz\u00f3 l\u00e9gi\u00f3st tal\u00e1lunk. A 2018-as vb el\u0151tt a sza\u00fadiak egy <a href=\"https:\/\/www.laliga.com\/en-GB\/news\/saudi-arabia-general-sports-authority-and-saudi-arabian-football-federation-announce-next-steps-in-laliga-partnership-to-grow-football-in-saudi-arabia\" target=\"_blank\" rel=\"noopener\">ligak\u00f6zi megegyez\u00e9s keret\u00e9ben<\/a> kilenc j\u00e1t\u00e9kosukat Spanyolorsz\u00e1gba k\u00fcldt\u00e9k f\u00e9l \u00e9vre; hatan alacsonyabb oszt\u00e1ly\u00fa klubokhoz ker\u00fcltek, h\u00e1rman a La Lig\u00e1ba. Kilencen egy\u00fcttv\u00e9ve h\u00e1rom bajnokit j\u00e1tszottak, majd mindenki hazat\u00e9rt \u2013 aligha lehetett m\u00e1st v\u00e1rni, hiszen a j\u00e1t\u00e9kosoknak j\u00f3form\u00e1n beilleszkedni sem volt idej\u00fck.\r\n\r\nA globaliz\u00e1lt futballv\u00e9rkering\u00e9sb\u0151l kimaradni ma versenyh\u00e1tr\u00e1nyt jelent. A r\u00e9gi\u00f3nak nincsenek vil\u00e1gszt\u00e1rjai, nem \u00fagy, mint a T\u00e1vol-Keletnek. M\u00edg <strong>Pak Dzsi Szung, Szon Hung Min, Honda Keiszuke<\/strong> vagy <strong>Nakata Hidetosi<\/strong> vil\u00e1gszerte ismert j\u00e1t\u00e9koss\u00e1 v\u00e1lt, a sza\u00fadi legenda <strong>Szami al-Dzsaber<\/strong> csup\u00e1n n\u00e9gy, Angli\u00e1ban lej\u00e1tszott bajnoki m\u00e9rk\u0151z\u00e9sig jutott a Wolverhampton sz\u00edneiben.\r\n<blockquote>Ha a sza\u00fadiak j\u00f3 futballist\u00e1kat akarnak, akkor el kell engedj\u00e9k \u0151ket k\u00fclf\u00f6ldre<\/blockquote>\r\n\u2013 <a href=\"https:\/\/www.theguardian.com\/football\/2002\/jun\/09\/worldcupfootball2002.sport28\" target=\"_blank\" rel=\"noopener\">mutatott r\u00e1<\/a> a probl\u00e9m\u00e1ra m\u00e1r h\u00fasz \u00e9ve al-Dzsaber.\r\n\r\nAz <a href=\"https:\/\/www.linkedin.com\/pulse\/what-legacy-left-behind-fifa-world-cup-qatar-2022-lttsports\" target=\"_blank\" rel=\"noopener\">LTT Sports tanulm\u00e1nya<\/a> szerint a 2022-es vil\u00e1gbajnoks\u00e1gon r\u00e9sztvev\u0151 j\u00e1t\u00e9kosok k\u00f6zel h\u00e1romnegyede (73 sz\u00e1zal\u00e9ka) Eur\u00f3p\u00e1ban futballozik, a kerettagok fele pedig az \u00f6t toplig\u00e1ban. Hatalmas er\u0151- \u00e9s tehets\u00e9gkoncentr\u00e1ci\u00f3 ez \u2013 ebb\u0151l maradnak ki az \u00e1zsiai arab v\u00e1logatottak, hiszen sem a katari, sem a sza\u00fadi keretben nincsen l\u00e9gi\u00f3s. A FIFA t\u00edz\u00e9ves, a vil\u00e1g nemzetk\u00f6zi transzfereit vizsg\u00e1l\u00f3 anyag\u00e1ban Sza\u00fad-Ar\u00e1bia, Katar \u00e9s az Egyes\u00fclt Arab Em\u00edrs\u00e9gek is az er\u0151sen negat\u00edv \u00e1tigazol\u00e1si m\u00e9rleg\u0171 orsz\u00e1gok list\u00e1j\u00e1n az \u00e9lmez\u0151ny k\u00f6zel\u00e9ben tal\u00e1lhat\u00f3 (a 7., a 9. \u00e9s a 11. helyen), mivel jelent\u0151s p\u00e9nz\u00e9rt folytat j\u00e1t\u00e9kosimportot, \u00e1m kifel\u00e9 szinte kiz\u00e1r\u00f3lag a l\u00e9gi\u00f3sok mozognak, a hazai j\u00e1t\u00e9kosok nem. Az \u00e1zsiai riv\u00e1lisok k\u00f6z\u00fcl Jap\u00e1n \u00e9s D\u00e9l-Korea a j\u00e1t\u00e9kosexport\u0151r\u00f6k k\u00f6z\u00f6tt van, s ennek megfelel\u0151 \u00e1tigazol\u00e1si d\u00edjakat is szed be. Ir\u00e1n eset\u00e9ben szint\u00e9n j\u00e1t\u00e9kos-ki\u00e1raml\u00e1sr\u00f3l besz\u00e9lhet\u00fcnk.\r\n\r\nLehet vil\u00e1gsz\u00ednvonal\u00fa infrastrukt\u00far\u00e1t kialak\u00edtani (ezzel nincs gond), \u00e9s lehet tud\u00e1st import\u00e1lni (ezzel sincs; magas szint\u0171 edz\u0151k, sporttudom\u00e1nyos szakemberek \u00e9s j\u00e1t\u00e9kosok sora szerz\u0151dik az Arab-f\u00e9lsziget nagy bajnoks\u00e1gaiba), de a j\u00e1t\u00e9k sz\u00ednvonala, a keretbe \u00e9s a p\u00e1ly\u00e1ra ker\u00fcl\u00e9s\u00e9rt folytatott harc intenzit\u00e1sa nem ugyanaz, mint az eur\u00f3pai elitben. A d\u00e9l-koreai vb-keretben nyolc, Eur\u00f3p\u00e1ban l\u00e9gi\u00f3skod\u00f3 futballista van. Az ir\u00e1niban 13, a jap\u00e1nban 19, a szint\u00e9n az \u00e1zsiai z\u00f3n\u00e1ban j\u00e1tsz\u00f3 ausztr\u00e1lok\u00e9ban 15. Katar \u00e9s Sza\u00fad-Ar\u00e1bia eset\u00e9ben a sz\u00e1m 0.\r\n\r\n\u201eTetszik-e vagy sem, de Eur\u00f3pa toplig\u00e1iba gy\u0171lnek a legjobb j\u00e1t\u00e9kosok szerte a vil\u00e1gb\u00f3l. Ott van a p\u00e9nz, ott vannak a nagy szurkol\u00f3i t\u00f6megek. Elker\u00fclhetetlen, hogy mindenfel\u0151l idev\u00e1ndoroljanak a j\u00e1t\u00e9kosok, akik azt\u00e1n felbecs\u00fclhetetlen \u00e9rt\u00e9k\u0171 tapasztalatokat visznek haza a v\u00e1logatottjukhoz. Jap\u00e1n, Ausztr\u00e1lia \u00e9s m\u00e9g Ir\u00e1n is b\u0151ven profit\u00e1l ebb\u0151l. De ha olyan orsz\u00e1gokra gondolunk, mint az Egyes\u00fclt Arab Em\u00edrs\u00e9gek \u00e9s Sza\u00fad-Ar\u00e1bia, akkor l\u00e1tjuk, hogy\r\n\r\n<span class=\"highlight-block\">minden j\u00e1t\u00e9kosuk otthon marad. <\/span>\r\n\r\nM\u00e1rpedig am\u00edg a nyugat-\u00e1zsiai j\u00e1t\u00e9kosok nem k\u00f3stolnak bele a legmagasabb szint\u0171 futballba, addig fennmarad a probl\u00e9ma\u201d \u2013 <a href=\"https:\/\/www.arabnews.com\/node\/1407571\/sport\" target=\"_blank\" rel=\"noopener\">v\u00e9lekedett a 2018-as v\u00e9b\u00e9 ut\u00e1n<\/a> <strong>Andy Roxburgh<\/strong>, az \u00e1zsiai sz\u00f6vets\u00e9g technikai igazgat\u00f3ja.\r\n<h2>Komfortz\u00f3n\u00e1n bel\u00fcl<\/h2>\r\nP\u00e9lda lehetne a fentiekre <strong>Omar Abdulrahman<\/strong>. Az EAE v\u00e1logatottj\u00e1nak csillog\u00f3 tehets\u00e9g\u0171 ir\u00e1ny\u00edt\u00f3ja k\u00e9pess\u00e9gei alapj\u00e1n bef\u00e9rhetett volna egy toplig\u00e1s vagy topliga k\u00f6zeli csapatba. Aki l\u00e1tta a bongyor haj\u00fa t\u00e1mad\u00f3 k\u00f6z\u00e9pp\u00e1ly\u00e1st var\u00e1zsolni az \u00c1zsia Kup\u00e1n, meger\u0151s\u00edtheti ezt. Xavi \u201enagyon j\u00f3 j\u00e1t\u00e9kosnak, nagy talentumnak\u201d nevezte, akinek k\u00fclf\u00f6ldre kellett volna mennie. Abdulrahmant nagy klubok cs\u00e1b\u00edtott\u00e1k, a Manchester Cityn\u00e9l m\u00e9g pr\u00f3baj\u00e1t\u00e9kon is szerepelt, \u00e1m egyr\u00e9szt gondok voltak a munkav\u00e1llal\u00e1si enged\u00e9ly\u00e9vel, m\u00e1sr\u00e9szt nem akart k\u00f6lcs\u00f6nbe menni m\u00e1s orsz\u00e1gba. Az \u00fczletb\u0151l semmi sem lett, \u00e9s Abdulrahmant k\u00e9s\u0151bb hi\u00e1ba h\u00edvt\u00e1k, klubja elutas\u00edtotta az aj\u00e1nlatokat, \u00e9s tal\u00e1n m\u00e1r \u0151 sem akart mindenk\u00e9pp k\u00fclf\u00f6ldre szerz\u0151dni.\r\n\r\n\u00dcnnepelt szt\u00e1rk\u00e9nt, gazdagon \u00e9lhetett az ismer\u0151s k\u00f6zegben, de ha Eur\u00f3p\u00e1ba ment volna, akkor egy mezei j\u00e1t\u00e9kos lett volna; egy a kezd\u0151 tizenegybe ker\u00fcl\u00e9s\u00e9rt k\u0151kem\u00e9ny harcot folytat\u00f3 huszon\u00f6tb\u0151l, idegen k\u00f6rnyezetben, r\u00e1ad\u00e1sul kevesebb p\u00e9nz\u00e9rt kellett volna al\u00e1\u00edrnia. Otthon maradt, s\u00e9r\u00fcl\u00e9sek gy\u00f6t\u00f6rt\u00e9k, \u00e9s le\u00e9p\u00fclt \u2013 b\u00e1rmilyen nagyszer\u0171 futballista, az ut\u00f3bbi \u00e9vekben m\u00e1r a v\u00e1logatottn\u00e1l sem veszik sz\u00e1m\u00edt\u00e1sba.\r\n\r\nDe eml\u00edthetn\u00e9nk a katari csat\u00e1rszt\u00e1r <strong>Almoez Alit<\/strong> is, aki ugyan l\u00e9gi\u00f3skodott Eur\u00f3p\u00e1ban (az osztr\u00e1k Paschingban \u00e9s LASK-ban, valamint a katari k\u00e9zben lev\u0151 belga Eupenben \u00e9s a spanyol Leones\u00e1ban), de 2016-ban hazat\u00e9rt, \u00e9s az\u00f3ta is az al-Duhailban j\u00e1tszik. \u00c1ll\u00edt\u00f3lag nagy csapatok (AC Milan, Tottenham) is figyelt\u00e9k, \u00e1m 26 \u00e9vesen m\u00e9g mindig otthon szerepel (illetve kell szerepelnie). A katariak \u00e1ltal Eur\u00f3p\u00e1ba nyitott csatorn\u00e1k (f\u0151leg az eml\u00edtett Eupen) ink\u00e1bb a dohai Aspire akad\u00e9mi\u00e1r\u00f3l kiker\u00fcl\u0151 afrikai tehets\u00e9geknek, s nem a vb-rendez\u0151 j\u00e1t\u00e9kosainak jelentettek felhajt\u00f3t az eur\u00f3pai topfutball orsz\u00e1g\u00fatj\u00e1ra.\r\n\r\n<span class=\"highlight-block-small\">A nyugat-\u00e1zsiai topklubok er\u0151sen protekcionista viselked\u00e9se, az ismer\u0151s kult\u00far\u00e1ban, a komfortz\u00f3n\u00e1ban marad\u00e1s ig\u00e9nye \u00e9s a magas fizet\u00e9sek egyar\u00e1nt szerepet j\u00e1tszanak abban, hogy a katari, sza\u00fadi vagy arab em\u00edrs\u00e9gekbeli j\u00e1t\u00e9kosokb\u00f3l nem lesznek l\u00e9gi\u00f3sok \u2013 vagy ha orsz\u00e1got v\u00e1ltanak, akkor is egy m\u00e1sik arab \u00e1llam az \u00fati c\u00e9ljuk.<\/span>\r\n\r\n\u201eA sza\u00fadi j\u00e1t\u00e9kosok az\u00e9rt nem igazolnak k\u00fclf\u00f6ldre, mert a legjobbak k\u00f6z\u00fcl\u00fck nagyon, nagyon b\u0151kez\u0171 szerz\u0151d\u00e9seket kapnak a hazai klubokt\u00f3l. Mindig nagy a harc a klubok k\u00f6z\u00f6tt a legjobb sza\u00fadi j\u00e1t\u00e9kosok\u00e9rt, sz\u00f3val nagyon magas aj\u00e1nlatok futnak be \u00e9rt\u00fck\u201d \u2013 magyar\u00e1zta <a href=\"https:\/\/theathletic.com\/3669114\/2022\/11\/21\/world-cup-saudi-arabia\/\" target=\"_blank\" rel=\"noopener\">a The Athleticnek<\/a> <strong>Jasszer al-Miszehal<\/strong>, a sza\u00fadi sz\u00f6vets\u00e9g eln\u00f6ke. A l\u00e9gi\u00f3skorl\u00e1toz\u00e1s a kiemelked\u0151 k\u00e9pess\u00e9g\u0171 hazai futballist\u00e1k \u00e1r\u00e1t \u00e9s fizet\u00e9si ig\u00e9nyeit is felveri. Egy j\u00e1t\u00e9kos\u00fcgyn\u00f6k hozz\u00e1tette: a legjobb sza\u00fadi sp\u00edlerek Eur\u00f3p\u00e1ban is magas (b\u00e1r nem felt\u00e9tlen\u00fcl toplig\u00e1s) szint\u0171 csapatokban j\u00e1tszhatn\u00e1nak, de az eur\u00f3pai klubok nem versenyezhetnek az otthoni szerz\u0151d\u00e9saj\u00e1nlatokkal.\r\n<h2>Megh\u00e1l\u00e1lt bizalom<\/h2>\r\n<strong>Herv\u00e9 Renard<\/strong> sza\u00fadi sz\u00f6vets\u00e9gi kapit\u00e1ny szerint a m\u00e1r csal\u00e1dos, h\u00faszas \u00e9veik m\u00e1sodik fel\u00e9ben j\u00e1r\u00f3 futballist\u00e1k nem sz\u00edvesen k\u00f6lt\u00f6zn\u00e9nek k\u00fclf\u00f6ldre, a lehet\u0151s\u00e9get abban l\u00e1tja, ha tin\u00e9dzserkor\u00fa sza\u00fadi tehets\u00e9gek veszik az ir\u00e1nyt Eur\u00f3pa fel\u00e9. A rutinos edz\u0151 arra is r\u00e1mutatott: b\u00e1r a sza\u00fadi bajnoks\u00e1g sz\u00ednvonala sokat emelkedett, intenz\u00edv sprintekben, le- \u00e9s visszat\u00e1mad\u00e1sban j\u00f3csk\u00e1n lehetne m\u00e9g fejl\u0151dni. A francia kalandfilmh\u0151s kin\u00e9zet\u0171, kor\u00e1bban remek eredm\u00e9nyeket (Afrika Kupa-gy\u0151zelem Zambi\u00e1val \u00e9s Elef\u00e1ntcsontparttal) el\u00e9r\u0151 Renard ett\u0151l f\u00fcggetlen\u00fcl b\u00edzott abban, hogy a selejtez\u0151k\u00f6n mutatott j\u00f3 csapatj\u00e1t\u00e9kot Sza\u00fad-Ar\u00e1bia \u00e1t tudja menteni a vil\u00e1gbajnoks\u00e1gra.\r\n\r\n\u00c1tmentette. S\u0151t, ha valamit k\u00edv\u00e1nhatn\u00e1nak a katari drukkerek, az alighanem az lenne, hogy csapatuk legyen olyan, mint az argentinok ellen l\u00e1tott sza\u00fadi v\u00e1logatott. Mert hol volt ez a n\u00e9gy \u00e9ve Oroszorsz\u00e1gban j\u00e1rt, ijedtnek \u00e9s gy\u00e1moltalannak t\u0171n\u0151, fizik\u00e1lisan k\u00f6nnyed\u00e9n elnyomott sza\u00fadi egy\u00fcttest\u0151l?\r\n\r\nHi\u00e1ba ker\u00fclt Herv\u00e9 Renard csapata a vil\u00e1grekord k\u00f6zeli veretlens\u00e9gi sorozatb\u00f3l \u00e9rkez\u0151 Argent\u00edna ellen hamar h\u00e1tr\u00e1nyba, j\u00f3l begyakorolt lescsapd\u00e1j\u00e1val \u00e9s magasra feltolt v\u00e9d\u0151vonal\u00e1val val\u00f3s\u00e1ggal meg\u0151rj\u00edtette <strong>Messi\u00e9ket<\/strong>, majd a m\u00e1sodik f\u00e9lid\u0151 elej\u00e9n ford\u00edtani tudott. Innen m\u00e1r \u201ecsak\u201d h\u0151sies v\u00e9dekez\u00e9s kellett \u2013 a csapatukhoz hasonl\u00f3an ekszt\u00e1zisba es\u0151 sza\u00fadi drukkerek minden egyes j\u00f3l id\u0151z\u00edtett szerel\u00e9st tombol\u00f3 lelkesed\u00e9ssel fogadtak \u2013, \u00e9s v\u00e9g\u00fcl az eredm\u00e9nyjelz\u0151n az \u00e1llt: Argent\u00edna\u2013Sza\u00fad-Ar\u00e1bia 1\u20132. Ez az \u00e1zsiai arab csapatok legnagyobb vb-diadala.\r\n\r\nhttps:\/\/twitter.com\/OptaAnalyst\/status\/1595028105718013953\r\n\r\nA sza\u00fadi v\u00e1logatott egym\u00e1st k\u00f6vet\u0151 12. m\u00e9rk\u0151z\u00e9s\u00e9t hozta \u00fagy, hogy nem kapott egyn\u00e9l t\u00f6bb g\u00f3lt, s v\u00e9get vetett Argent\u00edna 36 meccset sz\u00e1ml\u00e1l\u00f3, vil\u00e1gcs\u00facs k\u00f6zeli veretlens\u00e9gi sorozat\u00e1nak is. Renard joggal b\u00edzott a csapat\u00e1ban, a hossz\u00fa felk\u00e9sz\u00fcl\u00e9s, a sok gyakorl\u00e1s pedig (f\u0151leg a magasra feltolt v\u00e9d\u0151vonaln\u00e1l, a kock\u00e1zatos lesre \u00e1ll\u00edt\u00e1sokon) nagyon is l\u00e1tszott egy\u00fcttes\u00e9n. Ha Katar a 0\u2013100 sk\u00e1la 0 pontj\u00e1t hozta els\u0151 m\u00e9rk\u0151z\u00e9s\u00e9n, Sza\u00fad-Ar\u00e1bia a 100 k\u00f6zel\u00e9ben volt, j\u00e1t\u00e9kosai pedig megmutatt\u00e1k, hogy eur\u00f3pai l\u00e9gi\u00f3sok n\u00e9lk\u00fcl is eredm\u00e9nyesek tudnak lenni.\r\n\r\nHogy ez egyszeri eset volt-e,\r\n\r\n<span class=\"highlight-block\">vagy Sza\u00fad-Ar\u00e1bia mes\u00e9t \u00edr Katarban, <\/span>\r\n\r\nazt megl\u00e1tjuk a k\u00f6vetkez\u0151 m\u00e9rk\u0151z\u00e9seken. A nyit\u00f3 brav\u00fart\u00f3l f\u00fcggetlen\u00fcl: hossz\u00fa t\u00e1von val\u00f3sz\u00edn\u0171leg az tenne a legjobbat a nyugat-\u00e1zsiai arab csapatoknak, ha er\u0151s\u00f6d\u0151 bajnoks\u00e1gaik seg\u00edts\u00e9g\u00e9vel ki tudn\u00e1nak nevelni olyan j\u00e1t\u00e9kosokat, akik azt\u00e1n meg\u00e1llj\u00e1k a hely\u00fcket a topkateg\u00f3ri\u00e1s klubfutballban. Izol\u00e1ci\u00f3b\u00f3l ugyan sz\u00fclethet n\u00e9h\u00e1ny v\u00e1ratlan brav\u00far, \u00e1m szintl\u00e9p\u00e9s aligha.\r\n\r\n[prefabricated_shortcode in_app=\"0\" code=\"%3Cdiv%20class%3D%22article_box_border%22%20style%3D%22background%3A%20url%28%27https%3A%2F%2F24.p3k.hu%2Fapp%2Fuploads%2Fsites%2F24%2F2021%2F05%2Fsport24-pattern.png%27%29%20no-repeat%20left%20-16px%20%23f3f3f4%3B%20border%3A%20none%3B%22%3E%0D%0A%3Cdiv%20class%3D%22article_solidheader%22%3E%0D%0A%3Ch2%20style%3D%22color%3A%20%23111115%21important%3B%20font-size%3A%2036px%3B%20font-weight%3A%20bold%3B%20margin-bottom%3A%2030px%3B%20margin-top%3A%2020px%3B%20text-align%3A%20center%3B%20line-height%3A%2036px%3B%22%3E%3Cimg%20class%3D%22aligncenter%20size-full%20wp-image-141%22%20src%3D%22https%3A%2F%2F24.p3k.hu%2Fapp%2Fuploads%2Fsites%2F24%2F2021%2F05%2Fs24-logo-dt.png%22%20alt%3D%22%22%20width%3D%22408%22%20height%3D%2290%22%20%2F%3E%3C%2Fh2%3E%0D%0A%3Ch2%20style%3D%22color%3A%20%23111115%21important%3B%20font-size%3A%2036px%3B%20font-weight%3A%20bold%3B%20margin-bottom%3A%2030px%3B%20margin-top%3A%2020px%3B%20text-align%3A%20center%3B%20line-height%3A%2040px%3B%22%3ECsatlakozz%20a%20Sport24%20k%C3%B6z%C3%B6ss%C3%A9ghez%2C%20mondd%20el%20v%C3%A9lem%C3%A9nyedet%20z%C3%A1rt%20Facebook-csoportunkban%2C%20%C3%A9s%20vegy%C3%A9l%20r%C3%A9szt%20csak%20el%C5%91fizet%C5%91knek%20el%C3%A9rhet%C5%91%20exkluz%C3%ADv%20esem%C3%A9nyeinken.%3C%2Fh2%3E%0D%0A%3C%2Fdiv%3E%0D%0A%3Cp%20style%3D%22background%3A%20%2357A600%3B%20margin-top%3A%2020px%3B%20padding%3A%2020px%3B%20text-align%3A%20center%3B%22%3E%3Ca%20style%3D%22color%3A%20%23ffffff%3B%20font-size%3A%2026px%3B%20font-weight%3A%20600%3B%22%20href%3D%22https%3A%2F%2Fwww.facebook.com%2Fgroups%2F212344460412327%22%3ECSATLAKOZOM%3C%2Fa%3E%3C%2Fp%3E%0D%0A%0D%0A%3C%2Fdiv%3E\"]","type":"rich","thumbnail_url":"https:\/\/s.24.hu\/app\/uploads\/sites\/24\/2022\/11\/gettyimages-1244995716-masolat-150x150.jpg","thumbnail_width":150,"thumbnail_height":150}