{"version":"1.0","provider_name":"Sport24","provider_url":"https:\/\/sport24.24.hu","author_name":"Bruckner G\u00e1bor","author_url":"https:\/\/sport24.24.hu\/author\/brucknerg\/","title":"Hajr\u00e1, d\u00e1nok, hajr\u00e1, szerbek, hajr\u00e1, Messi!","html":"<h2>1. D\u00e1nia vb-gy\u0151zelme<\/h2>\r\nLegink\u00e1bb arra v\u00e1gyom, hogy \u2013 ha m\u00e1r az olaszok elszerencs\u00e9tlenkedt\u00e9k a r\u00e9szv\u00e9telt \u2013 a vil\u00e1gbajnoks\u00e1got D\u00e1nia nyerje meg. A d\u00e1nok r\u00e9gi kedvenceim, m\u00e1r a \u201986-os csapat is az volt (amely a csoportk\u00f6rb\u0151l 9-1-es g\u00f3lk\u00fcl\u00f6nbs\u00e9ggel ment tov\u00e1bb, legy\u0151zve a k\u00e9s\u0151bbi d\u00f6nt\u0151s NSZK-t), nem besz\u00e9lve a \u201992-es strandv\u00e1logatottr\u00f3l (amely a d\u00f6nt\u0151ben ugyancsak N\u00e9metorsz\u00e1got verte). A mostani keret kicsit hasonl\u00edt a jelenlegi olasz v\u00e1logatottra abb\u00f3l a szempontb\u00f3l, hogy val\u00f3di vil\u00e1gklasszis nincs a csapatban, amely ugyanakkor piszok egys\u00e9ges \u2013 az <strong>Eriksen<\/strong>-eset \u00f3ta tal\u00e1n m\u00e9g ink\u00e1bb \u2013, egy\u00e9nileg pedig k\u00e1b\u00e9 k\u00e9ttucatnyi kiv\u00e1l\u00f3an k\u00e9pzett, gyors, dinamikus, t\u00e1mad\u00e1sorient\u00e1lt focist\u00e1b\u00f3l \u00e1ll. Ez a d\u00e1n modell: attak ezerrel. Hirtelen nem is tudom, ki a kedvencem: a g\u00f3l\u00e9rz\u00e9keny fut\u00f3bajnok a balsz\u00e9len (<strong>Maehle<\/strong>), vagy a k\u00f6z\u00e9pp\u00e1lya k\u00e9t technik\u00e1s Duracell-nyuszija (<strong>Dolberg, Damsgaard<\/strong>). De h\u00e1t persze: <strong>Kjaer<\/strong>.\r\n\r\n<span class=\"highlight-block\">A futballszimp\u00e1ti\u00e1t n\u00e1lam kieg\u00e9sz\u00edti az orsz\u00e1gszimp\u00e1tia is: <\/span>\r\n\r\naz elm\u00falt \u00e9vekben k\u00e9tszer t\u00f6lt\u00f6ttem el n\u00e9mi id\u0151t D\u00e1ni\u00e1ban, amin\u00e9l b\u00e9k\u00e9sebb, nyugodtabb \u00e9s emberk\u00f6zpont\u00fabb hely szerintem nem nagyon van a f\u00f6ld\u00f6n. Csak att\u00f3l f\u00e9lek, hogy a csoportk\u00f6rben nem tudj\u00e1k megel\u0151zni a franci\u00e1kat, \u00edgy a nyolcadd\u00f6nt\u0151ben r\u00f6gt\u00f6n megkapj\u00e1k Argent\u00edn\u00e1t.\r\n<h2>2. Szerbia tov\u00e1bbjut\u00e1sa a csoportk\u00f6rb\u0151l<\/h2>\r\nA szerbek (meg a jugoszl\u00e1vok) is r\u00e9gi kedvenceim. A k\u00f6t\u0151d\u00e9s <strong>Dragan Stojkovict\u00f3l<\/strong> \u00e9s a k\u00e9k mezt\u0151l (pl\u00e1vik) indul, majd j\u00f6tt a Crvena zvezda iskolaj\u00e1t\u00e9ka a Bayern M\u00fcnchen ellen a BEK-ben, azt\u00e1n a jugoszl\u00e1v v\u00e1logatott menetel\u00e9se az olaszorsz\u00e1gi vil\u00e1gbajnoks\u00e1gon. A 1992-es Eur\u00f3pa-bajnoks\u00e1g miatt a jug\u00f3 focist\u00e1knak (horv\u00e1toknak, szerbeknek stb.) szerintem m\u00e1ig tartozik a vil\u00e1g, \u00e9s most ink\u00e1bb a szerb v\u00e1logatottnak van es\u00e9lye arra, hogy olyan csod\u00e1t tegyen, mint amit n\u00e9gy \u00e9ve a horv\u00e1tokt\u00f3l l\u00e1ttunk. Persze, ehhez az kell, hogy a v\u00e1logatott t\u00fal\u00e9lje a csoportk\u00f6rt, ami utolj\u00e1ra 1998-ban siker\u00fclt a csapatnak. Az\u00f3ta h\u00e1romb\u00f3l semmi, 2006-ban a v\u00e1logatott \u2013 sz\u00e9gyen, gyal\u00e1zat \u2013 utols\u00f3 lett a n\u00e9metorsz\u00e1gi torn\u00e1n.\r\n\r\n<span class=\"highlight-block-small\">Ami most Szerbia mellett sz\u00f3l, hogy az elm\u00falt \u00e9vekben v\u00e9gre egys\u00e9ges csapatk\u00e9nt mutatkoztak, ami kor\u00e1bban nem volt jellemz\u0151 r\u00e1juk. <\/span>\r\n\r\nA 11 Olaszorsz\u00e1gban \u00e9s 6 Spanyolorsz\u00e1gban j\u00e1tsz\u00f3 l\u00e9gi\u00f3s alapj\u00e1n az\u00e9rt azt sem mondhatjuk, hogy ne lenn\u00e9nek szt\u00e1rjaik, akik k\u00f6z\u00fcl vannak, akik jobb (<strong>Kostic, Milinkovic-Savic<\/strong>), m\u00e1sok probl\u00e9m\u00e1sabb id\u0151szak ut\u00e1n (<strong>Tadic, Vlahovic<\/strong>) \u00e9rkeznek Katarba. Az edz\u0151j\u00fck predesztin\u00e1lja \u0151ket: Dragan Stojkovic a kilencvenes \u00e9vek egyik legnagyszer\u0171bb futballist\u00e1ja volt, a v\u00e1logatott pedig az \u0151 filoz\u00f3fi\u00e1j\u00e1t k\u00f6vetve legink\u00e1bb a t\u00e1mad\u00f3futballban hisz. Sz\u00e1mukra m\u00e1r a csoportk\u00f6r sem lesz s\u00e9tagalopp \u2013 Braz\u00edlia mellett meg kell k\u00fczdeni\u00fck Sv\u00e1jccal is, \u00e9s ez m\u00e1r az olaszoknak is gondot okozott a selejtez\u0151k sor\u00e1n. \u00d6r\u00fcln\u00e9k egy olyan november\/decembernek, mint amilyen a n\u00e9gy \u00e9vvel ezel\u0151tti ny\u00e1r volt, amikor vb-meccseket n\u00e9zni j\u00e1rtam \u00e1t P\u00e9csr\u0151l Esz\u00e9kre \u00e9s Z\u00e1gr\u00e1bba.\r\n<div class=\"payable-content-section\"><\/div>\r\n<h2>3. Afrikai \u00e1tt\u00f6r\u00e9s<\/h2>\r\n\u00c9n, h\u00fclye, az 1990-es v\u00e9b\u00e9n m\u00e9g az angoloknak drukkoltam (<strong>David Platt<\/strong>, isten!), fogalmam sem volt a harmadik vil\u00e1g neh\u00e9zs\u00e9geir\u0151l, nem volt bennem romantika az afrikai n\u00e9pek ir\u00e1nt. Tetszett a kameruniak focija, de \u00fagy tekintettem r\u00e1juk az Anglia ellen elvesz\u00edtett negyedd\u00f6nt\u0151 ut\u00e1n, mint szimpatikus vesztesekre. Akkoriban mindenki arr\u00f3l besz\u00e9lt, hogy t\u00edz \u00e9v m\u00falva egy afrikai csapat ak\u00e1r a vil\u00e1gbajnoks\u00e1got is megnyerheti, ehhez k\u00e9pest Kamerun p\u00e9ld\u00e1ul az\u00f3ta sem tudott tov\u00e1bbjutni a csoportk\u00f6rb\u0151l, az utols\u00f3 h\u00e9t vb-meccs\u00e9t pedig egyar\u00e1nt elvesz\u00edtette. Az \u00e1tt\u00f6r\u00e9shez legk\u00f6zelebb a gh\u00e1naiak \u00e1lltak, de t\u0151l\u00fck<strong> Luis Su\u00e1rez<\/strong> (\u201eisten m\u00e1sik keze\u201d) vette el az el\u0151d\u00f6nt\u0151t 2010-ben.\r\n\r\n<span class=\"highlight-block\">Az afrikai csapatokr\u00f3l lassan nem is annyira a foci jut esz\u00fcnkbe, hanem ink\u00e1bb a botr\u00e1nyok sora. <\/span>\r\n\r\nA gh\u00e1nai v\u00e1logatott volt az p\u00e9ld\u00e1ul, amely a 2006-os vil\u00e1gbajnoks\u00e1gon bunda\u00fcgybe keveredett: a brazilok elleni nyolcadd\u00f6nt\u0151ben kapott g\u00f3ljaik val\u00f3ban furcs\u00e1k voltak. Ez\u00fattal m\u00e1s a probl\u00e9ma a csapatn\u00e1l: a v\u00e1logatott mezek n\u00e9lk\u00fcl \u00e9rkezett meg Katarba, \u00edgy val\u00f3sz\u00edn\u0171leg a portug\u00e1lok elleni nyit\u00f3m\u00e9rk\u0151z\u00e9sen k\u00f6lcs\u00f6nszerel\u00e9sben l\u00e1thatjuk majd \u0151ket. A legk\u00f6nnyebb dolga ez\u00fattal tal\u00e1n Szeneg\u00e1lnak lesz, amely a sorsol\u00e1snak k\u00f6sz\u00f6nhet\u0151en sim\u00e1n bejuthat a legjobb tizenhat k\u00f6z\u00e9, ahol \u2013 a csoportk\u00f6ri helyez\u00e9sekt\u0151l f\u00fcgg\u0151en \u2013 ak\u00e1r Ir\u00e1n, Wales vagy az USA is lehet az ellenfele. A magam r\u00e9sz\u00e9r\u0151l legink\u00e1bb az 1986-ban felfedezett Marokk\u00f3nak drukkolok majd: \u0151k az\u00f3ta is arr\u00f3l h\u00edresek, hogy minden meccs\u00fck\u00f6n gy\u00f6ny\u00f6r\u0171en j\u00e1tszanak, majd veres\u00e9get szenvednek. Tal\u00e1n majd most, rem\u00e9lem, az \u00f6regecsked\u0151 belg\u00e1kat elint\u00e9zik, s Horv\u00e1torsz\u00e1ggal k\u00e9z a k\u00e9zben bemas\u00edroznak a kies\u00e9ses k\u00f6rbe.\r\n<h2>4. Ronaldo \u00e9s Messi b\u00facs\u00faja<\/h2>\r\nEgy korszaknak minden bizonnyal v\u00e9ge lesz: ez lesz az utols\u00f3 vil\u00e1gbajnoks\u00e1g, amelyen l\u00e1thatjuk <strong>Cristiano Ronald\u00f3t<\/strong> \u00e9s<strong> Lionel Messit<\/strong>. Klubszinten szinte mindent el\u00e9rtek, \u00f6sszesen van k\u00e1b\u00e9 egy tucatnyi aranylabd\u00e1juk, de a v\u00e1logatottal m\u00e9g hi\u00e1nyzik sz\u00e1mukra a p\u00e1lyafut\u00e1suk megkoron\u00e1z\u00e1sa. Mindketten nyertek ugyan egy-egy kontinensbajnoki c\u00edmet (Messi \u00e9pp tavaly, Ronaldo hat \u00e9ve, s\u00e9r\u00fcl\u00e9s ut\u00e1n, k\u00f6nnyek k\u00f6z\u00f6tt), de a vb-tr\u00f3fea m\u00e9g hi\u00e1nyzik a gy\u0171jtem\u00e9nyb\u0151l. Az el\u0151jelek teljesen ellent\u00e9tesek:\r\n\r\n<span class=\"highlight-block\">Ronaldo p\u00e1riak\u00e9nt \u00e9rkezik Katarba, <\/span>\r\n\r\na Manchester Uniteddel szembeni s\u00falyos kritik\u00e1i miatt decemberben aligha t\u00e9rhet vissza a klubhoz. A form\u00e1ja gy\u00f6nge, a bajnoks\u00e1gban \u00f6sszesen egy g\u00f3lt l\u0151tt, neh\u00e9z elk\u00e9pzelni, hogy a portug\u00e1lok \u00e9l\u00e9re \u00e1ll, \u00e9s elviszi \u0151ket a vil\u00e1gbajnoki c\u00edmig. Messin\u00e9l ez ink\u00e1bb v\u00e1rhat\u00f3, ann\u00e1l is ink\u00e1bb, mert az argentin v\u00e1logatott egy\u00e9bk\u00e9nt is a torna egyik legnagyobb favoritja. Messi r\u00e1ad\u00e1sul azok ut\u00e1n, hogy a tavalyi \u00e9vet \u00e1taludta a PSG-n\u00e9l, az id\u00e9n kulcsfigura, 12 g\u00f3l, 14 g\u00f3lpassz (tavaly az eg\u00e9sz \u00e9vadban 11\/15). Soha nem voltam igaz\u00e1b\u00f3l Messi nagy rajong\u00f3ja, a Barc\u00e1t is akkor szerettem igaz\u00e1n, amikor <strong>Prosinecki, Hagi, Bakero<\/strong> \u00e9s <strong>Guardiola<\/strong> var\u00e1zsolt. A kispadon <strong>Cruyff<\/strong>. Sz\u00e1momra az m\u00e9g nem \u0171rfoci volt, hanem egy szerethet\u0151, h\u00f3bortos csapat, cselkir\u00e1lyok \u00e9s primadonn\u00e1k, n\u00e9h\u00e1ny bajnoki c\u00edm a kilencvenes \u00e9vek elej\u00e9n. Azt\u00e1n j\u00f6tt Ronaldinho, majd a Messi-korszak, a t\u00f6k\u00e9letes g\u00e9pezet, a tiki-taka. Messi egy uf\u00f3, \u00e9s a vil\u00e1gbajnoki tr\u00f3fe\u00e1val lenne teljes a karrierje.\r\n\r\n<img class=\"size-full wp-image-6573\" src=\"https:\/\/sport24.24.hu\/app\/uploads\/sites\/24\/2022\/11\/gettyimages-1244926260-masolat.jpg\" alt=\"\" width=\"2000\" height=\"1334\" \/>\r\n<h2>5. Kult\u00farkampf<\/h2>\r\nEz a v\u00e9b\u00e9 nem olyan lesz, mint a t\u00f6bbi, \u00e9s nemcsak az\u00e9rt, mert t\u00e9len tartj\u00e1k. A katari rendez\u00e9st a kezdett\u0151l fogva botr\u00e1nyos \u00fcgyek k\u00eds\u00e9rik, ha csak c\u00edmszavakban soroljuk fel, az is sok: a rendez\u00e9s jog\u00e1nak megv\u00e1s\u00e1rl\u00e1sa, az \u00e9p\u00edtkez\u00e9seken dolgoz\u00f3 vend\u00e9gmunk\u00e1sok sz\u00e1zainak (ezreinek?) hal\u00e1la, az emberi jogok s\u00e1rba tipr\u00e1sa. Az elm\u00falt napokban azt\u00e1n kider\u00fclt, hogy a katari rendszer nemcsak korrupt, hanem szavahihetetlen. K\u00e9t nappal a nyit\u00e1ny el\u0151tt betiltott\u00e1k a s\u00f6rfogyaszt\u00e1st (kiv\u00e9ve: VIP), t\u00e9v\u00e9st\u00e1bot fenyegetnek, a csapatoknak pedig sz\u00ednes maskar\u00e1kba \u00f6lt\u00f6z\u00f6tt helyiek drukkolnak. A nyit\u00f3meccsen 20 ezer ember + <strong>Infantino<\/strong> katari ingatlantulajdonos + a katari csapat, kapura l\u00f6v\u00e9s n\u00e9lk\u00fcl. Ezek a dolgok mindennel szembe mennek, ami a futball hagyom\u00e1nyait jelenti.\r\n\r\n<span class=\"highlight-block-small\">\u00c1ltal\u00e1ban nem sz\u00f3rakoztatnak az ideol\u00f3giai vit\u00e1k, de a katari futballv\u00e9b\u00e9 kapcs\u00e1n ezt nem lehet figyelmen k\u00edv\u00fcl hagyni. <\/span>\r\n\r\nK\u00edv\u00e1ncsi leszek a d\u00e1nok mez\u00e9n szerepl\u0151 l\u00e1thatatlan log\u00f3ra, illetve arra is, hogy milyen tiltakoz\u00e1sokra ker\u00fclt majd sor, ki viseli p\u00e9ld\u00e1ul majd a sziv\u00e1rv\u00e1nyos karszalagot \u00e9s ki nem. Ennek, persze, az \u00e9gvil\u00e1gon semmi jelent\u0151s\u00e9ge sincs, ezek a vit\u00e1k nem val\u00f3k a futballp\u00e1ly\u00e1ra, az azonban a FIFA b\u0171ne, hogy mindez \u00edgy lett. A katari v\u00e9b\u00e9 az els\u0151 olyan torna, amely legal\u00e1bb annyira a politik\u00e1r\u00f3l \u00e9s a k\u00f6z\u00f6ss\u00e9gim\u00e9di\u00e1s trollkod\u00e1sokr\u00f3l fog sz\u00f3lni, mint a futballr\u00f3l, ami aligha v\u00e1lik a j\u00e1t\u00e9k el\u0151ny\u00e9re.\r\n\r\n[prefabricated_shortcode in_app=\"0\" code=\"%3Cdiv%20class%3D%22article_box_border%22%20style%3D%22background%3A%20url%28%27https%3A%2F%2F24.p3k.hu%2Fapp%2Fuploads%2Fsites%2F24%2F2021%2F05%2Fsport24-pattern.png%27%29%20no-repeat%20left%20-16px%20%23f3f3f4%3B%20border%3A%20none%3B%22%3E%0D%0A%3Cdiv%20class%3D%22article_solidheader%22%3E%0D%0A%3Ch2%20style%3D%22color%3A%20%23111115%21important%3B%20font-size%3A%2036px%3B%20font-weight%3A%20bold%3B%20margin-bottom%3A%2030px%3B%20margin-top%3A%2020px%3B%20text-align%3A%20center%3B%20line-height%3A%2036px%3B%22%3E%3Cimg%20class%3D%22aligncenter%20size-full%20wp-image-141%22%20src%3D%22https%3A%2F%2F24.p3k.hu%2Fapp%2Fuploads%2Fsites%2F24%2F2021%2F05%2Fs24-logo-dt.png%22%20alt%3D%22%22%20width%3D%22408%22%20height%3D%2290%22%20%2F%3E%3C%2Fh2%3E%0D%0A%3Ch2%20style%3D%22color%3A%20%23111115%21important%3B%20font-size%3A%2036px%3B%20font-weight%3A%20bold%3B%20margin-bottom%3A%2030px%3B%20margin-top%3A%2020px%3B%20text-align%3A%20center%3B%20line-height%3A%2040px%3B%22%3ECsatlakozz%20a%20Sport24%20k%C3%B6z%C3%B6ss%C3%A9ghez%2C%20mondd%20el%20v%C3%A9lem%C3%A9nyedet%20z%C3%A1rt%20Facebook-csoportunkban%2C%20%C3%A9s%20vegy%C3%A9l%20r%C3%A9szt%20csak%20el%C5%91fizet%C5%91knek%20el%C3%A9rhet%C5%91%20exkluz%C3%ADv%20esem%C3%A9nyeinken.%3C%2Fh2%3E%0D%0A%3C%2Fdiv%3E%0D%0A%3Cp%20style%3D%22background%3A%20%2357A600%3B%20margin-top%3A%2020px%3B%20padding%3A%2020px%3B%20text-align%3A%20center%3B%22%3E%3Ca%20style%3D%22color%3A%20%23ffffff%3B%20font-size%3A%2026px%3B%20font-weight%3A%20600%3B%22%20href%3D%22https%3A%2F%2Fwww.facebook.com%2Fgroups%2F212344460412327%22%3ECSATLAKOZOM%3C%2Fa%3E%3C%2Fp%3E%0D%0A%0D%0A%3C%2Fdiv%3E\"]","type":"rich","thumbnail_url":"https:\/\/s.24.hu\/app\/uploads\/sites\/24\/2022\/11\/gettyimages-1244940986-masolat-150x150.jpg","thumbnail_width":150,"thumbnail_height":150}