{"version":"1.0","provider_name":"Sport24","provider_url":"https:\/\/sport24.24.hu","author_name":"Bruckner G\u00e1bor","author_url":"https:\/\/sport24.24.hu\/author\/brucknerg\/","title":"T\u00e9nyleg ilyen egy\u00e9rtelm\u0171, hogy Braz\u00edlia a vb-favorit?","html":"A fogad\u00f3irod\u00e1k oddsai alapj\u00e1n az Opta kommunik\u00e1ci\u00f3s z\u00e1szl\u00f3shaj\u00f3ja, a The Analyst kisz\u00e1molta az egyes v\u00e1logatottak es\u00e9lyeit a katari labdar\u00fag\u00f3-vil\u00e1gbajnoks\u00e1g el\u0151tt. Az adatokb\u00f3l kider\u00fcl, hogy a csoportb\u00f3l val\u00f3 tov\u00e1bbjut\u00e1sra Braz\u00edli\u00e1nak (90,02 sz\u00e1zal\u00e9k) van a legjobb es\u00e9lye. Neymar\u00e9kat a The Analyst a v\u00e9gs\u0151 gy\u0151zelemre es\u00e9lyesek k\u00f6zt is az \u00e9lre teszi (17,21 sz\u00e1zal\u00e9k): az er\u0151sorrendben Argent\u00edna (13,50 sz\u00e1zal\u00e9k) \u00e9s a c\u00edmv\u00e9d\u0151 Franciaorsz\u00e1g (10,65 sz\u00e1zal\u00e9k) k\u00f6veti. Ezek az es\u00e9lyek a torna el\u0151rehaladt\u00e1val, k\u00fcl\u00f6n\u00f6sen a s\u00e9r\u00fcl\u00e9sek \u00e9s a f\u00e1radts\u00e1g miatt, folyamatosan v\u00e1ltozhatnak majd. De n\u00e9zz\u00fck, melyek a v\u00e9gs\u0151 gy\u0151zelemre leges\u00e9lyesebb egy\u00fcttesek!\r\n<h3>1. Braz\u00edlia \u2013 17,21% es\u00e9ly a v\u00e9gs\u0151 gy\u0151zelemre<\/h3>\r\nA brazil csapat el\u00e9g hossz\u00fa ideje j\u00e1tszik m\u00e1r egy\u00fctt, \u00e9s ez a fajta \u00e1lland\u00f3s\u00e1g egy\u00e9rtelm\u0171en az el\u0151ny\u00e9re v\u00e1lhat a torn\u00e1n. A v\u00e9delemben <strong>Thiago Silva<\/strong> (38) \u00e9s <strong>Daniel Alves<\/strong> (39) m\u00e1r-m\u00e1r t\u00falkorosnak nevezhet\u0151, de\r\n\r\n<span class=\"highlight-block\">a csapat magj\u00e1t alkot\u00f3 j\u00e1t\u00e9kosok a legjobb \u00e9veikben j\u00e1rnak. <\/span>\r\n\r\n\u00c9rdekess\u00e9g vel\u00fck kapcsolatban, hogy kilenc csat\u00e1rt neveztek a 26 f\u0151s keretbe, ami holtversenyben a legt\u00f6bb a belga v\u00e1logatottal. A keretben 23 \u00e9v alatti csak a t\u00e1mad\u00f3 szekci\u00f3ban tal\u00e1lhat\u00f3 (<strong>Antony, Vinicius Junior, Rodrigo, Gabriel Martinelli<\/strong>). Tizenketten \u2013 azaz majdnem a kerettagok fele \u2013 az angol Premier League-ben futballoznak. Ha a posztokat vizsg\u00e1ljuk, kiz\u00e1r\u00f3lag a kezd\u0151 sz\u00e9ls\u0151h\u00e1tv\u00e9dek szem\u00e9lye lehet k\u00e9rd\u00e9ses, hiszen a jelenlegi forma alapj\u00e1n <strong>Alex Telles, Alex Sandro<\/strong> \u00e9s Daniel Alves nem k\u00e9pvisel olyan min\u0151s\u00e9get, mint a csapat t\u00f6bbi j\u00e1t\u00e9kosa.\r\n\r\n[caption id=\"attachment_6530\" align=\"aligncenter\" width=\"3984\"]<img class=\"size-full wp-image-6530\" src=\"https:\/\/sport24.24.hu\/app\/uploads\/sites\/24\/2022\/11\/gettyimages-1244783142.jpg\" alt=\"\" width=\"3984\" height=\"2734\" \/> A brazil csapat edz\u00e9se november 14-\u00e9n, Torin\u00f3ban[\/caption]\r\n<h3>2. Argent\u00edna \u2013 13,50%<\/h3>\r\n<strong>Leo Messi<\/strong> feltehet\u0151en az utols\u00f3 vil\u00e1gbajnoks\u00e1g\u00e1nak v\u00e1g neki, \u00e9s sokan szeretn\u00e9k, hogy gy\u0151ztesk\u00e9nt fejezze be a torn\u00e1t. K\u00e9rd\u00e9s, ezt el tudja-e \u00e9rni az argentin v\u00e1logatottal a h\u00e9tszeres aranylabd\u00e1s. A <strong>Lionel Scaloni<\/strong> vezette csapat 36 meccs \u00f3ta veretlen, ez id\u0151 alatt tavaly megnyerte a Copa Americ\u00e1t, ami az orsz\u00e1g els\u0151 jelent\u0151sebb sikere volt az elm\u00falt 28 \u00e9vben. A d\u00f6nt\u0151ben \u00e9ppen az \u0151si riv\u00e1lis brazilokat gy\u0151zt\u00e9k le. Ami a keret \u00f6sszet\u00e9tel\u00e9t illeti, a v\u00e9delemben nincs 23 \u00e9v alatti futballista, \u00edgy ebben a csapatr\u00e9szben ink\u00e1bb a tapasztalatban b\u00edznak az argentinok. Az viszont igaz, hogy a h\u00e1tv\u00e9dsor vez\u00e9re a 24 \u00e9ves <strong>Christian Romero<\/strong>, akivel m\u00e9g nem vesz\u00edtett el egyetlen m\u00e9rk\u0151z\u00e9st sem az argentin v\u00e1logatott. A k\u00f6z\u00e9pp\u00e1ly\u00e1n k\u00e9t fiatalra, az angol Brightonban j\u00e1tsz\u00f3 <strong>Alexis Mac Allisterre<\/strong> (23) \u00e9s a Benfic\u00e1ban futballoz\u00f3 <strong>Enzo Fernandezre<\/strong> (21) \u00e9rdemes lehet k\u00fcl\u00f6n is figyelni. A csat\u00e1rsorban megtal\u00e1lhat\u00f3k a megszokott nevek, Messivel (35), <strong>Di Mari\u00e1val<\/strong> (34), <strong>Dybal\u00e1val<\/strong> (29) \u00e9s<strong> Lautaro Mart\u00ednezzel<\/strong> (25), mik\u00f6zben a Manchester City felt\u00f6rekv\u0151 fiatalja, <strong>Julian Alverez<\/strong> (22) is jelent\u0151s szerepet kaphat a torn\u00e1n.\r\n<h3>3. Franciaorsz\u00e1g \u2013 10,65%<\/h3>\r\nA c\u00edmv\u00e9d\u0151 jelent\u0151s v\u00e1ltoz\u00e1son ment kereszt\u00fcl a legut\u00f3bbi vil\u00e1gbajnoks\u00e1g \u00f3ta. A kor\u00e1bban alapembernek sz\u00e1m\u00edt\u00f3 <strong>Blaise Matuidi<\/strong> elk\u00f6sz\u00f6nt a v\u00e1logatott\u00f3l, m\u00edg a n\u00e9gy \u00e9vvel ezel\u0151tti gy\u0151zelemb\u0151l a k\u00f6z\u00e9pp\u00e1ly\u00e1n oroszl\u00e1nr\u00e9szt v\u00e1llal\u00f3<strong> Kante, Pogba<\/strong> kett\u0151s s\u00e9r\u00fcl\u00e9s miatt k\u00e9nytelen kihagyni a vb-t.\r\n\r\n<span class=\"highlight-block\">A franci\u00e1knak egy\u00e9bk\u00e9nt m\u00e9g a h\u00e9ten is v\u00e1ltoztatniuk kellett a keret \u00f6sszet\u00e9tel\u00e9n, <\/span>\r\n\r\nhiszen az edz\u00e9sen megs\u00e9r\u00fclt <strong>Christopher Nkunku<\/strong>, a Lipcse t\u00e1mad\u00f3ja remek form\u00e1ban v\u00e1rta a rajtot \u2013 hiszen eddig a szezonban 23 m\u00e9rk\u0151z\u00e9sen 17 g\u00f3lt l\u0151tt \u00e9s n\u00e9gy g\u00f3lpasszt jegyzett \u2013, de egy szerencs\u00e9tlen bel\u00e9p\u0151 miatt ki kell hagynia a vil\u00e1gbajnoks\u00e1got. Egy nappal a nyit\u00f3meccs el\u0151tt az is kider\u00fclt, hogy az aranylabd\u00e1s <strong>Karim Benzema<\/strong> sem j\u00e1tszhat, aki egy\u00e9bk\u00e9nt m\u00e1r okt\u00f3ber k\u00f6zepe \u00f3ta s\u00e9r\u00fcl\u00e9ssel bajl\u00f3dik.\r\n\r\nEgy\u00e9bk\u00e9nt a franci\u00e1k t\u00edz v\u00e9d\u0151t neveztek a keretbe, ami \u2013 Ir\u00e1nnal \u00e9s Walesszel holtversenyben \u2013 a vb-mez\u0151ny legnagyobb sz\u00e1ma ebben a tekintetben. A k\u00f6z\u00e9pp\u00e1ly\u00e1n \u00f6sszesen \u00f6t j\u00e1t\u00e9kos vethet\u0151 be, \u00e9s k\u00f6z\u00fcl\u00fck h\u00e1rman (<strong>Matteo Guendouzi, Aurelien Tchouameni<\/strong> \u00e9s <strong>Eduard Camavinga<\/strong>) nem t\u00f6lt\u00f6tt\u00e9k m\u00e9g be a 24. \u00e9let\u00e9v\u00fcket. A francia v\u00e1logatottr\u00f3l eg\u00e9sz\u00e9r\u0151l elmondhat\u00f3, hogy fiatalok alkotj\u00e1k, hiszen csak \u00f6t 30 \u00e9v feletti j\u00e1t\u00e9kost tal\u00e1lunk a 26 f\u0151s keretben. Az \u201e\u00f6regek\u201d list\u00e1j\u00e1n k\u00e9t kapus (<strong>Lloris, Mandanda<\/strong>) \u00e9s k\u00e9t csat\u00e1r (<strong>Giroud, Griezmann<\/strong>) szerepel.\r\n<div class=\"payable-content-section\"><\/div>\r\n<h3>4. Anglia \u2013 9,27%<\/h3>\r\nAz angol v\u00e1logatottat a tavaly ny\u00e1ri Eb ut\u00e1n a vil\u00e1gbajnoks\u00e1g egyik es\u00e9lyesek\u00e9nt tartott\u00e1k sz\u00e1mon, de a ny\u00e1ri Nemezetek Lig\u00e1ja-produkci\u00f3 jelent\u0151sen \u00e1tform\u00e1lhatta a v\u00e1rakoz\u00e1sokat. A \u201emagyar\u201d csoportb\u00f3l t\u00f6rt\u00e9n\u0151 kies\u00e9s ut\u00e1n nem csoda, hogy\r\n\r\n<span class=\"highlight-block\">gy\u00fclekeznek a viharfelh\u0151k <strong>Gareth Southgate<\/strong> feje felett. <\/span>\r\n\r\nSokan m\u00e1r szeptemberben a t\u00e1voz\u00e1s\u00e1t k\u00f6vetelt\u00e9k, de az FA v\u00e9g\u00fcl kitartott a sz\u00f6vets\u00e9gi kapit\u00e1ny mellett, \u00edgy a g\u00e1rda vele v\u00e1g neki a vb-k\u00fczdelmeknek. A keret kihirdet\u00e9sekor a szakvezet\u0151 a tapasztalatot helyezte el\u0151t\u00e9rbe, \u00e9s a megszokott embereit h\u00edvta harcba m\u00e9g annak ellen\u00e9re is, hogy sokan (k\u00f6zt\u00fck <strong>Kalvin Phillips<\/strong> \u00e9s <strong>Kyle Walker<\/strong>) s\u00e9r\u00fcl\u00e9ssel, m\u00edg m\u00e1sok (<strong>Harry Maguire<\/strong> \u00e9s <strong>Trent Alexander Arnold<\/strong>) formaingadoz\u00e1ssal k\u00fczd\u00f6ttek a szezon eddigi szakasz\u00e1ban. \u00d6sszess\u00e9g\u00e9ben a keret \u00f6sszet\u00e9tele ide\u00e1lisnak mondhat\u00f3, hiszen a j\u00e1t\u00e9kosok jelent\u0151s r\u00e9sze a legjobb \u00e9veiben j\u00e1r. A k\u00f6z\u00e9pp\u00e1ly\u00e1n olyan fiatal, tehets\u00e9ges, ugyanakkor jelent\u0151s tapasztattal b\u00edr\u00f3 j\u00e1t\u00e9kosok \u2013 mint <strong>Mason Mount<\/strong> (23), <strong>Phil Foden<\/strong> (22) \u00e9s <strong>Jude Bellingham<\/strong> (19) \u2013 harcolhatnak Anglia m\u00e1sodik vb-c\u00edm\u00e9\u00e9rt.\r\n<h3>5. Spanyolorsz\u00e1g \u2013 9,01%<\/h3>\r\nSpanyolorsz\u00e1got szint\u00e9n a fiatalok vezethetik sikerre, hiszen a 26 f\u0151s keretben mind\u00f6sszesen h\u00e9t olyan j\u00e1t\u00e9kos tal\u00e1lhat\u00f3, aki m\u00e1r elm\u00falt 30 \u00e9ves, \u00e9s k\u00f6z\u00fcl\u00fck is csup\u00e1n ketten-h\u00e1rman kaphatnak jelent\u0151s j\u00e1t\u00e9kperceket. Ezzel szemben a k\u00f6z\u00e9pp\u00e1ly\u00e1n \u00e9s a t\u00e1mad\u00f3sorban egyar\u00e1nt akadnak olyan j\u00e1t\u00e9kosok, akik kulcsszerepet j\u00e1tszhatnak a spanyol csapatban, akik csak alig t\u00f6lt\u00f6tt\u00e9k be a h\u00faszat vagy m\u00e9g ann\u00e1l is fiatalabbak. Ilyen p\u00e9ld\u00e1ul <strong>Gavi<\/strong> (18) \u00e9s <strong>Pedri<\/strong> (19) a k\u00f6z\u00e9pp\u00e1ly\u00e1r\u00f3l, <strong>Ansu Fati<\/strong> (20), <strong>Ferran Torres<\/strong> (22) \u00e9s <strong>Nico Williams<\/strong> (20) a t\u00e1mad\u00f3sorb\u00f3l. Kieg\u00e9sz\u00fclve a tapasztaltabb <strong>Laporte, Pau Torres, Rodri, Bosquets<\/strong> tengellyel izgalmas egyveleg van kialakul\u00f3ban a 2010-es vil\u00e1gbajnok h\u00e1za t\u00e1j\u00e1n.\r\n\r\n[caption id=\"attachment_6531\" align=\"aligncenter\" width=\"3698\"]<img class=\"size-full wp-image-6531\" src=\"https:\/\/sport24.24.hu\/app\/uploads\/sites\/24\/2022\/11\/gettyimages-1439998784.jpg\" alt=\"\" width=\"3698\" height=\"2465\" \/> Pau Torres[\/caption]\r\n<h3>6. N\u00e9metorsz\u00e1g \u2013 8,26%<\/h3>\r\nAngli\u00e1hoz hasonl\u00f3an N\u00e9metorsz\u00e1g sem ny\u00fajtott meggy\u0151z\u0151 teljes\u00edtm\u00e9nyt a ny\u00e1ri Nemzetek Lig\u00e1ja-m\u00e9rk\u0151z\u00e9seken, az egy\u00fcttes csak harmadikk\u00e9nt v\u00e9gzett csoportj\u00e1ban az olasz \u00e9s a magyar v\u00e1logatott m\u00f6g\u00f6tt. A Bayern M\u00fcnchent\u0151l t\u00e1voz\u00f3 <strong>Hansi Flick<\/strong> a m\u00falt \u00e9v m\u00e1jus\u00e1ban vette \u00e1t a csapat ir\u00e1ny\u00edt\u00e1s\u00e1t, \u00e9s az els\u0151 t\u00edz meccs\u00e9n veretlen tudott maradni a v\u00e1logatott \u00e9l\u00e9n. Ez a sorozatot egy\u00e9bk\u00e9nt \u00e9ppen a magyar v\u00e1logatott szak\u00edtotta meg a szeptemberi 1-0-\u00e1s gy\u0151zelm\u00e9vel. A keret magj\u00e1t nem meglep\u0151 m\u00f3don a Bayern M\u00fcnchen \u00e9s a Borussia Dortmund adja, de vannak j\u00e1t\u00e9kosok az angol Premier League-b\u0151l \u00e9s a spanyol La Lig\u00e1b\u00f3l is. A csapat egyetlen igazi kilencese a Werder Bremenben j\u00e1tsz\u00f3 <strong>Niclas Fullkrug<\/strong>. A torn\u00e1t s\u00e9r\u00fcl\u00e9s miatt k\u00e9nytelen kihagyni a Flick alatt a v\u00e1logatottban eddig alapembernek sz\u00e1m\u00edt\u00f3 <strong>Timo Werner<\/strong> \u00e9s <strong>Marco Reus<\/strong> is. A fiatal kora ellen\u00e9re a Bayern M\u00fcnchenben m\u00e1r meghat\u00e1roz\u00f3 szerepet bet\u00f6lt\u0151 <strong>Jamal Musial\u00e1ra<\/strong> alighanem \u00e9rdemes lesz figyelni.\r\n<h3>7. Hollandia \u2013 6,68%<\/h3>\r\nTavaly augusztusban m\u00e1r harmadik alkalommal nevezt\u00e9k ki sz\u00f6vets\u00e9gi kapit\u00e1nynak a holland v\u00e1logatott \u00e9l\u00e9re <strong>Louis van Gaalt<\/strong>, akivel nagyon magabiztosan, 23 pontot gy\u0171jtve, +25-\u00f6s g\u00f3lk\u00fcl\u00f6nbs\u00e9ggel, csoportels\u0151k\u00e9nt jutott ki a csapat a vil\u00e1gbajnoks\u00e1gra. A 26 f\u0151s holland keret nincs tele vil\u00e1gszt\u00e1rokkal. K\u00fcl\u00f6n\u00f6sen igaz ez a kapusokra (a <strong>Noppert, Bijlow, Pasveer<\/strong> h\u00e1rmas keveseknek lehet ismer\u0151s), ennek ellen\u00e9re massz\u00edv, kiegyens\u00falyozott egy\u00fcttesr\u0151l besz\u00e9lhet\u00fcnk. A <strong>Van Dijk, De Ligt, De Jong, Depay<\/strong> alkotta tengely k\u00f6r\u00e9 a tapasztalt (<strong>Blind, De Vrij, Dumfries, Klassen, Bergwijn<\/strong>) \u00e9s felt\u00f6rekv\u0151 (<strong>Gakpo, Simons<\/strong>) j\u00e1t\u00e9kosok megfelel\u0151 egyveleg\u00e9t v\u00e1logatta \u00f6ssze Van Gaal, akinek a szem\u00e9lye garancia arra, hogy\r\n\r\n<span class=\"highlight-block\">olyan leszerepl\u00e9s ne t\u00f6rt\u00e9nhessen meg \u00fajra a hollandokkal, mint a legut\u00f3bbi Eb-n. <\/span>\r\n\r\nN\u00e1luk is van egy\u00e9bk\u00e9nt egy nagy hi\u00e1nyz\u00f3: <strong>Gini Wijnaldum<\/strong> a szezon elej\u00e9n szenvedett s\u00falyos s\u00e9r\u00fcl\u00e9st, \u00edgy \u0151t n\u00e9lk\u00fcl\u00f6znie kell csapat\u00e1nak.\r\n<h3>8. Portug\u00e1lia \u2013 5,58%<\/h3>\r\nA h\u00e9ten a <strong>Cristiano Ronaldo<\/strong>\u2013Manchester United botr\u00e1ny gondoskodott arr\u00f3l, hogy ne k\u00e9sz\u00fclhessen nyugodtan a portug\u00e1l a v\u00e1logatott a vb rajtj\u00e1ra. Pedig ennek a csapatnak b\u0151ven lenne keresnival\u00f3ja, hiszen j\u00f3 kor\u00f6sszet\u00e9tellel \u2013 csak \u00f6t 30 \u00e9vesn\u00e9l id\u0151sebb j\u00e1t\u00e9kos van a keretben \u2013 kiv\u00e1l\u00f3 j\u00e1t\u00e9kosok (mind a 26 kerettag az \u00f6t toplig\u00e1ban vagy a portug\u00e1l bajnoks\u00e1gban j\u00e1tszik) \u00e1llnak a sz\u00f6vets\u00e9gi kapit\u00e1ny rendelkez\u00e9s\u00e9re. K\u00e9rd\u00e9s, <strong>Fernando Santos<\/strong> hogyan tudja kezelni nemcsak a konfliktust, hanem az eg\u00e9sz Ronaldo-jelens\u00e9get. A Manchester Unitedn\u00e9l l\u00e1thattuk a mostani szezonban, hogy sokszor jobban m\u0171k\u00f6d\u00f6tt a csapata n\u00e9lk\u00fcle, mint vele, \u00e9s ez igaz lehet a portug\u00e1l v\u00e1logatottra is. Mindenesetre, ha a kapit\u00e1ny \u00fagy d\u00f6nt, hogy nem j\u00e1tszatja Ronald\u00f3t, az sok fesz\u00fclts\u00e9get sz\u00fcl majd az \u00f6lt\u00f6z\u0151n bel\u00fcl, ugyanakkor t\u00e9r ny\u00edlhat olyan j\u00e1t\u00e9kosok el\u0151tt, mint <strong>Rafael Leao, Joao Felix<\/strong> \u00e9s <strong>Andre Silva<\/strong>.\r\n\r\n[caption id=\"attachment_6533\" align=\"aligncenter\" width=\"2000\"]<img class=\"size-full wp-image-6533\" src=\"https:\/\/sport24.24.hu\/app\/uploads\/sites\/24\/2022\/11\/gettyimages-1244634679-masolat.jpg\" alt=\"\" width=\"2000\" height=\"1333\" \/> Rafael Leao[\/caption]\r\n<h3>9. Belgium \u2013 4,97%<\/h3>\r\n<span class=\"highlight-block\">A vb a belga \u201earanygener\u00e1ci\u00f3\u201d tal\u00e1n utols\u00f3 es\u00e9lye egy nagy tr\u00f3fea elh\u00f3d\u00edt\u00e1s\u00e1ra. <\/span>\r\n\r\nK\u00e9rd\u00e9s, hogy ez a kiss\u00e9 m\u00e1r meg\u00f6regedett csapat \u2013 11 j\u00e1t\u00e9kos is elm\u00falt 30 \u00e9ves a 26 f\u0151s keretb\u0151l \u2013 mire lesz k\u00e9pes. Az id\u00e9nyben akadtak, akik s\u00e9r\u00fcl\u00e9sekkel (<strong>Lukaku, Thorgan Hazard, Meunier<\/strong>), m\u00edg m\u00e1sok (<strong>Eden Hazard, Witsel, Dendoncker, Tielemans<\/strong>) a form\u00e1jukkal k\u00fczd\u00f6ttek, de <strong>Courtois<\/strong> \u00e9s<strong> De Bruyne<\/strong> klasszis\u00e1ban b\u00edzhat <strong>Roberto Mart\u00ednez<\/strong> sz\u00f6vets\u00e9gi kapit\u00e1ny.\r\n<h3>10. D\u00e1nia \u2013 3,18%<\/h3>\r\nA skandin\u00e1vok\u00e9 a tavaly ny\u00e1ri Eb egyik meglepet\u00e9scsapata volt, \u00e9s az egy\u00fcttes hasonl\u00f3 c\u00e9llal \u00e9rkezett Katarba is. A sz\u00f6vets\u00e9gi kapit\u00e1ny a S<strong>chmeichel, Kjaer, Delaney, Eriksen, Hojbjerg, Poulsen<\/strong> \u201ealap\u201d mellett olyan fiatal j\u00e1t\u00e9kosokra t\u00e1maszkodhat, mint a legut\u00f3bbi kontinenstorna felfedezettje, <strong>Joakim Maehle<\/strong>, vagy az <strong>Olsen, Damsgaard, Lindstr\u00f6m<\/strong> h\u00e1rmas. Ut\u00f3bbi tri\u00f3 tagjai m\u00e9g csak 22 esztend\u0151sek, \u00e1m az elm\u00falt \u00e9vek folyam\u00e1n jelent\u0151s tapasztalatra tettek szert. Olsen a Club Brugge-ben, m\u00edg Lindstr\u00f6m a Frankfurt csapat\u00e1ban l\u00e9pett p\u00e1ly\u00e1ra a Bajnokok Lig\u00e1ja csoportk\u00f6r\u00e9ben, m\u00edg Damsgaard a Brentford sz\u00edneiben j\u00e1tszik a Premier League-ben. A tapasztalt \u00e9s a fiatal j\u00e1t\u00e9kosok megfelel\u0151 egyvelege messzire viheti a d\u00e1nokat.\r\n\r\n<span class=\"highlight-block-small\">Az el\u0151z\u0151 vil\u00e1gbajnoks\u00e1g el\u0151tt a fogad\u00f3irod\u00e1k szint\u00e9n a brazilokat tartott\u00e1k a f\u0151 es\u00e9lyesnek a spanyolok, a belg\u00e1k \u00e9s az angolok el\u0151tt. A k\u00e9s\u0151bbi arany\u00e9rmes francia v\u00e1logatottat csak az \u00f6t\u00f6dik helyre sorolt\u00e1k, m\u00edg a d\u00f6nt\u0151 m\u00e1sik r\u00e9sztvev\u0151j\u00e9t, a horv\u00e1t csapatot a hatodik leges\u00e9lyesebbnek gondolt\u00e1k a v\u00e9gs\u0151 gy\u0151zelemre.<\/span>\r\n\r\n<script id=\"infogram_0_31370301-5054-4e27-96f9-86ad6d770c19\" title=\"vb es\u00e9lyek\" src=\"https:\/\/e.infogram.com\/js\/dist\/embed.js?M3G\" type=\"text\/javascript\"><\/script>\r\n\r\n<em>A szerz\u0151 Kocsis Bence, a Magyar Labdar\u00fag\u00f3 Sz\u00f6vets\u00e9g adatelemz\u0151je.<\/em>\r\n\r\n[prefabricated_shortcode in_app=\"0\" code=\"%3Cdiv%20class%3D%22article_box_border%22%20style%3D%22background%3A%20url%28%27https%3A%2F%2F24.p3k.hu%2Fapp%2Fuploads%2Fsites%2F24%2F2021%2F05%2Fsport24-pattern.png%27%29%20no-repeat%20left%20-16px%20%23f3f3f4%3B%20border%3A%20none%3B%22%3E%0D%0A%3Cdiv%20class%3D%22article_solidheader%22%3E%0D%0A%3Ch2%20style%3D%22color%3A%20%23111115%21important%3B%20font-size%3A%2036px%3B%20font-weight%3A%20bold%3B%20margin-bottom%3A%2030px%3B%20margin-top%3A%2020px%3B%20text-align%3A%20center%3B%20line-height%3A%2036px%3B%22%3E%3Cimg%20class%3D%22aligncenter%20size-full%20wp-image-141%22%20src%3D%22https%3A%2F%2F24.p3k.hu%2Fapp%2Fuploads%2Fsites%2F24%2F2021%2F05%2Fs24-logo-dt.png%22%20alt%3D%22%22%20width%3D%22408%22%20height%3D%2290%22%20%2F%3E%3C%2Fh2%3E%0D%0A%3Ch2%20style%3D%22color%3A%20%23111115%21important%3B%20font-size%3A%2036px%3B%20font-weight%3A%20bold%3B%20margin-bottom%3A%2030px%3B%20margin-top%3A%2020px%3B%20text-align%3A%20center%3B%20line-height%3A%2040px%3B%22%3ECsatlakozz%20a%20Sport24%20k%C3%B6z%C3%B6ss%C3%A9ghez%2C%20mondd%20el%20v%C3%A9lem%C3%A9nyedet%20z%C3%A1rt%20Facebook-csoportunkban%2C%20%C3%A9s%20vegy%C3%A9l%20r%C3%A9szt%20csak%20el%C5%91fizet%C5%91knek%20el%C3%A9rhet%C5%91%20exkluz%C3%ADv%20esem%C3%A9nyeinken.%3C%2Fh2%3E%0D%0A%3C%2Fdiv%3E%0D%0A%3Cp%20style%3D%22background%3A%20%2357A600%3B%20margin-top%3A%2020px%3B%20padding%3A%2020px%3B%20text-align%3A%20center%3B%22%3E%3Ca%20style%3D%22color%3A%20%23ffffff%3B%20font-size%3A%2026px%3B%20font-weight%3A%20600%3B%22%20href%3D%22https%3A%2F%2Fwww.facebook.com%2Fgroups%2F212344460412327%22%3ECSATLAKOZOM%3C%2Fa%3E%3C%2Fp%3E%0D%0A%0D%0A%3C%2Fdiv%3E\"]","type":"rich","thumbnail_url":"https:\/\/s.24.hu\/app\/uploads\/sites\/24\/2022\/11\/gettyimages-1244851358-masolat-150x150.jpg","thumbnail_width":150,"thumbnail_height":150}