{"version":"1.0","provider_name":"Sport24","provider_url":"https:\/\/sport24.24.hu","author_name":"Dajka Bal\u00e1zs","author_url":"https:\/\/sport24.24.hu\/author\/dajkab\/","title":"Egy \u00e9vig csak a vil\u00e1g legjobb ir\u00e1ny\u00edt\u00f3ja volt, mostanra ism\u00e9t a vil\u00e1g legjobb j\u00e1t\u00e9kosa lett Messib\u0151l","html":"A 2021-2022-es szezon elej\u00e9n \u00fagy t\u0171nt, hogy nagyon m\u00e1s ir\u00e1nyt vesz az elm\u00falt m\u00e1sf\u00e9l \u00e9vtized k\u00e9t legmeghat\u00e1roz\u00f3bb futballist\u00e1j\u00e1nak a p\u00e1lyafut\u00e1sa. <strong>Cristiano Ronaldo<\/strong> a Juventust\u00f3l a Manchester Unitedhez hazat\u00e9rve r\u00f6gt\u00f6n az els\u0151 k\u00e9t bajnoki meccs\u00e9n h\u00e1rom g\u00f3lt szerzett, m\u00edg <strong>Lionel Messinek<\/strong> a Barcelon\u00e1t\u00f3l a klub anyagi helyzete miatti k\u00e9nyszer\u0171 t\u00e1voz\u00e1s\u00e1t k\u00f6vet\u0151en eg\u00e9szen novemberig kellett v\u00e1rnia, hogy feljegyezhesse az els\u0151 tal\u00e1lat\u00e1t a francia bajnoks\u00e1gban a Paris Saint-Germain mez\u00e9ben.\r\n\r\nAz\u00f3ta viszont nagyot fordult a vil\u00e1g a k\u00e9t j\u00e1t\u00e9kos k\u00f6r\u00fcl: Ronaldo mostanra a Premier League-ben t\u00f6bbnyire csak cser\u00e9nek sz\u00e1m\u00edt a Manchester United ir\u00e1ny\u00edt\u00e1s\u00e1t a ny\u00e1r\u00f3 \u00e1tvev\u0151 <strong>Erik ten Hagn\u00e1l<\/strong>, mik\u00f6zben Messi ism\u00e9t olyan form\u00e1ban futballozik, ahogy azt az elm\u00falt b\u0151 t\u00edz \u00e9vben megszokhattuk t\u0151le.\r\n\r\nAz argentin vil\u00e1gklasszis az el\u0151z\u0151 szezonban a francia lig\u00e1ban mind\u00f6ssze 6 tal\u00e1latot \u00e9rt el, amit ebben az id\u00e9nyben m\u00e1ris siker\u00fclt t\u00falsz\u00e1rnyalnia. Viszont, <a href=\"https:\/\/sport24.24.hu\/foci\/2022\/01\/15\/lionel-messi-jateka-psg-elemzes\/\">ahogy arr\u00f3l m\u00e1r janu\u00e1ri elemz\u00e9s\u00fcnkben \u00e9rtekezt\u00fcnk<\/a>, Messi nem lett szignifik\u00e1nsan rosszabb j\u00e1t\u00e9kos P\u00e1rizsban az el\u0151z\u0151,\r\n\r\n<span class=\"highlight-block-small\">hanem egyszer\u0171en az akkori edz\u0151, <strong>Mauricio Pochettino<\/strong> rendszer\u00e9ben arra k\u00e9nyszer\u00fclt, hogy sokkal t\u00e1volabb j\u00e1tsszon a kaput\u00f3l, \u00e9s \u0151 legyen az, aki kiszolg\u00e1lja a csapatt\u00e1rsakat, \u00e9s vesz\u00e9lyes helyekre juttatja el a labd\u00e1t.<\/span>\r\n\r\nEzt mi sem bizony\u00edtja jobban, minthogy a 2021-2022-es szezon v\u00e9g\u00e9re a Ligue 1-ben 14 g\u00f3lpasszt osztott ki, emellett pedig az \u00f6t eur\u00f3pai toplig\u00e1t figyelembe v\u00e9ve 90 perces \u00e1tlagban senki nem tudott felmutatni t\u00f6bb progressz\u00edv \u00e1tad\u00e1st n\u00e1la.\r\n\r\nMessi sz\u00e1mai az el\u0151k\u00e9sz\u00edt\u00e9s ter\u00e9n ebben az id\u00e9nyben is eg\u00e9szen kimagasl\u00f3ak. S\u0151t, a 2021-2022-es mutat\u00f3it is t\u00falsz\u00e1rnyalj\u00e1k. Az eddigi 10 g\u00f3lpassz\u00e1val egyel\u0151re mindenkit megel\u0151z a toplig\u00e1kban, mik\u00f6zben a 6,8 v\u00e1rhat\u00f3 g\u00f3lpassza (xA) szint\u00e9n a legjobb mutat\u00f3, \u00e9s ez akkor is igaz, ha 90 perces \u00e1tlagot vesz\u00fcnk figyelembe (0,58). A progressz\u00edv passzok ter\u00e9n ez\u00fattal is \u0151 a legjobb, de az el\u0151z\u0151 id\u00e9nybeli 9,46-r\u00f3l \u00e1tlagban ezeknek a sz\u00e1ma is n\u0151tt, meccsenk\u00e9nt 11-re.\r\n\r\nA legszembet\u0171n\u0151bb viszont az, hogy visszat\u00e9rtek a g\u00f3lok is Messi reperto\u00e1rj\u00e1ba. A 2021-2022-es 0,25-\u00f6s meccsenk\u00e9nti g\u00f3l\u00e1tlag az argentin j\u00e1t\u00e9kos p\u00e1lyafut\u00e1sa sor\u00e1n messze a legalacsonyabb volt. K\u00fcl\u00f6n\u00f6sen akkor d\u00f6bbenetes ez a sz\u00e1m, ha azt n\u00e9zz\u00fck, hogy 2009 \u00f3ta ezt megel\u0151z\u0151en mind\u00f6ssze n\u00e9gy alkalommal fordult el\u0151, hogy bajnoki meccseken nem \u00e9rte el a meccsenk\u00e9nti legal\u00e1bb egyg\u00f3los \u00e1tlagot.\r\n\r\nA 2022-2023-as id\u00e9nyre viszont a g\u00f3l\u00e1tlaga t\u00f6bb mint a dupl\u00e1j\u00e1ra, 0,60-ra n\u0151tt, mik\u00f6zben a v\u00e1rhat\u00f3 g\u00f3ljainak \u00e1tlaga (xG) 0,47-r\u0151l 0,62-re emelkedett, ami annak k\u00f6sz\u00f6nhet\u0151, hogy meccsenk\u00e9nt 3,72 helyett 4,62 alkalommal k\u00eds\u00e9rletezik l\u00f6v\u00e9ssel, \u00e9s ezeket a l\u00f6v\u00e9seket is \u00e1tlagosan 19,1 helyett 17,5 m\u00e9terr\u0151l ereszti el.\r\n\r\nhttps:\/\/www.youtube.com\/watch?v=eq01iUrmrZk\r\n\r\nMessi teh\u00e1t nem felejtett el g\u00f3lt l\u0151ni egy \u00e9v alatt, de m\u00e9g minden id\u0151k tal\u00e1n legjobb j\u00e1t\u00e9kosa eset\u00e9ben sem szabad elfelejteni, hogy a k\u00f6r\u00fcl\u00f6tte l\u00e9v\u0151 csapat, \u00e9s az edz\u0151 \u00e1ltal alkalmazott j\u00e1t\u00e9krendszer \u00e9s az abban r\u00e1szabott szerepk\u00f6r mennyire tudja befoly\u00e1solni a teljes\u00edtm\u00e9nyt.\r\n<div class=\"payable-content-section\"><\/div>\r\nAz el\u0151z\u0151 szezon v\u00e9g\u00e9n t\u00e1voz\u00f3 Pochettino hely\u00e9t a kor\u00e1bban a Lille-lel bajnoki c\u00edmet nyer\u0151 <strong>Christophe Galtier<\/strong> vette \u00e1t, \u00e9s az \u00e1ltala alkalmazott 3-4-2-1-es, majd pedig az ut\u00f3bbi hetekben l\u00e1tott 4-3-1-2-es j\u00e1t\u00e9krendszerben Messi j\u00f3val k\u00f6zelebb tart\u00f3zkodhat a kapuhoz, \u00e9s b\u00e1r tov\u00e1bbra is elk\u00e9peszt\u0151 hat\u00e9konys\u00e1ggal juttatja el\u0151re a labd\u00e1t, ez m\u00e1r nem szinte kiz\u00e1r\u00f3lag az \u0151 feladata.\r\n\r\nUgyan 78,4-r\u0151l 77,2-re cs\u00f6kkent a meccsenk\u00e9nti labda\u00e9rint\u00e9seinek a sz\u00e1ma a Ligue 1-ben, de azt \u00e9rdemes megvizsg\u00e1lni, hogy hol t\u00f6rt\u00e9nnek ezek a labda\u00e9rint\u00e9sek. Az el\u0151z\u0151 id\u00e9nyhez k\u00e9pest a t\u00e1mad\u00f3harmadbeli \u00e9rint\u00e9seinek a sz\u00e1ma 36-r\u00f3l 36,9-re n\u0151tt, de ami eg\u00e9szen kimagasl\u00f3, az az ellenf\u00e9l tizenhatos\u00e1n bel\u00fcli n\u00f6veked\u00e9s 4,27-r\u0151l 6,5-re. R\u00e1ad\u00e1sul, mik\u00f6zben Messi tov\u00e1bbra is kiemelked\u0151 az el\u0151k\u00e9sz\u00edt\u00e9s ter\u00e9n, a t\u00e1rsak ebben a szezonban j\u00f3val t\u00f6bbsz\u00f6r tal\u00e1lj\u00e1k meg magasan progressz\u00edv \u00e1tad\u00e1ssal: 4,73 helyett 7,09 alkalommal.\r\n\r\nMindezt Galtier \u00e9rkez\u00e9se mellett el\u0151seg\u00edtette az is, hogy a PSG j\u00e1t\u00e9koskerete is alaposan \u00e1talakult a ny\u00e1ron. Mik\u00f6zben az el\u0151z\u0151 id\u00e9nyben a p\u00e1rizsiak h\u00e1romf\u0151s k\u00f6z\u00e9pp\u00e1ly\u00e1j\u00e1n legal\u00e1bb k\u00e9t helyet gyakran olyan j\u00e1t\u00e9kosok foglaltak, mint <strong>Idrissa Gueye,<\/strong> <strong>Ander Herrera<\/strong> vagy <strong>Danilo Perreira<\/strong>, akik ink\u00e1bb a labda megszerz\u00e9sben, mintsem annak el\u0151rejuttat\u00e1sban er\u0151sek, ebben a szezonban <strong>Marco Verratti<\/strong> mell\u00e9 meg\u00e9rkezett <strong>Vitinha,<\/strong> <strong>Fabian Ruiz,<\/strong> <strong>Renato Sanches<\/strong> \u00e9s <strong>Carlos Soler<\/strong> is.\r\n\r\n[caption id=\"attachment_6425\" align=\"alignnone\" width=\"1024\"]<img class=\"wp-image-6425 size-large\" src=\"https:\/\/sport24.24.hu\/app\/uploads\/sites\/24\/2022\/11\/messlabda-1024x576.jpg\" alt=\"\" width=\"1024\" height=\"576\" \/> Messi mostans\u00e1g ugyan\u00fagy var\u00e1zsol a labd\u00e1val, mint ahogy a Barca mez\u00e9ben tette[\/caption]\r\n\r\nEbb\u0151l a szempontb\u00f3l \u00e9rdemes megn\u00e9zni hogyan alakultak a k\u00e9t id\u00e9nyben a csapaton bel\u00fcl a t\u00e1mad\u00f3harmadba juttatott passzok: 2021\/22-ben Messit csak a m\u00e9g n\u00e1la is j\u00f3val m\u00e9lyebben, a v\u00e9delemben vagy k\u00f6zvetlen\u00fcl el\u0151tte szerepl\u0151 Sergio Ramos \u00e9s Leandro Parades el\u0151zte meg, m\u00edg ebben a szezonban Marco Verratti, Renato Sanches, Fabian Ruiz \u00e9s Neymar is t\u00f6bbsz\u00f6r passzol az argentin j\u00e1t\u00e9kosn\u00e1l a p\u00e1lya utols\u00f3 harmad\u00e1ba, \u00edgy pedig neki t\u00f6bb lehet\u0151s\u00e9ge van m\u00e1r eleve magas poz\u00edci\u00f3ban tal\u00e1lkozni a j\u00e1t\u00e9kszerrel.\r\n\r\nMessi teljes\u00edtm\u00e9ny\u00e9nek visszaes\u00e9s\u00e9t az el\u0151z\u0151 szezonban egyr\u00e9szt az okozta, hogy hirtelen kellett t\u00e1voznia Barcelon\u00e1b\u00f3l, \u00e9s id\u0151be tellett beilleszkednie P\u00e1rizsban, de az el\u0151k\u00e9sz\u00edt\u00e9sben mutatott teljes\u00edtm\u00e9nye m\u00e1r akkor azt sugallta, hogy nincs vele \u00f3ri\u00e1si probl\u00e9ma. Ebben a szezonban pedig egy olyan j\u00e1t\u00e9krendszerben, \u00e9s olyan t\u00e1rsakkal egy\u00fctt szerepelhet, akiknek k\u00f6sz\u00f6nhet\u0151en sokkal akt\u00edvabb tud lenni a kapuhoz k\u00f6zel, \u00e9s nem kell m\u00e9lyre visszaj\u00e1rnia labd\u00e1\u00e9rt.\r\n\r\n<span class=\"highlight-block-small\">Ennek k\u00f6sz\u00f6nhet\u0151en a meccsenk\u00e9nti g\u00f3l plusz g\u00f3lpassz \u00e1tlaga 1,45-re emelkedett, amit az \u00f6t eur\u00f3pai toplig\u00e1ban legal\u00e1bb 500 lej\u00e1tszott perc mellett csak csapatt\u00e1rsa, <strong>Neymar<\/strong> \u00e9s Erling Haaland (Manchester City) tud fel\u00fclm\u00falni.<\/span>\r\n\r\nEnnek ellen\u00e9re tov\u00e1bbra is \u00f3ri\u00e1siak a k\u00e9rd\u0151jelek a Paris Saint-Germain neve mellett: a c\u00e9l v\u00e1ltozatlanul a Bajnokok Lig\u00e1ja-gy\u0151zelem, \u00e9s hi\u00e1ba teljes\u00edt imm\u00e1r kiv\u00e1l\u00f3an egyszerre Neymar, <strong>Kylian Mbapp\u00e9<\/strong> \u00e9s Messi is, a csoportk\u00f6rben a Benfica m\u00f6g\u00f6tt csak m\u00e1sodik helyen jutottak tov\u00e1bb. Tov\u00e1bbra is \u00f3ri\u00e1si gondot jelent ennek a tri\u00f3n\u00e1l a v\u00e9dekez\u00e9sbeli aktivit\u00e1s hi\u00e1nya, ha egy igaz\u00e1n komoly ellenf\u00e9l j\u00f6n szembe. M\u00e1rpedig a BL-ben a 16 k\u00f6z\u00f6tt a bombaer\u0151s Bayern k\u00f6vetkezik.\r\n\r\n<strong>Lionel Scaloni,<\/strong> az argentin v\u00e1logatott sz\u00f6vets\u00e9gi kapit\u00e1nya viszont \u00f6r\u00fclhet, hiszen egy kiv\u00e1l\u00f3 form\u00e1ban l\u00e9v\u0151 Messi utazik el a katari vil\u00e1gbajnoks\u00e1gra, azt pedig Scaloni m\u00e1r a Copa America-gy\u0151zelem sor\u00e1n megmutatta, hogy remek\u00fcl fel tudja h\u00fazni a csapatot a vil\u00e1g legjobb j\u00e1t\u00e9kosa k\u00f6r\u00e9.","type":"rich","thumbnail_url":"https:\/\/s.24.hu\/app\/uploads\/sites\/24\/2022\/11\/messkiemelt-150x150.jpg","thumbnail_width":150,"thumbnail_height":150}