{"version":"1.0","provider_name":"Sport24","provider_url":"https:\/\/sport24.24.hu","author_name":"Bruckner G\u00e1bor","author_url":"https:\/\/sport24.24.hu\/author\/brucknerg\/","title":"Testhez\u00e1ll\u00f3 szerep, sok hat\u00e9konys\u00e1g, egy csipet szerencse: \u00edgy lett a Fradi k\u00fcl\u00f6n\u00f6s betolakod\u00f3 a nagyok k\u00f6z\u00e9","html":"Val\u00f3sz\u00edn\u0171leg mindenki arra sz\u00e1m\u00edtott, amit kapott a Trabzonspor\u2013Ferencv\u00e1ros m\u00e9rk\u0151z\u00e9st\u0151l: a tov\u00e1bbjut\u00e1sra (hi\u00e1ba) hajt\u00f3, \u00edgy motiv\u00e1ltabbnak is t\u0171n\u0151 t\u00f6r\u00f6k egy\u00fcttes 1-0-ra gy\u0151z\u00f6tt a m\u00e1r biztos csoportels\u0151 Ferencv\u00e1ros ellen a Senol G\u00fcnes Stadionban. A Fradi \u00edgy 3\u20131\u20132-es m\u00e9rleggel, 10 ponttal, 8-9-es g\u00f3lk\u00fcl\u00f6nbs\u00e9ggel z\u00e1rta az els\u0151 helyen a H csoportot.\r\n\r\nEnn\u00e9l csak egy kvartettben lehetett kevesebb ponttal el\u00e9rni a csoportels\u0151s\u00e9get: az F-ben, melyben a Feyenoord, a Midtjylland, a Lazio \u00e9s a Sturm Graz egyar\u00e1nt 8 ponttal z\u00e1rt, v\u00e9g\u00fcl az osztr\u00e1kok h\u00fazt\u00e1k a r\u00f6videbbet, \u0151k m\u00e9g a Konferencia Lig\u00e1ban sem folytathatj\u00e1k (a Lazio pedig \u00e1tesett a harmadik sz\u00e1m\u00fa kup\u00e1ba). A legt\u00f6bb csoport kett\u00e9szakadt, \u00edgy nem meglep\u0151, hogy a 16 tov\u00e1bbjut\u00f3b\u00f3l 10 t\u00f6bbet \u00e9rt el 10 pontn\u00e1l.\r\n<h2>Alig maradt keleti<\/h2>\r\nHogy mennyire nem pap\u00edrforma a Ferencv\u00e1ros tov\u00e1bbjut\u00e1sa \u00e9s csoportels\u0151s\u00e9ge, azt j\u00f3l mutatja a Bajnokok Lig\u00e1j\u00e1ban talpon maradt 16 \u00e9s az Eur\u00f3pa Lig\u00e1ban (a BL-b\u0151l \u00e1tes\u0151kkel egy\u00fctt sz\u00e1molva) versenyben lev\u0151 24 csapat f\u00f6ldrajzi eloszl\u00e1sa. Ink\u00e1bb sokatmond\u00f3, mintsem megd\u00f6bbent\u0151 a szinte tot\u00e1lis nyugat-eur\u00f3pai dominancia.\r\n\r\n<span class=\"highlight-block\">A 40 csapatb\u00f3l 27 toplig\u00e1s (teh\u00e1t angol, spanyol, n\u00e9met, olasz vagy francia), <\/span>\r\n\r\n8 a toplig\u00e1kat k\u00f6zvetlen\u00fcl k\u00f6vet\u0151 h\u00e1rom nyugat-eur\u00f3pai bajnoks\u00e1gb\u00f3l (portug\u00e1l, holland, belga) \u00e9rkezett. Ez 35 klub, mind\u00f6ssze 8 bajnoks\u00e1gb\u00f3l. A marad\u00e9k \u00f6tb\u0151l egy \u00e9szaknyugat-eur\u00f3pai (d\u00e1n), k\u00e9t k\u00f6z\u00e9p-eur\u00f3pai (osztr\u00e1k, magyar), egy kelet-eur\u00f3pai (ukr\u00e1n) \u00e9s egy d\u00e9lkelet-eur\u00f3pai (t\u00f6r\u00f6k). Az egykori keleti blokk csapatai k\u00f6z\u00fcl csak a Ferencv\u00e1ros \u00e9s a Sahtar Doneck maradt versenyben, m\u00e1r ha nem sz\u00e1moljuk azt a k\u00e9t n\u00e9met egy\u00fcttest (RB Leipzig, Union Berlin), amely egykori NDK-s ter\u00fcleteken van.\r\n\r\nR\u00e1ad\u00e1sul m\u00e9g a kicsiknek megmaradt, val\u00f3ban tiritarka mez\u0151nyt felvonultat\u00f3 Konferencia Lig\u00e1ban is van 9 csapat a 8 leger\u0151sebb eur\u00f3pai bajnoks\u00e1gb\u00f3l. Viszont ott a klubok harmada (Slovan Bratislava, Lech Poznan, Partizan Beograd, Dnipro, CFR Cluj, Ludogorec, Sheriff, Qarabag) az egykori keleti blokk k\u00e9pvisel\u0151je.\r\n\r\n<img class=\"alignnone size-full wp-image-6381\" src=\"https:\/\/sport24.24.hu\/app\/uploads\/sites\/24\/2022\/11\/blel_terkep.png\" alt=\"\" width=\"4592\" height=\"3196\" \/>\r\n\r\nAz az \u00e9rz\u00e9se a szeml\u00e9l\u0151nek, hogy az oll\u00f3 csak ny\u00edlik, csak ny\u00edlik, ki tudja, meddig? A BL mellett az EL is a nagyok j\u00e1tsz\u00f3tere, az er\u0151- \u00e9s tud\u00e1skoncentr\u00e1ci\u00f3 nyertes\u00e9nek sz\u00e1m\u00edt\u00f3 (D\u00e9l)Nyugat-Eur\u00f3pa legjobb bajnoks\u00e1gai korl\u00e1tlanul uralj\u00e1k a terepet. A Red Bull Salzburg \u00e9s a Midtjylland szint\u00e9n ink\u00e1bb ehhez a csoporthoz tartozik (k\u00f6zben mindk\u00e9t csapat megmutatja a kiv\u00e1l\u00f3 j\u00e1t\u00e9kos-megfigyel\u0151i h\u00e1l\u00f3zat \u00e9s a magas szint\u0171 j\u00e1t\u00e9kosnevel\u00e9s eredm\u00e9nyeit), a Fenerbahce \u00e9s a Sahtar jelenl\u00e9te pedig nem meglepet\u00e9s, mindk\u00e9t egy\u00fcttes megszokott arc a kontinent\u00e1lis porondon.\r\n\r\nA Transfermarkt keret\u00e9rt\u00e9kbecsl\u00e9se szerint a BL-ben \u00e9s EL-ben talpon maradt csapatok k\u00f6z\u00fcl csak h\u00e1rom olyan van, amelynek keret\u00e9rt\u00e9ke nem \u00e9ri el az 50 milli\u00f3 eur\u00f3t: a d\u00e1n Midtjylland (48,6 milli\u00f3 eur\u00f3; 1,8 milli\u00f3 eur\u00f3s \u00e1tlagos j\u00e1t\u00e9kos\u00e9rt\u00e9k), a belga Union Saint-Gilloise (44,15 milli\u00f3; 1,84 milli\u00f3) \u00e9s v\u00e9g\u00fcl a Ferencv\u00e1ros (40,05 milli\u00f3; 1,54 milli\u00f3).\r\n\r\n<span class=\"highlight-block-small\">Ebben a mez\u0151nyben az FTC \u2013 b\u00e1rmennyire is domin\u00e1ns haz\u00e1nkban \u00e9s b\u00e1rmennyire er\u0151s is k\u00f6z\u00e9p-eur\u00f3pai m\u00e9rc\u00e9vel a kerete \u2013 val\u00f3s\u00e1gos rendszerhiba, k\u00fcl\u00f6n\u00f6s betolakod\u00f3 a nagyok k\u00f6z\u00e9. <\/span>\r\n\r\nBejut\u00e1sa az EL-nyolcadd\u00f6nt\u0151be \u00e9pp ez\u00e9rt \u00f3ri\u00e1si teljes\u00edtm\u00e9ny.\r\n<div class=\"payable-content-section\"><\/div>\r\n<h2>Testhez\u00e1ll\u00f3 szerep<\/h2>\r\nA Ferencv\u00e1ros csoportm\u00e9rk\u0151z\u00e9seinek \u00e9rt\u00e9kel\u00e9sekor a fentieket mindenk\u00e9ppen figyelembe kell venni, ugyanis a k\u00fcl\u00f6nb\u00f6z\u0151 adatsorokon az l\u00e1tszik: noha a magyar bajnok m\u00e1r nem kezd\u0151 ebben a k\u00f6rben, m\u00e9g a csoportk\u00f6r\u00f6s t\u00e1rsas\u00e1gban is a kisebb halak k\u00f6z\u00e9 tartozik, remek eredm\u00e9nyei ellen\u00e9re.\r\n\r\nEzt t\u00fckr\u00f6zik a WyScout \u00e1ltal felvett adatok. A Ferencv\u00e1ros tudniillik \u00fagy nyerte meg a csoportj\u00e1t, hogy k\u00f6zben:\r\n<ul>\r\n \t<li>Minden m\u00e9rk\u0151z\u00e9sen ellenfele l\u0151tt t\u00f6bbet kapura<\/li>\r\n \t<li>Egy kiv\u00e9tel\u00e9vel minden m\u00e9rk\u0151z\u00e9sen a Fradi ellenfele birtokolta t\u00f6bbet a labd\u00e1t<\/li>\r\n \t<li>Kett\u0151 kiv\u00e9tel\u00e9vel minden m\u00e9rk\u0151z\u00e9sen ellenfele xG-je volt a magasabb. Ha \u00f6sszeadjuk a hat csoportmeccs xG- \u00e9s xGA-\u00e9rt\u00e9k\u00e9t (ut\u00f3bbi az ellenf\u00e9l xG-je), akkor 6.97\u201310.2 j\u00f6n ki, ez durva kerek\u00edt\u00e9ssel 7\u201310-es g\u00f3lk\u00fcl\u00f6nbs\u00e9get felt\u00e9telezne (ehhez k\u00e9pest 8\u20139 a t\u00e9nyleges)<\/li>\r\n \t<li>Ha xG\/l\u00f6v\u00e9s, \u00e9s xGA\/l\u00f6v\u00e9s bont\u00e1st csin\u00e1lunk, akkor viszont nem nagy a k\u00fcl\u00f6nbs\u00e9g a Ferencv\u00e1ros \u00e9s ellenfelei helyzeteinek min\u0151s\u00e9ge k\u00f6z\u00f6tt. Az FTC h\u00e1rom meccsen is jobb volt ellenfel\u00e9n\u00e9l ebben a mutat\u00f3ban<\/li>\r\n<\/ul>\r\n<iframe class=\"flourish-embed-iframe\" style=\"width: 100%;height: 600px\" title=\"Interactive or visual content\" src=\"https:\/\/flo.uri.sh\/visualisation\/11696493\/embed\" frameborder=\"0\" scrolling=\"no\"><\/iframe>\r\n<div style=\"width: 100%!;margin-top: 4px!important;text-align: right!important\"><a class=\"flourish-credit\" style=\"text-decoration: none!important\" href=\"https:\/\/public.flourish.studio\/visualisation\/11696493\/?utm_source=embed&amp;utm_campaign=visualisation\/11696493\" target=\"_top\" rel=\"noopener\"><img style=\"width: 105px!important;height: 16px!important;border: none!important;margin: 0!important\" src=\"https:\/\/public.flourish.studio\/resources\/made_with_flourish.svg\" alt=\"Made with Flourish\" \/> <\/a><\/div>\r\n&nbsp;\r\n\r\nAzt nem mondhatjuk, hogy a Ferencv\u00e1ros lej\u00e1tszotta volna a p\u00e1ly\u00e1r\u00f3l csoportellenfeleit, \u00e1m ez \u2013 \u00e9s itt utalunk vissza az er\u0151viszonyokra \u2013 re\u00e1lisan nem is elv\u00e1rhat\u00f3. Ebben a t\u00e1rsas\u00e1gban a Fradi es\u00e9lye az volt, hogy feln\u0151 az EL-csoportk\u00f6r megk\u00f6vetelte szintre, megpr\u00f3b\u00e1lja min\u00e9l jobban elt\u00fcntetni a keretek k\u00f6zti k\u00fcl\u00f6nbs\u00e9get \u00e9s lecsap minden k\u00edn\u00e1lkoz\u00f3 es\u00e9lyre. Pontosan ezt is tette, \u00e9s ez olyasmi, amir\u0151l tudjuk, hogy<strong> Sztanyiszlav Csercseszovnak<\/strong> igencsak testhez\u00e1ll\u00f3 szerep.\r\n\r\n<span class=\"highlight-block-small\">A Fradi vezet\u0151edz\u0151je az orosz v\u00e1logatott tr\u00e9nerek\u00e9nt sorozatosan v\u00edvott olyan m\u00e9rk\u0151z\u00e9seket (Uruguay, Spanyolorsz\u00e1g \u00e9s Horv\u00e1torsz\u00e1g ellen) a 2018-as vil\u00e1gbajnoks\u00e1gon, melyeken ellenfelei min\u0151s\u00e9ge egy\u00e9rtelm\u0171en jobb volt. <\/span>\r\n\r\nAz oroszok k\u00fcl\u00f6n\u00f6sebben nem t\u00f6r\u0151dtek a labdabirtokl\u00e1ssal (az eg\u00e9sz vb-re vet\u00edtve 38 sz\u00e1zal\u00e9kos volt a labdabirtokl\u00e1suk, a harmadik legalacsonyabb a mez\u0151nyben), azzal sem, hogy ellenfeleik t\u00f6bbet l\u0151nek (a sza\u00fadiak elleni m\u00e9rk\u0151z\u00e9st kiv\u00e9ve minden riv\u00e1lis t\u00fall\u0151tte az oroszokat). A helyzetek min\u0151s\u00e9ge sem volt t\u00fal magas (csak a sza\u00fadiak ellen volt az orosz xG magasabb, mint a vet\u00e9lyt\u00e1rs\u00e9), ennek ellen\u00e9re a h\u00e1zigazda bejutott a legjobb nyolc k\u00f6z\u00e9, b\u00facs\u00faztatta a sokkal es\u00e9lyesebb spanyolokat \u00e9s csak tizenegyesp\u00e1rbajban maradt alul a k\u00e9s\u0151bbi ez\u00fcst\u00e9rmes horv\u00e1tokkal szemben.\r\n\r\nMivel tudt\u00e1k az oroszok ellens\u00falyozni a spanyolok vagy a horv\u00e1tok technikai \u00e9s min\u0151s\u00e9gi f\u00f6l\u00e9ny\u00e9t? Rengeteg munk\u00e1val \u00e9s fut\u00e1ssal, sok-sok j\u00f3 v\u00e9dekez\u0151 beavatkoz\u00e1ssal, kompakts\u00e1ggal, valamint a megny\u00edl\u00f3 (viszonylag kev\u00e9s) lehet\u0151s\u00e9g j\u00f3 hat\u00e1sfok\u00fa kihaszn\u00e1l\u00e1s\u00e1val. Ez nem k\u00fcl\u00f6nb\u00f6zik nagyban att\u00f3l, amivel a Fradi el\u00e9rte a csoportels\u0151s\u00e9get az Eur\u00f3pa Lig\u00e1ban.\r\n\r\nAz orosz v\u00e1logatott valamivel hat\u00e9konyabb volt, de ehhez nagyban hozz\u00e1j\u00e1rulhatott, hogy kiv\u00e1l\u00f3an hajtotta v\u00e9gre a pontr\u00fag\u00e1sokat (11-b\u0151l 5 g\u00f3lja pontr\u00fag\u00e1s ut\u00e1n sz\u00fcletett) \u00e9s volt egy klasszikus er\u0151csat\u00e1ra, <strong>Artyjom Dzjuba<\/strong>, aki m\u00e1r csak termet\u00e9vel is igen sok gondot okozott az ellenfeleknek. Ha pedig a kapu el\u00e9 keveredtek, akkor remek\u00fcl \u00f6sszpontos\u00edtottak: a 2018-as vil\u00e1gbajnoks\u00e1gon az orosz csapatnak kellett a legkevesebb k\u00eds\u00e9rlet egy g\u00f3l el\u00e9r\u00e9s\u00e9hez! Ha a Ferencv\u00e1ros ilyen hat\u00e9konys\u00e1ggal nem is b\u00fcszk\u00e9lkedhet, az\u00e9rt az els\u0151 t\u00edzben volt az EL-csoportk\u00f6rben az egy g\u00f3lhoz sz\u00fcks\u00e9ges k\u00eds\u00e9rleteket tekintve.\r\n\r\nA csoportm\u00e9rk\u0151z\u00e9sek alapj\u00e1n Csercseszovnak (\u00e9s csapat\u00e1nak is) jobban \u00e1llt, ha nem domin\u00e1ns f\u00e9lk\u00e9nt kellett fell\u00e9pnie. A csoportellenfelek ereje megk\u00f6vetelte, j\u00f3l szervezett v\u00e9dekez\u00e9s k\u00f6r\u00e9 \u00e9p\u00edtett pragmatikus j\u00e1t\u00e9k nagyon fek\u00fcdt az FTC-nek. Itthon a Ferencv\u00e1ros szinte mindig \u00e9rv\u00e9nyre tudja juttatni min\u0151s\u00e9gi f\u00f6l\u00e9ny\u00e9t, de a nemzetk\u00f6zi porondon ez m\u00e1r a selejtez\u0151kre sem felt\u00e9tlen\u00fcl igaz, legk\u00e9s\u0151bb a csoportk\u00f6rre pedig megv\u00e1ltozik a szereposzt\u00e1s: az od\u00e1ig kiemelt magyar csapat egy csap\u00e1sra a kicsik k\u00f6z\u00f6tt lesz a mez\u0151nyben, \u00e9s ennek tudat\u00e1ban kell j\u00e1tszania.\r\n\r\nMeglehet\u0151sen hasonl\u00f3 ez a szerep ahhoz, amit a magyar v\u00e1logatott igen gyakran \u2013 \u00e9s igen j\u00f3l \u2013 j\u00e1tszott az elm\u00falt \u00e9vekben. <strong>Marco Rossi<\/strong> v\u00e1logatottja \u00e9s Csercseszov Fradija a nemzetk\u00f6zi porondon gyakran tal\u00e1lkozik pap\u00edron er\u0151sebb, m\u00e9lyebb keret\u0171 ellenf\u00e9llel, \u00e1m a k\u00fcl\u00f6nbs\u00e9g m\u00e1r nem akkora, hogy ne tudn\u00e1 minimaliz\u00e1lni vagy egy-egy meccsen elt\u00fcntetni azt. Mind a v\u00e1logatott, mind a Ferencv\u00e1ros el\u00e9g j\u00f3 ahhoz, hogy ne kiz\u00e1r\u00f3lag egy jobb egy\u00fcttes j\u00e1t\u00e9k\u00e1nak elront\u00e1s\u00e1ra koncentr\u00e1ljon, hanem felvegye a versenyt k\u00f6zel egyenl\u0151 ellenf\u00e9lk\u00e9nt, \u00e9s el\u00e9g vesz\u00e9lyt jelent ahhoz, hogy folyamatos figyelemre \u00e9s \u00f3vatoss\u00e1gra k\u00e9nyszer\u00edtse a m\u00e1sik felet.\r\n\r\n[caption id=\"attachment_6388\" align=\"alignnone\" width=\"2000\"]<img class=\"size-full wp-image-6388\" src=\"https:\/\/sport24.24.hu\/app\/uploads\/sites\/24\/2022\/11\/central-0721070550.jpg\" alt=\"\" width=\"2000\" height=\"1330\" \/> Tokmac tizenegyese a Fradi-Trabzonspor meccsen[\/caption]\r\n\r\nA Ferencv\u00e1ros legnagyobb brav\u00farja \u2013 monac\u00f3i gy\u0151zelem ide, hazai Crvena zvezda-ver\u00e9s oda \u2013 minden bizonnyal a Trabzonspor elleni hazai siker volt, hiszen a Fradi a 16. perct\u0151l emberh\u00e1tr\u00e1nyban j\u00e1tszott. Ehhez k\u00e9pest a Fradi nemcsak nyert, hanem kilenc mez\u0151nyj\u00e1t\u00e9kossal is magasabb min\u0151s\u00e9g\u0171 helyzeteket dolgozott ki, mint t\u00f6r\u00f6k ellenfele.\r\n\r\n<span class=\"highlight-block-small\">K\u00f6nnyen lehet, hogy ez a m\u00e9rk\u0151z\u00e9s alapj\u00e1ban befoly\u00e1solta a folytat\u00e1st: a csapatnak hitet \u00e9s er\u0151t adott, hogy egy nagyon er\u0151s ellenfelet emberh\u00e1tr\u00e1nyban k\u00fczdve le tudott gy\u0151zni.<\/span>\r\n\r\nErre lehetett \u00e9p\u00edteni: a r\u00e9mesen futballoz\u00f3 Monac\u00f3t siker\u00fclt beler\u00e1ntani egy kev\u00e9ss\u00e9 sz\u00f3rakoztat\u00f3, helyzetet alig hoz\u00f3 meccsbe, amelyet a Ferencv\u00e1ros egy szerencs\u00e9s l\u00f6v\u00e9ssel meg tudott nyerni. A Crvena zvezda ellen Belgr\u00e1dban j\u00f6tt egy \u00f3ri\u00e1si pofon (a szerb \u00e9lcsapat a vezet\u00e9s megszerz\u00e9se ut\u00e1n sz\u00e9tkontr\u00e1zta a Fradit), \u00e1m a visszav\u00e1g\u00f3n az egyenl\u0151 er\u0151k k\u00fczdelm\u00e9t a magyar csapat nyerte meg. A Monaco ellen hazai p\u00e1ly\u00e1n rengeteg munk\u00e1val \u00e9s csipetnyi szerencs\u00e9vel siker\u00fclt a pontszerz\u00e9s (a francia egy\u00fcttes az els\u0151 f\u00e9lid\u0151ben \u00f3ri\u00e1si helyzeteket hagyott ki sorozatban), a Trabzonsporral szembeni t\u00f6r\u00f6korsz\u00e1gi meccs pedig m\u00e1r nem sokat sz\u00e1m\u00edtott, ez t\u00fckr\u00f6z\u0151d\u00f6tt a Fradi visszafogott j\u00e1t\u00e9k\u00e1ban is.\r\n<h2>Mez\u0151nybe simulva \u2013 kiemelked\u0151 eredm\u00e9nnyel<\/h2>\r\nAz EL-csoportk\u00f6r mutat\u00f3it v\u00e9gig n\u00e9zve a Ferencv\u00e1ros a legt\u00f6bb esetben belesimul a k\u00f6z\u00e9pmez\u0151nybe, ami fegyvert\u00e9ny: bizony\u00edtja, hogy a magyar bajnok feln\u0151tt az Eur\u00f3pa Liga szintj\u00e9hez, \u00e9s a kontinent\u00e1lis k\u00f6z\u00e9pmez\u0151ny teljes jog\u00fa tagj\u00e1nak tekinthet\u0151. \u00c1tlag feletti azonban az eredm\u00e9nyess\u00e9g: mondhatni, ebben a csoportk\u00f6rben kipattant, aminek ki kellett, \u00e9s bepattant, aminek be kellett. A j\u00f3 teljes\u00edtm\u00e9ny, a rengeteg munka \u00e9s Fortuna kis seg\u00edts\u00e9ge pedig csoportels\u0151k\u00e9nt juttatta tov\u00e1bb a z\u00f6ld-feh\u00e9reket egy kiegyenl\u00edtett n\u00e9gyesb\u0151l. Ez \u2013 m\u00e1rmint a csoportels\u0151s\u00e9g \u2013 az\u00e9rt nem felt\u00e9tlen\u00fcl k\u00f6vetkezett az adatokb\u00f3l, de a futballt sosem lehet (teljesen) sz\u00e1mokra ford\u00edtani.\r\n\r\n<iframe class=\"flourish-embed-iframe\" style=\"width: 100%;height: 600px\" title=\"Interactive or visual content\" src=\"https:\/\/flo.uri.sh\/visualisation\/11696623\/embed\" frameborder=\"0\" scrolling=\"no\"><\/iframe>\r\n<div style=\"width: 100%!;margin-top: 4px!important;text-align: right!important\"><a class=\"flourish-credit\" style=\"text-decoration: none!important\" href=\"https:\/\/public.flourish.studio\/visualisation\/11696623\/?utm_source=embed&amp;utm_campaign=visualisation\/11696623\" target=\"_top\" rel=\"noopener\"><img style=\"width: 105px!important;height: 16px!important;border: none!important;margin: 0!important\" src=\"https:\/\/public.flourish.studio\/resources\/made_with_flourish.svg\" alt=\"Made with Flourish\" \/> <\/a><\/div>\r\n&nbsp;\r\n\r\nMagyar csapat ennyi pontot (10) m\u00e9g sosem szerzett eur\u00f3pai kupa f\u0151t\u00e1bl\u00e1j\u00e1n, a csoportk\u00f6rben \u2013 eddig a Feh\u00e9rv\u00e1r (2018\/19, EL) \u00e9s a Ferencv\u00e1ros (2019\/20, EL) tartotta a rekordot 7-7 ponttal. A Fradi az els\u0151 magyar klub, amely a csoportk\u00f6rben legal\u00e1bb h\u00e1rom gy\u0151zelmet aratott, eddig kett\u0151 volt a maximum. Szint\u00e9n az FTC az els\u0151, amely a csoportk\u00f6rb\u0151l tov\u00e1bb tudott jutni az egyenes kies\u00e9ses szakaszba. A 2023-2024-es kupasorozatoknak a z\u00f6ld-feh\u00e9rek m\u00e1r 26-os, magyar egy\u00fcttest\u0151l kiemelked\u0151en magasnak sz\u00e1m\u00edt\u00f3 koefficienssel v\u00e1ghatnak neki, m\u00e1r ha kvalifik\u00e1lj\u00e1k magukat (ez gyakorlatilag biztosra vehet\u0151).\r\n\r\n<span class=\"highlight-block\">A Ferencv\u00e1ros az eddig megv\u00edvott 14 kupam\u00e9rk\u0151z\u00e9ssel eljutott oda, ahol magyar csapat 1984\/85 \u00f3ta nem volt <\/span>\r\n\r\n\u2013 a legjobb 16 k\u00f6z\u00e9 egy eur\u00f3pai sorozatban. A Videoton akkor a d\u00f6nt\u0151ig folytatta brav\u00farsorozat\u00e1t, azt az\u00e9rt most neh\u00e9z vizion\u00e1lni, hogy a Fradi r\u00e9sztvev\u0151je lehet a budapesti fin\u00e1l\u00e9nak. Igaz, m\u00e1r \u201ecsak\u201d h\u00e1rom p\u00e1rharcot kell nyerni ehhez.\r\n\r\nA csoportels\u0151s\u00e9g azt jelenti, hogy a magyar bajnoki c\u00edmv\u00e9d\u0151 legk\u00f6zelebb csak m\u00e1rcius 9-\u00e9n l\u00e9p p\u00e1ly\u00e1ra, \u00e9s m\u00e1rcius 16-\u00e1n, Budapesten j\u00e1tssza a visszav\u00e1g\u00f3t; a p\u00e1ros\u00edt\u00e1sokat febru\u00e1r 24-\u00e9n sorsolja ki az UEFA. A lehets\u00e9ges ellenfelek list\u00e1ja veretes:\r\n<ul>\r\n \t<li>Csoportels\u0151k\u00e9nt m\u00e1r a 16 k\u00f6z\u00f6tt van (\u00e9s kiemelt): Arsenal, Fenerbahce, Betis, Union Saint-Gilloise, Real Sociedad, Feyenoord, Freiburg, Ferencv\u00e1ros<\/li>\r\n \t<li>Csoportm\u00e1sodikk\u00e9nt a play-inben van: PSV, Rennes, AS Roma, Union Berlin, Manchester United, Midtjylland, Nantes, Monaco<\/li>\r\n \t<li>A BL csoportharmadikjaik\u00e9nt a play-inben vannak: Ajax, Bayer Leverkusen, Barcelona, Sporting CP, Salzburg, Sahtar Doneck, Sevilla, Juventus<\/li>\r\n<\/ul>\r\nNagy a val\u00f3sz\u00edn\u0171s\u00e9ge, a nyolcadd\u00f6nt\u0151ben m\u00e1r BL-n\u00edv\u00f3j\u00fa csapat keveredik a Fradi \u00fatj\u00e1ba, \u00e9s csoportels\u0151s\u00e9ge ellen\u00e9re sem val\u00f3sz\u00edn\u0171, hogy a magyar bajnok lesz a favorit. De h\u00e1t ez a csoportm\u00e9rk\u0151z\u00e9seken sem zavarta Csercseszovot, st\u00e1bj\u00e1t \u00e9s csapat\u00e1t.\r\n\r\n[prefabricated_shortcode in_app=\"0\" code=\"%3Cdiv%20class%3D%22article_box_border%22%20style%3D%22background%3A%20url%28%27https%3A%2F%2F24.p3k.hu%2Fapp%2Fuploads%2Fsites%2F24%2F2021%2F05%2Fsport24-pattern.png%27%29%20no-repeat%20left%20-16px%20%23f3f3f4%3B%20border%3A%20none%3B%22%3E%0D%0A%3Cdiv%20class%3D%22article_solidheader%22%3E%0D%0A%3Ch2%20style%3D%22color%3A%20%23111115%21important%3B%20font-size%3A%2036px%3B%20font-weight%3A%20bold%3B%20margin-bottom%3A%2030px%3B%20margin-top%3A%2020px%3B%20text-align%3A%20center%3B%20line-height%3A%2036px%3B%22%3E%3Cimg%20class%3D%22aligncenter%20size-full%20wp-image-141%22%20src%3D%22https%3A%2F%2F24.p3k.hu%2Fapp%2Fuploads%2Fsites%2F24%2F2021%2F05%2Fs24-logo-dt.png%22%20alt%3D%22%22%20width%3D%22408%22%20height%3D%2290%22%20%2F%3E%3C%2Fh2%3E%0D%0A%3Ch2%20style%3D%22color%3A%20%23111115%21important%3B%20font-size%3A%2036px%3B%20font-weight%3A%20bold%3B%20margin-bottom%3A%2030px%3B%20margin-top%3A%2020px%3B%20text-align%3A%20center%3B%20line-height%3A%2040px%3B%22%3ECsatlakozz%20a%20Sport24%20k%C3%B6z%C3%B6ss%C3%A9ghez%2C%20mondd%20el%20v%C3%A9lem%C3%A9nyedet%20z%C3%A1rt%20Facebook-csoportunkban%2C%20%C3%A9s%20vegy%C3%A9l%20r%C3%A9szt%20csak%20el%C5%91fizet%C5%91knek%20el%C3%A9rhet%C5%91%20exkluz%C3%ADv%20esem%C3%A9nyeinken.%3C%2Fh2%3E%0D%0A%3C%2Fdiv%3E%0D%0A%3Cp%20style%3D%22background%3A%20%2357A600%3B%20margin-top%3A%2020px%3B%20padding%3A%2020px%3B%20text-align%3A%20center%3B%22%3E%3Ca%20style%3D%22color%3A%20%23ffffff%3B%20font-size%3A%2026px%3B%20font-weight%3A%20600%3B%22%20href%3D%22https%3A%2F%2Fwww.facebook.com%2Fgroups%2F212344460412327%22%3ECSATLAKOZOM%3C%2Fa%3E%3C%2Fp%3E%0D%0A%0D%0A%3C%2Fdiv%3E\"]","type":"rich","thumbnail_url":"https:\/\/s.24.hu\/app\/uploads\/sites\/24\/2022\/11\/central-0730406648-150x150.jpg","thumbnail_width":150,"thumbnail_height":150}