{"version":"1.0","provider_name":"Sport24","provider_url":"https:\/\/sport24.24.hu","author_name":"Bruckner G\u00e1bor","author_url":"https:\/\/sport24.24.hu\/author\/brucknerg\/","title":"Az eredm\u00e9nyk\u00e9nyszer felzab\u00e1lta Bogn\u00e1r Gy\u00f6rgy\u00f6t, de hogy j\u00f6n ide Zdenek Zeman?","html":"A magyar labdar\u00fag\u00e1s fels\u0151 k\u00e9t oszt\u00e1lya id\u00e9n \u201eelbrazilosodott\u201d. Nem felt\u00e9tlen\u00fcl a j\u00e1t\u00e9kra gondolunk, hanem arra, hogy az edz\u0151cser\u00e9k latinos temp\u00f3val zajlanak: az NB I tizenk\u00e9t csapat\u00e1b\u00f3l \u00f6tn\u00e9l, az NB II h\u00fasz egy\u00fcttesb\u0151l nyolcn\u00e1l volt m\u00e1r v\u00e1lt\u00e1s id\u00e9ny k\u00f6zben, holott m\u00e9g csak okt\u00f3bert \u00edrunk.\r\n\r\nA h\u00f3nap utols\u00f3 hete mindk\u00e9t oszt\u00e1lyban hozott egy-egy v\u00e1lt\u00e1st: el\u0151bb az MTK bontott szerz\u0151d\u00e9st a ny\u00e1ron szerz\u0151dtetett <strong>Bogn\u00e1r Gy\u00f6rggyel<\/strong>, azt\u00e1n a Honv\u00e9d kispadj\u00e1r\u00f3l kellett mennie a szint\u00e9n ny\u00e1ron \u00e9rkezett <strong>Tam Courtsnak<\/strong>. Hossz\u00fa t\u00e1v\u00fa tervez\u00e9sr\u0151l, tudatos strat\u00e9gia k\u00f6vet\u00e9s\u00e9r\u0151l nehezen lehetne besz\u00e9lni, hiszen az eredm\u00e9nyess\u00e9g (illetve annak hi\u00e1nya) fel\u00fcl\u00edr mindent. M\u00e9g az MTK \u00e9s Bogn\u00e1r Gy\u00f6rgy k\u00f6z\u00f6tti kapcsot is: a nemr\u00e9g az \u00e9v edz\u0151j\u00e9nek v\u00e1lasztott szakember \u2013 aki ezer sz\u00e1llal k\u00f6t\u0151dik a Hung\u00e1ria k\u00f6r\u00fathoz, hiszen annak idej\u00e9n az MTK-b\u00f3l lett v\u00e1logatott \u00e9s magyar bajnok j\u00e1t\u00e9kos, k\u00e9s\u0151bb pedig edz\u0151je lett a csapatnak \u2013 r\u00f6vid t\u00e9nyked\u00e9s ut\u00e1n t\u00e1vozni k\u00e9nyszer\u00fclt, mert nem hozta az elv\u00e1rt eredm\u00e9nyeket. Bogn\u00e1r kinevez\u00e9s\u00e9nek j\u00f3 volt a visszhangja, viszont st\u00edlus\u00e1nak \u2013 f\u00e9ktelen t\u00e1mad\u00f3j\u00e1t\u00e9k, nem t\u00fal er\u0151s v\u00e9dekez\u00e9s \u2013 val\u00f3sz\u00edn\u0171leg megvannak a korl\u00e1tai, \u00e9s ez \u00e9ppen az eredm\u00e9nyess\u00e9gn\u00e9l \u00fct vissza.\r\n\r\n<span class=\"highlight-block-small\">M\u00e1rpedig a k\u00e9k-feh\u00e9rekn\u00e9l most csak egy dolog sz\u00e1m\u00edt: visszajutnak-e az NB I-be?<\/span>\r\n\r\nEbb\u0151l ad\u00f3dik is a k\u00e9rd\u00e9s: lehet, hogy Bogn\u00e1r \u00e9s a jelenlegi c\u00e9lok\u00e9rt k\u00fczd\u0151 MTK egyszer\u0171en nem volt egym\u00e1ssal kompatibilis? Egy\u00e1ltal\u00e1n: mennyire k\u00e9pes egy \u201esz\u00f3rakoztat\u00e1sk\u00f6zpont\u00fa\u201d edz\u0151 igaz\u00e1n eredm\u00e9nyes lenni? A v\u00e1laszhoz az olasz futball egyik edz\u0151ikonj\u00e1n kereszt\u00fcl pr\u00f3b\u00e1lunk eljutni.\r\n<h2>Zemanlandia \u00e9s Bogn\u00e1rball<\/h2>\r\nVajon ki mondta az al\u00e1bbiakat?\r\n\r\n\u201eA 0-0 d\u00f6gunalmas, sokkal jobb 5-4-re kikapni, akkor legal\u00e1bb van izgalom.\u201d\r\n<blockquote>Senkit sem \u00e9rdekelt, hogy a n\u00e9z\u0151k unatkoznak, a gy\u0151ztesen megv\u00edvott tal\u00e1lkoz\u00f3 minden probl\u00e9m\u00e1t eltakart. Egy\u00e9bk\u00e9nt ez a n\u00edv\u00f3tlan vezet\u0151i felfog\u00e1s elv\u00e9tve, de m\u00e9g ma is m\u0171k\u00f6dik, \u00e9s nem csup\u00e1n idehaza, k\u00fclf\u00f6ld\u00f6n is ir\u00e1ny\u00edtanak profi klubot \u00e1tgondolatlan d\u00f6nt\u00e9seikr\u0151l ismert tulajdonosok.<\/blockquote>\r\n\u201eAz [\u2026] edz\u0151k att\u00f3l rettegnek, hogy elvesztenek egy meccset, \u00e9s elvesztik a munk\u00e1jukat. Ez\u00e9rt van az, hogy a legt\u00f6bb csapat az ellenf\u00e9l j\u00e1t\u00e9k\u00e1t akarja elrontani, nem pedig futballozni akar. \u00dagy gondolj\u00e1k, mindent meg kell tenni, hogy ne kapjanak ki. Ez nagyon messze van az \u00e9n elveimt\u0151l.\u201d\r\n\r\n\u201eCsak az sz\u00e1m\u00edtott, hogy a m\u00e1snapi \u00fajs\u00e1gban a megfelel\u0151 eredm\u00e9nyr\u0151l tud\u00f3s\u00edtsanak, \u00edgy \u00e1tmenetileg a tr\u00e9ner sz\u00e1m\u00e1ra a t\u00fal\u00e9l\u00e9s rem\u00e9nye megmaradhatott a k\u00f6vetkez\u0151 fordul\u00f3ig.\u201d\r\n\r\nHa arra gondolnak, a v\u00e1lasz Bogn\u00e1r Gy\u00f6rgy, igazuk van, legal\u00e1bbis r\u00e9szben. K\u00e9t id\u00e9zet val\u00f3ban a magyar edz\u0151t\u0151l sz\u00e1rmazik \u2013 a m\u00e1sodik \u00e9s a negyedik a Nemzeti Sportban jelent meg, 2016. okt\u00f3ber 31-\u00e9n \u2013, kett\u0151 viszont <strong>Zdenek Zemant\u00f3l<\/strong>, a calcio egyik k\u00fcl\u00f6n\u00f6s, kultedz\u0151nek b\u00e1tran nevezhet\u0151 figur\u00e1j\u00e1t\u00f3l.\r\n\r\n[caption id=\"attachment_6274\" align=\"aligncenter\" width=\"4256\"]<img class=\"size-full wp-image-6274\" src=\"https:\/\/sport24.24.hu\/app\/uploads\/sites\/24\/2022\/10\/075_roselli-pescarav170312_nph3y.jpg\" alt=\"\" width=\"4256\" height=\"2832\" \/> Zdenek Zeman[\/caption]\r\n\r\nEzzel nem azt akarjuk sugallni, hogy Bogn\u00e1r Gy\u00f6rgy lenne a magyar Zdenek Zeman. Zeman munk\u00e1ss\u00e1ga \u2013 rendk\u00edv\u00fcl offenz\u00edv 4\u20133\u20133-as form\u00e1ci\u00f3ja, ultraagressz\u00edv let\u00e1mad\u00e1sa, maxim\u00e1lis kock\u00e1zatv\u00e1llal\u00e1sa, \u00e9s az ehhez sz\u00fcks\u00e9ges k\u0151kem\u00e9ny fizikai felk\u00e9sz\u00edt\u00e9s, a \u201eZemanlandia\u201d l\u00e9trehoz\u00e1sa \u2013 hat\u00e1ssal volt a modern futball alakul\u00e1s\u00e1ra, nemcsak Olaszorsz\u00e1gban, hanem vil\u00e1gszerte is.\r\n\r\nHogy csak egy p\u00e9ld\u00e1t mondjunk erre: <strong>Ralf Rangnick<\/strong> t\u00fczetesen tanulm\u00e1nyozta Zeman m\u00f3dszereit, szintetiz\u00e1lta azokat a <strong>Valerij Lobanovszkijt\u00f3l<\/strong> \u00e9s <strong>Arrigo Sacchit\u00f3l<\/strong> l\u00e1tottakkal, valamint saj\u00e1t elk\u00e9pzel\u00e9seivel, \u00e9s csapataiban \u2013 tov\u00e1bb\u00e1 a Rangnick k\u00f6peny\u00e9b\u0151l kib\u00fajt edz\u0151k egy\u00fctteseiben \u2013 l\u00e1thatunk zemanos elemeket. <a href=\"https:\/\/rangado.24.hu\/magyar_foci\/2020\/10\/31\/bognar-gyorgy-paksi-fc-nb1-otp-bank-liga\/\" target=\"_blank\" rel=\"noopener\">A magyar tr\u00e9ner ink\u00e1bb k\u00fcl\u00f6ncnek sz\u00e1m\u00edt felfog\u00e1s\u00e1val<\/a> \u2013 a j\u00e1t\u00e9k analitikus, adatalap\u00fa megk\u00f6zel\u00edt\u00e9s\u00e9vel kapcsolatos ellen\u00e9rz\u00e9sei pedig er\u0151sen szembe mennek a nemzetk\u00f6zi trendekkel \u2013, eset\u00e9ben er\u0151s hat\u00e1sr\u00f3l nem besz\u00e9lhet\u00fcnk. \u00c9s persze a k\u00e9t k\u00f6zeget \u2013 a magyar futballt, illetve a kilencvenes \u00e9vek vil\u00e1gels\u0151, brut\u00e1lisan er\u0151s calci\u00f3j\u00e1t \u2013 sem lehet \u00f6sszehasonl\u00edtani n\u00edv\u00f3 szempontj\u00e1b\u00f3l, ahogyan a k\u00e9t edz\u0151 \u00e1ltal p\u00e1ly\u00e1ra \u00e1ll\u00edtott j\u00e1t\u00e9kosokat sem (Zemannak kulcsszerepe volt <strong>Giuseppe Signori, Alessandro Nesta<\/strong> \u00e9s <strong>Francesco Totti<\/strong> tehets\u00e9g\u00e9nek kibontakoztat\u00e1s\u00e1ban; a 2021-ben Eur\u00f3pa-bajnoks\u00e1got nyert csapat tagjai k\u00f6z\u00fcl pedig tan\u00edtv\u00e1nya volt <strong>Ciro Immobile, Lorenzo Insigne<\/strong> \u00e9s <strong>Marco Verratti<\/strong>).\r\n\r\nM\u00e9gis:\r\n\r\n<span class=\"highlight-block\">a k\u00e9t edz\u0151 gondolkod\u00e1sa sok ponton egybev\u00e1g,<\/span>\r\n<div class=\"payable-content-section\"><\/div>\r\nolyannyira, hogy nyilatkozataikat sim\u00e1n lehetne keverni a m\u00e1sik\u00e9val. J\u00f3 n\u00e9h\u00e1ny k\u00f6z\u00f6s elem van \u2013 Bogn\u00e1r eset\u00e9ben term\u00e9szetesen nyilv\u00e1nval\u00f3 egykori edz\u0151je, <strong>Verebes J\u00f3zsef<\/strong> er\u0151s hat\u00e1sa is:\r\n<ul>\r\n \t<li>A futball c\u00e9lja a sz\u00f3rakoztat\u00e1s. Avagy: jobb egy 4-5, mint egy 0-0<\/li>\r\n \t<li>A futball ellens\u00e9ge a f\u00e9lelem, ami k\u00e9z a k\u00e9zben j\u00e1r a t\u00falzott eredm\u00e9nyk\u00f6zpont\u00fas\u00e1ggal, illetve az eredm\u00e9nytelens\u00e9gt\u0151l val\u00f3 retteg\u00e9ssel<\/li>\r\n \t<li>A c\u00e9l: ny\u00edlt, t\u00e1mad\u00f3 szellem\u0171, sz\u00f3rakoztat\u00f3 futballt j\u00e1tszatni, m\u00e9g akkor is, ha ez a v\u00e9dekez\u00e9s rov\u00e1s\u00e1ra megy<\/li>\r\n \t<li>Direkt futball, agressz\u00edv labdaszerz\u00e9s ut\u00e1n a csapat r\u00e1veti mag\u00e1t az ellenf\u00e9l v\u00e9delm\u00e9re. Er\u0151s kock\u00e1zatv\u00e1llal\u00e1s; v\u00e1llalkoz\u00f3 szellem b\u00e1tor\u00edt\u00e1sa<\/li>\r\n \t<li>Kompromisszummentess\u00e9g a vezet\u0151i \u00e9s edz\u0151i st\u00edlusban. Emiatt konfliktusok alakulhatnak ki, f\u0151leg er\u0151sen hierarchikus vagy nagyon eredm\u00e9nyk\u00f6zpont\u00fa k\u00f6zegben. Mindketten els\u0151sorban kisebb csapatokn\u00e1l tudtak zavartalanul dolgozni. Zeman el\u0151sz\u00f6r a Foggi\u00e1val el\u00e9rt brav\u00farokkal h\u00edvta fel mag\u00e1ra a vil\u00e1gfutball figyelm\u00e9t; Bogn\u00e1r (f\u00e9lig-meddig a k\u00f6z\u00f6ns\u00e9g \u00e1ltal le\u00edrt edz\u0151k\u00e9nt) a Paksn\u00e1l v\u00edvott ki el\u0151sz\u00f6r sz\u00e9les k\u00f6r\u0171 elismer\u00e9st Magyarorsz\u00e1gon<\/li>\r\n \t<li>Tudatos h\u00e1tral\u00e9p\u00e9s az \u00e9lvonalbeli munk\u00e1kt\u00f3l bizonyos id\u0151szakban<\/li>\r\n<\/ul>\r\nMindkettej\u00fcket konfliktusos embernek ismerik, Zeman perif\u00e9ri\u00e1ra szorul\u00e1s\u00e1ban p\u00e9ld\u00e1ul biztosan szerepet j\u00e1tszott a szabadsz\u00e1j\u00fas\u00e1ga\u2026 S m\u00e9g egy k\u00f6z\u00f6s pont: egyik\u00fck sem sz\u00e1m\u00edt eredm\u00e9nyes edz\u0151nek. Bogn\u00e1r Gy\u00f6rgy a 2001\/2002-es \u00e9vadban 32 m\u00e9rk\u0151z\u00e9sen ir\u00e1ny\u00edtotta az MTK-t, \u00e9s b\u00e1r a csapat egy id\u0151ben hatalmas el\u0151nnyel vezette a bajnoks\u00e1got, tavasszal \u00f6sszeomlott, a tr\u00e9ner pedig a hajr\u00e1 el\u0151tt lemondott. A k\u00e9k-feh\u00e9rek v\u00e9g\u00fcl bronz\u00e9rmesek lettek \u2013 ez Bogn\u00e1r legjobb \u00e9lvonalbeli helyez\u00e9se, emellett a Pakssal az id\u00e9n v\u00edvott (\u00e9s elvesztett) kupad\u00f6nt\u0151 a m\u00e1sik tr\u00f3feak\u00f6zeli eredm\u00e9nye.\r\n\r\n[central_article_recommendation title=\"Kapcsol\u00f3d\u00f3\" url=\"https:\/\/rangado.24.hu\/magyar_foci\/2020\/10\/31\/bognar-gyorgy-paksi-fc-nb1-otp-bank-liga\/\" image=\"1\" lead=\"1\"]\r\n\r\nZeman sosem nyert nagy tr\u00f3fe\u00e1t, pedig \u00fclt a Lazio, az AS Roma, a Fenerbahce \u00e9s a Crvena zvezda kispadj\u00e1n is. K\u00e9tszer (a Foggi\u00e1val, \u00e9s g\u00f3lrekordot el\u00e9rve a Pescar\u00e1val) megnyerte a Serie B-t, volt a Lazi\u00f3val bajnoki ez\u00fcst- \u00e9s bronz\u00e9rmes, de negyven\u00e9vi edz\u0151sk\u00f6d\u00e9s alatt enn\u00e9l nem jutott tov\u00e1bb. Amikor (sokadszor) \u00f6sszekapott az edz\u0151i antit\u00e9zis\u00e9t k\u00e9pvisel\u0151 <strong>Jos\u00e9 Mourinh\u00f3val<\/strong>, a portug\u00e1l azzal oltotta le, hogy \u0151 huszon\u00f6t tr\u00f3fea megszerz\u00e9se ut\u00e1n nem \u00e1ll le vitatkozni olyasvalakivel, akinek k\u00e9t Serie B-feljut\u00e1s a nagy eredm\u00e9nye.\r\n\r\nK\u00f6nnyen lehet, hogy Zeman \u00e9s Bogn\u00e1r alapelk\u00e9pzel\u00e9se egyben korl\u00e1tozta is csapataik eredm\u00e9nyess\u00e9g\u00e9t: hi\u00e1ba ontott\u00e1k a g\u00f3lokat, n\u00e9h\u00e1ny id\u00e9nyt kiv\u00e9ve h\u00e1tul mindig k\u00f6nnyen sebezhet\u0151k voltak. Ez a k\u00f6z\u00e9pmez\u0151nyben nem probl\u00e9ma, akkor viszont m\u00e1r az lehet, ha az els\u0151s\u00e9g\u00e9rt kell(ene) k\u00fczdeni.\r\n<h2>Nem zs\u00e1kbamacska<\/h2>\r\nAz MTK nem zs\u00e1kbamacsk\u00e1t vett, amikor szerz\u0151dtette Bogn\u00e1r Gy\u00f6rgy\u00f6t. Az \u00f6tvenszeres v\u00e1logatott ir\u00e1ny\u00edt\u00f3 szinte minden csapat\u00e1n\u00e1l ugyanazt hozta: sok szerzett g\u00f3l, sok kapott g\u00f3l, kev\u00e9s d\u00f6ntetlen. Ez j\u00f3 id\u00e9nyekben \u00e1ltal\u00e1ban azt eredm\u00e9nyezte, hogy az \u00e1ltala ir\u00e1ny\u00edtott egy\u00fcttes a fels\u0151h\u00e1zba ker\u00fclt, nem ritk\u00e1n meglepet\u00e9st okozva ezzel, hiszen a Baja, a Buda\u00f6rs vagy a Paks negyedik helye (illetve az ut\u00f3bbi kupad\u00f6nt\u0151je) messze nem a pap\u00edrforma. Rosszabb \u00e9vadokban maradt a k\u00f6z\u00e9pmez\u0151ny, n\u00e9ha annak is az als\u00f3bb r\u00e9gi\u00f3ja. Az MTK el\u0151tt ez semmi gondot nem jelentett: olyan egy\u00fcttesekr\u0151l volt ugyanis sz\u00f3, amelyeket lehet\u0151s\u00e9geik, j\u00e1t\u00e9koskeret\u00fck alapj\u00e1n legfeljebb a k\u00f6z\u00e9pmez\u0151nybe v\u00e1rtak.\r\n\r\n<iframe class=\"flourish-embed-iframe\" style=\"width: 100%;height: 600px\" title=\"Interactive or visual content\" src=\"https:\/\/flo.uri.sh\/visualisation\/11593959\/embed\" frameborder=\"0\" scrolling=\"no\"><\/iframe>\r\n<div style=\"width: 100%!;margin-top: 4px!important;text-align: right!important\"><a class=\"flourish-credit\" style=\"text-decoration: none!important\" href=\"https:\/\/public.flourish.studio\/visualisation\/11593959\/?utm_source=embed&amp;utm_campaign=visualisation\/11593959\" target=\"_top\" rel=\"noopener\"><img style=\"width: 105px!important;height: 16px!important;border: none!important;margin: 0!important\" src=\"https:\/\/public.flourish.studio\/resources\/made_with_flourish.svg\" alt=\"Made with Flourish\" \/> <\/a><\/div>\r\n&nbsp;\r\n\r\nHa m\u00e1s paksi vezet\u0151edz\u0151kh\u00f6z hasonl\u00edtjuk, akkor Bogn\u00e1r Gy\u00f6rgy \u2013 <strong>Kis K\u00e1roly<\/strong> kiv\u00e9tel\u00e9vel \u2013 mindegyik\u00fcket megel\u0151zte pont\/meccs mutat\u00f3ban, de ez nem jelent \u201ekateg\u00f3riaugr\u00e1st\u201d. A tolnai csapat Kissel \u00e9rte el legjobb NB I-es helyez\u00e9s\u00e9t, az egy\u00fcttessel ez\u00fcst\u00e9rmet szerz\u0151 tr\u00e9ner pont\/meccs mutat\u00f3ja 1,58. Bogn\u00e1r\u00e9 1,48 (de \u0151 fel tud mutatni egy kupad\u00f6nt\u0151t), <strong>Csert\u0151i Aur\u00e9l\u00e9<\/strong>, vagy a most a kispadon \u00fcl\u0151 <strong>Waltner R\u00f3bert\u00e9<\/strong> az 1,35-1,36-os z\u00f3n\u00e1ban van. Az egyetlen ez\u00fcst\u00e9rmet lesz\u00e1m\u00edtva a 4\u20136. k\u00f6z\u00f6tti helyez\u00e9sek jelezt\u00e9k az er\u0151s paksi id\u0151szakokat. Tulajdonk\u00e9ppen Bogn\u00e1r kicsit volt csak eredm\u00e9nyesebb, mint a legt\u00f6bb paksi el\u0151dje, viszont sokkal tetszet\u0151sebb, vonz\u00f3bb futballt j\u00e1tszatott, \u00e9s ezzel nyerte el a szurkol\u00f3k meg a m\u00e9dia szimp\u00e1ti\u00e1j\u00e1t.\r\n\r\nAmi \u00e9rthet\u0151 is: ha m\u00e1r a csapat \u00e1ltal\u00e1ban \u00fagyis valahol a k\u00f6z\u00e9pmez\u0151nyben v\u00e9gez (a Paks m\u00e9g sosem esett ki az \u00e9lvonalb\u00f3l), akkor ink\u00e1bb legyen a g\u00f3lk\u00fcl\u00f6nbs\u00e9ge 75-63, mint 41-37. Ink\u00e1bb besz\u00e9ljenek a drukkerek <strong>Hahn J\u00e1nos<\/strong> vagy <strong>\u00c1d\u00e1m Martin<\/strong> fantasztikus szezonj\u00e1r\u00f3l \u00e9s a Paks \u0151r\u00fclt meccseir\u0151l, mintsem a tot\u00e1lis sz\u00fcrkes\u00e9gr\u0151l.\r\n\r\nAz m\u00e1s k\u00e9rd\u00e9s, hogy az MTK nem Paks. M\u00edg a tolnaiakn\u00e1l az els\u0151dleges elv\u00e1r\u00e1s az \u00e9lvonalbeli tags\u00e1g meg\u0151rz\u00e9se, azt\u00e1n a min\u00e9l jobb helyez\u00e9s el\u00e9r\u00e9se a k\u00f6z\u00e9pmez\u0151nyben, az ism\u00e9t a m\u00e1sodoszt\u00e1lyba s\u00fcllyedt, patin\u00e1s budapesti klubban egy c\u00e9lkit\u0171z\u00e9s van: azonnal visszajutni. Mindegy, hogyan. T\u00f6rt\u00e9nete sor\u00e1n az MTK ritk\u00e1n esett ki \u2013 \u00e9pp ez\u00e9rt k\u00ednos, hogy az ut\u00f3bbi id\u0151ben ing\u00e1zik \u2013, de ha kipottyant is, minden egyes alkalommal azonnal visszajutott. A m\u00e1sodoszt\u00e1lyban ragad\u00e1s elk\u00e9pzelhetetlen sz\u00e9gyennek sz\u00e1m\u00edtana.\r\n<h2>\u00cdgy nem megy a dar\u00e1l\u00f3ban<\/h2>\r\nA h\u00faszcsapatos NB II brut\u00e1lis dar\u00e1l\u00f3, amelybe kor\u00e1bban m\u00e1r t\u00f6bb nagycsapat cs\u00fany\u00e1n beleragadt. Egy hosszabb rossz sz\u00e9ria megtorped\u00f3zhatja a feljut\u00e1st, ha a riv\u00e1lisok elkapj\u00e1k a fonalat. A feljut\u00e1shoz az eddigi tapasztalatok alapj\u00e1n pedig j\u00f3l \u00f6sszerakott, stabil v\u00e9delem kell. Ami\u00f3ta vissza\u00e1ll\u00edtott\u00e1k a h\u00faszcsapatos, egycsoportos m\u00e1sodik vonalat, egyszer sem tudott feljutni olyan egy\u00fcttes, amelynek a kapottg\u00f3l\u00e1tlaga 1,22 f\u00f6l\u00f6tt lett volna (leford\u00edtva: m\u00e9g a \u201elyukasabb v\u00e9delm\u0171\u201d feljut\u00f3 is mindig 45 kapott g\u00f3l alatt maradt 38 meccsen). A \u201ebogn\u00e1ri\u201d kapottg\u00f3l\u00e1tlag 2010 \u00f3ta 1,5, a paksi \u00e9s r\u00f6vidre siker\u00fclt MTK-s id\u0151szakban pedig 1,77\u20131,91 k\u00f6z\u00f6tti a mutat\u00f3.\r\n\r\nA k\u00e9t adat k\u00f6zti ellentmond\u00e1st legink\u00e1bb \u00fagy lehetett volna feloldani, ha Bogn\u00e1r rendbe kapja az MTK csapatv\u00e9dekez\u00e9s\u00e9t \u00e9s megszil\u00e1rd\u00edtja azt, jelent\u0151sen cs\u00f6kkentve a kapott g\u00f3lok sz\u00e1m\u00e1t. Ez egyr\u00e9szt edz\u0151i st\u00edlusa miatt lett volna neh\u00e9z, m\u00e1sr\u00e9szt meg amiatt, mert a k\u00e9k-feh\u00e9rek a ny\u00e1ron elvesz\u00edtett\u00e9k a v\u00e9delem szempontj\u00e1b\u00f3l kulcsfontoss\u00e1g\u00fa l\u00e9gi\u00f3sokat: a kapus <strong>Milan Mijatovic<\/strong>, a k\u00f6z\u00e9ps\u0151 v\u00e9d\u0151 <strong>Slobodan Rajkovic<\/strong>, a balh\u00e1tv\u00e9d <strong>Branislav Sluka<\/strong> \u00e9s <strong>Sebasti\u00e1n Herrera<\/strong>, a jobbh\u00e1tv\u00e9d <strong>Andrej Kadlec<\/strong>, a v\u00e9dekez\u0151 k\u00f6z\u00e9pp\u00e1ly\u00e1s <strong>Ylber Ramadani<\/strong> \u00e9s <strong>Stefan Spirovski<\/strong> mind t\u00e1vozott az NB II szab\u00e1lyai miatt. Sokatmond\u00f3, hogy \u2013 amint az az online szurkol\u00f3i ank\u00e9ton is elhangzott \u2013 <a href=\"https:\/\/www.mtkbudapest.hu\/hu\/hirek\/bognar-gyorgy-legfontosabb-valaszai-az-online-szurkoloi-anketrol\" target=\"_blank\" rel=\"noopener\">az MTK m\u00e9g Rajkovic honos\u00edt\u00e1s\u00e1val is megpr\u00f3b\u00e1lkozott<\/a>, de nem j\u00e1rt sikerrel. Az egyszeres v\u00e1logatott <strong>Po\u00f3r Patrik<\/strong> a bajnoki nyit\u00e1nyra esett be Debrecenb\u0151l, amikor a szakmai st\u00e1b l\u00e1tta, sz\u00fcks\u00e9g lesz m\u00e9g v\u00e9d\u0151re.\r\n\r\nA lyukakat nem siker\u00fclt befoltozni: b\u00e1r az MTK t\u00e1mad\u00f3i kiv\u00e1l\u00f3an nyitott\u00e1k az id\u00e9nyt (az els\u0151 h\u00e9t fordul\u00f3ban 30 g\u00f3lt szerzett a csapat, \u00e9s \u00fagy t\u0171nt, bev\u00e1lik a Bogn\u00e1rball), a csapat m\u00e1r ebben a peri\u00f3dusban is csak egy m\u00e9rk\u0151z\u00e9st tudott hozni kapott g\u00f3l n\u00e9lk\u00fcl.\r\n\r\n<img class=\"aligncenter size-full wp-image-6277\" src=\"https:\/\/sport24.24.hu\/app\/uploads\/sites\/24\/2022\/10\/img-0672jpg-32e81d0.jpg\" alt=\"\" width=\"1280\" height=\"853\" \/>\r\n\r\n<span class=\"highlight-block\">Azt\u00e1n elt\u0171ntek a szerzett g\u00f3lok, cser\u00e9be a v\u00e9delmi lyukak megmaradtak. <\/span>\r\n\r\nAhogyan a szakvezet\u0151 fogalmazott: nem volt el\u00e9g kvalit\u00e1s a j\u00e1t\u00e9kban. Az eredm\u00e9ny: hatos nyeretlens\u00e9gi sorozat (2 d\u00f6ntetlen, 4 veres\u00e9g) \u00e9s Bogn\u00e1r t\u00e1voz\u00e1sa.\r\n\r\nPedig \u201ecsak\u201d az t\u00f6rt\u00e9nt, ami a Pakson l\u00e1tottak alapj\u00e1n v\u00e1rhat\u00f3 volt. Az MTK t\u00e1mad\u00f3statisztik\u00e1k sor\u00e1ban (szerzett g\u00f3lok, xG, l\u00f6v\u00e9sek, tizenhatoson bel\u00fcli labda\u00e9rint\u00e9sek, sikeres cselek \u00e9s egy az egy elleni j\u00e1t\u00e9k, progressz\u00edv passzok, kulcspasszok) vezeti az NB II-es rangsort, ugyanakkor a m\u00e1sodik legrosszabb a kapott g\u00f3lokat tekintve, a legt\u00f6bb labd\u00e1t vesz\u00edtette el, kapusainak \u00e9s v\u00e9d\u0151inek mutat\u00f3i nem mondhat\u00f3k f\u00e9nyesnek. A WyScout indexsz\u00e1m\u00edt\u00e1sa szerint <strong>N\u00e9meth Kriszti\u00e1n<\/strong> \u00e9s <strong>Bogn\u00e1r Istv\u00e1n<\/strong> az NB II-es \u00e1lomcsapat tagja lenne, illetve a t\u00e1mad\u00f3sorb\u00f3l <strong>Fut\u00e1cs M\u00e1rk\u00f3<\/strong>, valamint <strong>Kov\u00e1cs M\u00e1ty\u00e1s<\/strong> is az els\u0151 \u00f6t k\u00f6z\u00f6tt van posztj\u00e1n az eddigi teljes\u00edtm\u00e9nye alapj\u00e1n. Viszont a kapusok, a bels\u0151 \u00e9s sz\u00e9ls\u0151 v\u00e9d\u0151k, valamint a v\u00e9dekez\u0151 k\u00f6z\u00e9pp\u00e1ly\u00e1sok rangsor\u00e1ban a bal oldali sz\u00e1rnyv\u00e9d\u0151 <strong>Medgyes Sinan<\/strong> az egyetlen MTK-s, aki egy\u00e1ltal\u00e1n bef\u00e9r az els\u0151 \u00f6t k\u00f6z\u00e9. A kapusok k\u00f6z\u00f6tt <strong>Somodi Bence<\/strong> a 17. helyen van, a bels\u0151 v\u00e9d\u0151k k\u00f6z\u00f6tt <strong>Nagy Zsombor<\/strong> a 17., <strong>Sz\u00e9pe J\u00e1nos<\/strong> a 25.\r\n\r\nAzt alighanem j\u00f3l \u00e9rz\u00e9kelte a k\u00e9k-feh\u00e9rek vezet\u0151s\u00e9ge, hogy ez \u00edgy nem megy. Er\u0151s\u00edt\u00e9sre a t\u00e9li \u00e1tigazol\u00e1si id\u0151szakig nincs lehet\u0151s\u00e9g, a csapat m\u00e9ly hull\u00e1mv\u00f6lgybe ker\u00fclt, \u00e9s fokozatosan vesz\u00edtette el \u00f6nbizalm\u00e1t. A feljut\u00e1shoz nagyj\u00e1b\u00f3l kettes pont\/meccs mutat\u00f3 kellene (az elm\u00falt hat id\u00e9nyben 1,92\u20132,05 k\u00f6z\u00f6tt volt a m\u00e1sodik helyezett\u00e9), az MTK most 1,62-n \u00e1ll \u2013 ez egy\u00e9bk\u00e9nt k\u00f6zel van Bogn\u00e1r Gy\u00f6rgy elm\u00falt b\u0151 \u00e9vtizedben m\u00e9rt \u00e1tlag\u00e1hoz (1,59). T\u00fal sok a kapott g\u00f3l \u00e9s t\u00fal sok az elvesztett pont: a m\u00e1sodoszt\u00e1ly favoritja m\u00e1r most elsz\u00f3rt 18-at, holott csak a bajnoks\u00e1g harmad\u00e1n\u00e1l tartunk. M\u00e1rpedig a feljut\u00e1shoz 40 pontn\u00e1l kevesebbet kellene elhullajtani.\r\n\r\nUgyanakkor csak hat pont az MTK h\u00e1tr\u00e1nya a m\u00e1sodik helyen \u00e1ll\u00f3 DVTK-hoz k\u00e9pest, el\u00e9g nagy a keresztbever\u00e9s (m\u00e1r minden csapat elvesztett legal\u00e1bb 10 pontot), senki sem ugrott meg a mez\u0151nyt\u0151l. Ez alapj\u00e1n a Hung\u00e1ria k\u00f6r\u00fatiak oda\u00e9rhetn\u00e9nek az els\u0151 k\u00e9t hely valamelyik\u00e9re. A vezet\u0151s\u00e9g val\u00f3sz\u00edn\u0171leg \u00fagy gondolkozott: az okt\u00f3berre kibontakozott folyamatok hamar olyan helyzetbe juttathatj\u00e1k a klubot, hogy abb\u00f3l szinte es\u00e9lytelen lesz feljut\u00f3k\u00e9nt kikeveredni. \u00cdgy azt\u00e1n Bogn\u00e1rnak mennie kellett, s kinevezt\u00e9k a hely\u00e9re az el\u0151z\u0151 id\u00e9nyben a csapatot megb\u00edzott edz\u0151k\u00e9nt kis h\u00edj\u00e1n az NB I-ben tart\u00f3, igen j\u00f3 teljes\u00edtm\u00e9nnyel el\u0151rukkol\u00f3 <strong>Horv\u00e1th D\u00e1vidot<\/strong>. Ezt persze m\u00e1r a ny\u00e1ron is meg lehetett volna tenni.\r\n\r\n<span class=\"highlight-block\">Az MTK azt kapta Bogn\u00e1r Gy\u00f6rgyt\u0151l ebben az id\u00e9nyben, amire sz\u00e1m\u00edthatott. <\/span>\r\n\r\nAz nyitott k\u00e9rd\u00e9s, hogy a bajnoks\u00e1g v\u00e9g\u00e9ig a \u201et\u00f6bb g\u00f3lt szerz\u00fcnk, mint az ellenf\u00e9l\u201d st\u00edlus vajon felemelte volna-e a feljut\u00f3 helyek egyik\u00e9re a csapatot. A v\u00e1laszt nem tudjuk meg, mert a vezet\u0151s\u00e9g az eredm\u00e9nyess\u00e9g \u00e9rdek\u00e9ben lev\u00e1ltotta a szakvezet\u0151t. Azt, aki 2008-ban egy interj\u00faban \u00edgy fogalmazott a sportnapilapnak, megindokolva, mi\u00e9rt v\u00e1llal sz\u00edvesebben h\u00e1tt\u00e9rszerepet a vezet\u0151edz\u0151i munk\u00e1n\u00e1l:\r\n\r\n\u201eAz eredm\u00e9nycentrikus vezet\u0151k nem engedik meg, hogy az edz\u0151 v\u00e9gigcsin\u00e1lja a programj\u00e1t, hat h\u00f3napra pedig felesleges v\u00e1llalni a csapat ir\u00e1ny\u00edt\u00e1s\u00e1t.\u201d\r\n\r\nMintha saj\u00e1t sors\u00e1t l\u00e1tta volna el\u0151re.\r\n\r\n[prefabricated_shortcode in_app=\"0\" code=\"%3Cdiv%20class%3D%22article_box_border%22%20style%3D%22background%3A%20url%28%27https%3A%2F%2F24.p3k.hu%2Fapp%2Fuploads%2Fsites%2F24%2F2021%2F05%2Fsport24-pattern.png%27%29%20no-repeat%20left%20-16px%20%23f3f3f4%3B%20border%3A%20none%3B%22%3E%0D%0A%3Cdiv%20class%3D%22article_solidheader%22%3E%0D%0A%3Ch2%20style%3D%22color%3A%20%23111115%21important%3B%20font-size%3A%2036px%3B%20font-weight%3A%20bold%3B%20margin-bottom%3A%2030px%3B%20margin-top%3A%2020px%3B%20text-align%3A%20center%3B%20line-height%3A%2036px%3B%22%3E%3Cimg%20class%3D%22aligncenter%20size-full%20wp-image-141%22%20src%3D%22https%3A%2F%2F24.p3k.hu%2Fapp%2Fuploads%2Fsites%2F24%2F2021%2F05%2Fs24-logo-dt.png%22%20alt%3D%22%22%20width%3D%22408%22%20height%3D%2290%22%20%2F%3E%3C%2Fh2%3E%0D%0A%3Ch2%20style%3D%22color%3A%20%23111115%21important%3B%20font-size%3A%2036px%3B%20font-weight%3A%20bold%3B%20margin-bottom%3A%2030px%3B%20margin-top%3A%2020px%3B%20text-align%3A%20center%3B%20line-height%3A%2040px%3B%22%3ECsatlakozz%20a%20Sport24%20k%C3%B6z%C3%B6ss%C3%A9ghez%2C%20mondd%20el%20v%C3%A9lem%C3%A9nyedet%20z%C3%A1rt%20Facebook-csoportunkban%2C%20%C3%A9s%20vegy%C3%A9l%20r%C3%A9szt%20csak%20el%C5%91fizet%C5%91knek%20el%C3%A9rhet%C5%91%20exkluz%C3%ADv%20esem%C3%A9nyeinken.%3C%2Fh2%3E%0D%0A%3C%2Fdiv%3E%0D%0A%3Cp%20style%3D%22background%3A%20%2357A600%3B%20margin-top%3A%2020px%3B%20padding%3A%2020px%3B%20text-align%3A%20center%3B%22%3E%3Ca%20style%3D%22color%3A%20%23ffffff%3B%20font-size%3A%2026px%3B%20font-weight%3A%20600%3B%22%20href%3D%22https%3A%2F%2Fwww.facebook.com%2Fgroups%2F212344460412327%22%3ECSATLAKOZOM%3C%2Fa%3E%3C%2Fp%3E%0D%0A%0D%0A%3C%2Fdiv%3E\"]","type":"rich","thumbnail_url":"https:\/\/s.24.hu\/app\/uploads\/sites\/24\/2022\/10\/central-0566018659-150x150.jpg","thumbnail_width":150,"thumbnail_height":150}