{"version":"1.0","provider_name":"Sport24","provider_url":"https:\/\/sport24.24.hu","author_name":"Bruckner G\u00e1bor","author_url":"https:\/\/sport24.24.hu\/author\/brucknerg\/","title":"Grazie, signor Giuntoli! \u2013 a klubh\u00e1zban kell keresni a nagyon has\u00edt\u00f3 Napoli legfontosabb ember\u00e9t","html":"Amikor a ny\u00e1ron elment a csapat legjobb v\u00e9d\u0151je, <strong>Kalidou Koulibaly<\/strong>, legjobb k\u00f6z\u00e9pp\u00e1ly\u00e1sa, <strong>Fabian Ruiz<\/strong>, illetve ikonikus t\u00e1mad\u00f3ja, a local hero <strong>Lorenzo Insigne<\/strong>, sokan azt gondolt\u00e1k, a Napoli nagy ciklus\u00e1nak v\u00e9ge szakad. Ezt a gondolatot er\u0151s\u00edtette, hogy ny\u00edltsisakos nyilatkozath\u00e1bor\u00fa alakult ki <strong>Luciano Spalletti<\/strong> edz\u0151 meg <strong>Aurelio De Laurentiis<\/strong> tulajdonos k\u00f6z\u00f6tt, \u00e9s hogy m\u00e9g nagyobbnak t\u0171nj\u00f6n a baj, Spalletti egy nyilv\u00e1nos edz\u00e9sen az \u00f6lt\u00f6z\u0151be parancsolta utols\u00f3 megmaradt szt\u00e1rj\u00e1t, a min\u0151s\u00edthetetlen\u00fcl viselked\u0151 <strong>Victor Osimhent<\/strong>.\r\n\r\nAzt\u00e1n sz\u00e9p lassan \u00e9rkeztek a bejelent\u00e9sek: a Chelsea-hez t\u00e1voz\u00f3 Koulibalyt a t\u00f6r\u00f6k bajnoks\u00e1gb\u00f3l \u00e9rkez\u0151 koreai <strong>Kim Mindzs\u00e9vel<\/strong>, a Toront\u00f3ba szerz\u0151d\u0151 Insign\u00e9t pedig a gr\u00faz <strong>Hvicsa Kvaracheli\u00e1val<\/strong> p\u00f3tolja a Napoli. Itt sokan ledobt\u00e1k a l\u00e1ncot, \u00e9s kijelentett\u00e9k: v\u00e9get \u00e9rt az id\u0151szak, amikor a Napoli \u2013 hol k\u00e9zitus\u00e1ban, hol h\u00e1travont z\u00e1r\u00f3t\u0171zzel \u2013 a scudett\u00f3\u00e9rt harcol. Na, \u0151k t\u00e9vedtek \u00f3ri\u00e1sit.\r\n<h2>Luciano \u00e9s Cristiano szeretettel \u00fcdv\u00f6z\u00f6l<\/h2>\r\nA Napoli \u2013 a mez\u0151ny egyetlen veretlen csapatak\u00e9nt \u2013 vezeti a Serie A-t tizenegy fordul\u00f3 ut\u00e1n, a n\u00e1polyiak szerezt\u00e9k a legt\u00f6bb g\u00f3lt, \u00e9s ha valaki azt gondoln\u00e1, hogy a sorsol\u00e1s kegyeltje a d\u00e9li csapat, el\u00e9g r\u00e1n\u00e9zni a rangad\u00f3k tabell\u00e1j\u00e1ra. Ezen az els\u0151 h\u00e9t helyezett egym\u00e1s elleni meccseit \u00f6sszes\u00edtik az ilyen statisztik\u00e1kra igencsak gerjed\u0151 olasz \u00fajs\u00e1g\u00edr\u00f3k, \u00e9s a v\u00e1ltozatoss\u00e1g kedv\u00e9\u00e9rt ezt a t\u00e1bl\u00e1zatot is a Napoli vezeti h\u00e1rom rangad\u00f3n (Milan, Roma, Lazio) aratott h\u00e1rom gy\u0151zelm\u00e9vel.\r\n\r\n[caption id=\"attachment_6303\" align=\"aligncenter\" width=\"2000\"]<img class=\"size-full wp-image-6303\" src=\"https:\/\/sport24.24.hu\/app\/uploads\/sites\/24\/2022\/10\/068_aa_19092022_871518.jpg\" alt=\"\" width=\"2000\" height=\"1333\" \/> A tavalyi bajnok Milan otthon\u00e1ban, a San Sir\u00f3ban 2-1-re gy\u0151z\u00f6tt a n\u00e1polyi csapat.[\/caption]\r\n\r\nEhhez j\u00f6n m\u00e9g a t\u00f6rt\u00e9nelmi \u00f6sszevet\u00e9sben is kiemelked\u0151 Bajnokok Lig\u00e1ja-szerepl\u00e9s. A Napoli az egyik legnehezebb csoportba ker\u00fclt, de \u00f6t fordul\u00f3 ut\u00e1n \u00f6t gy\u0151zelemmel \u00e1llva olyat tett, amit kor\u00e1bban csak k\u00e9t olasz csapat tudott.\r\n\r\nNem t\u00falz\u00e1s kijelenteni, hogy\r\n\r\n<span class=\"highlight-block\">a n\u00e1polyiak\u00e9 Eur\u00f3pa egyik legjobb form\u00e1ban l\u00e9v\u0151 csapata.<\/span>\r\n<div class=\"payable-content-section\"><\/div>\r\nA k\u00e1pr\u00e1zatos eredm\u00e9nyeket tulajdon\u00edthatjuk ak\u00e1r az Insigne posztj\u00e1n villog\u00f3 Kvaracheli\u00e1nak, ak\u00e1r az elk\u00e9peszt\u0151 munk\u00e1t v\u00e9gz\u0151 Kimnek, vagy a t\u00f6bbi kiv\u00e1l\u00f3an siker\u00fclt igazol\u00e1snak, de ha egyet h\u00e1tra l\u00e9p\u00fcnk, a k\u00e9t legfontosabb szerepl\u0151 a n\u00e1polyi sikersztoriban az edz\u0151 Luciano Spalletti \u00e9s a sportigazgat\u00f3, <strong>Cristiano Giuntoli<\/strong>. S\u0151t ha csak egy valakit kell megnevezni, az nem az edz\u0151 lesz.\r\n\r\nF\u00e9lre\u00e9rt\u00e9s ne ess\u00e9k, Spalletti nagyszer\u0171 edz\u0151, aki eg\u00e9sz p\u00e1lyafut\u00e1sa sor\u00e1n k\u00e9pes volt \u00fagy machin\u00e1lni a rendelkez\u00e9sre \u00e1ll\u00f3 kereteivel, hogy v\u00e9geredm\u00e9nyben t\u00falteljes\u00edtsen vel\u00fck. Az \u0151 munk\u00e1ss\u00e1g\u00e1nak k\u00f6sz\u00f6nhet\u0151 az a sz\u00e9lv\u00e9szgyors labdaj\u00e1rat\u00e1sra \u00e9p\u00fcl\u0151, elk\u00e9peszt\u0151 sebess\u00e9g\u0171 t\u00e1mad\u00e1sokat hoz\u00f3, m\u00e9gis rendk\u00edv\u00fcl stabil j\u00e1t\u00e9k, amit a Napolit\u00f3l l\u00e1tunk. M\u00e9gsem \u0151 a legfontosabb kulcsember.\r\n\r\n[caption id=\"attachment_6302\" align=\"aligncenter\" width=\"2000\"]<img class=\"size-full wp-image-6302\" src=\"https:\/\/sport24.24.hu\/app\/uploads\/sites\/24\/2022\/10\/gettyimages-1243126002.jpg\" alt=\"\" width=\"2000\" height=\"1333\" \/> Cristiano Giuntoli a h\u00f3nap j\u00e1t\u00e9kos\u00e1nak v\u00e1laszott Hvicsa Kvaracheli\u00e1val 2022. szeptember 10-\u00e9n.[\/caption]\r\n<h2>Mindenkit neki k\u00f6sz\u00f6nhet a Napoli<\/h2>\r\nA firenzei sz\u00fclet\u00e9s\u0171 Giuntoli 2015-ben lett a n\u00e1polyiak sportigazgat\u00f3ja, azaz nincs a mostani csapatban egyetlen olyan j\u00e1t\u00e9kos sem, akit nem a toszk\u00e1n szakember hozott a klubhoz. Giuntoli egyszerre \u00e9rkezett <strong>Maurizio Sarrival<\/strong>, \u00edgy komoly szerepe volt a Sarriball kialakul\u00e1s\u00e1ban is, mert egyb\u0151l bizony\u00edtotta, hogy nem csup\u00e1n t\u00f6k\u00e9letesen \u00e9rzi a tr\u00e9ner rezg\u00e9seit, de t\u00e9vedhetetlen szemmel sz\u00farja ki a Mister taktik\u00e1j\u00e1hoz illeszked\u0151 profil\u00fa j\u00e1t\u00e9kosokat.\r\n\r\nSarri nagyszer\u0171 k\u00f6z\u00e9pp\u00e1ly\u00e1j\u00e1ra rongyos 11 milli\u00f3\u00e9rt hozta el Udin\u00e9b\u0151l a brazil <strong>Allant<\/strong>, aki nemcsak kulcsszerepl\u0151 lett: n\u00e9gy \u00e9vvel k\u00e9s\u0151bb a dupl\u00e1j\u00e1\u00e9rt adt\u00e1k el a Premier League-be, mint amennyi\u00e9rt vett\u00e9k.\r\n\r\n<span class=\"highlight-block-small\">K\u00f6zben folyamatosan \u00e9rkeztek a Napolihoz azok a figur\u00e1k, akik a mostani csapat meghat\u00e1roz\u00f3 alakjai: <\/span>\r\n\r\na balh\u00e1tv\u00e9d<strong> Mario Rui<\/strong> 6 milli\u00f3ba sem ker\u00fclt, a mostani csapatkapit\u00e1ny, <strong>Giovanni Di Lorenzo<\/strong> 8-at k\u00f3st\u00e1lt, m\u00edg <strong>Piotr Zielinskinek<\/strong> megk\u00e9rte ugyan az \u00e1r\u00e1t az Udinese (16 milli\u00f3), de most 40-et \u00e9r.\r\n\r\nPedig nem kellett garasoskodnia, De Laurentiis eln\u00f6k hajland\u00f3 volt komoly \u00f6sszegeket k\u00f6lteni a csapatra, <strong>Hirving Lozan\u00f3t<\/strong> p\u00e9ld\u00e1ul 45 milli\u00f3 eur\u00f3\u00e9rt vette meg Giuntoli, \u00e9s Fabian Ruiz\u00e9rt is 30-at k\u00e9rt a Betis, arr\u00f3l nem besz\u00e9lve, hogy a jelenlegi csapat szt\u00e1rcsat\u00e1ra, <strong>Victor Osimhen<\/strong> 75 milli\u00f3ba k\u00f3st\u00e1lt. De a komoly k\u00f6lt\u00e9sek is mindig \u00e9sszel, tudatosan \u00e9s a gazdas\u00e1gi egyens\u00falyt szem el\u0151tt tartva zajlottak, Osimhen \u00e9rkez\u00e9s\u00e9nek nyar\u00e1t p\u00e9ld\u00e1ul a nig\u00e9riai vaskos \u00e1ra ellen\u00e9re majdnem 50 milli\u00f3s profittal z\u00e1rta a csapat.\r\n\r\nSarri ut\u00e1n <strong>Carlo Ancelotti<\/strong> \u00e9s <strong>Gennaro Gattuso<\/strong> al\u00e1 is j\u00f3 egy\u00fcttest var\u00e1zsolt a toszk\u00e1n szakember, de a legnagyobb var\u00e1zslatot az idei \u00e9vre tartogatta. Ezzel r\u00e1ad\u00e1sul nemcsak az olasz, hanem a nemzetk\u00f6zi mez\u0151nyt is sokkolta.\r\n\r\n[caption id=\"attachment_6309\" align=\"aligncenter\" width=\"2000\"]<img class=\"size-full wp-image-6309\" src=\"https:\/\/sport24.24.hu\/app\/uploads\/sites\/24\/2022\/10\/gettyimages-1244263897.jpg\" alt=\"\" width=\"2000\" height=\"1333\" \/> Az edz\u0151, Luciano Spalletti \u00e9s Matteo Politano a Rangers elleni BL-meccsen 2022. okt\u00f3ber 26-\u00e1n.[\/caption]\r\n<h2>Az olcs\u00f3bb jobb<\/h2>\r\nTisztess\u00e9ges \u00e9vadot futott legut\u00f3bb a Napoli, a bajnok Milant\u00f3l mind\u00f6ssze h\u00e9t pontot kapva v\u00e9gzett a dobog\u00f3 legals\u00f3 fok\u00e1n, \u00e1m a ny\u00e1ri v\u00e1ltoz\u00e1sokat l\u00e1tva sokan egy lyukas garast nem adtak volna az\u00e9rt, hogy ezt meg tudja ism\u00e9telni a csapat. Giuntoli azonban rendk\u00edv\u00fcl okosan mozgott az \u00e1tigazol\u00e1si piacon, \u00e9s nemcsak a j\u00e1t\u00e9kosok kvalit\u00e1sait tartotta szem el\u0151tt, hanem a fizet\u00e9si k\u00f6lts\u00e9geken is nagyot akart sp\u00f3rolni a klubnak.\r\n\r\nA Napoli a ny\u00e1ron \u00fagy hozott be 81 milli\u00f3 eur\u00f3t j\u00e1t\u00e9koselad\u00e1sb\u00f3l, hogy a n\u00e9gy legt\u00f6bbet keres\u0151 futballist\u00e1j\u00e1t\u00f3l (Koulibaly, Insigne, <strong>Mertens, Manolasz<\/strong> \u2013 ut\u00f3bbit\u00f3l csak pap\u00edron) megszabadult. Amellett, hogy a b\u00e9rk\u00f6lts\u00e9gen is nagyot sp\u00f3rolt, az \u00faj igazol\u00e1sok olcs\u00f3n \u00e9rkeztek, azaz gazdas\u00e1gilag t\u00f6k\u00e9letesen siker\u00fclt a rendszerv\u00e1lt\u00e1s. Csakhogy ez legt\u00f6bbsz\u00f6r azt hozza mag\u00e1val, hogy a csapat j\u00e1t\u00e9ka drasztikusan visszaesik.\r\n\r\n<span class=\"highlight-block\">\u00c9s itt l\u00e9p be Giuntoli t\u00e9vedhetetlen szeme. <\/span>\r\n\r\nA szakember Kvaracheli\u00e1\u00e9rt 10 milli\u00f3t, Kim\u00e9rt 18-at fizetett, \u00e9s v\u00e9gleges\u00edtette a 2021-2022-ben k\u00e1pr\u00e1zatos szezont fut\u00f3 bels\u0151 k\u00f6z\u00e9pp\u00e1ly\u00e1st, <strong>Frank Anguiss\u00e1t<\/strong>. M\u00e9ly\u00edtett a kereten is k\u00fcl\u00f6nb\u00f6z\u0151 k\u00f6lcs\u00f6n\u00f6kkel, <strong>Giacomo Raspadori<\/strong> \u00e9s <strong>Giovanni Simeone<\/strong> \u00f6sszesen nem ker\u00fclt egymilli\u00f3 eur\u00f3ba, ami az\u00e9rt is sz\u00e9p eredm\u00e9ny, mert mindketten n\u00e9gy g\u00f3ln\u00e1l j\u00e1rnak m\u00e1r a Bajnokok Lig\u00e1j\u00e1ban.\r\n\r\n[caption id=\"attachment_6305\" align=\"aligncenter\" width=\"2000\"]<img class=\"size-full wp-image-6305\" src=\"https:\/\/sport24.24.hu\/app\/uploads\/sites\/24\/2022\/10\/075_maffia-sscnapol221026_npe4j.jpg\" alt=\"\" width=\"2000\" height=\"1125\" \/> Giovanni Simeone \u00fcnnepli a Rangers elleni els\u0151 g\u00f3lj\u00e1t Giacomo Raspadorival.[\/caption]\r\n\r\nA Napolin\u00e1l be\u00e1llt v\u00e1ltoz\u00e1sok nem az\u00e9rt nagyon l\u00e1tv\u00e1nyosak, mert a tavalyi csapat kulcsj\u00e1t\u00e9kosai nem voltak el\u00e9g j\u00f3k, hanem az\u00e9rt, mert a mostaniak nagyon-nagyon j\u00f3k. Ez al\u00f3l tal\u00e1n csak Lorenzo Insigne a kiv\u00e9tel, mert a bal sz\u00e9len alacsony hat\u00e1sfokkal dolgoz\u00f3, kicsit kedvetlennek is t\u0171n\u0151 n\u00e1polyi legenda hely\u00e9n valami elk\u00e9peszt\u0151en nagyot megy a fiatal gr\u00faz, aki v\u00e9dekez\u00e9sben \u00e9s t\u00e1mad\u00e1sban is fel\u00fclm\u00falja a Toront\u00f3ban levezetget\u0151 sz\u00e9ls\u0151t. De a t\u00f6bbiek eset\u00e9ben ez m\u00e1sk\u00e9nt van.\r\n\r\n[central_article_recommendation title=\"Kapcsol\u00f3d\u00f3\" url=\"https:\/\/rangado.24.hu\/nemzetkozi_foci\/2022\/08\/29\/napoli-hvicsa-kvarachelia-a-serie-a-uj-sztarja-lorenzo-insigne-utodja\/\" image=\"1\" lead=\"1\"]\r\n\r\nKoulibaly szuper \u00e9veket h\u00fazott le N\u00e1polyban, de tal\u00e1n a legut\u00f3bbi siker\u00fclt neki a legjobban, ez\u00e9rt is gondolt\u00e1k sokan, hogy a koreai Kimre nagy lesz a szeneg\u00e1li kab\u00e1tja, mik\u00f6zben Koulibaly tavalyi partnere, a v\u00e1rakoz\u00e1sokon fel\u00fcl teljes\u00edt\u0151 <strong>Amir Rrahmani<\/strong> is meg\u00e9rzi a klasszis t\u00e1voz\u00e1s\u00e1t. Att\u00f3l meg f\u0151leg joggal tartottak, hogy az el\u0151z\u0151 k\u00f6z\u00e9pp\u00e1lya motorja, az \u00e1tmeneti j\u00e1t\u00e9k els\u0151 sz\u00e1m\u00fa let\u00e9tem\u00e9nyese, Fabian Ruiz nagyj\u00e1b\u00f3l p\u00f3tolhatatlannak t\u0171nt.\r\n\r\nEhhez k\u00e9pest Kim abszol\u00fat z\u00f6kken\u0151mentesen ugrotta meg a szintl\u00e9p\u00e9st a t\u00f6r\u00f6k \u00e9s az olasz bajnoks\u00e1g k\u00f6z\u00f6tt, Kvarachelia elhom\u00e1lyos\u00edtja Insign\u00e9t, a n\u00e1polyi k\u00f6z\u00e9pp\u00e1ly\u00e1n pedig egym\u00e1st m\u00falja fel\u00fcl Anguissa \u00e9s <strong>Lobotka<\/strong>, valamint a 10-es posztj\u00e1r\u00f3l visszaz\u00e1r\u00f3 Zielinski, \u00edgy szinte fel sem t\u0171nik Fabian Ruiz hi\u00e1nya (aki eddig mind\u00f6ssze 500 percet tudott j\u00e1tszani az \u00e9rte 30 milli\u00f3 eur\u00f3t fizet\u0151 PSG-ben).\r\n\r\nSpalletti hihetetlen\u00fcl gyorsan rendk\u00edv\u00fcl olajozottan m\u0171k\u00f6d\u0151 rendszerbe pakolta a j\u00e1t\u00e9kosokat, akik saj\u00e1t tud\u00e1sszintj\u00fck fels\u0151 hat\u00e1r\u00e1hoz k\u00f6zel (vagy azon is t\u00fal) teljes\u00edtenek. Kulcsember szinte minden \u00e9rkez\u0151, de a kor\u00e1bban igazoltak is cs\u00facsra vannak j\u00e1ratva.\r\n\r\n<span class=\"highlight-block-small\">Ha viszont csak egy kulcsembert kellene megnevezni a Napoli eddig eg\u00e9szen par\u00e1d\u00e9s szezonj\u00e1ban, az mindenk\u00e9ppen Cristano Giuntoli lenne.<\/span>\r\n\r\n[prefabricated_shortcode in_app=\"0\" code=\"%3Cdiv%20class%3D%22article_box_border%22%20style%3D%22background%3A%20url%28%27https%3A%2F%2F24.p3k.hu%2Fapp%2Fuploads%2Fsites%2F24%2F2021%2F05%2Fsport24-pattern.png%27%29%20no-repeat%20left%20-16px%20%23f3f3f4%3B%20border%3A%20none%3B%22%3E%0D%0A%3Cdiv%20class%3D%22article_solidheader%22%3E%0D%0A%3Ch2%20style%3D%22color%3A%20%23111115%21important%3B%20font-size%3A%2036px%3B%20font-weight%3A%20bold%3B%20margin-bottom%3A%2030px%3B%20margin-top%3A%2020px%3B%20text-align%3A%20center%3B%20line-height%3A%2036px%3B%22%3E%3Cimg%20class%3D%22aligncenter%20size-full%20wp-image-141%22%20src%3D%22https%3A%2F%2F24.p3k.hu%2Fapp%2Fuploads%2Fsites%2F24%2F2021%2F05%2Fs24-logo-dt.png%22%20alt%3D%22%22%20width%3D%22408%22%20height%3D%2290%22%20%2F%3E%3C%2Fh2%3E%0D%0A%3Ch2%20style%3D%22color%3A%20%23111115%21important%3B%20font-size%3A%2036px%3B%20font-weight%3A%20bold%3B%20margin-bottom%3A%2030px%3B%20margin-top%3A%2020px%3B%20text-align%3A%20center%3B%20line-height%3A%2040px%3B%22%3ECsatlakozz%20a%20Sport24%20k%C3%B6z%C3%B6ss%C3%A9ghez%2C%20mondd%20el%20v%C3%A9lem%C3%A9nyedet%20z%C3%A1rt%20Facebook-csoportunkban%2C%20%C3%A9s%20vegy%C3%A9l%20r%C3%A9szt%20csak%20el%C5%91fizet%C5%91knek%20el%C3%A9rhet%C5%91%20exkluz%C3%ADv%20esem%C3%A9nyeinken.%3C%2Fh2%3E%0D%0A%3C%2Fdiv%3E%0D%0A%3Cp%20style%3D%22background%3A%20%2357A600%3B%20margin-top%3A%2020px%3B%20padding%3A%2020px%3B%20text-align%3A%20center%3B%22%3E%3Ca%20style%3D%22color%3A%20%23ffffff%3B%20font-size%3A%2026px%3B%20font-weight%3A%20600%3B%22%20href%3D%22https%3A%2F%2Fwww.facebook.com%2Fgroups%2F212344460412327%22%3ECSATLAKOZOM%3C%2Fa%3E%3C%2Fp%3E%0D%0A%0D%0A%3C%2Fdiv%3E\"]","type":"rich","thumbnail_url":"https:\/\/s.24.hu\/app\/uploads\/sites\/24\/2022\/10\/gettyimages-1244250444-150x150.jpg","thumbnail_width":150,"thumbnail_height":150}