{"version":"1.0","provider_name":"Sport24","provider_url":"https:\/\/sport24.24.hu","author_name":"Bruckner G\u00e1bor","author_url":"https:\/\/sport24.24.hu\/author\/brucknerg\/","title":"Iv\u00e1ncsai csoda, m\u00e1di \u0151r\u00fclet, thriller B\u00e9lap\u00e1tfalv\u00e1n: az MK-t\u00f6rt\u00e9net legnagyobb \u00f3ri\u00e1s\u00f6l\u00e9sei","html":"Egy nemzeti kupasorozat lehet olyan, mint az angol FA Kupa: csod\u00e1latos trad\u00edci\u00f3kkal, hegymagas preszt\u00edzzsel, legend\u00e1s \u00fajraj\u00e1tsz\u00e1sokkal, \u00f3ri\u00e1s\u00f6l\u00e9sekkel \u00e9s kiscsapatok elk\u00e9peszt\u0151 menetel\u00e9seivel. Lehet olyan is, mint az Olasz Kupa: minden, de t\u00e9nyleg minden a nagycsapatokat szolg\u00e1lja; a c\u00e9l az, hogy holmi kis egyes\u00fcletek a tr\u00f3fea k\u00f6zel\u00e9be ne jussanak (az ut\u00f3bbi h\u00fasz \u00e9vben a Juventus, az Internazionale, a Milan, a Lazio, az AS Roma \u00e9s a Napoli nyert csak kup\u00e1t). Meg lehet olyan, mint a Magyar Kupa: sok\u00e1ig a preszt\u00edzse sem volt meg a rendszertelen\u00fcl megrendezett sorozatnak, amely gyakran \u201ek\u00eds\u00e9rleti terepk\u00e9nt\u201d szolg\u00e1lt \u2013 a k\u00fcl\u00f6nb\u00f6z\u0151, k\u00fcl\u00f6n\u00f6sn\u00e9l k\u00fcl\u00f6n\u00f6sebb lebonyol\u00edt\u00e1si form\u00e1k legal\u00e1bbis err\u0151l \u00e1rulkodnak.\r\n\r\nSokatmond\u00f3, hogy b\u00e1r 1909\/10-ben \u00edrtak ki el\u0151sz\u00f6r kies\u00e9ses rendszer\u0171 kupasorozatot a magyar csapatoknak, 1964-ig j\u00f3kora lyukak t\u00e1tongtak a sz\u00e9ria t\u00f6rt\u00e9net\u00e9ben, mivel sokszor meg sem rendezt\u00e9k az M(N)K-t. \u201eA kupak\u00fczdelem hazai fel\u00faj\u00edt\u00e1s\u00e1val r\u00e9gi ad\u00f3ss\u00e1g\u00e1t t\u00f6rlesztette az MLSZ\u201d \u2013 \u00fcdv\u00f6z\u00f6lte a \u201efelt\u00e1maszt\u00e1st\u201d 1964 febru\u00e1rj\u00e1ban a N\u00e9psport, de a n\u00e9z\u0151sz\u00e1mokb\u00f3l \u00e9s a gyakran v\u00e1ltoz\u00f3 lebonyol\u00edt\u00e1sb\u00f3l is \u00e9rezhetj\u00fck: a m\u00e1sodik sz\u00e1m\u00fa sorozat nem \u00f6rvendett mindent els\u00f6pr\u0151 n\u00e9pszer\u0171s\u00e9gnek.\r\n\r\n\u201eSz\u00f3, ami sz\u00f3, Angli\u00e1ban, s a legt\u00f6bb eur\u00f3pai orsz\u00e1gban bizony nagyobb t\u00f6megeket vonz a kupad\u00f6nt\u0151\u2026\u201d \u2013 panaszkodik a sportnapilap szerz\u0151je 1969-ben, pedig az \u00dajpesti D\u00f3zsa\u2013Bp. Honv\u00e9d fin\u00e1l\u00e9 (a p\u00e1ly\u00e1n t\u00f6bbek k\u00f6z\u00f6tt <strong>G\u00f6r\u00f6cs J\u00e1nos, Fazekas L\u00e1szl\u00f3, Bene Ferenc, Dunai Antal, Solymosi Ern\u0151, Komora Imre, Tichy Lajos, Szurgent Lajos<\/strong>) \u00e9ppens\u00e9ggel m\u00e9g cs\u00e1b\u00edthatta is volna a drukkereket a N\u00e9pstadionba.\r\n\r\n<span class=\"highlight-block\">A hagyom\u00e1nyos preszt\u00edzshi\u00e1ny t\u00e1n m\u00e9g ma is \u00e9rz\u0151dik, <\/span>\r\n\r\nnoha id\u0151vel megn\u0151tt az MK renom\u00e9ja, az pedig nagyon j\u00f3t tett, hogy az MLSZ egymeccses, \u201eangol\u201d rendszer\u0171re v\u00e1ltoztatta a sorozatot. Ebben a lebonyol\u00edt\u00e1si form\u00e1ban lehetnek ugyanis a legnagyobb meglepet\u00e9sek, ahogyan azt az Eur\u00f3pa Lig\u00e1ban remek\u00fcl szerepl\u0151, a bajnoks\u00e1g abszol\u00fat favoritj\u00e1nak sz\u00e1m\u00edt\u00f3 Fradi is megtapasztalhatta Iv\u00e1ncs\u00e1n. De persze nem <strong>Sztanyiszlav Csercseszov<\/strong> csapata volt az els\u0151, amelyik nehezen magyar\u00e1zhat\u00f3 veres\u00e9get szenvedett egy kiscsapatt\u00f3l: gy\u0171jt\u00e9s\u00fcnkben 15 kupaszenz\u00e1ci\u00f3t t\u00e1lalunk!\r\n\r\n<strong>15. OTTHAGY A VOL\u00c1N.<\/strong> Az 1969-es MNK-ban m\u00e1r az \u00f6sszes sz\u00e1mottev\u0151 csapat szerepelt, miut\u00e1n az MLSZ a hatvanas \u00e9vek v\u00e9g\u00e9n megel\u00e9gelte a nevez\u00e9st\u0151l val\u00f3 h\u00faz\u00f3doz\u00e1st, \u00e9s k\u00f6telez\u0151v\u00e9 tette az indul\u00e1st az els\u0151 h\u00e1rom oszt\u00e1ly tagjai sz\u00e1m\u00e1ra. Az NB II \u00c9szaki csoportj\u00e1ban szerepl\u0151, akkor m\u00e9g R\u00e1koscsab\u00e1n j\u00e1tsz\u00f3 Vol\u00e1n SC meg is ragadta a lehet\u0151s\u00e9get, hogy h\u0151s kiscsapatk\u00e9nt beker\u00fclj\u00f6n a kupa nagyk\u00f6nyv\u00e9be: a kor meghat\u00e1roz\u00f3 egy\u00fcttesei k\u00f6z\u00fcl el\u0151bb a Vasast (a 2-2 ut\u00e1n \u2013 a d\u00f6ntetlennel az alacsonyabb oszt\u00e1ly\u00fa csapat jutott tov\u00e1bb \u2013 a Vol\u00e1n-drukkerek p\u00e1lyainv\u00e1zi\u00f3ja k\u00f6vetkezett), majd a Ferencv\u00e1rost (2-1) ejtette ki. A tripla \u00f3ri\u00e1s\u00f6l\u00e9s m\u00e1r nem j\u00f6tt \u00f6ssze: az \u00dajpest a negyedd\u00f6nt\u0151ben meg\u00e1ll\u00edtotta a Vol\u00e1nt.\r\n<div class=\"payable-content-section\"><\/div>\r\n<strong>14. FELETT\u00c9BB K\u00cdNOS.<\/strong> A hetvenes \u00e9vek nem tekinthet\u0151k az MTK legszebb korszak\u00e1nak, de 1974-ben arra az\u00e9rt aligha sz\u00e1m\u00edtottak a k\u00e9k-feh\u00e9rek szurkol\u00f3i, hogy a kupak\u00fczdelmek B\u00e1boln\u00e1n \u00e9rnek v\u00e9get. Pedig \u00edgy t\u00f6rt\u00e9nt: az NB III-as b\u00e1bolnaiak \u2013 a m\u00e1sodik f\u00e9lid\u0151 j\u00f3 r\u00e9sz\u00e9ben emberh\u00e1tr\u00e1nyban k\u00fczdve! \u2013 4-2-re levert\u00e9k a tud\u00f3s\u00edt\u00e1sok szerint teljesen sz\u00e9tes\u0151en futballoz\u00f3 MTK-t.\r\n<blockquote class=\"small-quote\">Nincsen sz\u00e1nd\u00e9komban az MTK j\u00e1t\u00e9k\u00e1t kritiz\u00e1lni, de mi ez\u00fattal egy nagyon enerv\u00e1lt, gy\u00e1moltalan csapattal tal\u00e1lkoztunk<\/blockquote>\r\n\u2013 hangzott a b\u00e1bolnai edz\u0151, <strong>Gunyh\u00f3 Ferenc<\/strong> \u00e9rt\u00e9kel\u00e9se. Az MTK-soknak legfeljebb az lehetett sov\u00e1ny vigasz, hogy ugyanaznap a Vasas Izz\u00f3 1-1 \u00e9s tizenegyesp\u00e1rbaj ut\u00e1n kiejtette az \u0151si riv\u00e1lis Ferencv\u00e1rost\u2026\r\n\r\n<strong>13. MAJDNEM \u00d6R\u00d6KRANGAD\u00d3.<\/strong> Kev\u00e9s kellemetlenebb dolog van ann\u00e1l, mint amikor egy csapat legr\u00e9gibb riv\u00e1lisa tartal\u00e9kjait\u00f3l kap ki, de az FTC-nek ez \u00f6sszej\u00f6tt 2009 szeptember\u00e9ben: az er\u0151s \u00f6ssze\u00e1ll\u00edt\u00e1sban j\u00e1tsz\u00f3 Fradi 2-0-s veres\u00e9get szenvedett az MTK m\u00e1sodik egy\u00fcttes\u00e9t\u0151l a Hung\u00e1ria k\u00f6r\u00faton. \u201eAz MTK tanulm\u00e1nyi \u00f6szt\u00f6nd\u00edjb\u00f3l meg\u00e9l\u0151 akad\u00e9mist\u00e1i alaposan megleck\u00e9ztett\u00e9k a honi viszonylatban legjobban keres\u0151 l\u00e9gi\u00f3sokkal telet\u0171zdelt Ferencv\u00e1rost\u201d \u2013 komment\u00e1lt a Nemzeti Sport.\r\n\r\n<strong>12. HALAD\u00c1S, HAZAFEL\u00c9.<\/strong> Az im\u00e9nt eml\u00edtettn\u00e9l tal\u00e1n az m\u00e9g kellemetlenebb, amikor a v\u00e1ros legnagyobb, legtradicion\u00e1lisabb csapata elmegy az el\u0151v\u00e1rosba, \u00e9s l\u00f3g\u00f3 orral j\u00f6n vissza onnan. M\u00e9gpedig ez t\u00f6rt\u00e9nt a DVSC-vel, amelyet 1976 \u0151sz\u00e9n a megye II-es J\u00f3zsai Halad\u00e1s leck\u00e9ztetett meg (1-0-ra nyert a J\u00f3zsa). A Lokit felbosszanthatta a r\u00e9m k\u00ednos zak\u00f3, mert (a csoportm\u00e9rk\u0151z\u00e9sek f\u00e1zis\u00e1ban tartott a kupasorozat) hazai p\u00e1ly\u00e1n 7-1-re visszav\u00e1gott.\r\n\r\n<img class=\"aligncenter wp-image-6195 size-full\" src=\"https:\/\/sport24.24.hu\/app\/uploads\/sites\/24\/2022\/10\/nemzetisport_1974_11__pages131-131.jpg\" alt=\"\" width=\"1159\" height=\"772\" \/>\r\n\r\n<strong>11. A GY\u0150RIEK MOH\u00c1CSA.<\/strong> A R\u00e1ba ETO nagy korszak\u00e1t \u00e9lte a hetvenes \u00e9vek v\u00e9g\u00e9n, a nyolcvanas \u00e9vek elej\u00e9n, de k\u00e9t cs\u00fafos kupapofont is kapott. Az 1979-es kupagy\u0151ztes ETO tot\u00e1lis d\u00f6bbenetet okozott azzal, hogy c\u00edmv\u00e9d\u0151 l\u00e9t\u00e9re kiesett a Baranya megyei bajnoks\u00e1gban szerepl\u0151 M\u00e1zasz\u00e1szv\u00e1r otthon\u00e1ban (1-1, ez el\u00e9g is volt az alacsonyabb oszt\u00e1ly\u00fa egy\u00fcttesnek). 1982-ben azt\u00e1n a bajnoks\u00e1gban ellen\u00e1llhatatlan, <strong>Verebes<\/strong>-f\u00e9le ETO kapott egy sallert Moh\u00e1cson: az 1-0-s hazai siker ut\u00e1n a gy\u0151ri edz\u0151 az\u00e9rt r\u00e1mutatott arra, hogy\r\n\r\n<span class=\"highlight-block\">a salakos, fadarabokkal bor\u00edtott edz\u0151p\u00e1ly\u00e1n nem volt k\u00f6nny\u0171 j\u00e1tszani, <\/span>\r\n\r\n\u00e9s a k\u00f6r\u00fclm\u00e9nyek megk\u00e9rd\u0151jelezik az MNK komolys\u00e1g\u00e1t. No meg az is, hogy (Verebes szerint) a moh\u00e1csi g\u00f3ln\u00e1l h\u00e1rman is lesen voltak, a partjelz\u0151 \u201e\u00fagy integetett, hogy majd kiszakadt a karja\u201d. De azt a korszak \u00fcnnepelt tr\u00e9nere is megjegyezte: ett\u0151l m\u00e9g nem kellett volna kiesni.\r\n\r\n<strong>10. A G\u00d3LZ\u00c1POR ROSSZ OLDAL\u00c1N.<\/strong> Nem k\u00edv\u00e1nkozik a Vasas t\u00f6rt\u00e9nelemk\u00f6nyv\u00e9nek aranylapjaira az a 2009-es kupam\u00e9rk\u0151z\u00e9s, amelyen a h\u00e1zigazda Tura a 18. percben m\u00e1r 3\u20130-ra vezetett\u2026 Az angyalf\u00f6ldiek v\u00e9rrel-verejt\u00e9kkel visszak\u00fczd\u00f6tt\u00e9k magukat (3-0-r\u00f3l 3-2, 4-2-r\u0151l 4-4), hogy azt\u00e1n <strong>Less Kriszti\u00e1n<\/strong> g\u00f3lja a 97. percben ajt\u00f3t mutasson nekik.\r\n\r\n<strong>9. BEZZEG P\u00c1RIZSBAN MENT!<\/strong> 1984-et \u00edrunk, a Videoton a PSG ellen n\u00e9h\u00e1ny napja \u00fcnnepelt 4-2-es diadalt az UEFA Kup\u00e1ban. A Vidit ugyeb\u00e1r csak a d\u00f6nt\u0151ben tudta meg\u00e1ll\u00edtani a Real Madrid, \u00e1m a hazai porondon a BVSC is \u201eel\u00e9g volt\u201d: a zugl\u00f3i vasutascsapat \u00f3ri\u00e1si meglepet\u00e9sre 2-1-re legy\u0151zte az MNK-ban a tartal\u00e9kos, P\u00e1rizsb\u00f3l \u00e9pp visszat\u00e9rt feh\u00e9rv\u00e1riakat.\r\n<blockquote>Ha a p\u00e1rizsi csapat szakvezet\u0151i jelen lettek volna a Sz\u0151nyi \u00fati lel\u00e1t\u00f3n, bizony\u00e1ra el\u00e9gedetten d\u00f6rzs\u00f6lt\u00e9k volna kez\u00fcket. \u00c1m szombaton a Csepel, j\u00f6v\u0151 szerd\u00e1n pedig az SG Paris ellen nem ez a Videoton fog j\u00e1tszani<\/blockquote>\r\n\u2013 \u00edgy a Fej\u00e9r Megyei H\u00edrlap. Az aggodalmaskod\u00f3kat a S\u00f3st\u00f3i Stadionban azt\u00e1n <strong>M\u00e1jer Lajos<\/strong> g\u00f3lja nyugtatta meg, a Vidi m\u00e1sodszor is legy\u0151zte a PSG-t. A brav\u00fart bemutat\u00f3 BVSC \u201ejutalmul\u201d megkapta az MNK k\u00f6vetkez\u0151 k\u00f6r\u00e9ben a Ferencv\u00e1rost, ki is esett.\r\n\r\n<strong>8. KAR\u00c1CSONYI AJ\u00c1ND\u00c9K.<\/strong> \u201eAz NB I-esek egy r\u00e9sze m\u00e1r \u00fcnnepi hangulatban van\u201d \u2013 b\u00edr\u00e1lta a nagycsapatok hozz\u00e1\u00e1ll\u00e1s\u00e1t a N\u00e9psport 1979 december\u00e9ben. Az biztos, hogy a g\u00e1lakezd\u0151j\u00e9vel fel\u00e1ll\u00f3 FTC-nek lett volna ide\u00e1lisabb felk\u00e9sz\u00fcl\u00e9se is az \u00fcnnepekre, mint egy gy\u00f6ngy\u00f6si, december 22-\u00e9n lej\u00e1tszott kupam\u00e9rk\u0151z\u00e9s, ett\u0151l f\u00fcggetlen\u00fcl aligha kellett volna kiesni (3-3, a d\u00f6ntetlen az alacsonyabb oszt\u00e1ly\u00fa egy\u00fcttesnek kedvezett). A tud\u00f3s\u00edt\u00e1sok szerint az \u00f3ri\u00e1si er\u0151bedob\u00e1ssal j\u00e1tsz\u00f3 Gy\u00f6ngy\u00f6s nemcsak lelkesed\u00e9sben, hanem j\u00e1t\u00e9kban is fel\u00fclm\u00falta a Fradit. A Honv\u00e9d ugyancsak kiesett ezen a j\u00e1t\u00e9knapon, a kispestiek egy h\u00f3dmez\u0151v\u00e1s\u00e1rhelyi 1-1-gyel b\u00facs\u00faztak.\r\n\r\n<img class=\"aligncenter wp-image-6194 size-full\" src=\"https:\/\/sport24.24.hu\/app\/uploads\/sites\/24\/2022\/10\/nemzetisport_1979_12__pages154-154.jpg\" alt=\"\" width=\"1103\" height=\"735\" \/>\r\n\r\n<strong>7. A SELYPI SZ\u00c9GYEN.<\/strong> A kilencvenes \u00e9vekben el\u00e9g gyakran t\u00e9pte a balsors a Vasast, t\u00f6bbek k\u00f6z\u00f6tt a kup\u00e1ban is: 1992-ben p\u00e9ld\u00e1ul m\u00e1r a szeptembert sem \u00e9rt\u00e9k meg az angyalf\u00f6ldiek a sorozatban, mivel Selypen tizenegyesp\u00e1rbajban kikaptak a Her\u00e9dt\u0151l (<strong>Claude<\/strong> \u00e9s <strong>Kecsk\u00e9s<\/strong> rontott, a hazaiaknak az utols\u00f3 l\u00f6v\u00e9sre m\u00e1r nem is volt sz\u00fcks\u00e9g\u00fck). H\u00e1rom nappal k\u00e9s\u0151bb a Vasas a Veszpr\u00e9m otthon\u00e1ban m\u00e1r bajnokin j\u00e1tszott 0-0-t, a brut\u00e1lis korabeli komment\u00e1r szerint ez Her\u00e9d ut\u00e1n nem is rossz eredm\u00e9ny\u2026\r\n\r\n<strong>6. D\u00d6MS\u00d6DI D\u00daL\u00c1S.<\/strong> Az m\u00e9g rendben, hogy az 1988\/89-es ki\u00edr\u00e1sban az NB III-as D\u00f6ms\u00f6d kiejtette a Het\u00e9nyegyh\u00e1z\u00e1t \u00e9s az \u00c9p\u00edt\u0151ket. Ut\u00e1na kiejtette a Koml\u00f3t is.\r\n\r\n<span class=\"highlight-block-small\">Azt\u00e1n, ha m\u00e1r \u00edgy belej\u00f6tt, \u00e1tl\u00e9pett (2-1) az 1987-es bajnokcsapat MTK-n, m\u00e9ghozz\u00e1 egy bok\u00e1ig \u00e9r\u0151 h\u00f3ban lej\u00e1tszott m\u00e9rk\u0151z\u00e9sen. <\/span>\r\n\r\n\u00c9s itt m\u00e9g nem volt v\u00e9ge! Nem sokkal k\u00e9s\u0151bb a c\u00edmv\u00e9d\u0151 B\u00e9k\u00e9scsaba szint\u00e9n otthagyta a fog\u00e1t D\u00f6ms\u00f6d\u00f6n, a v\u00e9rszemet kapott hazaiak 2-1-re legy\u0151zt\u00e9k <strong>Csank J\u00e1nos<\/strong> egy\u00fcttes\u00e9t. A d\u00f6ms\u00f6di d\u00fal\u00e1snak a Si\u00f3fok vetett v\u00e9get a negyedd\u00f6nt\u0151ben, de a kiscsapat \u00edgy is leny\u0171g\u00f6z\u0151 menetel\u00e9st mutatott be!\r\n\r\n<strong>5. A B\u00c9L-K\u0150 \u00c1RNY\u00c9K\u00c1BAN.<\/strong> A csod\u00e1latos fekv\u00e9s\u0171 B\u00e9lap\u00e1tfalva lett a DVTK (kupa)v\u00e9gzete 1982 okt\u00f3ber\u00e9ben: a tr\u00f3fe\u00e1t 1977-ben \u00e9s 1980-ban is elh\u00f3d\u00edt\u00f3 di\u00f3sgy\u0151riek az els\u0151 f\u00e9lid\u0151 ut\u00e1n 2-0-ra vezettek, majd elbambultak, \u00edgy a B\u00e9lap\u00e1tfalva egyenl\u00edtett, a DVTK meg a hajr\u00e1ban b\u00fcntet\u0151t hib\u00e1zott. A hosszabb\u00edt\u00e1sban a teljesen bep\u00f6rg\u0151 hazaiak m\u00e1r kip\u00f6rgett\u00e9k a megd\u00f6bbent di\u00f3sgy\u0151rieket a kup\u00e1b\u00f3l: a ter\u00fcleti bajnoks\u00e1gban szerepl\u0151 B\u00e9lap\u00e1tfalva 4-3-ra gy\u0151z\u00f6tt! <strong>Balogh B\u00e9la<\/strong>, a DVTK \u00fcgyvezet\u0151 eln\u00f6ke el\u00e9gedetlen lehetett, legal\u00e1bbis nyilatkozata nem sok j\u00f3t sejtetett: \u201eMeghallgattam a vezet\u0151edz\u0151 indokl\u00e1s\u00e1t, de egy sz\u00f3val sem mondtam, hogy el is fogadtam\u2026\u201d\r\n\r\n<strong>4. A T\u00c1PI\u00d3-MENTI VIT\u00c9ZEK.<\/strong> A T\u00e1pi\u00f3-mente csapatainak volt egy-k\u00e9t par\u00e1d\u00e9s \u00e9ve az MK-ban: 1999\/2000-ben a T\u00e1pi\u00f3szentm\u00e1rton kupael\u0151d\u00f6nt\u0151ig menetelt (!), ut\u00e1na meg j\u00f6tt a T\u00e1pi\u00f3szecs\u0151, amely a 2002\/03-as ki\u00edr\u00e1sban el\u0151bb a Vasast (3-1), majd az \u00dajpestet (1-0) ejtette ki. Az \u00dajpest elleni m\u00e9rk\u0151z\u00e9sen az \u00e9ppen a lil\u00e1kkal (majd az MTK-val) bajnoki c\u00edmet nyert <strong>Zsiv\u00f3czky Gyula<\/strong> szerezte az egyetlen g\u00f3lt. \u201eA T\u00e1pi\u00f3szecs\u0151 lett az \u00dajpest Moh\u00e1csa\u201d \u2013 olvashattuk a Nemzeti Sport c\u00edmlapj\u00e1n, de tegy\u00fck hozz\u00e1, n\u00e9h\u00e1ny \u00e9vvel k\u00e9s\u0151bb a Bodajk ellen is volt egy igen k\u00ednos kies\u00e9s\u00fck a IV. ker\u00fcletieknek. A szecs\u0151ieket v\u00e9g\u00fcl a vezet\u0151edz\u0151 <strong>Katzenbach Imre<\/strong> (\u00e9s Zsiv\u00f3czky) volt csapata, az MTK verte ki a kup\u00e1b\u00f3l.\r\n\r\n<strong>3. SZESZTILALOM \u00c9S M\u00c1MOR.<\/strong> Abban semmi meglep\u0151 nem volt, hogy\r\n\r\n<span class=\"highlight-block\">n\u00e9p\u00fcnnep\u00e9lyt hozott 1996 okt\u00f3ber\u00e9ben a Ferencv\u00e1ros dunaszekcs\u0151i l\u00e1togat\u00e1sa, <\/span>\r\n\r\n\u00e1m arra senki sem sz\u00e1m\u00edtott, hogy a rekordbajnokot a p\u00e1ly\u00e1n is meglepik (a m\u00e1sik meglepet\u00e9st az aznapra meghirdetett szesztilalom okozta a telep\u00fcl\u00e9sen). M\u00e1rpedig ez t\u00f6rt\u00e9nt: <strong>Varga Zolt\u00e1n<\/strong> nem \u00e9pp tartal\u00e9kos egy\u00fcttese \u2013 csat\u00e1rsor: <strong>Horv\u00e1th Ferenc, Igor Nicsenko, Zavadszky G\u00e1bor<\/strong> \u2013 1-0-ra alulmaradt, a g\u00f3lszerz\u0151 <strong>Pankovics R\u00f3bert<\/strong> \u00f6r\u00f6kre be\u00edrta mag\u00e1t a helyi \u00e9vk\u00f6nyvekbe. A diadalmas hazaiak jutalomvacsor\u00e1t kaptak, hogy \u201e\u00e9rezz\u00e9k a gy\u0151zelem \u00edz\u00e9t\u201d. A visszav\u00e1g\u00f3n azt\u00e1n m\u00e1r tarolt a Fradi, \u00e9s 7-0-ra gy\u0151z\u00f6tt (hasonl\u00f3 t\u00f6rt\u00e9nt a z\u00f6ld-feh\u00e9rekkel a hetvenes \u00e9vekben is; hi\u00e1ba kaptak ki Balassagyarmaton, a visszav\u00e1g\u00f3n ki\u00fct\u00f6tt\u00e9k alacsonyabb oszt\u00e1ly\u00fa ellenfel\u00fcket). Ennek ellen\u00e9re a dunaszekcs\u0151iek elk\u00f6nyvelhettek egy orsz\u00e1gra sz\u00f3l\u00f3 sikert, no meg azt, hogy \u0151k tudt\u00e1k legy\u0151zni els\u0151k\u00e9nt a Varga Zolt\u00e1n vezette Fradit.\r\n\r\n<strong>2. SPANYOLORSZ\u00c1GBA MENTEK, M\u00c1DRA KELLETT VOLNA.<\/strong> Az egyik legk\u00ednosabb kies\u00e9st az \u00dajpest k\u00f6nyvelhette el 1985-ben: a lila-feh\u00e9rek a M\u00e1di \u00c9rcb\u00e1ny\u00e1sz otthon\u00e1ba l\u00e1togattak, az augusztus 20-i kupam\u00e9rk\u0151z\u00e9s egyben p\u00e1lyaavat\u00f3 is volt. Az \u00dajpest \u201enagy mell\u00e9nnyel kezdett\u201d a tud\u00f3s\u00edt\u00e1s szerint, de ezt a hazaiak m\u00e1r az els\u0151 f\u00e9lid\u0151ben k\u00e9t g\u00f3llal b\u00fcntett\u00e9k, s nyertek is 2-0-ra. A vad \u00fcnnepl\u00e9s kij\u00e1rt a m\u00e1di csapatnak, annak ellen\u00e9re, hogy a vesztes f\u00e9l az \u00dajpest ut\u00e1np\u00f3tl\u00e1scsapata volt. Hogy mi\u00e9rt? Mert az \u00dajpest legjobbjai Spanyolorsz\u00e1gban t\u00far\u00e1ztak, \u00e9s a brazil Gremi\u00f3t vert\u00e9k meg 4-2-re. A meccs ut\u00f3\u00e9lete abszurdba illik: az MLSZ vizsg\u00e1latot ind\u00edtott a D\u00f3zsa ellen, majd meg is b\u00edrs\u00e1golta 60 ezer forintra, mivel \u201ea sportegyes\u00fcletek a legjobb csapatukkal k\u00f6telesek az MNK-m\u00e9rk\u0151z\u00e9sekre ki\u00e1llni\u201d. Ez rendben is lenne, csakhogy az \u00dajpest MLSZ-enged\u00e9llyel ment a spanyolorsz\u00e1gi t\u00far\u00e1ra\u2026 Tegy\u00fck hozz\u00e1, az MLSZ a t\u00faraenged\u00e9lyt ki\u00e1ll\u00edt\u00f3 tisztvisel\u0151t is megb\u00fcntette.\r\n\r\n<strong>1. AZ IV\u00c1NCSAI CSODA.<\/strong> Hajlunk arra, hogy az Iv\u00e1ncsa\u2013FTC kupam\u00e9rk\u0151z\u00e9s 3-2-je\r\n\r\n<span class=\"highlight-block\">az MK-t\u00f6rt\u00e9nelem legnagyobb \u00f3ri\u00e1s\u00f6l\u00e9s\u00e9nek sz\u00e1m\u00edt: <\/span>\r\n\r\na Ferencv\u00e1ros szinte a legjobb csapat\u00e1val, v\u00e1logatott j\u00e1t\u00e9kosok sor\u00e1val, az NB I-ben l\u00e1tott leg\u00e9rt\u00e9kesebb l\u00e9gi\u00f3sokkal \u00e1llt fel, \u00e9s hosszabb\u00edt\u00e1sban \u00edgy is ki tudta ejteni a leny\u0171g\u00f6z\u0151 teljes\u00edtm\u00e9nyt ny\u00fajt\u00f3, NB III-as h\u00e1zigazda. Itt sz\u00f3 sem volt rot\u00e1l\u00e1sr\u00f3l, a magyar mez\u0151nyben kiemelked\u0151, az eur\u00f3pai porondon igen j\u00f3l szerepl\u0151 Ferencv\u00e1ros legy\u0151z\u00e9se eg\u00e9szen hihetetlen brav\u00far \u2013 tal\u00e1n nagyobb, mint b\u00e1rmelyik \u201ekicsi\u00e9\u201d az eml\u00edtettek k\u00f6z\u00fcl.\r\n\r\n<strong>+1 A SI\u00d3FOKI DIADAL.<\/strong> Az igen ambici\u00f3zus, a k\u00e9s\u0151bbi NB I-es szerepl\u00e9s\u00e9t \u00e9ppen megalapoz\u00f3 Si\u00f3foki B\u00e1ny\u00e1szt nem lehet az igazi kiscsapatok k\u00f6z\u00e9 besorolni, \u00e1m k\u00e9ts\u00e9gtelen: a legnagyobb brav\u00farsorozatot a Balaton-partiak mutatt\u00e1k be a Magyar Kupa t\u00f6rt\u00e9net\u00e9ben. Az 1983\/84-es ki\u00edr\u00e1sban a si\u00f3fokiak kiejtett\u00e9k a Szabadegyh\u00e1z\u00e1t, a Honv\u00e9d Kiss J\u00e1nos SE-t, a Videotont, a Keszthelyi Halad\u00e1st, hosszabb\u00edt\u00e1sban a Ferencv\u00e1rost, majd (ha m\u00e1r ennyire belelend\u00fcltek) az el\u0151d\u00f6nt\u0151ben a Tatab\u00e1ny\u00e1t, \u00e9s hipp-hopp, m\u00e1r ott is voltak a fin\u00e1l\u00e9ban, amelyben a R\u00e1ba ETO v\u00e1rt r\u00e1juk! A sz\u00e9kesfeh\u00e9rv\u00e1ri S\u00f3st\u00f3i Stadionban azt\u00e1n a Si\u00f3fok megtette az utols\u00f3 l\u00e9p\u00e9st is: 2-1-re legy\u0151zte (0-1-r\u0151l ford\u00edtva) a favorit R\u00e1ba ETO-t, \u00edgy az els\u0151 \u00e9s egyetlen MK-gy\u0151ztes lett, amely m\u00e1sodoszt\u00e1ly\u00fak\u00e9nt h\u00f3d\u00edtotta el a serleget egy nem csonka sorozatban (az 1933\/34-es ki\u00edr\u00e1st \u00fagy nyerte meg a Soroks\u00e1r, hogy az \u00e9lvonalbeli profi csapatok nem indultak a kup\u00e1ban). Teljes\u00edtm\u00e9ny\u00fck p\u00e1ratlan \u2013 az\u00f3ta m\u00e1r t\u00f6bbsz\u00f6r is volt NB II-es d\u00f6nt\u0151s, de gy\u0151ztes egyszer sem.\r\n\r\n[prefabricated_shortcode in_app=\"0\" code=\"%3Cdiv%20class%3D%22article_box_border%22%20style%3D%22background%3A%20url%28%27https%3A%2F%2F24.p3k.hu%2Fapp%2Fuploads%2Fsites%2F24%2F2021%2F05%2Fsport24-pattern.png%27%29%20no-repeat%20left%20-16px%20%23f3f3f4%3B%20border%3A%20none%3B%22%3E%0D%0A%3Cdiv%20class%3D%22article_solidheader%22%3E%0D%0A%3Ch2%20style%3D%22color%3A%20%23111115%21important%3B%20font-size%3A%2036px%3B%20font-weight%3A%20bold%3B%20margin-bottom%3A%2030px%3B%20margin-top%3A%2020px%3B%20text-align%3A%20center%3B%20line-height%3A%2036px%3B%22%3E%3Cimg%20class%3D%22aligncenter%20size-full%20wp-image-141%22%20src%3D%22https%3A%2F%2F24.p3k.hu%2Fapp%2Fuploads%2Fsites%2F24%2F2021%2F05%2Fs24-logo-dt.png%22%20alt%3D%22%22%20width%3D%22408%22%20height%3D%2290%22%20%2F%3E%3C%2Fh2%3E%0D%0A%3Ch2%20style%3D%22color%3A%20%23111115%21important%3B%20font-size%3A%2036px%3B%20font-weight%3A%20bold%3B%20margin-bottom%3A%2030px%3B%20margin-top%3A%2020px%3B%20text-align%3A%20center%3B%20line-height%3A%2040px%3B%22%3ECsatlakozz%20a%20Sport24%20k%C3%B6z%C3%B6ss%C3%A9ghez%2C%20mondd%20el%20v%C3%A9lem%C3%A9nyedet%20z%C3%A1rt%20Facebook-csoportunkban%2C%20%C3%A9s%20vegy%C3%A9l%20r%C3%A9szt%20csak%20el%C5%91fizet%C5%91knek%20el%C3%A9rhet%C5%91%20exkluz%C3%ADv%20esem%C3%A9nyeinken.%3C%2Fh2%3E%0D%0A%3C%2Fdiv%3E%0D%0A%3Cp%20style%3D%22background%3A%20%2357A600%3B%20margin-top%3A%2020px%3B%20padding%3A%2020px%3B%20text-align%3A%20center%3B%22%3E%3Ca%20style%3D%22color%3A%20%23ffffff%3B%20font-size%3A%2026px%3B%20font-weight%3A%20600%3B%22%20href%3D%22https%3A%2F%2Fwww.facebook.com%2Fgroups%2F212344460412327%22%3ECSATLAKOZOM%3C%2Fa%3E%3C%2Fp%3E%0D%0A%0D%0A%3C%2Fdiv%3E\"]","type":"rich","thumbnail_url":"https:\/\/s.24.hu\/app\/uploads\/sites\/24\/2022\/10\/ikseftc-150x150.jpg","thumbnail_width":150,"thumbnail_height":150}