{"version":"1.0","provider_name":"Sport24","provider_url":"https:\/\/sport24.24.hu","author_name":"Bruckner G\u00e1bor","author_url":"https:\/\/sport24.24.hu\/author\/brucknerg\/","title":"Milyen nyomot hagy a Rossi-\u00e9ra a magyar futball trad\u00edci\u00f3j\u00e1n?","html":"Kicsit konkr\u00e9tabban: vajon be\u00e9p\u00fcl-e a magyar futballhagyom\u00e1nyokba mindaz, amit most a <strong>Rossi<\/strong>-f\u00e9le nemzeti csapatt\u00f3l l\u00e1tunk, s ami alapvet\u0151en t\u00e9r el a magyar futball eddigi eredm\u00e9nyes korszakainak st\u00edlus\u00e1t\u00f3l? Be\u00e9p\u00fcl-e vagy teljesen megv\u00e1ltoztatja? Vagy ez az id\u0151szak \u00e1tmeneti epiz\u00f3docskak\u00e9nt, hat\u00e1st alig gyakorolva m\u00falik majd el?\r\n\r\nGyerekkoromb\u00f3l bennem ragadt egy olaszorsz\u00e1gi eml\u00e9k, amint magyar sr\u00e1cok egy csoportj\u00e1val olasz k\u00f6lyk\u00f6k csapata ellen futballozom Riminiben. Sokemeletes h\u00e1zak stadionkar\u00e9ja k\u00f6zti kis f\u00fcves t\u00e9ren, f\u00f6ldre vetett p\u00f3l\u00f3kapuf\u00e1k k\u00f6z\u00e9 pr\u00f3b\u00e1ljuk eljuttatni a labd\u00e1t. Konkr\u00e9t becs\u00fasz\u00e1st, helyezked\u00e9si poz\u00edci\u00f3kat, tol\u00f3d\u00e1sokat nem \u0151rz\u00f6tt meg lyukacsos mem\u00f3ri\u00e1m, csak az impresszi\u00f3t, hogy\r\n\r\n<span class=\"highlight-block\">ezek v\u00e9dekeznek, cs\u00fasznak, ha kell, \u00e9s ravaszak. <\/span>\r\n\r\n\u00dagy t\u00e1mad ez \u00fajra, ahogy az illateml\u00e9kek szoktak: ha hasonl\u00f3 \u00e9rz\u00fcletet kelt egy fociz\u00f3, t\u00f6bbnyire olasz egy\u00fcttes, akkor egyb\u0151l erre a v\u00e9rre men\u0151, a s\u00f6t\u00e9ted\u00e9s h\u00e1rmas s\u00edpszava \u00e1ltal befejez\u00e9sre \u00edt\u00e9ltetett j\u00e1t\u00e9kra asszoci\u00e1lok. Mert azok a sr\u00e1cok olaszul fociztak, catenaccio volt kicsiben.\r\n\r\nAzt\u00e1n sokkalta k\u00e9s\u0151bb a Pacaembu stadionn\u00e1l j\u00e1rtam Sao Paul\u00f3ban, a helyen, ahol <strong>Pel\u00e9 \u2013<\/strong> csapata, a Santos otthon\u00e1n, a Villa Belmir\u00f3n k\u00edv\u00fcl \u2013 a legt\u00f6bbsz\u00f6r l\u00e9pett p\u00e1ly\u00e1ra, \u00e9s a legt\u00f6bb g\u00f3lt szerezte. A l\u00e9tes\u00edtm\u00e9ny parkol\u00f3j\u00e1ul szolg\u00e1l\u00f3 betonplaccon kev\u00e9s aut\u00f3t l\u00e1tni, mobil f\u00e9mker\u00edt\u00e9s elemekkel k\u00f6rbez\u00e1rt, kr\u00e9t\u00e1val rajzolt t\u00e9glalapokban, der\u00e9kig \u00e9r\u0151 r\u00e1cskapukra folyik az \u00f6t-\u00f6t elleni j\u00e1t\u00e9k, a szab\u00e1lyok alapj\u00e1n mindk\u00e9t oldalon k\u00f6telez\u0151en szerepel k\u00e9t focistan\u0151 is. Amat\u0151r torna, virtu\u00f3z driblikkel, cseppet sem k\u00e9nyszeres, fant\u00e1ziad\u00fas k\u00e9nyszer\u00edt\u0151kkel. (H\u00fclye sz\u00f3 a k\u00e9nyszer\u00edt\u0151 a csapatkoh\u00e9zi\u00f3 leglaz\u00e1bb megnyilv\u00e1nul\u00e1s\u00e1ra.) \u0150k brazilok. Mellettem az akkori magyar v\u00e1logatott egyik st\u00e1btagja t\u00e1tja a sz\u00e1j\u00e1t, miket is tudnak ezek az amat\u0151r\u00f6k. De persze, ugyanez a homokos parton is.\r\n\r\nTrad\u00edci\u00f3k. A cs\u00facsr\u00f3l a piramis legalj\u00e1ra lecsorg\u00f3 st\u00edlusjegypatakok, mentalit\u00e1serek, megold\u00e1scs\u00f6pp\u00f6k.\r\n\r\n<span class=\"highlight-block-small\">Minden nemzet futballj\u00e1nak legf\u0151bb hagyom\u00e1nyaiv\u00e1 sikeres korszakai legfontosabb karakterjegyei v\u00e1lnak. <\/span>\r\n\r\nAz olaszok v\u00e9gtelen\u00fcl szervezett vil\u00e1gbajnokai, a brazilok m\u0171v\u00e9szi szinten j\u00e1tsz\u00f3, cs\u00facsra jut\u00f3 cselakrobat\u00e1i teremtett\u00e9k meg nemzet\u00fck futballhagyom\u00e1nyait, futballjellemvon\u00e1sait.\r\n\r\n[caption id=\"attachment_6173\" align=\"aligncenter\" width=\"3507\"]<img class=\"wp-image-6173 size-full\" src=\"https:\/\/sport24.24.hu\/app\/uploads\/sites\/24\/2022\/10\/central-0614554806.jpg\" alt=\"\" width=\"3507\" height=\"2333\" \/> Marco Rossi a tavalyi, Ciprus elleni felk\u00e9sz\u00fcl\u00e9si meccsen.[\/caption]\r\n\r\nVajon a Rossi-\u00e9ra van-e olyan hat\u00e1s\u00fa, hogy megv\u00e1ltoztassa a magyar futballszurkol\u00f3 \u00e9s ezzel egy\u00fctt a t\u00e9ren futballoz\u00f3 gyerek (ha van ilyen) \u00e1ltal elfogadott form\u00e1kat? Persze, hogyan j\u00f6hetnek a mostani eredm\u00e9nyecsk\u00e9k a korszak- \u00e9s st\u00edlusalkot\u00f3, bab\u00e9rkoszor\u00fas id\u0151szakokhoz? \u00dagy, hogy az eredm\u00e9nyek ebb\u0151l az aspektusb\u00f3l nem \u00f6nmagukban \u00e9rtelmezend\u0151k, hanem a szurkol\u00f3i l\u00e9lekre gyakorolt hat\u00e1suk szempontj\u00e1b\u00f3l is.\r\n<div class=\"payable-content-section\"><\/div>\r\nM\u00e1rpedig az el\u0151z\u0151 \u00e9vi Eur\u00f3pa-bajnoks\u00e1g \u00e9s az id\u00e9n lej\u00e1tszott Nemzetek Lig\u00e1ja magyar m\u00e9rk\u0151z\u00e9sei \u2013 a politikailag motiv\u00e1lt propagandisztikus sajt\u00f3 megafonja \u00e1ltal is feler\u0151s\u00edtve \u2013 el\u00e9rtek a futballszeret\u0151k sz\u00edv\u00e9ig. De mire is kellene hatni? Hogyan is futballozik (focizott?) a magyar sr\u00e1c am\u00fagy? H\u00e1t, hogy? Ahogyan az Aranycsapat, ahogyan <strong>Albert Fl\u00f3ri\u00e1n<\/strong>. Mindenki m\u00e1gikus magyar, ha k\u00e9pess\u00e9gei elegend\u0151k r\u00e1, akkor csak t\u00e1mad, ha \u00e9rzi igaz\u00e1n a kaput, akkor nem kell v\u00e9dekez\u00e9ssel vesz\u0151dnie, a magyar aranylabd\u00e1s mint\u00e1j\u00e1ra elegend\u0151 lehet cs\u00edp\u0151re tett k\u00e9zzel kiv\u00e1rni, hogy az ellenf\u00e9l befejezze az akci\u00f3z\u00e1st. Majd eggyel t\u00f6bbet l\u00f6v\u00fcnk, mint amennyit kapunk, vagy valami ilyesmit mondott <strong>Pusk\u00e1s<\/strong> is <strong>Grosicsnak<\/strong>. Ez volt, amikor ment, azt\u00e1n meg m\u00e1r nem. Viszont az \u00f6sszes olyan k\u00eds\u00e9rlet, amely a stabil v\u00e9dekez\u00e9st tekintette volna alapvet\u00e9snek, kudarcos \u00e9lm\u00e9nyekkel ker\u00fclt egy \u00e9lm\u00e9nycsokorba a magyar fejekben. <strong>Csank J\u00e1nos<\/strong> edz\u0151i felfog\u00e1sa a k\u00e9pess\u00e9gek k\u00f6zepess\u00e9g\u00e9nek elismer\u00e9s\u00e9vel kezd\u0151d\u00f6tt (azaz lemondott a var\u00e1zslatos magyars\u00e1gr\u00f3l), \u00e9s az azokb\u00f3l kihozhat\u00f3 maximumra t\u00f6rt m\u00e1r V\u00e1cott is, azt\u00e1n a v\u00e1logatott kispadj\u00e1n szint\u00e9n, \u00e9s m\u00e9g ut\u00f3bbi helyen is rem\u00e9nyeket keltett, amelyek azt\u00e1n a Jugoszl\u00e1via elleni p\u00f3tselejtez\u0151ben t\u00edz perc alatt omlottak \u00f6ssze.\r\n\r\n<span class=\"highlight-block-small\">Akkor j\u00e1rt az el\u0151z\u0151 h\u00e1rom \u00e9s f\u00e9l \u00e9vtizedben legk\u00f6zelebb a magyar v\u00e1logatott a vil\u00e1gbajnoki r\u00e9szv\u00e9telhez, de ett\u0151l \u00e9s az \u00f6sszes\u00edtett 1-12-es kies\u00e9st\u0151l m\u00e9g a defenz\u00edv futball nem v\u00e1lt n\u00e9pszer\u0171bb\u00e9. <\/span>\r\n\r\n<strong>Erwin Koeman<\/strong> a 2010-es v\u00e9b\u00e9re igyekezett a magyar nemzeti csapattal, \u00e9s n\u00e9gy fordul\u00f3val a selejtez\u0151 v\u00e9ge el\u0151tt l\u00e9p\u00e9sel\u0151nyben volt egy iszonyatosan neh\u00e9z csoportban a portug\u00e1l \u00e9s a sv\u00e9d csapattal szemben is, teh\u00e1t v\u00e9dekezhetett. Mindk\u00e9t egy\u00fcttes elleni, hazai sorsd\u00f6nt\u0151 selejtez\u0151n m\u00e1r t\u00edz perc ut\u00e1n vezetett az ellenf\u00e9l, \u00e9s holott a kapit\u00e1ny racion\u00e1lisan d\u00f6nt\u00f6tt, az egy\u00e9ni hib\u00e1kat k\u00f6vet\u0151en a gy\u00e1vas\u00e1g v\u00e1dj\u00e1val illett\u00e9k \u0151t \u00e9s csapat\u00e1t is. Az ezut\u00e1n k\u00f6vetkez\u0151 \u201eszerethet\u0151 csapat\u201d eset\u00e9ben az \u00e9szszer\u0171 bekkel\u00e9s kiz\u00e1rtt\u00e1 is v\u00e1lt, \u00edgy <strong>Egerv\u00e1ri S\u00e1ndor<\/strong> a hollandok elleni 1-6 ut\u00e1n \u00fclt a padra, \u00e9s \u2013 csapat\u00e1val sz\u00e9p \u00edvet befutva \u2013 egy ugyancsak ellen\u00fck j\u00e1tszott 1-8 ut\u00e1n t\u00e1vozott.\r\n\r\nMarco Rossi a sz\u00e1m\u00e1ra legkedvez\u0151bb k\u00f6r\u00fclm\u00e9nyek k\u00f6z\u00f6tt kezdhette meg a \u201emagyar fal\u201d fel\u00e9p\u00edt\u00e9s\u00e9t: a <strong>D\u00e1rdai<\/strong>-\u00f6r\u00f6ks\u00e9g r\u00f6vidke, foggal-k\u00f6r\u00f6mmel kiv\u00edvott sikerecsk\u00e9i legaliz\u00e1lt\u00e1k, a meg\u00edzlelt Eb-r\u00e9szv\u00e9tel-euf\u00f3ria \u00fajra\u00e9l\u00e9s\u00e9nek v\u00e1gya pedig szentes\u00edtette is sz\u00e1nd\u00e9kait. Ehhez r\u00e1ad\u00e1sul a v\u00e9dekez\u0151 strat\u00e9gia fejleszt\u00e9s\u00e9nek t\u00f6k\u00e9letesen meg\u00e1gyaz\u00f3 ellenf\u00e9ln\u00e9vsor t\u00e1rsult az el\u0151z\u0151 h\u00e1rom \u00e9vben, hiszen m\u00e1r a Nemzetek Lig\u00e1ja B-csoportj\u00e1ban is, a vb-selejtez\u0151k\u00f6n is, az Eb-n, a most ny\u00e1ri NL-ben pedig pl\u00e1ne szinte csak jelent\u0151sen er\u0151sebb j\u00e1t\u00e9koskerettel rendelkez\u0151 vet\u00e9lyt\u00e1rsak jutottak riv\u00e1lisk\u00e9nt. A nem er\u0151sebbek \u2013 mint San Marino meg Andorra \u2013 pedig annyival gyeng\u00e9bbek voltak, hogy az norm\u00e1l k\u00f6r\u00fclm\u00e9nyek k\u00f6z\u00f6tt nem jelenthet gondot. A kiv\u00e9telt Alb\u00e1nia k\u00e9pezte, azon a teszten pedig el is bukott a csapat, ami a t\u00f6bbi, bekkel\u00e9ssel el\u00e9rt eredm\u00e9nyhez k\u00e9pest m\u00e1ra m\u00e1r csak csip-csup \u00fcgynek t\u0171nik a gy\u0151ztes meccsek ut\u00e1ni szurkol\u00f3i m\u00e1morban. Hogy a m\u00e1morom\u00e9ter mit is mutat, szinte kiz\u00e1r\u00f3lagos meghat\u00e1roz\u00f3 a hozz\u00e1\u00e1ll\u00e1s elfogad\u00e1sa szempontj\u00e1b\u00f3l, \u00e9s rendk\u00edv\u00fcl jelent\u0151s a st\u00edlusjegyek trad\u00edci\u00f3ba \u00e9p\u00fcl\u00e9s\u00e9t tekintve.\r\n\r\n[central_article_recommendation title=\"Kapcsol\u00f3d\u00f3\" url=\"https:\/\/sport24.24.hu\/foci\/2022\/09\/29\/nemzetek-ligaja-osszefoglalo-ertekeles-magyar-valogatott-marco-rossi\/\" image=\"1\" lead=\"1\"]\r\n\r\nA magyarosnak gondolt Duna-menti, kreat\u00edv, labdatart\u00e1sra t\u00f6rekv\u0151 st\u00edlus m\u00e1r r\u00e9g\u00f3ta alig tal\u00e1lhat\u00f3 meg a magyar p\u00e1ly\u00e1kon, \u00e9s az ehhez sz\u00fcks\u00e9ges k\u00e9pess\u00e9gekkel meg\u00e1ldott j\u00e1t\u00e9kosok sz\u00e1ma is kifejezetten alacsony, m\u00e9g egy nemzeti v\u00e1logatott \u00f6ssze\u00e1ll\u00edt\u00e1s\u00e1hoz sem elegend\u0151, \u00edgy a t\u00e1mad\u00f3 futballt prefer\u00e1l\u00f3 k\u00eds\u00e9rletek t\u00f6rv\u00e9nyszer\u0171en buktak el az el\u0151z\u0151 \u00e9vtizedekben.\r\n\r\n<span class=\"highlight-block\">A magyar futball-l\u00e9lekben meg\u00fcresedett t\u00e9r bet\u00f6lt\u00e9sre v\u00e1r, <\/span>\r\n\r\n\u00e9s Rossi olaszos megk\u00f6zel\u00edt\u00e9se nyer\u00e9sre \u00e1ll. Hogy marad-e gy\u0151zelmi es\u00e9lye, az nagyban az Eb-selejtez\u0151k eredm\u00e9ny\u00e9t\u0151l f\u00fcgg. Viszont a litv\u00e1n, a bolg\u00e1r \u00e9s a montenegr\u00f3i csapat ellen val\u00f3sz\u00edn\u0171leg m\u00e1r a r\u00e9gi-magyaros \u00e9s az \u00faj-magyaros st\u00edlusb\u00f3l kevert megfelel\u0151 elegy lehet nyer\u0151.\r\n\r\nLehet, hogy ez lesz a j\u00f6v\u0151ben majd hagyom\u00e1nyosk\u00e9nt kezelt magyar st\u00edlus?\r\n\r\n[prefabricated_shortcode in_app=\"0\" code=\"%3Cdiv%20class%3D%22article_box_border%22%20style%3D%22background%3A%20url%28%27https%3A%2F%2F24.p3k.hu%2Fapp%2Fuploads%2Fsites%2F24%2F2021%2F05%2Fsport24-pattern.png%27%29%20no-repeat%20left%20-16px%20%23f3f3f4%3B%20border%3A%20none%3B%22%3E%0D%0A%3Cdiv%20class%3D%22article_solidheader%22%3E%0D%0A%3Ch2%20style%3D%22color%3A%20%23111115%21important%3B%20font-size%3A%2036px%3B%20font-weight%3A%20bold%3B%20margin-bottom%3A%2030px%3B%20margin-top%3A%2020px%3B%20text-align%3A%20center%3B%20line-height%3A%2036px%3B%22%3E%3Cimg%20class%3D%22aligncenter%20size-full%20wp-image-141%22%20src%3D%22https%3A%2F%2F24.p3k.hu%2Fapp%2Fuploads%2Fsites%2F24%2F2021%2F05%2Fs24-logo-dt.png%22%20alt%3D%22%22%20width%3D%22408%22%20height%3D%2290%22%20%2F%3E%3C%2Fh2%3E%0D%0A%3Ch2%20style%3D%22color%3A%20%23111115%21important%3B%20font-size%3A%2036px%3B%20font-weight%3A%20bold%3B%20margin-bottom%3A%2030px%3B%20margin-top%3A%2020px%3B%20text-align%3A%20center%3B%20line-height%3A%2040px%3B%22%3ECsatlakozz%20a%20Sport24%20k%C3%B6z%C3%B6ss%C3%A9ghez%2C%20mondd%20el%20v%C3%A9lem%C3%A9nyedet%20z%C3%A1rt%20Facebook-csoportunkban%2C%20%C3%A9s%20vegy%C3%A9l%20r%C3%A9szt%20csak%20el%C5%91fizet%C5%91knek%20el%C3%A9rhet%C5%91%20exkluz%C3%ADv%20esem%C3%A9nyeinken.%3C%2Fh2%3E%0D%0A%3C%2Fdiv%3E%0D%0A%3Cp%20style%3D%22background%3A%20%2357A600%3B%20margin-top%3A%2020px%3B%20padding%3A%2020px%3B%20text-align%3A%20center%3B%22%3E%3Ca%20style%3D%22color%3A%20%23ffffff%3B%20font-size%3A%2026px%3B%20font-weight%3A%20600%3B%22%20href%3D%22https%3A%2F%2Fwww.facebook.com%2Fgroups%2F212344460412327%22%3ECSATLAKOZOM%3C%2Fa%3E%3C%2Fp%3E%0D%0A%0D%0A%3C%2Fdiv%3E\"]","type":"rich","thumbnail_url":"https:\/\/s.24.hu\/app\/uploads\/sites\/24\/2022\/10\/central-0483393452-masolat-150x150.jpg","thumbnail_width":150,"thumbnail_height":150}