{"version":"1.0","provider_name":"Sport24","provider_url":"https:\/\/sport24.24.hu","author_name":"Bruckner G\u00e1bor","author_url":"https:\/\/sport24.24.hu\/author\/brucknerg\/","title":"A Fradi m\u00e1r akkor is k\u00e9pes nyerni Eur\u00f3p\u00e1ban, ha nem futballozik kifejezetten j\u00f3l","html":"Az egy h\u00e9ttel kor\u00e1bbi, belgr\u00e1di m\u00e9rk\u0151z\u00e9s nem siker\u00fclt a legjobban a Fradi sz\u00e1m\u00e1ra: a Trabzonspor \u00e9s a Monaco elleni gy\u0151zelem ut\u00e1n <strong>Sztanyiszlav Csercseszov<\/strong> csapata az els\u0151 f\u00e9lid\u0151 k\u00f6zep\u00e9n ker\u00fclt h\u00e1tr\u00e1nyba egy szerencs\u00e9tlen b\u00fcntet\u0151 nyom\u00e1n. Ezt k\u00f6vet\u0151en a z\u00f6ld-feh\u00e9rek \u00f6sszeomlottak, \u00e9s a szerbek kontr\u00e1i \u00e1tszaladtak a ferencv\u00e1rosi v\u00e9delmen. Az addig pont n\u00e9lk\u00fcl \u00e1ll\u00f3 hazaiak r\u00e1ad\u00e1sul kiv\u00e9telesen j\u00f3 napot fogtak ki: szinte minden l\u00f6v\u00e9s\u00fckb\u0151l sz\u00e9ps\u00e9gd\u00edjas bombag\u00f3l lett, \u00edgy l\u00e1tsz\u00f3lag sima, 4-1-es gy\u0151zelmet arattak. B\u00e1r a j\u00e1t\u00e9k k\u00e9pe alapj\u00e1n nem volt h\u00e1rom g\u00f3l k\u00fcl\u00f6nbs\u00e9g a k\u00e9t csapat k\u00f6z\u00f6tt, az FTC t\u00e1mad\u00f3j\u00e1t\u00e9ka tan\u00e1cstalannak t\u0171nt, f\u0151leg h\u00e1tr\u00e1nyban.\r\n\r\n<span class=\"highlight-block\">Volt teh\u00e1t mi\u00e9rt visszav\u00e1gni Budapesten.<\/span>\r\n\r\nCsercseszov kezd\u0151csapat\u00e1ban szok\u00e1s szerint <strong>Dibusz<\/strong> v\u00e9dte a kaput. A v\u00e9delemben <strong>Botka Endre<\/strong> balh\u00e1tv\u00e9db\u0151l visszaker\u00fclt az eredeti, jobb oldali poz\u00edci\u00f3j\u00e1ba, a k\u00e9t k\u00f6z\u00e9ph\u00e1tv\u00e9d ism\u00e9t <strong>Sammy Mmaee<\/strong> \u00e9s <strong>Knoester<\/strong> lett, a bal oldalon pedig az eltiltott <strong>Civic<\/strong> hely\u00e9n \u2013 kisebb meglepet\u00e9sre \u2013 <strong>P\u00e1szka L\u00f3r\u00e1nd<\/strong> kapott helyet. A k\u00f6z\u00e9pp\u00e1ly\u00e1n <strong>Laidouni<\/strong> hi\u00e1ny\u00e1ban <strong>V\u00e9csei<\/strong> lett <strong>Besic<\/strong> t\u00e1rsa, el\u00f6l pedig <strong>Ryan Mmaee, Zachariassen<\/strong> \u00e9s <strong>Traor\u00e9<\/strong> mellett negyedikk\u00e9nt <strong>Gojak<\/strong> j\u00e1tszott, mivel <strong>Tokmac<\/strong> nem volt sz\u00e1zsz\u00e1zal\u00e9kos \u00e1llapotban.\r\n\r\nA szerb egy\u00fcttesben <strong>Borjan<\/strong> kapus el\u0151tt <strong>Gobeljic, Erakovic,<\/strong> az osztr\u00e1k v\u00e1logatott <strong>Dragovic<\/strong>, valamint <strong>Rodic<\/strong> l\u00e9pett p\u00e1ly\u00e1ra. A k\u00f6z\u00e9pp\u00e1ly\u00e1n megint a k\u00e9t afrikai, <strong>Sanogo<\/strong>\u00a0\u00e9s <strong>Kanga<\/strong> szerepelt k\u00f6z\u00e9pen. A baloldalt <strong>Ivanic<\/strong>, a jobboldalt <strong>Mitrovic<\/strong> j\u00e1tszotta be, <strong>Katai<\/strong> pedig m\u00e1sodik t\u00e1mad\u00f3t j\u00e1tszott a \u201ev\u00edzilabd\u00e1s\u201d st\u00edlus\u00fa er\u0151csat\u00e1r, <strong>Pesic<\/strong> m\u00f6g\u00f6tt.\r\n\r\n[caption id=\"attachment_6147\" align=\"alignnone\" width=\"2048\"]<img class=\"size-full wp-image-6147\" src=\"https:\/\/sport24.24.hu\/app\/uploads\/sites\/24\/2022\/10\/ftczve0.png\" alt=\"\" width=\"2048\" height=\"1261\" \/> A kezd\u0151csapatok[\/caption]\r\n\r\nNoha a m\u00e9rk\u0151z\u00e9s elej\u00e9n egy sz\u00f6gletb\u0151l a Crvena Zvezda r\u00f6gt\u00f6n vesz\u00e9lyeztetett, \u00f6sszess\u00e9g\u00e9ben az els\u0151 h\u00fasz percben, a vezet\u0151 g\u00f3lig bez\u00e1r\u00f3lag a Ferencv\u00e1ros viszonylagosan kontroll\u00e1lni tudta az \u00f6sszecsap\u00e1st. A m\u00e9rk\u0151z\u00e9s nyit\u00f3 peri\u00f3dusa teh\u00e1t kulcsfontoss\u00e1g\u00fa volt a k\u00e9s\u0151bbi gy\u0151zelemhez.\r\n\r\nEbben a kezdeti szakaszban a <strong>Milos Milojevic<\/strong> edzette belgr\u00e1di g\u00e1rda m\u00e9g nem alkalmazott a k\u00e9s\u0151bbihez hasonl\u00f3an agressz\u00edv, eg\u00e9szp\u00e1ly\u00e1s let\u00e1mad\u00e1st. \u00c1ltal\u00e1ban megengedt\u00e9k a Fradinak, hogy a f\u00e9lp\u00e1ly\u00e1ig kihozza a labd\u00e1t, \u00e9s csak bizonyos jelekre, mint p\u00e9ld\u00e1ul egy-egy hosszabb labdaj\u00e1rat\u00e1sra, vagy labdakezel\u00e9si hib\u00e1ra l\u00e9ptek feljebb a 4-2-3-1-es, esetleg 4-4-2-es v\u00e9delmi alakzatb\u00f3l.\r\n<span class=\"highlight-block-small\">A ferencv\u00e1rosiaknak a m\u00e9rk\u0151z\u00e9s elej\u00e9n teh\u00e1t volt lehet\u0151s\u00e9g\u00fck birtokolni a labd\u00e1t, de amint azt a Csercseszov-korszak kor\u00e1bbi meccsein l\u00e1thattuk, most sem ez volt a csapat legnagyobb er\u0151ss\u00e9ge. <\/span>\r\n\r\nAz FTC-nek a h\u00e1ts\u00f3 sorb\u00f3l ritk\u00e1n siker\u00fclt tiszt\u00e1n el\u0151re juttatnia a labd\u00e1t, a legt\u00f6bb t\u00e1mad\u00e1s \u2013 legink\u00e1bb musz\u00e1jb\u00f3l \u2013 az oldalvonal mellett futott. <strong>Pep Guardiola<\/strong> mondta egyszer, hogy a k\u00f6z\u00e9ps\u0151 t\u00e1mad\u00e1sokhoz a p\u00e1lya sz\u00e9l\u00e9re van sz\u00fcks\u00e9g, a sz\u00e9ls\u0151 t\u00e1mad\u00e1sokhoz pedig a p\u00e1lya k\u00f6zep\u00e9re. A Fradi j\u00e1t\u00e9k\u00e1t n\u00e9zve k\u00f6nnyen meg\u00e9rthetj\u00fck, mi ebben a logika: a pap\u00edron V\u00e9csei mellett j\u00e1tsz\u00f3 Besic p\u00e9ld\u00e1ul eredeti poz\u00edci\u00f3j\u00e1n\u00e1l rendszeresen feljebb, \u00e9s ami m\u00e9g fontosabb, kijjebb helyezkedik. \u00cdgy form\u00e1lisan hi\u00e1ba jelent plusz embert a sz\u00e9leken, a p\u00e1lya k\u00f6zepe ki\u00fcr\u00fcl, minek k\u00f6vetkezt\u00e9ben az ellenfelek emberfog\u00e1ssal felvehetik, an\u00e9lk\u00fcl, hogy a kapuhoz k\u00f6zelebbi, k\u00f6z\u00e9ps\u0151 ter\u00fcletre \u00fcgyelni kellene. Ha Csercseszov csapata jobban elfoglaln\u00e1 a p\u00e1lya k\u00f6zep\u00e9t, az befel\u00e9 h\u00fazn\u00e1 az ellenf\u00e9l sz\u00e9ls\u0151 v\u00e9d\u0151it, ami ter\u00fcletet nyitna a sz\u00e9len felfut\u00f3 j\u00e1t\u00e9kosoknak. A k\u00f6z\u00e9pen vezetett t\u00e1mad\u00e1sok eset\u00e9ben Guardiola logik\u00e1ja egy\u00e9bk\u00e9nt hasonl\u00f3: az er\u0151s sz\u00e9lj\u00e1t\u00e9k sz\u00e9th\u00fazza az ellenf\u00e9l v\u00e9dekez\u00e9s\u00e9t, ami ter\u00fcletet teremt a k\u00f6z\u00e9ps\u0151 kombin\u00e1ci\u00f3khoz.\r\n\r\n<img class=\"alignnone size-full wp-image-6148\" src=\"https:\/\/sport24.24.hu\/app\/uploads\/sites\/24\/2022\/10\/ftczve1.png\" alt=\"\" width=\"854\" height=\"480\" \/>\r\n\r\n<em>A Fradin\u00e1l a labda, de Besic kifel\u00e9 mozog, \u00edgy nincs elegend\u0151 k\u00f6z\u00e9ps\u0151 passzopci\u00f3, csak az ellenf\u00e9l v\u00e9delmi blokkj\u00e1n k\u00edv\u00fcl lehet t\u00e1madni.<\/em>\r\n\r\nEnnek ellen\u00e9re az egyik akci\u00f3 m\u00e9gis g\u00f3llal z\u00e1rult. A viszonylag szabadon elfoglalt poz\u00edci\u00f3k itt el\u0151nyt jelentettek: Gojak mozgott ki a balsz\u00e9lre, k\u00f6z\u00e9pen pedig a jobbr\u00f3l befel\u00e9 sodr\u00f3d\u00f3 Zachariassen \u00e9rkezett a kipattan\u00f3ra.\r\n\r\n<img class=\"alignnone size-full wp-image-6149\" src=\"https:\/\/sport24.24.hu\/app\/uploads\/sites\/24\/2022\/10\/ftczve2.png\" alt=\"\" width=\"854\" height=\"480\" \/>\r\n\r\n<em>Az els\u0151 ferencv\u00e1rosi g\u00f3l. P\u00e1szka a k\u00f6z\u00e9pr\u0151l kimozg\u00f3 Gojakot ind\u00edtja, aki egy csel ut\u00e1n k\u00f6z\u00e9pre centerez, a befel\u00e9 mozg\u00f3 Zachariassen pedig megszerzi a vezet\u00e9st. Ebben a szitu\u00e1ci\u00f3an a j\u00e1t\u00e9kosok profit\u00e1ltak a szabads\u00e1gb\u00f3l.<\/em>\r\n<div class=\"payable-content-section\"><\/div>\r\nAz id\u0151 m\u00fal\u00e1s\u00e1val a belgr\u00e1diak egyre feljebb tolt\u00e1k a let\u00e1mad\u00e1st. Ezt a nemzetk\u00f6zi mez\u0151nyben gyakran megszokott m\u00f3dozatok egyik\u00e9n tett\u00e9k: Pesic, mint k\u00f6z\u00e9pcsat\u00e1r, bel\u00fclr\u0151l t\u00e1madta meg a bels\u0151 v\u00e9d\u0151t, ezzel hossz\u00e1ban elfelezve a p\u00e1ly\u00e1t, \u00e9s az egyik oldalra szor\u00edtva a ferencv\u00e1rosi labdakihozatalt. A t\u00e1rsak pedig emberfog\u00e1ssal vett\u00e9k ki a j\u00e1t\u00e9kb\u00f3l a k\u00f6zvetlen passzopci\u00f3kat. A Ferencv\u00e1ros ett\u0151l kezdve egyre kevesebb alkalommal volt k\u00e9pes megtartani a labd\u00e1t, \u00e9s mind t\u00f6bbsz\u00f6r k\u00e9nyszer\u00fclt \u00edvel\u00e9sre. B\u00e1r a nyom\u00e1s alatti \u00e9p\u00edtkez\u00e9s tov\u00e1bbra sem er\u0151ss\u00e9ge a magyar bajnoknak, ki kell emelni, hogy a z\u00f6ld-feh\u00e9rek ekkor sem kiz\u00e1r\u00f3lag Dibusz kir\u00fag\u00e1saiban b\u00edznak: a labdakihozatal megkezd\u00e9se m\u00e1r \u00f6nmag\u00e1ban el\u00e9g ahhoz, hogy magukra h\u00fazz\u00e1k az ellenfelet, s az ellenf\u00e9l m\u00e9lys\u00e9gben megny\u00falt szerkezet\u00e9n bel\u00fclre j\u00e1tssz\u00e1k a labd\u00e1t meredek fel\u00edvel\u00e9ssel vagy felpasszal, majd lend\u00fcletb\u0151l, direktebb j\u00e1t\u00e9kkal t\u00f6rjenek be a riv\u00e1lis magasra tolt v\u00e9dekez\u00e9se m\u00f6g\u00e9. Ezzel az elk\u00e9pzel\u00e9ssel f\u0151leg az olasz futballkult\u00far\u00e1ban tal\u00e1lkozhatunk gyakran, p\u00e9ld\u00e1ul <strong>Antonio Conte<\/strong> Tottenhamj\u00e9t, vagy \u00e9ppen <strong>Marco Rossi<\/strong> magyar v\u00e1logatottj\u00e1t n\u00e9zve\u2026 Csercseszov 4-2-3-1-es fel\u00e1ll\u00e1sa r\u00e1ad\u00e1sul formailag is j\u00f3l passzol ehhez az elk\u00e9pzel\u00e9shez, hiszen hat\u00e1rozottan k\u00fcl\u00f6nv\u00e1lik a labdakihozatalt seg\u00edt\u0151 hat \u00e9s az el\u00f6l helyezked\u0151 n\u00e9gy j\u00e1t\u00e9kos.\r\n\r\n<img class=\"alignnone size-full wp-image-6150\" src=\"https:\/\/sport24.24.hu\/app\/uploads\/sites\/24\/2022\/10\/ftczve3.png\" alt=\"\" width=\"854\" height=\"480\" \/>\r\n\r\n<em>Pesic oldalra szor\u00edtja Knoestert, a t\u00f6bbiek embert fognak. Egyik ferencv\u00e1rosi sem megj\u00e1tszhat\u00f3, marad az \u00edvel\u00e9s a n\u00e9gy t\u00e1mad\u00f3 fel\u00e9 a h\u00e1tul megny\u00edl\u00f3 ter\u00fcletekre.<\/em>\r\n\r\nA m\u00e1sodik f\u00e9lid\u0151 elej\u00e9n \u00fagy t\u0171nt, a megszerzett el\u0151ny gyorsan semmiv\u00e9 v\u00e1lik: a Fradi a saj\u00e1t kissz\u00f6glet\u00e9b\u0151l kapott g\u00f3lt. Nem sokkal k\u00e9s\u0151bb azonban P\u00e1szka jav\u00edtotta a hib\u00e1j\u00e1t, \u00e9s a jobb oldalr\u00f3l betekert sz\u00f6glet\u00e9t Samy Mmaee fejelte nagyszer\u0171en a szerbek kapuj\u00e1ba.\r\n\r\n<span class=\"highlight-block-small\">A m\u00e9rk\u0151z\u00e9s utols\u00f3 szakasza \u00edgy m\u00e1r egy\u00e9rtelm\u0171en arr\u00f3l sz\u00f3lt, hogy a vend\u00e9geknek kellett kezdem\u00e9nyezni\u00fck az egyre m\u00e9lyebben v\u00e9dekez\u0151 Ferencv\u00e1ros ellen. <\/span>\r\n\r\nCsercseszov egy\u00fcttese \u00edgy egyre ritk\u00e1bban \u00e1llt fel let\u00e1madni az ellenf\u00e9l t\u00e9rfel\u00e9n, t\u00f6bbnyire a saj\u00e1t t\u00e9rfel\u00e9n v\u00e9dekezett. Ahogyan azt m\u00e1r sokszor l\u00e1thattuk, a csapat most is ter\u00fcletre \u00e9rkez\u0151 emberfog\u00e1st alkalmazott, azaz a j\u00e1t\u00e9kosok sz\u00fcks\u00e9g eset\u00e9n kil\u00e9phettek a poz\u00edci\u00f3jukb\u00f3l, hogy k\u00f6vess\u00e9k a k\u00f6zvetlen ellenfeleket.\r\n\r\n<img class=\"alignnone size-full wp-image-6151\" src=\"https:\/\/sport24.24.hu\/app\/uploads\/sites\/24\/2022\/10\/ftczve4.png\" alt=\"\" width=\"854\" height=\"480\" \/>\r\n\r\n<em>A Fradi embert fog a k\u00f6z\u00e9pp\u00e1ly\u00e1n. V\u00e9csei visszafel\u00e9 k\u00f6veti az ember\u00e9t, ami ter\u00fcletet nyit a vonalak k\u00f6z\u00f6tt. A szerbek azonban gyakorlatilag k\u00f6rbe\u00e1llj\u00e1k a hazaiak v\u00e9delmi blokkj\u00e1t, senki sem foglalja el a keletkez\u0151 r\u00e9st.<\/em>\r\n\r\nEnnek a v\u00e9dekez\u00e9snek k\u00e9ts\u00e9gtelen h\u00e1tr\u00e1nya, hogy az emberfog\u00e1s miatt gyakran nincs meg a h\u00e1rom sorba rendez\u0151d\u0151, kompakt v\u00e9delmi blokk. Ez pedig ter\u00fcletet nyithat a v\u00e9delem \u00e9s a k\u00f6z\u00e9pp\u00e1lya k\u00f6z\u00f6tt, amit megfelel\u0151 elmozg\u00e1ssal az ellenf\u00e9l t\u00e1mad\u00f3i kihaszn\u00e1lhatnak. A szerbek m\u00e9gsem tudtak elegend\u0151 vesz\u00e9lyes helyzetet kidolgozni a m\u00e1sodik f\u00e9lid\u0151ben. A sz\u00e9leken hi\u00e1ba pr\u00f3b\u00e1lkoztak sokat \u2013 k\u00fcl\u00f6n\u00f6sen baloldalt, a jobbr\u00f3l ekkorra m\u00e1r \u00e1tvez\u00e9nyelt, egy az egyben er\u0151s Mitrovic r\u00e9v\u00e9n \u2013, m\u00e9gsem tudtak olyan mennyis\u00e9g\u0171 \u00e9s min\u0151s\u00e9g\u0171 helyzetet kidolgozni, mint az els\u0151 m\u00e9rk\u0151z\u00e9sen. A budapestiek\u00e9hez hasonl\u00f3an a belgr\u00e1diak csapatszerkezete is legink\u00e1bb a sz\u00e9leken val\u00f3 t\u00e1mad\u00e1sokra volt alkalmas, r\u00e1ad\u00e1sul \u2013 mik\u00e9ppen az id\u0151k\u00f6zben a sz\u00e9lre kivez\u00e9nyelt Katai \u2013 Mijatovic is ink\u00e1bb m\u00e1sodik csat\u00e1rt j\u00e1tszott, mintsem t\u00e1mad\u00f3 k\u00f6z\u00e9pp\u00e1ly\u00e1st. \u00cdgy a Fradi v\u00e9d\u0151vonalai k\u00f6z\u00f6tt nem igaz\u00e1n maradt olyan szerb j\u00e1t\u00e9kos, aki a csapatr\u00e9szeket \u00f6sszek\u00f6tve ak\u00e1r a m\u00e1sik oldalra val\u00f3 \u00e1tford\u00edt\u00e1st, ak\u00e1r a k\u00f6z\u00e9pen t\u00f6rt\u00e9n\u0151 \u00e1tt\u00f6r\u00e9st tudta volna seg\u00edteni.\r\n\r\n<span class=\"highlight-block\">A k\u00e9t csapat hat\u00e9konys\u00e1g\u00e1t az xG-mutat\u00f3 is al\u00e1t\u00e1masztja. <\/span>\r\n\r\nAz FTC nemcsak t\u00f6bb min\u0151s\u00e9gi helyzetet dolgozott ki ellenfel\u00e9n\u00e9l, hanem a saj\u00e1t teljes\u00edtm\u00e9ny\u00e9n is jav\u00edtott az el\u0151z\u0151 meccshez k\u00e9pest. Ha pedig megn\u00e9zz\u00fck a PsxG (post-shot XG) mutat\u00f3t, akkor azt l\u00e1thatjuk: a m\u00falt heti tal\u00e1lkoz\u00f3n a szerbek szinte minden g\u00f3lja \u00e9letvesz\u00e9lyes helyzetb\u0151l sz\u00fcletett. Ez a mutat\u00f3 ugyanis azt m\u00e9ri, hogy a kapu adott r\u00e9sz\u00e9be tart\u00f3 l\u00f6v\u00e9sb\u0151l statisztikailag mekkora val\u00f3sz\u00edn\u0171s\u00e9ggel lesz g\u00f3l. A metodika a hagyom\u00e1nyos xG-hez hasonl\u00f3, \u00e1m leegyszer\u0171s\u00edtve: nem abb\u00f3l indul ki, honnan \u00e9rkezik a l\u00f6v\u00e9s, hanem abb\u00f3l, hogy hov\u00e1 tart. M\u00edg el\u0151bbib\u0151l levonhat\u00f3k k\u00f6vetkeztet\u00e9sek a l\u00f6v\u00e9st megel\u0151z\u0151 csapatszint\u0171 t\u00e1mad\u00e1s min\u0151s\u00e9g\u00e9re, addig ut\u00f3bbi a l\u00f6v\u00e9st jegyz\u0151 j\u00e1t\u00e9kos egy\u00e9ni min\u0151s\u00e9g\u00e9r\u0151l valamivel t\u00f6bbet \u00e1rul el: ha helyzetbe ker\u00fclt, mennyire tudja megdolgoztatni az ellenf\u00e9l kapus\u00e1t. A szerbek PsxG-mutat\u00f3ja az els\u0151 m\u00e9rk\u0151z\u00e9sen pedig kimondottan magas, 3.41-es \u00e9rt\u00e9ket vett fel.\r\n\r\n<script id=\"infogram_0_a0d5900b-aa8d-40e9-be40-2f1689520679\" title=\"Ferencv\u00e1ros-Crvena zvezda\" src=\"https:\/\/e.infogram.com\/js\/dist\/embed.js?jlJ\" type=\"text\/javascript\"><\/script>\r\n\r\nA Ferencv\u00e1ros teh\u00e1t az el\u0151z\u0151 m\u00e9rk\u0151z\u00e9s kudarca ut\u00e1n jav\u00edtani tudott, \u00e9s ki\u00e9lezett m\u00e9rk\u0151z\u00e9sen nyert 2-1-re a Crvena Zvezda ellen. Mivel a m\u00e1sik \u00f6sszecsap\u00e1son a Trabzonspor sima, 4-0-s gy\u0151zelmet aratott a Monaco ellen, a tov\u00e1bbjut\u00e1s matematikailag m\u00e9g nem biztos. Ugyanakkor megnyugtat\u00f3 l\u00e1tni, hogy a Fradi egyre t\u00f6bb nemzetk\u00f6zi rutint szerez, \u00e9s imm\u00e1r akkor is k\u00e9pes a m\u00e9rk\u0151z\u00e9st a maga jav\u00e1ra ford\u00edtani, ha nem futballozik kifejezetten j\u00f3l. Az igazolt j\u00e1t\u00e9kosok is mind magasabb nemzetk\u00f6zi min\u0151s\u00e9get k\u00e9pviselnek, \u00edgy kijelenthet\u0151, hogy az FTC tart\u00f3san meg\u00e9rkezhet az eur\u00f3pai k\u00f6z\u00e9pmez\u0151nybe. \u00c9s egyre val\u00f3sz\u00edn\u0171bb, hogy 19 \u00e9v ut\u00e1n ism\u00e9t l\u00e1thatunk futballozni magyar csapatot tavasszal is az eur\u00f3pai porondon.\r\n\r\n[prefabricated_shortcode in_app=\"0\" code=\"%3Cdiv%20class%3D%22article_box_border%22%20style%3D%22background%3A%20url%28%27https%3A%2F%2F24.p3k.hu%2Fapp%2Fuploads%2Fsites%2F24%2F2021%2F05%2Fsport24-pattern.png%27%29%20no-repeat%20left%20-16px%20%23f3f3f4%3B%20border%3A%20none%3B%22%3E%0D%0A%3Cdiv%20class%3D%22article_solidheader%22%3E%0D%0A%3Ch2%20style%3D%22color%3A%20%23111115%21important%3B%20font-size%3A%2036px%3B%20font-weight%3A%20bold%3B%20margin-bottom%3A%2030px%3B%20margin-top%3A%2020px%3B%20text-align%3A%20center%3B%20line-height%3A%2036px%3B%22%3E%3Cimg%20class%3D%22aligncenter%20size-full%20wp-image-141%22%20src%3D%22https%3A%2F%2F24.p3k.hu%2Fapp%2Fuploads%2Fsites%2F24%2F2021%2F05%2Fs24-logo-dt.png%22%20alt%3D%22%22%20width%3D%22408%22%20height%3D%2290%22%20%2F%3E%3C%2Fh2%3E%0D%0A%3Ch2%20style%3D%22color%3A%20%23111115%21important%3B%20font-size%3A%2036px%3B%20font-weight%3A%20bold%3B%20margin-bottom%3A%2030px%3B%20margin-top%3A%2020px%3B%20text-align%3A%20center%3B%20line-height%3A%2040px%3B%22%3ECsatlakozz%20a%20Sport24%20k%C3%B6z%C3%B6ss%C3%A9ghez%2C%20mondd%20el%20v%C3%A9lem%C3%A9nyedet%20z%C3%A1rt%20Facebook-csoportunkban%2C%20%C3%A9s%20vegy%C3%A9l%20r%C3%A9szt%20csak%20el%C5%91fizet%C5%91knek%20el%C3%A9rhet%C5%91%20exkluz%C3%ADv%20esem%C3%A9nyeinken.%3C%2Fh2%3E%0D%0A%3C%2Fdiv%3E%0D%0A%3Cp%20style%3D%22background%3A%20%2357A600%3B%20margin-top%3A%2020px%3B%20padding%3A%2020px%3B%20text-align%3A%20center%3B%22%3E%3Ca%20style%3D%22color%3A%20%23ffffff%3B%20font-size%3A%2026px%3B%20font-weight%3A%20600%3B%22%20href%3D%22https%3A%2F%2Fwww.facebook.com%2Fgroups%2F212344460412327%22%3ECSATLAKOZOM%3C%2Fa%3E%3C%2Fp%3E%0D%0A%0D%0A%3C%2Fdiv%3E\"]","type":"rich","thumbnail_url":"https:\/\/s.24.hu\/app\/uploads\/sites\/24\/2022\/10\/central-0730406657-e1665768391804-150x150.jpg","thumbnail_width":150,"thumbnail_height":150}