{"version":"1.0","provider_name":"Sport24","provider_url":"https:\/\/sport24.24.hu","author_name":"Bruckner G\u00e1bor","author_url":"https:\/\/sport24.24.hu\/author\/brucknerg\/","title":"Egy\u00fctt j\u00e1tszott Pusk\u00e1ssal, azt\u00e1n kiv\u00e9dte a legh\u00edresebb magyar szem\u00e9t a sl\u00e1gerszerz\u0151 Fazekas","html":"A Real Madrid soha nem esett ki a BEK els\u0151 fordul\u00f3j\u00e1ban. M\u00e1rmint 1962. szeptember 26-ig nem. Akkor azonban szembe tal\u00e1lta mag\u00e1t <strong>Fazekas \u00c1rp\u00e1ddal<\/strong>, az Anderlecht magyar kapus\u00e1val, aki a br\u00fcsszeli visszav\u00e1g\u00f3n mindent kifogott. Pedig spanyolok nem \u00e1lltak fel k\u00fcl\u00f6n\u00f6sebben rosszul, csat\u00e1rn\u00e9gyes\u00fckben <strong>Amaro Amancio, Alfredo di Stefano, Pusk\u00e1s Ferenc<\/strong> \u00e9s<strong> Francisco Gento<\/strong> sorakozott.\r\n\r\nA belga csapat 1-0-ra nyert.\r\n\r\n<iframe title=\"YouTube video player\" src=\"https:\/\/www.youtube.com\/embed\/O_JU3kJskYQ\" width=\"560\" height=\"315\" frameborder=\"0\" allowfullscreen=\"allowfullscreen\"><\/iframe>\r\n\r\nMiut\u00e1n m\u00e1r Madridban is csod\u00e1t tett, hiszen vend\u00e9gk\u00e9nt 3-3-at \u00e9rt el.\r\n\r\n<span class=\"highlight-block-small\">Fazekas azon a meccsen nem remekelt, 2-2-n\u00e9l kiejtett egy \u00e1rtalmatlannak tetsz\u0151 be\u00edvel\u00e9st, \u00e9s Di Stefano az \u00fcres kapuba fejelt. <\/span>\r\n\r\nA kapus \u00e9s az Anderlecht szerencs\u00e9j\u00e9re <strong>Jacques Stockman<\/strong> a hajr\u00e1ban ment\u0151\u00f6vet dobott a vend\u00e9geknek.\r\n\r\nEz a Stockman nem volt ak\u00e1rki, 1963 \u00e1prilis\u00e1ban mesterh\u00e1rmast \u00e9rt el a k\u00e9tszeres vil\u00e1gbajnokok sor\u00e1t \u2013 <strong>Gilmart, Djalma Santost, Maur\u00f3t, Zit\u00f3t, Mario Zagall\u00f3t<\/strong> \u2013, valamint a csak egyszeres vb-arany\u00e9rmes <strong>Mengalvi\u00f3t<\/strong> \u00e9s <strong>Amarild\u00f3t<\/strong> felvonultat\u00f3 brazil v\u00e1logatott ellen (5-1). A <em>Les Sports<\/em> c\u00edm\u0171 belga lap azt \u00e1ll\u00edtotta meg: \u201eA brazilok technikailag virtu\u00f3zok maradtak, \u00e1m a technika nem minden. M\u00e1s er\u00e9nyek is sz\u00fcks\u00e9gesek a sikerhez, s ezekkel Br\u00fcsszelben nem rukkoltak el\u0151.\u201d\r\n\r\nM\u00e1sutt se nagyon. Lisszabonban 1-0-ra kikaptak a portug\u00e1lokt\u00f3l, Amszterdamban szint\u00e9n 1-0-ra a hollandokt\u00f3l, Mil\u00e1n\u00f3ban 3-0-ra az olaszokt\u00f3l. Ezeken a m\u00e9rk\u0151z\u00e9seken <strong>Pel\u00e9<\/strong> is j\u00e1tszott, de igazi form\u00e1j\u00e1ban csak P\u00e1rizsban, a franci\u00e1k ellen futballozott \u2013 a 3-2-es tal\u00e1lkoz\u00f3 mindh\u00e1rom brazil g\u00f3lj\u00e1t \u0151 jegyezte a colombes-i stadionban \u2013, \u00e9s vitte a pr\u00edmet a hamburgi Volksparkban is, ahol a 2-1-es m\u00e1sf\u00e9l \u00f3ra sor\u00e1n g\u00f3lpasszt adott <strong>Coutinh\u00f3nak<\/strong>, majd megszerezte a gy\u0151ztes g\u00f3lt.\r\n\r\n<strong>Vicente Feola<\/strong> brazil szakvezet\u0151 megtal\u00e1lta az \u00e9deset a keser\u0171ben. Azt mondta:\r\n<blockquote>Az\u00e9rt volt j\u00f3 a sok veres\u00e9g, hogy ezut\u00e1n ism\u00e9t megtanuljuk \u00e9rt\u00e9kelni a gy\u0151zelmet.<\/blockquote>\r\nA szenz\u00e1ci\u00f3s br\u00fcsszeli meccsen az Anderlechtb\u0151l <strong>Laurent Verbiest, Pierre Hanon, Martin Lippens, Paul van Himst<\/strong> is szerepelt, m\u00e9ghozz\u00e1 eg\u00e9szen j\u00f3l, hiszen m\u00e1r a huszadik percben 4-0 volt a belg\u00e1k jav\u00e1ra.\r\n\r\n[caption id=\"attachment_5955\" align=\"alignnone\" width=\"1202\"]<img class=\"size-full wp-image-5955\" src=\"https:\/\/sport24.24.hu\/app\/uploads\/sites\/24\/2022\/09\/kepessport_1955.jpg\" alt=\"\" width=\"1202\" height=\"902\" \/> K\u00e9pes Sport, II. \u00e9vfolyam, 26. sz\u00e1m (1955. j\u00fanius 28.)[\/caption]\r\n\r\nM\u00e1sf\u00e9l \u00e9vvel k\u00e9s\u0151bb az Anderlecht volt a belga v\u00e1logatott: 1964. szeptember 30-\u00e1n, miut\u00e1n <strong>Jean-Marie Trappeniers<\/strong> kapust a sz\u00fcnetben becser\u00e9lt\u00e9k, a br\u00fcsszeli lil\u00e1k tizenegy j\u00e1t\u00e9kosa futballozott a hollandok ellen. A Trappeniers \u2013 Heylens, Verbiest, <strong>Plaskie<\/strong>, <strong>Cornelis<\/strong> \u2013 Hanon, <strong>Jurion \u2013 Devrindt,<\/strong> Stockman, Van Himst, <strong>Puis<\/strong> \u00f6sszet\u00e9tel\u0171 egy\u00fcttes 1-0-ra nyert Antwerpenben Jef Jurionnak a 87. percben szerzett g\u00f3lj\u00e1val.\r\n\r\nA t\u00fcrelmes Jurion a Real Madridnak a 85.-ben v\u00e1gta be az egyetlen g\u00f3lt. A p\u00e1rizsi<em> Le Monde<\/em> azt \u00edrta: \u201eGeorges Heylens teljesen kikapcsolta Gent\u00f3t, Verbiest ugyanezt tette Pusk\u00e1ssal, a f\u00e1radhatatlan Lippens minden\u00fctt ott volt, a k\u00e9t rendk\u00edv\u00fcli k\u00f6z\u00e9pp\u00e1ly\u00e1s, Hanon \u00e9s Jurion alighanem Eur\u00f3pa legjobb j\u00e1t\u00e9kosai k\u00f6z\u00e9 tartozik.\u201d\r\n\r\nVerbiestr\u0151l azt tartott\u00e1k: \u0151 a br\u00fcsszeliek <strong>Beckenbauere<\/strong>. Olyannyira ragadt hozz\u00e1 a \u201ezs\u00e9\u201d, hogy hazavitte a br\u00fcsszeli Madrid-meccs labd\u00e1j\u00e1t. Azt\u00e1n alig huszonhat \u00e9vesen aut\u00f3balesetben meghalt. <strong>Pierre Sinibaldi<\/strong>, az Anderlecht edz\u0151je azt mondta: \u201eSoha t\u00f6bb\u00e9 nem lesz lehet\u0151s\u00e9gem ilyen tehets\u00e9ges v\u00e9d\u0151t edzeni.\u201d\r\n\r\n<span class=\"highlight-block\">A kapussal sem volt sok gondja. <\/span>\r\n\r\nA 64 694 n\u00e9z\u0151 csak \u00e1mult, miket v\u00e9d Fazekas a BEK szinonim\u00e1ja ellen, de h\u00e1t m\u00e1r itthon remek\u00fcl r\u00f6pk\u00f6d\u00f6tt, 1955-ben Sv\u00e1jcban <strong>Bozsik J\u00f3zsef, Hidegkuti N\u00e1ndor, Raduly J\u00f3zsef, Kocsis S\u00e1ndor, Machos Ferenc<\/strong>, Pusk\u00e1s, <strong>Tichy Lajos<\/strong> t\u00e1rsas\u00e1g\u00e1ban szerepelt el\u0151sz\u00f6r a v\u00e1logatottban. Abban az \u00e9vben fedezte fel az Anderlecht: a magyar futballt\u00f6rt\u00e9net els\u0151 BEK-p\u00e1rharc\u00e1ban (6-3, 4-1) Fazekas \u00e1llt a V\u00f6r\u00f6s Lobog\u00f3nak nevezett MTK h\u00e1l\u00f3ja el\u0151tt.\r\n<div class=\"payable-content-section\"><\/div>\r\nNem mondhatni, hogy egyenes \u00fat vezetett Br\u00fcsszelbe. Noha \u00e9desapja horthysta tiszt volt, \u0151 maga bel\u00e9pett a kommunista p\u00e1rtba, \u00e9s nem gondolta volna, hogy disszid\u00e1l.\r\n\r\n<span class=\"highlight-block-small\">\u00c1m \u00f3rar\u00fag\u00f3k illeg\u00e1lis behozatala miatt egy \u00e9vre eltiltott\u00e1k, \u00e9s ha az ember nem futballozhat, kiv\u00e1ltk\u00e9pp sz\u0171k tud lenni a k\u00e9t szoba, konyh\u00e1s alb\u00e9rlet, ha azt t\u00f6rt\u00e9netesen heten lakj\u00e1k.<\/span>\r\n\r\n[caption id=\"attachment_5954\" align=\"alignnone\" width=\"1104\"]<img class=\"size-full wp-image-5954\" src=\"https:\/\/sport24.24.hu\/app\/uploads\/sites\/24\/2022\/09\/nemzetisport_1955.jpg\" alt=\"\" width=\"1104\" height=\"736\" \/> N\u00e9psport, 1955. december 9.[\/caption]\r\n\r\nM\u00edg el nem ment (\u0151 maga \u00e9s a kedve), git\u00e1roz\u00e1ssal sz\u00f3rakoztatta a csal\u00e1dot, s\u0151t orsz\u00e1gos sl\u00e1gert kompon\u00e1lt. A Tal\u00e1n egy perc alatt c\u00edm\u0171 <strong>N\u00e9meth Lehel<\/strong>-sz\u00e1m kislemez\u00e9n fel is t\u00fcntett\u00e9k a szerz\u0151k k\u00f6z\u00f6tt: Szegedi Gy.\u2013S. Nagy I.\u2013Fazekas. A dal eredeti sz\u00f6vege \u00fagy sz\u00f3lt, hogy \u201eszikr\u00e1z\u00f3 napsug\u00e1r, \/ vihar a v\u00e9n Dun\u00e1n, \/ csak tovat\u0171n\u0151 d\u00e9lib\u00e1b...\u201d<strong> Szegedi Gyul\u00e1nak<\/strong> \u00e9s<strong> S. Nagy Istv\u00e1nnak<\/strong> azonban jobban tetszett a \u201etal\u00e1n egy perc alatt, tal\u00e1n egy \u00e9v alatt siker\u00fcl megh\u00f3d\u00edtanom...\u201d\r\n\r\nAkkor m\u00e1r Fazekas messze j\u00e1rt, a Bayern M\u00fcnchen els\u0151 \u00edzben n\u00e9met kupagy\u0151ztes csapat\u00e1nak a h\u00e1l\u00f3j\u00e1t \u0151rizte, s\u0151t a d\u00f6nt\u0151ben \u00c1rp\u00e1d vez\u00e9r volt a Fortuna D\u00fcsseldorffal szemben (1-0). A tal\u00e1lkoz\u00f3t december 29-\u00e9n rendezt\u00e9k, a kapusnak torn\u00e1znia kellett, nehogy megfagyjon. Az augsburgi Rosenau stadionban 44 000 n\u00e9z\u0151 tapsolt a sz\u00e1ll\u00f3 vend\u00e9gnek, valamint <strong>Rudolf Jobstnak<\/strong>, aki a 85. percben \u00e9rt\u00e9kes\u00edtette a Bayern jav\u00e1ra meg\u00edt\u00e9lt tizenegyest.\r\n\r\nKezd\u0151dhetett a m\u00fcncheni Dezemberfest.\r\n\r\nFazekas kereken sz\u00e1z alkalommal \u00e1llt a bajor csapat kapuja el\u0151tt, \u00e9s olyan nyomot hagyott, hogy 2005-ben a klubt\u00f6rt\u00e9net \u00f6t\u00f6dik legjobb kapus\u00e1v\u00e1 v\u00e1lasztott\u00e1k <strong>Sepp Maier, Oliver Kahn, Raimond Aumann<\/strong> \u00e9s <strong>Jean-Marie Pfaff<\/strong> m\u00f6g\u00f6tt. A maga boh\u00e9m modor\u00e1ban ezt \u00edgy komment\u00e1lta: \u201eMindannyiukn\u00e1l jobb voltam.\u201d\r\n\r\nAzt\u00e1n egy \u00e9vet Kasselban t\u00f6lt\u00f6tt, \u00e9s 1962-ben szerz\u0151d\u00f6tt az Anderlechthez. Alfredo di Stefano azt mondta a belga egy\u00fcttesr\u0151l: \u201eBejuthat a d\u00f6nt\u0151be.\u201d Nem lett igaza. A K\u00f6lnre 8-1-es csap\u00e1st m\u00e9r\u0151 Dundee FC a negyedd\u00f6nt\u0151 els\u0151 tal\u00e1lkoz\u00f3j\u00e1n n\u00e9gyet r\u00e1molt be Br\u00fcsszelben (1-4), a sk\u00f3ciai visszav\u00e1g\u00f3 (2-1 a g\u00f3lokkal egy\u00e1ltal\u00e1n nem sp\u00f3rol\u00f3 sk\u00f3toknak) szinte t\u00e9t n\u00e9lk\u00fcl zajlott.\r\n\r\nFazekas bajnoki c\u00edmmel vigasztal\u00f3dott \u2013 a lila-feh\u00e9rek a harminc meccs\u00fck alig tized\u00e9t vesz\u00edtett\u00e9k el \u2013, majd 34 \u00e9vesen abbahagyta a j\u00e1t\u00e9kot, mert mindk\u00e9t t\u00e9rd\u00e9t meg kellett oper\u00e1lni.\r\n\r\n<span class=\"highlight-block\">A Kan\u00e1ri-szigeteken b\u00e1rt nyitott Z\u00f6ld papag\u00e1j elnevez\u00e9ssel, <\/span>\r\n\r\nmajd v\u00e9gk\u00e9pp letelepedett Br\u00fcsszelben, ahonnan 1995-ben t\u00e9rt haza Zugl\u00f3ba.\r\n\r\n<a href=\"https:\/\/24.hu\/sport\/palyan-kivul\/2018\/08\/10\/meghalt-fazekas-arpad-a-bayern-magyar-legendaja\/\">N\u00e9gy esztend\u0151vel ezel\u0151tt hunyt el<\/a>, rengeteg gy\u00f6ny\u00f6r\u0171 eml\u00e9ket vitt mag\u00e1val. \u00dajpesten <strong>V\u00e1rhidi P\u00e1l, Szusza Ferenc, De\u00e1k Ferenc, Aspir\u00e1ny Guszt\u00e1v, T\u00f3th Mih\u00e1ly<\/strong>, az MTK-ban \u2013 Hidegkutin k\u00edv\u00fcl \u2013 <strong>B\u00f6rzsei J\u00e1nos, Lantos Mih\u00e1ly, Kov\u00e1cs Imre, S\u00e1ndor \u201eCsikar\u201d, Palot\u00e1s P\u00e9ter<\/strong> volt a klubt\u00e1rsa.\r\n\r\n[central_article_recommendation title=\"Kapcsol\u00f3d\u00f3\" url=\"https:\/\/24.hu\/sport\/palyan-kivul\/2018\/08\/10\/meghalt-fazekas-arpad-a-bayern-magyar-legendaja\/\" image=\"1\" lead=\"1\"]\r\n\r\nEhhez j\u00f6tt a Madrid felejthetetlen feltart\u00f3ztat\u00e1sa vagy az \u00f6tvenhetes kar\u00e1csonyt k\u00f6vet\u0151 \u00f6r\u00f6kz\u00f6ld sl\u00e1ger, amint az augsburgi zimank\u00f3ban egy magyar \u00e9s t\u00edz n\u00e9met lehel...\r\n\r\n[prefabricated_shortcode in_app=\"0\" code=\"%3Cdiv%20class%3D%22article_box_border%22%20style%3D%22background%3A%20url%28%27https%3A%2F%2F24.p3k.hu%2Fapp%2Fuploads%2Fsites%2F24%2F2021%2F05%2Fsport24-pattern.png%27%29%20no-repeat%20left%20-16px%20%23f3f3f4%3B%20border%3A%20none%3B%22%3E%0D%0A%3Cdiv%20class%3D%22article_solidheader%22%3E%0D%0A%3Ch2%20style%3D%22color%3A%20%23111115%21important%3B%20font-size%3A%2036px%3B%20font-weight%3A%20bold%3B%20margin-bottom%3A%2030px%3B%20margin-top%3A%2020px%3B%20text-align%3A%20center%3B%20line-height%3A%2036px%3B%22%3E%3Cimg%20class%3D%22aligncenter%20size-full%20wp-image-141%22%20src%3D%22https%3A%2F%2F24.p3k.hu%2Fapp%2Fuploads%2Fsites%2F24%2F2021%2F05%2Fs24-logo-dt.png%22%20alt%3D%22%22%20width%3D%22408%22%20height%3D%2290%22%20%2F%3E%3C%2Fh2%3E%0D%0A%3Ch2%20style%3D%22color%3A%20%23111115%21important%3B%20font-size%3A%2036px%3B%20font-weight%3A%20bold%3B%20margin-bottom%3A%2030px%3B%20margin-top%3A%2020px%3B%20text-align%3A%20center%3B%20line-height%3A%2040px%3B%22%3ECsatlakozz%20a%20Sport24%20k%C3%B6z%C3%B6ss%C3%A9ghez%2C%20mondd%20el%20v%C3%A9lem%C3%A9nyedet%20z%C3%A1rt%20Facebook-csoportunkban%2C%20%C3%A9s%20vegy%C3%A9l%20r%C3%A9szt%20csak%20el%C5%91fizet%C5%91knek%20el%C3%A9rhet%C5%91%20exkluz%C3%ADv%20esem%C3%A9nyeinken.%3C%2Fh2%3E%0D%0A%3C%2Fdiv%3E%0D%0A%3Cp%20style%3D%22background%3A%20%2357A600%3B%20margin-top%3A%2020px%3B%20padding%3A%2020px%3B%20text-align%3A%20center%3B%22%3E%3Ca%20style%3D%22color%3A%20%23ffffff%3B%20font-size%3A%2026px%3B%20font-weight%3A%20600%3B%22%20href%3D%22https%3A%2F%2Fwww.facebook.com%2Fgroups%2F212344460412327%22%3ECSATLAKOZOM%3C%2Fa%3E%3C%2Fp%3E%0D%0A%0D%0A%3C%2Fdiv%3E\"]","type":"rich","thumbnail_url":"https:\/\/s.24.hu\/app\/uploads\/sites\/24\/2022\/09\/f__kt19550306013_2-150x150.jpg","thumbnail_width":150,"thumbnail_height":150}